{"id":128,"date":"2013-09-04T16:54:21","date_gmt":"2013-09-04T16:54:21","guid":{"rendered":"http:\/\/mariacka-lodz.com.pl\/?page_id=128"},"modified":"2013-09-13T16:49:17","modified_gmt":"2013-09-13T16:49:17","slug":"czytelnia","status":"publish","type":"page","link":"http:\/\/mariacka-lodz.com.pl\/?page_id=128","title":{"rendered":"Galeria zdj\u0119\u0107"},"content":{"rendered":" \n<!-- Start container 1 --><div id=\"wppa-modal-container-1\" class=\"wppa-modal-container\" style=\"position:relative;z-index:100000;\" data-wppa=\"yes\" ontouchmove=\"event.stopPropagation();\"><\/div><div id=\"wppa-container-wrapper-1\" class=\"alignnone wppa-container-wrapper \" style=\"width:100%;clear:both;padding:0;position:relative;\"><div id=\"wppa-container-1\" style=\"width:100%;\" class=\"wppa-container wppa-container-1 wppa-rev-9111001 wppa-prevrev-9110011 wppa-theme-9.1.11.001 wppa-api-9.1.11.001\"><svg id=\"wppa-ajax-spin-1\" class=\"wppa-ajax-spin uil-default\" width=\"120px\" height=\"120px\" viewBox=\"0 0 100 100\" preserveAspectRatio=\"xMidYMid\" stroke=\"\" style=\"width:120px; height:120px; position:fixed; top:50%; margin-top:-60px; left:50%; margin-left:-60px; opacity:1; display:none; fill:#666666; background-color:transparent; border-radius:24px;\"><rect x=\"0\" y=\"0\" width=\"100\" height=\"100\" fill=\"none\" class=\"bk\"><\/rect><rect class=\"wppa-ajaxspin\" x=\"47\" y=\"40\" width=\"6\" height=\"20\" rx=\"3\" ry=\"3\" transform=\"rotate(0 50 50) translate(0 -32)\"><animate attributeName=\"opacity\" from=\"1\" to=\"0\" dur=\"1.5s\" begin=\"0s\" repeatCount=\"indefinite\" ><\/rect><rect class=\"wppa-ajaxspin\" x=\"47\" y=\"40\" width=\"6\" height=\"20\" rx=\"3\" ry=\"3\" transform=\"rotate(22.5 50 50) translate(0 -32)\"><animate attributeName=\"opacity\" from=\"1\" to=\"0\" dur=\"1.5s\" begin=\"0.09375s\" repeatCount=\"indefinite\" ><\/rect><rect class=\"wppa-ajaxspin\" x=\"47\" y=\"40\" width=\"6\" height=\"20\" rx=\"3\" ry=\"3\" transform=\"rotate(45 50 50) translate(0 -32)\"><animate attributeName=\"opacity\" from=\"1\" to=\"0\" dur=\"1.5s\" begin=\"0.1875s\" repeatCount=\"indefinite\" ><\/rect><rect class=\"wppa-ajaxspin\" x=\"47\" y=\"40\" width=\"6\" height=\"20\" rx=\"3\" ry=\"3\" transform=\"rotate(67.5 50 50) translate(0 -32)\"><animate attributeName=\"opacity\" from=\"1\" to=\"0\" dur=\"1.5s\" begin=\"0.28125s\" repeatCount=\"indefinite\" ><\/rect><rect class=\"wppa-ajaxspin\" x=\"47\" y=\"40\" width=\"6\" height=\"20\" rx=\"3\" ry=\"3\" transform=\"rotate(90 50 50) translate(0 -32)\"><animate attributeName=\"opacity\" from=\"1\" to=\"0\" dur=\"1.5s\" begin=\"0.375s\" repeatCount=\"indefinite\" ><\/rect><rect class=\"wppa-ajaxspin\" x=\"47\" y=\"40\" width=\"6\" height=\"20\" rx=\"3\" ry=\"3\" transform=\"rotate(112.5 50 50) translate(0 -32)\"><animate attributeName=\"opacity\" from=\"1\" to=\"0\" dur=\"1.5s\" begin=\"0.46875s\" repeatCount=\"indefinite\" ><\/rect><rect class=\"wppa-ajaxspin\" x=\"47\" y=\"40\" width=\"6\" height=\"20\" rx=\"3\" ry=\"3\" transform=\"rotate(135 50 50) translate(0 -32)\"><animate attributeName=\"opacity\" from=\"1\" to=\"0\" dur=\"1.5s\" begin=\"0.5625s\" repeatCount=\"indefinite\" ><\/rect><rect class=\"wppa-ajaxspin\" x=\"47\" y=\"40\" width=\"6\" height=\"20\" rx=\"3\" ry=\"3\" transform=\"rotate(157.5 50 50) translate(0 -32)\"><animate attributeName=\"opacity\" from=\"1\" to=\"0\" dur=\"1.5s\" begin=\"0.65625s\" repeatCount=\"indefinite\" ><\/rect><rect class=\"wppa-ajaxspin\" x=\"47\" y=\"40\" width=\"6\" height=\"20\" rx=\"3\" ry=\"3\" transform=\"rotate(180 50 50) translate(0 -32)\"><animate attributeName=\"opacity\" from=\"1\" to=\"0\" dur=\"1.5s\" begin=\"0.75s\" repeatCount=\"indefinite\" ><\/rect><rect class=\"wppa-ajaxspin\" x=\"47\" y=\"40\" width=\"6\" height=\"20\" rx=\"3\" ry=\"3\" transform=\"rotate(202.5 50 50) translate(0 -32)\"><animate attributeName=\"opacity\" from=\"1\" to=\"0\" dur=\"1.5s\" begin=\"0.84375s\" repeatCount=\"indefinite\" ><\/rect><rect class=\"wppa-ajaxspin\" x=\"47\" y=\"40\" width=\"6\" height=\"20\" rx=\"3\" ry=\"3\" transform=\"rotate(225 50 50) translate(0 -32)\"><animate attributeName=\"opacity\" from=\"1\" to=\"0\" dur=\"1.5s\" begin=\"0.9375s\" repeatCount=\"indefinite\" ><\/rect><rect class=\"wppa-ajaxspin\" x=\"47\" y=\"40\" width=\"6\" height=\"20\" rx=\"3\" ry=\"3\" transform=\"rotate(247.5 50 50) translate(0 -32)\"><animate attributeName=\"opacity\" from=\"1\" to=\"0\" dur=\"1.5s\" begin=\"1.03125s\" repeatCount=\"indefinite\" ><\/rect><rect class=\"wppa-ajaxspin\" x=\"47\" y=\"40\" width=\"6\" height=\"20\" rx=\"3\" ry=\"3\" transform=\"rotate(270 50 50) translate(0 -32)\"><animate attributeName=\"opacity\" from=\"1\" to=\"0\" dur=\"1.5s\" begin=\"1.125s\" repeatCount=\"indefinite\" ><\/rect><rect class=\"wppa-ajaxspin\" x=\"47\" y=\"40\" width=\"6\" height=\"20\" rx=\"3\" ry=\"3\" transform=\"rotate(292.5 50 50) translate(0 -32)\"><animate attributeName=\"opacity\" from=\"1\" to=\"0\" dur=\"1.5s\" begin=\"1.21875s\" repeatCount=\"indefinite\" ><\/rect><rect class=\"wppa-ajaxspin\" x=\"47\" y=\"40\" width=\"6\" height=\"20\" rx=\"3\" ry=\"3\" transform=\"rotate(315 50 50) translate(0 -32)\"><animate attributeName=\"opacity\" from=\"1\" to=\"0\" dur=\"1.5s\" begin=\"1.3125s\" repeatCount=\"indefinite\" ><\/rect><rect class=\"wppa-ajaxspin\" x=\"47\" y=\"40\" width=\"6\" height=\"20\" rx=\"3\" ry=\"3\" transform=\"rotate(337.5 50 50) translate(0 -32)\"><animate attributeName=\"opacity\" from=\"1\" to=\"0\" dur=\"1.5s\" begin=\"1.40625s\" repeatCount=\"indefinite\" ><\/rect><\/svg><input type=\"hidden\" id=\"wppa-nonce-0-1\" name=\"wppa-nonce\" value=\"381ddef8b4\" ><script>jQuery(document).ready(function(){\/* START OCCURRANCE 1 *\/;wppaAutoColumnWidth[1] = true;wppaAutoColumnFrac[1] = 1.0;wppaColWidth[1] = 0;wppaMCRWidth[1] = 0;wppaTopMoc = Math.max(wppaTopMoc,1);wppaMasonryCols[1] = 0;wppaCoverImageResponsive[1] = false;wppaAspectRatio[1] = 0.75;wppaFullSize[1] = 640;wppaFullFrameDelta[1] = 0;wppaFilmStripLength[1] = 554;wppaThumbnailPitch[1] = 104;wppaFilmStripMargin[1] = 2;wppaFilmStripAreaDelta[1] = 98;wppaPreambule[1] = 6;wppaIsMini[1] = false;wppaSlideBlank[1] = false;wppaSlideWrap[1] = true;wppaLightBox[1] = \"xxx\";wppaSearchBoxSelItems[1] = 1;wppaFilmInit[1] = false;wppaMaxOccur = Math.max( wppaMaxOccur, 1 );})<\/script><div id=\"wppa-bc-1\" class=\"wppa-nav wppa-box wppa-nav-text wppa-bc\" ><span id=\"bc-pname-1\" class=\"wppa-nav-text b3\" style=\"cursor:pointer;\" title=\"Page: Galeria zdj\u0119\u0107\">Galeria zdj\u0119\u0107<\/span><div style=\"clear:both\"><\/div><\/div><div id=\"wppa-albumlist-1\" style=\"overflow:auto;\" class=\"albumlist\"><div id=\"album-279-1\" title=\"View the album Modlitwa za Wstawiennictwem Ojca Pio i \u015awi\u0119tej Rity, 23.10.2025\" style=\"width:100%;clear:both;cursor:pointer;\" class=\"wppa-album-cover-standard album wppa-box wppa-cover-box wppa-cover-box-1\" onclick=\"wppaDoAjaxRender(event, 1, &#039;http:\/\/mariacka-lodz.com.pl\/index.php?rest_route=\/wp-photo-album-plus\/endPoint?action=wppa&wppa-action=render&wppa-size=640&occur=1&page_id=128&wppa-fromp=128&lang=pl&cache=1&album=279&cover=0&occur=1&data-alb=279&#039;, &#039;http:\/\/mariacka-lodz.com.pl\/?page_id=128&lang=pl&cache=1&album=54177d258a46b059&cover=0&occur=1&data-alb=279&#039; )\"><div id=\"covertext_frame_279_1\" style=\"width:459px; float:left\" class=\"wppa-text-frame-1 wppa-text-frame wppa-cover-text-frame wppa-asym-text-frame-1\"><h2 style=\"clear:none\" class=\"wppa-title\"><a title=\"View the album Modlitwa za Wstawiennictwem Ojca Pio i \u015awi\u0119tej Rity, 23.10.2025\" style=\"cursor:pointer\" class=\"wppa-title\" onclick=\"wppaDoAjaxRender(event, 1, &#039;http:\/\/mariacka-lodz.com.pl\/index.php?rest_route=\/wp-photo-album-plus\/endPoint?action=wppa&wppa-action=render&wppa-size=640&occur=1&page_id=128&wppa-fromp=128&lang=pl&cache=1&album=279&cover=0&occur=1&data-alb=279&#039;, &#039;http:\/\/mariacka-lodz.com.pl\/?page_id=128&lang=pl&cache=1&album=54177d258a46b059&cover=0&occur=1&data-alb=279&#039; )\">Modlitwa za Wstawiennictwem Ojca Pio i \u015awi\u0119tej Rity, 23.10.2025<\/a><\/h2><div style=\"min-height:54px;\" class=\"wppa-box-text wppa-black wppa-box-text-desc\">Modlitwa za Wstawiennictwem Ojca Pio i \u015awi\u0119tej Rity, 23.10.2025<\/div><div class=\"wppa-box-text wppa-black wppa-info wppa-slideshow-browse-link wppa-album-cover-link\"><a title=\"Slideshow\" style=\"cursor:pointer\" class=\"wppa-album-cover-link\" onclick=\"wppaDoAjaxRender(event, 1, &#039;http:\/\/mariacka-lodz.com.pl\/index.php?rest_route=\/wp-photo-album-plus\/endPoint?action=wppa&wppa-action=render&wppa-size=640&occur=1&page_id=128&wppa-fromp=128&lang=pl&cache=1&slide=1&occur=1&album=279&#039;, &#039;http:\/\/mariacka-lodz.com.pl\/?page_id=128&lang=pl&cache=1&slide=1&occur=1&album=54177d258a46b059&#039; )\">Slideshow<\/a><\/div><div class=\"wppa-box-text wppa-black wppa-info wppa-viewlink wppa-album-cover-link\"><a title=\"View the album Modlitwa za Wstawiennictwem Ojca Pio i \u015awi\u0119tej Rity, 23.10.2025\" style=\"cursor:pointer;\" class=\"wppa-album-cover-link\" onclick=\"wppaDoAjaxRender(event, 1, &#039;http:\/\/mariacka-lodz.com.pl\/index.php?rest_route=\/wp-photo-album-plus\/endPoint?action=wppa&wppa-action=render&wppa-size=640&occur=1&page_id=128&wppa-fromp=128&lang=pl&cache=1&album=279&cover=0&occur=1&data-alb=279&#039;, &#039;http:\/\/mariacka-lodz.com.pl\/?page_id=128&lang=pl&cache=1&album=54177d258a46b059&cover=0&occur=1&data-alb=279&#039; )\">View&nbsp;7&nbsp;photos<\/a><\/div><\/div><div id=\"coverphoto_frame_279_1\" style=\"float:right; margin-left:5px;width:123px;\" class=\"coverphoto-frame\"><div title=\" \" style=\"display:inline-block;margin:0 4px;\" onclick=\"wppaStopProp(event)\"><a title=\"View the album Modlitwa za Wstawiennictwem Ojca Pio i \u015awi\u0119tej Rity, 23.10.2025\" style=\"border:0;color:transparent;cursor:pointer;\" target=\"_self\" onclick=\"wppaDoAjaxRender(event, 1, &#039;http:\/\/mariacka-lodz.com.pl\/index.php?rest_route=\/wp-photo-album-plus\/endPoint?action=wppa&wppa-action=render&wppa-size=640&occur=1&page_id=128&wppa-fromp=128&lang=pl&cache=1&album=279&cover=0&occur=1&data-alb=279&#039;, &#039;http:\/\/mariacka-lodz.com.pl\/?page_id=128&lang=pl&cache=1&album=54177d258a46b059&cover=0&occur=1&data-alb=279&#039; )\"><img decoding=\"async\" style=\"border-width:0px;width:113px;height:150px;opacity:0.85;display:inline;\" src=\"http:\/\/mariacka-lodz.com.pl\/wp-content\/uploads\/wppa\/thumbs\/9633.jpg?ver=9\" alt=\"4.jpg\" class=\"image wppa-img\" onmouseover=\"jQuery(this).fadeTo(400, 1.0)\" onmouseout=\"jQuery(this).fadeTo(400,0.85)\"><\/a><\/div><\/div><div title=\" \" onclick=\"wppaStopProp(event);\"><\/div><div style=\"clear:both;\"><\/div><\/div><div id=\"album-278-1\" title=\"View the album Modlitw o wstawiennictwo Ojca Pio - 23.09.2025\" style=\"width:100%;float:right;cursor:pointer;\" class=\"wppa-album-cover-standard album wppa-box wppa-cover-box wppa-cover-box-1\" onclick=\"wppaDoAjaxRender(event, 1, &#039;http:\/\/mariacka-lodz.com.pl\/index.php?rest_route=\/wp-photo-album-plus\/endPoint?action=wppa&wppa-action=render&wppa-size=640&occur=1&page_id=128&wppa-fromp=128&lang=pl&cache=1&album=278&cover=0&occur=1&data-alb=278&#039;, &#039;http:\/\/mariacka-lodz.com.pl\/?page_id=128&lang=pl&cache=1&album=efc9b7682a12741d&cover=0&occur=1&data-alb=278&#039; )\"><div id=\"covertext_frame_278_1\" style=\"width:459px; float:left\" class=\"wppa-text-frame-1 wppa-text-frame wppa-cover-text-frame wppa-asym-text-frame-1\"><h2 style=\"clear:none\" class=\"wppa-title\"><a title=\"View the album Modlitw o wstawiennictwo Ojca Pio - 23.09.2025\" style=\"cursor:pointer\" class=\"wppa-title\" onclick=\"wppaDoAjaxRender(event, 1, &#039;http:\/\/mariacka-lodz.com.pl\/index.php?rest_route=\/wp-photo-album-plus\/endPoint?action=wppa&wppa-action=render&wppa-size=640&occur=1&page_id=128&wppa-fromp=128&lang=pl&cache=1&album=278&cover=0&occur=1&data-alb=278&#039;, &#039;http:\/\/mariacka-lodz.com.pl\/?page_id=128&lang=pl&cache=1&album=efc9b7682a12741d&cover=0&occur=1&data-alb=278&#039; )\">Modlitw o wstawiennictwo Ojca Pio - 23.09.2025<\/a><\/h2><div style=\"min-height:54px;\" class=\"wppa-box-text wppa-black wppa-box-text-desc\"><\/div><div class=\"wppa-box-text wppa-black wppa-info wppa-slideshow-browse-link wppa-album-cover-link\"><a title=\"Slideshow\" style=\"cursor:pointer\" class=\"wppa-album-cover-link\" onclick=\"wppaDoAjaxRender(event, 1, &#039;http:\/\/mariacka-lodz.com.pl\/index.php?rest_route=\/wp-photo-album-plus\/endPoint?action=wppa&wppa-action=render&wppa-size=640&occur=1&page_id=128&wppa-fromp=128&lang=pl&cache=1&slide=1&occur=1&album=278&#039;, &#039;http:\/\/mariacka-lodz.com.pl\/?page_id=128&lang=pl&cache=1&slide=1&occur=1&album=efc9b7682a12741d&#039; )\">Slideshow<\/a><\/div><div class=\"wppa-box-text wppa-black wppa-info wppa-viewlink wppa-album-cover-link\"><a title=\"View the album Modlitw o wstawiennictwo Ojca Pio - 23.09.2025\" style=\"cursor:pointer;\" class=\"wppa-album-cover-link\" onclick=\"wppaDoAjaxRender(event, 1, &#039;http:\/\/mariacka-lodz.com.pl\/index.php?rest_route=\/wp-photo-album-plus\/endPoint?action=wppa&wppa-action=render&wppa-size=640&occur=1&page_id=128&wppa-fromp=128&lang=pl&cache=1&album=278&cover=0&occur=1&data-alb=278&#039;, &#039;http:\/\/mariacka-lodz.com.pl\/?page_id=128&lang=pl&cache=1&album=efc9b7682a12741d&cover=0&occur=1&data-alb=278&#039; )\">View&nbsp;22&nbsp;photos<\/a><\/div><\/div><div id=\"coverphoto_frame_278_1\" style=\"float:right; margin-left:5px;width:118px;\" class=\"coverphoto-frame\"><div title=\" \" style=\"display:inline-block;margin:0 4px;\" onclick=\"wppaStopProp(event)\"><a title=\"View the album Modlitw o wstawiennictwo Ojca Pio - 23.09.2025\" style=\"border:0;color:transparent;cursor:pointer;\" target=\"_self\" onclick=\"wppaDoAjaxRender(event, 1, &#039;http:\/\/mariacka-lodz.com.pl\/index.php?rest_route=\/wp-photo-album-plus\/endPoint?action=wppa&wppa-action=render&wppa-size=640&occur=1&page_id=128&wppa-fromp=128&lang=pl&cache=1&album=278&cover=0&occur=1&data-alb=278&#039;, &#039;http:\/\/mariacka-lodz.com.pl\/?page_id=128&lang=pl&cache=1&album=efc9b7682a12741d&cover=0&occur=1&data-alb=278&#039; )\"><img decoding=\"async\" style=\"border-width:0px;width:108px;height:150px;opacity:0.85;display:inline;\" src=\"http:\/\/mariacka-lodz.com.pl\/wp-content\/uploads\/wppa\/thumbs\/9625.jpg?ver=9\" alt=\"sw1.jpg\" class=\"image wppa-img\" onmouseover=\"jQuery(this).fadeTo(400, 1.0)\" onmouseout=\"jQuery(this).fadeTo(400,0.85)\"><\/a><\/div><\/div><div title=\" \" onclick=\"wppaStopProp(event);\"><\/div><div style=\"clear:both;\"><\/div><\/div><div id=\"album-277-1\" title=\"View the album Nabo\u017ce\u0144stwo fatimskie (13.09.2025)\" style=\"width:100%;float:right;cursor:pointer;\" class=\"wppa-album-cover-standard album wppa-box wppa-cover-box wppa-cover-box-1\" onclick=\"wppaDoAjaxRender(event, 1, &#039;http:\/\/mariacka-lodz.com.pl\/index.php?rest_route=\/wp-photo-album-plus\/endPoint?action=wppa&wppa-action=render&wppa-size=640&occur=1&page_id=128&wppa-fromp=128&lang=pl&cache=1&album=277&cover=0&occur=1&data-alb=277&#039;, &#039;http:\/\/mariacka-lodz.com.pl\/?page_id=128&lang=pl&cache=1&album=4772b157603b2f10&cover=0&occur=1&data-alb=277&#039; )\"><div id=\"covertext_frame_277_1\" style=\"width:459px; float:left\" class=\"wppa-text-frame-1 wppa-text-frame wppa-cover-text-frame wppa-asym-text-frame-1\"><h2 style=\"clear:none\" class=\"wppa-title\"><a title=\"View the album Nabo\u017ce\u0144stwo fatimskie (13.09.2025)\" style=\"cursor:pointer\" class=\"wppa-title\" onclick=\"wppaDoAjaxRender(event, 1, &#039;http:\/\/mariacka-lodz.com.pl\/index.php?rest_route=\/wp-photo-album-plus\/endPoint?action=wppa&wppa-action=render&wppa-size=640&occur=1&page_id=128&wppa-fromp=128&lang=pl&cache=1&album=277&cover=0&occur=1&data-alb=277&#039;, &#039;http:\/\/mariacka-lodz.com.pl\/?page_id=128&lang=pl&cache=1&album=4772b157603b2f10&cover=0&occur=1&data-alb=277&#039; )\">Nabo\u017ce\u0144stwo fatimskie (13.09.2025)<\/a><\/h2><div style=\"min-height:54px;\" class=\"wppa-box-text wppa-black wppa-box-text-desc\">Nabo\u017ce\u0144stwo fatimskie (13.09.2025)<\/div><div class=\"wppa-box-text wppa-black wppa-info wppa-slideshow-browse-link wppa-album-cover-link\"><a title=\"Slideshow\" style=\"cursor:pointer\" class=\"wppa-album-cover-link\" onclick=\"wppaDoAjaxRender(event, 1, &#039;http:\/\/mariacka-lodz.com.pl\/index.php?rest_route=\/wp-photo-album-plus\/endPoint?action=wppa&wppa-action=render&wppa-size=640&occur=1&page_id=128&wppa-fromp=128&lang=pl&cache=1&slide=1&occur=1&album=277&#039;, &#039;http:\/\/mariacka-lodz.com.pl\/?page_id=128&lang=pl&cache=1&slide=1&occur=1&album=4772b157603b2f10&#039; )\">Slideshow<\/a><\/div><div class=\"wppa-box-text wppa-black wppa-info wppa-viewlink wppa-album-cover-link\"><a title=\"View the album Nabo\u017ce\u0144stwo fatimskie (13.09.2025)\" style=\"cursor:pointer;\" class=\"wppa-album-cover-link\" onclick=\"wppaDoAjaxRender(event, 1, &#039;http:\/\/mariacka-lodz.com.pl\/index.php?rest_route=\/wp-photo-album-plus\/endPoint?action=wppa&wppa-action=render&wppa-size=640&occur=1&page_id=128&wppa-fromp=128&lang=pl&cache=1&album=277&cover=0&occur=1&data-alb=277&#039;, &#039;http:\/\/mariacka-lodz.com.pl\/?page_id=128&lang=pl&cache=1&album=4772b157603b2f10&cover=0&occur=1&data-alb=277&#039; )\">View&nbsp;16&nbsp;photos<\/a><\/div><\/div><div id=\"coverphoto_frame_277_1\" style=\"float:right; margin-left:5px;width:160px;\" class=\"coverphoto-frame\"><div title=\" \" style=\"display:inline-block;margin:0 4px;\" onclick=\"wppaStopProp(event)\"><a title=\"View the album Nabo\u017ce\u0144stwo fatimskie (13.09.2025)\" style=\"border:0;color:transparent;cursor:pointer;\" target=\"_self\" onclick=\"wppaDoAjaxRender(event, 1, &#039;http:\/\/mariacka-lodz.com.pl\/index.php?rest_route=\/wp-photo-album-plus\/endPoint?action=wppa&wppa-action=render&wppa-size=640&occur=1&page_id=128&wppa-fromp=128&lang=pl&cache=1&album=277&cover=0&occur=1&data-alb=277&#039;, &#039;http:\/\/mariacka-lodz.com.pl\/?page_id=128&lang=pl&cache=1&album=4772b157603b2f10&cover=0&occur=1&data-alb=277&#039; )\"><img decoding=\"async\" style=\"border-width:0px;width:150px;height:145px;opacity:0.85;display:inline;\" src=\"http:\/\/mariacka-lodz.com.pl\/wp-content\/uploads\/wppa\/thumbs\/9604.jpg?ver=9\" alt=\"20250913_192339.jpg\" class=\"image wppa-img\" onmouseover=\"jQuery(this).fadeTo(400, 1.0)\" onmouseout=\"jQuery(this).fadeTo(400,0.85)\"><\/a><\/div><\/div><div title=\" \" onclick=\"wppaStopProp(event);\"><\/div><div style=\"clear:both;\"><\/div><\/div><div id=\"album-276-1\" title=\"View the album Wianki (2025)\" style=\"width:100%;float:right;cursor:pointer;\" class=\"wppa-album-cover-standard album wppa-box wppa-cover-box wppa-cover-box-1\" onclick=\"wppaDoAjaxRender(event, 1, &#039;http:\/\/mariacka-lodz.com.pl\/index.php?rest_route=\/wp-photo-album-plus\/endPoint?action=wppa&wppa-action=render&wppa-size=640&occur=1&page_id=128&wppa-fromp=128&lang=pl&cache=1&album=276&cover=0&occur=1&data-alb=276&#039;, &#039;http:\/\/mariacka-lodz.com.pl\/?page_id=128&lang=pl&cache=1&album=46eef8cd1482174d&cover=0&occur=1&data-alb=276&#039; )\"><div id=\"covertext_frame_276_1\" style=\"width:459px; float:left\" class=\"wppa-text-frame-1 wppa-text-frame wppa-cover-text-frame wppa-asym-text-frame-1\"><h2 style=\"clear:none\" class=\"wppa-title\"><a title=\"View the album Wianki (2025)\" style=\"cursor:pointer\" class=\"wppa-title\" onclick=\"wppaDoAjaxRender(event, 1, &#039;http:\/\/mariacka-lodz.com.pl\/index.php?rest_route=\/wp-photo-album-plus\/endPoint?action=wppa&wppa-action=render&wppa-size=640&occur=1&page_id=128&wppa-fromp=128&lang=pl&cache=1&album=276&cover=0&occur=1&data-alb=276&#039;, &#039;http:\/\/mariacka-lodz.com.pl\/?page_id=128&lang=pl&cache=1&album=46eef8cd1482174d&cover=0&occur=1&data-alb=276&#039; )\">Wianki (2025)<\/a><\/h2><div style=\"min-height:54px;\" class=\"wppa-box-text wppa-black wppa-box-text-desc\"><\/div><div class=\"wppa-box-text wppa-black wppa-info wppa-slideshow-browse-link wppa-album-cover-link\"><a title=\"Slideshow\" style=\"cursor:pointer\" class=\"wppa-album-cover-link\" onclick=\"wppaDoAjaxRender(event, 1, &#039;http:\/\/mariacka-lodz.com.pl\/index.php?rest_route=\/wp-photo-album-plus\/endPoint?action=wppa&wppa-action=render&wppa-size=640&occur=1&page_id=128&wppa-fromp=128&lang=pl&cache=1&slide=1&occur=1&album=276&#039;, &#039;http:\/\/mariacka-lodz.com.pl\/?page_id=128&lang=pl&cache=1&slide=1&occur=1&album=46eef8cd1482174d&#039; )\">Slideshow<\/a><\/div><div class=\"wppa-box-text wppa-black wppa-info wppa-viewlink wppa-album-cover-link\"><a title=\"View the album Wianki (2025)\" style=\"cursor:pointer;\" class=\"wppa-album-cover-link\" onclick=\"wppaDoAjaxRender(event, 1, &#039;http:\/\/mariacka-lodz.com.pl\/index.php?rest_route=\/wp-photo-album-plus\/endPoint?action=wppa&wppa-action=render&wppa-size=640&occur=1&page_id=128&wppa-fromp=128&lang=pl&cache=1&album=276&cover=0&occur=1&data-alb=276&#039;, &#039;http:\/\/mariacka-lodz.com.pl\/?page_id=128&lang=pl&cache=1&album=46eef8cd1482174d&cover=0&occur=1&data-alb=276&#039; )\">View&nbsp;2&nbsp;photos<\/a><\/div><\/div><div id=\"coverphoto_frame_276_1\" style=\"float:right; margin-left:5px;width:160px;\" class=\"coverphoto-frame\"><div title=\" \" style=\"display:inline-block;margin:0 4px;\" onclick=\"wppaStopProp(event)\"><a title=\"View the album Wianki (2025)\" style=\"border:0;color:transparent;cursor:pointer;\" target=\"_self\" onclick=\"wppaDoAjaxRender(event, 1, &#039;http:\/\/mariacka-lodz.com.pl\/index.php?rest_route=\/wp-photo-album-plus\/endPoint?action=wppa&wppa-action=render&wppa-size=640&occur=1&page_id=128&wppa-fromp=128&lang=pl&cache=1&album=276&cover=0&occur=1&data-alb=276&#039;, &#039;http:\/\/mariacka-lodz.com.pl\/?page_id=128&lang=pl&cache=1&album=46eef8cd1482174d&cover=0&occur=1&data-alb=276&#039; )\"><img decoding=\"async\" style=\"border-width:0px;width:150px;height:113px;opacity:0.85;display:inline;\" src=\"http:\/\/mariacka-lodz.com.pl\/wp-content\/uploads\/wppa\/thumbs\/9590.jpg?ver=9\" alt=\"w2.jpg\" class=\"image wppa-img\" onmouseover=\"jQuery(this).fadeTo(400, 1.0)\" onmouseout=\"jQuery(this).fadeTo(400,0.85)\"><\/a><\/div><\/div><div title=\" \" onclick=\"wppaStopProp(event);\"><\/div><div style=\"clear:both;\"><\/div><\/div><div id=\"album-275-1\" title=\"View the album Modlitwy o wstawiennictwo Ojca Pio - czerwiec 2025\" style=\"width:100%;float:right;cursor:pointer;\" class=\"wppa-album-cover-standard album wppa-box wppa-cover-box wppa-cover-box-1\" onclick=\"wppaDoAjaxRender(event, 1, &#039;http:\/\/mariacka-lodz.com.pl\/index.php?rest_route=\/wp-photo-album-plus\/endPoint?action=wppa&wppa-action=render&wppa-size=640&occur=1&page_id=128&wppa-fromp=128&lang=pl&cache=1&album=275&cover=0&occur=1&data-alb=275&#039;, &#039;http:\/\/mariacka-lodz.com.pl\/?page_id=128&lang=pl&cache=1&album=294f1b76faeca78d&cover=0&occur=1&data-alb=275&#039; )\"><div id=\"covertext_frame_275_1\" style=\"width:459px; float:left\" class=\"wppa-text-frame-1 wppa-text-frame wppa-cover-text-frame wppa-asym-text-frame-1\"><h2 style=\"clear:none\" class=\"wppa-title\"><a title=\"View the album Modlitwy o wstawiennictwo Ojca Pio - czerwiec 2025\" style=\"cursor:pointer\" class=\"wppa-title\" onclick=\"wppaDoAjaxRender(event, 1, &#039;http:\/\/mariacka-lodz.com.pl\/index.php?rest_route=\/wp-photo-album-plus\/endPoint?action=wppa&wppa-action=render&wppa-size=640&occur=1&page_id=128&wppa-fromp=128&lang=pl&cache=1&album=275&cover=0&occur=1&data-alb=275&#039;, &#039;http:\/\/mariacka-lodz.com.pl\/?page_id=128&lang=pl&cache=1&album=294f1b76faeca78d&cover=0&occur=1&data-alb=275&#039; )\">Modlitwy o wstawiennictwo Ojca Pio - czerwiec 2025<\/a><\/h2><div style=\"min-height:54px;\" class=\"wppa-box-text wppa-black wppa-box-text-desc\"><\/div><div class=\"wppa-box-text wppa-black wppa-info wppa-slideshow-browse-link wppa-album-cover-link\"><a title=\"Slideshow\" style=\"cursor:pointer\" class=\"wppa-album-cover-link\" onclick=\"wppaDoAjaxRender(event, 1, &#039;http:\/\/mariacka-lodz.com.pl\/index.php?rest_route=\/wp-photo-album-plus\/endPoint?action=wppa&wppa-action=render&wppa-size=640&occur=1&page_id=128&wppa-fromp=128&lang=pl&cache=1&slide=1&occur=1&album=275&#039;, &#039;http:\/\/mariacka-lodz.com.pl\/?page_id=128&lang=pl&cache=1&slide=1&occur=1&album=294f1b76faeca78d&#039; )\">Slideshow<\/a><\/div><div class=\"wppa-box-text wppa-black wppa-info wppa-viewlink wppa-album-cover-link\"><a title=\"View the album Modlitwy o wstawiennictwo Ojca Pio - czerwiec 2025\" style=\"cursor:pointer;\" class=\"wppa-album-cover-link\" onclick=\"wppaDoAjaxRender(event, 1, &#039;http:\/\/mariacka-lodz.com.pl\/index.php?rest_route=\/wp-photo-album-plus\/endPoint?action=wppa&wppa-action=render&wppa-size=640&occur=1&page_id=128&wppa-fromp=128&lang=pl&cache=1&album=275&cover=0&occur=1&data-alb=275&#039;, &#039;http:\/\/mariacka-lodz.com.pl\/?page_id=128&lang=pl&cache=1&album=294f1b76faeca78d&cover=0&occur=1&data-alb=275&#039; )\">View&nbsp;10&nbsp;photos<\/a><\/div><\/div><div id=\"coverphoto_frame_275_1\" style=\"float:right; margin-left:5px;width:123px;\" class=\"coverphoto-frame\"><div title=\" \" style=\"display:inline-block;margin:0 4px;\" onclick=\"wppaStopProp(event)\"><a title=\"View the album Modlitwy o wstawiennictwo Ojca Pio - czerwiec 2025\" style=\"border:0;color:transparent;cursor:pointer;\" target=\"_self\" onclick=\"wppaDoAjaxRender(event, 1, &#039;http:\/\/mariacka-lodz.com.pl\/index.php?rest_route=\/wp-photo-album-plus\/endPoint?action=wppa&wppa-action=render&wppa-size=640&occur=1&page_id=128&wppa-fromp=128&lang=pl&cache=1&album=275&cover=0&occur=1&data-alb=275&#039;, &#039;http:\/\/mariacka-lodz.com.pl\/?page_id=128&lang=pl&cache=1&album=294f1b76faeca78d&cover=0&occur=1&data-alb=275&#039; )\"><img decoding=\"async\" style=\"border-width:0px;width:113px;height:150px;opacity:0.85;display:inline;\" src=\"http:\/\/mariacka-lodz.com.pl\/wp-content\/uploads\/wppa\/thumbs\/9583.jpg?ver=9\" alt=\"18480896-c97f-4e50-b901-aa268cf1d2d3.jpg\" class=\"image wppa-img\" onmouseover=\"jQuery(this).fadeTo(400, 1.0)\" onmouseout=\"jQuery(this).fadeTo(400,0.85)\"><\/a><\/div><\/div><div title=\" \" onclick=\"wppaStopProp(event);\"><\/div><div style=\"clear:both;\"><\/div><\/div><div id=\"album-274-1\" title=\"View the album Bo\u017ce Cia\u0142o 2025\" style=\"width:100%;float:right;cursor:pointer;\" class=\"wppa-album-cover-standard album wppa-box wppa-cover-box wppa-cover-box-1\" onclick=\"wppaDoAjaxRender(event, 1, &#039;http:\/\/mariacka-lodz.com.pl\/index.php?rest_route=\/wp-photo-album-plus\/endPoint?action=wppa&wppa-action=render&wppa-size=640&occur=1&page_id=128&wppa-fromp=128&lang=pl&cache=1&album=274&cover=0&occur=1&data-alb=274&#039;, &#039;http:\/\/mariacka-lodz.com.pl\/?page_id=128&lang=pl&cache=1&album=37ea92c4e7ad1508&cover=0&occur=1&data-alb=274&#039; )\"><div id=\"covertext_frame_274_1\" style=\"width:459px; float:left\" class=\"wppa-text-frame-1 wppa-text-frame wppa-cover-text-frame wppa-asym-text-frame-1\"><h2 style=\"clear:none\" class=\"wppa-title\"><a title=\"View the album Bo\u017ce Cia\u0142o 2025\" style=\"cursor:pointer\" class=\"wppa-title\" onclick=\"wppaDoAjaxRender(event, 1, &#039;http:\/\/mariacka-lodz.com.pl\/index.php?rest_route=\/wp-photo-album-plus\/endPoint?action=wppa&wppa-action=render&wppa-size=640&occur=1&page_id=128&wppa-fromp=128&lang=pl&cache=1&album=274&cover=0&occur=1&data-alb=274&#039;, &#039;http:\/\/mariacka-lodz.com.pl\/?page_id=128&lang=pl&cache=1&album=37ea92c4e7ad1508&cover=0&occur=1&data-alb=274&#039; )\">Bo\u017ce Cia\u0142o 2025<\/a><\/h2><div style=\"min-height:54px;\" class=\"wppa-box-text wppa-black wppa-box-text-desc\"><\/div><div class=\"wppa-box-text wppa-black wppa-info wppa-slideshow-browse-link wppa-album-cover-link\"><a title=\"Slideshow\" style=\"cursor:pointer\" class=\"wppa-album-cover-link\" onclick=\"wppaDoAjaxRender(event, 1, &#039;http:\/\/mariacka-lodz.com.pl\/index.php?rest_route=\/wp-photo-album-plus\/endPoint?action=wppa&wppa-action=render&wppa-size=640&occur=1&page_id=128&wppa-fromp=128&lang=pl&cache=1&slide=1&occur=1&album=274&#039;, &#039;http:\/\/mariacka-lodz.com.pl\/?page_id=128&lang=pl&cache=1&slide=1&occur=1&album=37ea92c4e7ad1508&#039; )\">Slideshow<\/a><\/div><div class=\"wppa-box-text wppa-black wppa-info wppa-viewlink wppa-album-cover-link\"><a title=\"View the album Bo\u017ce Cia\u0142o 2025\" style=\"cursor:pointer;\" class=\"wppa-album-cover-link\" onclick=\"wppaDoAjaxRender(event, 1, &#039;http:\/\/mariacka-lodz.com.pl\/index.php?rest_route=\/wp-photo-album-plus\/endPoint?action=wppa&wppa-action=render&wppa-size=640&occur=1&page_id=128&wppa-fromp=128&lang=pl&cache=1&album=274&cover=0&occur=1&data-alb=274&#039;, &#039;http:\/\/mariacka-lodz.com.pl\/?page_id=128&lang=pl&cache=1&album=37ea92c4e7ad1508&cover=0&occur=1&data-alb=274&#039; )\">View&nbsp;32&nbsp;photos<\/a><\/div><\/div><div id=\"coverphoto_frame_274_1\" style=\"float:right; margin-left:5px;width:160px;\" class=\"coverphoto-frame\"><div title=\" \" style=\"display:inline-block;margin:0 4px;\" onclick=\"wppaStopProp(event)\"><a title=\"View the album Bo\u017ce Cia\u0142o 2025\" style=\"border:0;color:transparent;cursor:pointer;\" target=\"_self\" onclick=\"wppaDoAjaxRender(event, 1, &#039;http:\/\/mariacka-lodz.com.pl\/index.php?rest_route=\/wp-photo-album-plus\/endPoint?action=wppa&wppa-action=render&wppa-size=640&occur=1&page_id=128&wppa-fromp=128&lang=pl&cache=1&album=274&cover=0&occur=1&data-alb=274&#039;, &#039;http:\/\/mariacka-lodz.com.pl\/?page_id=128&lang=pl&cache=1&album=37ea92c4e7ad1508&cover=0&occur=1&data-alb=274&#039; )\"><img decoding=\"async\" style=\"border-width:0px;width:150px;height:136px;opacity:0.85;display:inline;\" src=\"http:\/\/mariacka-lodz.com.pl\/wp-content\/uploads\/wppa\/thumbs\/9565.jpg?ver=9\" alt=\"353abf65-37d2-466c-8e74-e42a4fc3074c.jpg\" class=\"image wppa-img\" onmouseover=\"jQuery(this).fadeTo(400, 1.0)\" onmouseout=\"jQuery(this).fadeTo(400,0.85)\"><\/a><\/div><\/div><div title=\" \" onclick=\"wppaStopProp(event);\"><\/div><div style=\"clear:both;\"><\/div><\/div><div id=\"album-273-1\" title=\"View the album Przyrzeczenia duchowej adopcji dziecka pocz\u0119tego - 25.03.2025, uroczysto\u015b\u0107 Zwiastowania Pa\u0144skiego\" style=\"width:100%;float:right;cursor:pointer;\" class=\"wppa-album-cover-standard album wppa-box wppa-cover-box wppa-cover-box-1\" onclick=\"wppaDoAjaxRender(event, 1, &#039;http:\/\/mariacka-lodz.com.pl\/index.php?rest_route=\/wp-photo-album-plus\/endPoint?action=wppa&wppa-action=render&wppa-size=640&occur=1&page_id=128&wppa-fromp=128&lang=pl&cache=1&album=273&cover=0&occur=1&data-alb=273&#039;, &#039;http:\/\/mariacka-lodz.com.pl\/?page_id=128&lang=pl&cache=1&album=2e71427fe71feccd&cover=0&occur=1&data-alb=273&#039; )\"><div id=\"covertext_frame_273_1\" style=\"width:459px; float:left\" class=\"wppa-text-frame-1 wppa-text-frame wppa-cover-text-frame wppa-asym-text-frame-1\"><h2 style=\"clear:none\" class=\"wppa-title\"><a title=\"View the album Przyrzeczenia duchowej adopcji dziecka pocz\u0119tego - 25.03.2025, uroczysto\u015b\u0107 Zwiastowania Pa\u0144skiego\" style=\"cursor:pointer\" class=\"wppa-title\" onclick=\"wppaDoAjaxRender(event, 1, &#039;http:\/\/mariacka-lodz.com.pl\/index.php?rest_route=\/wp-photo-album-plus\/endPoint?action=wppa&wppa-action=render&wppa-size=640&occur=1&page_id=128&wppa-fromp=128&lang=pl&cache=1&album=273&cover=0&occur=1&data-alb=273&#039;, &#039;http:\/\/mariacka-lodz.com.pl\/?page_id=128&lang=pl&cache=1&album=2e71427fe71feccd&cover=0&occur=1&data-alb=273&#039; )\">Przyrzeczenia duchowej adopcji dziecka pocz\u0119tego - 25.03.2025, uroczysto\u015b\u0107 Zwiastowania Pa\u0144skiego<\/a><\/h2><div style=\"min-height:54px;\" class=\"wppa-box-text wppa-black wppa-box-text-desc\"><\/div><div class=\"wppa-box-text wppa-black wppa-info wppa-slideshow-browse-link wppa-album-cover-link\"><a title=\"Slideshow\" style=\"cursor:pointer\" class=\"wppa-album-cover-link\" onclick=\"wppaDoAjaxRender(event, 1, &#039;http:\/\/mariacka-lodz.com.pl\/index.php?rest_route=\/wp-photo-album-plus\/endPoint?action=wppa&wppa-action=render&wppa-size=640&occur=1&page_id=128&wppa-fromp=128&lang=pl&cache=1&slide=1&occur=1&album=273&#039;, &#039;http:\/\/mariacka-lodz.com.pl\/?page_id=128&lang=pl&cache=1&slide=1&occur=1&album=2e71427fe71feccd&#039; )\">Slideshow<\/a><\/div><div class=\"wppa-box-text wppa-black wppa-info wppa-viewlink wppa-album-cover-link\"><a title=\"View the album Przyrzeczenia duchowej adopcji dziecka pocz\u0119tego - 25.03.2025, uroczysto\u015b\u0107 Zwiastowania Pa\u0144skiego\" style=\"cursor:pointer;\" class=\"wppa-album-cover-link\" onclick=\"wppaDoAjaxRender(event, 1, &#039;http:\/\/mariacka-lodz.com.pl\/index.php?rest_route=\/wp-photo-album-plus\/endPoint?action=wppa&wppa-action=render&wppa-size=640&occur=1&page_id=128&wppa-fromp=128&lang=pl&cache=1&album=273&cover=0&occur=1&data-alb=273&#039;, &#039;http:\/\/mariacka-lodz.com.pl\/?page_id=128&lang=pl&cache=1&album=2e71427fe71feccd&cover=0&occur=1&data-alb=273&#039; )\">View&nbsp;6&nbsp;photos<\/a><\/div><\/div><div id=\"coverphoto_frame_273_1\" style=\"float:right; margin-left:5px;width:123px;\" class=\"coverphoto-frame\"><div title=\" \" style=\"display:inline-block;margin:0 4px;\" onclick=\"wppaStopProp(event)\"><a title=\"View the album Przyrzeczenia duchowej adopcji dziecka pocz\u0119tego - 25.03.2025, uroczysto\u015b\u0107 Zwiastowania Pa\u0144skiego\" style=\"border:0;color:transparent;cursor:pointer;\" target=\"_self\" onclick=\"wppaDoAjaxRender(event, 1, &#039;http:\/\/mariacka-lodz.com.pl\/index.php?rest_route=\/wp-photo-album-plus\/endPoint?action=wppa&wppa-action=render&wppa-size=640&occur=1&page_id=128&wppa-fromp=128&lang=pl&cache=1&album=273&cover=0&occur=1&data-alb=273&#039;, &#039;http:\/\/mariacka-lodz.com.pl\/?page_id=128&lang=pl&cache=1&album=2e71427fe71feccd&cover=0&occur=1&data-alb=273&#039; )\"><img decoding=\"async\" style=\"border-width:0px;width:113px;height:150px;opacity:0.85;display:inline;\" src=\"http:\/\/mariacka-lodz.com.pl\/wp-content\/uploads\/wppa\/thumbs\/9545.jpg?ver=9\" alt=\"206.jpg\" class=\"image wppa-img\" onmouseover=\"jQuery(this).fadeTo(400, 1.0)\" onmouseout=\"jQuery(this).fadeTo(400,0.85)\"><\/a><\/div><\/div><div title=\" \" onclick=\"wppaStopProp(event);\"><\/div><div style=\"clear:both;\"><\/div><\/div><div id=\"album-272-1\" title=\"View the album Modlitw o wstawiennictwo Ojca Pio i \u015awi\u0119tej Rity - 23.03.2025\" style=\"width:100%;float:right;cursor:pointer;\" class=\"wppa-album-cover-standard album wppa-box wppa-cover-box wppa-cover-box-1\" onclick=\"wppaDoAjaxRender(event, 1, &#039;http:\/\/mariacka-lodz.com.pl\/index.php?rest_route=\/wp-photo-album-plus\/endPoint?action=wppa&wppa-action=render&wppa-size=640&occur=1&page_id=128&wppa-fromp=128&lang=pl&cache=1&album=272&cover=0&occur=1&data-alb=272&#039;, &#039;http:\/\/mariacka-lodz.com.pl\/?page_id=128&lang=pl&cache=1&album=8a11af1c57362b69&cover=0&occur=1&data-alb=272&#039; )\"><div id=\"covertext_frame_272_1\" style=\"width:459px; float:left\" class=\"wppa-text-frame-1 wppa-text-frame wppa-cover-text-frame wppa-asym-text-frame-1\"><h2 style=\"clear:none\" class=\"wppa-title\"><a title=\"View the album Modlitw o wstawiennictwo Ojca Pio i \u015awi\u0119tej Rity - 23.03.2025\" style=\"cursor:pointer\" class=\"wppa-title\" onclick=\"wppaDoAjaxRender(event, 1, &#039;http:\/\/mariacka-lodz.com.pl\/index.php?rest_route=\/wp-photo-album-plus\/endPoint?action=wppa&wppa-action=render&wppa-size=640&occur=1&page_id=128&wppa-fromp=128&lang=pl&cache=1&album=272&cover=0&occur=1&data-alb=272&#039;, &#039;http:\/\/mariacka-lodz.com.pl\/?page_id=128&lang=pl&cache=1&album=8a11af1c57362b69&cover=0&occur=1&data-alb=272&#039; )\">Modlitw o wstawiennictwo Ojca Pio i \u015awi\u0119tej Rity - 23.03.2025<\/a><\/h2><div style=\"min-height:54px;\" class=\"wppa-box-text wppa-black wppa-box-text-desc\"><\/div><div class=\"wppa-box-text wppa-black wppa-info wppa-slideshow-browse-link wppa-album-cover-link\"><a title=\"Slideshow\" style=\"cursor:pointer\" class=\"wppa-album-cover-link\" onclick=\"wppaDoAjaxRender(event, 1, &#039;http:\/\/mariacka-lodz.com.pl\/index.php?rest_route=\/wp-photo-album-plus\/endPoint?action=wppa&wppa-action=render&wppa-size=640&occur=1&page_id=128&wppa-fromp=128&lang=pl&cache=1&slide=1&occur=1&album=272&#039;, &#039;http:\/\/mariacka-lodz.com.pl\/?page_id=128&lang=pl&cache=1&slide=1&occur=1&album=8a11af1c57362b69&#039; )\">Slideshow<\/a><\/div><div class=\"wppa-box-text wppa-black wppa-info wppa-viewlink wppa-album-cover-link\"><a title=\"View the album Modlitw o wstawiennictwo Ojca Pio i \u015awi\u0119tej Rity - 23.03.2025\" style=\"cursor:pointer;\" class=\"wppa-album-cover-link\" onclick=\"wppaDoAjaxRender(event, 1, &#039;http:\/\/mariacka-lodz.com.pl\/index.php?rest_route=\/wp-photo-album-plus\/endPoint?action=wppa&wppa-action=render&wppa-size=640&occur=1&page_id=128&wppa-fromp=128&lang=pl&cache=1&album=272&cover=0&occur=1&data-alb=272&#039;, &#039;http:\/\/mariacka-lodz.com.pl\/?page_id=128&lang=pl&cache=1&album=8a11af1c57362b69&cover=0&occur=1&data-alb=272&#039; )\">View&nbsp;14&nbsp;photos<\/a><\/div><\/div><div id=\"coverphoto_frame_272_1\" style=\"float:right; margin-left:5px;width:123px;\" class=\"coverphoto-frame\"><div title=\" \" style=\"display:inline-block;margin:0 4px;\" onclick=\"wppaStopProp(event)\"><a title=\"View the album Modlitw o wstawiennictwo Ojca Pio i \u015awi\u0119tej Rity - 23.03.2025\" style=\"border:0;color:transparent;cursor:pointer;\" target=\"_self\" onclick=\"wppaDoAjaxRender(event, 1, &#039;http:\/\/mariacka-lodz.com.pl\/index.php?rest_route=\/wp-photo-album-plus\/endPoint?action=wppa&wppa-action=render&wppa-size=640&occur=1&page_id=128&wppa-fromp=128&lang=pl&cache=1&album=272&cover=0&occur=1&data-alb=272&#039;, &#039;http:\/\/mariacka-lodz.com.pl\/?page_id=128&lang=pl&cache=1&album=8a11af1c57362b69&cover=0&occur=1&data-alb=272&#039; )\"><img decoding=\"async\" style=\"border-width:0px;width:113px;height:150px;opacity:0.85;display:inline;\" src=\"http:\/\/mariacka-lodz.com.pl\/wp-content\/uploads\/wppa\/thumbs\/9540.jpg?ver=9\" alt=\"103.jpg\" class=\"image wppa-img\" onmouseover=\"jQuery(this).fadeTo(400, 1.0)\" onmouseout=\"jQuery(this).fadeTo(400,0.85)\"><\/a><\/div><\/div><div title=\" \" onclick=\"wppaStopProp(event);\"><\/div><div style=\"clear:both;\"><\/div><\/div><div id=\"album-271-1\" title=\"View the album wspomnienie Naj\u015bwi\u0119tszej Maryi Panny Ostrobramskiej, Matki Mi\u0142osierdzia (16 listopada 2024 r.)\" style=\"width:100%;float:right;cursor:pointer;\" class=\"wppa-album-cover-standard album wppa-box wppa-cover-box wppa-cover-box-1\" onclick=\"wppaDoAjaxRender(event, 1, &#039;http:\/\/mariacka-lodz.com.pl\/index.php?rest_route=\/wp-photo-album-plus\/endPoint?action=wppa&wppa-action=render&wppa-size=640&occur=1&page_id=128&wppa-fromp=128&lang=pl&cache=1&album=271&cover=0&occur=1&data-alb=271&#039;, &#039;http:\/\/mariacka-lodz.com.pl\/?page_id=128&lang=pl&cache=1&album=fa2616a0a0b446c9&cover=0&occur=1&data-alb=271&#039; )\"><div id=\"covertext_frame_271_1\" style=\"width:459px; float:left\" class=\"wppa-text-frame-1 wppa-text-frame wppa-cover-text-frame wppa-asym-text-frame-1\"><h2 style=\"clear:none\" class=\"wppa-title\"><a title=\"View the album wspomnienie Naj\u015bwi\u0119tszej Maryi Panny Ostrobramskiej, Matki Mi\u0142osierdzia (16 listopada 2024 r.)\" style=\"cursor:pointer\" class=\"wppa-title\" onclick=\"wppaDoAjaxRender(event, 1, &#039;http:\/\/mariacka-lodz.com.pl\/index.php?rest_route=\/wp-photo-album-plus\/endPoint?action=wppa&wppa-action=render&wppa-size=640&occur=1&page_id=128&wppa-fromp=128&lang=pl&cache=1&album=271&cover=0&occur=1&data-alb=271&#039;, &#039;http:\/\/mariacka-lodz.com.pl\/?page_id=128&lang=pl&cache=1&album=fa2616a0a0b446c9&cover=0&occur=1&data-alb=271&#039; )\">wspomnienie Naj\u015bwi\u0119tszej Maryi Panny Ostrobramskiej, Matki Mi\u0142osierdzia (16 listopada 2024 r.)<\/a><\/h2><div style=\"min-height:54px;\" class=\"wppa-box-text wppa-black wppa-box-text-desc\"> wspomnienie Naj\u015bwi\u0119tszej Maryi Panny Ostrobramskiej, Matki Mi\u0142osierdzia (16 listopada 2024 r.)<\/div><div class=\"wppa-box-text wppa-black wppa-info wppa-slideshow-browse-link wppa-album-cover-link\"><a title=\"Slideshow\" style=\"cursor:pointer\" class=\"wppa-album-cover-link\" onclick=\"wppaDoAjaxRender(event, 1, &#039;http:\/\/mariacka-lodz.com.pl\/index.php?rest_route=\/wp-photo-album-plus\/endPoint?action=wppa&wppa-action=render&wppa-size=640&occur=1&page_id=128&wppa-fromp=128&lang=pl&cache=1&slide=1&occur=1&album=271&#039;, &#039;http:\/\/mariacka-lodz.com.pl\/?page_id=128&lang=pl&cache=1&slide=1&occur=1&album=fa2616a0a0b446c9&#039; )\">Slideshow<\/a><\/div><div class=\"wppa-box-text wppa-black wppa-info wppa-viewlink wppa-album-cover-link\"><a title=\"View the album wspomnienie Naj\u015bwi\u0119tszej Maryi Panny Ostrobramskiej, Matki Mi\u0142osierdzia (16 listopada 2024 r.)\" style=\"cursor:pointer;\" class=\"wppa-album-cover-link\" onclick=\"wppaDoAjaxRender(event, 1, &#039;http:\/\/mariacka-lodz.com.pl\/index.php?rest_route=\/wp-photo-album-plus\/endPoint?action=wppa&wppa-action=render&wppa-size=640&occur=1&page_id=128&wppa-fromp=128&lang=pl&cache=1&album=271&cover=0&occur=1&data-alb=271&#039;, &#039;http:\/\/mariacka-lodz.com.pl\/?page_id=128&lang=pl&cache=1&album=fa2616a0a0b446c9&cover=0&occur=1&data-alb=271&#039; )\">View&nbsp;4&nbsp;photos<\/a><\/div><\/div><div id=\"coverphoto_frame_271_1\" style=\"float:right; margin-left:5px;width:84px;\" class=\"coverphoto-frame\"><div title=\" \" style=\"display:inline-block;margin:0 4px;\" onclick=\"wppaStopProp(event)\"><a title=\"View the album wspomnienie Naj\u015bwi\u0119tszej Maryi Panny Ostrobramskiej, Matki Mi\u0142osierdzia (16 listopada 2024 r.)\" style=\"border:0;color:transparent;cursor:pointer;\" target=\"_self\" onclick=\"wppaDoAjaxRender(event, 1, &#039;http:\/\/mariacka-lodz.com.pl\/index.php?rest_route=\/wp-photo-album-plus\/endPoint?action=wppa&wppa-action=render&wppa-size=640&occur=1&page_id=128&wppa-fromp=128&lang=pl&cache=1&album=271&cover=0&occur=1&data-alb=271&#039;, &#039;http:\/\/mariacka-lodz.com.pl\/?page_id=128&lang=pl&cache=1&album=fa2616a0a0b446c9&cover=0&occur=1&data-alb=271&#039; )\"><img decoding=\"async\" style=\"border-width:0px;width:74px;height:150px;opacity:0.85;display:inline;\" src=\"http:\/\/mariacka-lodz.com.pl\/wp-content\/uploads\/wppa\/thumbs\/9526.jpg?ver=9\" alt=\"466861029_28347941294789286_3158531698390143963_n.jpg\" class=\"image wppa-img\" onmouseover=\"jQuery(this).fadeTo(400, 1.0)\" onmouseout=\"jQuery(this).fadeTo(400,0.85)\"><\/a><\/div><\/div><div title=\" \" onclick=\"wppaStopProp(event);\"><\/div><div style=\"clear:both;\"><\/div><\/div><div id=\"album-270-1\" title=\"View the album Spotkanie z motocyklistami\" style=\"width:100%;float:right;cursor:pointer;\" class=\"wppa-album-cover-standard album wppa-box wppa-cover-box wppa-cover-box-1\" onclick=\"wppaDoAjaxRender(event, 1, &#039;http:\/\/mariacka-lodz.com.pl\/index.php?rest_route=\/wp-photo-album-plus\/endPoint?action=wppa&wppa-action=render&wppa-size=640&occur=1&page_id=128&wppa-fromp=128&lang=pl&cache=1&album=270&cover=0&occur=1&data-alb=270&#039;, &#039;http:\/\/mariacka-lodz.com.pl\/?page_id=128&lang=pl&cache=1&album=e8d7cd98ea667905&cover=0&occur=1&data-alb=270&#039; )\"><div id=\"covertext_frame_270_1\" style=\"width:459px; float:left\" class=\"wppa-text-frame-1 wppa-text-frame wppa-cover-text-frame wppa-asym-text-frame-1\"><h2 style=\"clear:none\" class=\"wppa-title\"><a title=\"View the album Spotkanie z motocyklistami\" style=\"cursor:pointer\" class=\"wppa-title\" onclick=\"wppaDoAjaxRender(event, 1, &#039;http:\/\/mariacka-lodz.com.pl\/index.php?rest_route=\/wp-photo-album-plus\/endPoint?action=wppa&wppa-action=render&wppa-size=640&occur=1&page_id=128&wppa-fromp=128&lang=pl&cache=1&album=270&cover=0&occur=1&data-alb=270&#039;, &#039;http:\/\/mariacka-lodz.com.pl\/?page_id=128&lang=pl&cache=1&album=e8d7cd98ea667905&cover=0&occur=1&data-alb=270&#039; )\">Spotkanie z motocyklistami<\/a><\/h2><div style=\"min-height:54px;\" class=\"wppa-box-text wppa-black wppa-box-text-desc\"> Spotkanie z motocyklistami , marzec 2024<\/div><div class=\"wppa-box-text wppa-black wppa-info wppa-slideshow-browse-link wppa-album-cover-link\"><a title=\"Slideshow\" style=\"cursor:pointer\" class=\"wppa-album-cover-link\" onclick=\"wppaDoAjaxRender(event, 1, &#039;http:\/\/mariacka-lodz.com.pl\/index.php?rest_route=\/wp-photo-album-plus\/endPoint?action=wppa&wppa-action=render&wppa-size=640&occur=1&page_id=128&wppa-fromp=128&lang=pl&cache=1&slide=1&occur=1&album=270&#039;, &#039;http:\/\/mariacka-lodz.com.pl\/?page_id=128&lang=pl&cache=1&slide=1&occur=1&album=e8d7cd98ea667905&#039; )\">Slideshow<\/a><\/div><div class=\"wppa-box-text wppa-black wppa-info wppa-viewlink wppa-album-cover-link\"><a title=\"View the album Spotkanie z motocyklistami\" style=\"cursor:pointer;\" class=\"wppa-album-cover-link\" onclick=\"wppaDoAjaxRender(event, 1, &#039;http:\/\/mariacka-lodz.com.pl\/index.php?rest_route=\/wp-photo-album-plus\/endPoint?action=wppa&wppa-action=render&wppa-size=640&occur=1&page_id=128&wppa-fromp=128&lang=pl&cache=1&album=270&cover=0&occur=1&data-alb=270&#039;, &#039;http:\/\/mariacka-lodz.com.pl\/?page_id=128&lang=pl&cache=1&album=e8d7cd98ea667905&cover=0&occur=1&data-alb=270&#039; )\">View&nbsp;9&nbsp;photos<\/a><\/div><\/div><div id=\"coverphoto_frame_270_1\" style=\"float:right; margin-left:5px;width:160px;\" class=\"coverphoto-frame\"><div title=\" \" style=\"display:inline-block;margin:0 4px;\" onclick=\"wppaStopProp(event)\"><a title=\"View the album Spotkanie z motocyklistami\" style=\"border:0;color:transparent;cursor:pointer;\" target=\"_self\" onclick=\"wppaDoAjaxRender(event, 1, &#039;http:\/\/mariacka-lodz.com.pl\/index.php?rest_route=\/wp-photo-album-plus\/endPoint?action=wppa&wppa-action=render&wppa-size=640&occur=1&page_id=128&wppa-fromp=128&lang=pl&cache=1&album=270&cover=0&occur=1&data-alb=270&#039;, &#039;http:\/\/mariacka-lodz.com.pl\/?page_id=128&lang=pl&cache=1&album=e8d7cd98ea667905&cover=0&occur=1&data-alb=270&#039; )\"><img decoding=\"async\" style=\"border-width:0px;width:150px;height:84px;opacity:0.85;display:inline;\" src=\"http:\/\/mariacka-lodz.com.pl\/wp-content\/uploads\/wppa\/thumbs\/9518.jpg?ver=9\" alt=\"431842993_25850198857896888_8334035728929093867_n.jpg\" class=\"image wppa-img\" onmouseover=\"jQuery(this).fadeTo(400, 1.0)\" onmouseout=\"jQuery(this).fadeTo(400,0.85)\"><\/a><\/div><\/div><div title=\" \" onclick=\"wppaStopProp(event);\"><\/div><div style=\"clear:both;\"><\/div><\/div><div id=\"album-269-1\" title=\"View the album 50. rocznica \u015bmierci Stanis\u0142awy Leszczy\u0144skiej\" style=\"width:100%;float:right;cursor:pointer;\" class=\"wppa-album-cover-standard album wppa-box wppa-cover-box wppa-cover-box-1\" onclick=\"wppaDoAjaxRender(event, 1, &#039;http:\/\/mariacka-lodz.com.pl\/index.php?rest_route=\/wp-photo-album-plus\/endPoint?action=wppa&wppa-action=render&wppa-size=640&occur=1&page_id=128&wppa-fromp=128&lang=pl&cache=1&album=269&cover=0&occur=1&data-alb=269&#039;, &#039;http:\/\/mariacka-lodz.com.pl\/?page_id=128&lang=pl&cache=1&album=241c1747b671707c&cover=0&occur=1&data-alb=269&#039; )\"><div id=\"covertext_frame_269_1\" style=\"width:459px; float:left\" class=\"wppa-text-frame-1 wppa-text-frame wppa-cover-text-frame wppa-asym-text-frame-1\"><h2 style=\"clear:none\" class=\"wppa-title\"><a title=\"View the album 50. rocznica \u015bmierci Stanis\u0142awy Leszczy\u0144skiej\" style=\"cursor:pointer\" class=\"wppa-title\" onclick=\"wppaDoAjaxRender(event, 1, &#039;http:\/\/mariacka-lodz.com.pl\/index.php?rest_route=\/wp-photo-album-plus\/endPoint?action=wppa&wppa-action=render&wppa-size=640&occur=1&page_id=128&wppa-fromp=128&lang=pl&cache=1&album=269&cover=0&occur=1&data-alb=269&#039;, &#039;http:\/\/mariacka-lodz.com.pl\/?page_id=128&lang=pl&cache=1&album=241c1747b671707c&cover=0&occur=1&data-alb=269&#039; )\">50. rocznica \u015bmierci Stanis\u0142awy Leszczy\u0144skiej<\/a><\/h2><div style=\"min-height:54px;\" class=\"wppa-box-text wppa-black wppa-box-text-desc\"> 50. rocznica \u015bmierci Stanis\u0142awy Leszczy\u0144skiej<\/div><div class=\"wppa-box-text wppa-black wppa-info wppa-slideshow-browse-link wppa-album-cover-link\"><a title=\"Slideshow\" style=\"cursor:pointer\" class=\"wppa-album-cover-link\" onclick=\"wppaDoAjaxRender(event, 1, &#039;http:\/\/mariacka-lodz.com.pl\/index.php?rest_route=\/wp-photo-album-plus\/endPoint?action=wppa&wppa-action=render&wppa-size=640&occur=1&page_id=128&wppa-fromp=128&lang=pl&cache=1&slide=1&occur=1&album=269&#039;, &#039;http:\/\/mariacka-lodz.com.pl\/?page_id=128&lang=pl&cache=1&slide=1&occur=1&album=241c1747b671707c&#039; )\">Slideshow<\/a><\/div><div class=\"wppa-box-text wppa-black wppa-info wppa-viewlink wppa-album-cover-link\"><a title=\"View the album 50. rocznica \u015bmierci Stanis\u0142awy Leszczy\u0144skiej\" style=\"cursor:pointer;\" class=\"wppa-album-cover-link\" onclick=\"wppaDoAjaxRender(event, 1, &#039;http:\/\/mariacka-lodz.com.pl\/index.php?rest_route=\/wp-photo-album-plus\/endPoint?action=wppa&wppa-action=render&wppa-size=640&occur=1&page_id=128&wppa-fromp=128&lang=pl&cache=1&album=269&cover=0&occur=1&data-alb=269&#039;, &#039;http:\/\/mariacka-lodz.com.pl\/?page_id=128&lang=pl&cache=1&album=241c1747b671707c&cover=0&occur=1&data-alb=269&#039; )\">View&nbsp;23&nbsp;photos<\/a><\/div><\/div><div id=\"coverphoto_frame_269_1\" style=\"float:right; margin-left:5px;width:95px;\" class=\"coverphoto-frame\"><div title=\" \" style=\"display:inline-block;margin:0 4px;\" onclick=\"wppaStopProp(event)\"><a title=\"View the album 50. rocznica \u015bmierci Stanis\u0142awy Leszczy\u0144skiej\" style=\"border:0;color:transparent;cursor:pointer;\" target=\"_self\" onclick=\"wppaDoAjaxRender(event, 1, &#039;http:\/\/mariacka-lodz.com.pl\/index.php?rest_route=\/wp-photo-album-plus\/endPoint?action=wppa&wppa-action=render&wppa-size=640&occur=1&page_id=128&wppa-fromp=128&lang=pl&cache=1&album=269&cover=0&occur=1&data-alb=269&#039;, &#039;http:\/\/mariacka-lodz.com.pl\/?page_id=128&lang=pl&cache=1&album=241c1747b671707c&cover=0&occur=1&data-alb=269&#039; )\"><img decoding=\"async\" style=\"border-width:0px;width:85px;height:150px;opacity:0.85;display:inline;\" src=\"http:\/\/mariacka-lodz.com.pl\/wp-content\/uploads\/wppa\/thumbs\/9509.jpg?ver=9\" alt=\"21.jpg\" class=\"image wppa-img\" onmouseover=\"jQuery(this).fadeTo(400, 1.0)\" onmouseout=\"jQuery(this).fadeTo(400,0.85)\"><\/a><\/div><\/div><div title=\" \" onclick=\"wppaStopProp(event);\"><\/div><div style=\"clear:both;\"><\/div><\/div><div id=\"album-267-1\" title=\"View the album Msza i modlitwa za wstawiennictwem \u015bw. Ojca Pio i \u015bw. Rity (23.02.2024)\" style=\"width:100%;float:right;cursor:pointer;\" class=\"wppa-album-cover-standard album wppa-box wppa-cover-box wppa-cover-box-1\" onclick=\"wppaDoAjaxRender(event, 1, &#039;http:\/\/mariacka-lodz.com.pl\/index.php?rest_route=\/wp-photo-album-plus\/endPoint?action=wppa&wppa-action=render&wppa-size=640&occur=1&page_id=128&wppa-fromp=128&lang=pl&cache=1&album=267&cover=0&occur=1&data-alb=267&#039;, &#039;http:\/\/mariacka-lodz.com.pl\/?page_id=128&lang=pl&cache=1&album=30f426ff2625adbe&cover=0&occur=1&data-alb=267&#039; )\"><div id=\"covertext_frame_267_1\" style=\"width:459px; float:left\" class=\"wppa-text-frame-1 wppa-text-frame wppa-cover-text-frame wppa-asym-text-frame-1\"><h2 style=\"clear:none\" class=\"wppa-title\"><a title=\"View the album Msza i modlitwa za wstawiennictwem \u015bw. Ojca Pio i \u015bw. Rity (23.02.2024)\" style=\"cursor:pointer\" class=\"wppa-title\" onclick=\"wppaDoAjaxRender(event, 1, &#039;http:\/\/mariacka-lodz.com.pl\/index.php?rest_route=\/wp-photo-album-plus\/endPoint?action=wppa&wppa-action=render&wppa-size=640&occur=1&page_id=128&wppa-fromp=128&lang=pl&cache=1&album=267&cover=0&occur=1&data-alb=267&#039;, &#039;http:\/\/mariacka-lodz.com.pl\/?page_id=128&lang=pl&cache=1&album=30f426ff2625adbe&cover=0&occur=1&data-alb=267&#039; )\">Msza i modlitwa za wstawiennictwem \u015bw. Ojca Pio i \u015bw. Rity (23.02.2024)<\/a><\/h2><div style=\"min-height:54px;\" class=\"wppa-box-text wppa-black wppa-box-text-desc\"> Msza i modlitwa za wstawiennictwem \u015bw. Ojca Pio i \u015bw. Rity (23.02.2024)<\/div><div class=\"wppa-box-text wppa-black wppa-info wppa-slideshow-browse-link wppa-album-cover-link\"><a title=\"Slideshow\" style=\"cursor:pointer\" class=\"wppa-album-cover-link\" onclick=\"wppaDoAjaxRender(event, 1, &#039;http:\/\/mariacka-lodz.com.pl\/index.php?rest_route=\/wp-photo-album-plus\/endPoint?action=wppa&wppa-action=render&wppa-size=640&occur=1&page_id=128&wppa-fromp=128&lang=pl&cache=1&slide=1&occur=1&album=267&#039;, &#039;http:\/\/mariacka-lodz.com.pl\/?page_id=128&lang=pl&cache=1&slide=1&occur=1&album=30f426ff2625adbe&#039; )\">Slideshow<\/a><\/div><div class=\"wppa-box-text wppa-black wppa-info wppa-viewlink wppa-album-cover-link\"><a title=\"View the album Msza i modlitwa za wstawiennictwem \u015bw. Ojca Pio i \u015bw. Rity (23.02.2024)\" style=\"cursor:pointer;\" class=\"wppa-album-cover-link\" onclick=\"wppaDoAjaxRender(event, 1, &#039;http:\/\/mariacka-lodz.com.pl\/index.php?rest_route=\/wp-photo-album-plus\/endPoint?action=wppa&wppa-action=render&wppa-size=640&occur=1&page_id=128&wppa-fromp=128&lang=pl&cache=1&album=267&cover=0&occur=1&data-alb=267&#039;, &#039;http:\/\/mariacka-lodz.com.pl\/?page_id=128&lang=pl&cache=1&album=30f426ff2625adbe&cover=0&occur=1&data-alb=267&#039; )\">View&nbsp;10&nbsp;photos<\/a><\/div><\/div><div id=\"coverphoto_frame_267_1\" style=\"float:right; margin-left:5px;width:123px;\" class=\"coverphoto-frame\"><div title=\" \" style=\"display:inline-block;margin:0 4px;\" onclick=\"wppaStopProp(event)\"><a title=\"View the album Msza i modlitwa za wstawiennictwem \u015bw. Ojca Pio i \u015bw. Rity (23.02.2024)\" style=\"border:0;color:transparent;cursor:pointer;\" target=\"_self\" onclick=\"wppaDoAjaxRender(event, 1, &#039;http:\/\/mariacka-lodz.com.pl\/index.php?rest_route=\/wp-photo-album-plus\/endPoint?action=wppa&wppa-action=render&wppa-size=640&occur=1&page_id=128&wppa-fromp=128&lang=pl&cache=1&album=267&cover=0&occur=1&data-alb=267&#039;, &#039;http:\/\/mariacka-lodz.com.pl\/?page_id=128&lang=pl&cache=1&album=30f426ff2625adbe&cover=0&occur=1&data-alb=267&#039; )\"><img decoding=\"async\" style=\"border-width:0px;width:113px;height:150px;opacity:0.85;display:inline;\" src=\"http:\/\/mariacka-lodz.com.pl\/wp-content\/uploads\/wppa\/thumbs\/9479.jpg?ver=9\" alt=\"Messenger_creation_683dc461-4790-449d-b271-63b72b7ed130.jpeg\" class=\"image wppa-img\" onmouseover=\"jQuery(this).fadeTo(400, 1.0)\" onmouseout=\"jQuery(this).fadeTo(400,0.85)\"><\/a><\/div><\/div><div title=\" \" onclick=\"wppaStopProp(event);\"><\/div><div style=\"clear:both;\"><\/div><\/div><div id=\"album-266-1\" title=\"View the album Wspomnienie Ojca Pio - Cz\u0119stochowa\" style=\"width:100%;float:right;cursor:pointer;\" class=\"wppa-album-cover-standard album wppa-box wppa-cover-box wppa-cover-box-1\" onclick=\"wppaDoAjaxRender(event, 1, &#039;http:\/\/mariacka-lodz.com.pl\/index.php?rest_route=\/wp-photo-album-plus\/endPoint?action=wppa&wppa-action=render&wppa-size=640&occur=1&page_id=128&wppa-fromp=128&lang=pl&cache=1&album=266&cover=0&occur=1&data-alb=266&#039;, &#039;http:\/\/mariacka-lodz.com.pl\/?page_id=128&lang=pl&cache=1&album=b28d98f62d8ae146&cover=0&occur=1&data-alb=266&#039; )\"><div id=\"covertext_frame_266_1\" style=\"width:459px; float:left\" class=\"wppa-text-frame-1 wppa-text-frame wppa-cover-text-frame wppa-asym-text-frame-1\"><h2 style=\"clear:none\" class=\"wppa-title\"><a title=\"View the album Wspomnienie Ojca Pio - Cz\u0119stochowa\" style=\"cursor:pointer\" class=\"wppa-title\" onclick=\"wppaDoAjaxRender(event, 1, &#039;http:\/\/mariacka-lodz.com.pl\/index.php?rest_route=\/wp-photo-album-plus\/endPoint?action=wppa&wppa-action=render&wppa-size=640&occur=1&page_id=128&wppa-fromp=128&lang=pl&cache=1&album=266&cover=0&occur=1&data-alb=266&#039;, &#039;http:\/\/mariacka-lodz.com.pl\/?page_id=128&lang=pl&cache=1&album=b28d98f62d8ae146&cover=0&occur=1&data-alb=266&#039; )\">Wspomnienie Ojca Pio - Cz\u0119stochowa<\/a><\/h2><div style=\"min-height:54px;\" class=\"wppa-box-text wppa-black wppa-box-text-desc\"> Wspomnienie Ojca Pio Cz\u0119stochowa, Msza i droga krzy\u017cowa<\/div><div class=\"wppa-box-text wppa-black wppa-info wppa-slideshow-browse-link wppa-album-cover-link\"><a title=\"Slideshow\" style=\"cursor:pointer\" class=\"wppa-album-cover-link\" onclick=\"wppaDoAjaxRender(event, 1, &#039;http:\/\/mariacka-lodz.com.pl\/index.php?rest_route=\/wp-photo-album-plus\/endPoint?action=wppa&wppa-action=render&wppa-size=640&occur=1&page_id=128&wppa-fromp=128&lang=pl&cache=1&slide=1&occur=1&album=266&#039;, &#039;http:\/\/mariacka-lodz.com.pl\/?page_id=128&lang=pl&cache=1&slide=1&occur=1&album=b28d98f62d8ae146&#039; )\">Slideshow<\/a><\/div><div class=\"wppa-box-text wppa-black wppa-info wppa-viewlink wppa-album-cover-link\"><a title=\"View the album Wspomnienie Ojca Pio - Cz\u0119stochowa\" style=\"cursor:pointer;\" class=\"wppa-album-cover-link\" onclick=\"wppaDoAjaxRender(event, 1, &#039;http:\/\/mariacka-lodz.com.pl\/index.php?rest_route=\/wp-photo-album-plus\/endPoint?action=wppa&wppa-action=render&wppa-size=640&occur=1&page_id=128&wppa-fromp=128&lang=pl&cache=1&album=266&cover=0&occur=1&data-alb=266&#039;, &#039;http:\/\/mariacka-lodz.com.pl\/?page_id=128&lang=pl&cache=1&album=b28d98f62d8ae146&cover=0&occur=1&data-alb=266&#039; )\">View&nbsp;23&nbsp;photos<\/a><\/div><\/div><div id=\"coverphoto_frame_266_1\" style=\"float:right; margin-left:5px;width:144px;\" class=\"coverphoto-frame\"><div title=\" \" style=\"display:inline-block;margin:0 4px;\" onclick=\"wppaStopProp(event)\"><a title=\"View the album Wspomnienie Ojca Pio - Cz\u0119stochowa\" style=\"border:0;color:transparent;cursor:pointer;\" target=\"_self\" onclick=\"wppaDoAjaxRender(event, 1, &#039;http:\/\/mariacka-lodz.com.pl\/index.php?rest_route=\/wp-photo-album-plus\/endPoint?action=wppa&wppa-action=render&wppa-size=640&occur=1&page_id=128&wppa-fromp=128&lang=pl&cache=1&album=266&cover=0&occur=1&data-alb=266&#039;, &#039;http:\/\/mariacka-lodz.com.pl\/?page_id=128&lang=pl&cache=1&album=b28d98f62d8ae146&cover=0&occur=1&data-alb=266&#039; )\"><img decoding=\"async\" style=\"border-width:0px;width:134px;height:150px;opacity:0.85;display:inline;\" src=\"http:\/\/mariacka-lodz.com.pl\/wp-content\/uploads\/wppa\/thumbs\/9470.jpg?ver=9\" alt=\"d22b4f27-5aaa-45c3-9369-8cd649b26f3c.jpg\" class=\"image wppa-img\" onmouseover=\"jQuery(this).fadeTo(400, 1.0)\" onmouseout=\"jQuery(this).fadeTo(400,0.85)\"><\/a><\/div><\/div><div title=\" \" onclick=\"wppaStopProp(event);\"><\/div><div style=\"clear:both;\"><\/div><\/div><div id=\"album-265-1\" title=\"View the album Procesja Bo\u017cego Cia\u0142a 2023\" style=\"width:100%;float:right;cursor:pointer;\" class=\"wppa-album-cover-standard album wppa-box wppa-cover-box wppa-cover-box-1\" onclick=\"wppaDoAjaxRender(event, 1, &#039;http:\/\/mariacka-lodz.com.pl\/index.php?rest_route=\/wp-photo-album-plus\/endPoint?action=wppa&wppa-action=render&wppa-size=640&occur=1&page_id=128&wppa-fromp=128&lang=pl&cache=1&album=265&cover=0&occur=1&data-alb=265&#039;, &#039;http:\/\/mariacka-lodz.com.pl\/?page_id=128&lang=pl&cache=1&album=a6d9f87d87d26ffc&cover=0&occur=1&data-alb=265&#039; )\"><div id=\"covertext_frame_265_1\" style=\"width:459px; float:left\" class=\"wppa-text-frame-1 wppa-text-frame wppa-cover-text-frame wppa-asym-text-frame-1\"><h2 style=\"clear:none\" class=\"wppa-title\"><a title=\"View the album Procesja Bo\u017cego Cia\u0142a 2023\" style=\"cursor:pointer\" class=\"wppa-title\" onclick=\"wppaDoAjaxRender(event, 1, &#039;http:\/\/mariacka-lodz.com.pl\/index.php?rest_route=\/wp-photo-album-plus\/endPoint?action=wppa&wppa-action=render&wppa-size=640&occur=1&page_id=128&wppa-fromp=128&lang=pl&cache=1&album=265&cover=0&occur=1&data-alb=265&#039;, &#039;http:\/\/mariacka-lodz.com.pl\/?page_id=128&lang=pl&cache=1&album=a6d9f87d87d26ffc&cover=0&occur=1&data-alb=265&#039; )\">Procesja Bo\u017cego Cia\u0142a 2023<\/a><\/h2><div style=\"min-height:54px;\" class=\"wppa-box-text wppa-black wppa-box-text-desc\"> fot. \u0141ukasz z Ba\u0142ut<\/div><div class=\"wppa-box-text wppa-black wppa-info wppa-slideshow-browse-link wppa-album-cover-link\"><a title=\"Slideshow\" style=\"cursor:pointer\" class=\"wppa-album-cover-link\" onclick=\"wppaDoAjaxRender(event, 1, &#039;http:\/\/mariacka-lodz.com.pl\/index.php?rest_route=\/wp-photo-album-plus\/endPoint?action=wppa&wppa-action=render&wppa-size=640&occur=1&page_id=128&wppa-fromp=128&lang=pl&cache=1&slide=1&occur=1&album=265&#039;, &#039;http:\/\/mariacka-lodz.com.pl\/?page_id=128&lang=pl&cache=1&slide=1&occur=1&album=a6d9f87d87d26ffc&#039; )\">Slideshow<\/a><\/div><div class=\"wppa-box-text wppa-black wppa-info wppa-viewlink wppa-album-cover-link\"><a title=\"View the album Procesja Bo\u017cego Cia\u0142a 2023\" style=\"cursor:pointer;\" class=\"wppa-album-cover-link\" onclick=\"wppaDoAjaxRender(event, 1, &#039;http:\/\/mariacka-lodz.com.pl\/index.php?rest_route=\/wp-photo-album-plus\/endPoint?action=wppa&wppa-action=render&wppa-size=640&occur=1&page_id=128&wppa-fromp=128&lang=pl&cache=1&album=265&cover=0&occur=1&data-alb=265&#039;, &#039;http:\/\/mariacka-lodz.com.pl\/?page_id=128&lang=pl&cache=1&album=a6d9f87d87d26ffc&cover=0&occur=1&data-alb=265&#039; )\">View&nbsp;21&nbsp;photos<\/a><\/div><\/div><div id=\"coverphoto_frame_265_1\" style=\"float:right; margin-left:5px;width:160px;\" class=\"coverphoto-frame\"><div title=\" \" style=\"display:inline-block;margin:0 4px;\" onclick=\"wppaStopProp(event)\"><a title=\"View the album Procesja Bo\u017cego Cia\u0142a 2023\" style=\"border:0;color:transparent;cursor:pointer;\" target=\"_self\" onclick=\"wppaDoAjaxRender(event, 1, &#039;http:\/\/mariacka-lodz.com.pl\/index.php?rest_route=\/wp-photo-album-plus\/endPoint?action=wppa&wppa-action=render&wppa-size=640&occur=1&page_id=128&wppa-fromp=128&lang=pl&cache=1&album=265&cover=0&occur=1&data-alb=265&#039;, &#039;http:\/\/mariacka-lodz.com.pl\/?page_id=128&lang=pl&cache=1&album=a6d9f87d87d26ffc&cover=0&occur=1&data-alb=265&#039; )\"><img decoding=\"async\" style=\"border-width:0px;width:150px;height:99px;opacity:0.85;display:inline;\" src=\"http:\/\/mariacka-lodz.com.pl\/wp-content\/uploads\/wppa\/thumbs\/9449.jpg?ver=9\" alt=\"cielor_20230608121130_CLK_3041_1.JPG\" class=\"image wppa-img\" onmouseover=\"jQuery(this).fadeTo(400, 1.0)\" onmouseout=\"jQuery(this).fadeTo(400,0.85)\"><\/a><\/div><\/div><div title=\" \" onclick=\"wppaStopProp(event);\"><\/div><div style=\"clear:both;\"><\/div><\/div><div id=\"album-264-1\" title=\"View the album uroczysto\u015bci zwi\u0105zane ze \u015bw. Rit\u0105, 22. maja 2023 r.\" style=\"width:100%;float:right;cursor:pointer;\" class=\"wppa-album-cover-standard album wppa-box wppa-cover-box wppa-cover-box-1\" onclick=\"wppaDoAjaxRender(event, 1, &#039;http:\/\/mariacka-lodz.com.pl\/index.php?rest_route=\/wp-photo-album-plus\/endPoint?action=wppa&wppa-action=render&wppa-size=640&occur=1&page_id=128&wppa-fromp=128&lang=pl&cache=1&album=264&cover=0&occur=1&data-alb=264&#039;, &#039;http:\/\/mariacka-lodz.com.pl\/?page_id=128&lang=pl&cache=1&album=dd46be7096604b34&cover=0&occur=1&data-alb=264&#039; )\"><div id=\"covertext_frame_264_1\" style=\"width:459px; float:left\" class=\"wppa-text-frame-1 wppa-text-frame wppa-cover-text-frame wppa-asym-text-frame-1\"><h2 style=\"clear:none\" class=\"wppa-title\"><a title=\"View the album uroczysto\u015bci zwi\u0105zane ze \u015bw. Rit\u0105, 22. maja 2023 r.\" style=\"cursor:pointer\" class=\"wppa-title\" onclick=\"wppaDoAjaxRender(event, 1, &#039;http:\/\/mariacka-lodz.com.pl\/index.php?rest_route=\/wp-photo-album-plus\/endPoint?action=wppa&wppa-action=render&wppa-size=640&occur=1&page_id=128&wppa-fromp=128&lang=pl&cache=1&album=264&cover=0&occur=1&data-alb=264&#039;, &#039;http:\/\/mariacka-lodz.com.pl\/?page_id=128&lang=pl&cache=1&album=dd46be7096604b34&cover=0&occur=1&data-alb=264&#039; )\">uroczysto\u015bci zwi\u0105zane ze \u015bw. Rit\u0105, 22. maja 2023 r.<\/a><\/h2><div style=\"min-height:54px;\" class=\"wppa-box-text wppa-black wppa-box-text-desc\"> uroczysto\u015bci zwi\u0105zane ze \u015bw. Rit\u0105 - po\u015bwi\u0119cenie r\u00f3\u017c i odnowienie przyrzecze\u0144 ma\u0142\u017ce\u0144skich, 22. maja 2023 r.<\/div><div class=\"wppa-box-text wppa-black wppa-info wppa-slideshow-browse-link wppa-album-cover-link\"><a title=\"Slideshow\" style=\"cursor:pointer\" class=\"wppa-album-cover-link\" onclick=\"wppaDoAjaxRender(event, 1, &#039;http:\/\/mariacka-lodz.com.pl\/index.php?rest_route=\/wp-photo-album-plus\/endPoint?action=wppa&wppa-action=render&wppa-size=640&occur=1&page_id=128&wppa-fromp=128&lang=pl&cache=1&slide=1&occur=1&album=264&#039;, &#039;http:\/\/mariacka-lodz.com.pl\/?page_id=128&lang=pl&cache=1&slide=1&occur=1&album=dd46be7096604b34&#039; )\">Slideshow<\/a><\/div><div class=\"wppa-box-text wppa-black wppa-info wppa-viewlink wppa-album-cover-link\"><a title=\"View the album uroczysto\u015bci zwi\u0105zane ze \u015bw. Rit\u0105, 22. maja 2023 r.\" style=\"cursor:pointer;\" class=\"wppa-album-cover-link\" onclick=\"wppaDoAjaxRender(event, 1, &#039;http:\/\/mariacka-lodz.com.pl\/index.php?rest_route=\/wp-photo-album-plus\/endPoint?action=wppa&wppa-action=render&wppa-size=640&occur=1&page_id=128&wppa-fromp=128&lang=pl&cache=1&album=264&cover=0&occur=1&data-alb=264&#039;, &#039;http:\/\/mariacka-lodz.com.pl\/?page_id=128&lang=pl&cache=1&album=dd46be7096604b34&cover=0&occur=1&data-alb=264&#039; )\">View&nbsp;15&nbsp;photos<\/a><\/div><\/div><div id=\"coverphoto_frame_264_1\" style=\"float:right; margin-left:5px;width:160px;\" class=\"coverphoto-frame\"><div title=\" \" style=\"display:inline-block;margin:0 4px;\" onclick=\"wppaStopProp(event)\"><a title=\"View the album uroczysto\u015bci zwi\u0105zane ze \u015bw. Rit\u0105, 22. maja 2023 r.\" style=\"border:0;color:transparent;cursor:pointer;\" target=\"_self\" onclick=\"wppaDoAjaxRender(event, 1, &#039;http:\/\/mariacka-lodz.com.pl\/index.php?rest_route=\/wp-photo-album-plus\/endPoint?action=wppa&wppa-action=render&wppa-size=640&occur=1&page_id=128&wppa-fromp=128&lang=pl&cache=1&album=264&cover=0&occur=1&data-alb=264&#039;, &#039;http:\/\/mariacka-lodz.com.pl\/?page_id=128&lang=pl&cache=1&album=dd46be7096604b34&cover=0&occur=1&data-alb=264&#039; )\"><img decoding=\"async\" style=\"border-width:0px;width:150px;height:84px;opacity:0.85;display:inline;\" src=\"http:\/\/mariacka-lodz.com.pl\/wp-content\/uploads\/wppa\/thumbs\/9424.jpg?ver=9\" alt=\"348950135_3490380857955796_8980060143129294551_n.jpg\" class=\"image wppa-img\" onmouseover=\"jQuery(this).fadeTo(400, 1.0)\" onmouseout=\"jQuery(this).fadeTo(400,0.85)\"><\/a><\/div><\/div><div title=\" \" onclick=\"wppaStopProp(event);\"><\/div><div style=\"clear:both;\"><\/div><\/div><div id=\"album-263-1\" title=\"View the album Uroczysto\u015b\u0107 I Komunii \u015awi\u0119tej, 21. maja 2023\" style=\"width:100%;float:right;cursor:pointer;\" class=\"wppa-album-cover-standard album wppa-box wppa-cover-box wppa-cover-box-1\" onclick=\"wppaDoAjaxRender(event, 1, &#039;http:\/\/mariacka-lodz.com.pl\/index.php?rest_route=\/wp-photo-album-plus\/endPoint?action=wppa&wppa-action=render&wppa-size=640&occur=1&page_id=128&wppa-fromp=128&lang=pl&cache=1&album=263&cover=0&occur=1&data-alb=263&#039;, &#039;http:\/\/mariacka-lodz.com.pl\/?page_id=128&lang=pl&cache=1&album=64bbd299f37e9f4c&cover=0&occur=1&data-alb=263&#039; )\"><div id=\"covertext_frame_263_1\" style=\"width:459px; float:left\" class=\"wppa-text-frame-1 wppa-text-frame wppa-cover-text-frame wppa-asym-text-frame-1\"><h2 style=\"clear:none\" class=\"wppa-title\"><a title=\"View the album Uroczysto\u015b\u0107 I Komunii \u015awi\u0119tej, 21. maja 2023\" style=\"cursor:pointer\" class=\"wppa-title\" onclick=\"wppaDoAjaxRender(event, 1, &#039;http:\/\/mariacka-lodz.com.pl\/index.php?rest_route=\/wp-photo-album-plus\/endPoint?action=wppa&wppa-action=render&wppa-size=640&occur=1&page_id=128&wppa-fromp=128&lang=pl&cache=1&album=263&cover=0&occur=1&data-alb=263&#039;, &#039;http:\/\/mariacka-lodz.com.pl\/?page_id=128&lang=pl&cache=1&album=64bbd299f37e9f4c&cover=0&occur=1&data-alb=263&#039; )\">Uroczysto\u015b\u0107 I Komunii \u015awi\u0119tej, 21. maja 2023<\/a><\/h2><div style=\"min-height:54px;\" class=\"wppa-box-text wppa-black wppa-box-text-desc\"> Uroczysto\u015b\u0107 I Komunii \u015awi\u0119tej 2023<\/div><div class=\"wppa-box-text wppa-black wppa-info wppa-slideshow-browse-link wppa-album-cover-link\"><a title=\"Slideshow\" style=\"cursor:pointer\" class=\"wppa-album-cover-link\" onclick=\"wppaDoAjaxRender(event, 1, &#039;http:\/\/mariacka-lodz.com.pl\/index.php?rest_route=\/wp-photo-album-plus\/endPoint?action=wppa&wppa-action=render&wppa-size=640&occur=1&page_id=128&wppa-fromp=128&lang=pl&cache=1&slide=1&occur=1&album=263&#039;, &#039;http:\/\/mariacka-lodz.com.pl\/?page_id=128&lang=pl&cache=1&slide=1&occur=1&album=64bbd299f37e9f4c&#039; )\">Slideshow<\/a><\/div><div class=\"wppa-box-text wppa-black wppa-info wppa-viewlink wppa-album-cover-link\"><a title=\"View the album Uroczysto\u015b\u0107 I Komunii \u015awi\u0119tej, 21. maja 2023\" style=\"cursor:pointer;\" class=\"wppa-album-cover-link\" onclick=\"wppaDoAjaxRender(event, 1, &#039;http:\/\/mariacka-lodz.com.pl\/index.php?rest_route=\/wp-photo-album-plus\/endPoint?action=wppa&wppa-action=render&wppa-size=640&occur=1&page_id=128&wppa-fromp=128&lang=pl&cache=1&album=263&cover=0&occur=1&data-alb=263&#039;, &#039;http:\/\/mariacka-lodz.com.pl\/?page_id=128&lang=pl&cache=1&album=64bbd299f37e9f4c&cover=0&occur=1&data-alb=263&#039; )\">View&nbsp;30&nbsp;photos<\/a><\/div><\/div><div id=\"coverphoto_frame_263_1\" style=\"float:right; margin-left:5px;width:160px;\" class=\"coverphoto-frame\"><div title=\" \" style=\"display:inline-block;margin:0 4px;\" onclick=\"wppaStopProp(event)\"><a title=\"View the album Uroczysto\u015b\u0107 I Komunii \u015awi\u0119tej, 21. maja 2023\" style=\"border:0;color:transparent;cursor:pointer;\" target=\"_self\" onclick=\"wppaDoAjaxRender(event, 1, &#039;http:\/\/mariacka-lodz.com.pl\/index.php?rest_route=\/wp-photo-album-plus\/endPoint?action=wppa&wppa-action=render&wppa-size=640&occur=1&page_id=128&wppa-fromp=128&lang=pl&cache=1&album=263&cover=0&occur=1&data-alb=263&#039;, &#039;http:\/\/mariacka-lodz.com.pl\/?page_id=128&lang=pl&cache=1&album=64bbd299f37e9f4c&cover=0&occur=1&data-alb=263&#039; )\"><img decoding=\"async\" style=\"border-width:0px;width:150px;height:112px;opacity:0.85;display:inline;\" src=\"http:\/\/mariacka-lodz.com.pl\/wp-content\/uploads\/wppa\/thumbs\/9399.jpg?ver=9\" alt=\"348314359_225213436879555_3812236247674303758_n.jpg\" class=\"image wppa-img\" onmouseover=\"jQuery(this).fadeTo(400, 1.0)\" onmouseout=\"jQuery(this).fadeTo(400,0.85)\"><\/a><\/div><\/div><div title=\" \" onclick=\"wppaStopProp(event);\"><\/div><div style=\"clear:both;\"><\/div><\/div><div id=\"album-262-1\" title=\"View the album Niedziela Palmowa 2023\" style=\"width:100%;float:right;cursor:pointer;\" class=\"wppa-album-cover-standard album wppa-box wppa-cover-box wppa-cover-box-1\" onclick=\"wppaDoAjaxRender(event, 1, &#039;http:\/\/mariacka-lodz.com.pl\/index.php?rest_route=\/wp-photo-album-plus\/endPoint?action=wppa&wppa-action=render&wppa-size=640&occur=1&page_id=128&wppa-fromp=128&lang=pl&cache=1&album=262&cover=0&occur=1&data-alb=262&#039;, &#039;http:\/\/mariacka-lodz.com.pl\/?page_id=128&lang=pl&cache=1&album=6a057d9da1b5819d&cover=0&occur=1&data-alb=262&#039; )\"><div id=\"covertext_frame_262_1\" style=\"width:459px; float:left\" class=\"wppa-text-frame-1 wppa-text-frame wppa-cover-text-frame wppa-asym-text-frame-1\"><h2 style=\"clear:none\" class=\"wppa-title\"><a title=\"View the album Niedziela Palmowa 2023\" style=\"cursor:pointer\" class=\"wppa-title\" onclick=\"wppaDoAjaxRender(event, 1, &#039;http:\/\/mariacka-lodz.com.pl\/index.php?rest_route=\/wp-photo-album-plus\/endPoint?action=wppa&wppa-action=render&wppa-size=640&occur=1&page_id=128&wppa-fromp=128&lang=pl&cache=1&album=262&cover=0&occur=1&data-alb=262&#039;, &#039;http:\/\/mariacka-lodz.com.pl\/?page_id=128&lang=pl&cache=1&album=6a057d9da1b5819d&cover=0&occur=1&data-alb=262&#039; )\">Niedziela Palmowa 2023<\/a><\/h2><div style=\"min-height:54px;\" class=\"wppa-box-text wppa-black wppa-box-text-desc\">Niedziela Palmowa 2023<\/div><div class=\"wppa-box-text wppa-black wppa-info wppa-slideshow-browse-link wppa-album-cover-link\"><a title=\"Slideshow\" style=\"cursor:pointer\" class=\"wppa-album-cover-link\" onclick=\"wppaDoAjaxRender(event, 1, &#039;http:\/\/mariacka-lodz.com.pl\/index.php?rest_route=\/wp-photo-album-plus\/endPoint?action=wppa&wppa-action=render&wppa-size=640&occur=1&page_id=128&wppa-fromp=128&lang=pl&cache=1&slide=1&occur=1&album=262&#039;, &#039;http:\/\/mariacka-lodz.com.pl\/?page_id=128&lang=pl&cache=1&slide=1&occur=1&album=6a057d9da1b5819d&#039; )\">Slideshow<\/a><\/div><div class=\"wppa-box-text wppa-black wppa-info wppa-viewlink wppa-album-cover-link\"><a title=\"View the album Niedziela Palmowa 2023\" style=\"cursor:pointer;\" class=\"wppa-album-cover-link\" onclick=\"wppaDoAjaxRender(event, 1, &#039;http:\/\/mariacka-lodz.com.pl\/index.php?rest_route=\/wp-photo-album-plus\/endPoint?action=wppa&wppa-action=render&wppa-size=640&occur=1&page_id=128&wppa-fromp=128&lang=pl&cache=1&album=262&cover=0&occur=1&data-alb=262&#039;, &#039;http:\/\/mariacka-lodz.com.pl\/?page_id=128&lang=pl&cache=1&album=6a057d9da1b5819d&cover=0&occur=1&data-alb=262&#039; )\">View&nbsp;22&nbsp;photos<\/a><\/div><\/div><div id=\"coverphoto_frame_262_1\" style=\"float:right; margin-left:5px;width:95px;\" class=\"coverphoto-frame\"><div title=\" \" style=\"display:inline-block;margin:0 4px;\" onclick=\"wppaStopProp(event)\"><a title=\"View the album Niedziela Palmowa 2023\" style=\"border:0;color:transparent;cursor:pointer;\" target=\"_self\" onclick=\"wppaDoAjaxRender(event, 1, &#039;http:\/\/mariacka-lodz.com.pl\/index.php?rest_route=\/wp-photo-album-plus\/endPoint?action=wppa&wppa-action=render&wppa-size=640&occur=1&page_id=128&wppa-fromp=128&lang=pl&cache=1&album=262&cover=0&occur=1&data-alb=262&#039;, &#039;http:\/\/mariacka-lodz.com.pl\/?page_id=128&lang=pl&cache=1&album=6a057d9da1b5819d&cover=0&occur=1&data-alb=262&#039; )\"><img decoding=\"async\" style=\"border-width:0px;width:85px;height:150px;opacity:0.85;display:inline;\" src=\"http:\/\/mariacka-lodz.com.pl\/wp-content\/uploads\/wppa\/thumbs\/9377.jpg?ver=9\" alt=\"339581089_1201775297173761_6193429192314661189_n.jpg\" class=\"image wppa-img\" onmouseover=\"jQuery(this).fadeTo(400, 1.0)\" onmouseout=\"jQuery(this).fadeTo(400,0.85)\"><\/a><\/div><\/div><div title=\" \" onclick=\"wppaStopProp(event);\"><\/div><div style=\"clear:both;\"><\/div><\/div><div id=\"album-261-1\" title=\"View the album Wigilia Paschalna 2022\" style=\"width:100%;float:right;cursor:pointer;\" class=\"wppa-album-cover-standard album wppa-box wppa-cover-box wppa-cover-box-1\" onclick=\"wppaDoAjaxRender(event, 1, &#039;http:\/\/mariacka-lodz.com.pl\/index.php?rest_route=\/wp-photo-album-plus\/endPoint?action=wppa&wppa-action=render&wppa-size=640&occur=1&page_id=128&wppa-fromp=128&lang=pl&cache=1&album=261&cover=0&occur=1&data-alb=261&#039;, &#039;http:\/\/mariacka-lodz.com.pl\/?page_id=128&lang=pl&cache=1&album=f365195e6890a955&cover=0&occur=1&data-alb=261&#039; )\"><div id=\"covertext_frame_261_1\" style=\"width:459px; float:left\" class=\"wppa-text-frame-1 wppa-text-frame wppa-cover-text-frame wppa-asym-text-frame-1\"><h2 style=\"clear:none\" class=\"wppa-title\"><a title=\"View the album Wigilia Paschalna 2022\" style=\"cursor:pointer\" class=\"wppa-title\" onclick=\"wppaDoAjaxRender(event, 1, &#039;http:\/\/mariacka-lodz.com.pl\/index.php?rest_route=\/wp-photo-album-plus\/endPoint?action=wppa&wppa-action=render&wppa-size=640&occur=1&page_id=128&wppa-fromp=128&lang=pl&cache=1&album=261&cover=0&occur=1&data-alb=261&#039;, &#039;http:\/\/mariacka-lodz.com.pl\/?page_id=128&lang=pl&cache=1&album=f365195e6890a955&cover=0&occur=1&data-alb=261&#039; )\">Wigilia Paschalna 2022<\/a><\/h2><div style=\"min-height:54px;\" class=\"wppa-box-text wppa-black wppa-box-text-desc\"><\/div><div class=\"wppa-box-text wppa-black wppa-info wppa-slideshow-browse-link wppa-album-cover-link\"><a title=\"Slideshow\" style=\"cursor:pointer\" class=\"wppa-album-cover-link\" onclick=\"wppaDoAjaxRender(event, 1, &#039;http:\/\/mariacka-lodz.com.pl\/index.php?rest_route=\/wp-photo-album-plus\/endPoint?action=wppa&wppa-action=render&wppa-size=640&occur=1&page_id=128&wppa-fromp=128&lang=pl&cache=1&slide=1&occur=1&album=261&#039;, &#039;http:\/\/mariacka-lodz.com.pl\/?page_id=128&lang=pl&cache=1&slide=1&occur=1&album=f365195e6890a955&#039; )\">Slideshow<\/a><\/div><div class=\"wppa-box-text wppa-black wppa-info wppa-viewlink wppa-album-cover-link\"><a title=\"View the album Wigilia Paschalna 2022\" style=\"cursor:pointer;\" class=\"wppa-album-cover-link\" onclick=\"wppaDoAjaxRender(event, 1, &#039;http:\/\/mariacka-lodz.com.pl\/index.php?rest_route=\/wp-photo-album-plus\/endPoint?action=wppa&wppa-action=render&wppa-size=640&occur=1&page_id=128&wppa-fromp=128&lang=pl&cache=1&album=261&cover=0&occur=1&data-alb=261&#039;, &#039;http:\/\/mariacka-lodz.com.pl\/?page_id=128&lang=pl&cache=1&album=f365195e6890a955&cover=0&occur=1&data-alb=261&#039; )\">View&nbsp;55&nbsp;photos<\/a><\/div><\/div><div id=\"coverphoto_frame_261_1\" style=\"float:right; margin-left:5px;width:160px;\" class=\"coverphoto-frame\"><div title=\" \" style=\"display:inline-block;margin:0 4px;\" onclick=\"wppaStopProp(event)\"><a title=\"View the album Wigilia Paschalna 2022\" style=\"border:0;color:transparent;cursor:pointer;\" target=\"_self\" onclick=\"wppaDoAjaxRender(event, 1, &#039;http:\/\/mariacka-lodz.com.pl\/index.php?rest_route=\/wp-photo-album-plus\/endPoint?action=wppa&wppa-action=render&wppa-size=640&occur=1&page_id=128&wppa-fromp=128&lang=pl&cache=1&album=261&cover=0&occur=1&data-alb=261&#039;, &#039;http:\/\/mariacka-lodz.com.pl\/?page_id=128&lang=pl&cache=1&album=f365195e6890a955&cover=0&occur=1&data-alb=261&#039; )\"><img decoding=\"async\" style=\"border-width:0px;width:150px;height:100px;opacity:0.85;display:inline;\" src=\"http:\/\/mariacka-lodz.com.pl\/wp-content\/uploads\/wppa\/thumbs\/9322.jpg?ver=9\" alt=\"_DSC0303.JPG\" class=\"image wppa-img\" onmouseover=\"jQuery(this).fadeTo(400, 1.0)\" onmouseout=\"jQuery(this).fadeTo(400,0.85)\"><\/a><\/div><\/div><div title=\" \" onclick=\"wppaStopProp(event);\"><\/div><div style=\"clear:both;\"><\/div><\/div><div id=\"album-260-1\" title=\"View the album \u015awi\u0119cenie pokarm\u00f3w 2022\" style=\"width:100%;float:right;cursor:pointer;\" class=\"wppa-album-cover-standard album wppa-box wppa-cover-box wppa-cover-box-1\" onclick=\"wppaDoAjaxRender(event, 1, &#039;http:\/\/mariacka-lodz.com.pl\/index.php?rest_route=\/wp-photo-album-plus\/endPoint?action=wppa&wppa-action=render&wppa-size=640&occur=1&page_id=128&wppa-fromp=128&lang=pl&cache=1&album=260&cover=0&occur=1&data-alb=260&#039;, &#039;http:\/\/mariacka-lodz.com.pl\/?page_id=128&lang=pl&cache=1&album=3a661846339d1abf&cover=0&occur=1&data-alb=260&#039; )\"><div id=\"covertext_frame_260_1\" style=\"width:459px; float:left\" class=\"wppa-text-frame-1 wppa-text-frame wppa-cover-text-frame wppa-asym-text-frame-1\"><h2 style=\"clear:none\" class=\"wppa-title\"><a title=\"View the album \u015awi\u0119cenie pokarm\u00f3w 2022\" style=\"cursor:pointer\" class=\"wppa-title\" onclick=\"wppaDoAjaxRender(event, 1, &#039;http:\/\/mariacka-lodz.com.pl\/index.php?rest_route=\/wp-photo-album-plus\/endPoint?action=wppa&wppa-action=render&wppa-size=640&occur=1&page_id=128&wppa-fromp=128&lang=pl&cache=1&album=260&cover=0&occur=1&data-alb=260&#039;, &#039;http:\/\/mariacka-lodz.com.pl\/?page_id=128&lang=pl&cache=1&album=3a661846339d1abf&cover=0&occur=1&data-alb=260&#039; )\">\u015awi\u0119cenie pokarm\u00f3w 2022<\/a><\/h2><div style=\"min-height:54px;\" class=\"wppa-box-text wppa-black wppa-box-text-desc\"><\/div><div class=\"wppa-box-text wppa-black wppa-info wppa-slideshow-browse-link wppa-album-cover-link\"><a title=\"Slideshow\" style=\"cursor:pointer\" class=\"wppa-album-cover-link\" onclick=\"wppaDoAjaxRender(event, 1, &#039;http:\/\/mariacka-lodz.com.pl\/index.php?rest_route=\/wp-photo-album-plus\/endPoint?action=wppa&wppa-action=render&wppa-size=640&occur=1&page_id=128&wppa-fromp=128&lang=pl&cache=1&slide=1&occur=1&album=260&#039;, &#039;http:\/\/mariacka-lodz.com.pl\/?page_id=128&lang=pl&cache=1&slide=1&occur=1&album=3a661846339d1abf&#039; )\">Slideshow<\/a><\/div><div class=\"wppa-box-text wppa-black wppa-info wppa-viewlink wppa-album-cover-link\"><a title=\"View the album \u015awi\u0119cenie pokarm\u00f3w 2022\" style=\"cursor:pointer;\" class=\"wppa-album-cover-link\" onclick=\"wppaDoAjaxRender(event, 1, &#039;http:\/\/mariacka-lodz.com.pl\/index.php?rest_route=\/wp-photo-album-plus\/endPoint?action=wppa&wppa-action=render&wppa-size=640&occur=1&page_id=128&wppa-fromp=128&lang=pl&cache=1&album=260&cover=0&occur=1&data-alb=260&#039;, &#039;http:\/\/mariacka-lodz.com.pl\/?page_id=128&lang=pl&cache=1&album=3a661846339d1abf&cover=0&occur=1&data-alb=260&#039; )\">View&nbsp;42&nbsp;photos<\/a><\/div><\/div><div id=\"coverphoto_frame_260_1\" style=\"float:right; margin-left:5px;width:160px;\" class=\"coverphoto-frame\"><div title=\" \" style=\"display:inline-block;margin:0 4px;\" onclick=\"wppaStopProp(event)\"><a title=\"View the album \u015awi\u0119cenie pokarm\u00f3w 2022\" style=\"border:0;color:transparent;cursor:pointer;\" target=\"_self\" onclick=\"wppaDoAjaxRender(event, 1, &#039;http:\/\/mariacka-lodz.com.pl\/index.php?rest_route=\/wp-photo-album-plus\/endPoint?action=wppa&wppa-action=render&wppa-size=640&occur=1&page_id=128&wppa-fromp=128&lang=pl&cache=1&album=260&cover=0&occur=1&data-alb=260&#039;, &#039;http:\/\/mariacka-lodz.com.pl\/?page_id=128&lang=pl&cache=1&album=3a661846339d1abf&cover=0&occur=1&data-alb=260&#039; )\"><img decoding=\"async\" style=\"border-width:0px;width:150px;height:100px;opacity:0.85;display:inline;\" src=\"http:\/\/mariacka-lodz.com.pl\/wp-content\/uploads\/wppa\/thumbs\/9280.jpg?ver=9\" alt=\"_DSC0225.JPG\" class=\"image wppa-img\" onmouseover=\"jQuery(this).fadeTo(400, 1.0)\" onmouseout=\"jQuery(this).fadeTo(400,0.85)\"><\/a><\/div><\/div><div title=\" \" onclick=\"wppaStopProp(event);\"><\/div><div style=\"clear:both;\"><\/div><\/div><div id=\"album-259-1\" title=\"View the album Wielki Pi\u0105tek 2022\" style=\"width:100%;float:right;cursor:pointer;\" class=\"wppa-album-cover-standard album wppa-box wppa-cover-box wppa-cover-box-1\" onclick=\"wppaDoAjaxRender(event, 1, &#039;http:\/\/mariacka-lodz.com.pl\/index.php?rest_route=\/wp-photo-album-plus\/endPoint?action=wppa&wppa-action=render&wppa-size=640&occur=1&page_id=128&wppa-fromp=128&lang=pl&cache=1&album=259&cover=0&occur=1&data-alb=259&#039;, &#039;http:\/\/mariacka-lodz.com.pl\/?page_id=128&lang=pl&cache=1&album=fc85245f9840c363&cover=0&occur=1&data-alb=259&#039; )\"><div id=\"covertext_frame_259_1\" style=\"width:459px; float:left\" class=\"wppa-text-frame-1 wppa-text-frame wppa-cover-text-frame wppa-asym-text-frame-1\"><h2 style=\"clear:none\" class=\"wppa-title\"><a title=\"View the album Wielki Pi\u0105tek 2022\" style=\"cursor:pointer\" class=\"wppa-title\" onclick=\"wppaDoAjaxRender(event, 1, &#039;http:\/\/mariacka-lodz.com.pl\/index.php?rest_route=\/wp-photo-album-plus\/endPoint?action=wppa&wppa-action=render&wppa-size=640&occur=1&page_id=128&wppa-fromp=128&lang=pl&cache=1&album=259&cover=0&occur=1&data-alb=259&#039;, &#039;http:\/\/mariacka-lodz.com.pl\/?page_id=128&lang=pl&cache=1&album=fc85245f9840c363&cover=0&occur=1&data-alb=259&#039; )\">Wielki Pi\u0105tek 2022<\/a><\/h2><div style=\"min-height:54px;\" class=\"wppa-box-text wppa-black wppa-box-text-desc\"><\/div><div class=\"wppa-box-text wppa-black wppa-info wppa-slideshow-browse-link wppa-album-cover-link\"><a title=\"Slideshow\" style=\"cursor:pointer\" class=\"wppa-album-cover-link\" onclick=\"wppaDoAjaxRender(event, 1, &#039;http:\/\/mariacka-lodz.com.pl\/index.php?rest_route=\/wp-photo-album-plus\/endPoint?action=wppa&wppa-action=render&wppa-size=640&occur=1&page_id=128&wppa-fromp=128&lang=pl&cache=1&slide=1&occur=1&album=259&#039;, &#039;http:\/\/mariacka-lodz.com.pl\/?page_id=128&lang=pl&cache=1&slide=1&occur=1&album=fc85245f9840c363&#039; )\">Slideshow<\/a><\/div><div class=\"wppa-box-text wppa-black wppa-info wppa-viewlink wppa-album-cover-link\"><a title=\"View the album Wielki Pi\u0105tek 2022\" style=\"cursor:pointer;\" class=\"wppa-album-cover-link\" onclick=\"wppaDoAjaxRender(event, 1, &#039;http:\/\/mariacka-lodz.com.pl\/index.php?rest_route=\/wp-photo-album-plus\/endPoint?action=wppa&wppa-action=render&wppa-size=640&occur=1&page_id=128&wppa-fromp=128&lang=pl&cache=1&album=259&cover=0&occur=1&data-alb=259&#039;, &#039;http:\/\/mariacka-lodz.com.pl\/?page_id=128&lang=pl&cache=1&album=fc85245f9840c363&cover=0&occur=1&data-alb=259&#039; )\">View&nbsp;44&nbsp;photos<\/a><\/div><\/div><div id=\"coverphoto_frame_259_1\" style=\"float:right; margin-left:5px;width:160px;\" class=\"coverphoto-frame\"><div title=\" \" style=\"display:inline-block;margin:0 4px;\" onclick=\"wppaStopProp(event)\"><a title=\"View the album Wielki Pi\u0105tek 2022\" style=\"border:0;color:transparent;cursor:pointer;\" target=\"_self\" onclick=\"wppaDoAjaxRender(event, 1, &#039;http:\/\/mariacka-lodz.com.pl\/index.php?rest_route=\/wp-photo-album-plus\/endPoint?action=wppa&wppa-action=render&wppa-size=640&occur=1&page_id=128&wppa-fromp=128&lang=pl&cache=1&album=259&cover=0&occur=1&data-alb=259&#039;, &#039;http:\/\/mariacka-lodz.com.pl\/?page_id=128&lang=pl&cache=1&album=fc85245f9840c363&cover=0&occur=1&data-alb=259&#039; )\"><img decoding=\"async\" style=\"border-width:0px;width:150px;height:100px;opacity:0.85;display:inline;\" src=\"http:\/\/mariacka-lodz.com.pl\/wp-content\/uploads\/wppa\/thumbs\/9236.jpg?ver=9\" alt=\"_DSC0136.JPG\" class=\"image wppa-img\" onmouseover=\"jQuery(this).fadeTo(400, 1.0)\" onmouseout=\"jQuery(this).fadeTo(400,0.85)\"><\/a><\/div><\/div><div title=\" \" onclick=\"wppaStopProp(event);\"><\/div><div style=\"clear:both;\"><\/div><\/div><div id=\"album-258-1\" title=\"View the album Wielki Czwartek 2022\" style=\"width:100%;float:right;cursor:pointer;\" class=\"wppa-album-cover-standard album wppa-box wppa-cover-box wppa-cover-box-1\" onclick=\"wppaDoAjaxRender(event, 1, &#039;http:\/\/mariacka-lodz.com.pl\/index.php?rest_route=\/wp-photo-album-plus\/endPoint?action=wppa&wppa-action=render&wppa-size=640&occur=1&page_id=128&wppa-fromp=128&lang=pl&cache=1&album=258&cover=0&occur=1&data-alb=258&#039;, &#039;http:\/\/mariacka-lodz.com.pl\/?page_id=128&lang=pl&cache=1&album=0bde3c718a315567&cover=0&occur=1&data-alb=258&#039; )\"><div id=\"covertext_frame_258_1\" style=\"width:459px; float:left\" class=\"wppa-text-frame-1 wppa-text-frame wppa-cover-text-frame wppa-asym-text-frame-1\"><h2 style=\"clear:none\" class=\"wppa-title\"><a title=\"View the album Wielki Czwartek 2022\" style=\"cursor:pointer\" class=\"wppa-title\" onclick=\"wppaDoAjaxRender(event, 1, &#039;http:\/\/mariacka-lodz.com.pl\/index.php?rest_route=\/wp-photo-album-plus\/endPoint?action=wppa&wppa-action=render&wppa-size=640&occur=1&page_id=128&wppa-fromp=128&lang=pl&cache=1&album=258&cover=0&occur=1&data-alb=258&#039;, &#039;http:\/\/mariacka-lodz.com.pl\/?page_id=128&lang=pl&cache=1&album=0bde3c718a315567&cover=0&occur=1&data-alb=258&#039; )\">Wielki Czwartek 2022<\/a><\/h2><div style=\"min-height:54px;\" class=\"wppa-box-text wppa-black wppa-box-text-desc\"><\/div><div class=\"wppa-box-text wppa-black wppa-info wppa-slideshow-browse-link wppa-album-cover-link\"><a title=\"Slideshow\" style=\"cursor:pointer\" class=\"wppa-album-cover-link\" onclick=\"wppaDoAjaxRender(event, 1, &#039;http:\/\/mariacka-lodz.com.pl\/index.php?rest_route=\/wp-photo-album-plus\/endPoint?action=wppa&wppa-action=render&wppa-size=640&occur=1&page_id=128&wppa-fromp=128&lang=pl&cache=1&slide=1&occur=1&album=258&#039;, &#039;http:\/\/mariacka-lodz.com.pl\/?page_id=128&lang=pl&cache=1&slide=1&occur=1&album=0bde3c718a315567&#039; )\">Slideshow<\/a><\/div><div class=\"wppa-box-text wppa-black wppa-info wppa-viewlink wppa-album-cover-link\"><a title=\"View the album Wielki Czwartek 2022\" style=\"cursor:pointer;\" class=\"wppa-album-cover-link\" onclick=\"wppaDoAjaxRender(event, 1, &#039;http:\/\/mariacka-lodz.com.pl\/index.php?rest_route=\/wp-photo-album-plus\/endPoint?action=wppa&wppa-action=render&wppa-size=640&occur=1&page_id=128&wppa-fromp=128&lang=pl&cache=1&album=258&cover=0&occur=1&data-alb=258&#039;, &#039;http:\/\/mariacka-lodz.com.pl\/?page_id=128&lang=pl&cache=1&album=0bde3c718a315567&cover=0&occur=1&data-alb=258&#039; )\">View&nbsp;40&nbsp;photos<\/a><\/div><\/div><div id=\"coverphoto_frame_258_1\" style=\"float:right; margin-left:5px;width:160px;\" class=\"coverphoto-frame\"><div title=\" \" style=\"display:inline-block;margin:0 4px;\" onclick=\"wppaStopProp(event)\"><a title=\"View the album Wielki Czwartek 2022\" style=\"border:0;color:transparent;cursor:pointer;\" target=\"_self\" onclick=\"wppaDoAjaxRender(event, 1, &#039;http:\/\/mariacka-lodz.com.pl\/index.php?rest_route=\/wp-photo-album-plus\/endPoint?action=wppa&wppa-action=render&wppa-size=640&occur=1&page_id=128&wppa-fromp=128&lang=pl&cache=1&album=258&cover=0&occur=1&data-alb=258&#039;, &#039;http:\/\/mariacka-lodz.com.pl\/?page_id=128&lang=pl&cache=1&album=0bde3c718a315567&cover=0&occur=1&data-alb=258&#039; )\"><img decoding=\"async\" style=\"border-width:0px;width:150px;height:100px;opacity:0.85;display:inline;\" src=\"http:\/\/mariacka-lodz.com.pl\/wp-content\/uploads\/wppa\/thumbs\/9196.jpg?ver=9\" alt=\"_DSC0032.JPG\" class=\"image wppa-img\" onmouseover=\"jQuery(this).fadeTo(400, 1.0)\" onmouseout=\"jQuery(this).fadeTo(400,0.85)\"><\/a><\/div><\/div><div title=\" \" onclick=\"wppaStopProp(event);\"><\/div><div style=\"clear:both;\"><\/div><\/div><div id=\"album-256-1\" title=\"View the album Odpust parafialny, 16.11.2021\" style=\"width:100%;float:right;cursor:pointer;\" class=\"wppa-album-cover-standard album wppa-box wppa-cover-box wppa-cover-box-1\" onclick=\"wppaDoAjaxRender(event, 1, &#039;http:\/\/mariacka-lodz.com.pl\/index.php?rest_route=\/wp-photo-album-plus\/endPoint?action=wppa&wppa-action=render&wppa-size=640&occur=1&page_id=128&wppa-fromp=128&lang=pl&cache=1&album=256&cover=0&occur=1&data-alb=256&#039;, &#039;http:\/\/mariacka-lodz.com.pl\/?page_id=128&lang=pl&cache=1&album=dba9458e03655282&cover=0&occur=1&data-alb=256&#039; )\"><div id=\"covertext_frame_256_1\" style=\"width:459px; float:left\" class=\"wppa-text-frame-1 wppa-text-frame wppa-cover-text-frame wppa-asym-text-frame-1\"><h2 style=\"clear:none\" class=\"wppa-title\"><a title=\"View the album Odpust parafialny, 16.11.2021\" style=\"cursor:pointer\" class=\"wppa-title\" onclick=\"wppaDoAjaxRender(event, 1, &#039;http:\/\/mariacka-lodz.com.pl\/index.php?rest_route=\/wp-photo-album-plus\/endPoint?action=wppa&wppa-action=render&wppa-size=640&occur=1&page_id=128&wppa-fromp=128&lang=pl&cache=1&album=256&cover=0&occur=1&data-alb=256&#039;, &#039;http:\/\/mariacka-lodz.com.pl\/?page_id=128&lang=pl&cache=1&album=dba9458e03655282&cover=0&occur=1&data-alb=256&#039; )\">Odpust parafialny, 16.11.2021<\/a><\/h2><div style=\"min-height:54px;\" class=\"wppa-box-text wppa-black wppa-box-text-desc\"><\/div><div class=\"wppa-box-text wppa-black wppa-info wppa-slideshow-browse-link wppa-album-cover-link\"><a title=\"Slideshow\" style=\"cursor:pointer\" class=\"wppa-album-cover-link\" onclick=\"wppaDoAjaxRender(event, 1, &#039;http:\/\/mariacka-lodz.com.pl\/index.php?rest_route=\/wp-photo-album-plus\/endPoint?action=wppa&wppa-action=render&wppa-size=640&occur=1&page_id=128&wppa-fromp=128&lang=pl&cache=1&slide=1&occur=1&album=256&#039;, &#039;http:\/\/mariacka-lodz.com.pl\/?page_id=128&lang=pl&cache=1&slide=1&occur=1&album=dba9458e03655282&#039; )\">Slideshow<\/a><\/div><div class=\"wppa-box-text wppa-black wppa-info wppa-viewlink wppa-album-cover-link\"><a title=\"View the album Odpust parafialny, 16.11.2021\" style=\"cursor:pointer;\" class=\"wppa-album-cover-link\" onclick=\"wppaDoAjaxRender(event, 1, &#039;http:\/\/mariacka-lodz.com.pl\/index.php?rest_route=\/wp-photo-album-plus\/endPoint?action=wppa&wppa-action=render&wppa-size=640&occur=1&page_id=128&wppa-fromp=128&lang=pl&cache=1&album=256&cover=0&occur=1&data-alb=256&#039;, &#039;http:\/\/mariacka-lodz.com.pl\/?page_id=128&lang=pl&cache=1&album=dba9458e03655282&cover=0&occur=1&data-alb=256&#039; )\">View&nbsp;8&nbsp;photos<\/a><\/div><\/div><div id=\"coverphoto_frame_256_1\" style=\"float:right; margin-left:5px;width:123px;\" class=\"coverphoto-frame\"><div title=\" \" style=\"display:inline-block;margin:0 4px;\" onclick=\"wppaStopProp(event)\"><a title=\"View the album Odpust parafialny, 16.11.2021\" style=\"border:0;color:transparent;cursor:pointer;\" target=\"_self\" onclick=\"wppaDoAjaxRender(event, 1, &#039;http:\/\/mariacka-lodz.com.pl\/index.php?rest_route=\/wp-photo-album-plus\/endPoint?action=wppa&wppa-action=render&wppa-size=640&occur=1&page_id=128&wppa-fromp=128&lang=pl&cache=1&album=256&cover=0&occur=1&data-alb=256&#039;, &#039;http:\/\/mariacka-lodz.com.pl\/?page_id=128&lang=pl&cache=1&album=dba9458e03655282&cover=0&occur=1&data-alb=256&#039; )\"><img decoding=\"async\" style=\"border-width:0px;width:113px;height:150px;opacity:0.85;display:inline;\" src=\"http:\/\/mariacka-lodz.com.pl\/wp-content\/uploads\/wppa\/thumbs\/9134.jpg?ver=9\" alt=\"257529198_469664654481035_5636785703980912052_n.jpg\" class=\"image wppa-img\" onmouseover=\"jQuery(this).fadeTo(400, 1.0)\" onmouseout=\"jQuery(this).fadeTo(400,0.85)\"><\/a><\/div><\/div><div title=\" \" onclick=\"wppaStopProp(event);\"><\/div><div style=\"clear:both;\"><\/div><\/div><div id=\"album-255-1\" title=\"View the album Inauguracja Synodu w parafii, 24.10.21\" style=\"width:100%;float:right;cursor:pointer;\" class=\"wppa-album-cover-standard album wppa-box wppa-cover-box wppa-cover-box-1\" onclick=\"wppaDoAjaxRender(event, 1, &#039;http:\/\/mariacka-lodz.com.pl\/index.php?rest_route=\/wp-photo-album-plus\/endPoint?action=wppa&wppa-action=render&wppa-size=640&occur=1&page_id=128&wppa-fromp=128&lang=pl&cache=1&album=255&cover=0&occur=1&data-alb=255&#039;, &#039;http:\/\/mariacka-lodz.com.pl\/?page_id=128&lang=pl&cache=1&album=e385ae3233472952&cover=0&occur=1&data-alb=255&#039; )\"><div id=\"covertext_frame_255_1\" style=\"width:459px; float:left\" class=\"wppa-text-frame-1 wppa-text-frame wppa-cover-text-frame wppa-asym-text-frame-1\"><h2 style=\"clear:none\" class=\"wppa-title\"><a title=\"View the album Inauguracja Synodu w parafii, 24.10.21\" style=\"cursor:pointer\" class=\"wppa-title\" onclick=\"wppaDoAjaxRender(event, 1, &#039;http:\/\/mariacka-lodz.com.pl\/index.php?rest_route=\/wp-photo-album-plus\/endPoint?action=wppa&wppa-action=render&wppa-size=640&occur=1&page_id=128&wppa-fromp=128&lang=pl&cache=1&album=255&cover=0&occur=1&data-alb=255&#039;, &#039;http:\/\/mariacka-lodz.com.pl\/?page_id=128&lang=pl&cache=1&album=e385ae3233472952&cover=0&occur=1&data-alb=255&#039; )\">Inauguracja Synodu w parafii, 24.10.21<\/a><\/h2><div style=\"min-height:54px;\" class=\"wppa-box-text wppa-black wppa-box-text-desc\"><\/div><div class=\"wppa-box-text wppa-black wppa-info wppa-slideshow-browse-link wppa-album-cover-link\"><a title=\"Slideshow\" style=\"cursor:pointer\" class=\"wppa-album-cover-link\" onclick=\"wppaDoAjaxRender(event, 1, &#039;http:\/\/mariacka-lodz.com.pl\/index.php?rest_route=\/wp-photo-album-plus\/endPoint?action=wppa&wppa-action=render&wppa-size=640&occur=1&page_id=128&wppa-fromp=128&lang=pl&cache=1&slide=1&occur=1&album=255&#039;, &#039;http:\/\/mariacka-lodz.com.pl\/?page_id=128&lang=pl&cache=1&slide=1&occur=1&album=e385ae3233472952&#039; )\">Slideshow<\/a><\/div><div class=\"wppa-box-text wppa-black wppa-info wppa-viewlink wppa-album-cover-link\"><a title=\"View the album Inauguracja Synodu w parafii, 24.10.21\" style=\"cursor:pointer;\" class=\"wppa-album-cover-link\" onclick=\"wppaDoAjaxRender(event, 1, &#039;http:\/\/mariacka-lodz.com.pl\/index.php?rest_route=\/wp-photo-album-plus\/endPoint?action=wppa&wppa-action=render&wppa-size=640&occur=1&page_id=128&wppa-fromp=128&lang=pl&cache=1&album=255&cover=0&occur=1&data-alb=255&#039;, &#039;http:\/\/mariacka-lodz.com.pl\/?page_id=128&lang=pl&cache=1&album=e385ae3233472952&cover=0&occur=1&data-alb=255&#039; )\">View&nbsp;15&nbsp;photos<\/a><\/div><\/div><div id=\"coverphoto_frame_255_1\" style=\"float:right; margin-left:5px;width:160px;\" class=\"coverphoto-frame\"><div title=\" \" style=\"display:inline-block;margin:0 4px;\" onclick=\"wppaStopProp(event)\"><a title=\"View the album Inauguracja Synodu w parafii, 24.10.21\" style=\"border:0;color:transparent;cursor:pointer;\" target=\"_self\" onclick=\"wppaDoAjaxRender(event, 1, &#039;http:\/\/mariacka-lodz.com.pl\/index.php?rest_route=\/wp-photo-album-plus\/endPoint?action=wppa&wppa-action=render&wppa-size=640&occur=1&page_id=128&wppa-fromp=128&lang=pl&cache=1&album=255&cover=0&occur=1&data-alb=255&#039;, &#039;http:\/\/mariacka-lodz.com.pl\/?page_id=128&lang=pl&cache=1&album=e385ae3233472952&cover=0&occur=1&data-alb=255&#039; )\"><img decoding=\"async\" style=\"border-width:0px;width:150px;height:100px;opacity:0.85;display:inline;\" src=\"http:\/\/mariacka-lodz.com.pl\/wp-content\/uploads\/wppa\/thumbs\/9128.jpg?ver=9\" alt=\"_DSC0082.JPG\" class=\"image wppa-img\" onmouseover=\"jQuery(this).fadeTo(400, 1.0)\" onmouseout=\"jQuery(this).fadeTo(400,0.85)\"><\/a><\/div><\/div><div title=\" \" onclick=\"wppaStopProp(event);\"><\/div><div style=\"clear:both;\"><\/div><\/div><div id=\"album-254-1\" title=\"View the album Wizytacja kanoniczna, 10.10.2021\" style=\"width:100%;float:right;cursor:pointer;\" class=\"wppa-album-cover-standard album wppa-box wppa-cover-box wppa-cover-box-1\" onclick=\"wppaDoAjaxRender(event, 1, &#039;http:\/\/mariacka-lodz.com.pl\/index.php?rest_route=\/wp-photo-album-plus\/endPoint?action=wppa&wppa-action=render&wppa-size=640&occur=1&page_id=128&wppa-fromp=128&lang=pl&cache=1&album=254&cover=0&occur=1&data-alb=254&#039;, &#039;http:\/\/mariacka-lodz.com.pl\/?page_id=128&lang=pl&cache=1&album=59f272d4e7f97e5b&cover=0&occur=1&data-alb=254&#039; )\"><div id=\"covertext_frame_254_1\" style=\"width:459px; float:left\" class=\"wppa-text-frame-1 wppa-text-frame wppa-cover-text-frame wppa-asym-text-frame-1\"><h2 style=\"clear:none\" class=\"wppa-title\"><a title=\"View the album Wizytacja kanoniczna, 10.10.2021\" style=\"cursor:pointer\" class=\"wppa-title\" onclick=\"wppaDoAjaxRender(event, 1, &#039;http:\/\/mariacka-lodz.com.pl\/index.php?rest_route=\/wp-photo-album-plus\/endPoint?action=wppa&wppa-action=render&wppa-size=640&occur=1&page_id=128&wppa-fromp=128&lang=pl&cache=1&album=254&cover=0&occur=1&data-alb=254&#039;, &#039;http:\/\/mariacka-lodz.com.pl\/?page_id=128&lang=pl&cache=1&album=59f272d4e7f97e5b&cover=0&occur=1&data-alb=254&#039; )\">Wizytacja kanoniczna, 10.10.2021<\/a><\/h2><div style=\"min-height:54px;\" class=\"wppa-box-text wppa-black wppa-box-text-desc\"><\/div><div class=\"wppa-box-text wppa-black wppa-info wppa-slideshow-browse-link wppa-album-cover-link\"><a title=\"Slideshow\" style=\"cursor:pointer\" class=\"wppa-album-cover-link\" onclick=\"wppaDoAjaxRender(event, 1, &#039;http:\/\/mariacka-lodz.com.pl\/index.php?rest_route=\/wp-photo-album-plus\/endPoint?action=wppa&wppa-action=render&wppa-size=640&occur=1&page_id=128&wppa-fromp=128&lang=pl&cache=1&slide=1&occur=1&album=254&#039;, &#039;http:\/\/mariacka-lodz.com.pl\/?page_id=128&lang=pl&cache=1&slide=1&occur=1&album=59f272d4e7f97e5b&#039; )\">Slideshow<\/a><\/div><div class=\"wppa-box-text wppa-black wppa-info wppa-viewlink wppa-album-cover-link\"><a title=\"View the album Wizytacja kanoniczna, 10.10.2021\" style=\"cursor:pointer;\" class=\"wppa-album-cover-link\" onclick=\"wppaDoAjaxRender(event, 1, &#039;http:\/\/mariacka-lodz.com.pl\/index.php?rest_route=\/wp-photo-album-plus\/endPoint?action=wppa&wppa-action=render&wppa-size=640&occur=1&page_id=128&wppa-fromp=128&lang=pl&cache=1&album=254&cover=0&occur=1&data-alb=254&#039;, &#039;http:\/\/mariacka-lodz.com.pl\/?page_id=128&lang=pl&cache=1&album=59f272d4e7f97e5b&cover=0&occur=1&data-alb=254&#039; )\">View&nbsp;27&nbsp;photos<\/a><\/div><\/div><div id=\"coverphoto_frame_254_1\" style=\"float:right; margin-left:5px;width:160px;\" class=\"coverphoto-frame\"><div title=\" \" style=\"display:inline-block;margin:0 4px;\" onclick=\"wppaStopProp(event)\"><a title=\"View the album Wizytacja kanoniczna, 10.10.2021\" style=\"border:0;color:transparent;cursor:pointer;\" target=\"_self\" onclick=\"wppaDoAjaxRender(event, 1, &#039;http:\/\/mariacka-lodz.com.pl\/index.php?rest_route=\/wp-photo-album-plus\/endPoint?action=wppa&wppa-action=render&wppa-size=640&occur=1&page_id=128&wppa-fromp=128&lang=pl&cache=1&album=254&cover=0&occur=1&data-alb=254&#039;, &#039;http:\/\/mariacka-lodz.com.pl\/?page_id=128&lang=pl&cache=1&album=59f272d4e7f97e5b&cover=0&occur=1&data-alb=254&#039; )\"><img decoding=\"async\" style=\"border-width:0px;width:150px;height:100px;opacity:0.85;display:inline;\" src=\"http:\/\/mariacka-lodz.com.pl\/wp-content\/uploads\/wppa\/thumbs\/9106.jpg?ver=9\" alt=\"_DSC0153.JPG\" class=\"image wppa-img\" onmouseover=\"jQuery(this).fadeTo(400, 1.0)\" onmouseout=\"jQuery(this).fadeTo(400,0.85)\"><\/a><\/div><\/div><div title=\" \" onclick=\"wppaStopProp(event);\"><\/div><div style=\"clear:both;\"><\/div><\/div><div id=\"album-253-1\" title=\"View the album Rekolekcje misyjne\" style=\"width:100%;float:right;cursor:pointer;\" class=\"wppa-album-cover-standard album wppa-box wppa-cover-box wppa-cover-box-1\" onclick=\"wppaDoAjaxRender(event, 1, &#039;http:\/\/mariacka-lodz.com.pl\/index.php?rest_route=\/wp-photo-album-plus\/endPoint?action=wppa&wppa-action=render&wppa-size=640&occur=1&page_id=128&wppa-fromp=128&lang=pl&cache=1&album=253&cover=0&occur=1&data-alb=253&#039;, &#039;http:\/\/mariacka-lodz.com.pl\/?page_id=128&lang=pl&cache=1&album=6c7ac14afd8f3bc4&cover=0&occur=1&data-alb=253&#039; )\"><div id=\"covertext_frame_253_1\" style=\"width:459px; float:left\" class=\"wppa-text-frame-1 wppa-text-frame wppa-cover-text-frame wppa-asym-text-frame-1\"><h2 style=\"clear:none\" class=\"wppa-title\"><a title=\"View the album Rekolekcje misyjne\" style=\"cursor:pointer\" class=\"wppa-title\" onclick=\"wppaDoAjaxRender(event, 1, &#039;http:\/\/mariacka-lodz.com.pl\/index.php?rest_route=\/wp-photo-album-plus\/endPoint?action=wppa&wppa-action=render&wppa-size=640&occur=1&page_id=128&wppa-fromp=128&lang=pl&cache=1&album=253&cover=0&occur=1&data-alb=253&#039;, &#039;http:\/\/mariacka-lodz.com.pl\/?page_id=128&lang=pl&cache=1&album=6c7ac14afd8f3bc4&cover=0&occur=1&data-alb=253&#039; )\">Rekolekcje misyjne<\/a><\/h2><div style=\"min-height:54px;\" class=\"wppa-box-text wppa-black wppa-box-text-desc\"><\/div><div class=\"wppa-box-text wppa-black wppa-info wppa-slideshow-browse-link wppa-album-cover-link\"><a title=\"Slideshow\" style=\"cursor:pointer\" class=\"wppa-album-cover-link\" onclick=\"wppaDoAjaxRender(event, 1, &#039;http:\/\/mariacka-lodz.com.pl\/index.php?rest_route=\/wp-photo-album-plus\/endPoint?action=wppa&wppa-action=render&wppa-size=640&occur=1&page_id=128&wppa-fromp=128&lang=pl&cache=1&slide=1&occur=1&album=253&#039;, &#039;http:\/\/mariacka-lodz.com.pl\/?page_id=128&lang=pl&cache=1&slide=1&occur=1&album=6c7ac14afd8f3bc4&#039; )\">Slideshow<\/a><\/div><div class=\"wppa-box-text wppa-black wppa-info wppa-viewlink wppa-album-cover-link\"><a title=\"View the album Rekolekcje misyjne\" style=\"cursor:pointer;\" class=\"wppa-album-cover-link\" onclick=\"wppaDoAjaxRender(event, 1, &#039;http:\/\/mariacka-lodz.com.pl\/index.php?rest_route=\/wp-photo-album-plus\/endPoint?action=wppa&wppa-action=render&wppa-size=640&occur=1&page_id=128&wppa-fromp=128&lang=pl&cache=1&album=253&cover=0&occur=1&data-alb=253&#039;, &#039;http:\/\/mariacka-lodz.com.pl\/?page_id=128&lang=pl&cache=1&album=6c7ac14afd8f3bc4&cover=0&occur=1&data-alb=253&#039; )\">View&nbsp;39&nbsp;photos<\/a><\/div><\/div><div id=\"coverphoto_frame_253_1\" style=\"float:right; margin-left:5px;width:160px;\" class=\"coverphoto-frame\"><div title=\" \" style=\"display:inline-block;margin:0 4px;\" onclick=\"wppaStopProp(event)\"><a title=\"View the album Rekolekcje misyjne\" style=\"border:0;color:transparent;cursor:pointer;\" target=\"_self\" onclick=\"wppaDoAjaxRender(event, 1, &#039;http:\/\/mariacka-lodz.com.pl\/index.php?rest_route=\/wp-photo-album-plus\/endPoint?action=wppa&wppa-action=render&wppa-size=640&occur=1&page_id=128&wppa-fromp=128&lang=pl&cache=1&album=253&cover=0&occur=1&data-alb=253&#039;, &#039;http:\/\/mariacka-lodz.com.pl\/?page_id=128&lang=pl&cache=1&album=6c7ac14afd8f3bc4&cover=0&occur=1&data-alb=253&#039; )\"><img decoding=\"async\" style=\"border-width:0px;width:150px;height:100px;opacity:0.85;display:inline;\" src=\"http:\/\/mariacka-lodz.com.pl\/wp-content\/uploads\/wppa\/thumbs\/9066.jpg?ver=9\" alt=\"_DSC0079.JPG\" class=\"image wppa-img\" onmouseover=\"jQuery(this).fadeTo(400, 1.0)\" onmouseout=\"jQuery(this).fadeTo(400,0.85)\"><\/a><\/div><\/div><div title=\" \" onclick=\"wppaStopProp(event);\"><\/div><div style=\"clear:both;\"><\/div><\/div><div id=\"album-252-1\" title=\"View the album Bp Ireneusz P\u0119kalski - Uroczysto\u015b\u0107 Objawienia Pa\u0144skiego 2021\" style=\"width:100%;float:right;cursor:pointer;\" class=\"wppa-album-cover-standard album wppa-box wppa-cover-box wppa-cover-box-1\" onclick=\"wppaDoAjaxRender(event, 1, &#039;http:\/\/mariacka-lodz.com.pl\/index.php?rest_route=\/wp-photo-album-plus\/endPoint?action=wppa&wppa-action=render&wppa-size=640&occur=1&page_id=128&wppa-fromp=128&lang=pl&cache=1&album=252&cover=0&occur=1&data-alb=252&#039;, &#039;http:\/\/mariacka-lodz.com.pl\/?page_id=128&lang=pl&cache=1&album=38ba979887fb4259&cover=0&occur=1&data-alb=252&#039; )\"><div id=\"covertext_frame_252_1\" style=\"width:459px; float:left\" class=\"wppa-text-frame-1 wppa-text-frame wppa-cover-text-frame wppa-asym-text-frame-1\"><h2 style=\"clear:none\" class=\"wppa-title\"><a title=\"View the album Bp Ireneusz P\u0119kalski - Uroczysto\u015b\u0107 Objawienia Pa\u0144skiego 2021\" style=\"cursor:pointer\" class=\"wppa-title\" onclick=\"wppaDoAjaxRender(event, 1, &#039;http:\/\/mariacka-lodz.com.pl\/index.php?rest_route=\/wp-photo-album-plus\/endPoint?action=wppa&wppa-action=render&wppa-size=640&occur=1&page_id=128&wppa-fromp=128&lang=pl&cache=1&album=252&cover=0&occur=1&data-alb=252&#039;, &#039;http:\/\/mariacka-lodz.com.pl\/?page_id=128&lang=pl&cache=1&album=38ba979887fb4259&cover=0&occur=1&data-alb=252&#039; )\">Bp Ireneusz P\u0119kalski - Uroczysto\u015b\u0107 Objawienia Pa\u0144skiego 2021<\/a><\/h2><div style=\"min-height:54px;\" class=\"wppa-box-text wppa-black wppa-box-text-desc\"><\/div><div class=\"wppa-box-text wppa-black wppa-info wppa-slideshow-browse-link wppa-album-cover-link\"><a title=\"Slideshow\" style=\"cursor:pointer\" class=\"wppa-album-cover-link\" onclick=\"wppaDoAjaxRender(event, 1, &#039;http:\/\/mariacka-lodz.com.pl\/index.php?rest_route=\/wp-photo-album-plus\/endPoint?action=wppa&wppa-action=render&wppa-size=640&occur=1&page_id=128&wppa-fromp=128&lang=pl&cache=1&slide=1&occur=1&album=252&#039;, &#039;http:\/\/mariacka-lodz.com.pl\/?page_id=128&lang=pl&cache=1&slide=1&occur=1&album=38ba979887fb4259&#039; )\">Slideshow<\/a><\/div><div class=\"wppa-box-text wppa-black wppa-info wppa-viewlink wppa-album-cover-link\"><a title=\"View the album Bp Ireneusz P\u0119kalski - Uroczysto\u015b\u0107 Objawienia Pa\u0144skiego 2021\" style=\"cursor:pointer;\" class=\"wppa-album-cover-link\" onclick=\"wppaDoAjaxRender(event, 1, &#039;http:\/\/mariacka-lodz.com.pl\/index.php?rest_route=\/wp-photo-album-plus\/endPoint?action=wppa&wppa-action=render&wppa-size=640&occur=1&page_id=128&wppa-fromp=128&lang=pl&cache=1&album=252&cover=0&occur=1&data-alb=252&#039;, &#039;http:\/\/mariacka-lodz.com.pl\/?page_id=128&lang=pl&cache=1&album=38ba979887fb4259&cover=0&occur=1&data-alb=252&#039; )\">View&nbsp;13&nbsp;photos<\/a><\/div><\/div><div id=\"coverphoto_frame_252_1\" style=\"float:right; margin-left:5px;width:160px;\" class=\"coverphoto-frame\"><div title=\" \" style=\"display:inline-block;margin:0 4px;\" onclick=\"wppaStopProp(event)\"><a title=\"View the album Bp Ireneusz P\u0119kalski - Uroczysto\u015b\u0107 Objawienia Pa\u0144skiego 2021\" style=\"border:0;color:transparent;cursor:pointer;\" target=\"_self\" onclick=\"wppaDoAjaxRender(event, 1, &#039;http:\/\/mariacka-lodz.com.pl\/index.php?rest_route=\/wp-photo-album-plus\/endPoint?action=wppa&wppa-action=render&wppa-size=640&occur=1&page_id=128&wppa-fromp=128&lang=pl&cache=1&album=252&cover=0&occur=1&data-alb=252&#039;, &#039;http:\/\/mariacka-lodz.com.pl\/?page_id=128&lang=pl&cache=1&album=38ba979887fb4259&cover=0&occur=1&data-alb=252&#039; )\"><img decoding=\"async\" style=\"border-width:0px;width:150px;height:100px;opacity:0.85;display:inline;\" src=\"http:\/\/mariacka-lodz.com.pl\/wp-content\/uploads\/wppa\/thumbs\/9047.jpg?ver=9\" alt=\"_DSC0243.JPG\" class=\"image wppa-img\" onmouseover=\"jQuery(this).fadeTo(400, 1.0)\" onmouseout=\"jQuery(this).fadeTo(400,0.85)\"><\/a><\/div><\/div><div title=\" \" onclick=\"wppaStopProp(event);\"><\/div><div style=\"clear:both;\"><\/div><\/div><div id=\"album-251-1\" title=\"View the album Ko\u015bci\u00f3\u0142 Jubileuszowy\" style=\"width:100%;float:right;cursor:pointer;\" class=\"wppa-album-cover-standard album wppa-box wppa-cover-box wppa-cover-box-1\" onclick=\"wppaDoAjaxRender(event, 1, &#039;http:\/\/mariacka-lodz.com.pl\/index.php?rest_route=\/wp-photo-album-plus\/endPoint?action=wppa&wppa-action=render&wppa-size=640&occur=1&page_id=128&wppa-fromp=128&lang=pl&cache=1&album=251&cover=0&occur=1&data-alb=251&#039;, &#039;http:\/\/mariacka-lodz.com.pl\/?page_id=128&lang=pl&cache=1&album=09a148c292434068&cover=0&occur=1&data-alb=251&#039; )\"><div id=\"covertext_frame_251_1\" style=\"width:459px; float:left\" class=\"wppa-text-frame-1 wppa-text-frame wppa-cover-text-frame wppa-asym-text-frame-1\"><h2 style=\"clear:none\" class=\"wppa-title\"><a title=\"View the album Ko\u015bci\u00f3\u0142 Jubileuszowy\" style=\"cursor:pointer\" class=\"wppa-title\" onclick=\"wppaDoAjaxRender(event, 1, &#039;http:\/\/mariacka-lodz.com.pl\/index.php?rest_route=\/wp-photo-album-plus\/endPoint?action=wppa&wppa-action=render&wppa-size=640&occur=1&page_id=128&wppa-fromp=128&lang=pl&cache=1&album=251&cover=0&occur=1&data-alb=251&#039;, &#039;http:\/\/mariacka-lodz.com.pl\/?page_id=128&lang=pl&cache=1&album=09a148c292434068&cover=0&occur=1&data-alb=251&#039; )\">Ko\u015bci\u00f3\u0142 Jubileuszowy<\/a><\/h2><div style=\"min-height:54px;\" class=\"wppa-box-text wppa-black wppa-box-text-desc\"><\/div><div class=\"wppa-box-text wppa-black wppa-info wppa-slideshow-browse-link wppa-album-cover-link\"><a title=\"Slideshow\" style=\"cursor:pointer\" class=\"wppa-album-cover-link\" onclick=\"wppaDoAjaxRender(event, 1, &#039;http:\/\/mariacka-lodz.com.pl\/index.php?rest_route=\/wp-photo-album-plus\/endPoint?action=wppa&wppa-action=render&wppa-size=640&occur=1&page_id=128&wppa-fromp=128&lang=pl&cache=1&slide=1&occur=1&album=251&#039;, &#039;http:\/\/mariacka-lodz.com.pl\/?page_id=128&lang=pl&cache=1&slide=1&occur=1&album=09a148c292434068&#039; )\">Slideshow<\/a><\/div><div class=\"wppa-box-text wppa-black wppa-info wppa-viewlink wppa-album-cover-link\"><a title=\"View the album Ko\u015bci\u00f3\u0142 Jubileuszowy\" style=\"cursor:pointer;\" class=\"wppa-album-cover-link\" onclick=\"wppaDoAjaxRender(event, 1, &#039;http:\/\/mariacka-lodz.com.pl\/index.php?rest_route=\/wp-photo-album-plus\/endPoint?action=wppa&wppa-action=render&wppa-size=640&occur=1&page_id=128&wppa-fromp=128&lang=pl&cache=1&album=251&cover=0&occur=1&data-alb=251&#039;, &#039;http:\/\/mariacka-lodz.com.pl\/?page_id=128&lang=pl&cache=1&album=09a148c292434068&cover=0&occur=1&data-alb=251&#039; )\">View&nbsp;31&nbsp;photos<\/a><\/div><\/div><div id=\"coverphoto_frame_251_1\" style=\"float:right; margin-left:5px;width:160px;\" class=\"coverphoto-frame\"><div title=\" \" style=\"display:inline-block;margin:0 4px;\" onclick=\"wppaStopProp(event)\"><a title=\"View the album Ko\u015bci\u00f3\u0142 Jubileuszowy\" style=\"border:0;color:transparent;cursor:pointer;\" target=\"_self\" onclick=\"wppaDoAjaxRender(event, 1, &#039;http:\/\/mariacka-lodz.com.pl\/index.php?rest_route=\/wp-photo-album-plus\/endPoint?action=wppa&wppa-action=render&wppa-size=640&occur=1&page_id=128&wppa-fromp=128&lang=pl&cache=1&album=251&cover=0&occur=1&data-alb=251&#039;, &#039;http:\/\/mariacka-lodz.com.pl\/?page_id=128&lang=pl&cache=1&album=09a148c292434068&cover=0&occur=1&data-alb=251&#039; )\"><img decoding=\"async\" style=\"border-width:0px;width:150px;height:100px;opacity:0.85;display:inline;\" src=\"http:\/\/mariacka-lodz.com.pl\/wp-content\/uploads\/wppa\/thumbs\/9022.jpg?ver=9\" alt=\"_DSC0175.JPG\" class=\"image wppa-img\" onmouseover=\"jQuery(this).fadeTo(400, 1.0)\" onmouseout=\"jQuery(this).fadeTo(400,0.85)\"><\/a><\/div><\/div><div title=\" \" onclick=\"wppaStopProp(event);\"><\/div><div style=\"clear:both;\"><\/div><\/div><div id=\"album-250-1\" title=\"View the album Msza \u015bw. imieninowa JE ks. bp Ireneusza\" style=\"width:100%;float:right;cursor:pointer;\" class=\"wppa-album-cover-standard album wppa-box wppa-cover-box wppa-cover-box-1\" onclick=\"wppaDoAjaxRender(event, 1, &#039;http:\/\/mariacka-lodz.com.pl\/index.php?rest_route=\/wp-photo-album-plus\/endPoint?action=wppa&wppa-action=render&wppa-size=640&occur=1&page_id=128&wppa-fromp=128&lang=pl&cache=1&album=250&cover=0&occur=1&data-alb=250&#039;, &#039;http:\/\/mariacka-lodz.com.pl\/?page_id=128&lang=pl&cache=1&album=cc997bb4a5a62be9&cover=0&occur=1&data-alb=250&#039; )\"><div id=\"covertext_frame_250_1\" style=\"width:459px; float:left\" class=\"wppa-text-frame-1 wppa-text-frame wppa-cover-text-frame wppa-asym-text-frame-1\"><h2 style=\"clear:none\" class=\"wppa-title\"><a title=\"View the album Msza \u015bw. imieninowa JE ks. bp Ireneusza\" style=\"cursor:pointer\" class=\"wppa-title\" onclick=\"wppaDoAjaxRender(event, 1, &#039;http:\/\/mariacka-lodz.com.pl\/index.php?rest_route=\/wp-photo-album-plus\/endPoint?action=wppa&wppa-action=render&wppa-size=640&occur=1&page_id=128&wppa-fromp=128&lang=pl&cache=1&album=250&cover=0&occur=1&data-alb=250&#039;, &#039;http:\/\/mariacka-lodz.com.pl\/?page_id=128&lang=pl&cache=1&album=cc997bb4a5a62be9&cover=0&occur=1&data-alb=250&#039; )\">Msza \u015bw. imieninowa JE ks. bp Ireneusza<\/a><\/h2><div style=\"min-height:54px;\" class=\"wppa-box-text wppa-black wppa-box-text-desc\"><\/div><div class=\"wppa-box-text wppa-black wppa-info wppa-slideshow-browse-link wppa-album-cover-link\"><a title=\"Slideshow\" style=\"cursor:pointer\" class=\"wppa-album-cover-link\" onclick=\"wppaDoAjaxRender(event, 1, &#039;http:\/\/mariacka-lodz.com.pl\/index.php?rest_route=\/wp-photo-album-plus\/endPoint?action=wppa&wppa-action=render&wppa-size=640&occur=1&page_id=128&wppa-fromp=128&lang=pl&cache=1&slide=1&occur=1&album=250&#039;, &#039;http:\/\/mariacka-lodz.com.pl\/?page_id=128&lang=pl&cache=1&slide=1&occur=1&album=cc997bb4a5a62be9&#039; )\">Slideshow<\/a><\/div><div class=\"wppa-box-text wppa-black wppa-info wppa-viewlink wppa-album-cover-link\"><a title=\"View the album Msza \u015bw. imieninowa JE ks. bp Ireneusza\" style=\"cursor:pointer;\" class=\"wppa-album-cover-link\" onclick=\"wppaDoAjaxRender(event, 1, &#039;http:\/\/mariacka-lodz.com.pl\/index.php?rest_route=\/wp-photo-album-plus\/endPoint?action=wppa&wppa-action=render&wppa-size=640&occur=1&page_id=128&wppa-fromp=128&lang=pl&cache=1&album=250&cover=0&occur=1&data-alb=250&#039;, &#039;http:\/\/mariacka-lodz.com.pl\/?page_id=128&lang=pl&cache=1&album=cc997bb4a5a62be9&cover=0&occur=1&data-alb=250&#039; )\">View&nbsp;20&nbsp;photos<\/a><\/div><\/div><div id=\"coverphoto_frame_250_1\" style=\"float:right; margin-left:5px;width:160px;\" class=\"coverphoto-frame\"><div title=\" \" style=\"display:inline-block;margin:0 4px;\" onclick=\"wppaStopProp(event)\"><a title=\"View the album Msza \u015bw. imieninowa JE ks. bp Ireneusza\" style=\"border:0;color:transparent;cursor:pointer;\" target=\"_self\" onclick=\"wppaDoAjaxRender(event, 1, &#039;http:\/\/mariacka-lodz.com.pl\/index.php?rest_route=\/wp-photo-album-plus\/endPoint?action=wppa&wppa-action=render&wppa-size=640&occur=1&page_id=128&wppa-fromp=128&lang=pl&cache=1&album=250&cover=0&occur=1&data-alb=250&#039;, &#039;http:\/\/mariacka-lodz.com.pl\/?page_id=128&lang=pl&cache=1&album=cc997bb4a5a62be9&cover=0&occur=1&data-alb=250&#039; )\"><img decoding=\"async\" style=\"border-width:0px;width:150px;height:100px;opacity:0.85;display:inline;\" src=\"http:\/\/mariacka-lodz.com.pl\/wp-content\/uploads\/wppa\/thumbs\/9002.jpg?ver=9\" alt=\"_DSC0997.JPG\" class=\"image wppa-img\" onmouseover=\"jQuery(this).fadeTo(400, 1.0)\" onmouseout=\"jQuery(this).fadeTo(400,0.85)\"><\/a><\/div><\/div><div title=\" \" onclick=\"wppaStopProp(event);\"><\/div><div style=\"clear:both;\"><\/div><\/div><div id=\"album-249-1\" title=\"View the album Msza \u015bw. i modlitwa za wstawiennictwem \u015bw. Ojca Pio i \u015bw. Rity\" style=\"width:100%;float:right;cursor:pointer;\" class=\"wppa-album-cover-standard album wppa-box wppa-cover-box wppa-cover-box-1\" onclick=\"wppaDoAjaxRender(event, 1, &#039;http:\/\/mariacka-lodz.com.pl\/index.php?rest_route=\/wp-photo-album-plus\/endPoint?action=wppa&wppa-action=render&wppa-size=640&occur=1&page_id=128&wppa-fromp=128&lang=pl&cache=1&album=249&cover=0&occur=1&data-alb=249&#039;, &#039;http:\/\/mariacka-lodz.com.pl\/?page_id=128&lang=pl&cache=1&album=42aa1945ec14375a&cover=0&occur=1&data-alb=249&#039; )\"><div id=\"covertext_frame_249_1\" style=\"width:459px; float:left\" class=\"wppa-text-frame-1 wppa-text-frame wppa-cover-text-frame wppa-asym-text-frame-1\"><h2 style=\"clear:none\" class=\"wppa-title\"><a title=\"View the album Msza \u015bw. i modlitwa za wstawiennictwem \u015bw. Ojca Pio i \u015bw. Rity\" style=\"cursor:pointer\" class=\"wppa-title\" onclick=\"wppaDoAjaxRender(event, 1, &#039;http:\/\/mariacka-lodz.com.pl\/index.php?rest_route=\/wp-photo-album-plus\/endPoint?action=wppa&wppa-action=render&wppa-size=640&occur=1&page_id=128&wppa-fromp=128&lang=pl&cache=1&album=249&cover=0&occur=1&data-alb=249&#039;, &#039;http:\/\/mariacka-lodz.com.pl\/?page_id=128&lang=pl&cache=1&album=42aa1945ec14375a&cover=0&occur=1&data-alb=249&#039; )\">Msza \u015bw. i modlitwa za wstawiennictwem \u015bw. Ojca Pio i \u015bw. Rity<\/a><\/h2><div style=\"min-height:54px;\" class=\"wppa-box-text wppa-black wppa-box-text-desc\"><\/div><div class=\"wppa-box-text wppa-black wppa-info wppa-slideshow-browse-link wppa-album-cover-link\"><a title=\"Slideshow\" style=\"cursor:pointer\" class=\"wppa-album-cover-link\" onclick=\"wppaDoAjaxRender(event, 1, &#039;http:\/\/mariacka-lodz.com.pl\/index.php?rest_route=\/wp-photo-album-plus\/endPoint?action=wppa&wppa-action=render&wppa-size=640&occur=1&page_id=128&wppa-fromp=128&lang=pl&cache=1&slide=1&occur=1&album=249&#039;, &#039;http:\/\/mariacka-lodz.com.pl\/?page_id=128&lang=pl&cache=1&slide=1&occur=1&album=42aa1945ec14375a&#039; )\">Slideshow<\/a><\/div><div class=\"wppa-box-text wppa-black wppa-info wppa-viewlink wppa-album-cover-link\"><a title=\"View the album Msza \u015bw. i modlitwa za wstawiennictwem \u015bw. Ojca Pio i \u015bw. Rity\" style=\"cursor:pointer;\" class=\"wppa-album-cover-link\" onclick=\"wppaDoAjaxRender(event, 1, &#039;http:\/\/mariacka-lodz.com.pl\/index.php?rest_route=\/wp-photo-album-plus\/endPoint?action=wppa&wppa-action=render&wppa-size=640&occur=1&page_id=128&wppa-fromp=128&lang=pl&cache=1&album=249&cover=0&occur=1&data-alb=249&#039;, &#039;http:\/\/mariacka-lodz.com.pl\/?page_id=128&lang=pl&cache=1&album=42aa1945ec14375a&cover=0&occur=1&data-alb=249&#039; )\">View&nbsp;48&nbsp;photos<\/a><\/div><\/div><div id=\"coverphoto_frame_249_1\" style=\"float:right; margin-left:5px;width:160px;\" class=\"coverphoto-frame\"><div title=\" \" style=\"display:inline-block;margin:0 4px;\" onclick=\"wppaStopProp(event)\"><a title=\"View the album Msza \u015bw. i modlitwa za wstawiennictwem \u015bw. Ojca Pio i \u015bw. Rity\" style=\"border:0;color:transparent;cursor:pointer;\" target=\"_self\" onclick=\"wppaDoAjaxRender(event, 1, &#039;http:\/\/mariacka-lodz.com.pl\/index.php?rest_route=\/wp-photo-album-plus\/endPoint?action=wppa&wppa-action=render&wppa-size=640&occur=1&page_id=128&wppa-fromp=128&lang=pl&cache=1&album=249&cover=0&occur=1&data-alb=249&#039;, &#039;http:\/\/mariacka-lodz.com.pl\/?page_id=128&lang=pl&cache=1&album=42aa1945ec14375a&cover=0&occur=1&data-alb=249&#039; )\"><img decoding=\"async\" style=\"border-width:0px;width:150px;height:100px;opacity:0.85;display:inline;\" src=\"http:\/\/mariacka-lodz.com.pl\/wp-content\/uploads\/wppa\/thumbs\/8954.jpg?ver=9\" alt=\"DSC_0563.JPG\" class=\"image wppa-img\" onmouseover=\"jQuery(this).fadeTo(400, 1.0)\" onmouseout=\"jQuery(this).fadeTo(400,0.85)\"><\/a><\/div><\/div><div title=\" \" onclick=\"wppaStopProp(event);\"><\/div><div style=\"clear:both;\"><\/div><\/div><div id=\"album-248-1\" title=\"View the album Pasterka 2019\" style=\"width:100%;float:right;cursor:pointer;\" class=\"wppa-album-cover-standard album wppa-box wppa-cover-box wppa-cover-box-1\" onclick=\"wppaDoAjaxRender(event, 1, &#039;http:\/\/mariacka-lodz.com.pl\/index.php?rest_route=\/wp-photo-album-plus\/endPoint?action=wppa&wppa-action=render&wppa-size=640&occur=1&page_id=128&wppa-fromp=128&lang=pl&cache=1&album=248&cover=0&occur=1&data-alb=248&#039;, &#039;http:\/\/mariacka-lodz.com.pl\/?page_id=128&lang=pl&cache=1&album=7a5ff2eeca51f438&cover=0&occur=1&data-alb=248&#039; )\"><div id=\"covertext_frame_248_1\" style=\"width:459px; float:left\" class=\"wppa-text-frame-1 wppa-text-frame wppa-cover-text-frame wppa-asym-text-frame-1\"><h2 style=\"clear:none\" class=\"wppa-title\"><a title=\"View the album Pasterka 2019\" style=\"cursor:pointer\" class=\"wppa-title\" onclick=\"wppaDoAjaxRender(event, 1, &#039;http:\/\/mariacka-lodz.com.pl\/index.php?rest_route=\/wp-photo-album-plus\/endPoint?action=wppa&wppa-action=render&wppa-size=640&occur=1&page_id=128&wppa-fromp=128&lang=pl&cache=1&album=248&cover=0&occur=1&data-alb=248&#039;, &#039;http:\/\/mariacka-lodz.com.pl\/?page_id=128&lang=pl&cache=1&album=7a5ff2eeca51f438&cover=0&occur=1&data-alb=248&#039; )\">Pasterka 2019<\/a><\/h2><div style=\"min-height:54px;\" class=\"wppa-box-text wppa-black wppa-box-text-desc\"><\/div><div class=\"wppa-box-text wppa-black wppa-info wppa-slideshow-browse-link wppa-album-cover-link\"><a title=\"Slideshow\" style=\"cursor:pointer\" class=\"wppa-album-cover-link\" onclick=\"wppaDoAjaxRender(event, 1, &#039;http:\/\/mariacka-lodz.com.pl\/index.php?rest_route=\/wp-photo-album-plus\/endPoint?action=wppa&wppa-action=render&wppa-size=640&occur=1&page_id=128&wppa-fromp=128&lang=pl&cache=1&slide=1&occur=1&album=248&#039;, &#039;http:\/\/mariacka-lodz.com.pl\/?page_id=128&lang=pl&cache=1&slide=1&occur=1&album=7a5ff2eeca51f438&#039; )\">Slideshow<\/a><\/div><div class=\"wppa-box-text wppa-black wppa-info wppa-viewlink wppa-album-cover-link\"><a title=\"View the album Pasterka 2019\" style=\"cursor:pointer;\" class=\"wppa-album-cover-link\" onclick=\"wppaDoAjaxRender(event, 1, &#039;http:\/\/mariacka-lodz.com.pl\/index.php?rest_route=\/wp-photo-album-plus\/endPoint?action=wppa&wppa-action=render&wppa-size=640&occur=1&page_id=128&wppa-fromp=128&lang=pl&cache=1&album=248&cover=0&occur=1&data-alb=248&#039;, &#039;http:\/\/mariacka-lodz.com.pl\/?page_id=128&lang=pl&cache=1&album=7a5ff2eeca51f438&cover=0&occur=1&data-alb=248&#039; )\">View&nbsp;25&nbsp;photos<\/a><\/div><\/div><div id=\"coverphoto_frame_248_1\" style=\"float:right; margin-left:5px;width:160px;\" class=\"coverphoto-frame\"><div title=\" \" style=\"display:inline-block;margin:0 4px;\" onclick=\"wppaStopProp(event)\"><a title=\"View the album Pasterka 2019\" style=\"border:0;color:transparent;cursor:pointer;\" target=\"_self\" onclick=\"wppaDoAjaxRender(event, 1, &#039;http:\/\/mariacka-lodz.com.pl\/index.php?rest_route=\/wp-photo-album-plus\/endPoint?action=wppa&wppa-action=render&wppa-size=640&occur=1&page_id=128&wppa-fromp=128&lang=pl&cache=1&album=248&cover=0&occur=1&data-alb=248&#039;, &#039;http:\/\/mariacka-lodz.com.pl\/?page_id=128&lang=pl&cache=1&album=7a5ff2eeca51f438&cover=0&occur=1&data-alb=248&#039; )\"><img decoding=\"async\" style=\"border-width:0px;width:150px;height:100px;opacity:0.85;display:inline;\" src=\"http:\/\/mariacka-lodz.com.pl\/wp-content\/uploads\/wppa\/thumbs\/8929.jpg?ver=9\" alt=\"DSC_0397.JPG\" class=\"image wppa-img\" onmouseover=\"jQuery(this).fadeTo(400, 1.0)\" onmouseout=\"jQuery(this).fadeTo(400,0.85)\"><\/a><\/div><\/div><div title=\" \" onclick=\"wppaStopProp(event);\"><\/div><div style=\"clear:both;\"><\/div><\/div><div id=\"album-247-1\" title=\"View the album Miko\u0142aj 2019\" style=\"width:100%;float:right;cursor:pointer;\" class=\"wppa-album-cover-standard album wppa-box wppa-cover-box wppa-cover-box-1\" onclick=\"wppaDoAjaxRender(event, 1, &#039;http:\/\/mariacka-lodz.com.pl\/index.php?rest_route=\/wp-photo-album-plus\/endPoint?action=wppa&wppa-action=render&wppa-size=640&occur=1&page_id=128&wppa-fromp=128&lang=pl&cache=1&album=247&cover=0&occur=1&data-alb=247&#039;, &#039;http:\/\/mariacka-lodz.com.pl\/?page_id=128&lang=pl&cache=1&album=42f6c900adf5b24e&cover=0&occur=1&data-alb=247&#039; )\"><div id=\"covertext_frame_247_1\" style=\"width:459px; float:left\" class=\"wppa-text-frame-1 wppa-text-frame wppa-cover-text-frame wppa-asym-text-frame-1\"><h2 style=\"clear:none\" class=\"wppa-title\"><a title=\"View the album Miko\u0142aj 2019\" style=\"cursor:pointer\" class=\"wppa-title\" onclick=\"wppaDoAjaxRender(event, 1, &#039;http:\/\/mariacka-lodz.com.pl\/index.php?rest_route=\/wp-photo-album-plus\/endPoint?action=wppa&wppa-action=render&wppa-size=640&occur=1&page_id=128&wppa-fromp=128&lang=pl&cache=1&album=247&cover=0&occur=1&data-alb=247&#039;, &#039;http:\/\/mariacka-lodz.com.pl\/?page_id=128&lang=pl&cache=1&album=42f6c900adf5b24e&cover=0&occur=1&data-alb=247&#039; )\">Miko\u0142aj 2019<\/a><\/h2><div style=\"min-height:54px;\" class=\"wppa-box-text wppa-black wppa-box-text-desc\"><\/div><div class=\"wppa-box-text wppa-black wppa-info wppa-slideshow-browse-link wppa-album-cover-link\"><a title=\"Slideshow\" style=\"cursor:pointer\" class=\"wppa-album-cover-link\" onclick=\"wppaDoAjaxRender(event, 1, &#039;http:\/\/mariacka-lodz.com.pl\/index.php?rest_route=\/wp-photo-album-plus\/endPoint?action=wppa&wppa-action=render&wppa-size=640&occur=1&page_id=128&wppa-fromp=128&lang=pl&cache=1&slide=1&occur=1&album=247&#039;, &#039;http:\/\/mariacka-lodz.com.pl\/?page_id=128&lang=pl&cache=1&slide=1&occur=1&album=42f6c900adf5b24e&#039; )\">Slideshow<\/a><\/div><div class=\"wppa-box-text wppa-black wppa-info wppa-viewlink wppa-album-cover-link\"><a title=\"View the album Miko\u0142aj 2019\" style=\"cursor:pointer;\" class=\"wppa-album-cover-link\" onclick=\"wppaDoAjaxRender(event, 1, &#039;http:\/\/mariacka-lodz.com.pl\/index.php?rest_route=\/wp-photo-album-plus\/endPoint?action=wppa&wppa-action=render&wppa-size=640&occur=1&page_id=128&wppa-fromp=128&lang=pl&cache=1&album=247&cover=0&occur=1&data-alb=247&#039;, &#039;http:\/\/mariacka-lodz.com.pl\/?page_id=128&lang=pl&cache=1&album=42f6c900adf5b24e&cover=0&occur=1&data-alb=247&#039; )\">View&nbsp;20&nbsp;photos<\/a><\/div><\/div><div id=\"coverphoto_frame_247_1\" style=\"float:right; margin-left:5px;width:160px;\" class=\"coverphoto-frame\"><div title=\" \" style=\"display:inline-block;margin:0 4px;\" onclick=\"wppaStopProp(event)\"><a title=\"View the album Miko\u0142aj 2019\" style=\"border:0;color:transparent;cursor:pointer;\" target=\"_self\" onclick=\"wppaDoAjaxRender(event, 1, &#039;http:\/\/mariacka-lodz.com.pl\/index.php?rest_route=\/wp-photo-album-plus\/endPoint?action=wppa&wppa-action=render&wppa-size=640&occur=1&page_id=128&wppa-fromp=128&lang=pl&cache=1&album=247&cover=0&occur=1&data-alb=247&#039;, &#039;http:\/\/mariacka-lodz.com.pl\/?page_id=128&lang=pl&cache=1&album=42f6c900adf5b24e&cover=0&occur=1&data-alb=247&#039; )\"><img decoding=\"async\" style=\"border-width:0px;width:150px;height:100px;opacity:0.85;display:inline;\" src=\"http:\/\/mariacka-lodz.com.pl\/wp-content\/uploads\/wppa\/thumbs\/8909.jpg?ver=9\" alt=\"DSC_0341.JPG\" class=\"image wppa-img\" onmouseover=\"jQuery(this).fadeTo(400, 1.0)\" onmouseout=\"jQuery(this).fadeTo(400,0.85)\"><\/a><\/div><\/div><div title=\" \" onclick=\"wppaStopProp(event);\"><\/div><div style=\"clear:both;\"><\/div><\/div><div id=\"album-246-1\" title=\"View the album Odpust 16.11.2019\" style=\"width:100%;float:right;cursor:pointer;\" class=\"wppa-album-cover-standard album wppa-box wppa-cover-box wppa-cover-box-1\" onclick=\"wppaDoAjaxRender(event, 1, &#039;http:\/\/mariacka-lodz.com.pl\/index.php?rest_route=\/wp-photo-album-plus\/endPoint?action=wppa&wppa-action=render&wppa-size=640&occur=1&page_id=128&wppa-fromp=128&lang=pl&cache=1&album=246&cover=0&occur=1&data-alb=246&#039;, &#039;http:\/\/mariacka-lodz.com.pl\/?page_id=128&lang=pl&cache=1&album=9fdf5f72951f4fef&cover=0&occur=1&data-alb=246&#039; )\"><div id=\"covertext_frame_246_1\" style=\"width:459px; float:left\" class=\"wppa-text-frame-1 wppa-text-frame wppa-cover-text-frame wppa-asym-text-frame-1\"><h2 style=\"clear:none\" class=\"wppa-title\"><a title=\"View the album Odpust 16.11.2019\" style=\"cursor:pointer\" class=\"wppa-title\" onclick=\"wppaDoAjaxRender(event, 1, &#039;http:\/\/mariacka-lodz.com.pl\/index.php?rest_route=\/wp-photo-album-plus\/endPoint?action=wppa&wppa-action=render&wppa-size=640&occur=1&page_id=128&wppa-fromp=128&lang=pl&cache=1&album=246&cover=0&occur=1&data-alb=246&#039;, &#039;http:\/\/mariacka-lodz.com.pl\/?page_id=128&lang=pl&cache=1&album=9fdf5f72951f4fef&cover=0&occur=1&data-alb=246&#039; )\">Odpust 16.11.2019<\/a><\/h2><div style=\"min-height:54px;\" class=\"wppa-box-text wppa-black wppa-box-text-desc\"><\/div><div class=\"wppa-box-text wppa-black wppa-info wppa-slideshow-browse-link wppa-album-cover-link\"><a title=\"Slideshow\" style=\"cursor:pointer\" class=\"wppa-album-cover-link\" onclick=\"wppaDoAjaxRender(event, 1, &#039;http:\/\/mariacka-lodz.com.pl\/index.php?rest_route=\/wp-photo-album-plus\/endPoint?action=wppa&wppa-action=render&wppa-size=640&occur=1&page_id=128&wppa-fromp=128&lang=pl&cache=1&slide=1&occur=1&album=246&#039;, &#039;http:\/\/mariacka-lodz.com.pl\/?page_id=128&lang=pl&cache=1&slide=1&occur=1&album=9fdf5f72951f4fef&#039; )\">Slideshow<\/a><\/div><div class=\"wppa-box-text wppa-black wppa-info wppa-viewlink wppa-album-cover-link\"><a title=\"View the album Odpust 16.11.2019\" style=\"cursor:pointer;\" class=\"wppa-album-cover-link\" onclick=\"wppaDoAjaxRender(event, 1, &#039;http:\/\/mariacka-lodz.com.pl\/index.php?rest_route=\/wp-photo-album-plus\/endPoint?action=wppa&wppa-action=render&wppa-size=640&occur=1&page_id=128&wppa-fromp=128&lang=pl&cache=1&album=246&cover=0&occur=1&data-alb=246&#039;, &#039;http:\/\/mariacka-lodz.com.pl\/?page_id=128&lang=pl&cache=1&album=9fdf5f72951f4fef&cover=0&occur=1&data-alb=246&#039; )\">View&nbsp;12&nbsp;photos<\/a><\/div><\/div><div id=\"coverphoto_frame_246_1\" style=\"float:right; margin-left:5px;width:160px;\" class=\"coverphoto-frame\"><div title=\" \" style=\"display:inline-block;margin:0 4px;\" onclick=\"wppaStopProp(event)\"><a title=\"View the album Odpust 16.11.2019\" style=\"border:0;color:transparent;cursor:pointer;\" target=\"_self\" onclick=\"wppaDoAjaxRender(event, 1, &#039;http:\/\/mariacka-lodz.com.pl\/index.php?rest_route=\/wp-photo-album-plus\/endPoint?action=wppa&wppa-action=render&wppa-size=640&occur=1&page_id=128&wppa-fromp=128&lang=pl&cache=1&album=246&cover=0&occur=1&data-alb=246&#039;, &#039;http:\/\/mariacka-lodz.com.pl\/?page_id=128&lang=pl&cache=1&album=9fdf5f72951f4fef&cover=0&occur=1&data-alb=246&#039; )\"><img decoding=\"async\" style=\"border-width:0px;width:150px;height:100px;opacity:0.85;display:inline;\" src=\"http:\/\/mariacka-lodz.com.pl\/wp-content\/uploads\/wppa\/thumbs\/8883.jpg?ver=9\" alt=\"DSC_0026.JPG\" class=\"image wppa-img\" onmouseover=\"jQuery(this).fadeTo(400, 1.0)\" onmouseout=\"jQuery(this).fadeTo(400,0.85)\"><\/a><\/div><\/div><div title=\" \" onclick=\"wppaStopProp(event);\"><\/div><div style=\"clear:both;\"><\/div><\/div><div id=\"album-245-1\" title=\"View the album Pielgrzymka do Medjugorie\" style=\"width:100%;float:right;cursor:pointer;\" class=\"wppa-album-cover-standard album wppa-box wppa-cover-box wppa-cover-box-1\" onclick=\"wppaDoAjaxRender(event, 1, &#039;http:\/\/mariacka-lodz.com.pl\/index.php?rest_route=\/wp-photo-album-plus\/endPoint?action=wppa&wppa-action=render&wppa-size=640&occur=1&page_id=128&wppa-fromp=128&lang=pl&cache=1&album=245&cover=0&occur=1&data-alb=245&#039;, &#039;http:\/\/mariacka-lodz.com.pl\/?page_id=128&lang=pl&cache=1&album=00c05aed8ce97a0f&cover=0&occur=1&data-alb=245&#039; )\"><div id=\"covertext_frame_245_1\" style=\"width:459px; float:left\" class=\"wppa-text-frame-1 wppa-text-frame wppa-cover-text-frame wppa-asym-text-frame-1\"><h2 style=\"clear:none\" class=\"wppa-title\"><a title=\"View the album Pielgrzymka do Medjugorie\" style=\"cursor:pointer\" class=\"wppa-title\" onclick=\"wppaDoAjaxRender(event, 1, &#039;http:\/\/mariacka-lodz.com.pl\/index.php?rest_route=\/wp-photo-album-plus\/endPoint?action=wppa&wppa-action=render&wppa-size=640&occur=1&page_id=128&wppa-fromp=128&lang=pl&cache=1&album=245&cover=0&occur=1&data-alb=245&#039;, &#039;http:\/\/mariacka-lodz.com.pl\/?page_id=128&lang=pl&cache=1&album=00c05aed8ce97a0f&cover=0&occur=1&data-alb=245&#039; )\">Pielgrzymka do Medjugorie<\/a><\/h2><div style=\"min-height:54px;\" class=\"wppa-box-text wppa-black wppa-box-text-desc\"><\/div><div class=\"wppa-box-text wppa-black wppa-info wppa-slideshow-browse-link wppa-album-cover-link\"><a title=\"Slideshow\" style=\"cursor:pointer\" class=\"wppa-album-cover-link\" onclick=\"wppaDoAjaxRender(event, 1, &#039;http:\/\/mariacka-lodz.com.pl\/index.php?rest_route=\/wp-photo-album-plus\/endPoint?action=wppa&wppa-action=render&wppa-size=640&occur=1&page_id=128&wppa-fromp=128&lang=pl&cache=1&slide=1&occur=1&album=245&#039;, &#039;http:\/\/mariacka-lodz.com.pl\/?page_id=128&lang=pl&cache=1&slide=1&occur=1&album=00c05aed8ce97a0f&#039; )\">Slideshow<\/a><\/div><div class=\"wppa-box-text wppa-black wppa-info wppa-viewlink wppa-album-cover-link\"><a title=\"View the album Pielgrzymka do Medjugorie\" style=\"cursor:pointer;\" class=\"wppa-album-cover-link\" onclick=\"wppaDoAjaxRender(event, 1, &#039;http:\/\/mariacka-lodz.com.pl\/index.php?rest_route=\/wp-photo-album-plus\/endPoint?action=wppa&wppa-action=render&wppa-size=640&occur=1&page_id=128&wppa-fromp=128&lang=pl&cache=1&album=245&cover=0&occur=1&data-alb=245&#039;, &#039;http:\/\/mariacka-lodz.com.pl\/?page_id=128&lang=pl&cache=1&album=00c05aed8ce97a0f&cover=0&occur=1&data-alb=245&#039; )\">View&nbsp;32&nbsp;photos<\/a><\/div><\/div><div id=\"coverphoto_frame_245_1\" style=\"float:right; margin-left:5px;width:160px;\" class=\"coverphoto-frame\"><div title=\" \" style=\"display:inline-block;margin:0 4px;\" onclick=\"wppaStopProp(event)\"><a title=\"View the album Pielgrzymka do Medjugorie\" style=\"border:0;color:transparent;cursor:pointer;\" target=\"_self\" onclick=\"wppaDoAjaxRender(event, 1, &#039;http:\/\/mariacka-lodz.com.pl\/index.php?rest_route=\/wp-photo-album-plus\/endPoint?action=wppa&wppa-action=render&wppa-size=640&occur=1&page_id=128&wppa-fromp=128&lang=pl&cache=1&album=245&cover=0&occur=1&data-alb=245&#039;, &#039;http:\/\/mariacka-lodz.com.pl\/?page_id=128&lang=pl&cache=1&album=00c05aed8ce97a0f&cover=0&occur=1&data-alb=245&#039; )\"><img decoding=\"async\" style=\"border-width:0px;width:150px;height:84px;opacity:0.85;display:inline;\" src=\"http:\/\/mariacka-lodz.com.pl\/wp-content\/uploads\/wppa\/thumbs\/8865.jpg?ver=9\" alt=\"08.10 - Droga do Dubrownika - Dubrownik - 0716.JPG\" class=\"image wppa-img\" onmouseover=\"jQuery(this).fadeTo(400, 1.0)\" onmouseout=\"jQuery(this).fadeTo(400,0.85)\"><\/a><\/div><\/div><div title=\" \" onclick=\"wppaStopProp(event);\"><\/div><div style=\"clear:both;\"><\/div><\/div><div id=\"album-244-1\" title=\"View the album Msza \u015bw. w rocznic\u0119 \u015bmierci \u015bw. Ojca Pio\" style=\"width:100%;float:right;cursor:pointer;\" class=\"wppa-album-cover-standard album wppa-box wppa-cover-box wppa-cover-box-1\" onclick=\"wppaDoAjaxRender(event, 1, &#039;http:\/\/mariacka-lodz.com.pl\/index.php?rest_route=\/wp-photo-album-plus\/endPoint?action=wppa&wppa-action=render&wppa-size=640&occur=1&page_id=128&wppa-fromp=128&lang=pl&cache=1&album=244&cover=0&occur=1&data-alb=244&#039;, &#039;http:\/\/mariacka-lodz.com.pl\/?page_id=128&lang=pl&cache=1&album=5df1b7bd758728ad&cover=0&occur=1&data-alb=244&#039; )\"><div id=\"covertext_frame_244_1\" style=\"width:459px; float:left\" class=\"wppa-text-frame-1 wppa-text-frame wppa-cover-text-frame wppa-asym-text-frame-1\"><h2 style=\"clear:none\" class=\"wppa-title\"><a title=\"View the album Msza \u015bw. w rocznic\u0119 \u015bmierci \u015bw. Ojca Pio\" style=\"cursor:pointer\" class=\"wppa-title\" onclick=\"wppaDoAjaxRender(event, 1, &#039;http:\/\/mariacka-lodz.com.pl\/index.php?rest_route=\/wp-photo-album-plus\/endPoint?action=wppa&wppa-action=render&wppa-size=640&occur=1&page_id=128&wppa-fromp=128&lang=pl&cache=1&album=244&cover=0&occur=1&data-alb=244&#039;, &#039;http:\/\/mariacka-lodz.com.pl\/?page_id=128&lang=pl&cache=1&album=5df1b7bd758728ad&cover=0&occur=1&data-alb=244&#039; )\">Msza \u015bw. w rocznic\u0119 \u015bmierci \u015bw. Ojca Pio<\/a><\/h2><div style=\"min-height:54px;\" class=\"wppa-box-text wppa-black wppa-box-text-desc\"><\/div><div class=\"wppa-box-text wppa-black wppa-info wppa-slideshow-browse-link wppa-album-cover-link\"><a title=\"Slideshow\" style=\"cursor:pointer\" class=\"wppa-album-cover-link\" onclick=\"wppaDoAjaxRender(event, 1, &#039;http:\/\/mariacka-lodz.com.pl\/index.php?rest_route=\/wp-photo-album-plus\/endPoint?action=wppa&wppa-action=render&wppa-size=640&occur=1&page_id=128&wppa-fromp=128&lang=pl&cache=1&slide=1&occur=1&album=244&#039;, &#039;http:\/\/mariacka-lodz.com.pl\/?page_id=128&lang=pl&cache=1&slide=1&occur=1&album=5df1b7bd758728ad&#039; )\">Slideshow<\/a><\/div><div class=\"wppa-box-text wppa-black wppa-info wppa-viewlink wppa-album-cover-link\"><a title=\"View the album Msza \u015bw. w rocznic\u0119 \u015bmierci \u015bw. Ojca Pio\" style=\"cursor:pointer;\" class=\"wppa-album-cover-link\" onclick=\"wppaDoAjaxRender(event, 1, &#039;http:\/\/mariacka-lodz.com.pl\/index.php?rest_route=\/wp-photo-album-plus\/endPoint?action=wppa&wppa-action=render&wppa-size=640&occur=1&page_id=128&wppa-fromp=128&lang=pl&cache=1&album=244&cover=0&occur=1&data-alb=244&#039;, &#039;http:\/\/mariacka-lodz.com.pl\/?page_id=128&lang=pl&cache=1&album=5df1b7bd758728ad&cover=0&occur=1&data-alb=244&#039; )\">View&nbsp;20&nbsp;photos<\/a><\/div><\/div><div id=\"coverphoto_frame_244_1\" style=\"float:right; margin-left:5px;width:160px;\" class=\"coverphoto-frame\"><div title=\" \" style=\"display:inline-block;margin:0 4px;\" onclick=\"wppaStopProp(event)\"><a title=\"View the album Msza \u015bw. w rocznic\u0119 \u015bmierci \u015bw. Ojca Pio\" style=\"border:0;color:transparent;cursor:pointer;\" target=\"_self\" onclick=\"wppaDoAjaxRender(event, 1, &#039;http:\/\/mariacka-lodz.com.pl\/index.php?rest_route=\/wp-photo-album-plus\/endPoint?action=wppa&wppa-action=render&wppa-size=640&occur=1&page_id=128&wppa-fromp=128&lang=pl&cache=1&album=244&cover=0&occur=1&data-alb=244&#039;, &#039;http:\/\/mariacka-lodz.com.pl\/?page_id=128&lang=pl&cache=1&album=5df1b7bd758728ad&cover=0&occur=1&data-alb=244&#039; )\"><img decoding=\"async\" style=\"border-width:0px;width:150px;height:100px;opacity:0.85;display:inline;\" src=\"http:\/\/mariacka-lodz.com.pl\/wp-content\/uploads\/wppa\/thumbs\/8845.jpg?ver=9\" alt=\"DSC_0266.JPG\" class=\"image wppa-img\" onmouseover=\"jQuery(this).fadeTo(400, 1.0)\" onmouseout=\"jQuery(this).fadeTo(400,0.85)\"><\/a><\/div><\/div><div title=\" \" onclick=\"wppaStopProp(event);\"><\/div><div style=\"clear:both;\"><\/div><\/div><div id=\"album-243-1\" title=\"View the album Odpust ku czci Wniebowzi\u0119cia Naj\u015bwi\u0119tszej Maryi Panny 2019\" style=\"width:100%;float:right;cursor:pointer;\" class=\"wppa-album-cover-standard album wppa-box wppa-cover-box wppa-cover-box-1\" onclick=\"wppaDoAjaxRender(event, 1, &#039;http:\/\/mariacka-lodz.com.pl\/index.php?rest_route=\/wp-photo-album-plus\/endPoint?action=wppa&wppa-action=render&wppa-size=640&occur=1&page_id=128&wppa-fromp=128&lang=pl&cache=1&album=243&cover=0&occur=1&data-alb=243&#039;, &#039;http:\/\/mariacka-lodz.com.pl\/?page_id=128&lang=pl&cache=1&album=7eba6fa360319c8e&cover=0&occur=1&data-alb=243&#039; )\"><div id=\"covertext_frame_243_1\" style=\"width:459px; float:left\" class=\"wppa-text-frame-1 wppa-text-frame wppa-cover-text-frame wppa-asym-text-frame-1\"><h2 style=\"clear:none\" class=\"wppa-title\"><a title=\"View the album Odpust ku czci Wniebowzi\u0119cia Naj\u015bwi\u0119tszej Maryi Panny 2019\" style=\"cursor:pointer\" class=\"wppa-title\" onclick=\"wppaDoAjaxRender(event, 1, &#039;http:\/\/mariacka-lodz.com.pl\/index.php?rest_route=\/wp-photo-album-plus\/endPoint?action=wppa&wppa-action=render&wppa-size=640&occur=1&page_id=128&wppa-fromp=128&lang=pl&cache=1&album=243&cover=0&occur=1&data-alb=243&#039;, &#039;http:\/\/mariacka-lodz.com.pl\/?page_id=128&lang=pl&cache=1&album=7eba6fa360319c8e&cover=0&occur=1&data-alb=243&#039; )\">Odpust ku czci Wniebowzi\u0119cia Naj\u015bwi\u0119tszej Maryi Panny 2019<\/a><\/h2><div style=\"min-height:54px;\" class=\"wppa-box-text wppa-black wppa-box-text-desc\"><\/div><div class=\"wppa-box-text wppa-black wppa-info wppa-slideshow-browse-link wppa-album-cover-link\"><a title=\"Slideshow\" style=\"cursor:pointer\" class=\"wppa-album-cover-link\" onclick=\"wppaDoAjaxRender(event, 1, &#039;http:\/\/mariacka-lodz.com.pl\/index.php?rest_route=\/wp-photo-album-plus\/endPoint?action=wppa&wppa-action=render&wppa-size=640&occur=1&page_id=128&wppa-fromp=128&lang=pl&cache=1&slide=1&occur=1&album=243&#039;, &#039;http:\/\/mariacka-lodz.com.pl\/?page_id=128&lang=pl&cache=1&slide=1&occur=1&album=7eba6fa360319c8e&#039; )\">Slideshow<\/a><\/div><div class=\"wppa-box-text wppa-black wppa-info wppa-viewlink wppa-album-cover-link\"><a title=\"View the album Odpust ku czci Wniebowzi\u0119cia Naj\u015bwi\u0119tszej Maryi Panny 2019\" style=\"cursor:pointer;\" class=\"wppa-album-cover-link\" onclick=\"wppaDoAjaxRender(event, 1, &#039;http:\/\/mariacka-lodz.com.pl\/index.php?rest_route=\/wp-photo-album-plus\/endPoint?action=wppa&wppa-action=render&wppa-size=640&occur=1&page_id=128&wppa-fromp=128&lang=pl&cache=1&album=243&cover=0&occur=1&data-alb=243&#039;, &#039;http:\/\/mariacka-lodz.com.pl\/?page_id=128&lang=pl&cache=1&album=7eba6fa360319c8e&cover=0&occur=1&data-alb=243&#039; )\">View&nbsp;40&nbsp;photos<\/a><\/div><\/div><div id=\"coverphoto_frame_243_1\" style=\"float:right; margin-left:5px;width:160px;\" class=\"coverphoto-frame\"><div title=\" \" style=\"display:inline-block;margin:0 4px;\" onclick=\"wppaStopProp(event)\"><a title=\"View the album Odpust ku czci Wniebowzi\u0119cia Naj\u015bwi\u0119tszej Maryi Panny 2019\" style=\"border:0;color:transparent;cursor:pointer;\" target=\"_self\" onclick=\"wppaDoAjaxRender(event, 1, &#039;http:\/\/mariacka-lodz.com.pl\/index.php?rest_route=\/wp-photo-album-plus\/endPoint?action=wppa&wppa-action=render&wppa-size=640&occur=1&page_id=128&wppa-fromp=128&lang=pl&cache=1&album=243&cover=0&occur=1&data-alb=243&#039;, &#039;http:\/\/mariacka-lodz.com.pl\/?page_id=128&lang=pl&cache=1&album=7eba6fa360319c8e&cover=0&occur=1&data-alb=243&#039; )\"><img decoding=\"async\" style=\"border-width:0px;width:150px;height:100px;opacity:0.85;display:inline;\" src=\"http:\/\/mariacka-lodz.com.pl\/wp-content\/uploads\/wppa\/thumbs\/8805.jpg?ver=9\" alt=\"DSC_0072.JPG\" class=\"image wppa-img\" onmouseover=\"jQuery(this).fadeTo(400, 1.0)\" onmouseout=\"jQuery(this).fadeTo(400,0.85)\"><\/a><\/div><\/div><div title=\" \" onclick=\"wppaStopProp(event);\"><\/div><div style=\"clear:both;\"><\/div><\/div><div id=\"album-242-1\" title=\"View the album Bo\u017ce Cia\u0142o 2019\" style=\"width:100%;float:right;cursor:pointer;\" class=\"wppa-album-cover-standard album wppa-box wppa-cover-box wppa-cover-box-1\" onclick=\"wppaDoAjaxRender(event, 1, &#039;http:\/\/mariacka-lodz.com.pl\/index.php?rest_route=\/wp-photo-album-plus\/endPoint?action=wppa&wppa-action=render&wppa-size=640&occur=1&page_id=128&wppa-fromp=128&lang=pl&cache=1&album=242&cover=0&occur=1&data-alb=242&#039;, &#039;http:\/\/mariacka-lodz.com.pl\/?page_id=128&lang=pl&cache=1&album=1b30599c2e543399&cover=0&occur=1&data-alb=242&#039; )\"><div id=\"covertext_frame_242_1\" style=\"width:459px; float:left\" class=\"wppa-text-frame-1 wppa-text-frame wppa-cover-text-frame wppa-asym-text-frame-1\"><h2 style=\"clear:none\" class=\"wppa-title\"><a title=\"View the album Bo\u017ce Cia\u0142o 2019\" style=\"cursor:pointer\" class=\"wppa-title\" onclick=\"wppaDoAjaxRender(event, 1, &#039;http:\/\/mariacka-lodz.com.pl\/index.php?rest_route=\/wp-photo-album-plus\/endPoint?action=wppa&wppa-action=render&wppa-size=640&occur=1&page_id=128&wppa-fromp=128&lang=pl&cache=1&album=242&cover=0&occur=1&data-alb=242&#039;, &#039;http:\/\/mariacka-lodz.com.pl\/?page_id=128&lang=pl&cache=1&album=1b30599c2e543399&cover=0&occur=1&data-alb=242&#039; )\">Bo\u017ce Cia\u0142o 2019<\/a><\/h2><div style=\"min-height:54px;\" class=\"wppa-box-text wppa-black wppa-box-text-desc\"><\/div><div class=\"wppa-box-text wppa-black wppa-info wppa-slideshow-browse-link wppa-album-cover-link\"><a title=\"Slideshow\" style=\"cursor:pointer\" class=\"wppa-album-cover-link\" onclick=\"wppaDoAjaxRender(event, 1, &#039;http:\/\/mariacka-lodz.com.pl\/index.php?rest_route=\/wp-photo-album-plus\/endPoint?action=wppa&wppa-action=render&wppa-size=640&occur=1&page_id=128&wppa-fromp=128&lang=pl&cache=1&slide=1&occur=1&album=242&#039;, &#039;http:\/\/mariacka-lodz.com.pl\/?page_id=128&lang=pl&cache=1&slide=1&occur=1&album=1b30599c2e543399&#039; )\">Slideshow<\/a><\/div><div class=\"wppa-box-text wppa-black wppa-info wppa-viewlink wppa-album-cover-link\"><a title=\"View the album Bo\u017ce Cia\u0142o 2019\" style=\"cursor:pointer;\" class=\"wppa-album-cover-link\" onclick=\"wppaDoAjaxRender(event, 1, &#039;http:\/\/mariacka-lodz.com.pl\/index.php?rest_route=\/wp-photo-album-plus\/endPoint?action=wppa&wppa-action=render&wppa-size=640&occur=1&page_id=128&wppa-fromp=128&lang=pl&cache=1&album=242&cover=0&occur=1&data-alb=242&#039;, &#039;http:\/\/mariacka-lodz.com.pl\/?page_id=128&lang=pl&cache=1&album=1b30599c2e543399&cover=0&occur=1&data-alb=242&#039; )\">View&nbsp;40&nbsp;photos<\/a><\/div><\/div><div id=\"coverphoto_frame_242_1\" style=\"float:right; margin-left:5px;width:160px;\" class=\"coverphoto-frame\"><div title=\" \" style=\"display:inline-block;margin:0 4px;\" onclick=\"wppaStopProp(event)\"><a title=\"View the album Bo\u017ce Cia\u0142o 2019\" style=\"border:0;color:transparent;cursor:pointer;\" target=\"_self\" onclick=\"wppaDoAjaxRender(event, 1, &#039;http:\/\/mariacka-lodz.com.pl\/index.php?rest_route=\/wp-photo-album-plus\/endPoint?action=wppa&wppa-action=render&wppa-size=640&occur=1&page_id=128&wppa-fromp=128&lang=pl&cache=1&album=242&cover=0&occur=1&data-alb=242&#039;, &#039;http:\/\/mariacka-lodz.com.pl\/?page_id=128&lang=pl&cache=1&album=1b30599c2e543399&cover=0&occur=1&data-alb=242&#039; )\"><img decoding=\"async\" style=\"border-width:0px;width:150px;height:100px;opacity:0.85;display:inline;\" src=\"http:\/\/mariacka-lodz.com.pl\/wp-content\/uploads\/wppa\/thumbs\/8765.jpg?ver=9\" alt=\"DSC_0835.JPG\" class=\"image wppa-img\" onmouseover=\"jQuery(this).fadeTo(400, 1.0)\" onmouseout=\"jQuery(this).fadeTo(400,0.85)\"><\/a><\/div><\/div><div title=\" \" onclick=\"wppaStopProp(event);\"><\/div><div style=\"clear:both;\"><\/div><\/div><div id=\"album-241-1\" title=\"View the album Pierwsza Komunia \u015awi\u0119ta 2019\" style=\"width:100%;float:right;cursor:pointer;\" class=\"wppa-album-cover-standard album wppa-box wppa-cover-box wppa-cover-box-1\" onclick=\"wppaDoAjaxRender(event, 1, &#039;http:\/\/mariacka-lodz.com.pl\/index.php?rest_route=\/wp-photo-album-plus\/endPoint?action=wppa&wppa-action=render&wppa-size=640&occur=1&page_id=128&wppa-fromp=128&lang=pl&cache=1&album=241&cover=0&occur=1&data-alb=241&#039;, &#039;http:\/\/mariacka-lodz.com.pl\/?page_id=128&lang=pl&cache=1&album=4d8531722430b891&cover=0&occur=1&data-alb=241&#039; )\"><div id=\"covertext_frame_241_1\" style=\"width:459px; float:left\" class=\"wppa-text-frame-1 wppa-text-frame wppa-cover-text-frame wppa-asym-text-frame-1\"><h2 style=\"clear:none\" class=\"wppa-title\"><a title=\"View the album Pierwsza Komunia \u015awi\u0119ta 2019\" style=\"cursor:pointer\" class=\"wppa-title\" onclick=\"wppaDoAjaxRender(event, 1, &#039;http:\/\/mariacka-lodz.com.pl\/index.php?rest_route=\/wp-photo-album-plus\/endPoint?action=wppa&wppa-action=render&wppa-size=640&occur=1&page_id=128&wppa-fromp=128&lang=pl&cache=1&album=241&cover=0&occur=1&data-alb=241&#039;, &#039;http:\/\/mariacka-lodz.com.pl\/?page_id=128&lang=pl&cache=1&album=4d8531722430b891&cover=0&occur=1&data-alb=241&#039; )\">Pierwsza Komunia \u015awi\u0119ta 2019<\/a><\/h2><div style=\"min-height:54px;\" class=\"wppa-box-text wppa-black wppa-box-text-desc\"><\/div><div class=\"wppa-box-text wppa-black wppa-info wppa-slideshow-browse-link wppa-album-cover-link\"><a title=\"Slideshow\" style=\"cursor:pointer\" class=\"wppa-album-cover-link\" onclick=\"wppaDoAjaxRender(event, 1, &#039;http:\/\/mariacka-lodz.com.pl\/index.php?rest_route=\/wp-photo-album-plus\/endPoint?action=wppa&wppa-action=render&wppa-size=640&occur=1&page_id=128&wppa-fromp=128&lang=pl&cache=1&slide=1&occur=1&album=241&#039;, &#039;http:\/\/mariacka-lodz.com.pl\/?page_id=128&lang=pl&cache=1&slide=1&occur=1&album=4d8531722430b891&#039; )\">Slideshow<\/a><\/div><div class=\"wppa-box-text wppa-black wppa-info wppa-viewlink wppa-album-cover-link\"><a title=\"View the album Pierwsza Komunia \u015awi\u0119ta 2019\" style=\"cursor:pointer;\" class=\"wppa-album-cover-link\" onclick=\"wppaDoAjaxRender(event, 1, &#039;http:\/\/mariacka-lodz.com.pl\/index.php?rest_route=\/wp-photo-album-plus\/endPoint?action=wppa&wppa-action=render&wppa-size=640&occur=1&page_id=128&wppa-fromp=128&lang=pl&cache=1&album=241&cover=0&occur=1&data-alb=241&#039;, &#039;http:\/\/mariacka-lodz.com.pl\/?page_id=128&lang=pl&cache=1&album=4d8531722430b891&cover=0&occur=1&data-alb=241&#039; )\">View&nbsp;30&nbsp;photos<\/a><\/div><\/div><div id=\"coverphoto_frame_241_1\" style=\"float:right; margin-left:5px;width:160px;\" class=\"coverphoto-frame\"><div title=\" \" style=\"display:inline-block;margin:0 4px;\" onclick=\"wppaStopProp(event)\"><a title=\"View the album Pierwsza Komunia \u015awi\u0119ta 2019\" style=\"border:0;color:transparent;cursor:pointer;\" target=\"_self\" onclick=\"wppaDoAjaxRender(event, 1, &#039;http:\/\/mariacka-lodz.com.pl\/index.php?rest_route=\/wp-photo-album-plus\/endPoint?action=wppa&wppa-action=render&wppa-size=640&occur=1&page_id=128&wppa-fromp=128&lang=pl&cache=1&album=241&cover=0&occur=1&data-alb=241&#039;, &#039;http:\/\/mariacka-lodz.com.pl\/?page_id=128&lang=pl&cache=1&album=4d8531722430b891&cover=0&occur=1&data-alb=241&#039; )\"><img decoding=\"async\" style=\"border-width:0px;width:150px;height:100px;opacity:0.85;display:inline;\" src=\"http:\/\/mariacka-lodz.com.pl\/wp-content\/uploads\/wppa\/thumbs\/8735.jpg?ver=9\" alt=\"DSC_0717.JPG\" class=\"image wppa-img\" onmouseover=\"jQuery(this).fadeTo(400, 1.0)\" onmouseout=\"jQuery(this).fadeTo(400,0.85)\"><\/a><\/div><\/div><div title=\" \" onclick=\"wppaStopProp(event);\"><\/div><div style=\"clear:both;\"><\/div><\/div><div id=\"album-240-1\" title=\"View the album Rezurekcja 2019\" style=\"width:100%;float:right;cursor:pointer;\" class=\"wppa-album-cover-standard album wppa-box wppa-cover-box wppa-cover-box-1\" onclick=\"wppaDoAjaxRender(event, 1, &#039;http:\/\/mariacka-lodz.com.pl\/index.php?rest_route=\/wp-photo-album-plus\/endPoint?action=wppa&wppa-action=render&wppa-size=640&occur=1&page_id=128&wppa-fromp=128&lang=pl&cache=1&album=240&cover=0&occur=1&data-alb=240&#039;, &#039;http:\/\/mariacka-lodz.com.pl\/?page_id=128&lang=pl&cache=1&album=d28b669629f484ae&cover=0&occur=1&data-alb=240&#039; )\"><div id=\"covertext_frame_240_1\" style=\"width:459px; float:left\" class=\"wppa-text-frame-1 wppa-text-frame wppa-cover-text-frame wppa-asym-text-frame-1\"><h2 style=\"clear:none\" class=\"wppa-title\"><a title=\"View the album Rezurekcja 2019\" style=\"cursor:pointer\" class=\"wppa-title\" onclick=\"wppaDoAjaxRender(event, 1, &#039;http:\/\/mariacka-lodz.com.pl\/index.php?rest_route=\/wp-photo-album-plus\/endPoint?action=wppa&wppa-action=render&wppa-size=640&occur=1&page_id=128&wppa-fromp=128&lang=pl&cache=1&album=240&cover=0&occur=1&data-alb=240&#039;, &#039;http:\/\/mariacka-lodz.com.pl\/?page_id=128&lang=pl&cache=1&album=d28b669629f484ae&cover=0&occur=1&data-alb=240&#039; )\">Rezurekcja 2019<\/a><\/h2><div style=\"min-height:54px;\" class=\"wppa-box-text wppa-black wppa-box-text-desc\"><\/div><div class=\"wppa-box-text wppa-black wppa-info wppa-slideshow-browse-link wppa-album-cover-link\"><a title=\"Slideshow\" style=\"cursor:pointer\" class=\"wppa-album-cover-link\" onclick=\"wppaDoAjaxRender(event, 1, &#039;http:\/\/mariacka-lodz.com.pl\/index.php?rest_route=\/wp-photo-album-plus\/endPoint?action=wppa&wppa-action=render&wppa-size=640&occur=1&page_id=128&wppa-fromp=128&lang=pl&cache=1&slide=1&occur=1&album=240&#039;, &#039;http:\/\/mariacka-lodz.com.pl\/?page_id=128&lang=pl&cache=1&slide=1&occur=1&album=d28b669629f484ae&#039; )\">Slideshow<\/a><\/div><div class=\"wppa-box-text wppa-black wppa-info wppa-viewlink wppa-album-cover-link\"><a title=\"View the album Rezurekcja 2019\" style=\"cursor:pointer;\" class=\"wppa-album-cover-link\" onclick=\"wppaDoAjaxRender(event, 1, &#039;http:\/\/mariacka-lodz.com.pl\/index.php?rest_route=\/wp-photo-album-plus\/endPoint?action=wppa&wppa-action=render&wppa-size=640&occur=1&page_id=128&wppa-fromp=128&lang=pl&cache=1&album=240&cover=0&occur=1&data-alb=240&#039;, &#039;http:\/\/mariacka-lodz.com.pl\/?page_id=128&lang=pl&cache=1&album=d28b669629f484ae&cover=0&occur=1&data-alb=240&#039; )\">View&nbsp;31&nbsp;photos<\/a><\/div><\/div><div id=\"coverphoto_frame_240_1\" style=\"float:right; margin-left:5px;width:160px;\" class=\"coverphoto-frame\"><div title=\" \" style=\"display:inline-block;margin:0 4px;\" onclick=\"wppaStopProp(event)\"><a title=\"View the album Rezurekcja 2019\" style=\"border:0;color:transparent;cursor:pointer;\" target=\"_self\" onclick=\"wppaDoAjaxRender(event, 1, &#039;http:\/\/mariacka-lodz.com.pl\/index.php?rest_route=\/wp-photo-album-plus\/endPoint?action=wppa&wppa-action=render&wppa-size=640&occur=1&page_id=128&wppa-fromp=128&lang=pl&cache=1&album=240&cover=0&occur=1&data-alb=240&#039;, &#039;http:\/\/mariacka-lodz.com.pl\/?page_id=128&lang=pl&cache=1&album=d28b669629f484ae&cover=0&occur=1&data-alb=240&#039; )\"><img decoding=\"async\" style=\"border-width:0px;width:150px;height:100px;opacity:0.85;display:inline;\" src=\"http:\/\/mariacka-lodz.com.pl\/wp-content\/uploads\/wppa\/thumbs\/8704.jpg?ver=9\" alt=\"DSC_0488.JPG\" class=\"image wppa-img\" onmouseover=\"jQuery(this).fadeTo(400, 1.0)\" onmouseout=\"jQuery(this).fadeTo(400,0.85)\"><\/a><\/div><\/div><div title=\" \" onclick=\"wppaStopProp(event);\"><\/div><div style=\"clear:both;\"><\/div><\/div><div id=\"album-237-1\" title=\"View the album Wigilia Paschalna 2019\" style=\"width:100%;float:right;cursor:pointer;\" class=\"wppa-album-cover-standard album wppa-box wppa-cover-box wppa-cover-box-1\" onclick=\"wppaDoAjaxRender(event, 1, &#039;http:\/\/mariacka-lodz.com.pl\/index.php?rest_route=\/wp-photo-album-plus\/endPoint?action=wppa&wppa-action=render&wppa-size=640&occur=1&page_id=128&wppa-fromp=128&lang=pl&cache=1&album=237&cover=0&occur=1&data-alb=237&#039;, &#039;http:\/\/mariacka-lodz.com.pl\/?page_id=128&lang=pl&cache=1&album=53d8a553ecf4061d&cover=0&occur=1&data-alb=237&#039; )\"><div id=\"covertext_frame_237_1\" style=\"width:459px; float:left\" class=\"wppa-text-frame-1 wppa-text-frame wppa-cover-text-frame wppa-asym-text-frame-1\"><h2 style=\"clear:none\" class=\"wppa-title\"><a title=\"View the album Wigilia Paschalna 2019\" style=\"cursor:pointer\" class=\"wppa-title\" onclick=\"wppaDoAjaxRender(event, 1, &#039;http:\/\/mariacka-lodz.com.pl\/index.php?rest_route=\/wp-photo-album-plus\/endPoint?action=wppa&wppa-action=render&wppa-size=640&occur=1&page_id=128&wppa-fromp=128&lang=pl&cache=1&album=237&cover=0&occur=1&data-alb=237&#039;, &#039;http:\/\/mariacka-lodz.com.pl\/?page_id=128&lang=pl&cache=1&album=53d8a553ecf4061d&cover=0&occur=1&data-alb=237&#039; )\">Wigilia Paschalna 2019<\/a><\/h2><div style=\"min-height:54px;\" class=\"wppa-box-text wppa-black wppa-box-text-desc\"><\/div><div class=\"wppa-box-text wppa-black wppa-info wppa-slideshow-browse-link wppa-album-cover-link\"><a title=\"Slideshow\" style=\"cursor:pointer\" class=\"wppa-album-cover-link\" onclick=\"wppaDoAjaxRender(event, 1, &#039;http:\/\/mariacka-lodz.com.pl\/index.php?rest_route=\/wp-photo-album-plus\/endPoint?action=wppa&wppa-action=render&wppa-size=640&occur=1&page_id=128&wppa-fromp=128&lang=pl&cache=1&slide=1&occur=1&album=237&#039;, &#039;http:\/\/mariacka-lodz.com.pl\/?page_id=128&lang=pl&cache=1&slide=1&occur=1&album=53d8a553ecf4061d&#039; )\">Slideshow<\/a><\/div><div class=\"wppa-box-text wppa-black wppa-info wppa-viewlink wppa-album-cover-link\"><a title=\"View the album Wigilia Paschalna 2019\" style=\"cursor:pointer;\" class=\"wppa-album-cover-link\" onclick=\"wppaDoAjaxRender(event, 1, &#039;http:\/\/mariacka-lodz.com.pl\/index.php?rest_route=\/wp-photo-album-plus\/endPoint?action=wppa&wppa-action=render&wppa-size=640&occur=1&page_id=128&wppa-fromp=128&lang=pl&cache=1&album=237&cover=0&occur=1&data-alb=237&#039;, &#039;http:\/\/mariacka-lodz.com.pl\/?page_id=128&lang=pl&cache=1&album=53d8a553ecf4061d&cover=0&occur=1&data-alb=237&#039; )\">View&nbsp;34&nbsp;photos<\/a><\/div><\/div><div id=\"coverphoto_frame_237_1\" style=\"float:right; margin-left:5px;width:110px;\" class=\"coverphoto-frame\"><div title=\" \" style=\"display:inline-block;margin:0 4px;\" onclick=\"wppaStopProp(event)\"><a title=\"View the album Wigilia Paschalna 2019\" style=\"border:0;color:transparent;cursor:pointer;\" target=\"_self\" onclick=\"wppaDoAjaxRender(event, 1, &#039;http:\/\/mariacka-lodz.com.pl\/index.php?rest_route=\/wp-photo-album-plus\/endPoint?action=wppa&wppa-action=render&wppa-size=640&occur=1&page_id=128&wppa-fromp=128&lang=pl&cache=1&album=237&cover=0&occur=1&data-alb=237&#039;, &#039;http:\/\/mariacka-lodz.com.pl\/?page_id=128&lang=pl&cache=1&album=53d8a553ecf4061d&cover=0&occur=1&data-alb=237&#039; )\"><img decoding=\"async\" style=\"border-width:0px;width:100px;height:150px;opacity:0.85;display:inline;\" src=\"http:\/\/mariacka-lodz.com.pl\/wp-content\/uploads\/wppa\/thumbs\/8670.jpg?ver=9\" alt=\"DSC_0192.JPG\" class=\"image wppa-img\" onmouseover=\"jQuery(this).fadeTo(400, 1.0)\" onmouseout=\"jQuery(this).fadeTo(400,0.85)\"><\/a><\/div><\/div><div title=\" \" onclick=\"wppaStopProp(event);\"><\/div><div style=\"clear:both;\"><\/div><\/div><div id=\"album-236-1\" title=\"View the album \u015awi\u0119cenie pokarm\u00f3w dla dzieci\" style=\"width:100%;float:right;cursor:pointer;\" class=\"wppa-album-cover-standard album wppa-box wppa-cover-box wppa-cover-box-1\" onclick=\"wppaDoAjaxRender(event, 1, &#039;http:\/\/mariacka-lodz.com.pl\/index.php?rest_route=\/wp-photo-album-plus\/endPoint?action=wppa&wppa-action=render&wppa-size=640&occur=1&page_id=128&wppa-fromp=128&lang=pl&cache=1&album=236&cover=0&occur=1&data-alb=236&#039;, &#039;http:\/\/mariacka-lodz.com.pl\/?page_id=128&lang=pl&cache=1&album=722642215a1d90a6&cover=0&occur=1&data-alb=236&#039; )\"><div id=\"covertext_frame_236_1\" style=\"width:459px; float:left\" class=\"wppa-text-frame-1 wppa-text-frame wppa-cover-text-frame wppa-asym-text-frame-1\"><h2 style=\"clear:none\" class=\"wppa-title\"><a title=\"View the album \u015awi\u0119cenie pokarm\u00f3w dla dzieci\" style=\"cursor:pointer\" class=\"wppa-title\" onclick=\"wppaDoAjaxRender(event, 1, &#039;http:\/\/mariacka-lodz.com.pl\/index.php?rest_route=\/wp-photo-album-plus\/endPoint?action=wppa&wppa-action=render&wppa-size=640&occur=1&page_id=128&wppa-fromp=128&lang=pl&cache=1&album=236&cover=0&occur=1&data-alb=236&#039;, &#039;http:\/\/mariacka-lodz.com.pl\/?page_id=128&lang=pl&cache=1&album=722642215a1d90a6&cover=0&occur=1&data-alb=236&#039; )\">\u015awi\u0119cenie pokarm\u00f3w dla dzieci<\/a><\/h2><div style=\"min-height:54px;\" class=\"wppa-box-text wppa-black wppa-box-text-desc\"><\/div><div class=\"wppa-box-text wppa-black wppa-info wppa-slideshow-browse-link wppa-album-cover-link\"><a title=\"Slideshow\" style=\"cursor:pointer\" class=\"wppa-album-cover-link\" onclick=\"wppaDoAjaxRender(event, 1, &#039;http:\/\/mariacka-lodz.com.pl\/index.php?rest_route=\/wp-photo-album-plus\/endPoint?action=wppa&wppa-action=render&wppa-size=640&occur=1&page_id=128&wppa-fromp=128&lang=pl&cache=1&slide=1&occur=1&album=236&#039;, &#039;http:\/\/mariacka-lodz.com.pl\/?page_id=128&lang=pl&cache=1&slide=1&occur=1&album=722642215a1d90a6&#039; )\">Slideshow<\/a><\/div><div class=\"wppa-box-text wppa-black wppa-info wppa-viewlink wppa-album-cover-link\"><a title=\"View the album \u015awi\u0119cenie pokarm\u00f3w dla dzieci\" style=\"cursor:pointer;\" class=\"wppa-album-cover-link\" onclick=\"wppaDoAjaxRender(event, 1, &#039;http:\/\/mariacka-lodz.com.pl\/index.php?rest_route=\/wp-photo-album-plus\/endPoint?action=wppa&wppa-action=render&wppa-size=640&occur=1&page_id=128&wppa-fromp=128&lang=pl&cache=1&album=236&cover=0&occur=1&data-alb=236&#039;, &#039;http:\/\/mariacka-lodz.com.pl\/?page_id=128&lang=pl&cache=1&album=722642215a1d90a6&cover=0&occur=1&data-alb=236&#039; )\">View&nbsp;13&nbsp;photos<\/a><\/div><\/div><div id=\"coverphoto_frame_236_1\" style=\"float:right; margin-left:5px;width:110px;\" class=\"coverphoto-frame\"><div title=\" \" style=\"display:inline-block;margin:0 4px;\" onclick=\"wppaStopProp(event)\"><a title=\"View the album \u015awi\u0119cenie pokarm\u00f3w dla dzieci\" style=\"border:0;color:transparent;cursor:pointer;\" target=\"_self\" onclick=\"wppaDoAjaxRender(event, 1, &#039;http:\/\/mariacka-lodz.com.pl\/index.php?rest_route=\/wp-photo-album-plus\/endPoint?action=wppa&wppa-action=render&wppa-size=640&occur=1&page_id=128&wppa-fromp=128&lang=pl&cache=1&album=236&cover=0&occur=1&data-alb=236&#039;, &#039;http:\/\/mariacka-lodz.com.pl\/?page_id=128&lang=pl&cache=1&album=722642215a1d90a6&cover=0&occur=1&data-alb=236&#039; )\"><img decoding=\"async\" style=\"border-width:0px;width:100px;height:150px;opacity:0.85;display:inline;\" src=\"http:\/\/mariacka-lodz.com.pl\/wp-content\/uploads\/wppa\/thumbs\/8651.jpg?ver=9\" alt=\"DSC_0118.JPG\" class=\"image wppa-img\" onmouseover=\"jQuery(this).fadeTo(400, 1.0)\" onmouseout=\"jQuery(this).fadeTo(400,0.85)\"><\/a><\/div><\/div><div title=\" \" onclick=\"wppaStopProp(event);\"><\/div><div style=\"clear:both;\"><\/div><\/div><div id=\"album-235-1\" title=\"View the album Wielki Pi\u0105tek 2019\" style=\"width:100%;float:right;cursor:pointer;\" class=\"wppa-album-cover-standard album wppa-box wppa-cover-box wppa-cover-box-1\" onclick=\"wppaDoAjaxRender(event, 1, &#039;http:\/\/mariacka-lodz.com.pl\/index.php?rest_route=\/wp-photo-album-plus\/endPoint?action=wppa&wppa-action=render&wppa-size=640&occur=1&page_id=128&wppa-fromp=128&lang=pl&cache=1&album=235&cover=0&occur=1&data-alb=235&#039;, &#039;http:\/\/mariacka-lodz.com.pl\/?page_id=128&lang=pl&cache=1&album=39f0d7addd1e1d8f&cover=0&occur=1&data-alb=235&#039; )\"><div id=\"covertext_frame_235_1\" style=\"width:459px; float:left\" class=\"wppa-text-frame-1 wppa-text-frame wppa-cover-text-frame wppa-asym-text-frame-1\"><h2 style=\"clear:none\" class=\"wppa-title\"><a title=\"View the album Wielki Pi\u0105tek 2019\" style=\"cursor:pointer\" class=\"wppa-title\" onclick=\"wppaDoAjaxRender(event, 1, &#039;http:\/\/mariacka-lodz.com.pl\/index.php?rest_route=\/wp-photo-album-plus\/endPoint?action=wppa&wppa-action=render&wppa-size=640&occur=1&page_id=128&wppa-fromp=128&lang=pl&cache=1&album=235&cover=0&occur=1&data-alb=235&#039;, &#039;http:\/\/mariacka-lodz.com.pl\/?page_id=128&lang=pl&cache=1&album=39f0d7addd1e1d8f&cover=0&occur=1&data-alb=235&#039; )\">Wielki Pi\u0105tek 2019<\/a><\/h2><div style=\"min-height:54px;\" class=\"wppa-box-text wppa-black wppa-box-text-desc\"><\/div><div class=\"wppa-box-text wppa-black wppa-info wppa-slideshow-browse-link wppa-album-cover-link\"><a title=\"Slideshow\" style=\"cursor:pointer\" class=\"wppa-album-cover-link\" onclick=\"wppaDoAjaxRender(event, 1, &#039;http:\/\/mariacka-lodz.com.pl\/index.php?rest_route=\/wp-photo-album-plus\/endPoint?action=wppa&wppa-action=render&wppa-size=640&occur=1&page_id=128&wppa-fromp=128&lang=pl&cache=1&slide=1&occur=1&album=235&#039;, &#039;http:\/\/mariacka-lodz.com.pl\/?page_id=128&lang=pl&cache=1&slide=1&occur=1&album=39f0d7addd1e1d8f&#039; )\">Slideshow<\/a><\/div><div class=\"wppa-box-text wppa-black wppa-info wppa-viewlink wppa-album-cover-link\"><a title=\"View the album Wielki Pi\u0105tek 2019\" style=\"cursor:pointer;\" class=\"wppa-album-cover-link\" onclick=\"wppaDoAjaxRender(event, 1, &#039;http:\/\/mariacka-lodz.com.pl\/index.php?rest_route=\/wp-photo-album-plus\/endPoint?action=wppa&wppa-action=render&wppa-size=640&occur=1&page_id=128&wppa-fromp=128&lang=pl&cache=1&album=235&cover=0&occur=1&data-alb=235&#039;, &#039;http:\/\/mariacka-lodz.com.pl\/?page_id=128&lang=pl&cache=1&album=39f0d7addd1e1d8f&cover=0&occur=1&data-alb=235&#039; )\">View&nbsp;30&nbsp;photos<\/a><\/div><\/div><div id=\"coverphoto_frame_235_1\" style=\"float:right; margin-left:5px;width:110px;\" class=\"coverphoto-frame\"><div title=\" \" style=\"display:inline-block;margin:0 4px;\" onclick=\"wppaStopProp(event)\"><a title=\"View the album Wielki Pi\u0105tek 2019\" style=\"border:0;color:transparent;cursor:pointer;\" target=\"_self\" onclick=\"wppaDoAjaxRender(event, 1, &#039;http:\/\/mariacka-lodz.com.pl\/index.php?rest_route=\/wp-photo-album-plus\/endPoint?action=wppa&wppa-action=render&wppa-size=640&occur=1&page_id=128&wppa-fromp=128&lang=pl&cache=1&album=235&cover=0&occur=1&data-alb=235&#039;, &#039;http:\/\/mariacka-lodz.com.pl\/?page_id=128&lang=pl&cache=1&album=39f0d7addd1e1d8f&cover=0&occur=1&data-alb=235&#039; )\"><img decoding=\"async\" style=\"border-width:0px;width:100px;height:150px;opacity:0.85;display:inline;\" src=\"http:\/\/mariacka-lodz.com.pl\/wp-content\/uploads\/wppa\/thumbs\/8627.jpg?ver=9\" alt=\"DSC_0963.JPG\" class=\"image wppa-img\" onmouseover=\"jQuery(this).fadeTo(400, 1.0)\" onmouseout=\"jQuery(this).fadeTo(400,0.85)\"><\/a><\/div><\/div><div title=\" \" onclick=\"wppaStopProp(event);\"><\/div><div style=\"clear:both;\"><\/div><\/div><div id=\"album-234-1\" title=\"View the album Wielki Czwartek 2019\" style=\"width:100%;float:right;cursor:pointer;\" class=\"wppa-album-cover-standard album wppa-box wppa-cover-box wppa-cover-box-1\" onclick=\"wppaDoAjaxRender(event, 1, &#039;http:\/\/mariacka-lodz.com.pl\/index.php?rest_route=\/wp-photo-album-plus\/endPoint?action=wppa&wppa-action=render&wppa-size=640&occur=1&page_id=128&wppa-fromp=128&lang=pl&cache=1&album=234&cover=0&occur=1&data-alb=234&#039;, &#039;http:\/\/mariacka-lodz.com.pl\/?page_id=128&lang=pl&cache=1&album=1d683ec6d7a714ad&cover=0&occur=1&data-alb=234&#039; )\"><div id=\"covertext_frame_234_1\" style=\"width:459px; float:left\" class=\"wppa-text-frame-1 wppa-text-frame wppa-cover-text-frame wppa-asym-text-frame-1\"><h2 style=\"clear:none\" class=\"wppa-title\"><a title=\"View the album Wielki Czwartek 2019\" style=\"cursor:pointer\" class=\"wppa-title\" onclick=\"wppaDoAjaxRender(event, 1, &#039;http:\/\/mariacka-lodz.com.pl\/index.php?rest_route=\/wp-photo-album-plus\/endPoint?action=wppa&wppa-action=render&wppa-size=640&occur=1&page_id=128&wppa-fromp=128&lang=pl&cache=1&album=234&cover=0&occur=1&data-alb=234&#039;, &#039;http:\/\/mariacka-lodz.com.pl\/?page_id=128&lang=pl&cache=1&album=1d683ec6d7a714ad&cover=0&occur=1&data-alb=234&#039; )\">Wielki Czwartek 2019<\/a><\/h2><div style=\"min-height:54px;\" class=\"wppa-box-text wppa-black wppa-box-text-desc\"><\/div><div class=\"wppa-box-text wppa-black wppa-info wppa-slideshow-browse-link wppa-album-cover-link\"><a title=\"Slideshow\" style=\"cursor:pointer\" class=\"wppa-album-cover-link\" onclick=\"wppaDoAjaxRender(event, 1, &#039;http:\/\/mariacka-lodz.com.pl\/index.php?rest_route=\/wp-photo-album-plus\/endPoint?action=wppa&wppa-action=render&wppa-size=640&occur=1&page_id=128&wppa-fromp=128&lang=pl&cache=1&slide=1&occur=1&album=234&#039;, &#039;http:\/\/mariacka-lodz.com.pl\/?page_id=128&lang=pl&cache=1&slide=1&occur=1&album=1d683ec6d7a714ad&#039; )\">Slideshow<\/a><\/div><div class=\"wppa-box-text wppa-black wppa-info wppa-viewlink wppa-album-cover-link\"><a title=\"View the album Wielki Czwartek 2019\" style=\"cursor:pointer;\" class=\"wppa-album-cover-link\" onclick=\"wppaDoAjaxRender(event, 1, &#039;http:\/\/mariacka-lodz.com.pl\/index.php?rest_route=\/wp-photo-album-plus\/endPoint?action=wppa&wppa-action=render&wppa-size=640&occur=1&page_id=128&wppa-fromp=128&lang=pl&cache=1&album=234&cover=0&occur=1&data-alb=234&#039;, &#039;http:\/\/mariacka-lodz.com.pl\/?page_id=128&lang=pl&cache=1&album=1d683ec6d7a714ad&cover=0&occur=1&data-alb=234&#039; )\">View&nbsp;40&nbsp;photos<\/a><\/div><\/div><div id=\"coverphoto_frame_234_1\" style=\"float:right; margin-left:5px;width:160px;\" class=\"coverphoto-frame\"><div title=\" \" style=\"display:inline-block;margin:0 4px;\" onclick=\"wppaStopProp(event)\"><a title=\"View the album Wielki Czwartek 2019\" style=\"border:0;color:transparent;cursor:pointer;\" target=\"_self\" onclick=\"wppaDoAjaxRender(event, 1, &#039;http:\/\/mariacka-lodz.com.pl\/index.php?rest_route=\/wp-photo-album-plus\/endPoint?action=wppa&wppa-action=render&wppa-size=640&occur=1&page_id=128&wppa-fromp=128&lang=pl&cache=1&album=234&cover=0&occur=1&data-alb=234&#039;, &#039;http:\/\/mariacka-lodz.com.pl\/?page_id=128&lang=pl&cache=1&album=1d683ec6d7a714ad&cover=0&occur=1&data-alb=234&#039; )\"><img decoding=\"async\" style=\"border-width:0px;width:150px;height:100px;opacity:0.85;display:inline;\" src=\"http:\/\/mariacka-lodz.com.pl\/wp-content\/uploads\/wppa\/thumbs\/8587.jpg?ver=9\" alt=\"DSC_0796.JPG\" class=\"image wppa-img\" onmouseover=\"jQuery(this).fadeTo(400, 1.0)\" onmouseout=\"jQuery(this).fadeTo(400,0.85)\"><\/a><\/div><\/div><div title=\" \" onclick=\"wppaStopProp(event);\"><\/div><div style=\"clear:both;\"><\/div><\/div><div id=\"album-231-1\" title=\"View the album Niedziela Palmowa 2019\" style=\"width:100%;float:right;cursor:pointer;\" class=\"wppa-album-cover-standard album wppa-box wppa-cover-box wppa-cover-box-1\" onclick=\"wppaDoAjaxRender(event, 1, &#039;http:\/\/mariacka-lodz.com.pl\/index.php?rest_route=\/wp-photo-album-plus\/endPoint?action=wppa&wppa-action=render&wppa-size=640&occur=1&page_id=128&wppa-fromp=128&lang=pl&cache=1&album=231&cover=0&occur=1&data-alb=231&#039;, &#039;http:\/\/mariacka-lodz.com.pl\/?page_id=128&lang=pl&cache=1&album=c99098f84b706ced&cover=0&occur=1&data-alb=231&#039; )\"><div id=\"covertext_frame_231_1\" style=\"width:459px; float:left\" class=\"wppa-text-frame-1 wppa-text-frame wppa-cover-text-frame wppa-asym-text-frame-1\"><h2 style=\"clear:none\" class=\"wppa-title\"><a title=\"View the album Niedziela Palmowa 2019\" style=\"cursor:pointer\" class=\"wppa-title\" onclick=\"wppaDoAjaxRender(event, 1, &#039;http:\/\/mariacka-lodz.com.pl\/index.php?rest_route=\/wp-photo-album-plus\/endPoint?action=wppa&wppa-action=render&wppa-size=640&occur=1&page_id=128&wppa-fromp=128&lang=pl&cache=1&album=231&cover=0&occur=1&data-alb=231&#039;, &#039;http:\/\/mariacka-lodz.com.pl\/?page_id=128&lang=pl&cache=1&album=c99098f84b706ced&cover=0&occur=1&data-alb=231&#039; )\">Niedziela Palmowa 2019<\/a><\/h2><div style=\"min-height:54px;\" class=\"wppa-box-text wppa-black wppa-box-text-desc\"><\/div><div class=\"wppa-box-text wppa-black wppa-info wppa-slideshow-browse-link wppa-album-cover-link\"><a title=\"Slideshow\" style=\"cursor:pointer\" class=\"wppa-album-cover-link\" onclick=\"wppaDoAjaxRender(event, 1, &#039;http:\/\/mariacka-lodz.com.pl\/index.php?rest_route=\/wp-photo-album-plus\/endPoint?action=wppa&wppa-action=render&wppa-size=640&occur=1&page_id=128&wppa-fromp=128&lang=pl&cache=1&slide=1&occur=1&album=231&#039;, &#039;http:\/\/mariacka-lodz.com.pl\/?page_id=128&lang=pl&cache=1&slide=1&occur=1&album=c99098f84b706ced&#039; )\">Slideshow<\/a><\/div><div class=\"wppa-box-text wppa-black wppa-info wppa-viewlink wppa-album-cover-link\"><a title=\"View the album Niedziela Palmowa 2019\" style=\"cursor:pointer;\" class=\"wppa-album-cover-link\" onclick=\"wppaDoAjaxRender(event, 1, &#039;http:\/\/mariacka-lodz.com.pl\/index.php?rest_route=\/wp-photo-album-plus\/endPoint?action=wppa&wppa-action=render&wppa-size=640&occur=1&page_id=128&wppa-fromp=128&lang=pl&cache=1&album=231&cover=0&occur=1&data-alb=231&#039;, &#039;http:\/\/mariacka-lodz.com.pl\/?page_id=128&lang=pl&cache=1&album=c99098f84b706ced&cover=0&occur=1&data-alb=231&#039; )\">View&nbsp;31&nbsp;photos<\/a><\/div><\/div><div id=\"coverphoto_frame_231_1\" style=\"float:right; margin-left:5px;width:160px;\" class=\"coverphoto-frame\"><div title=\" \" style=\"display:inline-block;margin:0 4px;\" onclick=\"wppaStopProp(event)\"><a title=\"View the album Niedziela Palmowa 2019\" style=\"border:0;color:transparent;cursor:pointer;\" target=\"_self\" onclick=\"wppaDoAjaxRender(event, 1, &#039;http:\/\/mariacka-lodz.com.pl\/index.php?rest_route=\/wp-photo-album-plus\/endPoint?action=wppa&wppa-action=render&wppa-size=640&occur=1&page_id=128&wppa-fromp=128&lang=pl&cache=1&album=231&cover=0&occur=1&data-alb=231&#039;, &#039;http:\/\/mariacka-lodz.com.pl\/?page_id=128&lang=pl&cache=1&album=c99098f84b706ced&cover=0&occur=1&data-alb=231&#039; )\"><img decoding=\"async\" style=\"border-width:0px;width:150px;height:100px;opacity:0.85;display:inline;\" src=\"http:\/\/mariacka-lodz.com.pl\/wp-content\/uploads\/wppa\/thumbs\/8496.jpg?ver=9\" alt=\"DSC_0691.JPG\" class=\"image wppa-img\" onmouseover=\"jQuery(this).fadeTo(400, 1.0)\" onmouseout=\"jQuery(this).fadeTo(400,0.85)\"><\/a><\/div><\/div><div title=\" \" onclick=\"wppaStopProp(event);\"><\/div><div style=\"clear:both;\"><\/div><\/div><div id=\"album-225-1\" title=\"View the album Ko\u015bci\u00f3\u0142 Stacyjny 2019\" style=\"width:100%;float:right;cursor:pointer;\" class=\"wppa-album-cover-standard album wppa-box wppa-cover-box wppa-cover-box-1\" onclick=\"wppaDoAjaxRender(event, 1, &#039;http:\/\/mariacka-lodz.com.pl\/index.php?rest_route=\/wp-photo-album-plus\/endPoint?action=wppa&wppa-action=render&wppa-size=640&occur=1&page_id=128&wppa-fromp=128&lang=pl&cache=1&album=225&cover=0&occur=1&data-alb=225&#039;, &#039;http:\/\/mariacka-lodz.com.pl\/?page_id=128&lang=pl&cache=1&album=c4528c7a8bca158b&cover=0&occur=1&data-alb=225&#039; )\"><div id=\"covertext_frame_225_1\" style=\"width:459px; float:left\" class=\"wppa-text-frame-1 wppa-text-frame wppa-cover-text-frame wppa-asym-text-frame-1\"><h2 style=\"clear:none\" class=\"wppa-title\"><a title=\"View the album Ko\u015bci\u00f3\u0142 Stacyjny 2019\" style=\"cursor:pointer\" class=\"wppa-title\" onclick=\"wppaDoAjaxRender(event, 1, &#039;http:\/\/mariacka-lodz.com.pl\/index.php?rest_route=\/wp-photo-album-plus\/endPoint?action=wppa&wppa-action=render&wppa-size=640&occur=1&page_id=128&wppa-fromp=128&lang=pl&cache=1&album=225&cover=0&occur=1&data-alb=225&#039;, &#039;http:\/\/mariacka-lodz.com.pl\/?page_id=128&lang=pl&cache=1&album=c4528c7a8bca158b&cover=0&occur=1&data-alb=225&#039; )\">Ko\u015bci\u00f3\u0142 Stacyjny 2019<\/a><\/h2><div style=\"min-height:54px;\" class=\"wppa-box-text wppa-black wppa-box-text-desc\"><\/div><div class=\"wppa-box-text wppa-black wppa-info wppa-slideshow-browse-link wppa-album-cover-link\"><a title=\"Slideshow\" style=\"cursor:pointer\" class=\"wppa-album-cover-link\" onclick=\"wppaDoAjaxRender(event, 1, &#039;http:\/\/mariacka-lodz.com.pl\/index.php?rest_route=\/wp-photo-album-plus\/endPoint?action=wppa&wppa-action=render&wppa-size=640&occur=1&page_id=128&wppa-fromp=128&lang=pl&cache=1&slide=1&occur=1&album=225&#039;, &#039;http:\/\/mariacka-lodz.com.pl\/?page_id=128&lang=pl&cache=1&slide=1&occur=1&album=c4528c7a8bca158b&#039; )\">Slideshow<\/a><\/div><div class=\"wppa-box-text wppa-black wppa-info wppa-viewlink wppa-album-cover-link\"><a title=\"View the album Ko\u015bci\u00f3\u0142 Stacyjny 2019\" style=\"cursor:pointer;\" class=\"wppa-album-cover-link\" onclick=\"wppaDoAjaxRender(event, 1, &#039;http:\/\/mariacka-lodz.com.pl\/index.php?rest_route=\/wp-photo-album-plus\/endPoint?action=wppa&wppa-action=render&wppa-size=640&occur=1&page_id=128&wppa-fromp=128&lang=pl&cache=1&album=225&cover=0&occur=1&data-alb=225&#039;, &#039;http:\/\/mariacka-lodz.com.pl\/?page_id=128&lang=pl&cache=1&album=c4528c7a8bca158b&cover=0&occur=1&data-alb=225&#039; )\">View&nbsp;28&nbsp;photos<\/a><\/div><\/div><div id=\"coverphoto_frame_225_1\" style=\"float:right; margin-left:5px;width:160px;\" class=\"coverphoto-frame\"><div title=\" \" style=\"display:inline-block;margin:0 4px;\" onclick=\"wppaStopProp(event)\"><a title=\"View the album Ko\u015bci\u00f3\u0142 Stacyjny 2019\" style=\"border:0;color:transparent;cursor:pointer;\" target=\"_self\" onclick=\"wppaDoAjaxRender(event, 1, &#039;http:\/\/mariacka-lodz.com.pl\/index.php?rest_route=\/wp-photo-album-plus\/endPoint?action=wppa&wppa-action=render&wppa-size=640&occur=1&page_id=128&wppa-fromp=128&lang=pl&cache=1&album=225&cover=0&occur=1&data-alb=225&#039;, &#039;http:\/\/mariacka-lodz.com.pl\/?page_id=128&lang=pl&cache=1&album=c4528c7a8bca158b&cover=0&occur=1&data-alb=225&#039; )\"><img decoding=\"async\" style=\"border-width:0px;width:150px;height:100px;opacity:0.85;display:inline;\" src=\"http:\/\/mariacka-lodz.com.pl\/wp-content\/uploads\/wppa\/thumbs\/8419.jpg?ver=9\" alt=\"DSC_0607.JPG\" class=\"image wppa-img\" onmouseover=\"jQuery(this).fadeTo(400, 1.0)\" onmouseout=\"jQuery(this).fadeTo(400,0.85)\"><\/a><\/div><\/div><div title=\" \" onclick=\"wppaStopProp(event);\"><\/div><div style=\"clear:both;\"><\/div><\/div><div id=\"album-223-1\" title=\"View the album Pasterka 2018\" style=\"width:100%;float:right;cursor:pointer;\" class=\"wppa-album-cover-standard album wppa-box wppa-cover-box wppa-cover-box-1\" onclick=\"wppaDoAjaxRender(event, 1, &#039;http:\/\/mariacka-lodz.com.pl\/index.php?rest_route=\/wp-photo-album-plus\/endPoint?action=wppa&wppa-action=render&wppa-size=640&occur=1&page_id=128&wppa-fromp=128&lang=pl&cache=1&album=223&cover=0&occur=1&data-alb=223&#039;, &#039;http:\/\/mariacka-lodz.com.pl\/?page_id=128&lang=pl&cache=1&album=660e288ae8a86336&cover=0&occur=1&data-alb=223&#039; )\"><div id=\"covertext_frame_223_1\" style=\"width:459px; float:left\" class=\"wppa-text-frame-1 wppa-text-frame wppa-cover-text-frame wppa-asym-text-frame-1\"><h2 style=\"clear:none\" class=\"wppa-title\"><a title=\"View the album Pasterka 2018\" style=\"cursor:pointer\" class=\"wppa-title\" onclick=\"wppaDoAjaxRender(event, 1, &#039;http:\/\/mariacka-lodz.com.pl\/index.php?rest_route=\/wp-photo-album-plus\/endPoint?action=wppa&wppa-action=render&wppa-size=640&occur=1&page_id=128&wppa-fromp=128&lang=pl&cache=1&album=223&cover=0&occur=1&data-alb=223&#039;, &#039;http:\/\/mariacka-lodz.com.pl\/?page_id=128&lang=pl&cache=1&album=660e288ae8a86336&cover=0&occur=1&data-alb=223&#039; )\">Pasterka 2018<\/a><\/h2><div style=\"min-height:54px;\" class=\"wppa-box-text wppa-black wppa-box-text-desc\"><\/div><div class=\"wppa-box-text wppa-black wppa-info wppa-slideshow-browse-link wppa-album-cover-link\"><a title=\"Slideshow\" style=\"cursor:pointer\" class=\"wppa-album-cover-link\" onclick=\"wppaDoAjaxRender(event, 1, &#039;http:\/\/mariacka-lodz.com.pl\/index.php?rest_route=\/wp-photo-album-plus\/endPoint?action=wppa&wppa-action=render&wppa-size=640&occur=1&page_id=128&wppa-fromp=128&lang=pl&cache=1&slide=1&occur=1&album=223&#039;, &#039;http:\/\/mariacka-lodz.com.pl\/?page_id=128&lang=pl&cache=1&slide=1&occur=1&album=660e288ae8a86336&#039; )\">Slideshow<\/a><\/div><div class=\"wppa-box-text wppa-black wppa-info wppa-viewlink wppa-album-cover-link\"><a title=\"View the album Pasterka 2018\" style=\"cursor:pointer;\" class=\"wppa-album-cover-link\" onclick=\"wppaDoAjaxRender(event, 1, &#039;http:\/\/mariacka-lodz.com.pl\/index.php?rest_route=\/wp-photo-album-plus\/endPoint?action=wppa&wppa-action=render&wppa-size=640&occur=1&page_id=128&wppa-fromp=128&lang=pl&cache=1&album=223&cover=0&occur=1&data-alb=223&#039;, &#039;http:\/\/mariacka-lodz.com.pl\/?page_id=128&lang=pl&cache=1&album=660e288ae8a86336&cover=0&occur=1&data-alb=223&#039; )\">View&nbsp;26&nbsp;photos<\/a><\/div><\/div><div id=\"coverphoto_frame_223_1\" style=\"float:right; margin-left:5px;width:160px;\" class=\"coverphoto-frame\"><div title=\" \" style=\"display:inline-block;margin:0 4px;\" onclick=\"wppaStopProp(event)\"><a title=\"View the album Pasterka 2018\" style=\"border:0;color:transparent;cursor:pointer;\" target=\"_self\" onclick=\"wppaDoAjaxRender(event, 1, &#039;http:\/\/mariacka-lodz.com.pl\/index.php?rest_route=\/wp-photo-album-plus\/endPoint?action=wppa&wppa-action=render&wppa-size=640&occur=1&page_id=128&wppa-fromp=128&lang=pl&cache=1&album=223&cover=0&occur=1&data-alb=223&#039;, &#039;http:\/\/mariacka-lodz.com.pl\/?page_id=128&lang=pl&cache=1&album=660e288ae8a86336&cover=0&occur=1&data-alb=223&#039; )\"><img decoding=\"async\" style=\"border-width:0px;width:150px;height:100px;opacity:0.85;display:inline;\" src=\"http:\/\/mariacka-lodz.com.pl\/wp-content\/uploads\/wppa\/thumbs\/8393.jpg?ver=9\" alt=\"DSC_0084.JPG\" class=\"image wppa-img\" onmouseover=\"jQuery(this).fadeTo(400, 1.0)\" onmouseout=\"jQuery(this).fadeTo(400,0.85)\"><\/a><\/div><\/div><div title=\" \" onclick=\"wppaStopProp(event);\"><\/div><div style=\"clear:both;\"><\/div><\/div><div id=\"album-222-1\" title=\"View the album Odpust ku czci Wniebowzi\u0119cia Naj\u015bwi\u0119tszej Maryi Panny 15.08.2018\" style=\"width:100%;float:right;cursor:pointer;\" class=\"wppa-album-cover-standard album wppa-box wppa-cover-box wppa-cover-box-1\" onclick=\"wppaDoAjaxRender(event, 1, &#039;http:\/\/mariacka-lodz.com.pl\/index.php?rest_route=\/wp-photo-album-plus\/endPoint?action=wppa&wppa-action=render&wppa-size=640&occur=1&page_id=128&wppa-fromp=128&lang=pl&cache=1&album=222&cover=0&occur=1&data-alb=222&#039;, &#039;http:\/\/mariacka-lodz.com.pl\/?page_id=128&lang=pl&cache=1&album=793f049651e53d43&cover=0&occur=1&data-alb=222&#039; )\"><div id=\"covertext_frame_222_1\" style=\"width:459px; float:left\" class=\"wppa-text-frame-1 wppa-text-frame wppa-cover-text-frame wppa-asym-text-frame-1\"><h2 style=\"clear:none\" class=\"wppa-title\"><a title=\"View the album Odpust ku czci Wniebowzi\u0119cia Naj\u015bwi\u0119tszej Maryi Panny 15.08.2018\" style=\"cursor:pointer\" class=\"wppa-title\" onclick=\"wppaDoAjaxRender(event, 1, &#039;http:\/\/mariacka-lodz.com.pl\/index.php?rest_route=\/wp-photo-album-plus\/endPoint?action=wppa&wppa-action=render&wppa-size=640&occur=1&page_id=128&wppa-fromp=128&lang=pl&cache=1&album=222&cover=0&occur=1&data-alb=222&#039;, &#039;http:\/\/mariacka-lodz.com.pl\/?page_id=128&lang=pl&cache=1&album=793f049651e53d43&cover=0&occur=1&data-alb=222&#039; )\">Odpust ku czci Wniebowzi\u0119cia Naj\u015bwi\u0119tszej Maryi Panny 15.08.2018<\/a><\/h2><div style=\"min-height:54px;\" class=\"wppa-box-text wppa-black wppa-box-text-desc\"><\/div><div class=\"wppa-box-text wppa-black wppa-info wppa-slideshow-browse-link wppa-album-cover-link\"><a title=\"Slideshow\" style=\"cursor:pointer\" class=\"wppa-album-cover-link\" onclick=\"wppaDoAjaxRender(event, 1, &#039;http:\/\/mariacka-lodz.com.pl\/index.php?rest_route=\/wp-photo-album-plus\/endPoint?action=wppa&wppa-action=render&wppa-size=640&occur=1&page_id=128&wppa-fromp=128&lang=pl&cache=1&slide=1&occur=1&album=222&#039;, &#039;http:\/\/mariacka-lodz.com.pl\/?page_id=128&lang=pl&cache=1&slide=1&occur=1&album=793f049651e53d43&#039; )\">Slideshow<\/a><\/div><div class=\"wppa-box-text wppa-black wppa-info wppa-viewlink wppa-album-cover-link\"><a title=\"View the album Odpust ku czci Wniebowzi\u0119cia Naj\u015bwi\u0119tszej Maryi Panny 15.08.2018\" style=\"cursor:pointer;\" class=\"wppa-album-cover-link\" onclick=\"wppaDoAjaxRender(event, 1, &#039;http:\/\/mariacka-lodz.com.pl\/index.php?rest_route=\/wp-photo-album-plus\/endPoint?action=wppa&wppa-action=render&wppa-size=640&occur=1&page_id=128&wppa-fromp=128&lang=pl&cache=1&album=222&cover=0&occur=1&data-alb=222&#039;, &#039;http:\/\/mariacka-lodz.com.pl\/?page_id=128&lang=pl&cache=1&album=793f049651e53d43&cover=0&occur=1&data-alb=222&#039; )\">View&nbsp;60&nbsp;photos<\/a><\/div><\/div><div id=\"coverphoto_frame_222_1\" style=\"float:right; margin-left:5px;width:110px;\" class=\"coverphoto-frame\"><div title=\" \" style=\"display:inline-block;margin:0 4px;\" onclick=\"wppaStopProp(event)\"><a title=\"View the album Odpust ku czci Wniebowzi\u0119cia Naj\u015bwi\u0119tszej Maryi Panny 15.08.2018\" style=\"border:0;color:transparent;cursor:pointer;\" target=\"_self\" onclick=\"wppaDoAjaxRender(event, 1, &#039;http:\/\/mariacka-lodz.com.pl\/index.php?rest_route=\/wp-photo-album-plus\/endPoint?action=wppa&wppa-action=render&wppa-size=640&occur=1&page_id=128&wppa-fromp=128&lang=pl&cache=1&album=222&cover=0&occur=1&data-alb=222&#039;, &#039;http:\/\/mariacka-lodz.com.pl\/?page_id=128&lang=pl&cache=1&album=793f049651e53d43&cover=0&occur=1&data-alb=222&#039; )\"><img decoding=\"async\" style=\"border-width:0px;width:100px;height:150px;opacity:0.85;display:inline;\" src=\"http:\/\/mariacka-lodz.com.pl\/wp-content\/uploads\/wppa\/thumbs\/8333.jpg?ver=9\" alt=\"_DSC0359.JPG\" class=\"image wppa-img\" onmouseover=\"jQuery(this).fadeTo(400, 1.0)\" onmouseout=\"jQuery(this).fadeTo(400,0.85)\"><\/a><\/div><\/div><div title=\" \" onclick=\"wppaStopProp(event);\"><\/div><div style=\"clear:both;\"><\/div><\/div><div id=\"album-221-1\" title=\"View the album Uroczysto\u015b\u0107 Bo\u017cego Cia\u0142a 2018\" style=\"width:100%;float:right;cursor:pointer;\" class=\"wppa-album-cover-standard album wppa-box wppa-cover-box wppa-cover-box-1\" onclick=\"wppaDoAjaxRender(event, 1, &#039;http:\/\/mariacka-lodz.com.pl\/index.php?rest_route=\/wp-photo-album-plus\/endPoint?action=wppa&wppa-action=render&wppa-size=640&occur=1&page_id=128&wppa-fromp=128&lang=pl&cache=1&album=221&cover=0&occur=1&data-alb=221&#039;, &#039;http:\/\/mariacka-lodz.com.pl\/?page_id=128&lang=pl&cache=1&album=f307d0043e9158ea&cover=0&occur=1&data-alb=221&#039; )\"><div id=\"covertext_frame_221_1\" style=\"width:459px; float:left\" class=\"wppa-text-frame-1 wppa-text-frame wppa-cover-text-frame wppa-asym-text-frame-1\"><h2 style=\"clear:none\" class=\"wppa-title\"><a title=\"View the album Uroczysto\u015b\u0107 Bo\u017cego Cia\u0142a 2018\" style=\"cursor:pointer\" class=\"wppa-title\" onclick=\"wppaDoAjaxRender(event, 1, &#039;http:\/\/mariacka-lodz.com.pl\/index.php?rest_route=\/wp-photo-album-plus\/endPoint?action=wppa&wppa-action=render&wppa-size=640&occur=1&page_id=128&wppa-fromp=128&lang=pl&cache=1&album=221&cover=0&occur=1&data-alb=221&#039;, &#039;http:\/\/mariacka-lodz.com.pl\/?page_id=128&lang=pl&cache=1&album=f307d0043e9158ea&cover=0&occur=1&data-alb=221&#039; )\">Uroczysto\u015b\u0107 Bo\u017cego Cia\u0142a 2018<\/a><\/h2><div style=\"min-height:54px;\" class=\"wppa-box-text wppa-black wppa-box-text-desc\"><\/div><div class=\"wppa-box-text wppa-black wppa-info wppa-slideshow-browse-link wppa-album-cover-link\"><a title=\"Slideshow\" style=\"cursor:pointer\" class=\"wppa-album-cover-link\" onclick=\"wppaDoAjaxRender(event, 1, &#039;http:\/\/mariacka-lodz.com.pl\/index.php?rest_route=\/wp-photo-album-plus\/endPoint?action=wppa&wppa-action=render&wppa-size=640&occur=1&page_id=128&wppa-fromp=128&lang=pl&cache=1&slide=1&occur=1&album=221&#039;, &#039;http:\/\/mariacka-lodz.com.pl\/?page_id=128&lang=pl&cache=1&slide=1&occur=1&album=f307d0043e9158ea&#039; )\">Slideshow<\/a><\/div><div class=\"wppa-box-text wppa-black wppa-info wppa-viewlink wppa-album-cover-link\"><a title=\"View the album Uroczysto\u015b\u0107 Bo\u017cego Cia\u0142a 2018\" style=\"cursor:pointer;\" class=\"wppa-album-cover-link\" onclick=\"wppaDoAjaxRender(event, 1, &#039;http:\/\/mariacka-lodz.com.pl\/index.php?rest_route=\/wp-photo-album-plus\/endPoint?action=wppa&wppa-action=render&wppa-size=640&occur=1&page_id=128&wppa-fromp=128&lang=pl&cache=1&album=221&cover=0&occur=1&data-alb=221&#039;, &#039;http:\/\/mariacka-lodz.com.pl\/?page_id=128&lang=pl&cache=1&album=f307d0043e9158ea&cover=0&occur=1&data-alb=221&#039; )\">View&nbsp;59&nbsp;photos<\/a><\/div><\/div><div id=\"coverphoto_frame_221_1\" style=\"float:right; margin-left:5px;width:160px;\" class=\"coverphoto-frame\"><div title=\" \" style=\"display:inline-block;margin:0 4px;\" onclick=\"wppaStopProp(event)\"><a title=\"View the album Uroczysto\u015b\u0107 Bo\u017cego Cia\u0142a 2018\" style=\"border:0;color:transparent;cursor:pointer;\" target=\"_self\" onclick=\"wppaDoAjaxRender(event, 1, &#039;http:\/\/mariacka-lodz.com.pl\/index.php?rest_route=\/wp-photo-album-plus\/endPoint?action=wppa&wppa-action=render&wppa-size=640&occur=1&page_id=128&wppa-fromp=128&lang=pl&cache=1&album=221&cover=0&occur=1&data-alb=221&#039;, &#039;http:\/\/mariacka-lodz.com.pl\/?page_id=128&lang=pl&cache=1&album=f307d0043e9158ea&cover=0&occur=1&data-alb=221&#039; )\"><img decoding=\"async\" style=\"border-width:0px;width:150px;height:100px;opacity:0.85;display:inline;\" src=\"http:\/\/mariacka-lodz.com.pl\/wp-content\/uploads\/wppa\/thumbs\/8274.jpg?ver=9\" alt=\"_DSC0158.JPG\" class=\"image wppa-img\" onmouseover=\"jQuery(this).fadeTo(400, 1.0)\" onmouseout=\"jQuery(this).fadeTo(400,0.85)\"><\/a><\/div><\/div><div title=\" \" onclick=\"wppaStopProp(event);\"><\/div><div style=\"clear:both;\"><\/div><\/div><div id=\"album-220-1\" title=\"View the album Msza \u015bw. pod przewodnictwem bp Ireneusza P\u0119kalskiego - Wielkanoc 2018\" style=\"width:100%;float:right;cursor:pointer;\" class=\"wppa-album-cover-standard album wppa-box wppa-cover-box wppa-cover-box-1\" onclick=\"wppaDoAjaxRender(event, 1, &#039;http:\/\/mariacka-lodz.com.pl\/index.php?rest_route=\/wp-photo-album-plus\/endPoint?action=wppa&wppa-action=render&wppa-size=640&occur=1&page_id=128&wppa-fromp=128&lang=pl&cache=1&album=220&cover=0&occur=1&data-alb=220&#039;, &#039;http:\/\/mariacka-lodz.com.pl\/?page_id=128&lang=pl&cache=1&album=27e2847d1c7cb142&cover=0&occur=1&data-alb=220&#039; )\"><div id=\"covertext_frame_220_1\" style=\"width:459px; float:left\" class=\"wppa-text-frame-1 wppa-text-frame wppa-cover-text-frame wppa-asym-text-frame-1\"><h2 style=\"clear:none\" class=\"wppa-title\"><a title=\"View the album Msza \u015bw. pod przewodnictwem bp Ireneusza P\u0119kalskiego - Wielkanoc 2018\" style=\"cursor:pointer\" class=\"wppa-title\" onclick=\"wppaDoAjaxRender(event, 1, &#039;http:\/\/mariacka-lodz.com.pl\/index.php?rest_route=\/wp-photo-album-plus\/endPoint?action=wppa&wppa-action=render&wppa-size=640&occur=1&page_id=128&wppa-fromp=128&lang=pl&cache=1&album=220&cover=0&occur=1&data-alb=220&#039;, &#039;http:\/\/mariacka-lodz.com.pl\/?page_id=128&lang=pl&cache=1&album=27e2847d1c7cb142&cover=0&occur=1&data-alb=220&#039; )\">Msza \u015bw. pod przewodnictwem bp Ireneusza P\u0119kalskiego - Wielkanoc 2018<\/a><\/h2><div style=\"min-height:54px;\" class=\"wppa-box-text wppa-black wppa-box-text-desc\"><\/div><div class=\"wppa-box-text wppa-black wppa-info wppa-slideshow-browse-link wppa-album-cover-link\"><a title=\"Slideshow\" style=\"cursor:pointer\" class=\"wppa-album-cover-link\" onclick=\"wppaDoAjaxRender(event, 1, &#039;http:\/\/mariacka-lodz.com.pl\/index.php?rest_route=\/wp-photo-album-plus\/endPoint?action=wppa&wppa-action=render&wppa-size=640&occur=1&page_id=128&wppa-fromp=128&lang=pl&cache=1&slide=1&occur=1&album=220&#039;, &#039;http:\/\/mariacka-lodz.com.pl\/?page_id=128&lang=pl&cache=1&slide=1&occur=1&album=27e2847d1c7cb142&#039; )\">Slideshow<\/a><\/div><div class=\"wppa-box-text wppa-black wppa-info wppa-viewlink wppa-album-cover-link\"><a title=\"View the album Msza \u015bw. pod przewodnictwem bp Ireneusza P\u0119kalskiego - Wielkanoc 2018\" style=\"cursor:pointer;\" class=\"wppa-album-cover-link\" onclick=\"wppaDoAjaxRender(event, 1, &#039;http:\/\/mariacka-lodz.com.pl\/index.php?rest_route=\/wp-photo-album-plus\/endPoint?action=wppa&wppa-action=render&wppa-size=640&occur=1&page_id=128&wppa-fromp=128&lang=pl&cache=1&album=220&cover=0&occur=1&data-alb=220&#039;, &#039;http:\/\/mariacka-lodz.com.pl\/?page_id=128&lang=pl&cache=1&album=27e2847d1c7cb142&cover=0&occur=1&data-alb=220&#039; )\">View&nbsp;20&nbsp;photos<\/a><\/div><\/div><div id=\"coverphoto_frame_220_1\" style=\"float:right; margin-left:5px;width:160px;\" class=\"coverphoto-frame\"><div title=\" \" style=\"display:inline-block;margin:0 4px;\" onclick=\"wppaStopProp(event)\"><a title=\"View the album Msza \u015bw. pod przewodnictwem bp Ireneusza P\u0119kalskiego - Wielkanoc 2018\" style=\"border:0;color:transparent;cursor:pointer;\" target=\"_self\" onclick=\"wppaDoAjaxRender(event, 1, &#039;http:\/\/mariacka-lodz.com.pl\/index.php?rest_route=\/wp-photo-album-plus\/endPoint?action=wppa&wppa-action=render&wppa-size=640&occur=1&page_id=128&wppa-fromp=128&lang=pl&cache=1&album=220&cover=0&occur=1&data-alb=220&#039;, &#039;http:\/\/mariacka-lodz.com.pl\/?page_id=128&lang=pl&cache=1&album=27e2847d1c7cb142&cover=0&occur=1&data-alb=220&#039; )\"><img decoding=\"async\" style=\"border-width:0px;width:150px;height:100px;opacity:0.85;display:inline;\" src=\"http:\/\/mariacka-lodz.com.pl\/wp-content\/uploads\/wppa\/thumbs\/8254.jpg?ver=9\" alt=\"_DSC6458.JPG\" class=\"image wppa-img\" onmouseover=\"jQuery(this).fadeTo(400, 1.0)\" onmouseout=\"jQuery(this).fadeTo(400,0.85)\"><\/a><\/div><\/div><div title=\" \" onclick=\"wppaStopProp(event);\"><\/div><div style=\"clear:both;\"><\/div><\/div><div id=\"album-219-1\" title=\"View the album Rezurekcja 2018\" style=\"width:100%;float:right;cursor:pointer;\" class=\"wppa-album-cover-standard album wppa-box wppa-cover-box wppa-cover-box-1\" onclick=\"wppaDoAjaxRender(event, 1, &#039;http:\/\/mariacka-lodz.com.pl\/index.php?rest_route=\/wp-photo-album-plus\/endPoint?action=wppa&wppa-action=render&wppa-size=640&occur=1&page_id=128&wppa-fromp=128&lang=pl&cache=1&album=219&cover=0&occur=1&data-alb=219&#039;, &#039;http:\/\/mariacka-lodz.com.pl\/?page_id=128&lang=pl&cache=1&album=72561bd7270d5a5e&cover=0&occur=1&data-alb=219&#039; )\"><div id=\"covertext_frame_219_1\" style=\"width:459px; float:left\" class=\"wppa-text-frame-1 wppa-text-frame wppa-cover-text-frame wppa-asym-text-frame-1\"><h2 style=\"clear:none\" class=\"wppa-title\"><a title=\"View the album Rezurekcja 2018\" style=\"cursor:pointer\" class=\"wppa-title\" onclick=\"wppaDoAjaxRender(event, 1, &#039;http:\/\/mariacka-lodz.com.pl\/index.php?rest_route=\/wp-photo-album-plus\/endPoint?action=wppa&wppa-action=render&wppa-size=640&occur=1&page_id=128&wppa-fromp=128&lang=pl&cache=1&album=219&cover=0&occur=1&data-alb=219&#039;, &#039;http:\/\/mariacka-lodz.com.pl\/?page_id=128&lang=pl&cache=1&album=72561bd7270d5a5e&cover=0&occur=1&data-alb=219&#039; )\">Rezurekcja 2018<\/a><\/h2><div style=\"min-height:54px;\" class=\"wppa-box-text wppa-black wppa-box-text-desc\"><\/div><div class=\"wppa-box-text wppa-black wppa-info wppa-slideshow-browse-link wppa-album-cover-link\"><a title=\"Slideshow\" style=\"cursor:pointer\" class=\"wppa-album-cover-link\" onclick=\"wppaDoAjaxRender(event, 1, &#039;http:\/\/mariacka-lodz.com.pl\/index.php?rest_route=\/wp-photo-album-plus\/endPoint?action=wppa&wppa-action=render&wppa-size=640&occur=1&page_id=128&wppa-fromp=128&lang=pl&cache=1&slide=1&occur=1&album=219&#039;, &#039;http:\/\/mariacka-lodz.com.pl\/?page_id=128&lang=pl&cache=1&slide=1&occur=1&album=72561bd7270d5a5e&#039; )\">Slideshow<\/a><\/div><div class=\"wppa-box-text wppa-black wppa-info wppa-viewlink wppa-album-cover-link\"><a title=\"View the album Rezurekcja 2018\" style=\"cursor:pointer;\" class=\"wppa-album-cover-link\" onclick=\"wppaDoAjaxRender(event, 1, &#039;http:\/\/mariacka-lodz.com.pl\/index.php?rest_route=\/wp-photo-album-plus\/endPoint?action=wppa&wppa-action=render&wppa-size=640&occur=1&page_id=128&wppa-fromp=128&lang=pl&cache=1&album=219&cover=0&occur=1&data-alb=219&#039;, &#039;http:\/\/mariacka-lodz.com.pl\/?page_id=128&lang=pl&cache=1&album=72561bd7270d5a5e&cover=0&occur=1&data-alb=219&#039; )\">View&nbsp;19&nbsp;photos<\/a><\/div><\/div><div id=\"coverphoto_frame_219_1\" style=\"float:right; margin-left:5px;width:160px;\" class=\"coverphoto-frame\"><div title=\" \" style=\"display:inline-block;margin:0 4px;\" onclick=\"wppaStopProp(event)\"><a title=\"View the album Rezurekcja 2018\" style=\"border:0;color:transparent;cursor:pointer;\" target=\"_self\" onclick=\"wppaDoAjaxRender(event, 1, &#039;http:\/\/mariacka-lodz.com.pl\/index.php?rest_route=\/wp-photo-album-plus\/endPoint?action=wppa&wppa-action=render&wppa-size=640&occur=1&page_id=128&wppa-fromp=128&lang=pl&cache=1&album=219&cover=0&occur=1&data-alb=219&#039;, &#039;http:\/\/mariacka-lodz.com.pl\/?page_id=128&lang=pl&cache=1&album=72561bd7270d5a5e&cover=0&occur=1&data-alb=219&#039; )\"><img decoding=\"async\" style=\"border-width:0px;width:150px;height:100px;opacity:0.85;display:inline;\" src=\"http:\/\/mariacka-lodz.com.pl\/wp-content\/uploads\/wppa\/thumbs\/8235.jpg?ver=9\" alt=\"_DSC6412.JPG\" class=\"image wppa-img\" onmouseover=\"jQuery(this).fadeTo(400, 1.0)\" onmouseout=\"jQuery(this).fadeTo(400,0.85)\"><\/a><\/div><\/div><div title=\" \" onclick=\"wppaStopProp(event);\"><\/div><div style=\"clear:both;\"><\/div><\/div><div id=\"album-218-1\" title=\"View the album Wigilia Paschalna 2018\" style=\"width:100%;float:right;cursor:pointer;\" class=\"wppa-album-cover-standard album wppa-box wppa-cover-box wppa-cover-box-1\" onclick=\"wppaDoAjaxRender(event, 1, &#039;http:\/\/mariacka-lodz.com.pl\/index.php?rest_route=\/wp-photo-album-plus\/endPoint?action=wppa&wppa-action=render&wppa-size=640&occur=1&page_id=128&wppa-fromp=128&lang=pl&cache=1&album=218&cover=0&occur=1&data-alb=218&#039;, &#039;http:\/\/mariacka-lodz.com.pl\/?page_id=128&lang=pl&cache=1&album=78a2a301558c4c57&cover=0&occur=1&data-alb=218&#039; )\"><div id=\"covertext_frame_218_1\" style=\"width:459px; float:left\" class=\"wppa-text-frame-1 wppa-text-frame wppa-cover-text-frame wppa-asym-text-frame-1\"><h2 style=\"clear:none\" class=\"wppa-title\"><a title=\"View the album Wigilia Paschalna 2018\" style=\"cursor:pointer\" class=\"wppa-title\" onclick=\"wppaDoAjaxRender(event, 1, &#039;http:\/\/mariacka-lodz.com.pl\/index.php?rest_route=\/wp-photo-album-plus\/endPoint?action=wppa&wppa-action=render&wppa-size=640&occur=1&page_id=128&wppa-fromp=128&lang=pl&cache=1&album=218&cover=0&occur=1&data-alb=218&#039;, &#039;http:\/\/mariacka-lodz.com.pl\/?page_id=128&lang=pl&cache=1&album=78a2a301558c4c57&cover=0&occur=1&data-alb=218&#039; )\">Wigilia Paschalna 2018<\/a><\/h2><div style=\"min-height:54px;\" class=\"wppa-box-text wppa-black wppa-box-text-desc\"><\/div><div class=\"wppa-box-text wppa-black wppa-info wppa-slideshow-browse-link wppa-album-cover-link\"><a title=\"Slideshow\" style=\"cursor:pointer\" class=\"wppa-album-cover-link\" onclick=\"wppaDoAjaxRender(event, 1, &#039;http:\/\/mariacka-lodz.com.pl\/index.php?rest_route=\/wp-photo-album-plus\/endPoint?action=wppa&wppa-action=render&wppa-size=640&occur=1&page_id=128&wppa-fromp=128&lang=pl&cache=1&slide=1&occur=1&album=218&#039;, &#039;http:\/\/mariacka-lodz.com.pl\/?page_id=128&lang=pl&cache=1&slide=1&occur=1&album=78a2a301558c4c57&#039; )\">Slideshow<\/a><\/div><div class=\"wppa-box-text wppa-black wppa-info wppa-viewlink wppa-album-cover-link\"><a title=\"View the album Wigilia Paschalna 2018\" style=\"cursor:pointer;\" class=\"wppa-album-cover-link\" onclick=\"wppaDoAjaxRender(event, 1, &#039;http:\/\/mariacka-lodz.com.pl\/index.php?rest_route=\/wp-photo-album-plus\/endPoint?action=wppa&wppa-action=render&wppa-size=640&occur=1&page_id=128&wppa-fromp=128&lang=pl&cache=1&album=218&cover=0&occur=1&data-alb=218&#039;, &#039;http:\/\/mariacka-lodz.com.pl\/?page_id=128&lang=pl&cache=1&album=78a2a301558c4c57&cover=0&occur=1&data-alb=218&#039; )\">View&nbsp;29&nbsp;photos<\/a><\/div><\/div><div id=\"coverphoto_frame_218_1\" style=\"float:right; margin-left:5px;width:160px;\" class=\"coverphoto-frame\"><div title=\" \" style=\"display:inline-block;margin:0 4px;\" onclick=\"wppaStopProp(event)\"><a title=\"View the album Wigilia Paschalna 2018\" style=\"border:0;color:transparent;cursor:pointer;\" target=\"_self\" onclick=\"wppaDoAjaxRender(event, 1, &#039;http:\/\/mariacka-lodz.com.pl\/index.php?rest_route=\/wp-photo-album-plus\/endPoint?action=wppa&wppa-action=render&wppa-size=640&occur=1&page_id=128&wppa-fromp=128&lang=pl&cache=1&album=218&cover=0&occur=1&data-alb=218&#039;, &#039;http:\/\/mariacka-lodz.com.pl\/?page_id=128&lang=pl&cache=1&album=78a2a301558c4c57&cover=0&occur=1&data-alb=218&#039; )\"><img decoding=\"async\" style=\"border-width:0px;width:150px;height:100px;opacity:0.85;display:inline;\" src=\"http:\/\/mariacka-lodz.com.pl\/wp-content\/uploads\/wppa\/thumbs\/8205.jpg?ver=9\" alt=\"_DSC6330.JPG\" class=\"image wppa-img\" onmouseover=\"jQuery(this).fadeTo(400, 1.0)\" onmouseout=\"jQuery(this).fadeTo(400,0.85)\"><\/a><\/div><\/div><div title=\" \" onclick=\"wppaStopProp(event);\"><\/div><div style=\"clear:both;\"><\/div><\/div><div id=\"album-217-1\" title=\"View the album \u015awi\u0119cenie pokarm\u00f3w dla dzieci 2018\" style=\"width:100%;float:right;cursor:pointer;\" class=\"wppa-album-cover-standard album wppa-box wppa-cover-box wppa-cover-box-1\" onclick=\"wppaDoAjaxRender(event, 1, &#039;http:\/\/mariacka-lodz.com.pl\/index.php?rest_route=\/wp-photo-album-plus\/endPoint?action=wppa&wppa-action=render&wppa-size=640&occur=1&page_id=128&wppa-fromp=128&lang=pl&cache=1&album=217&cover=0&occur=1&data-alb=217&#039;, &#039;http:\/\/mariacka-lodz.com.pl\/?page_id=128&lang=pl&cache=1&album=f388abdd928d5670&cover=0&occur=1&data-alb=217&#039; )\"><div id=\"covertext_frame_217_1\" style=\"width:459px; float:left\" class=\"wppa-text-frame-1 wppa-text-frame wppa-cover-text-frame wppa-asym-text-frame-1\"><h2 style=\"clear:none\" class=\"wppa-title\"><a title=\"View the album \u015awi\u0119cenie pokarm\u00f3w dla dzieci 2018\" style=\"cursor:pointer\" class=\"wppa-title\" onclick=\"wppaDoAjaxRender(event, 1, &#039;http:\/\/mariacka-lodz.com.pl\/index.php?rest_route=\/wp-photo-album-plus\/endPoint?action=wppa&wppa-action=render&wppa-size=640&occur=1&page_id=128&wppa-fromp=128&lang=pl&cache=1&album=217&cover=0&occur=1&data-alb=217&#039;, &#039;http:\/\/mariacka-lodz.com.pl\/?page_id=128&lang=pl&cache=1&album=f388abdd928d5670&cover=0&occur=1&data-alb=217&#039; )\">\u015awi\u0119cenie pokarm\u00f3w dla dzieci 2018<\/a><\/h2><div style=\"min-height:54px;\" class=\"wppa-box-text wppa-black wppa-box-text-desc\"><\/div><div class=\"wppa-box-text wppa-black wppa-info wppa-slideshow-browse-link wppa-album-cover-link\"><a title=\"Slideshow\" style=\"cursor:pointer\" class=\"wppa-album-cover-link\" onclick=\"wppaDoAjaxRender(event, 1, &#039;http:\/\/mariacka-lodz.com.pl\/index.php?rest_route=\/wp-photo-album-plus\/endPoint?action=wppa&wppa-action=render&wppa-size=640&occur=1&page_id=128&wppa-fromp=128&lang=pl&cache=1&slide=1&occur=1&album=217&#039;, &#039;http:\/\/mariacka-lodz.com.pl\/?page_id=128&lang=pl&cache=1&slide=1&occur=1&album=f388abdd928d5670&#039; )\">Slideshow<\/a><\/div><div class=\"wppa-box-text wppa-black wppa-info wppa-viewlink wppa-album-cover-link\"><a title=\"View the album \u015awi\u0119cenie pokarm\u00f3w dla dzieci 2018\" style=\"cursor:pointer;\" class=\"wppa-album-cover-link\" onclick=\"wppaDoAjaxRender(event, 1, &#039;http:\/\/mariacka-lodz.com.pl\/index.php?rest_route=\/wp-photo-album-plus\/endPoint?action=wppa&wppa-action=render&wppa-size=640&occur=1&page_id=128&wppa-fromp=128&lang=pl&cache=1&album=217&cover=0&occur=1&data-alb=217&#039;, &#039;http:\/\/mariacka-lodz.com.pl\/?page_id=128&lang=pl&cache=1&album=f388abdd928d5670&cover=0&occur=1&data-alb=217&#039; )\">View&nbsp;10&nbsp;photos<\/a><\/div><\/div><div id=\"coverphoto_frame_217_1\" style=\"float:right; margin-left:5px;width:160px;\" class=\"coverphoto-frame\"><div title=\" \" style=\"display:inline-block;margin:0 4px;\" onclick=\"wppaStopProp(event)\"><a title=\"View the album \u015awi\u0119cenie pokarm\u00f3w dla dzieci 2018\" style=\"border:0;color:transparent;cursor:pointer;\" target=\"_self\" onclick=\"wppaDoAjaxRender(event, 1, &#039;http:\/\/mariacka-lodz.com.pl\/index.php?rest_route=\/wp-photo-album-plus\/endPoint?action=wppa&wppa-action=render&wppa-size=640&occur=1&page_id=128&wppa-fromp=128&lang=pl&cache=1&album=217&cover=0&occur=1&data-alb=217&#039;, &#039;http:\/\/mariacka-lodz.com.pl\/?page_id=128&lang=pl&cache=1&album=f388abdd928d5670&cover=0&occur=1&data-alb=217&#039; )\"><img decoding=\"async\" style=\"border-width:0px;width:150px;height:100px;opacity:0.85;display:inline;\" src=\"http:\/\/mariacka-lodz.com.pl\/wp-content\/uploads\/wppa\/thumbs\/8181.jpg?ver=9\" alt=\"_DSC6267.JPG\" class=\"image wppa-img\" onmouseover=\"jQuery(this).fadeTo(400, 1.0)\" onmouseout=\"jQuery(this).fadeTo(400,0.85)\"><\/a><\/div><\/div><div title=\" \" onclick=\"wppaStopProp(event);\"><\/div><div style=\"clear:both;\"><\/div><\/div><div id=\"album-216-1\" title=\"View the album Wielki Pi\u0105tek 2018\" style=\"width:100%;float:right;cursor:pointer;\" class=\"wppa-album-cover-standard album wppa-box wppa-cover-box wppa-cover-box-1\" onclick=\"wppaDoAjaxRender(event, 1, &#039;http:\/\/mariacka-lodz.com.pl\/index.php?rest_route=\/wp-photo-album-plus\/endPoint?action=wppa&wppa-action=render&wppa-size=640&occur=1&page_id=128&wppa-fromp=128&lang=pl&cache=1&album=216&cover=0&occur=1&data-alb=216&#039;, &#039;http:\/\/mariacka-lodz.com.pl\/?page_id=128&lang=pl&cache=1&album=3e6942cfb4fb8cdc&cover=0&occur=1&data-alb=216&#039; )\"><div id=\"covertext_frame_216_1\" style=\"width:459px; float:left\" class=\"wppa-text-frame-1 wppa-text-frame wppa-cover-text-frame wppa-asym-text-frame-1\"><h2 style=\"clear:none\" class=\"wppa-title\"><a title=\"View the album Wielki Pi\u0105tek 2018\" style=\"cursor:pointer\" class=\"wppa-title\" onclick=\"wppaDoAjaxRender(event, 1, &#039;http:\/\/mariacka-lodz.com.pl\/index.php?rest_route=\/wp-photo-album-plus\/endPoint?action=wppa&wppa-action=render&wppa-size=640&occur=1&page_id=128&wppa-fromp=128&lang=pl&cache=1&album=216&cover=0&occur=1&data-alb=216&#039;, &#039;http:\/\/mariacka-lodz.com.pl\/?page_id=128&lang=pl&cache=1&album=3e6942cfb4fb8cdc&cover=0&occur=1&data-alb=216&#039; )\">Wielki Pi\u0105tek 2018<\/a><\/h2><div style=\"min-height:54px;\" class=\"wppa-box-text wppa-black wppa-box-text-desc\"><\/div><div class=\"wppa-box-text wppa-black wppa-info wppa-slideshow-browse-link wppa-album-cover-link\"><a title=\"Slideshow\" style=\"cursor:pointer\" class=\"wppa-album-cover-link\" onclick=\"wppaDoAjaxRender(event, 1, &#039;http:\/\/mariacka-lodz.com.pl\/index.php?rest_route=\/wp-photo-album-plus\/endPoint?action=wppa&wppa-action=render&wppa-size=640&occur=1&page_id=128&wppa-fromp=128&lang=pl&cache=1&slide=1&occur=1&album=216&#039;, &#039;http:\/\/mariacka-lodz.com.pl\/?page_id=128&lang=pl&cache=1&slide=1&occur=1&album=3e6942cfb4fb8cdc&#039; )\">Slideshow<\/a><\/div><div class=\"wppa-box-text wppa-black wppa-info wppa-viewlink wppa-album-cover-link\"><a title=\"View the album Wielki Pi\u0105tek 2018\" style=\"cursor:pointer;\" class=\"wppa-album-cover-link\" onclick=\"wppaDoAjaxRender(event, 1, &#039;http:\/\/mariacka-lodz.com.pl\/index.php?rest_route=\/wp-photo-album-plus\/endPoint?action=wppa&wppa-action=render&wppa-size=640&occur=1&page_id=128&wppa-fromp=128&lang=pl&cache=1&album=216&cover=0&occur=1&data-alb=216&#039;, &#039;http:\/\/mariacka-lodz.com.pl\/?page_id=128&lang=pl&cache=1&album=3e6942cfb4fb8cdc&cover=0&occur=1&data-alb=216&#039; )\">View&nbsp;40&nbsp;photos<\/a><\/div><\/div><div id=\"coverphoto_frame_216_1\" style=\"float:right; margin-left:5px;width:110px;\" class=\"coverphoto-frame\"><div title=\" \" style=\"display:inline-block;margin:0 4px;\" onclick=\"wppaStopProp(event)\"><a title=\"View the album Wielki Pi\u0105tek 2018\" style=\"border:0;color:transparent;cursor:pointer;\" target=\"_self\" onclick=\"wppaDoAjaxRender(event, 1, &#039;http:\/\/mariacka-lodz.com.pl\/index.php?rest_route=\/wp-photo-album-plus\/endPoint?action=wppa&wppa-action=render&wppa-size=640&occur=1&page_id=128&wppa-fromp=128&lang=pl&cache=1&album=216&cover=0&occur=1&data-alb=216&#039;, &#039;http:\/\/mariacka-lodz.com.pl\/?page_id=128&lang=pl&cache=1&album=3e6942cfb4fb8cdc&cover=0&occur=1&data-alb=216&#039; )\"><img decoding=\"async\" style=\"border-width:0px;width:100px;height:150px;opacity:0.85;display:inline;\" src=\"http:\/\/mariacka-lodz.com.pl\/wp-content\/uploads\/wppa\/thumbs\/8156.jpg?ver=9\" alt=\"_DSC6198.JPG\" class=\"image wppa-img\" onmouseover=\"jQuery(this).fadeTo(400, 1.0)\" onmouseout=\"jQuery(this).fadeTo(400,0.85)\"><\/a><\/div><\/div><div title=\" \" onclick=\"wppaStopProp(event);\"><\/div><div style=\"clear:both;\"><\/div><\/div><div id=\"album-215-1\" title=\"View the album Wielki Czwartek 2018\" style=\"width:100%;float:right;cursor:pointer;\" class=\"wppa-album-cover-standard album wppa-box wppa-cover-box wppa-cover-box-1\" onclick=\"wppaDoAjaxRender(event, 1, &#039;http:\/\/mariacka-lodz.com.pl\/index.php?rest_route=\/wp-photo-album-plus\/endPoint?action=wppa&wppa-action=render&wppa-size=640&occur=1&page_id=128&wppa-fromp=128&lang=pl&cache=1&album=215&cover=0&occur=1&data-alb=215&#039;, &#039;http:\/\/mariacka-lodz.com.pl\/?page_id=128&lang=pl&cache=1&album=796f2a5547a4794d&cover=0&occur=1&data-alb=215&#039; )\"><div id=\"covertext_frame_215_1\" style=\"width:459px; float:left\" class=\"wppa-text-frame-1 wppa-text-frame wppa-cover-text-frame wppa-asym-text-frame-1\"><h2 style=\"clear:none\" class=\"wppa-title\"><a title=\"View the album Wielki Czwartek 2018\" style=\"cursor:pointer\" class=\"wppa-title\" onclick=\"wppaDoAjaxRender(event, 1, &#039;http:\/\/mariacka-lodz.com.pl\/index.php?rest_route=\/wp-photo-album-plus\/endPoint?action=wppa&wppa-action=render&wppa-size=640&occur=1&page_id=128&wppa-fromp=128&lang=pl&cache=1&album=215&cover=0&occur=1&data-alb=215&#039;, &#039;http:\/\/mariacka-lodz.com.pl\/?page_id=128&lang=pl&cache=1&album=796f2a5547a4794d&cover=0&occur=1&data-alb=215&#039; )\">Wielki Czwartek 2018<\/a><\/h2><div style=\"min-height:54px;\" class=\"wppa-box-text wppa-black wppa-box-text-desc\"><\/div><div class=\"wppa-box-text wppa-black wppa-info wppa-slideshow-browse-link wppa-album-cover-link\"><a title=\"Slideshow\" style=\"cursor:pointer\" class=\"wppa-album-cover-link\" onclick=\"wppaDoAjaxRender(event, 1, &#039;http:\/\/mariacka-lodz.com.pl\/index.php?rest_route=\/wp-photo-album-plus\/endPoint?action=wppa&wppa-action=render&wppa-size=640&occur=1&page_id=128&wppa-fromp=128&lang=pl&cache=1&slide=1&occur=1&album=215&#039;, &#039;http:\/\/mariacka-lodz.com.pl\/?page_id=128&lang=pl&cache=1&slide=1&occur=1&album=796f2a5547a4794d&#039; )\">Slideshow<\/a><\/div><div class=\"wppa-box-text wppa-black wppa-info wppa-viewlink wppa-album-cover-link\"><a title=\"View the album Wielki Czwartek 2018\" style=\"cursor:pointer;\" class=\"wppa-album-cover-link\" onclick=\"wppaDoAjaxRender(event, 1, &#039;http:\/\/mariacka-lodz.com.pl\/index.php?rest_route=\/wp-photo-album-plus\/endPoint?action=wppa&wppa-action=render&wppa-size=640&occur=1&page_id=128&wppa-fromp=128&lang=pl&cache=1&album=215&cover=0&occur=1&data-alb=215&#039;, &#039;http:\/\/mariacka-lodz.com.pl\/?page_id=128&lang=pl&cache=1&album=796f2a5547a4794d&cover=0&occur=1&data-alb=215&#039; )\">View&nbsp;34&nbsp;photos<\/a><\/div><\/div><div id=\"coverphoto_frame_215_1\" style=\"float:right; margin-left:5px;width:160px;\" class=\"coverphoto-frame\"><div title=\" \" style=\"display:inline-block;margin:0 4px;\" onclick=\"wppaStopProp(event)\"><a title=\"View the album Wielki Czwartek 2018\" style=\"border:0;color:transparent;cursor:pointer;\" target=\"_self\" onclick=\"wppaDoAjaxRender(event, 1, &#039;http:\/\/mariacka-lodz.com.pl\/index.php?rest_route=\/wp-photo-album-plus\/endPoint?action=wppa&wppa-action=render&wppa-size=640&occur=1&page_id=128&wppa-fromp=128&lang=pl&cache=1&album=215&cover=0&occur=1&data-alb=215&#039;, &#039;http:\/\/mariacka-lodz.com.pl\/?page_id=128&lang=pl&cache=1&album=796f2a5547a4794d&cover=0&occur=1&data-alb=215&#039; )\"><img decoding=\"async\" style=\"border-width:0px;width:150px;height:100px;opacity:0.85;display:inline;\" src=\"http:\/\/mariacka-lodz.com.pl\/wp-content\/uploads\/wppa\/thumbs\/8122.jpg?ver=9\" alt=\"DSC_6097.JPG\" class=\"image wppa-img\" onmouseover=\"jQuery(this).fadeTo(400, 1.0)\" onmouseout=\"jQuery(this).fadeTo(400,0.85)\"><\/a><\/div><\/div><div title=\" \" onclick=\"wppaStopProp(event);\"><\/div><div style=\"clear:both;\"><\/div><\/div><div id=\"album-214-1\" title=\"View the album Niedziela Palmowa 2018\" style=\"width:100%;float:right;cursor:pointer;\" class=\"wppa-album-cover-standard album wppa-box wppa-cover-box wppa-cover-box-1\" onclick=\"wppaDoAjaxRender(event, 1, &#039;http:\/\/mariacka-lodz.com.pl\/index.php?rest_route=\/wp-photo-album-plus\/endPoint?action=wppa&wppa-action=render&wppa-size=640&occur=1&page_id=128&wppa-fromp=128&lang=pl&cache=1&album=214&cover=0&occur=1&data-alb=214&#039;, &#039;http:\/\/mariacka-lodz.com.pl\/?page_id=128&lang=pl&cache=1&album=5cc0c6bf6a4f3d80&cover=0&occur=1&data-alb=214&#039; )\"><div id=\"covertext_frame_214_1\" style=\"width:459px; float:left\" class=\"wppa-text-frame-1 wppa-text-frame wppa-cover-text-frame wppa-asym-text-frame-1\"><h2 style=\"clear:none\" class=\"wppa-title\"><a title=\"View the album Niedziela Palmowa 2018\" style=\"cursor:pointer\" class=\"wppa-title\" onclick=\"wppaDoAjaxRender(event, 1, &#039;http:\/\/mariacka-lodz.com.pl\/index.php?rest_route=\/wp-photo-album-plus\/endPoint?action=wppa&wppa-action=render&wppa-size=640&occur=1&page_id=128&wppa-fromp=128&lang=pl&cache=1&album=214&cover=0&occur=1&data-alb=214&#039;, &#039;http:\/\/mariacka-lodz.com.pl\/?page_id=128&lang=pl&cache=1&album=5cc0c6bf6a4f3d80&cover=0&occur=1&data-alb=214&#039; )\">Niedziela Palmowa 2018<\/a><\/h2><div style=\"min-height:54px;\" class=\"wppa-box-text wppa-black wppa-box-text-desc\"><\/div><div class=\"wppa-box-text wppa-black wppa-info wppa-slideshow-browse-link wppa-album-cover-link\"><a title=\"Slideshow\" style=\"cursor:pointer\" class=\"wppa-album-cover-link\" onclick=\"wppaDoAjaxRender(event, 1, &#039;http:\/\/mariacka-lodz.com.pl\/index.php?rest_route=\/wp-photo-album-plus\/endPoint?action=wppa&wppa-action=render&wppa-size=640&occur=1&page_id=128&wppa-fromp=128&lang=pl&cache=1&slide=1&occur=1&album=214&#039;, &#039;http:\/\/mariacka-lodz.com.pl\/?page_id=128&lang=pl&cache=1&slide=1&occur=1&album=5cc0c6bf6a4f3d80&#039; )\">Slideshow<\/a><\/div><div class=\"wppa-box-text wppa-black wppa-info wppa-viewlink wppa-album-cover-link\"><a title=\"View the album Niedziela Palmowa 2018\" style=\"cursor:pointer;\" class=\"wppa-album-cover-link\" onclick=\"wppaDoAjaxRender(event, 1, &#039;http:\/\/mariacka-lodz.com.pl\/index.php?rest_route=\/wp-photo-album-plus\/endPoint?action=wppa&wppa-action=render&wppa-size=640&occur=1&page_id=128&wppa-fromp=128&lang=pl&cache=1&album=214&cover=0&occur=1&data-alb=214&#039;, &#039;http:\/\/mariacka-lodz.com.pl\/?page_id=128&lang=pl&cache=1&album=5cc0c6bf6a4f3d80&cover=0&occur=1&data-alb=214&#039; )\">View&nbsp;48&nbsp;photos<\/a><\/div><\/div><div id=\"coverphoto_frame_214_1\" style=\"float:right; margin-left:5px;width:160px;\" class=\"coverphoto-frame\"><div title=\" \" style=\"display:inline-block;margin:0 4px;\" onclick=\"wppaStopProp(event)\"><a title=\"View the album Niedziela Palmowa 2018\" style=\"border:0;color:transparent;cursor:pointer;\" target=\"_self\" onclick=\"wppaDoAjaxRender(event, 1, &#039;http:\/\/mariacka-lodz.com.pl\/index.php?rest_route=\/wp-photo-album-plus\/endPoint?action=wppa&wppa-action=render&wppa-size=640&occur=1&page_id=128&wppa-fromp=128&lang=pl&cache=1&album=214&cover=0&occur=1&data-alb=214&#039;, &#039;http:\/\/mariacka-lodz.com.pl\/?page_id=128&lang=pl&cache=1&album=5cc0c6bf6a4f3d80&cover=0&occur=1&data-alb=214&#039; )\"><img decoding=\"async\" style=\"border-width:0px;width:150px;height:100px;opacity:0.85;display:inline;\" src=\"http:\/\/mariacka-lodz.com.pl\/wp-content\/uploads\/wppa\/thumbs\/8074.jpg?ver=9\" alt=\"DSC_5936.JPG\" class=\"image wppa-img\" onmouseover=\"jQuery(this).fadeTo(400, 1.0)\" onmouseout=\"jQuery(this).fadeTo(400,0.85)\"><\/a><\/div><\/div><div title=\" \" onclick=\"wppaStopProp(event);\"><\/div><div style=\"clear:both;\"><\/div><\/div><div id=\"album-213-1\" title=\"View the album Ko\u015bci\u00f3\u0142 Stacyjny 2018\" style=\"width:100%;float:right;cursor:pointer;\" class=\"wppa-album-cover-standard album wppa-box wppa-cover-box wppa-cover-box-1\" onclick=\"wppaDoAjaxRender(event, 1, &#039;http:\/\/mariacka-lodz.com.pl\/index.php?rest_route=\/wp-photo-album-plus\/endPoint?action=wppa&wppa-action=render&wppa-size=640&occur=1&page_id=128&wppa-fromp=128&lang=pl&cache=1&album=213&cover=0&occur=1&data-alb=213&#039;, &#039;http:\/\/mariacka-lodz.com.pl\/?page_id=128&lang=pl&cache=1&album=894449ff418720d0&cover=0&occur=1&data-alb=213&#039; )\"><div id=\"covertext_frame_213_1\" style=\"width:459px; float:left\" class=\"wppa-text-frame-1 wppa-text-frame wppa-cover-text-frame wppa-asym-text-frame-1\"><h2 style=\"clear:none\" class=\"wppa-title\"><a title=\"View the album Ko\u015bci\u00f3\u0142 Stacyjny 2018\" style=\"cursor:pointer\" class=\"wppa-title\" onclick=\"wppaDoAjaxRender(event, 1, &#039;http:\/\/mariacka-lodz.com.pl\/index.php?rest_route=\/wp-photo-album-plus\/endPoint?action=wppa&wppa-action=render&wppa-size=640&occur=1&page_id=128&wppa-fromp=128&lang=pl&cache=1&album=213&cover=0&occur=1&data-alb=213&#039;, &#039;http:\/\/mariacka-lodz.com.pl\/?page_id=128&lang=pl&cache=1&album=894449ff418720d0&cover=0&occur=1&data-alb=213&#039; )\">Ko\u015bci\u00f3\u0142 Stacyjny 2018<\/a><\/h2><div style=\"min-height:54px;\" class=\"wppa-box-text wppa-black wppa-box-text-desc\"><\/div><div class=\"wppa-box-text wppa-black wppa-info wppa-slideshow-browse-link wppa-album-cover-link\"><a title=\"Slideshow\" style=\"cursor:pointer\" class=\"wppa-album-cover-link\" onclick=\"wppaDoAjaxRender(event, 1, &#039;http:\/\/mariacka-lodz.com.pl\/index.php?rest_route=\/wp-photo-album-plus\/endPoint?action=wppa&wppa-action=render&wppa-size=640&occur=1&page_id=128&wppa-fromp=128&lang=pl&cache=1&slide=1&occur=1&album=213&#039;, &#039;http:\/\/mariacka-lodz.com.pl\/?page_id=128&lang=pl&cache=1&slide=1&occur=1&album=894449ff418720d0&#039; )\">Slideshow<\/a><\/div><div class=\"wppa-box-text wppa-black wppa-info wppa-viewlink wppa-album-cover-link\"><a title=\"View the album Ko\u015bci\u00f3\u0142 Stacyjny 2018\" style=\"cursor:pointer;\" class=\"wppa-album-cover-link\" onclick=\"wppaDoAjaxRender(event, 1, &#039;http:\/\/mariacka-lodz.com.pl\/index.php?rest_route=\/wp-photo-album-plus\/endPoint?action=wppa&wppa-action=render&wppa-size=640&occur=1&page_id=128&wppa-fromp=128&lang=pl&cache=1&album=213&cover=0&occur=1&data-alb=213&#039;, &#039;http:\/\/mariacka-lodz.com.pl\/?page_id=128&lang=pl&cache=1&album=894449ff418720d0&cover=0&occur=1&data-alb=213&#039; )\">View&nbsp;15&nbsp;photos<\/a><\/div><\/div><div id=\"coverphoto_frame_213_1\" style=\"float:right; margin-left:5px;width:160px;\" class=\"coverphoto-frame\"><div title=\" \" style=\"display:inline-block;margin:0 4px;\" onclick=\"wppaStopProp(event)\"><a title=\"View the album Ko\u015bci\u00f3\u0142 Stacyjny 2018\" style=\"border:0;color:transparent;cursor:pointer;\" target=\"_self\" onclick=\"wppaDoAjaxRender(event, 1, &#039;http:\/\/mariacka-lodz.com.pl\/index.php?rest_route=\/wp-photo-album-plus\/endPoint?action=wppa&wppa-action=render&wppa-size=640&occur=1&page_id=128&wppa-fromp=128&lang=pl&cache=1&album=213&cover=0&occur=1&data-alb=213&#039;, &#039;http:\/\/mariacka-lodz.com.pl\/?page_id=128&lang=pl&cache=1&album=894449ff418720d0&cover=0&occur=1&data-alb=213&#039; )\"><img decoding=\"async\" style=\"border-width:0px;width:150px;height:100px;opacity:0.85;display:inline;\" src=\"http:\/\/mariacka-lodz.com.pl\/wp-content\/uploads\/wppa\/thumbs\/8054.jpg?ver=9\" alt=\"DSC_5899.JPG\" class=\"image wppa-img\" onmouseover=\"jQuery(this).fadeTo(400, 1.0)\" onmouseout=\"jQuery(this).fadeTo(400,0.85)\"><\/a><\/div><\/div><div title=\" \" onclick=\"wppaStopProp(event);\"><\/div><div style=\"clear:both;\"><\/div><\/div><div id=\"album-212-1\" title=\"View the album Spotkanie Op\u0142atkowe Grup Parafialnych\" style=\"width:100%;float:right;cursor:pointer;\" class=\"wppa-album-cover-standard album wppa-box wppa-cover-box wppa-cover-box-1\" onclick=\"wppaDoAjaxRender(event, 1, &#039;http:\/\/mariacka-lodz.com.pl\/index.php?rest_route=\/wp-photo-album-plus\/endPoint?action=wppa&wppa-action=render&wppa-size=640&occur=1&page_id=128&wppa-fromp=128&lang=pl&cache=1&album=212&cover=0&occur=1&data-alb=212&#039;, &#039;http:\/\/mariacka-lodz.com.pl\/?page_id=128&lang=pl&cache=1&album=c0fb7c8d83085008&cover=0&occur=1&data-alb=212&#039; )\"><div id=\"covertext_frame_212_1\" style=\"width:459px; float:left\" class=\"wppa-text-frame-1 wppa-text-frame wppa-cover-text-frame wppa-asym-text-frame-1\"><h2 style=\"clear:none\" class=\"wppa-title\"><a title=\"View the album Spotkanie Op\u0142atkowe Grup Parafialnych\" style=\"cursor:pointer\" class=\"wppa-title\" onclick=\"wppaDoAjaxRender(event, 1, &#039;http:\/\/mariacka-lodz.com.pl\/index.php?rest_route=\/wp-photo-album-plus\/endPoint?action=wppa&wppa-action=render&wppa-size=640&occur=1&page_id=128&wppa-fromp=128&lang=pl&cache=1&album=212&cover=0&occur=1&data-alb=212&#039;, &#039;http:\/\/mariacka-lodz.com.pl\/?page_id=128&lang=pl&cache=1&album=c0fb7c8d83085008&cover=0&occur=1&data-alb=212&#039; )\">Spotkanie Op\u0142atkowe Grup Parafialnych<\/a><\/h2><div style=\"min-height:54px;\" class=\"wppa-box-text wppa-black wppa-box-text-desc\"><\/div><div class=\"wppa-box-text wppa-black wppa-info wppa-slideshow-browse-link wppa-album-cover-link\"><a title=\"Slideshow\" style=\"cursor:pointer\" class=\"wppa-album-cover-link\" onclick=\"wppaDoAjaxRender(event, 1, &#039;http:\/\/mariacka-lodz.com.pl\/index.php?rest_route=\/wp-photo-album-plus\/endPoint?action=wppa&wppa-action=render&wppa-size=640&occur=1&page_id=128&wppa-fromp=128&lang=pl&cache=1&slide=1&occur=1&album=212&#039;, &#039;http:\/\/mariacka-lodz.com.pl\/?page_id=128&lang=pl&cache=1&slide=1&occur=1&album=c0fb7c8d83085008&#039; )\">Slideshow<\/a><\/div><div class=\"wppa-box-text wppa-black wppa-info wppa-viewlink wppa-album-cover-link\"><a title=\"View the album Spotkanie Op\u0142atkowe Grup Parafialnych\" style=\"cursor:pointer;\" class=\"wppa-album-cover-link\" onclick=\"wppaDoAjaxRender(event, 1, &#039;http:\/\/mariacka-lodz.com.pl\/index.php?rest_route=\/wp-photo-album-plus\/endPoint?action=wppa&wppa-action=render&wppa-size=640&occur=1&page_id=128&wppa-fromp=128&lang=pl&cache=1&album=212&cover=0&occur=1&data-alb=212&#039;, &#039;http:\/\/mariacka-lodz.com.pl\/?page_id=128&lang=pl&cache=1&album=c0fb7c8d83085008&cover=0&occur=1&data-alb=212&#039; )\">View&nbsp;18&nbsp;photos<\/a><\/div><\/div><div id=\"coverphoto_frame_212_1\" style=\"float:right; margin-left:5px;width:160px;\" class=\"coverphoto-frame\"><div title=\" \" style=\"display:inline-block;margin:0 4px;\" onclick=\"wppaStopProp(event)\"><a title=\"View the album Spotkanie Op\u0142atkowe Grup Parafialnych\" style=\"border:0;color:transparent;cursor:pointer;\" target=\"_self\" onclick=\"wppaDoAjaxRender(event, 1, &#039;http:\/\/mariacka-lodz.com.pl\/index.php?rest_route=\/wp-photo-album-plus\/endPoint?action=wppa&wppa-action=render&wppa-size=640&occur=1&page_id=128&wppa-fromp=128&lang=pl&cache=1&album=212&cover=0&occur=1&data-alb=212&#039;, &#039;http:\/\/mariacka-lodz.com.pl\/?page_id=128&lang=pl&cache=1&album=c0fb7c8d83085008&cover=0&occur=1&data-alb=212&#039; )\"><img decoding=\"async\" style=\"border-width:0px;width:150px;height:100px;opacity:0.85;display:inline;\" src=\"http:\/\/mariacka-lodz.com.pl\/wp-content\/uploads\/wppa\/thumbs\/8036.jpg?ver=9\" alt=\"DSC_5739.JPG\" class=\"image wppa-img\" onmouseover=\"jQuery(this).fadeTo(400, 1.0)\" onmouseout=\"jQuery(this).fadeTo(400,0.85)\"><\/a><\/div><\/div><div title=\" \" onclick=\"wppaStopProp(event);\"><\/div><div style=\"clear:both;\"><\/div><\/div><div id=\"album-211-1\" title=\"View the album Trzech Kr\u00f3li 2018\" style=\"width:100%;float:right;cursor:pointer;\" class=\"wppa-album-cover-standard album wppa-box wppa-cover-box wppa-cover-box-1\" onclick=\"wppaDoAjaxRender(event, 1, &#039;http:\/\/mariacka-lodz.com.pl\/index.php?rest_route=\/wp-photo-album-plus\/endPoint?action=wppa&wppa-action=render&wppa-size=640&occur=1&page_id=128&wppa-fromp=128&lang=pl&cache=1&album=211&cover=0&occur=1&data-alb=211&#039;, &#039;http:\/\/mariacka-lodz.com.pl\/?page_id=128&lang=pl&cache=1&album=f2661b17ad7a705e&cover=0&occur=1&data-alb=211&#039; )\"><div id=\"covertext_frame_211_1\" style=\"width:459px; float:left\" class=\"wppa-text-frame-1 wppa-text-frame wppa-cover-text-frame wppa-asym-text-frame-1\"><h2 style=\"clear:none\" class=\"wppa-title\"><a title=\"View the album Trzech Kr\u00f3li 2018\" style=\"cursor:pointer\" class=\"wppa-title\" onclick=\"wppaDoAjaxRender(event, 1, &#039;http:\/\/mariacka-lodz.com.pl\/index.php?rest_route=\/wp-photo-album-plus\/endPoint?action=wppa&wppa-action=render&wppa-size=640&occur=1&page_id=128&wppa-fromp=128&lang=pl&cache=1&album=211&cover=0&occur=1&data-alb=211&#039;, &#039;http:\/\/mariacka-lodz.com.pl\/?page_id=128&lang=pl&cache=1&album=f2661b17ad7a705e&cover=0&occur=1&data-alb=211&#039; )\">Trzech Kr\u00f3li 2018<\/a><\/h2><div style=\"min-height:54px;\" class=\"wppa-box-text wppa-black wppa-box-text-desc\"><\/div><div class=\"wppa-box-text wppa-black wppa-info wppa-slideshow-browse-link wppa-album-cover-link\"><a title=\"Slideshow\" style=\"cursor:pointer\" class=\"wppa-album-cover-link\" onclick=\"wppaDoAjaxRender(event, 1, &#039;http:\/\/mariacka-lodz.com.pl\/index.php?rest_route=\/wp-photo-album-plus\/endPoint?action=wppa&wppa-action=render&wppa-size=640&occur=1&page_id=128&wppa-fromp=128&lang=pl&cache=1&slide=1&occur=1&album=211&#039;, &#039;http:\/\/mariacka-lodz.com.pl\/?page_id=128&lang=pl&cache=1&slide=1&occur=1&album=f2661b17ad7a705e&#039; )\">Slideshow<\/a><\/div><div class=\"wppa-box-text wppa-black wppa-info wppa-viewlink wppa-album-cover-link\"><a title=\"View the album Trzech Kr\u00f3li 2018\" style=\"cursor:pointer;\" class=\"wppa-album-cover-link\" onclick=\"wppaDoAjaxRender(event, 1, &#039;http:\/\/mariacka-lodz.com.pl\/index.php?rest_route=\/wp-photo-album-plus\/endPoint?action=wppa&wppa-action=render&wppa-size=640&occur=1&page_id=128&wppa-fromp=128&lang=pl&cache=1&album=211&cover=0&occur=1&data-alb=211&#039;, &#039;http:\/\/mariacka-lodz.com.pl\/?page_id=128&lang=pl&cache=1&album=f2661b17ad7a705e&cover=0&occur=1&data-alb=211&#039; )\">View&nbsp;22&nbsp;photos<\/a><\/div><\/div><div id=\"coverphoto_frame_211_1\" style=\"float:right; margin-left:5px;width:160px;\" class=\"coverphoto-frame\"><div title=\" \" style=\"display:inline-block;margin:0 4px;\" onclick=\"wppaStopProp(event)\"><a title=\"View the album Trzech Kr\u00f3li 2018\" style=\"border:0;color:transparent;cursor:pointer;\" target=\"_self\" onclick=\"wppaDoAjaxRender(event, 1, &#039;http:\/\/mariacka-lodz.com.pl\/index.php?rest_route=\/wp-photo-album-plus\/endPoint?action=wppa&wppa-action=render&wppa-size=640&occur=1&page_id=128&wppa-fromp=128&lang=pl&cache=1&album=211&cover=0&occur=1&data-alb=211&#039;, &#039;http:\/\/mariacka-lodz.com.pl\/?page_id=128&lang=pl&cache=1&album=f2661b17ad7a705e&cover=0&occur=1&data-alb=211&#039; )\"><img decoding=\"async\" style=\"border-width:0px;width:150px;height:100px;opacity:0.85;display:inline;\" src=\"http:\/\/mariacka-lodz.com.pl\/wp-content\/uploads\/wppa\/thumbs\/8019.jpg?ver=9\" alt=\"DSC_5707.JPG\" class=\"image wppa-img\" onmouseover=\"jQuery(this).fadeTo(400, 1.0)\" onmouseout=\"jQuery(this).fadeTo(400,0.85)\"><\/a><\/div><\/div><div title=\" \" onclick=\"wppaStopProp(event);\"><\/div><div style=\"clear:both;\"><\/div><\/div><div id=\"album-210-1\" title=\"View the album Pasterka 2017\" style=\"width:100%;float:right;cursor:pointer;\" class=\"wppa-album-cover-standard album wppa-box wppa-cover-box wppa-cover-box-1\" onclick=\"wppaDoAjaxRender(event, 1, &#039;http:\/\/mariacka-lodz.com.pl\/index.php?rest_route=\/wp-photo-album-plus\/endPoint?action=wppa&wppa-action=render&wppa-size=640&occur=1&page_id=128&wppa-fromp=128&lang=pl&cache=1&album=210&cover=0&occur=1&data-alb=210&#039;, &#039;http:\/\/mariacka-lodz.com.pl\/?page_id=128&lang=pl&cache=1&album=2b7a28412e98a007&cover=0&occur=1&data-alb=210&#039; )\"><div id=\"covertext_frame_210_1\" style=\"width:459px; float:left\" class=\"wppa-text-frame-1 wppa-text-frame wppa-cover-text-frame wppa-asym-text-frame-1\"><h2 style=\"clear:none\" class=\"wppa-title\"><a title=\"View the album Pasterka 2017\" style=\"cursor:pointer\" class=\"wppa-title\" onclick=\"wppaDoAjaxRender(event, 1, &#039;http:\/\/mariacka-lodz.com.pl\/index.php?rest_route=\/wp-photo-album-plus\/endPoint?action=wppa&wppa-action=render&wppa-size=640&occur=1&page_id=128&wppa-fromp=128&lang=pl&cache=1&album=210&cover=0&occur=1&data-alb=210&#039;, &#039;http:\/\/mariacka-lodz.com.pl\/?page_id=128&lang=pl&cache=1&album=2b7a28412e98a007&cover=0&occur=1&data-alb=210&#039; )\">Pasterka 2017<\/a><\/h2><div style=\"min-height:54px;\" class=\"wppa-box-text wppa-black wppa-box-text-desc\"><\/div><div class=\"wppa-box-text wppa-black wppa-info wppa-slideshow-browse-link wppa-album-cover-link\"><a title=\"Slideshow\" style=\"cursor:pointer\" class=\"wppa-album-cover-link\" onclick=\"wppaDoAjaxRender(event, 1, &#039;http:\/\/mariacka-lodz.com.pl\/index.php?rest_route=\/wp-photo-album-plus\/endPoint?action=wppa&wppa-action=render&wppa-size=640&occur=1&page_id=128&wppa-fromp=128&lang=pl&cache=1&slide=1&occur=1&album=210&#039;, &#039;http:\/\/mariacka-lodz.com.pl\/?page_id=128&lang=pl&cache=1&slide=1&occur=1&album=2b7a28412e98a007&#039; )\">Slideshow<\/a><\/div><div class=\"wppa-box-text wppa-black wppa-info wppa-viewlink wppa-album-cover-link\"><a title=\"View the album Pasterka 2017\" style=\"cursor:pointer;\" class=\"wppa-album-cover-link\" onclick=\"wppaDoAjaxRender(event, 1, &#039;http:\/\/mariacka-lodz.com.pl\/index.php?rest_route=\/wp-photo-album-plus\/endPoint?action=wppa&wppa-action=render&wppa-size=640&occur=1&page_id=128&wppa-fromp=128&lang=pl&cache=1&album=210&cover=0&occur=1&data-alb=210&#039;, &#039;http:\/\/mariacka-lodz.com.pl\/?page_id=128&lang=pl&cache=1&album=2b7a28412e98a007&cover=0&occur=1&data-alb=210&#039; )\">View&nbsp;33&nbsp;photos<\/a><\/div><\/div><div id=\"coverphoto_frame_210_1\" style=\"float:right; margin-left:5px;width:160px;\" class=\"coverphoto-frame\"><div title=\" \" style=\"display:inline-block;margin:0 4px;\" onclick=\"wppaStopProp(event)\"><a title=\"View the album Pasterka 2017\" style=\"border:0;color:transparent;cursor:pointer;\" target=\"_self\" onclick=\"wppaDoAjaxRender(event, 1, &#039;http:\/\/mariacka-lodz.com.pl\/index.php?rest_route=\/wp-photo-album-plus\/endPoint?action=wppa&wppa-action=render&wppa-size=640&occur=1&page_id=128&wppa-fromp=128&lang=pl&cache=1&album=210&cover=0&occur=1&data-alb=210&#039;, &#039;http:\/\/mariacka-lodz.com.pl\/?page_id=128&lang=pl&cache=1&album=2b7a28412e98a007&cover=0&occur=1&data-alb=210&#039; )\"><img decoding=\"async\" style=\"border-width:0px;width:150px;height:100px;opacity:0.85;display:inline;\" src=\"http:\/\/mariacka-lodz.com.pl\/wp-content\/uploads\/wppa\/thumbs\/7986.jpg?ver=9\" alt=\"DSC_5567.JPG\" class=\"image wppa-img\" onmouseover=\"jQuery(this).fadeTo(400, 1.0)\" onmouseout=\"jQuery(this).fadeTo(400,0.85)\"><\/a><\/div><\/div><div title=\" \" onclick=\"wppaStopProp(event);\"><\/div><div style=\"clear:both;\"><\/div><\/div><div id=\"album-209-1\" title=\"View the album Wigilia \u015bwietlicy im. Stanis\u0142awy Leszczy\u0144skiej\" style=\"width:100%;float:right;cursor:pointer;\" class=\"wppa-album-cover-standard album wppa-box wppa-cover-box wppa-cover-box-1\" onclick=\"wppaDoAjaxRender(event, 1, &#039;http:\/\/mariacka-lodz.com.pl\/index.php?rest_route=\/wp-photo-album-plus\/endPoint?action=wppa&wppa-action=render&wppa-size=640&occur=1&page_id=128&wppa-fromp=128&lang=pl&cache=1&album=209&cover=0&occur=1&data-alb=209&#039;, &#039;http:\/\/mariacka-lodz.com.pl\/?page_id=128&lang=pl&cache=1&album=4f1726e775ce11da&cover=0&occur=1&data-alb=209&#039; )\"><div id=\"covertext_frame_209_1\" style=\"width:459px; float:left\" class=\"wppa-text-frame-1 wppa-text-frame wppa-cover-text-frame wppa-asym-text-frame-1\"><h2 style=\"clear:none\" class=\"wppa-title\"><a title=\"View the album Wigilia \u015bwietlicy im. Stanis\u0142awy Leszczy\u0144skiej\" style=\"cursor:pointer\" class=\"wppa-title\" onclick=\"wppaDoAjaxRender(event, 1, &#039;http:\/\/mariacka-lodz.com.pl\/index.php?rest_route=\/wp-photo-album-plus\/endPoint?action=wppa&wppa-action=render&wppa-size=640&occur=1&page_id=128&wppa-fromp=128&lang=pl&cache=1&album=209&cover=0&occur=1&data-alb=209&#039;, &#039;http:\/\/mariacka-lodz.com.pl\/?page_id=128&lang=pl&cache=1&album=4f1726e775ce11da&cover=0&occur=1&data-alb=209&#039; )\">Wigilia \u015bwietlicy im. Stanis\u0142awy Leszczy\u0144skiej<\/a><\/h2><div style=\"min-height:54px;\" class=\"wppa-box-text wppa-black wppa-box-text-desc\"><\/div><div class=\"wppa-box-text wppa-black wppa-info wppa-slideshow-browse-link wppa-album-cover-link\"><a title=\"Slideshow\" style=\"cursor:pointer\" class=\"wppa-album-cover-link\" onclick=\"wppaDoAjaxRender(event, 1, &#039;http:\/\/mariacka-lodz.com.pl\/index.php?rest_route=\/wp-photo-album-plus\/endPoint?action=wppa&wppa-action=render&wppa-size=640&occur=1&page_id=128&wppa-fromp=128&lang=pl&cache=1&slide=1&occur=1&album=209&#039;, &#039;http:\/\/mariacka-lodz.com.pl\/?page_id=128&lang=pl&cache=1&slide=1&occur=1&album=4f1726e775ce11da&#039; )\">Slideshow<\/a><\/div><div class=\"wppa-box-text wppa-black wppa-info wppa-viewlink wppa-album-cover-link\"><a title=\"View the album Wigilia \u015bwietlicy im. Stanis\u0142awy Leszczy\u0144skiej\" style=\"cursor:pointer;\" class=\"wppa-album-cover-link\" onclick=\"wppaDoAjaxRender(event, 1, &#039;http:\/\/mariacka-lodz.com.pl\/index.php?rest_route=\/wp-photo-album-plus\/endPoint?action=wppa&wppa-action=render&wppa-size=640&occur=1&page_id=128&wppa-fromp=128&lang=pl&cache=1&album=209&cover=0&occur=1&data-alb=209&#039;, &#039;http:\/\/mariacka-lodz.com.pl\/?page_id=128&lang=pl&cache=1&album=4f1726e775ce11da&cover=0&occur=1&data-alb=209&#039; )\">View&nbsp;19&nbsp;photos<\/a><\/div><\/div><div id=\"coverphoto_frame_209_1\" style=\"float:right; margin-left:5px;width:160px;\" class=\"coverphoto-frame\"><div title=\" \" style=\"display:inline-block;margin:0 4px;\" onclick=\"wppaStopProp(event)\"><a title=\"View the album Wigilia \u015bwietlicy im. Stanis\u0142awy Leszczy\u0144skiej\" style=\"border:0;color:transparent;cursor:pointer;\" target=\"_self\" onclick=\"wppaDoAjaxRender(event, 1, &#039;http:\/\/mariacka-lodz.com.pl\/index.php?rest_route=\/wp-photo-album-plus\/endPoint?action=wppa&wppa-action=render&wppa-size=640&occur=1&page_id=128&wppa-fromp=128&lang=pl&cache=1&album=209&cover=0&occur=1&data-alb=209&#039;, &#039;http:\/\/mariacka-lodz.com.pl\/?page_id=128&lang=pl&cache=1&album=4f1726e775ce11da&cover=0&occur=1&data-alb=209&#039; )\"><img decoding=\"async\" style=\"border-width:0px;width:150px;height:100px;opacity:0.85;display:inline;\" src=\"http:\/\/mariacka-lodz.com.pl\/wp-content\/uploads\/wppa\/thumbs\/7967.jpg?ver=9\" alt=\"DSC_5525.JPG\" class=\"image wppa-img\" onmouseover=\"jQuery(this).fadeTo(400, 1.0)\" onmouseout=\"jQuery(this).fadeTo(400,0.85)\"><\/a><\/div><\/div><div title=\" \" onclick=\"wppaStopProp(event);\"><\/div><div style=\"clear:both;\"><\/div><\/div><div id=\"album-208-1\" title=\"View the album Miko\u0142aj 2017\" style=\"width:100%;float:right;cursor:pointer;\" class=\"wppa-album-cover-standard album wppa-box wppa-cover-box wppa-cover-box-1\" onclick=\"wppaDoAjaxRender(event, 1, &#039;http:\/\/mariacka-lodz.com.pl\/index.php?rest_route=\/wp-photo-album-plus\/endPoint?action=wppa&wppa-action=render&wppa-size=640&occur=1&page_id=128&wppa-fromp=128&lang=pl&cache=1&album=208&cover=0&occur=1&data-alb=208&#039;, &#039;http:\/\/mariacka-lodz.com.pl\/?page_id=128&lang=pl&cache=1&album=93f1d5dc3a50d53f&cover=0&occur=1&data-alb=208&#039; )\"><div id=\"covertext_frame_208_1\" style=\"width:459px; float:left\" class=\"wppa-text-frame-1 wppa-text-frame wppa-cover-text-frame wppa-asym-text-frame-1\"><h2 style=\"clear:none\" class=\"wppa-title\"><a title=\"View the album Miko\u0142aj 2017\" style=\"cursor:pointer\" class=\"wppa-title\" onclick=\"wppaDoAjaxRender(event, 1, &#039;http:\/\/mariacka-lodz.com.pl\/index.php?rest_route=\/wp-photo-album-plus\/endPoint?action=wppa&wppa-action=render&wppa-size=640&occur=1&page_id=128&wppa-fromp=128&lang=pl&cache=1&album=208&cover=0&occur=1&data-alb=208&#039;, &#039;http:\/\/mariacka-lodz.com.pl\/?page_id=128&lang=pl&cache=1&album=93f1d5dc3a50d53f&cover=0&occur=1&data-alb=208&#039; )\">Miko\u0142aj 2017<\/a><\/h2><div style=\"min-height:54px;\" class=\"wppa-box-text wppa-black wppa-box-text-desc\"><\/div><div class=\"wppa-box-text wppa-black wppa-info wppa-slideshow-browse-link wppa-album-cover-link\"><a title=\"Slideshow\" style=\"cursor:pointer\" class=\"wppa-album-cover-link\" onclick=\"wppaDoAjaxRender(event, 1, &#039;http:\/\/mariacka-lodz.com.pl\/index.php?rest_route=\/wp-photo-album-plus\/endPoint?action=wppa&wppa-action=render&wppa-size=640&occur=1&page_id=128&wppa-fromp=128&lang=pl&cache=1&slide=1&occur=1&album=208&#039;, &#039;http:\/\/mariacka-lodz.com.pl\/?page_id=128&lang=pl&cache=1&slide=1&occur=1&album=93f1d5dc3a50d53f&#039; )\">Slideshow<\/a><\/div><div class=\"wppa-box-text wppa-black wppa-info wppa-viewlink wppa-album-cover-link\"><a title=\"View the album Miko\u0142aj 2017\" style=\"cursor:pointer;\" class=\"wppa-album-cover-link\" onclick=\"wppaDoAjaxRender(event, 1, &#039;http:\/\/mariacka-lodz.com.pl\/index.php?rest_route=\/wp-photo-album-plus\/endPoint?action=wppa&wppa-action=render&wppa-size=640&occur=1&page_id=128&wppa-fromp=128&lang=pl&cache=1&album=208&cover=0&occur=1&data-alb=208&#039;, &#039;http:\/\/mariacka-lodz.com.pl\/?page_id=128&lang=pl&cache=1&album=93f1d5dc3a50d53f&cover=0&occur=1&data-alb=208&#039; )\">View&nbsp;47&nbsp;photos<\/a><\/div><\/div><div id=\"coverphoto_frame_208_1\" style=\"float:right; margin-left:5px;width:160px;\" class=\"coverphoto-frame\"><div title=\" \" style=\"display:inline-block;margin:0 4px;\" onclick=\"wppaStopProp(event)\"><a title=\"View the album Miko\u0142aj 2017\" style=\"border:0;color:transparent;cursor:pointer;\" target=\"_self\" onclick=\"wppaDoAjaxRender(event, 1, &#039;http:\/\/mariacka-lodz.com.pl\/index.php?rest_route=\/wp-photo-album-plus\/endPoint?action=wppa&wppa-action=render&wppa-size=640&occur=1&page_id=128&wppa-fromp=128&lang=pl&cache=1&album=208&cover=0&occur=1&data-alb=208&#039;, &#039;http:\/\/mariacka-lodz.com.pl\/?page_id=128&lang=pl&cache=1&album=93f1d5dc3a50d53f&cover=0&occur=1&data-alb=208&#039; )\"><img decoding=\"async\" style=\"border-width:0px;width:150px;height:100px;opacity:0.85;display:inline;\" src=\"http:\/\/mariacka-lodz.com.pl\/wp-content\/uploads\/wppa\/thumbs\/7920.jpg?ver=9\" alt=\"DSC_5331.JPG\" class=\"image wppa-img\" onmouseover=\"jQuery(this).fadeTo(400, 1.0)\" onmouseout=\"jQuery(this).fadeTo(400,0.85)\"><\/a><\/div><\/div><div title=\" \" onclick=\"wppaStopProp(event);\"><\/div><div style=\"clear:both;\"><\/div><\/div><div id=\"album-207-1\" title=\"View the album Odpust Parafialny, 16.11.2017\" style=\"width:100%;float:right;cursor:pointer;\" class=\"wppa-album-cover-standard album wppa-box wppa-cover-box wppa-cover-box-1\" onclick=\"wppaDoAjaxRender(event, 1, &#039;http:\/\/mariacka-lodz.com.pl\/index.php?rest_route=\/wp-photo-album-plus\/endPoint?action=wppa&wppa-action=render&wppa-size=640&occur=1&page_id=128&wppa-fromp=128&lang=pl&cache=1&album=207&cover=0&occur=1&data-alb=207&#039;, &#039;http:\/\/mariacka-lodz.com.pl\/?page_id=128&lang=pl&cache=1&album=91b77b7b0d966385&cover=0&occur=1&data-alb=207&#039; )\"><div id=\"covertext_frame_207_1\" style=\"width:459px; float:left\" class=\"wppa-text-frame-1 wppa-text-frame wppa-cover-text-frame wppa-asym-text-frame-1\"><h2 style=\"clear:none\" class=\"wppa-title\"><a title=\"View the album Odpust Parafialny, 16.11.2017\" style=\"cursor:pointer\" class=\"wppa-title\" onclick=\"wppaDoAjaxRender(event, 1, &#039;http:\/\/mariacka-lodz.com.pl\/index.php?rest_route=\/wp-photo-album-plus\/endPoint?action=wppa&wppa-action=render&wppa-size=640&occur=1&page_id=128&wppa-fromp=128&lang=pl&cache=1&album=207&cover=0&occur=1&data-alb=207&#039;, &#039;http:\/\/mariacka-lodz.com.pl\/?page_id=128&lang=pl&cache=1&album=91b77b7b0d966385&cover=0&occur=1&data-alb=207&#039; )\">Odpust Parafialny, 16.11.2017<\/a><\/h2><div style=\"min-height:54px;\" class=\"wppa-box-text wppa-black wppa-box-text-desc\"><\/div><div class=\"wppa-box-text wppa-black wppa-info wppa-slideshow-browse-link wppa-album-cover-link\"><a title=\"Slideshow\" style=\"cursor:pointer\" class=\"wppa-album-cover-link\" onclick=\"wppaDoAjaxRender(event, 1, &#039;http:\/\/mariacka-lodz.com.pl\/index.php?rest_route=\/wp-photo-album-plus\/endPoint?action=wppa&wppa-action=render&wppa-size=640&occur=1&page_id=128&wppa-fromp=128&lang=pl&cache=1&slide=1&occur=1&album=207&#039;, &#039;http:\/\/mariacka-lodz.com.pl\/?page_id=128&lang=pl&cache=1&slide=1&occur=1&album=91b77b7b0d966385&#039; )\">Slideshow<\/a><\/div><div class=\"wppa-box-text wppa-black wppa-info wppa-viewlink wppa-album-cover-link\"><a title=\"View the album Odpust Parafialny, 16.11.2017\" style=\"cursor:pointer;\" class=\"wppa-album-cover-link\" onclick=\"wppaDoAjaxRender(event, 1, &#039;http:\/\/mariacka-lodz.com.pl\/index.php?rest_route=\/wp-photo-album-plus\/endPoint?action=wppa&wppa-action=render&wppa-size=640&occur=1&page_id=128&wppa-fromp=128&lang=pl&cache=1&album=207&cover=0&occur=1&data-alb=207&#039;, &#039;http:\/\/mariacka-lodz.com.pl\/?page_id=128&lang=pl&cache=1&album=91b77b7b0d966385&cover=0&occur=1&data-alb=207&#039; )\">View&nbsp;35&nbsp;photos<\/a><\/div><\/div><div id=\"coverphoto_frame_207_1\" style=\"float:right; margin-left:5px;width:160px;\" class=\"coverphoto-frame\"><div title=\" \" style=\"display:inline-block;margin:0 4px;\" onclick=\"wppaStopProp(event)\"><a title=\"View the album Odpust Parafialny, 16.11.2017\" style=\"border:0;color:transparent;cursor:pointer;\" target=\"_self\" onclick=\"wppaDoAjaxRender(event, 1, &#039;http:\/\/mariacka-lodz.com.pl\/index.php?rest_route=\/wp-photo-album-plus\/endPoint?action=wppa&wppa-action=render&wppa-size=640&occur=1&page_id=128&wppa-fromp=128&lang=pl&cache=1&album=207&cover=0&occur=1&data-alb=207&#039;, &#039;http:\/\/mariacka-lodz.com.pl\/?page_id=128&lang=pl&cache=1&album=91b77b7b0d966385&cover=0&occur=1&data-alb=207&#039; )\"><img decoding=\"async\" style=\"border-width:0px;width:150px;height:100px;opacity:0.85;display:inline;\" src=\"http:\/\/mariacka-lodz.com.pl\/wp-content\/uploads\/wppa\/thumbs\/7885.jpg?ver=9\" alt=\"DSC_5182.JPG\" class=\"image wppa-img\" onmouseover=\"jQuery(this).fadeTo(400, 1.0)\" onmouseout=\"jQuery(this).fadeTo(400,0.85)\"><\/a><\/div><\/div><div title=\" \" onclick=\"wppaStopProp(event);\"><\/div><div style=\"clear:both;\"><\/div><\/div><div id=\"album-206-1\" title=\"View the album Koncert &quot;\u0141\u00f3d\u017a Pami\u0119ta&quot;\" style=\"width:100%;float:right;cursor:pointer;\" class=\"wppa-album-cover-standard album wppa-box wppa-cover-box wppa-cover-box-1\" onclick=\"wppaDoAjaxRender(event, 1, &#039;http:\/\/mariacka-lodz.com.pl\/index.php?rest_route=\/wp-photo-album-plus\/endPoint?action=wppa&wppa-action=render&wppa-size=640&occur=1&page_id=128&wppa-fromp=128&lang=pl&cache=1&album=206&cover=0&occur=1&data-alb=206&#039;, &#039;http:\/\/mariacka-lodz.com.pl\/?page_id=128&lang=pl&cache=1&album=06d1bbb7df1be7bb&cover=0&occur=1&data-alb=206&#039; )\"><div id=\"covertext_frame_206_1\" style=\"width:459px; float:left\" class=\"wppa-text-frame-1 wppa-text-frame wppa-cover-text-frame wppa-asym-text-frame-1\"><h2 style=\"clear:none\" class=\"wppa-title\"><a title=\"View the album Koncert &quot;\u0141\u00f3d\u017a Pami\u0119ta&quot;\" style=\"cursor:pointer\" class=\"wppa-title\" onclick=\"wppaDoAjaxRender(event, 1, &#039;http:\/\/mariacka-lodz.com.pl\/index.php?rest_route=\/wp-photo-album-plus\/endPoint?action=wppa&wppa-action=render&wppa-size=640&occur=1&page_id=128&wppa-fromp=128&lang=pl&cache=1&album=206&cover=0&occur=1&data-alb=206&#039;, &#039;http:\/\/mariacka-lodz.com.pl\/?page_id=128&lang=pl&cache=1&album=06d1bbb7df1be7bb&cover=0&occur=1&data-alb=206&#039; )\">Koncert \"\u0141\u00f3d\u017a Pami\u0119ta\"<\/a><\/h2><div style=\"min-height:54px;\" class=\"wppa-box-text wppa-black wppa-box-text-desc\"><\/div><div class=\"wppa-box-text wppa-black wppa-info wppa-slideshow-browse-link wppa-album-cover-link\"><a title=\"Slideshow\" style=\"cursor:pointer\" class=\"wppa-album-cover-link\" onclick=\"wppaDoAjaxRender(event, 1, &#039;http:\/\/mariacka-lodz.com.pl\/index.php?rest_route=\/wp-photo-album-plus\/endPoint?action=wppa&wppa-action=render&wppa-size=640&occur=1&page_id=128&wppa-fromp=128&lang=pl&cache=1&slide=1&occur=1&album=206&#039;, &#039;http:\/\/mariacka-lodz.com.pl\/?page_id=128&lang=pl&cache=1&slide=1&occur=1&album=06d1bbb7df1be7bb&#039; )\">Slideshow<\/a><\/div><div class=\"wppa-box-text wppa-black wppa-info wppa-viewlink wppa-album-cover-link\"><a title=\"View the album Koncert \\&quot;\u0141\u00f3d\u017a Pami\u0119ta\\&quot;\" style=\"cursor:pointer;\" class=\"wppa-album-cover-link\" onclick=\"wppaDoAjaxRender(event, 1, &#039;http:\/\/mariacka-lodz.com.pl\/index.php?rest_route=\/wp-photo-album-plus\/endPoint?action=wppa&wppa-action=render&wppa-size=640&occur=1&page_id=128&wppa-fromp=128&lang=pl&cache=1&album=206&cover=0&occur=1&data-alb=206&#039;, &#039;http:\/\/mariacka-lodz.com.pl\/?page_id=128&lang=pl&cache=1&album=06d1bbb7df1be7bb&cover=0&occur=1&data-alb=206&#039; )\">View&nbsp;25&nbsp;photos<\/a><\/div><\/div><div id=\"coverphoto_frame_206_1\" style=\"float:right; margin-left:5px;width:160px;\" class=\"coverphoto-frame\"><div title=\" \" style=\"display:inline-block;margin:0 4px;\" onclick=\"wppaStopProp(event)\"><a title=\"View the album Koncert &quot;\u0141\u00f3d\u017a Pami\u0119ta&quot;\" style=\"border:0;color:transparent;cursor:pointer;\" target=\"_self\" onclick=\"wppaDoAjaxRender(event, 1, &#039;http:\/\/mariacka-lodz.com.pl\/index.php?rest_route=\/wp-photo-album-plus\/endPoint?action=wppa&wppa-action=render&wppa-size=640&occur=1&page_id=128&wppa-fromp=128&lang=pl&cache=1&album=206&cover=0&occur=1&data-alb=206&#039;, &#039;http:\/\/mariacka-lodz.com.pl\/?page_id=128&lang=pl&cache=1&album=06d1bbb7df1be7bb&cover=0&occur=1&data-alb=206&#039; )\"><img decoding=\"async\" style=\"border-width:0px;width:150px;height:100px;opacity:0.85;display:inline;\" src=\"http:\/\/mariacka-lodz.com.pl\/wp-content\/uploads\/wppa\/thumbs\/7860.jpg?ver=9\" alt=\"DSC_5064.JPG\" class=\"image wppa-img\" onmouseover=\"jQuery(this).fadeTo(400, 1.0)\" onmouseout=\"jQuery(this).fadeTo(400,0.85)\"><\/a><\/div><\/div><div title=\" \" onclick=\"wppaStopProp(event);\"><\/div><div style=\"clear:both;\"><\/div><\/div><div id=\"album-205-1\" title=\"View the album Marsz \u017bycia\" style=\"width:100%;float:right;cursor:pointer;\" class=\"wppa-album-cover-standard album wppa-box wppa-cover-box wppa-cover-box-1\" onclick=\"wppaDoAjaxRender(event, 1, &#039;http:\/\/mariacka-lodz.com.pl\/index.php?rest_route=\/wp-photo-album-plus\/endPoint?action=wppa&wppa-action=render&wppa-size=640&occur=1&page_id=128&wppa-fromp=128&lang=pl&cache=1&album=205&cover=0&occur=1&data-alb=205&#039;, &#039;http:\/\/mariacka-lodz.com.pl\/?page_id=128&lang=pl&cache=1&album=88130783f5c0d538&cover=0&occur=1&data-alb=205&#039; )\"><div id=\"covertext_frame_205_1\" style=\"width:459px; float:left\" class=\"wppa-text-frame-1 wppa-text-frame wppa-cover-text-frame wppa-asym-text-frame-1\"><h2 style=\"clear:none\" class=\"wppa-title\"><a title=\"View the album Marsz \u017bycia\" style=\"cursor:pointer\" class=\"wppa-title\" onclick=\"wppaDoAjaxRender(event, 1, &#039;http:\/\/mariacka-lodz.com.pl\/index.php?rest_route=\/wp-photo-album-plus\/endPoint?action=wppa&wppa-action=render&wppa-size=640&occur=1&page_id=128&wppa-fromp=128&lang=pl&cache=1&album=205&cover=0&occur=1&data-alb=205&#039;, &#039;http:\/\/mariacka-lodz.com.pl\/?page_id=128&lang=pl&cache=1&album=88130783f5c0d538&cover=0&occur=1&data-alb=205&#039; )\">Marsz \u017bycia<\/a><\/h2><div style=\"min-height:54px;\" class=\"wppa-box-text wppa-black wppa-box-text-desc\"><\/div><div class=\"wppa-box-text wppa-black wppa-info wppa-slideshow-browse-link wppa-album-cover-link\"><a title=\"Slideshow\" style=\"cursor:pointer\" class=\"wppa-album-cover-link\" onclick=\"wppaDoAjaxRender(event, 1, &#039;http:\/\/mariacka-lodz.com.pl\/index.php?rest_route=\/wp-photo-album-plus\/endPoint?action=wppa&wppa-action=render&wppa-size=640&occur=1&page_id=128&wppa-fromp=128&lang=pl&cache=1&slide=1&occur=1&album=205&#039;, &#039;http:\/\/mariacka-lodz.com.pl\/?page_id=128&lang=pl&cache=1&slide=1&occur=1&album=88130783f5c0d538&#039; )\">Slideshow<\/a><\/div><div class=\"wppa-box-text wppa-black wppa-info wppa-viewlink wppa-album-cover-link\"><a title=\"View the album Marsz \u017bycia\" style=\"cursor:pointer;\" class=\"wppa-album-cover-link\" onclick=\"wppaDoAjaxRender(event, 1, &#039;http:\/\/mariacka-lodz.com.pl\/index.php?rest_route=\/wp-photo-album-plus\/endPoint?action=wppa&wppa-action=render&wppa-size=640&occur=1&page_id=128&wppa-fromp=128&lang=pl&cache=1&album=205&cover=0&occur=1&data-alb=205&#039;, &#039;http:\/\/mariacka-lodz.com.pl\/?page_id=128&lang=pl&cache=1&album=88130783f5c0d538&cover=0&occur=1&data-alb=205&#039; )\">View&nbsp;28&nbsp;photos<\/a><\/div><\/div><div id=\"coverphoto_frame_205_1\" style=\"float:right; margin-left:5px;width:160px;\" class=\"coverphoto-frame\"><div title=\" \" style=\"display:inline-block;margin:0 4px;\" onclick=\"wppaStopProp(event)\"><a title=\"View the album Marsz \u017bycia\" style=\"border:0;color:transparent;cursor:pointer;\" target=\"_self\" onclick=\"wppaDoAjaxRender(event, 1, &#039;http:\/\/mariacka-lodz.com.pl\/index.php?rest_route=\/wp-photo-album-plus\/endPoint?action=wppa&wppa-action=render&wppa-size=640&occur=1&page_id=128&wppa-fromp=128&lang=pl&cache=1&album=205&cover=0&occur=1&data-alb=205&#039;, &#039;http:\/\/mariacka-lodz.com.pl\/?page_id=128&lang=pl&cache=1&album=88130783f5c0d538&cover=0&occur=1&data-alb=205&#039; )\"><img decoding=\"async\" style=\"border-width:0px;width:150px;height:100px;opacity:0.85;display:inline;\" src=\"http:\/\/mariacka-lodz.com.pl\/wp-content\/uploads\/wppa\/thumbs\/7832.jpg?ver=9\" alt=\"DSC_4877.JPG\" class=\"image wppa-img\" onmouseover=\"jQuery(this).fadeTo(400, 1.0)\" onmouseout=\"jQuery(this).fadeTo(400,0.85)\"><\/a><\/div><\/div><div title=\" \" onclick=\"wppaStopProp(event);\"><\/div><div style=\"clear:both;\"><\/div><\/div><div id=\"album-204-1\" title=\"View the album Wystawa &quot;\u0141\u00f3d\u017a pami\u0119ta&quot;\" style=\"width:100%;float:right;cursor:pointer;\" class=\"wppa-album-cover-standard album wppa-box wppa-cover-box wppa-cover-box-1\" onclick=\"wppaDoAjaxRender(event, 1, &#039;http:\/\/mariacka-lodz.com.pl\/index.php?rest_route=\/wp-photo-album-plus\/endPoint?action=wppa&wppa-action=render&wppa-size=640&occur=1&page_id=128&wppa-fromp=128&lang=pl&cache=1&album=204&cover=0&occur=1&data-alb=204&#039;, &#039;http:\/\/mariacka-lodz.com.pl\/?page_id=128&lang=pl&cache=1&album=817d1b920e7e17ac&cover=0&occur=1&data-alb=204&#039; )\"><div id=\"covertext_frame_204_1\" style=\"width:459px; float:left\" class=\"wppa-text-frame-1 wppa-text-frame wppa-cover-text-frame wppa-asym-text-frame-1\"><h2 style=\"clear:none\" class=\"wppa-title\"><a title=\"View the album Wystawa &quot;\u0141\u00f3d\u017a pami\u0119ta&quot;\" style=\"cursor:pointer\" class=\"wppa-title\" onclick=\"wppaDoAjaxRender(event, 1, &#039;http:\/\/mariacka-lodz.com.pl\/index.php?rest_route=\/wp-photo-album-plus\/endPoint?action=wppa&wppa-action=render&wppa-size=640&occur=1&page_id=128&wppa-fromp=128&lang=pl&cache=1&album=204&cover=0&occur=1&data-alb=204&#039;, &#039;http:\/\/mariacka-lodz.com.pl\/?page_id=128&lang=pl&cache=1&album=817d1b920e7e17ac&cover=0&occur=1&data-alb=204&#039; )\">Wystawa \"\u0141\u00f3d\u017a pami\u0119ta\"<\/a><\/h2><div style=\"min-height:54px;\" class=\"wppa-box-text wppa-black wppa-box-text-desc\"><\/div><div class=\"wppa-box-text wppa-black wppa-info wppa-slideshow-browse-link wppa-album-cover-link\"><a title=\"Slideshow\" style=\"cursor:pointer\" class=\"wppa-album-cover-link\" onclick=\"wppaDoAjaxRender(event, 1, &#039;http:\/\/mariacka-lodz.com.pl\/index.php?rest_route=\/wp-photo-album-plus\/endPoint?action=wppa&wppa-action=render&wppa-size=640&occur=1&page_id=128&wppa-fromp=128&lang=pl&cache=1&slide=1&occur=1&album=204&#039;, &#039;http:\/\/mariacka-lodz.com.pl\/?page_id=128&lang=pl&cache=1&slide=1&occur=1&album=817d1b920e7e17ac&#039; )\">Slideshow<\/a><\/div><div class=\"wppa-box-text wppa-black wppa-info wppa-viewlink wppa-album-cover-link\"><a title=\"View the album Wystawa \\&quot;\u0141\u00f3d\u017a pami\u0119ta\\&quot;\" style=\"cursor:pointer;\" class=\"wppa-album-cover-link\" onclick=\"wppaDoAjaxRender(event, 1, &#039;http:\/\/mariacka-lodz.com.pl\/index.php?rest_route=\/wp-photo-album-plus\/endPoint?action=wppa&wppa-action=render&wppa-size=640&occur=1&page_id=128&wppa-fromp=128&lang=pl&cache=1&album=204&cover=0&occur=1&data-alb=204&#039;, &#039;http:\/\/mariacka-lodz.com.pl\/?page_id=128&lang=pl&cache=1&album=817d1b920e7e17ac&cover=0&occur=1&data-alb=204&#039; )\">View&nbsp;20&nbsp;photos<\/a><\/div><\/div><div id=\"coverphoto_frame_204_1\" style=\"float:right; margin-left:5px;width:160px;\" class=\"coverphoto-frame\"><div title=\" \" style=\"display:inline-block;margin:0 4px;\" onclick=\"wppaStopProp(event)\"><a title=\"View the album Wystawa &quot;\u0141\u00f3d\u017a pami\u0119ta&quot;\" style=\"border:0;color:transparent;cursor:pointer;\" target=\"_self\" onclick=\"wppaDoAjaxRender(event, 1, &#039;http:\/\/mariacka-lodz.com.pl\/index.php?rest_route=\/wp-photo-album-plus\/endPoint?action=wppa&wppa-action=render&wppa-size=640&occur=1&page_id=128&wppa-fromp=128&lang=pl&cache=1&album=204&cover=0&occur=1&data-alb=204&#039;, &#039;http:\/\/mariacka-lodz.com.pl\/?page_id=128&lang=pl&cache=1&album=817d1b920e7e17ac&cover=0&occur=1&data-alb=204&#039; )\"><img decoding=\"async\" style=\"border-width:0px;width:150px;height:100px;opacity:0.85;display:inline;\" src=\"http:\/\/mariacka-lodz.com.pl\/wp-content\/uploads\/wppa\/thumbs\/7812.jpg?ver=9\" alt=\"DSC_4776.JPG\" class=\"image wppa-img\" onmouseover=\"jQuery(this).fadeTo(400, 1.0)\" onmouseout=\"jQuery(this).fadeTo(400,0.85)\"><\/a><\/div><\/div><div title=\" \" onclick=\"wppaStopProp(event);\"><\/div><div style=\"clear:both;\"><\/div><\/div><div id=\"album-203-1\" title=\"View the album Odpust ku czci Wniebowzi\u0119cia Naj\u015bwi\u0119tszej Maryi Panny 15.08.2017\" style=\"width:100%;float:right;cursor:pointer;\" class=\"wppa-album-cover-standard album wppa-box wppa-cover-box wppa-cover-box-1\" onclick=\"wppaDoAjaxRender(event, 1, &#039;http:\/\/mariacka-lodz.com.pl\/index.php?rest_route=\/wp-photo-album-plus\/endPoint?action=wppa&wppa-action=render&wppa-size=640&occur=1&page_id=128&wppa-fromp=128&lang=pl&cache=1&album=203&cover=0&occur=1&data-alb=203&#039;, &#039;http:\/\/mariacka-lodz.com.pl\/?page_id=128&lang=pl&cache=1&album=f01185871a0914ca&cover=0&occur=1&data-alb=203&#039; )\"><div id=\"covertext_frame_203_1\" style=\"width:459px; float:left\" class=\"wppa-text-frame-1 wppa-text-frame wppa-cover-text-frame wppa-asym-text-frame-1\"><h2 style=\"clear:none\" class=\"wppa-title\"><a title=\"View the album Odpust ku czci Wniebowzi\u0119cia Naj\u015bwi\u0119tszej Maryi Panny 15.08.2017\" style=\"cursor:pointer\" class=\"wppa-title\" onclick=\"wppaDoAjaxRender(event, 1, &#039;http:\/\/mariacka-lodz.com.pl\/index.php?rest_route=\/wp-photo-album-plus\/endPoint?action=wppa&wppa-action=render&wppa-size=640&occur=1&page_id=128&wppa-fromp=128&lang=pl&cache=1&album=203&cover=0&occur=1&data-alb=203&#039;, &#039;http:\/\/mariacka-lodz.com.pl\/?page_id=128&lang=pl&cache=1&album=f01185871a0914ca&cover=0&occur=1&data-alb=203&#039; )\">Odpust ku czci Wniebowzi\u0119cia Naj\u015bwi\u0119tszej Maryi Panny 15.08.2017<\/a><\/h2><div style=\"min-height:54px;\" class=\"wppa-box-text wppa-black wppa-box-text-desc\"><\/div><div class=\"wppa-box-text wppa-black wppa-info wppa-slideshow-browse-link wppa-album-cover-link\"><a title=\"Slideshow\" style=\"cursor:pointer\" class=\"wppa-album-cover-link\" onclick=\"wppaDoAjaxRender(event, 1, &#039;http:\/\/mariacka-lodz.com.pl\/index.php?rest_route=\/wp-photo-album-plus\/endPoint?action=wppa&wppa-action=render&wppa-size=640&occur=1&page_id=128&wppa-fromp=128&lang=pl&cache=1&slide=1&occur=1&album=203&#039;, &#039;http:\/\/mariacka-lodz.com.pl\/?page_id=128&lang=pl&cache=1&slide=1&occur=1&album=f01185871a0914ca&#039; )\">Slideshow<\/a><\/div><div class=\"wppa-box-text wppa-black wppa-info wppa-viewlink wppa-album-cover-link\"><a title=\"View the album Odpust ku czci Wniebowzi\u0119cia Naj\u015bwi\u0119tszej Maryi Panny 15.08.2017\" style=\"cursor:pointer;\" class=\"wppa-album-cover-link\" onclick=\"wppaDoAjaxRender(event, 1, &#039;http:\/\/mariacka-lodz.com.pl\/index.php?rest_route=\/wp-photo-album-plus\/endPoint?action=wppa&wppa-action=render&wppa-size=640&occur=1&page_id=128&wppa-fromp=128&lang=pl&cache=1&album=203&cover=0&occur=1&data-alb=203&#039;, &#039;http:\/\/mariacka-lodz.com.pl\/?page_id=128&lang=pl&cache=1&album=f01185871a0914ca&cover=0&occur=1&data-alb=203&#039; )\">View&nbsp;40&nbsp;photos<\/a><\/div><\/div><div id=\"coverphoto_frame_203_1\" style=\"float:right; margin-left:5px;width:160px;\" class=\"coverphoto-frame\"><div title=\" \" style=\"display:inline-block;margin:0 4px;\" onclick=\"wppaStopProp(event)\"><a title=\"View the album Odpust ku czci Wniebowzi\u0119cia Naj\u015bwi\u0119tszej Maryi Panny 15.08.2017\" style=\"border:0;color:transparent;cursor:pointer;\" target=\"_self\" onclick=\"wppaDoAjaxRender(event, 1, &#039;http:\/\/mariacka-lodz.com.pl\/index.php?rest_route=\/wp-photo-album-plus\/endPoint?action=wppa&wppa-action=render&wppa-size=640&occur=1&page_id=128&wppa-fromp=128&lang=pl&cache=1&album=203&cover=0&occur=1&data-alb=203&#039;, &#039;http:\/\/mariacka-lodz.com.pl\/?page_id=128&lang=pl&cache=1&album=f01185871a0914ca&cover=0&occur=1&data-alb=203&#039; )\"><img decoding=\"async\" style=\"border-width:0px;width:150px;height:100px;opacity:0.85;display:inline;\" src=\"http:\/\/mariacka-lodz.com.pl\/wp-content\/uploads\/wppa\/thumbs\/7772.jpg?ver=9\" alt=\"DSC_4657.JPG\" class=\"image wppa-img\" onmouseover=\"jQuery(this).fadeTo(400, 1.0)\" onmouseout=\"jQuery(this).fadeTo(400,0.85)\"><\/a><\/div><\/div><div title=\" \" onclick=\"wppaStopProp(event);\"><\/div><div style=\"clear:both;\"><\/div><\/div><div id=\"album-202-1\" title=\"View the album Parafialne kolonie w Ustroniu Morskim 2017\" style=\"width:100%;float:right;cursor:pointer;\" class=\"wppa-album-cover-standard album wppa-box wppa-cover-box wppa-cover-box-1\" onclick=\"wppaDoAjaxRender(event, 1, &#039;http:\/\/mariacka-lodz.com.pl\/index.php?rest_route=\/wp-photo-album-plus\/endPoint?action=wppa&wppa-action=render&wppa-size=640&occur=1&page_id=128&wppa-fromp=128&lang=pl&cache=1&album=202&cover=0&occur=1&data-alb=202&#039;, &#039;http:\/\/mariacka-lodz.com.pl\/?page_id=128&lang=pl&cache=1&album=94084a1c85dc1916&cover=0&occur=1&data-alb=202&#039; )\"><div id=\"covertext_frame_202_1\" style=\"width:459px; float:left\" class=\"wppa-text-frame-1 wppa-text-frame wppa-cover-text-frame wppa-asym-text-frame-1\"><h2 style=\"clear:none\" class=\"wppa-title\"><a title=\"View the album Parafialne kolonie w Ustroniu Morskim 2017\" style=\"cursor:pointer\" class=\"wppa-title\" onclick=\"wppaDoAjaxRender(event, 1, &#039;http:\/\/mariacka-lodz.com.pl\/index.php?rest_route=\/wp-photo-album-plus\/endPoint?action=wppa&wppa-action=render&wppa-size=640&occur=1&page_id=128&wppa-fromp=128&lang=pl&cache=1&album=202&cover=0&occur=1&data-alb=202&#039;, &#039;http:\/\/mariacka-lodz.com.pl\/?page_id=128&lang=pl&cache=1&album=94084a1c85dc1916&cover=0&occur=1&data-alb=202&#039; )\">Parafialne kolonie w Ustroniu Morskim 2017<\/a><\/h2><div style=\"min-height:54px;\" class=\"wppa-box-text wppa-black wppa-box-text-desc\"><\/div><div class=\"wppa-box-text wppa-black wppa-info wppa-slideshow-browse-link wppa-album-cover-link\"><a title=\"Slideshow\" style=\"cursor:pointer\" class=\"wppa-album-cover-link\" onclick=\"wppaDoAjaxRender(event, 1, &#039;http:\/\/mariacka-lodz.com.pl\/index.php?rest_route=\/wp-photo-album-plus\/endPoint?action=wppa&wppa-action=render&wppa-size=640&occur=1&page_id=128&wppa-fromp=128&lang=pl&cache=1&slide=1&occur=1&album=202&#039;, &#039;http:\/\/mariacka-lodz.com.pl\/?page_id=128&lang=pl&cache=1&slide=1&occur=1&album=94084a1c85dc1916&#039; )\">Slideshow<\/a><\/div><div class=\"wppa-box-text wppa-black wppa-info wppa-viewlink wppa-album-cover-link\"><a title=\"View the album Parafialne kolonie w Ustroniu Morskim 2017\" style=\"cursor:pointer;\" class=\"wppa-album-cover-link\" onclick=\"wppaDoAjaxRender(event, 1, &#039;http:\/\/mariacka-lodz.com.pl\/index.php?rest_route=\/wp-photo-album-plus\/endPoint?action=wppa&wppa-action=render&wppa-size=640&occur=1&page_id=128&wppa-fromp=128&lang=pl&cache=1&album=202&cover=0&occur=1&data-alb=202&#039;, &#039;http:\/\/mariacka-lodz.com.pl\/?page_id=128&lang=pl&cache=1&album=94084a1c85dc1916&cover=0&occur=1&data-alb=202&#039; )\">View&nbsp;100&nbsp;photos<\/a><\/div><\/div><div id=\"coverphoto_frame_202_1\" style=\"float:right; margin-left:5px;width:160px;\" class=\"coverphoto-frame\"><div title=\" \" style=\"display:inline-block;margin:0 4px;\" onclick=\"wppaStopProp(event)\"><a title=\"View the album Parafialne kolonie w Ustroniu Morskim 2017\" style=\"border:0;color:transparent;cursor:pointer;\" target=\"_self\" onclick=\"wppaDoAjaxRender(event, 1, &#039;http:\/\/mariacka-lodz.com.pl\/index.php?rest_route=\/wp-photo-album-plus\/endPoint?action=wppa&wppa-action=render&wppa-size=640&occur=1&page_id=128&wppa-fromp=128&lang=pl&cache=1&album=202&cover=0&occur=1&data-alb=202&#039;, &#039;http:\/\/mariacka-lodz.com.pl\/?page_id=128&lang=pl&cache=1&album=94084a1c85dc1916&cover=0&occur=1&data-alb=202&#039; )\"><img decoding=\"async\" style=\"border-width:0px;width:150px;height:100px;opacity:0.85;display:inline;\" src=\"http:\/\/mariacka-lodz.com.pl\/wp-content\/uploads\/wppa\/thumbs\/7672.jpg?ver=9\" alt=\"DSC_3928.JPG\" class=\"image wppa-img\" onmouseover=\"jQuery(this).fadeTo(400, 1.0)\" onmouseout=\"jQuery(this).fadeTo(400,0.85)\"><\/a><\/div><\/div><div title=\" \" onclick=\"wppaStopProp(event);\"><\/div><div style=\"clear:both;\"><\/div><\/div><div id=\"album-201-1\" title=\"View the album Bo\u017ce Cia\u0142o 2017\" style=\"width:100%;float:right;cursor:pointer;\" class=\"wppa-album-cover-standard album wppa-box wppa-cover-box wppa-cover-box-1\" onclick=\"wppaDoAjaxRender(event, 1, &#039;http:\/\/mariacka-lodz.com.pl\/index.php?rest_route=\/wp-photo-album-plus\/endPoint?action=wppa&wppa-action=render&wppa-size=640&occur=1&page_id=128&wppa-fromp=128&lang=pl&cache=1&album=201&cover=0&occur=1&data-alb=201&#039;, &#039;http:\/\/mariacka-lodz.com.pl\/?page_id=128&lang=pl&cache=1&album=73fc78bcea4e34fc&cover=0&occur=1&data-alb=201&#039; )\"><div id=\"covertext_frame_201_1\" style=\"width:459px; float:left\" class=\"wppa-text-frame-1 wppa-text-frame wppa-cover-text-frame wppa-asym-text-frame-1\"><h2 style=\"clear:none\" class=\"wppa-title\"><a title=\"View the album Bo\u017ce Cia\u0142o 2017\" style=\"cursor:pointer\" class=\"wppa-title\" onclick=\"wppaDoAjaxRender(event, 1, &#039;http:\/\/mariacka-lodz.com.pl\/index.php?rest_route=\/wp-photo-album-plus\/endPoint?action=wppa&wppa-action=render&wppa-size=640&occur=1&page_id=128&wppa-fromp=128&lang=pl&cache=1&album=201&cover=0&occur=1&data-alb=201&#039;, &#039;http:\/\/mariacka-lodz.com.pl\/?page_id=128&lang=pl&cache=1&album=73fc78bcea4e34fc&cover=0&occur=1&data-alb=201&#039; )\">Bo\u017ce Cia\u0142o 2017<\/a><\/h2><div style=\"min-height:54px;\" class=\"wppa-box-text wppa-black wppa-box-text-desc\"><\/div><div class=\"wppa-box-text wppa-black wppa-info wppa-slideshow-browse-link wppa-album-cover-link\"><a title=\"Slideshow\" style=\"cursor:pointer\" class=\"wppa-album-cover-link\" onclick=\"wppaDoAjaxRender(event, 1, &#039;http:\/\/mariacka-lodz.com.pl\/index.php?rest_route=\/wp-photo-album-plus\/endPoint?action=wppa&wppa-action=render&wppa-size=640&occur=1&page_id=128&wppa-fromp=128&lang=pl&cache=1&slide=1&occur=1&album=201&#039;, &#039;http:\/\/mariacka-lodz.com.pl\/?page_id=128&lang=pl&cache=1&slide=1&occur=1&album=73fc78bcea4e34fc&#039; )\">Slideshow<\/a><\/div><div class=\"wppa-box-text wppa-black wppa-info wppa-viewlink wppa-album-cover-link\"><a title=\"View the album Bo\u017ce Cia\u0142o 2017\" style=\"cursor:pointer;\" class=\"wppa-album-cover-link\" onclick=\"wppaDoAjaxRender(event, 1, &#039;http:\/\/mariacka-lodz.com.pl\/index.php?rest_route=\/wp-photo-album-plus\/endPoint?action=wppa&wppa-action=render&wppa-size=640&occur=1&page_id=128&wppa-fromp=128&lang=pl&cache=1&album=201&cover=0&occur=1&data-alb=201&#039;, &#039;http:\/\/mariacka-lodz.com.pl\/?page_id=128&lang=pl&cache=1&album=73fc78bcea4e34fc&cover=0&occur=1&data-alb=201&#039; )\">View&nbsp;60&nbsp;photos<\/a><\/div><\/div><div id=\"coverphoto_frame_201_1\" style=\"float:right; margin-left:5px;width:160px;\" class=\"coverphoto-frame\"><div title=\" \" style=\"display:inline-block;margin:0 4px;\" onclick=\"wppaStopProp(event)\"><a title=\"View the album Bo\u017ce Cia\u0142o 2017\" style=\"border:0;color:transparent;cursor:pointer;\" target=\"_self\" onclick=\"wppaDoAjaxRender(event, 1, &#039;http:\/\/mariacka-lodz.com.pl\/index.php?rest_route=\/wp-photo-album-plus\/endPoint?action=wppa&wppa-action=render&wppa-size=640&occur=1&page_id=128&wppa-fromp=128&lang=pl&cache=1&album=201&cover=0&occur=1&data-alb=201&#039;, &#039;http:\/\/mariacka-lodz.com.pl\/?page_id=128&lang=pl&cache=1&album=73fc78bcea4e34fc&cover=0&occur=1&data-alb=201&#039; )\"><img decoding=\"async\" style=\"border-width:0px;width:150px;height:100px;opacity:0.85;display:inline;\" src=\"http:\/\/mariacka-lodz.com.pl\/wp-content\/uploads\/wppa\/thumbs\/7612.jpg?ver=9\" alt=\"DSC_3677.JPG\" class=\"image wppa-img\" onmouseover=\"jQuery(this).fadeTo(400, 1.0)\" onmouseout=\"jQuery(this).fadeTo(400,0.85)\"><\/a><\/div><\/div><div title=\" \" onclick=\"wppaStopProp(event);\"><\/div><div style=\"clear:both;\"><\/div><\/div><div id=\"album-200-1\" title=\"View the album Lednica\" style=\"width:100%;float:right;cursor:pointer;\" class=\"wppa-album-cover-standard album wppa-box wppa-cover-box wppa-cover-box-1\" onclick=\"wppaDoAjaxRender(event, 1, &#039;http:\/\/mariacka-lodz.com.pl\/index.php?rest_route=\/wp-photo-album-plus\/endPoint?action=wppa&wppa-action=render&wppa-size=640&occur=1&page_id=128&wppa-fromp=128&lang=pl&cache=1&album=200&cover=0&occur=1&data-alb=200&#039;, &#039;http:\/\/mariacka-lodz.com.pl\/?page_id=128&lang=pl&cache=1&album=6b1782dfc468b361&cover=0&occur=1&data-alb=200&#039; )\"><div id=\"covertext_frame_200_1\" style=\"width:459px; float:left\" class=\"wppa-text-frame-1 wppa-text-frame wppa-cover-text-frame wppa-asym-text-frame-1\"><h2 style=\"clear:none\" class=\"wppa-title\"><a title=\"View the album Lednica\" style=\"cursor:pointer\" class=\"wppa-title\" onclick=\"wppaDoAjaxRender(event, 1, &#039;http:\/\/mariacka-lodz.com.pl\/index.php?rest_route=\/wp-photo-album-plus\/endPoint?action=wppa&wppa-action=render&wppa-size=640&occur=1&page_id=128&wppa-fromp=128&lang=pl&cache=1&album=200&cover=0&occur=1&data-alb=200&#039;, &#039;http:\/\/mariacka-lodz.com.pl\/?page_id=128&lang=pl&cache=1&album=6b1782dfc468b361&cover=0&occur=1&data-alb=200&#039; )\">Lednica<\/a><\/h2><div style=\"min-height:54px;\" class=\"wppa-box-text wppa-black wppa-box-text-desc\"><\/div><div class=\"wppa-box-text wppa-black wppa-info wppa-slideshow-browse-link wppa-album-cover-link\"><a title=\"Slideshow\" style=\"cursor:pointer\" class=\"wppa-album-cover-link\" onclick=\"wppaDoAjaxRender(event, 1, &#039;http:\/\/mariacka-lodz.com.pl\/index.php?rest_route=\/wp-photo-album-plus\/endPoint?action=wppa&wppa-action=render&wppa-size=640&occur=1&page_id=128&wppa-fromp=128&lang=pl&cache=1&slide=1&occur=1&album=200&#039;, &#039;http:\/\/mariacka-lodz.com.pl\/?page_id=128&lang=pl&cache=1&slide=1&occur=1&album=6b1782dfc468b361&#039; )\">Slideshow<\/a><\/div><div class=\"wppa-box-text wppa-black wppa-info wppa-viewlink wppa-album-cover-link\"><a title=\"View the album Lednica\" style=\"cursor:pointer;\" class=\"wppa-album-cover-link\" onclick=\"wppaDoAjaxRender(event, 1, &#039;http:\/\/mariacka-lodz.com.pl\/index.php?rest_route=\/wp-photo-album-plus\/endPoint?action=wppa&wppa-action=render&wppa-size=640&occur=1&page_id=128&wppa-fromp=128&lang=pl&cache=1&album=200&cover=0&occur=1&data-alb=200&#039;, &#039;http:\/\/mariacka-lodz.com.pl\/?page_id=128&lang=pl&cache=1&album=6b1782dfc468b361&cover=0&occur=1&data-alb=200&#039; )\">View&nbsp;13&nbsp;photos<\/a><\/div><\/div><div id=\"coverphoto_frame_200_1\" style=\"float:right; margin-left:5px;width:160px;\" class=\"coverphoto-frame\"><div title=\" \" style=\"display:inline-block;margin:0 4px;\" onclick=\"wppaStopProp(event)\"><a title=\"View the album Lednica\" style=\"border:0;color:transparent;cursor:pointer;\" target=\"_self\" onclick=\"wppaDoAjaxRender(event, 1, &#039;http:\/\/mariacka-lodz.com.pl\/index.php?rest_route=\/wp-photo-album-plus\/endPoint?action=wppa&wppa-action=render&wppa-size=640&occur=1&page_id=128&wppa-fromp=128&lang=pl&cache=1&album=200&cover=0&occur=1&data-alb=200&#039;, &#039;http:\/\/mariacka-lodz.com.pl\/?page_id=128&lang=pl&cache=1&album=6b1782dfc468b361&cover=0&occur=1&data-alb=200&#039; )\"><img decoding=\"async\" style=\"border-width:0px;width:150px;height:113px;opacity:0.85;display:inline;\" src=\"http:\/\/mariacka-lodz.com.pl\/wp-content\/uploads\/wppa\/thumbs\/7593.jpg?ver=9\" alt=\"18944725_1572640532748969_116785057_n.jpg\" class=\"image wppa-img\" onmouseover=\"jQuery(this).fadeTo(400, 1.0)\" onmouseout=\"jQuery(this).fadeTo(400,0.85)\"><\/a><\/div><\/div><div title=\" \" onclick=\"wppaStopProp(event);\"><\/div><div style=\"clear:both;\"><\/div><\/div><div id=\"album-199-1\" title=\"View the album Pierwsze nabo\u017ce\u0144stwo fatimskie w naszej parafii\" style=\"width:100%;float:right;cursor:pointer;\" class=\"wppa-album-cover-standard album wppa-box wppa-cover-box wppa-cover-box-1\" onclick=\"wppaDoAjaxRender(event, 1, &#039;http:\/\/mariacka-lodz.com.pl\/index.php?rest_route=\/wp-photo-album-plus\/endPoint?action=wppa&wppa-action=render&wppa-size=640&occur=1&page_id=128&wppa-fromp=128&lang=pl&cache=1&album=199&cover=0&occur=1&data-alb=199&#039;, &#039;http:\/\/mariacka-lodz.com.pl\/?page_id=128&lang=pl&cache=1&album=0c65649768f18b70&cover=0&occur=1&data-alb=199&#039; )\"><div id=\"covertext_frame_199_1\" style=\"width:459px; float:left\" class=\"wppa-text-frame-1 wppa-text-frame wppa-cover-text-frame wppa-asym-text-frame-1\"><h2 style=\"clear:none\" class=\"wppa-title\"><a title=\"View the album Pierwsze nabo\u017ce\u0144stwo fatimskie w naszej parafii\" style=\"cursor:pointer\" class=\"wppa-title\" onclick=\"wppaDoAjaxRender(event, 1, &#039;http:\/\/mariacka-lodz.com.pl\/index.php?rest_route=\/wp-photo-album-plus\/endPoint?action=wppa&wppa-action=render&wppa-size=640&occur=1&page_id=128&wppa-fromp=128&lang=pl&cache=1&album=199&cover=0&occur=1&data-alb=199&#039;, &#039;http:\/\/mariacka-lodz.com.pl\/?page_id=128&lang=pl&cache=1&album=0c65649768f18b70&cover=0&occur=1&data-alb=199&#039; )\">Pierwsze nabo\u017ce\u0144stwo fatimskie w naszej parafii<\/a><\/h2><div style=\"min-height:54px;\" class=\"wppa-box-text wppa-black wppa-box-text-desc\"><\/div><div class=\"wppa-box-text wppa-black wppa-info wppa-slideshow-browse-link wppa-album-cover-link\"><a title=\"Slideshow\" style=\"cursor:pointer\" class=\"wppa-album-cover-link\" onclick=\"wppaDoAjaxRender(event, 1, &#039;http:\/\/mariacka-lodz.com.pl\/index.php?rest_route=\/wp-photo-album-plus\/endPoint?action=wppa&wppa-action=render&wppa-size=640&occur=1&page_id=128&wppa-fromp=128&lang=pl&cache=1&slide=1&occur=1&album=199&#039;, &#039;http:\/\/mariacka-lodz.com.pl\/?page_id=128&lang=pl&cache=1&slide=1&occur=1&album=0c65649768f18b70&#039; )\">Slideshow<\/a><\/div><div class=\"wppa-box-text wppa-black wppa-info wppa-viewlink wppa-album-cover-link\"><a title=\"View the album Pierwsze nabo\u017ce\u0144stwo fatimskie w naszej parafii\" style=\"cursor:pointer;\" class=\"wppa-album-cover-link\" onclick=\"wppaDoAjaxRender(event, 1, &#039;http:\/\/mariacka-lodz.com.pl\/index.php?rest_route=\/wp-photo-album-plus\/endPoint?action=wppa&wppa-action=render&wppa-size=640&occur=1&page_id=128&wppa-fromp=128&lang=pl&cache=1&album=199&cover=0&occur=1&data-alb=199&#039;, &#039;http:\/\/mariacka-lodz.com.pl\/?page_id=128&lang=pl&cache=1&album=0c65649768f18b70&cover=0&occur=1&data-alb=199&#039; )\">View&nbsp;19&nbsp;photos<\/a><\/div><\/div><div id=\"coverphoto_frame_199_1\" style=\"float:right; margin-left:5px;width:110px;\" class=\"coverphoto-frame\"><div title=\" \" style=\"display:inline-block;margin:0 4px;\" onclick=\"wppaStopProp(event)\"><a title=\"View the album Pierwsze nabo\u017ce\u0144stwo fatimskie w naszej parafii\" style=\"border:0;color:transparent;cursor:pointer;\" target=\"_self\" onclick=\"wppaDoAjaxRender(event, 1, &#039;http:\/\/mariacka-lodz.com.pl\/index.php?rest_route=\/wp-photo-album-plus\/endPoint?action=wppa&wppa-action=render&wppa-size=640&occur=1&page_id=128&wppa-fromp=128&lang=pl&cache=1&album=199&cover=0&occur=1&data-alb=199&#039;, &#039;http:\/\/mariacka-lodz.com.pl\/?page_id=128&lang=pl&cache=1&album=0c65649768f18b70&cover=0&occur=1&data-alb=199&#039; )\"><img decoding=\"async\" style=\"border-width:0px;width:100px;height:150px;opacity:0.85;display:inline;\" src=\"http:\/\/mariacka-lodz.com.pl\/wp-content\/uploads\/wppa\/thumbs\/7580.jpg?ver=9\" alt=\"DSC_3567.JPG\" class=\"image wppa-img\" onmouseover=\"jQuery(this).fadeTo(400, 1.0)\" onmouseout=\"jQuery(this).fadeTo(400,0.85)\"><\/a><\/div><\/div><div title=\" \" onclick=\"wppaStopProp(event);\"><\/div><div style=\"clear:both;\"><\/div><\/div><div id=\"album-198-1\" title=\"View the album Bierzmowanie 2017\" style=\"width:100%;float:right;cursor:pointer;\" class=\"wppa-album-cover-standard album wppa-box wppa-cover-box wppa-cover-box-1\" onclick=\"wppaDoAjaxRender(event, 1, &#039;http:\/\/mariacka-lodz.com.pl\/index.php?rest_route=\/wp-photo-album-plus\/endPoint?action=wppa&wppa-action=render&wppa-size=640&occur=1&page_id=128&wppa-fromp=128&lang=pl&cache=1&album=198&cover=0&occur=1&data-alb=198&#039;, &#039;http:\/\/mariacka-lodz.com.pl\/?page_id=128&lang=pl&cache=1&album=994889c963575d4b&cover=0&occur=1&data-alb=198&#039; )\"><div id=\"covertext_frame_198_1\" style=\"width:459px; float:left\" class=\"wppa-text-frame-1 wppa-text-frame wppa-cover-text-frame wppa-asym-text-frame-1\"><h2 style=\"clear:none\" class=\"wppa-title\"><a title=\"View the album Bierzmowanie 2017\" style=\"cursor:pointer\" class=\"wppa-title\" onclick=\"wppaDoAjaxRender(event, 1, &#039;http:\/\/mariacka-lodz.com.pl\/index.php?rest_route=\/wp-photo-album-plus\/endPoint?action=wppa&wppa-action=render&wppa-size=640&occur=1&page_id=128&wppa-fromp=128&lang=pl&cache=1&album=198&cover=0&occur=1&data-alb=198&#039;, &#039;http:\/\/mariacka-lodz.com.pl\/?page_id=128&lang=pl&cache=1&album=994889c963575d4b&cover=0&occur=1&data-alb=198&#039; )\">Bierzmowanie 2017<\/a><\/h2><div style=\"min-height:54px;\" class=\"wppa-box-text wppa-black wppa-box-text-desc\"><\/div><div class=\"wppa-box-text wppa-black wppa-info wppa-slideshow-browse-link wppa-album-cover-link\"><a title=\"Slideshow\" style=\"cursor:pointer\" class=\"wppa-album-cover-link\" onclick=\"wppaDoAjaxRender(event, 1, &#039;http:\/\/mariacka-lodz.com.pl\/index.php?rest_route=\/wp-photo-album-plus\/endPoint?action=wppa&wppa-action=render&wppa-size=640&occur=1&page_id=128&wppa-fromp=128&lang=pl&cache=1&slide=1&occur=1&album=198&#039;, &#039;http:\/\/mariacka-lodz.com.pl\/?page_id=128&lang=pl&cache=1&slide=1&occur=1&album=994889c963575d4b&#039; )\">Slideshow<\/a><\/div><div class=\"wppa-box-text wppa-black wppa-info wppa-viewlink wppa-album-cover-link\"><a title=\"View the album Bierzmowanie 2017\" style=\"cursor:pointer;\" class=\"wppa-album-cover-link\" onclick=\"wppaDoAjaxRender(event, 1, &#039;http:\/\/mariacka-lodz.com.pl\/index.php?rest_route=\/wp-photo-album-plus\/endPoint?action=wppa&wppa-action=render&wppa-size=640&occur=1&page_id=128&wppa-fromp=128&lang=pl&cache=1&album=198&cover=0&occur=1&data-alb=198&#039;, &#039;http:\/\/mariacka-lodz.com.pl\/?page_id=128&lang=pl&cache=1&album=994889c963575d4b&cover=0&occur=1&data-alb=198&#039; )\">View&nbsp;28&nbsp;photos<\/a><\/div><\/div><div id=\"coverphoto_frame_198_1\" style=\"float:right; margin-left:5px;width:160px;\" class=\"coverphoto-frame\"><div title=\" \" style=\"display:inline-block;margin:0 4px;\" onclick=\"wppaStopProp(event)\"><a title=\"View the album Bierzmowanie 2017\" style=\"border:0;color:transparent;cursor:pointer;\" target=\"_self\" onclick=\"wppaDoAjaxRender(event, 1, &#039;http:\/\/mariacka-lodz.com.pl\/index.php?rest_route=\/wp-photo-album-plus\/endPoint?action=wppa&wppa-action=render&wppa-size=640&occur=1&page_id=128&wppa-fromp=128&lang=pl&cache=1&album=198&cover=0&occur=1&data-alb=198&#039;, &#039;http:\/\/mariacka-lodz.com.pl\/?page_id=128&lang=pl&cache=1&album=994889c963575d4b&cover=0&occur=1&data-alb=198&#039; )\"><img decoding=\"async\" style=\"border-width:0px;width:150px;height:100px;opacity:0.85;display:inline;\" src=\"http:\/\/mariacka-lodz.com.pl\/wp-content\/uploads\/wppa\/thumbs\/7552.jpg?ver=9\" alt=\"DSC_3362.JPG\" class=\"image wppa-img\" onmouseover=\"jQuery(this).fadeTo(400, 1.0)\" onmouseout=\"jQuery(this).fadeTo(400,0.85)\"><\/a><\/div><\/div><div title=\" \" onclick=\"wppaStopProp(event);\"><\/div><div style=\"clear:both;\"><\/div><\/div><div id=\"album-197-1\" title=\"View the album Uroczyste wprowadzenie figury Matki Bo\u017cej Fatimskiej\" style=\"width:100%;float:right;cursor:pointer;\" class=\"wppa-album-cover-standard album wppa-box wppa-cover-box wppa-cover-box-1\" onclick=\"wppaDoAjaxRender(event, 1, &#039;http:\/\/mariacka-lodz.com.pl\/index.php?rest_route=\/wp-photo-album-plus\/endPoint?action=wppa&wppa-action=render&wppa-size=640&occur=1&page_id=128&wppa-fromp=128&lang=pl&cache=1&album=197&cover=0&occur=1&data-alb=197&#039;, &#039;http:\/\/mariacka-lodz.com.pl\/?page_id=128&lang=pl&cache=1&album=044a8908149a157e&cover=0&occur=1&data-alb=197&#039; )\"><div id=\"covertext_frame_197_1\" style=\"width:459px; float:left\" class=\"wppa-text-frame-1 wppa-text-frame wppa-cover-text-frame wppa-asym-text-frame-1\"><h2 style=\"clear:none\" class=\"wppa-title\"><a title=\"View the album Uroczyste wprowadzenie figury Matki Bo\u017cej Fatimskiej\" style=\"cursor:pointer\" class=\"wppa-title\" onclick=\"wppaDoAjaxRender(event, 1, &#039;http:\/\/mariacka-lodz.com.pl\/index.php?rest_route=\/wp-photo-album-plus\/endPoint?action=wppa&wppa-action=render&wppa-size=640&occur=1&page_id=128&wppa-fromp=128&lang=pl&cache=1&album=197&cover=0&occur=1&data-alb=197&#039;, &#039;http:\/\/mariacka-lodz.com.pl\/?page_id=128&lang=pl&cache=1&album=044a8908149a157e&cover=0&occur=1&data-alb=197&#039; )\">Uroczyste wprowadzenie figury Matki Bo\u017cej Fatimskiej<\/a><\/h2><div style=\"min-height:54px;\" class=\"wppa-box-text wppa-black wppa-box-text-desc\"><\/div><div class=\"wppa-box-text wppa-black wppa-info wppa-slideshow-browse-link wppa-album-cover-link\"><a title=\"Slideshow\" style=\"cursor:pointer\" class=\"wppa-album-cover-link\" onclick=\"wppaDoAjaxRender(event, 1, &#039;http:\/\/mariacka-lodz.com.pl\/index.php?rest_route=\/wp-photo-album-plus\/endPoint?action=wppa&wppa-action=render&wppa-size=640&occur=1&page_id=128&wppa-fromp=128&lang=pl&cache=1&slide=1&occur=1&album=197&#039;, &#039;http:\/\/mariacka-lodz.com.pl\/?page_id=128&lang=pl&cache=1&slide=1&occur=1&album=044a8908149a157e&#039; )\">Slideshow<\/a><\/div><div class=\"wppa-box-text wppa-black wppa-info wppa-viewlink wppa-album-cover-link\"><a title=\"View the album Uroczyste wprowadzenie figury Matki Bo\u017cej Fatimskiej\" style=\"cursor:pointer;\" class=\"wppa-album-cover-link\" onclick=\"wppaDoAjaxRender(event, 1, &#039;http:\/\/mariacka-lodz.com.pl\/index.php?rest_route=\/wp-photo-album-plus\/endPoint?action=wppa&wppa-action=render&wppa-size=640&occur=1&page_id=128&wppa-fromp=128&lang=pl&cache=1&album=197&cover=0&occur=1&data-alb=197&#039;, &#039;http:\/\/mariacka-lodz.com.pl\/?page_id=128&lang=pl&cache=1&album=044a8908149a157e&cover=0&occur=1&data-alb=197&#039; )\">View&nbsp;20&nbsp;photos<\/a><\/div><\/div><div id=\"coverphoto_frame_197_1\" style=\"float:right; margin-left:5px;width:160px;\" class=\"coverphoto-frame\"><div title=\" \" style=\"display:inline-block;margin:0 4px;\" onclick=\"wppaStopProp(event)\"><a title=\"View the album Uroczyste wprowadzenie figury Matki Bo\u017cej Fatimskiej\" style=\"border:0;color:transparent;cursor:pointer;\" target=\"_self\" onclick=\"wppaDoAjaxRender(event, 1, &#039;http:\/\/mariacka-lodz.com.pl\/index.php?rest_route=\/wp-photo-album-plus\/endPoint?action=wppa&wppa-action=render&wppa-size=640&occur=1&page_id=128&wppa-fromp=128&lang=pl&cache=1&album=197&cover=0&occur=1&data-alb=197&#039;, &#039;http:\/\/mariacka-lodz.com.pl\/?page_id=128&lang=pl&cache=1&album=044a8908149a157e&cover=0&occur=1&data-alb=197&#039; )\"><img decoding=\"async\" style=\"border-width:0px;width:150px;height:100px;opacity:0.85;display:inline;\" src=\"http:\/\/mariacka-lodz.com.pl\/wp-content\/uploads\/wppa\/thumbs\/7532.jpg?ver=9\" alt=\"DSC_3304.JPG\" class=\"image wppa-img\" onmouseover=\"jQuery(this).fadeTo(400, 1.0)\" onmouseout=\"jQuery(this).fadeTo(400,0.85)\"><\/a><\/div><\/div><div title=\" \" onclick=\"wppaStopProp(event);\"><\/div><div style=\"clear:both;\"><\/div><\/div><div id=\"album-196-1\" title=\"View the album Wielkanoc 2017 - ks. Bp Ireneusz P\u0119kalski\" style=\"width:100%;float:right;cursor:pointer;\" class=\"wppa-album-cover-standard album wppa-box wppa-cover-box wppa-cover-box-1\" onclick=\"wppaDoAjaxRender(event, 1, &#039;http:\/\/mariacka-lodz.com.pl\/index.php?rest_route=\/wp-photo-album-plus\/endPoint?action=wppa&wppa-action=render&wppa-size=640&occur=1&page_id=128&wppa-fromp=128&lang=pl&cache=1&album=196&cover=0&occur=1&data-alb=196&#039;, &#039;http:\/\/mariacka-lodz.com.pl\/?page_id=128&lang=pl&cache=1&album=6223fb5d9091b84a&cover=0&occur=1&data-alb=196&#039; )\"><div id=\"covertext_frame_196_1\" style=\"width:459px; float:left\" class=\"wppa-text-frame-1 wppa-text-frame wppa-cover-text-frame wppa-asym-text-frame-1\"><h2 style=\"clear:none\" class=\"wppa-title\"><a title=\"View the album Wielkanoc 2017 - ks. Bp Ireneusz P\u0119kalski\" style=\"cursor:pointer\" class=\"wppa-title\" onclick=\"wppaDoAjaxRender(event, 1, &#039;http:\/\/mariacka-lodz.com.pl\/index.php?rest_route=\/wp-photo-album-plus\/endPoint?action=wppa&wppa-action=render&wppa-size=640&occur=1&page_id=128&wppa-fromp=128&lang=pl&cache=1&album=196&cover=0&occur=1&data-alb=196&#039;, &#039;http:\/\/mariacka-lodz.com.pl\/?page_id=128&lang=pl&cache=1&album=6223fb5d9091b84a&cover=0&occur=1&data-alb=196&#039; )\">Wielkanoc 2017 - ks. Bp Ireneusz P\u0119kalski<\/a><\/h2><div style=\"min-height:54px;\" class=\"wppa-box-text wppa-black wppa-box-text-desc\"><\/div><div class=\"wppa-box-text wppa-black wppa-info wppa-slideshow-browse-link wppa-album-cover-link\"><a title=\"Slideshow\" style=\"cursor:pointer\" class=\"wppa-album-cover-link\" onclick=\"wppaDoAjaxRender(event, 1, &#039;http:\/\/mariacka-lodz.com.pl\/index.php?rest_route=\/wp-photo-album-plus\/endPoint?action=wppa&wppa-action=render&wppa-size=640&occur=1&page_id=128&wppa-fromp=128&lang=pl&cache=1&slide=1&occur=1&album=196&#039;, &#039;http:\/\/mariacka-lodz.com.pl\/?page_id=128&lang=pl&cache=1&slide=1&occur=1&album=6223fb5d9091b84a&#039; )\">Slideshow<\/a><\/div><div class=\"wppa-box-text wppa-black wppa-info wppa-viewlink wppa-album-cover-link\"><a title=\"View the album Wielkanoc 2017 - ks. Bp Ireneusz P\u0119kalski\" style=\"cursor:pointer;\" class=\"wppa-album-cover-link\" onclick=\"wppaDoAjaxRender(event, 1, &#039;http:\/\/mariacka-lodz.com.pl\/index.php?rest_route=\/wp-photo-album-plus\/endPoint?action=wppa&wppa-action=render&wppa-size=640&occur=1&page_id=128&wppa-fromp=128&lang=pl&cache=1&album=196&cover=0&occur=1&data-alb=196&#039;, &#039;http:\/\/mariacka-lodz.com.pl\/?page_id=128&lang=pl&cache=1&album=6223fb5d9091b84a&cover=0&occur=1&data-alb=196&#039; )\">View&nbsp;16&nbsp;photos<\/a><\/div><\/div><div id=\"coverphoto_frame_196_1\" style=\"float:right; margin-left:5px;width:160px;\" class=\"coverphoto-frame\"><div title=\" \" style=\"display:inline-block;margin:0 4px;\" onclick=\"wppaStopProp(event)\"><a title=\"View the album Wielkanoc 2017 - ks. Bp Ireneusz P\u0119kalski\" style=\"border:0;color:transparent;cursor:pointer;\" target=\"_self\" onclick=\"wppaDoAjaxRender(event, 1, &#039;http:\/\/mariacka-lodz.com.pl\/index.php?rest_route=\/wp-photo-album-plus\/endPoint?action=wppa&wppa-action=render&wppa-size=640&occur=1&page_id=128&wppa-fromp=128&lang=pl&cache=1&album=196&cover=0&occur=1&data-alb=196&#039;, &#039;http:\/\/mariacka-lodz.com.pl\/?page_id=128&lang=pl&cache=1&album=6223fb5d9091b84a&cover=0&occur=1&data-alb=196&#039; )\"><img decoding=\"async\" style=\"border-width:0px;width:150px;height:100px;opacity:0.85;display:inline;\" src=\"http:\/\/mariacka-lodz.com.pl\/wp-content\/uploads\/wppa\/thumbs\/7511.jpg?ver=9\" alt=\"DSC_3258.JPG\" class=\"image wppa-img\" onmouseover=\"jQuery(this).fadeTo(400, 1.0)\" onmouseout=\"jQuery(this).fadeTo(400,0.85)\"><\/a><\/div><\/div><div title=\" \" onclick=\"wppaStopProp(event);\"><\/div><div style=\"clear:both;\"><\/div><\/div><div id=\"album-195-1\" title=\"View the album Rezurekcja\" style=\"width:100%;float:right;cursor:pointer;\" class=\"wppa-album-cover-standard album wppa-box wppa-cover-box wppa-cover-box-1\" onclick=\"wppaDoAjaxRender(event, 1, &#039;http:\/\/mariacka-lodz.com.pl\/index.php?rest_route=\/wp-photo-album-plus\/endPoint?action=wppa&wppa-action=render&wppa-size=640&occur=1&page_id=128&wppa-fromp=128&lang=pl&cache=1&album=195&cover=0&occur=1&data-alb=195&#039;, &#039;http:\/\/mariacka-lodz.com.pl\/?page_id=128&lang=pl&cache=1&album=b36021174420cc77&cover=0&occur=1&data-alb=195&#039; )\"><div id=\"covertext_frame_195_1\" style=\"width:459px; float:left\" class=\"wppa-text-frame-1 wppa-text-frame wppa-cover-text-frame wppa-asym-text-frame-1\"><h2 style=\"clear:none\" class=\"wppa-title\"><a title=\"View the album Rezurekcja\" style=\"cursor:pointer\" class=\"wppa-title\" onclick=\"wppaDoAjaxRender(event, 1, &#039;http:\/\/mariacka-lodz.com.pl\/index.php?rest_route=\/wp-photo-album-plus\/endPoint?action=wppa&wppa-action=render&wppa-size=640&occur=1&page_id=128&wppa-fromp=128&lang=pl&cache=1&album=195&cover=0&occur=1&data-alb=195&#039;, &#039;http:\/\/mariacka-lodz.com.pl\/?page_id=128&lang=pl&cache=1&album=b36021174420cc77&cover=0&occur=1&data-alb=195&#039; )\">Rezurekcja<\/a><\/h2><div style=\"min-height:54px;\" class=\"wppa-box-text wppa-black wppa-box-text-desc\"><\/div><div class=\"wppa-box-text wppa-black wppa-info wppa-slideshow-browse-link wppa-album-cover-link\"><a title=\"Slideshow\" style=\"cursor:pointer\" class=\"wppa-album-cover-link\" onclick=\"wppaDoAjaxRender(event, 1, &#039;http:\/\/mariacka-lodz.com.pl\/index.php?rest_route=\/wp-photo-album-plus\/endPoint?action=wppa&wppa-action=render&wppa-size=640&occur=1&page_id=128&wppa-fromp=128&lang=pl&cache=1&slide=1&occur=1&album=195&#039;, &#039;http:\/\/mariacka-lodz.com.pl\/?page_id=128&lang=pl&cache=1&slide=1&occur=1&album=b36021174420cc77&#039; )\">Slideshow<\/a><\/div><div class=\"wppa-box-text wppa-black wppa-info wppa-viewlink wppa-album-cover-link\"><a title=\"View the album Rezurekcja\" style=\"cursor:pointer;\" class=\"wppa-album-cover-link\" onclick=\"wppaDoAjaxRender(event, 1, &#039;http:\/\/mariacka-lodz.com.pl\/index.php?rest_route=\/wp-photo-album-plus\/endPoint?action=wppa&wppa-action=render&wppa-size=640&occur=1&page_id=128&wppa-fromp=128&lang=pl&cache=1&album=195&cover=0&occur=1&data-alb=195&#039;, &#039;http:\/\/mariacka-lodz.com.pl\/?page_id=128&lang=pl&cache=1&album=b36021174420cc77&cover=0&occur=1&data-alb=195&#039; )\">View&nbsp;40&nbsp;photos<\/a><\/div><\/div><div id=\"coverphoto_frame_195_1\" style=\"float:right; margin-left:5px;width:160px;\" class=\"coverphoto-frame\"><div title=\" \" style=\"display:inline-block;margin:0 4px;\" onclick=\"wppaStopProp(event)\"><a title=\"View the album Rezurekcja\" style=\"border:0;color:transparent;cursor:pointer;\" target=\"_self\" onclick=\"wppaDoAjaxRender(event, 1, &#039;http:\/\/mariacka-lodz.com.pl\/index.php?rest_route=\/wp-photo-album-plus\/endPoint?action=wppa&wppa-action=render&wppa-size=640&occur=1&page_id=128&wppa-fromp=128&lang=pl&cache=1&album=195&cover=0&occur=1&data-alb=195&#039;, &#039;http:\/\/mariacka-lodz.com.pl\/?page_id=128&lang=pl&cache=1&album=b36021174420cc77&cover=0&occur=1&data-alb=195&#039; )\"><img decoding=\"async\" style=\"border-width:0px;width:150px;height:100px;opacity:0.85;display:inline;\" src=\"http:\/\/mariacka-lodz.com.pl\/wp-content\/uploads\/wppa\/thumbs\/7476.jpg?ver=9\" alt=\"DSC_3128.JPG\" class=\"image wppa-img\" onmouseover=\"jQuery(this).fadeTo(400, 1.0)\" onmouseout=\"jQuery(this).fadeTo(400,0.85)\"><\/a><\/div><\/div><div title=\" \" onclick=\"wppaStopProp(event);\"><\/div><div style=\"clear:both;\"><\/div><\/div><div id=\"album-194-1\" title=\"View the album Wigilia Paschalna\" style=\"width:100%;float:right;cursor:pointer;\" class=\"wppa-album-cover-standard album wppa-box wppa-cover-box wppa-cover-box-1\" onclick=\"wppaDoAjaxRender(event, 1, &#039;http:\/\/mariacka-lodz.com.pl\/index.php?rest_route=\/wp-photo-album-plus\/endPoint?action=wppa&wppa-action=render&wppa-size=640&occur=1&page_id=128&wppa-fromp=128&lang=pl&cache=1&album=194&cover=0&occur=1&data-alb=194&#039;, &#039;http:\/\/mariacka-lodz.com.pl\/?page_id=128&lang=pl&cache=1&album=a1084fd3ec77c59d&cover=0&occur=1&data-alb=194&#039; )\"><div id=\"covertext_frame_194_1\" style=\"width:459px; float:left\" class=\"wppa-text-frame-1 wppa-text-frame wppa-cover-text-frame wppa-asym-text-frame-1\"><h2 style=\"clear:none\" class=\"wppa-title\"><a title=\"View the album Wigilia Paschalna\" style=\"cursor:pointer\" class=\"wppa-title\" onclick=\"wppaDoAjaxRender(event, 1, &#039;http:\/\/mariacka-lodz.com.pl\/index.php?rest_route=\/wp-photo-album-plus\/endPoint?action=wppa&wppa-action=render&wppa-size=640&occur=1&page_id=128&wppa-fromp=128&lang=pl&cache=1&album=194&cover=0&occur=1&data-alb=194&#039;, &#039;http:\/\/mariacka-lodz.com.pl\/?page_id=128&lang=pl&cache=1&album=a1084fd3ec77c59d&cover=0&occur=1&data-alb=194&#039; )\">Wigilia Paschalna<\/a><\/h2><div style=\"min-height:54px;\" class=\"wppa-box-text wppa-black wppa-box-text-desc\"><\/div><div class=\"wppa-box-text wppa-black wppa-info wppa-slideshow-browse-link wppa-album-cover-link\"><a title=\"Slideshow\" style=\"cursor:pointer\" class=\"wppa-album-cover-link\" onclick=\"wppaDoAjaxRender(event, 1, &#039;http:\/\/mariacka-lodz.com.pl\/index.php?rest_route=\/wp-photo-album-plus\/endPoint?action=wppa&wppa-action=render&wppa-size=640&occur=1&page_id=128&wppa-fromp=128&lang=pl&cache=1&slide=1&occur=1&album=194&#039;, &#039;http:\/\/mariacka-lodz.com.pl\/?page_id=128&lang=pl&cache=1&slide=1&occur=1&album=a1084fd3ec77c59d&#039; )\">Slideshow<\/a><\/div><div class=\"wppa-box-text wppa-black wppa-info wppa-viewlink wppa-album-cover-link\"><a title=\"View the album Wigilia Paschalna\" style=\"cursor:pointer;\" class=\"wppa-album-cover-link\" onclick=\"wppaDoAjaxRender(event, 1, &#039;http:\/\/mariacka-lodz.com.pl\/index.php?rest_route=\/wp-photo-album-plus\/endPoint?action=wppa&wppa-action=render&wppa-size=640&occur=1&page_id=128&wppa-fromp=128&lang=pl&cache=1&album=194&cover=0&occur=1&data-alb=194&#039;, &#039;http:\/\/mariacka-lodz.com.pl\/?page_id=128&lang=pl&cache=1&album=a1084fd3ec77c59d&cover=0&occur=1&data-alb=194&#039; )\">View&nbsp;40&nbsp;photos<\/a><\/div><\/div><div id=\"coverphoto_frame_194_1\" style=\"float:right; margin-left:5px;width:160px;\" class=\"coverphoto-frame\"><div title=\" \" style=\"display:inline-block;margin:0 4px;\" onclick=\"wppaStopProp(event)\"><a title=\"View the album Wigilia Paschalna\" style=\"border:0;color:transparent;cursor:pointer;\" target=\"_self\" onclick=\"wppaDoAjaxRender(event, 1, &#039;http:\/\/mariacka-lodz.com.pl\/index.php?rest_route=\/wp-photo-album-plus\/endPoint?action=wppa&wppa-action=render&wppa-size=640&occur=1&page_id=128&wppa-fromp=128&lang=pl&cache=1&album=194&cover=0&occur=1&data-alb=194&#039;, &#039;http:\/\/mariacka-lodz.com.pl\/?page_id=128&lang=pl&cache=1&album=a1084fd3ec77c59d&cover=0&occur=1&data-alb=194&#039; )\"><img decoding=\"async\" style=\"border-width:0px;width:150px;height:100px;opacity:0.85;display:inline;\" src=\"http:\/\/mariacka-lodz.com.pl\/wp-content\/uploads\/wppa\/thumbs\/7436.jpg?ver=9\" alt=\"DSC_2976.JPG\" class=\"image wppa-img\" onmouseover=\"jQuery(this).fadeTo(400, 1.0)\" onmouseout=\"jQuery(this).fadeTo(400,0.85)\"><\/a><\/div><\/div><div title=\" \" onclick=\"wppaStopProp(event);\"><\/div><div style=\"clear:both;\"><\/div><\/div><div id=\"album-193-1\" title=\"View the album Wielka Sobota\" style=\"width:100%;float:right;cursor:pointer;\" class=\"wppa-album-cover-standard album wppa-box wppa-cover-box wppa-cover-box-1\" onclick=\"wppaDoAjaxRender(event, 1, &#039;http:\/\/mariacka-lodz.com.pl\/index.php?rest_route=\/wp-photo-album-plus\/endPoint?action=wppa&wppa-action=render&wppa-size=640&occur=1&page_id=128&wppa-fromp=128&lang=pl&cache=1&album=193&cover=0&occur=1&data-alb=193&#039;, &#039;http:\/\/mariacka-lodz.com.pl\/?page_id=128&lang=pl&cache=1&album=e8b2c586f1e8b240&cover=0&occur=1&data-alb=193&#039; )\"><div id=\"covertext_frame_193_1\" style=\"width:459px; float:left\" class=\"wppa-text-frame-1 wppa-text-frame wppa-cover-text-frame wppa-asym-text-frame-1\"><h2 style=\"clear:none\" class=\"wppa-title\"><a title=\"View the album Wielka Sobota\" style=\"cursor:pointer\" class=\"wppa-title\" onclick=\"wppaDoAjaxRender(event, 1, &#039;http:\/\/mariacka-lodz.com.pl\/index.php?rest_route=\/wp-photo-album-plus\/endPoint?action=wppa&wppa-action=render&wppa-size=640&occur=1&page_id=128&wppa-fromp=128&lang=pl&cache=1&album=193&cover=0&occur=1&data-alb=193&#039;, &#039;http:\/\/mariacka-lodz.com.pl\/?page_id=128&lang=pl&cache=1&album=e8b2c586f1e8b240&cover=0&occur=1&data-alb=193&#039; )\">Wielka Sobota<\/a><\/h2><div style=\"min-height:54px;\" class=\"wppa-box-text wppa-black wppa-box-text-desc\"><\/div><div class=\"wppa-box-text wppa-black wppa-info wppa-slideshow-browse-link wppa-album-cover-link\"><a title=\"Slideshow\" style=\"cursor:pointer\" class=\"wppa-album-cover-link\" onclick=\"wppaDoAjaxRender(event, 1, &#039;http:\/\/mariacka-lodz.com.pl\/index.php?rest_route=\/wp-photo-album-plus\/endPoint?action=wppa&wppa-action=render&wppa-size=640&occur=1&page_id=128&wppa-fromp=128&lang=pl&cache=1&slide=1&occur=1&album=193&#039;, &#039;http:\/\/mariacka-lodz.com.pl\/?page_id=128&lang=pl&cache=1&slide=1&occur=1&album=e8b2c586f1e8b240&#039; )\">Slideshow<\/a><\/div><div class=\"wppa-box-text wppa-black wppa-info wppa-viewlink wppa-album-cover-link\"><a title=\"View the album Wielka Sobota\" style=\"cursor:pointer;\" class=\"wppa-album-cover-link\" onclick=\"wppaDoAjaxRender(event, 1, &#039;http:\/\/mariacka-lodz.com.pl\/index.php?rest_route=\/wp-photo-album-plus\/endPoint?action=wppa&wppa-action=render&wppa-size=640&occur=1&page_id=128&wppa-fromp=128&lang=pl&cache=1&album=193&cover=0&occur=1&data-alb=193&#039;, &#039;http:\/\/mariacka-lodz.com.pl\/?page_id=128&lang=pl&cache=1&album=e8b2c586f1e8b240&cover=0&occur=1&data-alb=193&#039; )\">View&nbsp;17&nbsp;photos<\/a><\/div><\/div><div id=\"coverphoto_frame_193_1\" style=\"float:right; margin-left:5px;width:160px;\" class=\"coverphoto-frame\"><div title=\" \" style=\"display:inline-block;margin:0 4px;\" onclick=\"wppaStopProp(event)\"><a title=\"View the album Wielka Sobota\" style=\"border:0;color:transparent;cursor:pointer;\" target=\"_self\" onclick=\"wppaDoAjaxRender(event, 1, &#039;http:\/\/mariacka-lodz.com.pl\/index.php?rest_route=\/wp-photo-album-plus\/endPoint?action=wppa&wppa-action=render&wppa-size=640&occur=1&page_id=128&wppa-fromp=128&lang=pl&cache=1&album=193&cover=0&occur=1&data-alb=193&#039;, &#039;http:\/\/mariacka-lodz.com.pl\/?page_id=128&lang=pl&cache=1&album=e8b2c586f1e8b240&cover=0&occur=1&data-alb=193&#039; )\"><img decoding=\"async\" style=\"border-width:0px;width:150px;height:100px;opacity:0.85;display:inline;\" src=\"http:\/\/mariacka-lodz.com.pl\/wp-content\/uploads\/wppa\/thumbs\/7414.jpg?ver=9\" alt=\"DSC_2912.JPG\" class=\"image wppa-img\" onmouseover=\"jQuery(this).fadeTo(400, 1.0)\" onmouseout=\"jQuery(this).fadeTo(400,0.85)\"><\/a><\/div><\/div><div title=\" \" onclick=\"wppaStopProp(event);\"><\/div><div style=\"clear:both;\"><\/div><\/div><div id=\"album-192-1\" title=\"View the album Wielki Pi\u0105tek\" style=\"width:100%;float:right;cursor:pointer;\" class=\"wppa-album-cover-standard album wppa-box wppa-cover-box wppa-cover-box-1\" onclick=\"wppaDoAjaxRender(event, 1, &#039;http:\/\/mariacka-lodz.com.pl\/index.php?rest_route=\/wp-photo-album-plus\/endPoint?action=wppa&wppa-action=render&wppa-size=640&occur=1&page_id=128&wppa-fromp=128&lang=pl&cache=1&album=192&cover=0&occur=1&data-alb=192&#039;, &#039;http:\/\/mariacka-lodz.com.pl\/?page_id=128&lang=pl&cache=1&album=0a27ca89d3727e43&cover=0&occur=1&data-alb=192&#039; )\"><div id=\"covertext_frame_192_1\" style=\"width:459px; float:left\" class=\"wppa-text-frame-1 wppa-text-frame wppa-cover-text-frame wppa-asym-text-frame-1\"><h2 style=\"clear:none\" class=\"wppa-title\"><a title=\"View the album Wielki Pi\u0105tek\" style=\"cursor:pointer\" class=\"wppa-title\" onclick=\"wppaDoAjaxRender(event, 1, &#039;http:\/\/mariacka-lodz.com.pl\/index.php?rest_route=\/wp-photo-album-plus\/endPoint?action=wppa&wppa-action=render&wppa-size=640&occur=1&page_id=128&wppa-fromp=128&lang=pl&cache=1&album=192&cover=0&occur=1&data-alb=192&#039;, &#039;http:\/\/mariacka-lodz.com.pl\/?page_id=128&lang=pl&cache=1&album=0a27ca89d3727e43&cover=0&occur=1&data-alb=192&#039; )\">Wielki Pi\u0105tek<\/a><\/h2><div style=\"min-height:54px;\" class=\"wppa-box-text wppa-black wppa-box-text-desc\"><\/div><div class=\"wppa-box-text wppa-black wppa-info wppa-slideshow-browse-link wppa-album-cover-link\"><a title=\"Slideshow\" style=\"cursor:pointer\" class=\"wppa-album-cover-link\" onclick=\"wppaDoAjaxRender(event, 1, &#039;http:\/\/mariacka-lodz.com.pl\/index.php?rest_route=\/wp-photo-album-plus\/endPoint?action=wppa&wppa-action=render&wppa-size=640&occur=1&page_id=128&wppa-fromp=128&lang=pl&cache=1&slide=1&occur=1&album=192&#039;, &#039;http:\/\/mariacka-lodz.com.pl\/?page_id=128&lang=pl&cache=1&slide=1&occur=1&album=0a27ca89d3727e43&#039; )\">Slideshow<\/a><\/div><div class=\"wppa-box-text wppa-black wppa-info wppa-viewlink wppa-album-cover-link\"><a title=\"View the album Wielki Pi\u0105tek\" style=\"cursor:pointer;\" class=\"wppa-album-cover-link\" onclick=\"wppaDoAjaxRender(event, 1, &#039;http:\/\/mariacka-lodz.com.pl\/index.php?rest_route=\/wp-photo-album-plus\/endPoint?action=wppa&wppa-action=render&wppa-size=640&occur=1&page_id=128&wppa-fromp=128&lang=pl&cache=1&album=192&cover=0&occur=1&data-alb=192&#039;, &#039;http:\/\/mariacka-lodz.com.pl\/?page_id=128&lang=pl&cache=1&album=0a27ca89d3727e43&cover=0&occur=1&data-alb=192&#039; )\">View&nbsp;37&nbsp;photos<\/a><\/div><\/div><div id=\"coverphoto_frame_192_1\" style=\"float:right; margin-left:5px;width:160px;\" class=\"coverphoto-frame\"><div title=\" \" style=\"display:inline-block;margin:0 4px;\" onclick=\"wppaStopProp(event)\"><a title=\"View the album Wielki Pi\u0105tek\" style=\"border:0;color:transparent;cursor:pointer;\" target=\"_self\" onclick=\"wppaDoAjaxRender(event, 1, &#039;http:\/\/mariacka-lodz.com.pl\/index.php?rest_route=\/wp-photo-album-plus\/endPoint?action=wppa&wppa-action=render&wppa-size=640&occur=1&page_id=128&wppa-fromp=128&lang=pl&cache=1&album=192&cover=0&occur=1&data-alb=192&#039;, &#039;http:\/\/mariacka-lodz.com.pl\/?page_id=128&lang=pl&cache=1&album=0a27ca89d3727e43&cover=0&occur=1&data-alb=192&#039; )\"><img decoding=\"async\" style=\"border-width:0px;width:150px;height:100px;opacity:0.85;display:inline;\" src=\"http:\/\/mariacka-lodz.com.pl\/wp-content\/uploads\/wppa\/thumbs\/7379.jpg?ver=9\" alt=\"DSC_2810.JPG\" class=\"image wppa-img\" onmouseover=\"jQuery(this).fadeTo(400, 1.0)\" onmouseout=\"jQuery(this).fadeTo(400,0.85)\"><\/a><\/div><\/div><div title=\" \" onclick=\"wppaStopProp(event);\"><\/div><div style=\"clear:both;\"><\/div><\/div><div id=\"album-191-1\" title=\"View the album Wielki Czwartek\" style=\"width:100%;float:right;cursor:pointer;\" class=\"wppa-album-cover-standard album wppa-box wppa-cover-box wppa-cover-box-1\" onclick=\"wppaDoAjaxRender(event, 1, &#039;http:\/\/mariacka-lodz.com.pl\/index.php?rest_route=\/wp-photo-album-plus\/endPoint?action=wppa&wppa-action=render&wppa-size=640&occur=1&page_id=128&wppa-fromp=128&lang=pl&cache=1&album=191&cover=0&occur=1&data-alb=191&#039;, &#039;http:\/\/mariacka-lodz.com.pl\/?page_id=128&lang=pl&cache=1&album=61fae4d7dad1b338&cover=0&occur=1&data-alb=191&#039; )\"><div id=\"covertext_frame_191_1\" style=\"width:459px; float:left\" class=\"wppa-text-frame-1 wppa-text-frame wppa-cover-text-frame wppa-asym-text-frame-1\"><h2 style=\"clear:none\" class=\"wppa-title\"><a title=\"View the album Wielki Czwartek\" style=\"cursor:pointer\" class=\"wppa-title\" onclick=\"wppaDoAjaxRender(event, 1, &#039;http:\/\/mariacka-lodz.com.pl\/index.php?rest_route=\/wp-photo-album-plus\/endPoint?action=wppa&wppa-action=render&wppa-size=640&occur=1&page_id=128&wppa-fromp=128&lang=pl&cache=1&album=191&cover=0&occur=1&data-alb=191&#039;, &#039;http:\/\/mariacka-lodz.com.pl\/?page_id=128&lang=pl&cache=1&album=61fae4d7dad1b338&cover=0&occur=1&data-alb=191&#039; )\">Wielki Czwartek<\/a><\/h2><div style=\"min-height:54px;\" class=\"wppa-box-text wppa-black wppa-box-text-desc\"><\/div><div class=\"wppa-box-text wppa-black wppa-info wppa-slideshow-browse-link wppa-album-cover-link\"><a title=\"Slideshow\" style=\"cursor:pointer\" class=\"wppa-album-cover-link\" onclick=\"wppaDoAjaxRender(event, 1, &#039;http:\/\/mariacka-lodz.com.pl\/index.php?rest_route=\/wp-photo-album-plus\/endPoint?action=wppa&wppa-action=render&wppa-size=640&occur=1&page_id=128&wppa-fromp=128&lang=pl&cache=1&slide=1&occur=1&album=191&#039;, &#039;http:\/\/mariacka-lodz.com.pl\/?page_id=128&lang=pl&cache=1&slide=1&occur=1&album=61fae4d7dad1b338&#039; )\">Slideshow<\/a><\/div><div class=\"wppa-box-text wppa-black wppa-info wppa-viewlink wppa-album-cover-link\"><a title=\"View the album Wielki Czwartek\" style=\"cursor:pointer;\" class=\"wppa-album-cover-link\" onclick=\"wppaDoAjaxRender(event, 1, &#039;http:\/\/mariacka-lodz.com.pl\/index.php?rest_route=\/wp-photo-album-plus\/endPoint?action=wppa&wppa-action=render&wppa-size=640&occur=1&page_id=128&wppa-fromp=128&lang=pl&cache=1&album=191&cover=0&occur=1&data-alb=191&#039;, &#039;http:\/\/mariacka-lodz.com.pl\/?page_id=128&lang=pl&cache=1&album=61fae4d7dad1b338&cover=0&occur=1&data-alb=191&#039; )\">View&nbsp;30&nbsp;photos<\/a><\/div><\/div><div id=\"coverphoto_frame_191_1\" style=\"float:right; margin-left:5px;width:160px;\" class=\"coverphoto-frame\"><div title=\" \" style=\"display:inline-block;margin:0 4px;\" onclick=\"wppaStopProp(event)\"><a title=\"View the album Wielki Czwartek\" style=\"border:0;color:transparent;cursor:pointer;\" target=\"_self\" onclick=\"wppaDoAjaxRender(event, 1, &#039;http:\/\/mariacka-lodz.com.pl\/index.php?rest_route=\/wp-photo-album-plus\/endPoint?action=wppa&wppa-action=render&wppa-size=640&occur=1&page_id=128&wppa-fromp=128&lang=pl&cache=1&album=191&cover=0&occur=1&data-alb=191&#039;, &#039;http:\/\/mariacka-lodz.com.pl\/?page_id=128&lang=pl&cache=1&album=61fae4d7dad1b338&cover=0&occur=1&data-alb=191&#039; )\"><img decoding=\"async\" style=\"border-width:0px;width:150px;height:100px;opacity:0.85;display:inline;\" src=\"http:\/\/mariacka-lodz.com.pl\/wp-content\/uploads\/wppa\/thumbs\/7352.jpg?ver=9\" alt=\"DSC_2738.JPG\" class=\"image wppa-img\" onmouseover=\"jQuery(this).fadeTo(400, 1.0)\" onmouseout=\"jQuery(this).fadeTo(400,0.85)\"><\/a><\/div><\/div><div title=\" \" onclick=\"wppaStopProp(event);\"><\/div><div style=\"clear:both;\"><\/div><\/div><div id=\"album-190-1\" title=\"View the album Niedziela Palmowa - Msza \u015bw. dla dzieci\" style=\"width:100%;float:right;cursor:pointer;\" class=\"wppa-album-cover-standard album wppa-box wppa-cover-box wppa-cover-box-1\" onclick=\"wppaDoAjaxRender(event, 1, &#039;http:\/\/mariacka-lodz.com.pl\/index.php?rest_route=\/wp-photo-album-plus\/endPoint?action=wppa&wppa-action=render&wppa-size=640&occur=1&page_id=128&wppa-fromp=128&lang=pl&cache=1&album=190&cover=0&occur=1&data-alb=190&#039;, &#039;http:\/\/mariacka-lodz.com.pl\/?page_id=128&lang=pl&cache=1&album=0f2b60c954bf72c4&cover=0&occur=1&data-alb=190&#039; )\"><div id=\"covertext_frame_190_1\" style=\"width:459px; float:left\" class=\"wppa-text-frame-1 wppa-text-frame wppa-cover-text-frame wppa-asym-text-frame-1\"><h2 style=\"clear:none\" class=\"wppa-title\"><a title=\"View the album Niedziela Palmowa - Msza \u015bw. dla dzieci\" style=\"cursor:pointer\" class=\"wppa-title\" onclick=\"wppaDoAjaxRender(event, 1, &#039;http:\/\/mariacka-lodz.com.pl\/index.php?rest_route=\/wp-photo-album-plus\/endPoint?action=wppa&wppa-action=render&wppa-size=640&occur=1&page_id=128&wppa-fromp=128&lang=pl&cache=1&album=190&cover=0&occur=1&data-alb=190&#039;, &#039;http:\/\/mariacka-lodz.com.pl\/?page_id=128&lang=pl&cache=1&album=0f2b60c954bf72c4&cover=0&occur=1&data-alb=190&#039; )\">Niedziela Palmowa - Msza \u015bw. dla dzieci<\/a><\/h2><div style=\"min-height:54px;\" class=\"wppa-box-text wppa-black wppa-box-text-desc\"><\/div><div class=\"wppa-box-text wppa-black wppa-info wppa-slideshow-browse-link wppa-album-cover-link\"><a title=\"Slideshow\" style=\"cursor:pointer\" class=\"wppa-album-cover-link\" onclick=\"wppaDoAjaxRender(event, 1, &#039;http:\/\/mariacka-lodz.com.pl\/index.php?rest_route=\/wp-photo-album-plus\/endPoint?action=wppa&wppa-action=render&wppa-size=640&occur=1&page_id=128&wppa-fromp=128&lang=pl&cache=1&slide=1&occur=1&album=190&#039;, &#039;http:\/\/mariacka-lodz.com.pl\/?page_id=128&lang=pl&cache=1&slide=1&occur=1&album=0f2b60c954bf72c4&#039; )\">Slideshow<\/a><\/div><div class=\"wppa-box-text wppa-black wppa-info wppa-viewlink wppa-album-cover-link\"><a title=\"View the album Niedziela Palmowa - Msza \u015bw. dla dzieci\" style=\"cursor:pointer;\" class=\"wppa-album-cover-link\" onclick=\"wppaDoAjaxRender(event, 1, &#039;http:\/\/mariacka-lodz.com.pl\/index.php?rest_route=\/wp-photo-album-plus\/endPoint?action=wppa&wppa-action=render&wppa-size=640&occur=1&page_id=128&wppa-fromp=128&lang=pl&cache=1&album=190&cover=0&occur=1&data-alb=190&#039;, &#039;http:\/\/mariacka-lodz.com.pl\/?page_id=128&lang=pl&cache=1&album=0f2b60c954bf72c4&cover=0&occur=1&data-alb=190&#039; )\">View&nbsp;26&nbsp;photos<\/a><\/div><\/div><div id=\"coverphoto_frame_190_1\" style=\"float:right; margin-left:5px;width:160px;\" class=\"coverphoto-frame\"><div title=\" \" style=\"display:inline-block;margin:0 4px;\" onclick=\"wppaStopProp(event)\"><a title=\"View the album Niedziela Palmowa - Msza \u015bw. dla dzieci\" style=\"border:0;color:transparent;cursor:pointer;\" target=\"_self\" onclick=\"wppaDoAjaxRender(event, 1, &#039;http:\/\/mariacka-lodz.com.pl\/index.php?rest_route=\/wp-photo-album-plus\/endPoint?action=wppa&wppa-action=render&wppa-size=640&occur=1&page_id=128&wppa-fromp=128&lang=pl&cache=1&album=190&cover=0&occur=1&data-alb=190&#039;, &#039;http:\/\/mariacka-lodz.com.pl\/?page_id=128&lang=pl&cache=1&album=0f2b60c954bf72c4&cover=0&occur=1&data-alb=190&#039; )\"><img decoding=\"async\" style=\"border-width:0px;width:150px;height:100px;opacity:0.85;display:inline;\" src=\"http:\/\/mariacka-lodz.com.pl\/wp-content\/uploads\/wppa\/thumbs\/7326.jpg?ver=9\" alt=\"DSC_2675.JPG\" class=\"image wppa-img\" onmouseover=\"jQuery(this).fadeTo(400, 1.0)\" onmouseout=\"jQuery(this).fadeTo(400,0.85)\"><\/a><\/div><\/div><div title=\" \" onclick=\"wppaStopProp(event);\"><\/div><div style=\"clear:both;\"><\/div><\/div><div id=\"album-189-1\" title=\"View the album Rekolekcje Wielkopostne 2017\" style=\"width:100%;float:right;cursor:pointer;\" class=\"wppa-album-cover-standard album wppa-box wppa-cover-box wppa-cover-box-1\" onclick=\"wppaDoAjaxRender(event, 1, &#039;http:\/\/mariacka-lodz.com.pl\/index.php?rest_route=\/wp-photo-album-plus\/endPoint?action=wppa&wppa-action=render&wppa-size=640&occur=1&page_id=128&wppa-fromp=128&lang=pl&cache=1&album=189&cover=0&occur=1&data-alb=189&#039;, &#039;http:\/\/mariacka-lodz.com.pl\/?page_id=128&lang=pl&cache=1&album=8b9b1dbd5dbbbba0&cover=0&occur=1&data-alb=189&#039; )\"><div id=\"covertext_frame_189_1\" style=\"width:459px; float:left\" class=\"wppa-text-frame-1 wppa-text-frame wppa-cover-text-frame wppa-asym-text-frame-1\"><h2 style=\"clear:none\" class=\"wppa-title\"><a title=\"View the album Rekolekcje Wielkopostne 2017\" style=\"cursor:pointer\" class=\"wppa-title\" onclick=\"wppaDoAjaxRender(event, 1, &#039;http:\/\/mariacka-lodz.com.pl\/index.php?rest_route=\/wp-photo-album-plus\/endPoint?action=wppa&wppa-action=render&wppa-size=640&occur=1&page_id=128&wppa-fromp=128&lang=pl&cache=1&album=189&cover=0&occur=1&data-alb=189&#039;, &#039;http:\/\/mariacka-lodz.com.pl\/?page_id=128&lang=pl&cache=1&album=8b9b1dbd5dbbbba0&cover=0&occur=1&data-alb=189&#039; )\">Rekolekcje Wielkopostne 2017<\/a><\/h2><div style=\"min-height:54px;\" class=\"wppa-box-text wppa-black wppa-box-text-desc\"><\/div><div class=\"wppa-box-text wppa-black wppa-info wppa-slideshow-browse-link wppa-album-cover-link\"><a title=\"Slideshow\" style=\"cursor:pointer\" class=\"wppa-album-cover-link\" onclick=\"wppaDoAjaxRender(event, 1, &#039;http:\/\/mariacka-lodz.com.pl\/index.php?rest_route=\/wp-photo-album-plus\/endPoint?action=wppa&wppa-action=render&wppa-size=640&occur=1&page_id=128&wppa-fromp=128&lang=pl&cache=1&slide=1&occur=1&album=189&#039;, &#039;http:\/\/mariacka-lodz.com.pl\/?page_id=128&lang=pl&cache=1&slide=1&occur=1&album=8b9b1dbd5dbbbba0&#039; )\">Slideshow<\/a><\/div><div class=\"wppa-box-text wppa-black wppa-info wppa-viewlink wppa-album-cover-link\"><a title=\"View the album Rekolekcje Wielkopostne 2017\" style=\"cursor:pointer;\" class=\"wppa-album-cover-link\" onclick=\"wppaDoAjaxRender(event, 1, &#039;http:\/\/mariacka-lodz.com.pl\/index.php?rest_route=\/wp-photo-album-plus\/endPoint?action=wppa&wppa-action=render&wppa-size=640&occur=1&page_id=128&wppa-fromp=128&lang=pl&cache=1&album=189&cover=0&occur=1&data-alb=189&#039;, &#039;http:\/\/mariacka-lodz.com.pl\/?page_id=128&lang=pl&cache=1&album=8b9b1dbd5dbbbba0&cover=0&occur=1&data-alb=189&#039; )\">View&nbsp;46&nbsp;photos<\/a><\/div><\/div><div id=\"coverphoto_frame_189_1\" style=\"float:right; margin-left:5px;width:160px;\" class=\"coverphoto-frame\"><div title=\" \" style=\"display:inline-block;margin:0 4px;\" onclick=\"wppaStopProp(event)\"><a title=\"View the album Rekolekcje Wielkopostne 2017\" style=\"border:0;color:transparent;cursor:pointer;\" target=\"_self\" onclick=\"wppaDoAjaxRender(event, 1, &#039;http:\/\/mariacka-lodz.com.pl\/index.php?rest_route=\/wp-photo-album-plus\/endPoint?action=wppa&wppa-action=render&wppa-size=640&occur=1&page_id=128&wppa-fromp=128&lang=pl&cache=1&album=189&cover=0&occur=1&data-alb=189&#039;, &#039;http:\/\/mariacka-lodz.com.pl\/?page_id=128&lang=pl&cache=1&album=8b9b1dbd5dbbbba0&cover=0&occur=1&data-alb=189&#039; )\"><img decoding=\"async\" style=\"border-width:0px;width:150px;height:100px;opacity:0.85;display:inline;\" src=\"http:\/\/mariacka-lodz.com.pl\/wp-content\/uploads\/wppa\/thumbs\/7280.jpg?ver=9\" alt=\"DSC_2585.JPG\" class=\"image wppa-img\" onmouseover=\"jQuery(this).fadeTo(400, 1.0)\" onmouseout=\"jQuery(this).fadeTo(400,0.85)\"><\/a><\/div><\/div><div title=\" \" onclick=\"wppaStopProp(event);\"><\/div><div style=\"clear:both;\"><\/div><\/div><div id=\"album-188-1\" title=\"View the album \u015aroda Popielcowa 2017\" style=\"width:100%;float:right;cursor:pointer;\" class=\"wppa-album-cover-standard album wppa-box wppa-cover-box wppa-cover-box-1\" onclick=\"wppaDoAjaxRender(event, 1, &#039;http:\/\/mariacka-lodz.com.pl\/index.php?rest_route=\/wp-photo-album-plus\/endPoint?action=wppa&wppa-action=render&wppa-size=640&occur=1&page_id=128&wppa-fromp=128&lang=pl&cache=1&album=188&cover=0&occur=1&data-alb=188&#039;, &#039;http:\/\/mariacka-lodz.com.pl\/?page_id=128&lang=pl&cache=1&album=23e25f13aaf32597&cover=0&occur=1&data-alb=188&#039; )\"><div id=\"covertext_frame_188_1\" style=\"width:459px; float:left\" class=\"wppa-text-frame-1 wppa-text-frame wppa-cover-text-frame wppa-asym-text-frame-1\"><h2 style=\"clear:none\" class=\"wppa-title\"><a title=\"View the album \u015aroda Popielcowa 2017\" style=\"cursor:pointer\" class=\"wppa-title\" onclick=\"wppaDoAjaxRender(event, 1, &#039;http:\/\/mariacka-lodz.com.pl\/index.php?rest_route=\/wp-photo-album-plus\/endPoint?action=wppa&wppa-action=render&wppa-size=640&occur=1&page_id=128&wppa-fromp=128&lang=pl&cache=1&album=188&cover=0&occur=1&data-alb=188&#039;, &#039;http:\/\/mariacka-lodz.com.pl\/?page_id=128&lang=pl&cache=1&album=23e25f13aaf32597&cover=0&occur=1&data-alb=188&#039; )\">\u015aroda Popielcowa 2017<\/a><\/h2><div style=\"min-height:54px;\" class=\"wppa-box-text wppa-black wppa-box-text-desc\"><\/div><div class=\"wppa-box-text wppa-black wppa-info wppa-slideshow-browse-link wppa-album-cover-link\"><a title=\"Slideshow\" style=\"cursor:pointer\" class=\"wppa-album-cover-link\" onclick=\"wppaDoAjaxRender(event, 1, &#039;http:\/\/mariacka-lodz.com.pl\/index.php?rest_route=\/wp-photo-album-plus\/endPoint?action=wppa&wppa-action=render&wppa-size=640&occur=1&page_id=128&wppa-fromp=128&lang=pl&cache=1&slide=1&occur=1&album=188&#039;, &#039;http:\/\/mariacka-lodz.com.pl\/?page_id=128&lang=pl&cache=1&slide=1&occur=1&album=23e25f13aaf32597&#039; )\">Slideshow<\/a><\/div><div class=\"wppa-box-text wppa-black wppa-info wppa-viewlink wppa-album-cover-link\"><a title=\"View the album \u015aroda Popielcowa 2017\" style=\"cursor:pointer;\" class=\"wppa-album-cover-link\" onclick=\"wppaDoAjaxRender(event, 1, &#039;http:\/\/mariacka-lodz.com.pl\/index.php?rest_route=\/wp-photo-album-plus\/endPoint?action=wppa&wppa-action=render&wppa-size=640&occur=1&page_id=128&wppa-fromp=128&lang=pl&cache=1&album=188&cover=0&occur=1&data-alb=188&#039;, &#039;http:\/\/mariacka-lodz.com.pl\/?page_id=128&lang=pl&cache=1&album=23e25f13aaf32597&cover=0&occur=1&data-alb=188&#039; )\">View&nbsp;15&nbsp;photos<\/a><\/div><\/div><div id=\"coverphoto_frame_188_1\" style=\"float:right; margin-left:5px;width:160px;\" class=\"coverphoto-frame\"><div title=\" \" style=\"display:inline-block;margin:0 4px;\" onclick=\"wppaStopProp(event)\"><a title=\"View the album \u015aroda Popielcowa 2017\" style=\"border:0;color:transparent;cursor:pointer;\" target=\"_self\" onclick=\"wppaDoAjaxRender(event, 1, &#039;http:\/\/mariacka-lodz.com.pl\/index.php?rest_route=\/wp-photo-album-plus\/endPoint?action=wppa&wppa-action=render&wppa-size=640&occur=1&page_id=128&wppa-fromp=128&lang=pl&cache=1&album=188&cover=0&occur=1&data-alb=188&#039;, &#039;http:\/\/mariacka-lodz.com.pl\/?page_id=128&lang=pl&cache=1&album=23e25f13aaf32597&cover=0&occur=1&data-alb=188&#039; )\"><img decoding=\"async\" style=\"border-width:0px;width:150px;height:100px;opacity:0.85;display:inline;\" src=\"http:\/\/mariacka-lodz.com.pl\/wp-content\/uploads\/wppa\/thumbs\/7260.jpg?ver=9\" alt=\"DSC_2518.JPG\" class=\"image wppa-img\" onmouseover=\"jQuery(this).fadeTo(400, 1.0)\" onmouseout=\"jQuery(this).fadeTo(400,0.85)\"><\/a><\/div><\/div><div title=\" \" onclick=\"wppaStopProp(event);\"><\/div><div style=\"clear:both;\"><\/div><\/div><div id=\"album-187-1\" title=\"View the album Parafialne zimowiska w Zawoi\" style=\"width:100%;float:right;cursor:pointer;\" class=\"wppa-album-cover-standard album wppa-box wppa-cover-box wppa-cover-box-1\" onclick=\"wppaDoAjaxRender(event, 1, &#039;http:\/\/mariacka-lodz.com.pl\/index.php?rest_route=\/wp-photo-album-plus\/endPoint?action=wppa&wppa-action=render&wppa-size=640&occur=1&page_id=128&wppa-fromp=128&lang=pl&cache=1&album=187&cover=0&occur=1&data-alb=187&#039;, &#039;http:\/\/mariacka-lodz.com.pl\/?page_id=128&lang=pl&cache=1&album=4a163cb982dd2119&cover=0&occur=1&data-alb=187&#039; )\"><div id=\"covertext_frame_187_1\" style=\"width:459px; float:left\" class=\"wppa-text-frame-1 wppa-text-frame wppa-cover-text-frame wppa-asym-text-frame-1\"><h2 style=\"clear:none\" class=\"wppa-title\"><a title=\"View the album Parafialne zimowiska w Zawoi\" style=\"cursor:pointer\" class=\"wppa-title\" onclick=\"wppaDoAjaxRender(event, 1, &#039;http:\/\/mariacka-lodz.com.pl\/index.php?rest_route=\/wp-photo-album-plus\/endPoint?action=wppa&wppa-action=render&wppa-size=640&occur=1&page_id=128&wppa-fromp=128&lang=pl&cache=1&album=187&cover=0&occur=1&data-alb=187&#039;, &#039;http:\/\/mariacka-lodz.com.pl\/?page_id=128&lang=pl&cache=1&album=4a163cb982dd2119&cover=0&occur=1&data-alb=187&#039; )\">Parafialne zimowiska w Zawoi<\/a><\/h2><div style=\"min-height:54px;\" class=\"wppa-box-text wppa-black wppa-box-text-desc\"><\/div><div class=\"wppa-box-text wppa-black wppa-info wppa-slideshow-browse-link wppa-album-cover-link\"><a title=\"Slideshow\" style=\"cursor:pointer\" class=\"wppa-album-cover-link\" onclick=\"wppaDoAjaxRender(event, 1, &#039;http:\/\/mariacka-lodz.com.pl\/index.php?rest_route=\/wp-photo-album-plus\/endPoint?action=wppa&wppa-action=render&wppa-size=640&occur=1&page_id=128&wppa-fromp=128&lang=pl&cache=1&slide=1&occur=1&album=187&#039;, &#039;http:\/\/mariacka-lodz.com.pl\/?page_id=128&lang=pl&cache=1&slide=1&occur=1&album=4a163cb982dd2119&#039; )\">Slideshow<\/a><\/div><div class=\"wppa-box-text wppa-black wppa-info wppa-viewlink wppa-album-cover-link\"><a title=\"View the album Parafialne zimowiska w Zawoi\" style=\"cursor:pointer;\" class=\"wppa-album-cover-link\" onclick=\"wppaDoAjaxRender(event, 1, &#039;http:\/\/mariacka-lodz.com.pl\/index.php?rest_route=\/wp-photo-album-plus\/endPoint?action=wppa&wppa-action=render&wppa-size=640&occur=1&page_id=128&wppa-fromp=128&lang=pl&cache=1&album=187&cover=0&occur=1&data-alb=187&#039;, &#039;http:\/\/mariacka-lodz.com.pl\/?page_id=128&lang=pl&cache=1&album=4a163cb982dd2119&cover=0&occur=1&data-alb=187&#039; )\">View&nbsp;14&nbsp;photos<\/a><\/div><\/div><div id=\"coverphoto_frame_187_1\" style=\"float:right; margin-left:5px;width:160px;\" class=\"coverphoto-frame\"><div title=\" \" style=\"display:inline-block;margin:0 4px;\" onclick=\"wppaStopProp(event)\"><a title=\"View the album Parafialne zimowiska w Zawoi\" style=\"border:0;color:transparent;cursor:pointer;\" target=\"_self\" onclick=\"wppaDoAjaxRender(event, 1, &#039;http:\/\/mariacka-lodz.com.pl\/index.php?rest_route=\/wp-photo-album-plus\/endPoint?action=wppa&wppa-action=render&wppa-size=640&occur=1&page_id=128&wppa-fromp=128&lang=pl&cache=1&album=187&cover=0&occur=1&data-alb=187&#039;, &#039;http:\/\/mariacka-lodz.com.pl\/?page_id=128&lang=pl&cache=1&album=4a163cb982dd2119&cover=0&occur=1&data-alb=187&#039; )\"><img decoding=\"async\" style=\"border-width:0px;width:150px;height:113px;opacity:0.85;display:inline;\" src=\"http:\/\/mariacka-lodz.com.pl\/wp-content\/uploads\/wppa\/thumbs\/7246.jpg?ver=9\" alt=\"20170127_113451.jpg\" class=\"image wppa-img\" onmouseover=\"jQuery(this).fadeTo(400, 1.0)\" onmouseout=\"jQuery(this).fadeTo(400,0.85)\"><\/a><\/div><\/div><div title=\" \" onclick=\"wppaStopProp(event);\"><\/div><div style=\"clear:both;\"><\/div><\/div><div id=\"album-186-1\" title=\"View the album Bp Ireneusz P\u0119kalski - Uroczysto\u015b\u0107 Objawienia Pa\u0144skiego 2017\" style=\"width:100%;float:right;cursor:pointer;\" class=\"wppa-album-cover-standard album wppa-box wppa-cover-box wppa-cover-box-1\" onclick=\"wppaDoAjaxRender(event, 1, &#039;http:\/\/mariacka-lodz.com.pl\/index.php?rest_route=\/wp-photo-album-plus\/endPoint?action=wppa&wppa-action=render&wppa-size=640&occur=1&page_id=128&wppa-fromp=128&lang=pl&cache=1&album=186&cover=0&occur=1&data-alb=186&#039;, &#039;http:\/\/mariacka-lodz.com.pl\/?page_id=128&lang=pl&cache=1&album=4f7f666cb9194482&cover=0&occur=1&data-alb=186&#039; )\"><div id=\"covertext_frame_186_1\" style=\"width:459px; float:left\" class=\"wppa-text-frame-1 wppa-text-frame wppa-cover-text-frame wppa-asym-text-frame-1\"><h2 style=\"clear:none\" class=\"wppa-title\"><a title=\"View the album Bp Ireneusz P\u0119kalski - Uroczysto\u015b\u0107 Objawienia Pa\u0144skiego 2017\" style=\"cursor:pointer\" class=\"wppa-title\" onclick=\"wppaDoAjaxRender(event, 1, &#039;http:\/\/mariacka-lodz.com.pl\/index.php?rest_route=\/wp-photo-album-plus\/endPoint?action=wppa&wppa-action=render&wppa-size=640&occur=1&page_id=128&wppa-fromp=128&lang=pl&cache=1&album=186&cover=0&occur=1&data-alb=186&#039;, &#039;http:\/\/mariacka-lodz.com.pl\/?page_id=128&lang=pl&cache=1&album=4f7f666cb9194482&cover=0&occur=1&data-alb=186&#039; )\">Bp Ireneusz P\u0119kalski - Uroczysto\u015b\u0107 Objawienia Pa\u0144skiego 2017<\/a><\/h2><div style=\"min-height:54px;\" class=\"wppa-box-text wppa-black wppa-box-text-desc\"><\/div><div class=\"wppa-box-text wppa-black wppa-info wppa-slideshow-browse-link wppa-album-cover-link\"><a title=\"Slideshow\" style=\"cursor:pointer\" class=\"wppa-album-cover-link\" onclick=\"wppaDoAjaxRender(event, 1, &#039;http:\/\/mariacka-lodz.com.pl\/index.php?rest_route=\/wp-photo-album-plus\/endPoint?action=wppa&wppa-action=render&wppa-size=640&occur=1&page_id=128&wppa-fromp=128&lang=pl&cache=1&slide=1&occur=1&album=186&#039;, &#039;http:\/\/mariacka-lodz.com.pl\/?page_id=128&lang=pl&cache=1&slide=1&occur=1&album=4f7f666cb9194482&#039; )\">Slideshow<\/a><\/div><div class=\"wppa-box-text wppa-black wppa-info wppa-viewlink wppa-album-cover-link\"><a title=\"View the album Bp Ireneusz P\u0119kalski - Uroczysto\u015b\u0107 Objawienia Pa\u0144skiego 2017\" style=\"cursor:pointer;\" class=\"wppa-album-cover-link\" onclick=\"wppaDoAjaxRender(event, 1, &#039;http:\/\/mariacka-lodz.com.pl\/index.php?rest_route=\/wp-photo-album-plus\/endPoint?action=wppa&wppa-action=render&wppa-size=640&occur=1&page_id=128&wppa-fromp=128&lang=pl&cache=1&album=186&cover=0&occur=1&data-alb=186&#039;, &#039;http:\/\/mariacka-lodz.com.pl\/?page_id=128&lang=pl&cache=1&album=4f7f666cb9194482&cover=0&occur=1&data-alb=186&#039; )\">View&nbsp;29&nbsp;photos<\/a><\/div><\/div><div id=\"coverphoto_frame_186_1\" style=\"float:right; margin-left:5px;width:160px;\" class=\"coverphoto-frame\"><div title=\" \" style=\"display:inline-block;margin:0 4px;\" onclick=\"wppaStopProp(event)\"><a title=\"View the album Bp Ireneusz P\u0119kalski - Uroczysto\u015b\u0107 Objawienia Pa\u0144skiego 2017\" style=\"border:0;color:transparent;cursor:pointer;\" target=\"_self\" onclick=\"wppaDoAjaxRender(event, 1, &#039;http:\/\/mariacka-lodz.com.pl\/index.php?rest_route=\/wp-photo-album-plus\/endPoint?action=wppa&wppa-action=render&wppa-size=640&occur=1&page_id=128&wppa-fromp=128&lang=pl&cache=1&album=186&cover=0&occur=1&data-alb=186&#039;, &#039;http:\/\/mariacka-lodz.com.pl\/?page_id=128&lang=pl&cache=1&album=4f7f666cb9194482&cover=0&occur=1&data-alb=186&#039; )\"><img decoding=\"async\" style=\"border-width:0px;width:150px;height:100px;opacity:0.85;display:inline;\" src=\"http:\/\/mariacka-lodz.com.pl\/wp-content\/uploads\/wppa\/thumbs\/7222.jpg?ver=9\" alt=\"DSC_1994.JPG\" class=\"image wppa-img\" onmouseover=\"jQuery(this).fadeTo(400, 1.0)\" onmouseout=\"jQuery(this).fadeTo(400,0.85)\"><\/a><\/div><\/div><div title=\" \" onclick=\"wppaStopProp(event);\"><\/div><div style=\"clear:both;\"><\/div><\/div><div id=\"album-185-1\" title=\"View the album Szopka 2016\" style=\"width:100%;float:right;cursor:pointer;\" class=\"wppa-album-cover-standard album wppa-box wppa-cover-box wppa-cover-box-1\" onclick=\"wppaDoAjaxRender(event, 1, &#039;http:\/\/mariacka-lodz.com.pl\/index.php?rest_route=\/wp-photo-album-plus\/endPoint?action=wppa&wppa-action=render&wppa-size=640&occur=1&page_id=128&wppa-fromp=128&lang=pl&cache=1&album=185&cover=0&occur=1&data-alb=185&#039;, &#039;http:\/\/mariacka-lodz.com.pl\/?page_id=128&lang=pl&cache=1&album=4583770a93000fcf&cover=0&occur=1&data-alb=185&#039; )\"><div id=\"covertext_frame_185_1\" style=\"width:459px; float:left\" class=\"wppa-text-frame-1 wppa-text-frame wppa-cover-text-frame wppa-asym-text-frame-1\"><h2 style=\"clear:none\" class=\"wppa-title\"><a title=\"View the album Szopka 2016\" style=\"cursor:pointer\" class=\"wppa-title\" onclick=\"wppaDoAjaxRender(event, 1, &#039;http:\/\/mariacka-lodz.com.pl\/index.php?rest_route=\/wp-photo-album-plus\/endPoint?action=wppa&wppa-action=render&wppa-size=640&occur=1&page_id=128&wppa-fromp=128&lang=pl&cache=1&album=185&cover=0&occur=1&data-alb=185&#039;, &#039;http:\/\/mariacka-lodz.com.pl\/?page_id=128&lang=pl&cache=1&album=4583770a93000fcf&cover=0&occur=1&data-alb=185&#039; )\">Szopka 2016<\/a><\/h2><div style=\"min-height:54px;\" class=\"wppa-box-text wppa-black wppa-box-text-desc\"><\/div><div class=\"wppa-box-text wppa-black wppa-info wppa-slideshow-browse-link wppa-album-cover-link\"><a title=\"Slideshow\" style=\"cursor:pointer\" class=\"wppa-album-cover-link\" onclick=\"wppaDoAjaxRender(event, 1, &#039;http:\/\/mariacka-lodz.com.pl\/index.php?rest_route=\/wp-photo-album-plus\/endPoint?action=wppa&wppa-action=render&wppa-size=640&occur=1&page_id=128&wppa-fromp=128&lang=pl&cache=1&slide=1&occur=1&album=185&#039;, &#039;http:\/\/mariacka-lodz.com.pl\/?page_id=128&lang=pl&cache=1&slide=1&occur=1&album=4583770a93000fcf&#039; )\">Slideshow<\/a><\/div><div class=\"wppa-box-text wppa-black wppa-info wppa-viewlink wppa-album-cover-link\"><a title=\"View the album Szopka 2016\" style=\"cursor:pointer;\" class=\"wppa-album-cover-link\" onclick=\"wppaDoAjaxRender(event, 1, &#039;http:\/\/mariacka-lodz.com.pl\/index.php?rest_route=\/wp-photo-album-plus\/endPoint?action=wppa&wppa-action=render&wppa-size=640&occur=1&page_id=128&wppa-fromp=128&lang=pl&cache=1&album=185&cover=0&occur=1&data-alb=185&#039;, &#039;http:\/\/mariacka-lodz.com.pl\/?page_id=128&lang=pl&cache=1&album=4583770a93000fcf&cover=0&occur=1&data-alb=185&#039; )\">View&nbsp;40&nbsp;photos<\/a><\/div><\/div><div id=\"coverphoto_frame_185_1\" style=\"float:right; margin-left:5px;width:160px;\" class=\"coverphoto-frame\"><div title=\" \" style=\"display:inline-block;margin:0 4px;\" onclick=\"wppaStopProp(event)\"><a title=\"View the album Szopka 2016\" style=\"border:0;color:transparent;cursor:pointer;\" target=\"_self\" onclick=\"wppaDoAjaxRender(event, 1, &#039;http:\/\/mariacka-lodz.com.pl\/index.php?rest_route=\/wp-photo-album-plus\/endPoint?action=wppa&wppa-action=render&wppa-size=640&occur=1&page_id=128&wppa-fromp=128&lang=pl&cache=1&album=185&cover=0&occur=1&data-alb=185&#039;, &#039;http:\/\/mariacka-lodz.com.pl\/?page_id=128&lang=pl&cache=1&album=4583770a93000fcf&cover=0&occur=1&data-alb=185&#039; )\"><img decoding=\"async\" style=\"border-width:0px;width:150px;height:100px;opacity:0.85;display:inline;\" src=\"http:\/\/mariacka-lodz.com.pl\/wp-content\/uploads\/wppa\/thumbs\/7182.jpg?ver=9\" alt=\"DSC_1882.JPG\" class=\"image wppa-img\" onmouseover=\"jQuery(this).fadeTo(400, 1.0)\" onmouseout=\"jQuery(this).fadeTo(400,0.85)\"><\/a><\/div><\/div><div title=\" \" onclick=\"wppaStopProp(event);\"><\/div><div style=\"clear:both;\"><\/div><\/div><div id=\"album-184-1\" title=\"View the album Pasterka 2016\" style=\"width:100%;float:right;cursor:pointer;\" class=\"wppa-album-cover-standard album wppa-box wppa-cover-box wppa-cover-box-1\" onclick=\"wppaDoAjaxRender(event, 1, &#039;http:\/\/mariacka-lodz.com.pl\/index.php?rest_route=\/wp-photo-album-plus\/endPoint?action=wppa&wppa-action=render&wppa-size=640&occur=1&page_id=128&wppa-fromp=128&lang=pl&cache=1&album=184&cover=0&occur=1&data-alb=184&#039;, &#039;http:\/\/mariacka-lodz.com.pl\/?page_id=128&lang=pl&cache=1&album=8b15281c918cb6d5&cover=0&occur=1&data-alb=184&#039; )\"><div id=\"covertext_frame_184_1\" style=\"width:459px; float:left\" class=\"wppa-text-frame-1 wppa-text-frame wppa-cover-text-frame wppa-asym-text-frame-1\"><h2 style=\"clear:none\" class=\"wppa-title\"><a title=\"View the album Pasterka 2016\" style=\"cursor:pointer\" class=\"wppa-title\" onclick=\"wppaDoAjaxRender(event, 1, &#039;http:\/\/mariacka-lodz.com.pl\/index.php?rest_route=\/wp-photo-album-plus\/endPoint?action=wppa&wppa-action=render&wppa-size=640&occur=1&page_id=128&wppa-fromp=128&lang=pl&cache=1&album=184&cover=0&occur=1&data-alb=184&#039;, &#039;http:\/\/mariacka-lodz.com.pl\/?page_id=128&lang=pl&cache=1&album=8b15281c918cb6d5&cover=0&occur=1&data-alb=184&#039; )\">Pasterka 2016<\/a><\/h2><div style=\"min-height:54px;\" class=\"wppa-box-text wppa-black wppa-box-text-desc\"><\/div><div class=\"wppa-box-text wppa-black wppa-info wppa-slideshow-browse-link wppa-album-cover-link\"><a title=\"Slideshow\" style=\"cursor:pointer\" class=\"wppa-album-cover-link\" onclick=\"wppaDoAjaxRender(event, 1, &#039;http:\/\/mariacka-lodz.com.pl\/index.php?rest_route=\/wp-photo-album-plus\/endPoint?action=wppa&wppa-action=render&wppa-size=640&occur=1&page_id=128&wppa-fromp=128&lang=pl&cache=1&slide=1&occur=1&album=184&#039;, &#039;http:\/\/mariacka-lodz.com.pl\/?page_id=128&lang=pl&cache=1&slide=1&occur=1&album=8b15281c918cb6d5&#039; )\">Slideshow<\/a><\/div><div class=\"wppa-box-text wppa-black wppa-info wppa-viewlink wppa-album-cover-link\"><a title=\"View the album Pasterka 2016\" style=\"cursor:pointer;\" class=\"wppa-album-cover-link\" onclick=\"wppaDoAjaxRender(event, 1, &#039;http:\/\/mariacka-lodz.com.pl\/index.php?rest_route=\/wp-photo-album-plus\/endPoint?action=wppa&wppa-action=render&wppa-size=640&occur=1&page_id=128&wppa-fromp=128&lang=pl&cache=1&album=184&cover=0&occur=1&data-alb=184&#039;, &#039;http:\/\/mariacka-lodz.com.pl\/?page_id=128&lang=pl&cache=1&album=8b15281c918cb6d5&cover=0&occur=1&data-alb=184&#039; )\">View&nbsp;34&nbsp;photos<\/a><\/div><\/div><div id=\"coverphoto_frame_184_1\" style=\"float:right; margin-left:5px;width:160px;\" class=\"coverphoto-frame\"><div title=\" \" style=\"display:inline-block;margin:0 4px;\" onclick=\"wppaStopProp(event)\"><a title=\"View the album Pasterka 2016\" style=\"border:0;color:transparent;cursor:pointer;\" target=\"_self\" onclick=\"wppaDoAjaxRender(event, 1, &#039;http:\/\/mariacka-lodz.com.pl\/index.php?rest_route=\/wp-photo-album-plus\/endPoint?action=wppa&wppa-action=render&wppa-size=640&occur=1&page_id=128&wppa-fromp=128&lang=pl&cache=1&album=184&cover=0&occur=1&data-alb=184&#039;, &#039;http:\/\/mariacka-lodz.com.pl\/?page_id=128&lang=pl&cache=1&album=8b15281c918cb6d5&cover=0&occur=1&data-alb=184&#039; )\"><img decoding=\"async\" style=\"border-width:0px;width:150px;height:100px;opacity:0.85;display:inline;\" src=\"http:\/\/mariacka-lodz.com.pl\/wp-content\/uploads\/wppa\/thumbs\/7148.jpg?ver=9\" alt=\"DSC_1778.JPG\" class=\"image wppa-img\" onmouseover=\"jQuery(this).fadeTo(400, 1.0)\" onmouseout=\"jQuery(this).fadeTo(400,0.85)\"><\/a><\/div><\/div><div title=\" \" onclick=\"wppaStopProp(event);\"><\/div><div style=\"clear:both;\"><\/div><\/div><div id=\"album-183-1\" title=\"View the album \u015awietlica - spotkanie op\u0142atkowe\" style=\"width:100%;float:right;cursor:pointer;\" class=\"wppa-album-cover-standard album wppa-box wppa-cover-box wppa-cover-box-1\" onclick=\"wppaDoAjaxRender(event, 1, &#039;http:\/\/mariacka-lodz.com.pl\/index.php?rest_route=\/wp-photo-album-plus\/endPoint?action=wppa&wppa-action=render&wppa-size=640&occur=1&page_id=128&wppa-fromp=128&lang=pl&cache=1&album=183&cover=0&occur=1&data-alb=183&#039;, &#039;http:\/\/mariacka-lodz.com.pl\/?page_id=128&lang=pl&cache=1&album=7062979f87817592&cover=0&occur=1&data-alb=183&#039; )\"><div id=\"covertext_frame_183_1\" style=\"width:459px; float:left\" class=\"wppa-text-frame-1 wppa-text-frame wppa-cover-text-frame wppa-asym-text-frame-1\"><h2 style=\"clear:none\" class=\"wppa-title\"><a title=\"View the album \u015awietlica - spotkanie op\u0142atkowe\" style=\"cursor:pointer\" class=\"wppa-title\" onclick=\"wppaDoAjaxRender(event, 1, &#039;http:\/\/mariacka-lodz.com.pl\/index.php?rest_route=\/wp-photo-album-plus\/endPoint?action=wppa&wppa-action=render&wppa-size=640&occur=1&page_id=128&wppa-fromp=128&lang=pl&cache=1&album=183&cover=0&occur=1&data-alb=183&#039;, &#039;http:\/\/mariacka-lodz.com.pl\/?page_id=128&lang=pl&cache=1&album=7062979f87817592&cover=0&occur=1&data-alb=183&#039; )\">\u015awietlica - spotkanie op\u0142atkowe<\/a><\/h2><div style=\"min-height:54px;\" class=\"wppa-box-text wppa-black wppa-box-text-desc\"><\/div><div class=\"wppa-box-text wppa-black wppa-info wppa-slideshow-browse-link wppa-album-cover-link\"><a title=\"Slideshow\" style=\"cursor:pointer\" class=\"wppa-album-cover-link\" onclick=\"wppaDoAjaxRender(event, 1, &#039;http:\/\/mariacka-lodz.com.pl\/index.php?rest_route=\/wp-photo-album-plus\/endPoint?action=wppa&wppa-action=render&wppa-size=640&occur=1&page_id=128&wppa-fromp=128&lang=pl&cache=1&slide=1&occur=1&album=183&#039;, &#039;http:\/\/mariacka-lodz.com.pl\/?page_id=128&lang=pl&cache=1&slide=1&occur=1&album=7062979f87817592&#039; )\">Slideshow<\/a><\/div><div class=\"wppa-box-text wppa-black wppa-info wppa-viewlink wppa-album-cover-link\"><a title=\"View the album \u015awietlica - spotkanie op\u0142atkowe\" style=\"cursor:pointer;\" class=\"wppa-album-cover-link\" onclick=\"wppaDoAjaxRender(event, 1, &#039;http:\/\/mariacka-lodz.com.pl\/index.php?rest_route=\/wp-photo-album-plus\/endPoint?action=wppa&wppa-action=render&wppa-size=640&occur=1&page_id=128&wppa-fromp=128&lang=pl&cache=1&album=183&cover=0&occur=1&data-alb=183&#039;, &#039;http:\/\/mariacka-lodz.com.pl\/?page_id=128&lang=pl&cache=1&album=7062979f87817592&cover=0&occur=1&data-alb=183&#039; )\">View&nbsp;18&nbsp;photos<\/a><\/div><\/div><div id=\"coverphoto_frame_183_1\" style=\"float:right; margin-left:5px;width:160px;\" class=\"coverphoto-frame\"><div title=\" \" style=\"display:inline-block;margin:0 4px;\" onclick=\"wppaStopProp(event)\"><a title=\"View the album \u015awietlica - spotkanie op\u0142atkowe\" style=\"border:0;color:transparent;cursor:pointer;\" target=\"_self\" onclick=\"wppaDoAjaxRender(event, 1, &#039;http:\/\/mariacka-lodz.com.pl\/index.php?rest_route=\/wp-photo-album-plus\/endPoint?action=wppa&wppa-action=render&wppa-size=640&occur=1&page_id=128&wppa-fromp=128&lang=pl&cache=1&album=183&cover=0&occur=1&data-alb=183&#039;, &#039;http:\/\/mariacka-lodz.com.pl\/?page_id=128&lang=pl&cache=1&album=7062979f87817592&cover=0&occur=1&data-alb=183&#039; )\"><img decoding=\"async\" style=\"border-width:0px;width:150px;height:100px;opacity:0.85;display:inline;\" src=\"http:\/\/mariacka-lodz.com.pl\/wp-content\/uploads\/wppa\/thumbs\/7125.jpg?ver=9\" alt=\"DSC_1666.JPG\" class=\"image wppa-img\" onmouseover=\"jQuery(this).fadeTo(400, 1.0)\" onmouseout=\"jQuery(this).fadeTo(400,0.85)\"><\/a><\/div><\/div><div title=\" \" onclick=\"wppaStopProp(event);\"><\/div><div style=\"clear:both;\"><\/div><\/div><div id=\"album-182-1\" title=\"View the album Spotkanie op\u0142atkowe m\u0142odzie\u017cy\" style=\"width:100%;float:right;cursor:pointer;\" class=\"wppa-album-cover-standard album wppa-box wppa-cover-box wppa-cover-box-1\" onclick=\"wppaDoAjaxRender(event, 1, &#039;http:\/\/mariacka-lodz.com.pl\/index.php?rest_route=\/wp-photo-album-plus\/endPoint?action=wppa&wppa-action=render&wppa-size=640&occur=1&page_id=128&wppa-fromp=128&lang=pl&cache=1&album=182&cover=0&occur=1&data-alb=182&#039;, &#039;http:\/\/mariacka-lodz.com.pl\/?page_id=128&lang=pl&cache=1&album=08c66c9f8234b2df&cover=0&occur=1&data-alb=182&#039; )\"><div id=\"covertext_frame_182_1\" style=\"width:459px; float:left\" class=\"wppa-text-frame-1 wppa-text-frame wppa-cover-text-frame wppa-asym-text-frame-1\"><h2 style=\"clear:none\" class=\"wppa-title\"><a title=\"View the album Spotkanie op\u0142atkowe m\u0142odzie\u017cy\" style=\"cursor:pointer\" class=\"wppa-title\" onclick=\"wppaDoAjaxRender(event, 1, &#039;http:\/\/mariacka-lodz.com.pl\/index.php?rest_route=\/wp-photo-album-plus\/endPoint?action=wppa&wppa-action=render&wppa-size=640&occur=1&page_id=128&wppa-fromp=128&lang=pl&cache=1&album=182&cover=0&occur=1&data-alb=182&#039;, &#039;http:\/\/mariacka-lodz.com.pl\/?page_id=128&lang=pl&cache=1&album=08c66c9f8234b2df&cover=0&occur=1&data-alb=182&#039; )\">Spotkanie op\u0142atkowe m\u0142odzie\u017cy<\/a><\/h2><div style=\"min-height:54px;\" class=\"wppa-box-text wppa-black wppa-box-text-desc\"><\/div><div class=\"wppa-box-text wppa-black wppa-info wppa-slideshow-browse-link wppa-album-cover-link\"><a title=\"Slideshow\" style=\"cursor:pointer\" class=\"wppa-album-cover-link\" onclick=\"wppaDoAjaxRender(event, 1, &#039;http:\/\/mariacka-lodz.com.pl\/index.php?rest_route=\/wp-photo-album-plus\/endPoint?action=wppa&wppa-action=render&wppa-size=640&occur=1&page_id=128&wppa-fromp=128&lang=pl&cache=1&slide=1&occur=1&album=182&#039;, &#039;http:\/\/mariacka-lodz.com.pl\/?page_id=128&lang=pl&cache=1&slide=1&occur=1&album=08c66c9f8234b2df&#039; )\">Slideshow<\/a><\/div><div class=\"wppa-box-text wppa-black wppa-info wppa-viewlink wppa-album-cover-link\"><a title=\"View the album Spotkanie op\u0142atkowe m\u0142odzie\u017cy\" style=\"cursor:pointer;\" class=\"wppa-album-cover-link\" onclick=\"wppaDoAjaxRender(event, 1, &#039;http:\/\/mariacka-lodz.com.pl\/index.php?rest_route=\/wp-photo-album-plus\/endPoint?action=wppa&wppa-action=render&wppa-size=640&occur=1&page_id=128&wppa-fromp=128&lang=pl&cache=1&album=182&cover=0&occur=1&data-alb=182&#039;, &#039;http:\/\/mariacka-lodz.com.pl\/?page_id=128&lang=pl&cache=1&album=08c66c9f8234b2df&cover=0&occur=1&data-alb=182&#039; )\">View&nbsp;19&nbsp;photos<\/a><\/div><\/div><div id=\"coverphoto_frame_182_1\" style=\"float:right; margin-left:5px;width:160px;\" class=\"coverphoto-frame\"><div title=\" \" style=\"display:inline-block;margin:0 4px;\" onclick=\"wppaStopProp(event)\"><a title=\"View the album Spotkanie op\u0142atkowe m\u0142odzie\u017cy\" style=\"border:0;color:transparent;cursor:pointer;\" target=\"_self\" onclick=\"wppaDoAjaxRender(event, 1, &#039;http:\/\/mariacka-lodz.com.pl\/index.php?rest_route=\/wp-photo-album-plus\/endPoint?action=wppa&wppa-action=render&wppa-size=640&occur=1&page_id=128&wppa-fromp=128&lang=pl&cache=1&album=182&cover=0&occur=1&data-alb=182&#039;, &#039;http:\/\/mariacka-lodz.com.pl\/?page_id=128&lang=pl&cache=1&album=08c66c9f8234b2df&cover=0&occur=1&data-alb=182&#039; )\"><img decoding=\"async\" style=\"border-width:0px;width:150px;height:84px;opacity:0.85;display:inline;\" src=\"http:\/\/mariacka-lodz.com.pl\/wp-content\/uploads\/wppa\/thumbs\/7111.jpg?ver=9\" alt=\"15665751_1314852835252056_3798491365799421048_n.jpg\" class=\"image wppa-img\" onmouseover=\"jQuery(this).fadeTo(400, 1.0)\" onmouseout=\"jQuery(this).fadeTo(400,0.85)\"><\/a><\/div><\/div><div title=\" \" onclick=\"wppaStopProp(event);\"><\/div><div style=\"clear:both;\"><\/div><\/div><div id=\"album-181-1\" title=\"View the album Wolontariuszki z Taiz\u00e9 w naszej parafii\" style=\"width:100%;float:right;cursor:pointer;\" class=\"wppa-album-cover-standard album wppa-box wppa-cover-box wppa-cover-box-1\" onclick=\"wppaDoAjaxRender(event, 1, &#039;http:\/\/mariacka-lodz.com.pl\/index.php?rest_route=\/wp-photo-album-plus\/endPoint?action=wppa&wppa-action=render&wppa-size=640&occur=1&page_id=128&wppa-fromp=128&lang=pl&cache=1&album=181&cover=0&occur=1&data-alb=181&#039;, &#039;http:\/\/mariacka-lodz.com.pl\/?page_id=128&lang=pl&cache=1&album=ed43e024022e86e8&cover=0&occur=1&data-alb=181&#039; )\"><div id=\"covertext_frame_181_1\" style=\"width:459px; float:left\" class=\"wppa-text-frame-1 wppa-text-frame wppa-cover-text-frame wppa-asym-text-frame-1\"><h2 style=\"clear:none\" class=\"wppa-title\"><a title=\"View the album Wolontariuszki z Taiz\u00e9 w naszej parafii\" style=\"cursor:pointer\" class=\"wppa-title\" onclick=\"wppaDoAjaxRender(event, 1, &#039;http:\/\/mariacka-lodz.com.pl\/index.php?rest_route=\/wp-photo-album-plus\/endPoint?action=wppa&wppa-action=render&wppa-size=640&occur=1&page_id=128&wppa-fromp=128&lang=pl&cache=1&album=181&cover=0&occur=1&data-alb=181&#039;, &#039;http:\/\/mariacka-lodz.com.pl\/?page_id=128&lang=pl&cache=1&album=ed43e024022e86e8&cover=0&occur=1&data-alb=181&#039; )\">Wolontariuszki z Taiz\u00e9 w naszej parafii<\/a><\/h2><div style=\"min-height:54px;\" class=\"wppa-box-text wppa-black wppa-box-text-desc\"><\/div><div class=\"wppa-box-text wppa-black wppa-info wppa-slideshow-browse-link wppa-album-cover-link\"><a title=\"Slideshow\" style=\"cursor:pointer\" class=\"wppa-album-cover-link\" onclick=\"wppaDoAjaxRender(event, 1, &#039;http:\/\/mariacka-lodz.com.pl\/index.php?rest_route=\/wp-photo-album-plus\/endPoint?action=wppa&wppa-action=render&wppa-size=640&occur=1&page_id=128&wppa-fromp=128&lang=pl&cache=1&slide=1&occur=1&album=181&#039;, &#039;http:\/\/mariacka-lodz.com.pl\/?page_id=128&lang=pl&cache=1&slide=1&occur=1&album=ed43e024022e86e8&#039; )\">Slideshow<\/a><\/div><div class=\"wppa-box-text wppa-black wppa-info wppa-viewlink wppa-album-cover-link\"><a title=\"View the album Wolontariuszki z Taiz\u00e9 w naszej parafii\" style=\"cursor:pointer;\" class=\"wppa-album-cover-link\" onclick=\"wppaDoAjaxRender(event, 1, &#039;http:\/\/mariacka-lodz.com.pl\/index.php?rest_route=\/wp-photo-album-plus\/endPoint?action=wppa&wppa-action=render&wppa-size=640&occur=1&page_id=128&wppa-fromp=128&lang=pl&cache=1&album=181&cover=0&occur=1&data-alb=181&#039;, &#039;http:\/\/mariacka-lodz.com.pl\/?page_id=128&lang=pl&cache=1&album=ed43e024022e86e8&cover=0&occur=1&data-alb=181&#039; )\">View&nbsp;17&nbsp;photos<\/a><\/div><\/div><div id=\"coverphoto_frame_181_1\" style=\"float:right; margin-left:5px;width:160px;\" class=\"coverphoto-frame\"><div title=\" \" style=\"display:inline-block;margin:0 4px;\" onclick=\"wppaStopProp(event)\"><a title=\"View the album Wolontariuszki z Taiz\u00e9 w naszej parafii\" style=\"border:0;color:transparent;cursor:pointer;\" target=\"_self\" onclick=\"wppaDoAjaxRender(event, 1, &#039;http:\/\/mariacka-lodz.com.pl\/index.php?rest_route=\/wp-photo-album-plus\/endPoint?action=wppa&wppa-action=render&wppa-size=640&occur=1&page_id=128&wppa-fromp=128&lang=pl&cache=1&album=181&cover=0&occur=1&data-alb=181&#039;, &#039;http:\/\/mariacka-lodz.com.pl\/?page_id=128&lang=pl&cache=1&album=ed43e024022e86e8&cover=0&occur=1&data-alb=181&#039; )\"><img decoding=\"async\" style=\"border-width:0px;width:150px;height:100px;opacity:0.85;display:inline;\" src=\"http:\/\/mariacka-lodz.com.pl\/wp-content\/uploads\/wppa\/thumbs\/7089.jpg?ver=9\" alt=\"DSC_1491.JPG\" class=\"image wppa-img\" onmouseover=\"jQuery(this).fadeTo(400, 1.0)\" onmouseout=\"jQuery(this).fadeTo(400,0.85)\"><\/a><\/div><\/div><div title=\" \" onclick=\"wppaStopProp(event);\"><\/div><div style=\"clear:both;\"><\/div><\/div><div id=\"album-180-1\" title=\"View the album Roraty dla dzieci\" style=\"width:100%;float:right;cursor:pointer;\" class=\"wppa-album-cover-standard album wppa-box wppa-cover-box wppa-cover-box-1\" onclick=\"wppaDoAjaxRender(event, 1, &#039;http:\/\/mariacka-lodz.com.pl\/index.php?rest_route=\/wp-photo-album-plus\/endPoint?action=wppa&wppa-action=render&wppa-size=640&occur=1&page_id=128&wppa-fromp=128&lang=pl&cache=1&album=180&cover=0&occur=1&data-alb=180&#039;, &#039;http:\/\/mariacka-lodz.com.pl\/?page_id=128&lang=pl&cache=1&album=febc7f7857de0eda&cover=0&occur=1&data-alb=180&#039; )\"><div id=\"covertext_frame_180_1\" style=\"width:459px; float:left\" class=\"wppa-text-frame-1 wppa-text-frame wppa-cover-text-frame wppa-asym-text-frame-1\"><h2 style=\"clear:none\" class=\"wppa-title\"><a title=\"View the album Roraty dla dzieci\" style=\"cursor:pointer\" class=\"wppa-title\" onclick=\"wppaDoAjaxRender(event, 1, &#039;http:\/\/mariacka-lodz.com.pl\/index.php?rest_route=\/wp-photo-album-plus\/endPoint?action=wppa&wppa-action=render&wppa-size=640&occur=1&page_id=128&wppa-fromp=128&lang=pl&cache=1&album=180&cover=0&occur=1&data-alb=180&#039;, &#039;http:\/\/mariacka-lodz.com.pl\/?page_id=128&lang=pl&cache=1&album=febc7f7857de0eda&cover=0&occur=1&data-alb=180&#039; )\">Roraty dla dzieci<\/a><\/h2><div style=\"min-height:54px;\" class=\"wppa-box-text wppa-black wppa-box-text-desc\"><\/div><div class=\"wppa-box-text wppa-black wppa-info wppa-slideshow-browse-link wppa-album-cover-link\"><a title=\"Slideshow\" style=\"cursor:pointer\" class=\"wppa-album-cover-link\" onclick=\"wppaDoAjaxRender(event, 1, &#039;http:\/\/mariacka-lodz.com.pl\/index.php?rest_route=\/wp-photo-album-plus\/endPoint?action=wppa&wppa-action=render&wppa-size=640&occur=1&page_id=128&wppa-fromp=128&lang=pl&cache=1&slide=1&occur=1&album=180&#039;, &#039;http:\/\/mariacka-lodz.com.pl\/?page_id=128&lang=pl&cache=1&slide=1&occur=1&album=febc7f7857de0eda&#039; )\">Slideshow<\/a><\/div><div class=\"wppa-box-text wppa-black wppa-info wppa-viewlink wppa-album-cover-link\"><a title=\"View the album Roraty dla dzieci\" style=\"cursor:pointer;\" class=\"wppa-album-cover-link\" onclick=\"wppaDoAjaxRender(event, 1, &#039;http:\/\/mariacka-lodz.com.pl\/index.php?rest_route=\/wp-photo-album-plus\/endPoint?action=wppa&wppa-action=render&wppa-size=640&occur=1&page_id=128&wppa-fromp=128&lang=pl&cache=1&album=180&cover=0&occur=1&data-alb=180&#039;, &#039;http:\/\/mariacka-lodz.com.pl\/?page_id=128&lang=pl&cache=1&album=febc7f7857de0eda&cover=0&occur=1&data-alb=180&#039; )\">View&nbsp;17&nbsp;photos<\/a><\/div><\/div><div id=\"coverphoto_frame_180_1\" style=\"float:right; margin-left:5px;width:160px;\" class=\"coverphoto-frame\"><div title=\" \" style=\"display:inline-block;margin:0 4px;\" onclick=\"wppaStopProp(event)\"><a title=\"View the album Roraty dla dzieci\" style=\"border:0;color:transparent;cursor:pointer;\" target=\"_self\" onclick=\"wppaDoAjaxRender(event, 1, &#039;http:\/\/mariacka-lodz.com.pl\/index.php?rest_route=\/wp-photo-album-plus\/endPoint?action=wppa&wppa-action=render&wppa-size=640&occur=1&page_id=128&wppa-fromp=128&lang=pl&cache=1&album=180&cover=0&occur=1&data-alb=180&#039;, &#039;http:\/\/mariacka-lodz.com.pl\/?page_id=128&lang=pl&cache=1&album=febc7f7857de0eda&cover=0&occur=1&data-alb=180&#039; )\"><img decoding=\"async\" style=\"border-width:0px;width:150px;height:100px;opacity:0.85;display:inline;\" src=\"http:\/\/mariacka-lodz.com.pl\/wp-content\/uploads\/wppa\/thumbs\/7072.jpg?ver=9\" alt=\"DSC_1629.JPG\" class=\"image wppa-img\" onmouseover=\"jQuery(this).fadeTo(400, 1.0)\" onmouseout=\"jQuery(this).fadeTo(400,0.85)\"><\/a><\/div><\/div><div title=\" \" onclick=\"wppaStopProp(event);\"><\/div><div style=\"clear:both;\"><\/div><\/div><div id=\"album-179-1\" title=\"View the album Miko\u0142ajki 2016\" style=\"width:100%;float:right;cursor:pointer;\" class=\"wppa-album-cover-standard album wppa-box wppa-cover-box wppa-cover-box-1\" onclick=\"wppaDoAjaxRender(event, 1, &#039;http:\/\/mariacka-lodz.com.pl\/index.php?rest_route=\/wp-photo-album-plus\/endPoint?action=wppa&wppa-action=render&wppa-size=640&occur=1&page_id=128&wppa-fromp=128&lang=pl&cache=1&album=179&cover=0&occur=1&data-alb=179&#039;, &#039;http:\/\/mariacka-lodz.com.pl\/?page_id=128&lang=pl&cache=1&album=7f32046626e7db31&cover=0&occur=1&data-alb=179&#039; )\"><div id=\"covertext_frame_179_1\" style=\"width:459px; float:left\" class=\"wppa-text-frame-1 wppa-text-frame wppa-cover-text-frame wppa-asym-text-frame-1\"><h2 style=\"clear:none\" class=\"wppa-title\"><a title=\"View the album Miko\u0142ajki 2016\" style=\"cursor:pointer\" class=\"wppa-title\" onclick=\"wppaDoAjaxRender(event, 1, &#039;http:\/\/mariacka-lodz.com.pl\/index.php?rest_route=\/wp-photo-album-plus\/endPoint?action=wppa&wppa-action=render&wppa-size=640&occur=1&page_id=128&wppa-fromp=128&lang=pl&cache=1&album=179&cover=0&occur=1&data-alb=179&#039;, &#039;http:\/\/mariacka-lodz.com.pl\/?page_id=128&lang=pl&cache=1&album=7f32046626e7db31&cover=0&occur=1&data-alb=179&#039; )\">Miko\u0142ajki 2016<\/a><\/h2><div style=\"min-height:54px;\" class=\"wppa-box-text wppa-black wppa-box-text-desc\"><\/div><div class=\"wppa-box-text wppa-black wppa-info wppa-slideshow-browse-link wppa-album-cover-link\"><a title=\"Slideshow\" style=\"cursor:pointer\" class=\"wppa-album-cover-link\" onclick=\"wppaDoAjaxRender(event, 1, &#039;http:\/\/mariacka-lodz.com.pl\/index.php?rest_route=\/wp-photo-album-plus\/endPoint?action=wppa&wppa-action=render&wppa-size=640&occur=1&page_id=128&wppa-fromp=128&lang=pl&cache=1&slide=1&occur=1&album=179&#039;, &#039;http:\/\/mariacka-lodz.com.pl\/?page_id=128&lang=pl&cache=1&slide=1&occur=1&album=7f32046626e7db31&#039; )\">Slideshow<\/a><\/div><div class=\"wppa-box-text wppa-black wppa-info wppa-viewlink wppa-album-cover-link\"><a title=\"View the album Miko\u0142ajki 2016\" style=\"cursor:pointer;\" class=\"wppa-album-cover-link\" onclick=\"wppaDoAjaxRender(event, 1, &#039;http:\/\/mariacka-lodz.com.pl\/index.php?rest_route=\/wp-photo-album-plus\/endPoint?action=wppa&wppa-action=render&wppa-size=640&occur=1&page_id=128&wppa-fromp=128&lang=pl&cache=1&album=179&cover=0&occur=1&data-alb=179&#039;, &#039;http:\/\/mariacka-lodz.com.pl\/?page_id=128&lang=pl&cache=1&album=7f32046626e7db31&cover=0&occur=1&data-alb=179&#039; )\">View&nbsp;23&nbsp;photos<\/a><\/div><\/div><div id=\"coverphoto_frame_179_1\" style=\"float:right; margin-left:5px;width:160px;\" class=\"coverphoto-frame\"><div title=\" \" style=\"display:inline-block;margin:0 4px;\" onclick=\"wppaStopProp(event)\"><a title=\"View the album Miko\u0142ajki 2016\" style=\"border:0;color:transparent;cursor:pointer;\" target=\"_self\" onclick=\"wppaDoAjaxRender(event, 1, &#039;http:\/\/mariacka-lodz.com.pl\/index.php?rest_route=\/wp-photo-album-plus\/endPoint?action=wppa&wppa-action=render&wppa-size=640&occur=1&page_id=128&wppa-fromp=128&lang=pl&cache=1&album=179&cover=0&occur=1&data-alb=179&#039;, &#039;http:\/\/mariacka-lodz.com.pl\/?page_id=128&lang=pl&cache=1&album=7f32046626e7db31&cover=0&occur=1&data-alb=179&#039; )\"><img decoding=\"async\" style=\"border-width:0px;width:150px;height:100px;opacity:0.85;display:inline;\" src=\"http:\/\/mariacka-lodz.com.pl\/wp-content\/uploads\/wppa\/thumbs\/7054.jpg?ver=9\" alt=\"DSC_1555.JPG\" class=\"image wppa-img\" onmouseover=\"jQuery(this).fadeTo(400, 1.0)\" onmouseout=\"jQuery(this).fadeTo(400,0.85)\"><\/a><\/div><\/div><div title=\" \" onclick=\"wppaStopProp(event);\"><\/div><div style=\"clear:both;\"><\/div><\/div><div id=\"album-178-1\" title=\"View the album Zjazd Liturgicznej S\u0142u\u017cby O\u0142tarza\" style=\"width:100%;float:right;cursor:pointer;\" class=\"wppa-album-cover-standard album wppa-box wppa-cover-box wppa-cover-box-1\" onclick=\"wppaDoAjaxRender(event, 1, &#039;http:\/\/mariacka-lodz.com.pl\/index.php?rest_route=\/wp-photo-album-plus\/endPoint?action=wppa&wppa-action=render&wppa-size=640&occur=1&page_id=128&wppa-fromp=128&lang=pl&cache=1&album=178&cover=0&occur=1&data-alb=178&#039;, &#039;http:\/\/mariacka-lodz.com.pl\/?page_id=128&lang=pl&cache=1&album=c5bde8e8b104eb81&cover=0&occur=1&data-alb=178&#039; )\"><div id=\"covertext_frame_178_1\" style=\"width:459px; float:left\" class=\"wppa-text-frame-1 wppa-text-frame wppa-cover-text-frame wppa-asym-text-frame-1\"><h2 style=\"clear:none\" class=\"wppa-title\"><a title=\"View the album Zjazd Liturgicznej S\u0142u\u017cby O\u0142tarza\" style=\"cursor:pointer\" class=\"wppa-title\" onclick=\"wppaDoAjaxRender(event, 1, &#039;http:\/\/mariacka-lodz.com.pl\/index.php?rest_route=\/wp-photo-album-plus\/endPoint?action=wppa&wppa-action=render&wppa-size=640&occur=1&page_id=128&wppa-fromp=128&lang=pl&cache=1&album=178&cover=0&occur=1&data-alb=178&#039;, &#039;http:\/\/mariacka-lodz.com.pl\/?page_id=128&lang=pl&cache=1&album=c5bde8e8b104eb81&cover=0&occur=1&data-alb=178&#039; )\">Zjazd Liturgicznej S\u0142u\u017cby O\u0142tarza<\/a><\/h2><div style=\"min-height:54px;\" class=\"wppa-box-text wppa-black wppa-box-text-desc\"><\/div><div class=\"wppa-box-text wppa-black wppa-info wppa-slideshow-browse-link wppa-album-cover-link\"><a title=\"Slideshow\" style=\"cursor:pointer\" class=\"wppa-album-cover-link\" onclick=\"wppaDoAjaxRender(event, 1, &#039;http:\/\/mariacka-lodz.com.pl\/index.php?rest_route=\/wp-photo-album-plus\/endPoint?action=wppa&wppa-action=render&wppa-size=640&occur=1&page_id=128&wppa-fromp=128&lang=pl&cache=1&slide=1&occur=1&album=178&#039;, &#039;http:\/\/mariacka-lodz.com.pl\/?page_id=128&lang=pl&cache=1&slide=1&occur=1&album=c5bde8e8b104eb81&#039; )\">Slideshow<\/a><\/div><div class=\"wppa-box-text wppa-black wppa-info wppa-viewlink wppa-album-cover-link\"><a title=\"View the album Zjazd Liturgicznej S\u0142u\u017cby O\u0142tarza\" style=\"cursor:pointer;\" class=\"wppa-album-cover-link\" onclick=\"wppaDoAjaxRender(event, 1, &#039;http:\/\/mariacka-lodz.com.pl\/index.php?rest_route=\/wp-photo-album-plus\/endPoint?action=wppa&wppa-action=render&wppa-size=640&occur=1&page_id=128&wppa-fromp=128&lang=pl&cache=1&album=178&cover=0&occur=1&data-alb=178&#039;, &#039;http:\/\/mariacka-lodz.com.pl\/?page_id=128&lang=pl&cache=1&album=c5bde8e8b104eb81&cover=0&occur=1&data-alb=178&#039; )\">View&nbsp;9&nbsp;photos<\/a><\/div><\/div><div id=\"coverphoto_frame_178_1\" style=\"float:right; margin-left:5px;width:160px;\" class=\"coverphoto-frame\"><div title=\" \" style=\"display:inline-block;margin:0 4px;\" onclick=\"wppaStopProp(event)\"><a title=\"View the album Zjazd Liturgicznej S\u0142u\u017cby O\u0142tarza\" style=\"border:0;color:transparent;cursor:pointer;\" target=\"_self\" onclick=\"wppaDoAjaxRender(event, 1, &#039;http:\/\/mariacka-lodz.com.pl\/index.php?rest_route=\/wp-photo-album-plus\/endPoint?action=wppa&wppa-action=render&wppa-size=640&occur=1&page_id=128&wppa-fromp=128&lang=pl&cache=1&album=178&cover=0&occur=1&data-alb=178&#039;, &#039;http:\/\/mariacka-lodz.com.pl\/?page_id=128&lang=pl&cache=1&album=c5bde8e8b104eb81&cover=0&occur=1&data-alb=178&#039; )\"><img decoding=\"async\" style=\"border-width:0px;width:150px;height:100px;opacity:0.85;display:inline;\" src=\"http:\/\/mariacka-lodz.com.pl\/wp-content\/uploads\/wppa\/thumbs\/7031.jpg?ver=9\" alt=\"DSC_1332.JPG\" class=\"image wppa-img\" onmouseover=\"jQuery(this).fadeTo(400, 1.0)\" onmouseout=\"jQuery(this).fadeTo(400,0.85)\"><\/a><\/div><\/div><div title=\" \" onclick=\"wppaStopProp(event);\"><\/div><div style=\"clear:both;\"><\/div><\/div><div id=\"album-177-1\" title=\"View the album Odpust Parafialny, 16.11.2016\" style=\"width:100%;float:right;cursor:pointer;\" class=\"wppa-album-cover-standard album wppa-box wppa-cover-box wppa-cover-box-1\" onclick=\"wppaDoAjaxRender(event, 1, &#039;http:\/\/mariacka-lodz.com.pl\/index.php?rest_route=\/wp-photo-album-plus\/endPoint?action=wppa&wppa-action=render&wppa-size=640&occur=1&page_id=128&wppa-fromp=128&lang=pl&cache=1&album=177&cover=0&occur=1&data-alb=177&#039;, &#039;http:\/\/mariacka-lodz.com.pl\/?page_id=128&lang=pl&cache=1&album=92a0e99e58cd6d98&cover=0&occur=1&data-alb=177&#039; )\"><div id=\"covertext_frame_177_1\" style=\"width:459px; float:left\" class=\"wppa-text-frame-1 wppa-text-frame wppa-cover-text-frame wppa-asym-text-frame-1\"><h2 style=\"clear:none\" class=\"wppa-title\"><a title=\"View the album Odpust Parafialny, 16.11.2016\" style=\"cursor:pointer\" class=\"wppa-title\" onclick=\"wppaDoAjaxRender(event, 1, &#039;http:\/\/mariacka-lodz.com.pl\/index.php?rest_route=\/wp-photo-album-plus\/endPoint?action=wppa&wppa-action=render&wppa-size=640&occur=1&page_id=128&wppa-fromp=128&lang=pl&cache=1&album=177&cover=0&occur=1&data-alb=177&#039;, &#039;http:\/\/mariacka-lodz.com.pl\/?page_id=128&lang=pl&cache=1&album=92a0e99e58cd6d98&cover=0&occur=1&data-alb=177&#039; )\">Odpust Parafialny, 16.11.2016<\/a><\/h2><div style=\"min-height:54px;\" class=\"wppa-box-text wppa-black wppa-box-text-desc\"><\/div><div class=\"wppa-box-text wppa-black wppa-info wppa-slideshow-browse-link wppa-album-cover-link\"><a title=\"Slideshow\" style=\"cursor:pointer\" class=\"wppa-album-cover-link\" onclick=\"wppaDoAjaxRender(event, 1, &#039;http:\/\/mariacka-lodz.com.pl\/index.php?rest_route=\/wp-photo-album-plus\/endPoint?action=wppa&wppa-action=render&wppa-size=640&occur=1&page_id=128&wppa-fromp=128&lang=pl&cache=1&slide=1&occur=1&album=177&#039;, &#039;http:\/\/mariacka-lodz.com.pl\/?page_id=128&lang=pl&cache=1&slide=1&occur=1&album=92a0e99e58cd6d98&#039; )\">Slideshow<\/a><\/div><div class=\"wppa-box-text wppa-black wppa-info wppa-viewlink wppa-album-cover-link\"><a title=\"View the album Odpust Parafialny, 16.11.2016\" style=\"cursor:pointer;\" class=\"wppa-album-cover-link\" onclick=\"wppaDoAjaxRender(event, 1, &#039;http:\/\/mariacka-lodz.com.pl\/index.php?rest_route=\/wp-photo-album-plus\/endPoint?action=wppa&wppa-action=render&wppa-size=640&occur=1&page_id=128&wppa-fromp=128&lang=pl&cache=1&album=177&cover=0&occur=1&data-alb=177&#039;, &#039;http:\/\/mariacka-lodz.com.pl\/?page_id=128&lang=pl&cache=1&album=92a0e99e58cd6d98&cover=0&occur=1&data-alb=177&#039; )\">View&nbsp;40&nbsp;photos<\/a><\/div><\/div><div id=\"coverphoto_frame_177_1\" style=\"float:right; margin-left:5px;width:160px;\" class=\"coverphoto-frame\"><div title=\" \" style=\"display:inline-block;margin:0 4px;\" onclick=\"wppaStopProp(event)\"><a title=\"View the album Odpust Parafialny, 16.11.2016\" style=\"border:0;color:transparent;cursor:pointer;\" target=\"_self\" onclick=\"wppaDoAjaxRender(event, 1, &#039;http:\/\/mariacka-lodz.com.pl\/index.php?rest_route=\/wp-photo-album-plus\/endPoint?action=wppa&wppa-action=render&wppa-size=640&occur=1&page_id=128&wppa-fromp=128&lang=pl&cache=1&album=177&cover=0&occur=1&data-alb=177&#039;, &#039;http:\/\/mariacka-lodz.com.pl\/?page_id=128&lang=pl&cache=1&album=92a0e99e58cd6d98&cover=0&occur=1&data-alb=177&#039; )\"><img decoding=\"async\" style=\"border-width:0px;width:150px;height:100px;opacity:0.85;display:inline;\" src=\"http:\/\/mariacka-lodz.com.pl\/wp-content\/uploads\/wppa\/thumbs\/7005.jpg?ver=9\" alt=\"DSC_1220.JPG\" class=\"image wppa-img\" onmouseover=\"jQuery(this).fadeTo(400, 1.0)\" onmouseout=\"jQuery(this).fadeTo(400,0.85)\"><\/a><\/div><\/div><div title=\" \" onclick=\"wppaStopProp(event);\"><\/div><div style=\"clear:both;\"><\/div><\/div><div id=\"album-176-1\" title=\"View the album Obrz\u0119d przyj\u0119cia w poczet Liturgicznej S\u0142u\u017cby O\u0142tarza czterech nowych ministrant\u00f3w, 13.11.2016\" style=\"width:100%;float:right;cursor:pointer;\" class=\"wppa-album-cover-standard album wppa-box wppa-cover-box wppa-cover-box-1\" onclick=\"wppaDoAjaxRender(event, 1, &#039;http:\/\/mariacka-lodz.com.pl\/index.php?rest_route=\/wp-photo-album-plus\/endPoint?action=wppa&wppa-action=render&wppa-size=640&occur=1&page_id=128&wppa-fromp=128&lang=pl&cache=1&album=176&cover=0&occur=1&data-alb=176&#039;, &#039;http:\/\/mariacka-lodz.com.pl\/?page_id=128&lang=pl&cache=1&album=85ab73d2829f78a2&cover=0&occur=1&data-alb=176&#039; )\"><div id=\"covertext_frame_176_1\" style=\"width:459px; float:left\" class=\"wppa-text-frame-1 wppa-text-frame wppa-cover-text-frame wppa-asym-text-frame-1\"><h2 style=\"clear:none\" class=\"wppa-title\"><a title=\"View the album Obrz\u0119d przyj\u0119cia w poczet Liturgicznej S\u0142u\u017cby O\u0142tarza czterech nowych ministrant\u00f3w, 13.11.2016\" style=\"cursor:pointer\" class=\"wppa-title\" onclick=\"wppaDoAjaxRender(event, 1, &#039;http:\/\/mariacka-lodz.com.pl\/index.php?rest_route=\/wp-photo-album-plus\/endPoint?action=wppa&wppa-action=render&wppa-size=640&occur=1&page_id=128&wppa-fromp=128&lang=pl&cache=1&album=176&cover=0&occur=1&data-alb=176&#039;, &#039;http:\/\/mariacka-lodz.com.pl\/?page_id=128&lang=pl&cache=1&album=85ab73d2829f78a2&cover=0&occur=1&data-alb=176&#039; )\">Obrz\u0119d przyj\u0119cia w poczet Liturgicznej S\u0142u\u017cby O\u0142tarza czterech nowych ministrant\u00f3w, 13.11.2016<\/a><\/h2><div style=\"min-height:54px;\" class=\"wppa-box-text wppa-black wppa-box-text-desc\"><\/div><div class=\"wppa-box-text wppa-black wppa-info wppa-slideshow-browse-link wppa-album-cover-link\"><a title=\"Slideshow\" style=\"cursor:pointer\" class=\"wppa-album-cover-link\" onclick=\"wppaDoAjaxRender(event, 1, &#039;http:\/\/mariacka-lodz.com.pl\/index.php?rest_route=\/wp-photo-album-plus\/endPoint?action=wppa&wppa-action=render&wppa-size=640&occur=1&page_id=128&wppa-fromp=128&lang=pl&cache=1&slide=1&occur=1&album=176&#039;, &#039;http:\/\/mariacka-lodz.com.pl\/?page_id=128&lang=pl&cache=1&slide=1&occur=1&album=85ab73d2829f78a2&#039; )\">Slideshow<\/a><\/div><div class=\"wppa-box-text wppa-black wppa-info wppa-viewlink wppa-album-cover-link\"><a title=\"View the album Obrz\u0119d przyj\u0119cia w poczet Liturgicznej S\u0142u\u017cby O\u0142tarza czterech nowych ministrant\u00f3w, 13.11.2016\" style=\"cursor:pointer;\" class=\"wppa-album-cover-link\" onclick=\"wppaDoAjaxRender(event, 1, &#039;http:\/\/mariacka-lodz.com.pl\/index.php?rest_route=\/wp-photo-album-plus\/endPoint?action=wppa&wppa-action=render&wppa-size=640&occur=1&page_id=128&wppa-fromp=128&lang=pl&cache=1&album=176&cover=0&occur=1&data-alb=176&#039;, &#039;http:\/\/mariacka-lodz.com.pl\/?page_id=128&lang=pl&cache=1&album=85ab73d2829f78a2&cover=0&occur=1&data-alb=176&#039; )\">View&nbsp;8&nbsp;photos<\/a><\/div><\/div><div id=\"coverphoto_frame_176_1\" style=\"float:right; margin-left:5px;width:160px;\" class=\"coverphoto-frame\"><div title=\" \" style=\"display:inline-block;margin:0 4px;\" onclick=\"wppaStopProp(event)\"><a title=\"View the album Obrz\u0119d przyj\u0119cia w poczet Liturgicznej S\u0142u\u017cby O\u0142tarza czterech nowych ministrant\u00f3w, 13.11.2016\" style=\"border:0;color:transparent;cursor:pointer;\" target=\"_self\" onclick=\"wppaDoAjaxRender(event, 1, &#039;http:\/\/mariacka-lodz.com.pl\/index.php?rest_route=\/wp-photo-album-plus\/endPoint?action=wppa&wppa-action=render&wppa-size=640&occur=1&page_id=128&wppa-fromp=128&lang=pl&cache=1&album=176&cover=0&occur=1&data-alb=176&#039;, &#039;http:\/\/mariacka-lodz.com.pl\/?page_id=128&lang=pl&cache=1&album=85ab73d2829f78a2&cover=0&occur=1&data-alb=176&#039; )\"><img decoding=\"async\" style=\"border-width:0px;width:150px;height:100px;opacity:0.85;display:inline;\" src=\"http:\/\/mariacka-lodz.com.pl\/wp-content\/uploads\/wppa\/thumbs\/6983.jpg?ver=9\" alt=\"DSC_1094.JPG\" class=\"image wppa-img\" onmouseover=\"jQuery(this).fadeTo(400, 1.0)\" onmouseout=\"jQuery(this).fadeTo(400,0.85)\"><\/a><\/div><\/div><div title=\" \" onclick=\"wppaStopProp(event);\"><\/div><div style=\"clear:both;\"><\/div><\/div><div id=\"album-175-1\" title=\"View the album Dekoracja 11 listopada 2016r\" style=\"width:100%;float:right;cursor:pointer;\" class=\"wppa-album-cover-standard album wppa-box wppa-cover-box wppa-cover-box-1\" onclick=\"wppaDoAjaxRender(event, 1, &#039;http:\/\/mariacka-lodz.com.pl\/index.php?rest_route=\/wp-photo-album-plus\/endPoint?action=wppa&wppa-action=render&wppa-size=640&occur=1&page_id=128&wppa-fromp=128&lang=pl&cache=1&album=175&cover=0&occur=1&data-alb=175&#039;, &#039;http:\/\/mariacka-lodz.com.pl\/?page_id=128&lang=pl&cache=1&album=ddbfb6ffb36ed5f4&cover=0&occur=1&data-alb=175&#039; )\"><div id=\"covertext_frame_175_1\" style=\"width:459px; float:left\" class=\"wppa-text-frame-1 wppa-text-frame wppa-cover-text-frame wppa-asym-text-frame-1\"><h2 style=\"clear:none\" class=\"wppa-title\"><a title=\"View the album Dekoracja 11 listopada 2016r\" style=\"cursor:pointer\" class=\"wppa-title\" onclick=\"wppaDoAjaxRender(event, 1, &#039;http:\/\/mariacka-lodz.com.pl\/index.php?rest_route=\/wp-photo-album-plus\/endPoint?action=wppa&wppa-action=render&wppa-size=640&occur=1&page_id=128&wppa-fromp=128&lang=pl&cache=1&album=175&cover=0&occur=1&data-alb=175&#039;, &#039;http:\/\/mariacka-lodz.com.pl\/?page_id=128&lang=pl&cache=1&album=ddbfb6ffb36ed5f4&cover=0&occur=1&data-alb=175&#039; )\">Dekoracja 11 listopada 2016r<\/a><\/h2><div style=\"min-height:54px;\" class=\"wppa-box-text wppa-black wppa-box-text-desc\"><\/div><div class=\"wppa-box-text wppa-black wppa-info wppa-slideshow-browse-link wppa-album-cover-link\"><a title=\"Slideshow\" style=\"cursor:pointer\" class=\"wppa-album-cover-link\" onclick=\"wppaDoAjaxRender(event, 1, &#039;http:\/\/mariacka-lodz.com.pl\/index.php?rest_route=\/wp-photo-album-plus\/endPoint?action=wppa&wppa-action=render&wppa-size=640&occur=1&page_id=128&wppa-fromp=128&lang=pl&cache=1&slide=1&occur=1&album=175&#039;, &#039;http:\/\/mariacka-lodz.com.pl\/?page_id=128&lang=pl&cache=1&slide=1&occur=1&album=ddbfb6ffb36ed5f4&#039; )\">Slideshow<\/a><\/div><div class=\"wppa-box-text wppa-black wppa-info wppa-viewlink wppa-album-cover-link\"><a title=\"View the album Dekoracja 11 listopada 2016r\" style=\"cursor:pointer;\" class=\"wppa-album-cover-link\" onclick=\"wppaDoAjaxRender(event, 1, &#039;http:\/\/mariacka-lodz.com.pl\/index.php?rest_route=\/wp-photo-album-plus\/endPoint?action=wppa&wppa-action=render&wppa-size=640&occur=1&page_id=128&wppa-fromp=128&lang=pl&cache=1&album=175&cover=0&occur=1&data-alb=175&#039;, &#039;http:\/\/mariacka-lodz.com.pl\/?page_id=128&lang=pl&cache=1&album=ddbfb6ffb36ed5f4&cover=0&occur=1&data-alb=175&#039; )\">View&nbsp;20&nbsp;photos<\/a><\/div><\/div><div id=\"coverphoto_frame_175_1\" style=\"float:right; margin-left:5px;width:160px;\" class=\"coverphoto-frame\"><div title=\" \" style=\"display:inline-block;margin:0 4px;\" onclick=\"wppaStopProp(event)\"><a title=\"View the album Dekoracja 11 listopada 2016r\" style=\"border:0;color:transparent;cursor:pointer;\" target=\"_self\" onclick=\"wppaDoAjaxRender(event, 1, &#039;http:\/\/mariacka-lodz.com.pl\/index.php?rest_route=\/wp-photo-album-plus\/endPoint?action=wppa&wppa-action=render&wppa-size=640&occur=1&page_id=128&wppa-fromp=128&lang=pl&cache=1&album=175&cover=0&occur=1&data-alb=175&#039;, &#039;http:\/\/mariacka-lodz.com.pl\/?page_id=128&lang=pl&cache=1&album=ddbfb6ffb36ed5f4&cover=0&occur=1&data-alb=175&#039; )\"><img decoding=\"async\" style=\"border-width:0px;width:150px;height:100px;opacity:0.85;display:inline;\" src=\"http:\/\/mariacka-lodz.com.pl\/wp-content\/uploads\/wppa\/thumbs\/6977.jpg?ver=9\" alt=\"DSC_1080.JPG\" class=\"image wppa-img\" onmouseover=\"jQuery(this).fadeTo(400, 1.0)\" onmouseout=\"jQuery(this).fadeTo(400,0.85)\"><\/a><\/div><\/div><div title=\" \" onclick=\"wppaStopProp(event);\"><\/div><div style=\"clear:both;\"><\/div><\/div><div id=\"album-174-1\" title=\"View the album Wypominki 2016\" style=\"width:100%;float:right;cursor:pointer;\" class=\"wppa-album-cover-standard album wppa-box wppa-cover-box wppa-cover-box-1\" onclick=\"wppaDoAjaxRender(event, 1, &#039;http:\/\/mariacka-lodz.com.pl\/index.php?rest_route=\/wp-photo-album-plus\/endPoint?action=wppa&wppa-action=render&wppa-size=640&occur=1&page_id=128&wppa-fromp=128&lang=pl&cache=1&album=174&cover=0&occur=1&data-alb=174&#039;, &#039;http:\/\/mariacka-lodz.com.pl\/?page_id=128&lang=pl&cache=1&album=a728ed695ff08302&cover=0&occur=1&data-alb=174&#039; )\"><div id=\"covertext_frame_174_1\" style=\"width:459px; float:left\" class=\"wppa-text-frame-1 wppa-text-frame wppa-cover-text-frame wppa-asym-text-frame-1\"><h2 style=\"clear:none\" class=\"wppa-title\"><a title=\"View the album Wypominki 2016\" style=\"cursor:pointer\" class=\"wppa-title\" onclick=\"wppaDoAjaxRender(event, 1, &#039;http:\/\/mariacka-lodz.com.pl\/index.php?rest_route=\/wp-photo-album-plus\/endPoint?action=wppa&wppa-action=render&wppa-size=640&occur=1&page_id=128&wppa-fromp=128&lang=pl&cache=1&album=174&cover=0&occur=1&data-alb=174&#039;, &#039;http:\/\/mariacka-lodz.com.pl\/?page_id=128&lang=pl&cache=1&album=a728ed695ff08302&cover=0&occur=1&data-alb=174&#039; )\">Wypominki 2016<\/a><\/h2><div style=\"min-height:54px;\" class=\"wppa-box-text wppa-black wppa-box-text-desc\"><\/div><div class=\"wppa-box-text wppa-black wppa-info wppa-slideshow-browse-link wppa-album-cover-link\"><a title=\"Slideshow\" style=\"cursor:pointer\" class=\"wppa-album-cover-link\" onclick=\"wppaDoAjaxRender(event, 1, &#039;http:\/\/mariacka-lodz.com.pl\/index.php?rest_route=\/wp-photo-album-plus\/endPoint?action=wppa&wppa-action=render&wppa-size=640&occur=1&page_id=128&wppa-fromp=128&lang=pl&cache=1&slide=1&occur=1&album=174&#039;, &#039;http:\/\/mariacka-lodz.com.pl\/?page_id=128&lang=pl&cache=1&slide=1&occur=1&album=a728ed695ff08302&#039; )\">Slideshow<\/a><\/div><div class=\"wppa-box-text wppa-black wppa-info wppa-viewlink wppa-album-cover-link\"><a title=\"View the album Wypominki 2016\" style=\"cursor:pointer;\" class=\"wppa-album-cover-link\" onclick=\"wppaDoAjaxRender(event, 1, &#039;http:\/\/mariacka-lodz.com.pl\/index.php?rest_route=\/wp-photo-album-plus\/endPoint?action=wppa&wppa-action=render&wppa-size=640&occur=1&page_id=128&wppa-fromp=128&lang=pl&cache=1&album=174&cover=0&occur=1&data-alb=174&#039;, &#039;http:\/\/mariacka-lodz.com.pl\/?page_id=128&lang=pl&cache=1&album=a728ed695ff08302&cover=0&occur=1&data-alb=174&#039; )\">View&nbsp;10&nbsp;photos<\/a><\/div><\/div><div id=\"coverphoto_frame_174_1\" style=\"float:right; margin-left:5px;width:160px;\" class=\"coverphoto-frame\"><div title=\" \" style=\"display:inline-block;margin:0 4px;\" onclick=\"wppaStopProp(event)\"><a title=\"View the album Wypominki 2016\" style=\"border:0;color:transparent;cursor:pointer;\" target=\"_self\" onclick=\"wppaDoAjaxRender(event, 1, &#039;http:\/\/mariacka-lodz.com.pl\/index.php?rest_route=\/wp-photo-album-plus\/endPoint?action=wppa&wppa-action=render&wppa-size=640&occur=1&page_id=128&wppa-fromp=128&lang=pl&cache=1&album=174&cover=0&occur=1&data-alb=174&#039;, &#039;http:\/\/mariacka-lodz.com.pl\/?page_id=128&lang=pl&cache=1&album=a728ed695ff08302&cover=0&occur=1&data-alb=174&#039; )\"><img decoding=\"async\" style=\"border-width:0px;width:150px;height:100px;opacity:0.85;display:inline;\" src=\"http:\/\/mariacka-lodz.com.pl\/wp-content\/uploads\/wppa\/thumbs\/6953.jpg?ver=9\" alt=\"DSC_1005.JPG\" class=\"image wppa-img\" onmouseover=\"jQuery(this).fadeTo(400, 1.0)\" onmouseout=\"jQuery(this).fadeTo(400,0.85)\"><\/a><\/div><\/div><div title=\" \" onclick=\"wppaStopProp(event);\"><\/div><div style=\"clear:both;\"><\/div><\/div><div id=\"album-173-1\" title=\"View the album Nabo\u017ce\u0144stwa r\u00f3\u017ca\u0144cowe dla dzieci\" style=\"width:100%;float:right;cursor:pointer;\" class=\"wppa-album-cover-standard album wppa-box wppa-cover-box wppa-cover-box-1\" onclick=\"wppaDoAjaxRender(event, 1, &#039;http:\/\/mariacka-lodz.com.pl\/index.php?rest_route=\/wp-photo-album-plus\/endPoint?action=wppa&wppa-action=render&wppa-size=640&occur=1&page_id=128&wppa-fromp=128&lang=pl&cache=1&album=173&cover=0&occur=1&data-alb=173&#039;, &#039;http:\/\/mariacka-lodz.com.pl\/?page_id=128&lang=pl&cache=1&album=6a9b2cddd780a980&cover=0&occur=1&data-alb=173&#039; )\"><div id=\"covertext_frame_173_1\" style=\"width:459px; float:left\" class=\"wppa-text-frame-1 wppa-text-frame wppa-cover-text-frame wppa-asym-text-frame-1\"><h2 style=\"clear:none\" class=\"wppa-title\"><a title=\"View the album Nabo\u017ce\u0144stwa r\u00f3\u017ca\u0144cowe dla dzieci\" style=\"cursor:pointer\" class=\"wppa-title\" onclick=\"wppaDoAjaxRender(event, 1, &#039;http:\/\/mariacka-lodz.com.pl\/index.php?rest_route=\/wp-photo-album-plus\/endPoint?action=wppa&wppa-action=render&wppa-size=640&occur=1&page_id=128&wppa-fromp=128&lang=pl&cache=1&album=173&cover=0&occur=1&data-alb=173&#039;, &#039;http:\/\/mariacka-lodz.com.pl\/?page_id=128&lang=pl&cache=1&album=6a9b2cddd780a980&cover=0&occur=1&data-alb=173&#039; )\">Nabo\u017ce\u0144stwa r\u00f3\u017ca\u0144cowe dla dzieci<\/a><\/h2><div style=\"min-height:54px;\" class=\"wppa-box-text wppa-black wppa-box-text-desc\"><\/div><div class=\"wppa-box-text wppa-black wppa-info wppa-slideshow-browse-link wppa-album-cover-link\"><a title=\"Slideshow\" style=\"cursor:pointer\" class=\"wppa-album-cover-link\" onclick=\"wppaDoAjaxRender(event, 1, &#039;http:\/\/mariacka-lodz.com.pl\/index.php?rest_route=\/wp-photo-album-plus\/endPoint?action=wppa&wppa-action=render&wppa-size=640&occur=1&page_id=128&wppa-fromp=128&lang=pl&cache=1&slide=1&occur=1&album=173&#039;, &#039;http:\/\/mariacka-lodz.com.pl\/?page_id=128&lang=pl&cache=1&slide=1&occur=1&album=6a9b2cddd780a980&#039; )\">Slideshow<\/a><\/div><div class=\"wppa-box-text wppa-black wppa-info wppa-viewlink wppa-album-cover-link\"><a title=\"View the album Nabo\u017ce\u0144stwa r\u00f3\u017ca\u0144cowe dla dzieci\" style=\"cursor:pointer;\" class=\"wppa-album-cover-link\" onclick=\"wppaDoAjaxRender(event, 1, &#039;http:\/\/mariacka-lodz.com.pl\/index.php?rest_route=\/wp-photo-album-plus\/endPoint?action=wppa&wppa-action=render&wppa-size=640&occur=1&page_id=128&wppa-fromp=128&lang=pl&cache=1&album=173&cover=0&occur=1&data-alb=173&#039;, &#039;http:\/\/mariacka-lodz.com.pl\/?page_id=128&lang=pl&cache=1&album=6a9b2cddd780a980&cover=0&occur=1&data-alb=173&#039; )\">View&nbsp;12&nbsp;photos<\/a><\/div><\/div><div id=\"coverphoto_frame_173_1\" style=\"float:right; margin-left:5px;width:160px;\" class=\"coverphoto-frame\"><div title=\" \" style=\"display:inline-block;margin:0 4px;\" onclick=\"wppaStopProp(event)\"><a title=\"View the album Nabo\u017ce\u0144stwa r\u00f3\u017ca\u0144cowe dla dzieci\" style=\"border:0;color:transparent;cursor:pointer;\" target=\"_self\" onclick=\"wppaDoAjaxRender(event, 1, &#039;http:\/\/mariacka-lodz.com.pl\/index.php?rest_route=\/wp-photo-album-plus\/endPoint?action=wppa&wppa-action=render&wppa-size=640&occur=1&page_id=128&wppa-fromp=128&lang=pl&cache=1&album=173&cover=0&occur=1&data-alb=173&#039;, &#039;http:\/\/mariacka-lodz.com.pl\/?page_id=128&lang=pl&cache=1&album=6a9b2cddd780a980&cover=0&occur=1&data-alb=173&#039; )\"><img decoding=\"async\" style=\"border-width:0px;width:150px;height:100px;opacity:0.85;display:inline;\" src=\"http:\/\/mariacka-lodz.com.pl\/wp-content\/uploads\/wppa\/thumbs\/6941.jpg?ver=9\" alt=\"DSC_0949.JPG\" class=\"image wppa-img\" onmouseover=\"jQuery(this).fadeTo(400, 1.0)\" onmouseout=\"jQuery(this).fadeTo(400,0.85)\"><\/a><\/div><\/div><div title=\" \" onclick=\"wppaStopProp(event);\"><\/div><div style=\"clear:both;\"><\/div><\/div><div id=\"album-172-1\" title=\"View the album Wizytacja kanoniczna w naszym ko\u015bciele\" style=\"width:100%;float:right;cursor:pointer;\" class=\"wppa-album-cover-standard album wppa-box wppa-cover-box wppa-cover-box-1\" onclick=\"wppaDoAjaxRender(event, 1, &#039;http:\/\/mariacka-lodz.com.pl\/index.php?rest_route=\/wp-photo-album-plus\/endPoint?action=wppa&wppa-action=render&wppa-size=640&occur=1&page_id=128&wppa-fromp=128&lang=pl&cache=1&album=172&cover=0&occur=1&data-alb=172&#039;, &#039;http:\/\/mariacka-lodz.com.pl\/?page_id=128&lang=pl&cache=1&album=490abe3b866cdbfe&cover=0&occur=1&data-alb=172&#039; )\"><div id=\"covertext_frame_172_1\" style=\"width:459px; float:left\" class=\"wppa-text-frame-1 wppa-text-frame wppa-cover-text-frame wppa-asym-text-frame-1\"><h2 style=\"clear:none\" class=\"wppa-title\"><a title=\"View the album Wizytacja kanoniczna w naszym ko\u015bciele\" style=\"cursor:pointer\" class=\"wppa-title\" onclick=\"wppaDoAjaxRender(event, 1, &#039;http:\/\/mariacka-lodz.com.pl\/index.php?rest_route=\/wp-photo-album-plus\/endPoint?action=wppa&wppa-action=render&wppa-size=640&occur=1&page_id=128&wppa-fromp=128&lang=pl&cache=1&album=172&cover=0&occur=1&data-alb=172&#039;, &#039;http:\/\/mariacka-lodz.com.pl\/?page_id=128&lang=pl&cache=1&album=490abe3b866cdbfe&cover=0&occur=1&data-alb=172&#039; )\">Wizytacja kanoniczna w naszym ko\u015bciele<\/a><\/h2><div style=\"min-height:54px;\" class=\"wppa-box-text wppa-black wppa-box-text-desc\"><\/div><div class=\"wppa-box-text wppa-black wppa-info wppa-slideshow-browse-link wppa-album-cover-link\"><a title=\"Slideshow\" style=\"cursor:pointer\" class=\"wppa-album-cover-link\" onclick=\"wppaDoAjaxRender(event, 1, &#039;http:\/\/mariacka-lodz.com.pl\/index.php?rest_route=\/wp-photo-album-plus\/endPoint?action=wppa&wppa-action=render&wppa-size=640&occur=1&page_id=128&wppa-fromp=128&lang=pl&cache=1&slide=1&occur=1&album=172&#039;, &#039;http:\/\/mariacka-lodz.com.pl\/?page_id=128&lang=pl&cache=1&slide=1&occur=1&album=490abe3b866cdbfe&#039; )\">Slideshow<\/a><\/div><div class=\"wppa-box-text wppa-black wppa-info wppa-viewlink wppa-album-cover-link\"><a title=\"View the album Wizytacja kanoniczna w naszym ko\u015bciele\" style=\"cursor:pointer;\" class=\"wppa-album-cover-link\" onclick=\"wppaDoAjaxRender(event, 1, &#039;http:\/\/mariacka-lodz.com.pl\/index.php?rest_route=\/wp-photo-album-plus\/endPoint?action=wppa&wppa-action=render&wppa-size=640&occur=1&page_id=128&wppa-fromp=128&lang=pl&cache=1&album=172&cover=0&occur=1&data-alb=172&#039;, &#039;http:\/\/mariacka-lodz.com.pl\/?page_id=128&lang=pl&cache=1&album=490abe3b866cdbfe&cover=0&occur=1&data-alb=172&#039; )\">View&nbsp;40&nbsp;photos<\/a><\/div><\/div><div id=\"coverphoto_frame_172_1\" style=\"float:right; margin-left:5px;width:160px;\" class=\"coverphoto-frame\"><div title=\" \" style=\"display:inline-block;margin:0 4px;\" onclick=\"wppaStopProp(event)\"><a title=\"View the album Wizytacja kanoniczna w naszym ko\u015bciele\" style=\"border:0;color:transparent;cursor:pointer;\" target=\"_self\" onclick=\"wppaDoAjaxRender(event, 1, &#039;http:\/\/mariacka-lodz.com.pl\/index.php?rest_route=\/wp-photo-album-plus\/endPoint?action=wppa&wppa-action=render&wppa-size=640&occur=1&page_id=128&wppa-fromp=128&lang=pl&cache=1&album=172&cover=0&occur=1&data-alb=172&#039;, &#039;http:\/\/mariacka-lodz.com.pl\/?page_id=128&lang=pl&cache=1&album=490abe3b866cdbfe&cover=0&occur=1&data-alb=172&#039; )\"><img decoding=\"async\" style=\"border-width:0px;width:150px;height:100px;opacity:0.85;display:inline;\" src=\"http:\/\/mariacka-lodz.com.pl\/wp-content\/uploads\/wppa\/thumbs\/6915.jpg?ver=9\" alt=\"DSC_0769.JPG\" class=\"image wppa-img\" onmouseover=\"jQuery(this).fadeTo(400, 1.0)\" onmouseout=\"jQuery(this).fadeTo(400,0.85)\"><\/a><\/div><\/div><div title=\" \" onclick=\"wppaStopProp(event);\"><\/div><div style=\"clear:both;\"><\/div><\/div><div id=\"album-171-1\" title=\"View the album Przyj\u0119cie dzieci do scholi parafialnej\" style=\"width:100%;float:right;cursor:pointer;\" class=\"wppa-album-cover-standard album wppa-box wppa-cover-box wppa-cover-box-1\" onclick=\"wppaDoAjaxRender(event, 1, &#039;http:\/\/mariacka-lodz.com.pl\/index.php?rest_route=\/wp-photo-album-plus\/endPoint?action=wppa&wppa-action=render&wppa-size=640&occur=1&page_id=128&wppa-fromp=128&lang=pl&cache=1&album=171&cover=0&occur=1&data-alb=171&#039;, &#039;http:\/\/mariacka-lodz.com.pl\/?page_id=128&lang=pl&cache=1&album=5feee0b3eb2391e0&cover=0&occur=1&data-alb=171&#039; )\"><div id=\"covertext_frame_171_1\" style=\"width:459px; float:left\" class=\"wppa-text-frame-1 wppa-text-frame wppa-cover-text-frame wppa-asym-text-frame-1\"><h2 style=\"clear:none\" class=\"wppa-title\"><a title=\"View the album Przyj\u0119cie dzieci do scholi parafialnej\" style=\"cursor:pointer\" class=\"wppa-title\" onclick=\"wppaDoAjaxRender(event, 1, &#039;http:\/\/mariacka-lodz.com.pl\/index.php?rest_route=\/wp-photo-album-plus\/endPoint?action=wppa&wppa-action=render&wppa-size=640&occur=1&page_id=128&wppa-fromp=128&lang=pl&cache=1&album=171&cover=0&occur=1&data-alb=171&#039;, &#039;http:\/\/mariacka-lodz.com.pl\/?page_id=128&lang=pl&cache=1&album=5feee0b3eb2391e0&cover=0&occur=1&data-alb=171&#039; )\">Przyj\u0119cie dzieci do scholi parafialnej<\/a><\/h2><div style=\"min-height:54px;\" class=\"wppa-box-text wppa-black wppa-box-text-desc\"><\/div><div class=\"wppa-box-text wppa-black wppa-info wppa-slideshow-browse-link wppa-album-cover-link\"><a title=\"Slideshow\" style=\"cursor:pointer\" class=\"wppa-album-cover-link\" onclick=\"wppaDoAjaxRender(event, 1, &#039;http:\/\/mariacka-lodz.com.pl\/index.php?rest_route=\/wp-photo-album-plus\/endPoint?action=wppa&wppa-action=render&wppa-size=640&occur=1&page_id=128&wppa-fromp=128&lang=pl&cache=1&slide=1&occur=1&album=171&#039;, &#039;http:\/\/mariacka-lodz.com.pl\/?page_id=128&lang=pl&cache=1&slide=1&occur=1&album=5feee0b3eb2391e0&#039; )\">Slideshow<\/a><\/div><div class=\"wppa-box-text wppa-black wppa-info wppa-viewlink wppa-album-cover-link\"><a title=\"View the album Przyj\u0119cie dzieci do scholi parafialnej\" style=\"cursor:pointer;\" class=\"wppa-album-cover-link\" onclick=\"wppaDoAjaxRender(event, 1, &#039;http:\/\/mariacka-lodz.com.pl\/index.php?rest_route=\/wp-photo-album-plus\/endPoint?action=wppa&wppa-action=render&wppa-size=640&occur=1&page_id=128&wppa-fromp=128&lang=pl&cache=1&album=171&cover=0&occur=1&data-alb=171&#039;, &#039;http:\/\/mariacka-lodz.com.pl\/?page_id=128&lang=pl&cache=1&album=5feee0b3eb2391e0&cover=0&occur=1&data-alb=171&#039; )\">View&nbsp;35&nbsp;photos<\/a><\/div><\/div><div id=\"coverphoto_frame_171_1\" style=\"float:right; margin-left:5px;width:160px;\" class=\"coverphoto-frame\"><div title=\" \" style=\"display:inline-block;margin:0 4px;\" onclick=\"wppaStopProp(event)\"><a title=\"View the album Przyj\u0119cie dzieci do scholi parafialnej\" style=\"border:0;color:transparent;cursor:pointer;\" target=\"_self\" onclick=\"wppaDoAjaxRender(event, 1, &#039;http:\/\/mariacka-lodz.com.pl\/index.php?rest_route=\/wp-photo-album-plus\/endPoint?action=wppa&wppa-action=render&wppa-size=640&occur=1&page_id=128&wppa-fromp=128&lang=pl&cache=1&album=171&cover=0&occur=1&data-alb=171&#039;, &#039;http:\/\/mariacka-lodz.com.pl\/?page_id=128&lang=pl&cache=1&album=5feee0b3eb2391e0&cover=0&occur=1&data-alb=171&#039; )\"><img decoding=\"async\" style=\"border-width:0px;width:150px;height:100px;opacity:0.85;display:inline;\" src=\"http:\/\/mariacka-lodz.com.pl\/wp-content\/uploads\/wppa\/thumbs\/6880.jpg?ver=9\" alt=\"DSC_0664.JPG\" class=\"image wppa-img\" onmouseover=\"jQuery(this).fadeTo(400, 1.0)\" onmouseout=\"jQuery(this).fadeTo(400,0.85)\"><\/a><\/div><\/div><div title=\" \" onclick=\"wppaStopProp(event);\"><\/div><div style=\"clear:both;\"><\/div><\/div><div id=\"album-170-1\" title=\"View the album Pielgrzymka do Torunia, Lichenia i \u015awinic Warckich\" style=\"width:100%;float:right;cursor:pointer;\" class=\"wppa-album-cover-standard album wppa-box wppa-cover-box wppa-cover-box-1\" onclick=\"wppaDoAjaxRender(event, 1, &#039;http:\/\/mariacka-lodz.com.pl\/index.php?rest_route=\/wp-photo-album-plus\/endPoint?action=wppa&wppa-action=render&wppa-size=640&occur=1&page_id=128&wppa-fromp=128&lang=pl&cache=1&album=170&cover=0&occur=1&data-alb=170&#039;, &#039;http:\/\/mariacka-lodz.com.pl\/?page_id=128&lang=pl&cache=1&album=88529eeb11f6437c&cover=0&occur=1&data-alb=170&#039; )\"><div id=\"covertext_frame_170_1\" style=\"width:459px; float:left\" class=\"wppa-text-frame-1 wppa-text-frame wppa-cover-text-frame wppa-asym-text-frame-1\"><h2 style=\"clear:none\" class=\"wppa-title\"><a title=\"View the album Pielgrzymka do Torunia, Lichenia i \u015awinic Warckich\" style=\"cursor:pointer\" class=\"wppa-title\" onclick=\"wppaDoAjaxRender(event, 1, &#039;http:\/\/mariacka-lodz.com.pl\/index.php?rest_route=\/wp-photo-album-plus\/endPoint?action=wppa&wppa-action=render&wppa-size=640&occur=1&page_id=128&wppa-fromp=128&lang=pl&cache=1&album=170&cover=0&occur=1&data-alb=170&#039;, &#039;http:\/\/mariacka-lodz.com.pl\/?page_id=128&lang=pl&cache=1&album=88529eeb11f6437c&cover=0&occur=1&data-alb=170&#039; )\">Pielgrzymka do Torunia, Lichenia i \u015awinic Warckich<\/a><\/h2><div style=\"min-height:54px;\" class=\"wppa-box-text wppa-black wppa-box-text-desc\"><\/div><div class=\"wppa-box-text wppa-black wppa-info wppa-slideshow-browse-link wppa-album-cover-link\"><a title=\"Slideshow\" style=\"cursor:pointer\" class=\"wppa-album-cover-link\" onclick=\"wppaDoAjaxRender(event, 1, &#039;http:\/\/mariacka-lodz.com.pl\/index.php?rest_route=\/wp-photo-album-plus\/endPoint?action=wppa&wppa-action=render&wppa-size=640&occur=1&page_id=128&wppa-fromp=128&lang=pl&cache=1&slide=1&occur=1&album=170&#039;, &#039;http:\/\/mariacka-lodz.com.pl\/?page_id=128&lang=pl&cache=1&slide=1&occur=1&album=88529eeb11f6437c&#039; )\">Slideshow<\/a><\/div><div class=\"wppa-box-text wppa-black wppa-info wppa-viewlink wppa-album-cover-link\"><a title=\"View the album Pielgrzymka do Torunia, Lichenia i \u015awinic Warckich\" style=\"cursor:pointer;\" class=\"wppa-album-cover-link\" onclick=\"wppaDoAjaxRender(event, 1, &#039;http:\/\/mariacka-lodz.com.pl\/index.php?rest_route=\/wp-photo-album-plus\/endPoint?action=wppa&wppa-action=render&wppa-size=640&occur=1&page_id=128&wppa-fromp=128&lang=pl&cache=1&album=170&cover=0&occur=1&data-alb=170&#039;, &#039;http:\/\/mariacka-lodz.com.pl\/?page_id=128&lang=pl&cache=1&album=88529eeb11f6437c&cover=0&occur=1&data-alb=170&#039; )\">View&nbsp;60&nbsp;photos<\/a><\/div><\/div><div id=\"coverphoto_frame_170_1\" style=\"float:right; margin-left:5px;width:160px;\" class=\"coverphoto-frame\"><div title=\" \" style=\"display:inline-block;margin:0 4px;\" onclick=\"wppaStopProp(event)\"><a title=\"View the album Pielgrzymka do Torunia, Lichenia i \u015awinic Warckich\" style=\"border:0;color:transparent;cursor:pointer;\" target=\"_self\" onclick=\"wppaDoAjaxRender(event, 1, &#039;http:\/\/mariacka-lodz.com.pl\/index.php?rest_route=\/wp-photo-album-plus\/endPoint?action=wppa&wppa-action=render&wppa-size=640&occur=1&page_id=128&wppa-fromp=128&lang=pl&cache=1&album=170&cover=0&occur=1&data-alb=170&#039;, &#039;http:\/\/mariacka-lodz.com.pl\/?page_id=128&lang=pl&cache=1&album=88529eeb11f6437c&cover=0&occur=1&data-alb=170&#039; )\"><img decoding=\"async\" style=\"border-width:0px;width:150px;height:100px;opacity:0.85;display:inline;\" src=\"http:\/\/mariacka-lodz.com.pl\/wp-content\/uploads\/wppa\/thumbs\/6820.jpg?ver=9\" alt=\"DSC_0508.JPG\" class=\"image wppa-img\" onmouseover=\"jQuery(this).fadeTo(400, 1.0)\" onmouseout=\"jQuery(this).fadeTo(400,0.85)\"><\/a><\/div><\/div><div title=\" \" onclick=\"wppaStopProp(event);\"><\/div><div style=\"clear:both;\"><\/div><\/div><div id=\"album-169-1\" title=\"View the album Grill ministrancki na zako\u0144czenie wakacji\" style=\"width:100%;float:right;cursor:pointer;\" class=\"wppa-album-cover-standard album wppa-box wppa-cover-box wppa-cover-box-1\" onclick=\"wppaDoAjaxRender(event, 1, &#039;http:\/\/mariacka-lodz.com.pl\/index.php?rest_route=\/wp-photo-album-plus\/endPoint?action=wppa&wppa-action=render&wppa-size=640&occur=1&page_id=128&wppa-fromp=128&lang=pl&cache=1&album=169&cover=0&occur=1&data-alb=169&#039;, &#039;http:\/\/mariacka-lodz.com.pl\/?page_id=128&lang=pl&cache=1&album=539b7a9e8d96c2c5&cover=0&occur=1&data-alb=169&#039; )\"><div id=\"covertext_frame_169_1\" style=\"width:459px; float:left\" class=\"wppa-text-frame-1 wppa-text-frame wppa-cover-text-frame wppa-asym-text-frame-1\"><h2 style=\"clear:none\" class=\"wppa-title\"><a title=\"View the album Grill ministrancki na zako\u0144czenie wakacji\" style=\"cursor:pointer\" class=\"wppa-title\" onclick=\"wppaDoAjaxRender(event, 1, &#039;http:\/\/mariacka-lodz.com.pl\/index.php?rest_route=\/wp-photo-album-plus\/endPoint?action=wppa&wppa-action=render&wppa-size=640&occur=1&page_id=128&wppa-fromp=128&lang=pl&cache=1&album=169&cover=0&occur=1&data-alb=169&#039;, &#039;http:\/\/mariacka-lodz.com.pl\/?page_id=128&lang=pl&cache=1&album=539b7a9e8d96c2c5&cover=0&occur=1&data-alb=169&#039; )\">Grill ministrancki na zako\u0144czenie wakacji<\/a><\/h2><div style=\"min-height:54px;\" class=\"wppa-box-text wppa-black wppa-box-text-desc\">Na zako\u0144czenie wakacji, jak co roku, ministranci naszej parafii spotkali si\u0119 na wsp\u00f3lne grillowanie.<\/div><div class=\"wppa-box-text wppa-black wppa-info wppa-slideshow-browse-link wppa-album-cover-link\"><a title=\"Slideshow\" style=\"cursor:pointer\" class=\"wppa-album-cover-link\" onclick=\"wppaDoAjaxRender(event, 1, &#039;http:\/\/mariacka-lodz.com.pl\/index.php?rest_route=\/wp-photo-album-plus\/endPoint?action=wppa&wppa-action=render&wppa-size=640&occur=1&page_id=128&wppa-fromp=128&lang=pl&cache=1&slide=1&occur=1&album=169&#039;, &#039;http:\/\/mariacka-lodz.com.pl\/?page_id=128&lang=pl&cache=1&slide=1&occur=1&album=539b7a9e8d96c2c5&#039; )\">Slideshow<\/a><\/div><div class=\"wppa-box-text wppa-black wppa-info wppa-viewlink wppa-album-cover-link\"><a title=\"View the album Grill ministrancki na zako\u0144czenie wakacji\" style=\"cursor:pointer;\" class=\"wppa-album-cover-link\" onclick=\"wppaDoAjaxRender(event, 1, &#039;http:\/\/mariacka-lodz.com.pl\/index.php?rest_route=\/wp-photo-album-plus\/endPoint?action=wppa&wppa-action=render&wppa-size=640&occur=1&page_id=128&wppa-fromp=128&lang=pl&cache=1&album=169&cover=0&occur=1&data-alb=169&#039;, &#039;http:\/\/mariacka-lodz.com.pl\/?page_id=128&lang=pl&cache=1&album=539b7a9e8d96c2c5&cover=0&occur=1&data-alb=169&#039; )\">View&nbsp;12&nbsp;photos<\/a><\/div><\/div><div id=\"coverphoto_frame_169_1\" style=\"float:right; margin-left:5px;width:160px;\" class=\"coverphoto-frame\"><div title=\" \" style=\"display:inline-block;margin:0 4px;\" onclick=\"wppaStopProp(event)\"><a title=\"View the album Grill ministrancki na zako\u0144czenie wakacji\" style=\"border:0;color:transparent;cursor:pointer;\" target=\"_self\" onclick=\"wppaDoAjaxRender(event, 1, &#039;http:\/\/mariacka-lodz.com.pl\/index.php?rest_route=\/wp-photo-album-plus\/endPoint?action=wppa&wppa-action=render&wppa-size=640&occur=1&page_id=128&wppa-fromp=128&lang=pl&cache=1&album=169&cover=0&occur=1&data-alb=169&#039;, &#039;http:\/\/mariacka-lodz.com.pl\/?page_id=128&lang=pl&cache=1&album=539b7a9e8d96c2c5&cover=0&occur=1&data-alb=169&#039; )\"><img decoding=\"async\" style=\"border-width:0px;width:150px;height:100px;opacity:0.85;display:inline;\" src=\"http:\/\/mariacka-lodz.com.pl\/wp-content\/uploads\/wppa\/thumbs\/6794.jpg?ver=9\" alt=\"DSC_0418.JPG\" class=\"image wppa-img\" onmouseover=\"jQuery(this).fadeTo(400, 1.0)\" onmouseout=\"jQuery(this).fadeTo(400,0.85)\"><\/a><\/div><\/div><div title=\" \" onclick=\"wppaStopProp(event);\"><\/div><div style=\"clear:both;\"><\/div><\/div><div id=\"album-167-1\" title=\"View the album \u015awiatowe Dni M\u0142odzie\u017cy 2016 - \u0141\u00f3d\u017a Piotrowa\" style=\"width:100%;float:right;cursor:pointer;\" class=\"wppa-album-cover-standard album wppa-box wppa-cover-box wppa-cover-box-1\" onclick=\"wppaDoAjaxRender(event, 1, &#039;http:\/\/mariacka-lodz.com.pl\/index.php?rest_route=\/wp-photo-album-plus\/endPoint?action=wppa&wppa-action=render&wppa-size=640&occur=1&page_id=128&wppa-fromp=128&lang=pl&cache=1&album=167&cover=0&occur=1&data-alb=167&#039;, &#039;http:\/\/mariacka-lodz.com.pl\/?page_id=128&lang=pl&cache=1&album=3df83e75e295dc81&cover=0&occur=1&data-alb=167&#039; )\"><div id=\"covertext_frame_167_1\" style=\"width:459px; float:left\" class=\"wppa-text-frame-1 wppa-text-frame wppa-cover-text-frame wppa-asym-text-frame-1\"><h2 style=\"clear:none\" class=\"wppa-title\"><a title=\"View the album \u015awiatowe Dni M\u0142odzie\u017cy 2016 - \u0141\u00f3d\u017a Piotrowa\" style=\"cursor:pointer\" class=\"wppa-title\" onclick=\"wppaDoAjaxRender(event, 1, &#039;http:\/\/mariacka-lodz.com.pl\/index.php?rest_route=\/wp-photo-album-plus\/endPoint?action=wppa&wppa-action=render&wppa-size=640&occur=1&page_id=128&wppa-fromp=128&lang=pl&cache=1&album=167&cover=0&occur=1&data-alb=167&#039;, &#039;http:\/\/mariacka-lodz.com.pl\/?page_id=128&lang=pl&cache=1&album=3df83e75e295dc81&cover=0&occur=1&data-alb=167&#039; )\">\u015awiatowe Dni M\u0142odzie\u017cy 2016 - \u0141\u00f3d\u017a Piotrowa<\/a><\/h2><div style=\"min-height:54px;\" class=\"wppa-box-text wppa-black wppa-box-text-desc\"><\/div><div class=\"wppa-box-text wppa-black wppa-info wppa-slideshow-browse-link wppa-album-cover-link\"><a title=\"Slideshow\" style=\"cursor:pointer\" class=\"wppa-album-cover-link\" onclick=\"wppaDoAjaxRender(event, 1, &#039;http:\/\/mariacka-lodz.com.pl\/index.php?rest_route=\/wp-photo-album-plus\/endPoint?action=wppa&wppa-action=render&wppa-size=640&occur=1&page_id=128&wppa-fromp=128&lang=pl&cache=1&slide=1&occur=1&album=167&#039;, &#039;http:\/\/mariacka-lodz.com.pl\/?page_id=128&lang=pl&cache=1&slide=1&occur=1&album=3df83e75e295dc81&#039; )\">Slideshow<\/a><\/div><div class=\"wppa-box-text wppa-black wppa-info wppa-viewlink wppa-album-cover-link\"><a title=\"View the album \u015awiatowe Dni M\u0142odzie\u017cy 2016 - \u0141\u00f3d\u017a Piotrowa\" style=\"cursor:pointer;\" class=\"wppa-album-cover-link\" onclick=\"wppaDoAjaxRender(event, 1, &#039;http:\/\/mariacka-lodz.com.pl\/index.php?rest_route=\/wp-photo-album-plus\/endPoint?action=wppa&wppa-action=render&wppa-size=640&occur=1&page_id=128&wppa-fromp=128&lang=pl&cache=1&album=167&cover=0&occur=1&data-alb=167&#039;, &#039;http:\/\/mariacka-lodz.com.pl\/?page_id=128&lang=pl&cache=1&album=3df83e75e295dc81&cover=0&occur=1&data-alb=167&#039; )\">View&nbsp;48&nbsp;photos<\/a><\/div><\/div><div id=\"coverphoto_frame_167_1\" style=\"float:right; margin-left:5px;width:160px;\" class=\"coverphoto-frame\"><div title=\" \" style=\"display:inline-block;margin:0 4px;\" onclick=\"wppaStopProp(event)\"><a title=\"View the album \u015awiatowe Dni M\u0142odzie\u017cy 2016 - \u0141\u00f3d\u017a Piotrowa\" style=\"border:0;color:transparent;cursor:pointer;\" target=\"_self\" onclick=\"wppaDoAjaxRender(event, 1, &#039;http:\/\/mariacka-lodz.com.pl\/index.php?rest_route=\/wp-photo-album-plus\/endPoint?action=wppa&wppa-action=render&wppa-size=640&occur=1&page_id=128&wppa-fromp=128&lang=pl&cache=1&album=167&cover=0&occur=1&data-alb=167&#039;, &#039;http:\/\/mariacka-lodz.com.pl\/?page_id=128&lang=pl&cache=1&album=3df83e75e295dc81&cover=0&occur=1&data-alb=167&#039; )\"><img decoding=\"async\" style=\"border-width:0px;width:150px;height:100px;opacity:0.85;display:inline;\" src=\"http:\/\/mariacka-lodz.com.pl\/wp-content\/uploads\/wppa\/thumbs\/6700.jpg?ver=9\" alt=\"Zdj\u0119cie (93).JPG\" class=\"image wppa-img\" onmouseover=\"jQuery(this).fadeTo(400, 1.0)\" onmouseout=\"jQuery(this).fadeTo(400,0.85)\"><\/a><\/div><\/div><div title=\" \" onclick=\"wppaStopProp(event);\"><\/div><div style=\"clear:both;\"><\/div><\/div><div id=\"album-166-1\" title=\"View the album Kolonie 2016 - Ustronie Morskie\" style=\"width:100%;float:right;cursor:pointer;\" class=\"wppa-album-cover-standard album wppa-box wppa-cover-box wppa-cover-box-1\" onclick=\"wppaDoAjaxRender(event, 1, &#039;http:\/\/mariacka-lodz.com.pl\/index.php?rest_route=\/wp-photo-album-plus\/endPoint?action=wppa&wppa-action=render&wppa-size=640&occur=1&page_id=128&wppa-fromp=128&lang=pl&cache=1&album=166&cover=0&occur=1&data-alb=166&#039;, &#039;http:\/\/mariacka-lodz.com.pl\/?page_id=128&lang=pl&cache=1&album=652593482582e17a&cover=0&occur=1&data-alb=166&#039; )\"><div id=\"covertext_frame_166_1\" style=\"width:459px; float:left\" class=\"wppa-text-frame-1 wppa-text-frame wppa-cover-text-frame wppa-asym-text-frame-1\"><h2 style=\"clear:none\" class=\"wppa-title\"><a title=\"View the album Kolonie 2016 - Ustronie Morskie\" style=\"cursor:pointer\" class=\"wppa-title\" onclick=\"wppaDoAjaxRender(event, 1, &#039;http:\/\/mariacka-lodz.com.pl\/index.php?rest_route=\/wp-photo-album-plus\/endPoint?action=wppa&wppa-action=render&wppa-size=640&occur=1&page_id=128&wppa-fromp=128&lang=pl&cache=1&album=166&cover=0&occur=1&data-alb=166&#039;, &#039;http:\/\/mariacka-lodz.com.pl\/?page_id=128&lang=pl&cache=1&album=652593482582e17a&cover=0&occur=1&data-alb=166&#039; )\">Kolonie 2016 - Ustronie Morskie<\/a><\/h2><div style=\"min-height:54px;\" class=\"wppa-box-text wppa-black wppa-box-text-desc\"><\/div><div class=\"wppa-box-text wppa-black wppa-info wppa-slideshow-browse-link wppa-album-cover-link\"><a title=\"Slideshow\" style=\"cursor:pointer\" class=\"wppa-album-cover-link\" onclick=\"wppaDoAjaxRender(event, 1, &#039;http:\/\/mariacka-lodz.com.pl\/index.php?rest_route=\/wp-photo-album-plus\/endPoint?action=wppa&wppa-action=render&wppa-size=640&occur=1&page_id=128&wppa-fromp=128&lang=pl&cache=1&slide=1&occur=1&album=166&#039;, &#039;http:\/\/mariacka-lodz.com.pl\/?page_id=128&lang=pl&cache=1&slide=1&occur=1&album=652593482582e17a&#039; )\">Slideshow<\/a><\/div><div class=\"wppa-box-text wppa-black wppa-info wppa-viewlink wppa-album-cover-link\"><a title=\"View the album Kolonie 2016 - Ustronie Morskie\" style=\"cursor:pointer;\" class=\"wppa-album-cover-link\" onclick=\"wppaDoAjaxRender(event, 1, &#039;http:\/\/mariacka-lodz.com.pl\/index.php?rest_route=\/wp-photo-album-plus\/endPoint?action=wppa&wppa-action=render&wppa-size=640&occur=1&page_id=128&wppa-fromp=128&lang=pl&cache=1&album=166&cover=0&occur=1&data-alb=166&#039;, &#039;http:\/\/mariacka-lodz.com.pl\/?page_id=128&lang=pl&cache=1&album=652593482582e17a&cover=0&occur=1&data-alb=166&#039; )\">View&nbsp;80&nbsp;photos<\/a><\/div><\/div><div id=\"coverphoto_frame_166_1\" style=\"float:right; margin-left:5px;width:160px;\" class=\"coverphoto-frame\"><div title=\" \" style=\"display:inline-block;margin:0 4px;\" onclick=\"wppaStopProp(event)\"><a title=\"View the album Kolonie 2016 - Ustronie Morskie\" style=\"border:0;color:transparent;cursor:pointer;\" target=\"_self\" onclick=\"wppaDoAjaxRender(event, 1, &#039;http:\/\/mariacka-lodz.com.pl\/index.php?rest_route=\/wp-photo-album-plus\/endPoint?action=wppa&wppa-action=render&wppa-size=640&occur=1&page_id=128&wppa-fromp=128&lang=pl&cache=1&album=166&cover=0&occur=1&data-alb=166&#039;, &#039;http:\/\/mariacka-lodz.com.pl\/?page_id=128&lang=pl&cache=1&album=652593482582e17a&cover=0&occur=1&data-alb=166&#039; )\"><img decoding=\"async\" style=\"border-width:0px;width:150px;height:100px;opacity:0.85;display:inline;\" src=\"http:\/\/mariacka-lodz.com.pl\/wp-content\/uploads\/wppa\/thumbs\/6619.jpg?ver=9\" alt=\"DSC_0362.JPG\" class=\"image wppa-img\" onmouseover=\"jQuery(this).fadeTo(400, 1.0)\" onmouseout=\"jQuery(this).fadeTo(400,0.85)\"><\/a><\/div><\/div><div title=\" \" onclick=\"wppaStopProp(event);\"><\/div><div style=\"clear:both;\"><\/div><\/div><div id=\"album-165-1\" title=\"View the album 27 Rocznica \u015awi\u0119ce\u0144 Kap\u0142a\u0144skich\" style=\"width:100%;float:right;cursor:pointer;\" class=\"wppa-album-cover-standard album wppa-box wppa-cover-box wppa-cover-box-1\" onclick=\"wppaDoAjaxRender(event, 1, &#039;http:\/\/mariacka-lodz.com.pl\/index.php?rest_route=\/wp-photo-album-plus\/endPoint?action=wppa&wppa-action=render&wppa-size=640&occur=1&page_id=128&wppa-fromp=128&lang=pl&cache=1&album=165&cover=0&occur=1&data-alb=165&#039;, &#039;http:\/\/mariacka-lodz.com.pl\/?page_id=128&lang=pl&cache=1&album=6df20fe50b474b03&cover=0&occur=1&data-alb=165&#039; )\"><div id=\"covertext_frame_165_1\" style=\"width:459px; float:left\" class=\"wppa-text-frame-1 wppa-text-frame wppa-cover-text-frame wppa-asym-text-frame-1\"><h2 style=\"clear:none\" class=\"wppa-title\"><a title=\"View the album 27 Rocznica \u015awi\u0119ce\u0144 Kap\u0142a\u0144skich\" style=\"cursor:pointer\" class=\"wppa-title\" onclick=\"wppaDoAjaxRender(event, 1, &#039;http:\/\/mariacka-lodz.com.pl\/index.php?rest_route=\/wp-photo-album-plus\/endPoint?action=wppa&wppa-action=render&wppa-size=640&occur=1&page_id=128&wppa-fromp=128&lang=pl&cache=1&album=165&cover=0&occur=1&data-alb=165&#039;, &#039;http:\/\/mariacka-lodz.com.pl\/?page_id=128&lang=pl&cache=1&album=6df20fe50b474b03&cover=0&occur=1&data-alb=165&#039; )\">27 Rocznica \u015awi\u0119ce\u0144 Kap\u0142a\u0144skich<\/a><\/h2><div style=\"min-height:54px;\" class=\"wppa-box-text wppa-black wppa-box-text-desc\"><\/div><div class=\"wppa-box-text wppa-black wppa-info wppa-slideshow-browse-link wppa-album-cover-link\"><a title=\"Slideshow\" style=\"cursor:pointer\" class=\"wppa-album-cover-link\" onclick=\"wppaDoAjaxRender(event, 1, &#039;http:\/\/mariacka-lodz.com.pl\/index.php?rest_route=\/wp-photo-album-plus\/endPoint?action=wppa&wppa-action=render&wppa-size=640&occur=1&page_id=128&wppa-fromp=128&lang=pl&cache=1&slide=1&occur=1&album=165&#039;, &#039;http:\/\/mariacka-lodz.com.pl\/?page_id=128&lang=pl&cache=1&slide=1&occur=1&album=6df20fe50b474b03&#039; )\">Slideshow<\/a><\/div><div class=\"wppa-box-text wppa-black wppa-info wppa-viewlink wppa-album-cover-link\"><a title=\"View the album 27 Rocznica \u015awi\u0119ce\u0144 Kap\u0142a\u0144skich\" style=\"cursor:pointer;\" class=\"wppa-album-cover-link\" onclick=\"wppaDoAjaxRender(event, 1, &#039;http:\/\/mariacka-lodz.com.pl\/index.php?rest_route=\/wp-photo-album-plus\/endPoint?action=wppa&wppa-action=render&wppa-size=640&occur=1&page_id=128&wppa-fromp=128&lang=pl&cache=1&album=165&cover=0&occur=1&data-alb=165&#039;, &#039;http:\/\/mariacka-lodz.com.pl\/?page_id=128&lang=pl&cache=1&album=6df20fe50b474b03&cover=0&occur=1&data-alb=165&#039; )\">View&nbsp;28&nbsp;photos<\/a><\/div><\/div><div id=\"coverphoto_frame_165_1\" style=\"float:right; margin-left:5px;width:160px;\" class=\"coverphoto-frame\"><div title=\" \" style=\"display:inline-block;margin:0 4px;\" onclick=\"wppaStopProp(event)\"><a title=\"View the album 27 Rocznica \u015awi\u0119ce\u0144 Kap\u0142a\u0144skich\" style=\"border:0;color:transparent;cursor:pointer;\" target=\"_self\" onclick=\"wppaDoAjaxRender(event, 1, &#039;http:\/\/mariacka-lodz.com.pl\/index.php?rest_route=\/wp-photo-album-plus\/endPoint?action=wppa&wppa-action=render&wppa-size=640&occur=1&page_id=128&wppa-fromp=128&lang=pl&cache=1&album=165&cover=0&occur=1&data-alb=165&#039;, &#039;http:\/\/mariacka-lodz.com.pl\/?page_id=128&lang=pl&cache=1&album=6df20fe50b474b03&cover=0&occur=1&data-alb=165&#039; )\"><img decoding=\"async\" style=\"border-width:0px;width:150px;height:100px;opacity:0.85;display:inline;\" src=\"http:\/\/mariacka-lodz.com.pl\/wp-content\/uploads\/wppa\/thumbs\/6591.jpg?ver=9\" alt=\"DSC_0142.JPG\" class=\"image wppa-img\" onmouseover=\"jQuery(this).fadeTo(400, 1.0)\" onmouseout=\"jQuery(this).fadeTo(400,0.85)\"><\/a><\/div><\/div><div title=\" \" onclick=\"wppaStopProp(event);\"><\/div><div style=\"clear:both;\"><\/div><\/div><div id=\"album-164-1\" title=\"View the album Grill Ministrant\u00f3w\" style=\"width:100%;float:right;cursor:pointer;\" class=\"wppa-album-cover-standard album wppa-box wppa-cover-box wppa-cover-box-1\" onclick=\"wppaDoAjaxRender(event, 1, &#039;http:\/\/mariacka-lodz.com.pl\/index.php?rest_route=\/wp-photo-album-plus\/endPoint?action=wppa&wppa-action=render&wppa-size=640&occur=1&page_id=128&wppa-fromp=128&lang=pl&cache=1&album=164&cover=0&occur=1&data-alb=164&#039;, &#039;http:\/\/mariacka-lodz.com.pl\/?page_id=128&lang=pl&cache=1&album=a0960aa75b441d59&cover=0&occur=1&data-alb=164&#039; )\"><div id=\"covertext_frame_164_1\" style=\"width:459px; float:left\" class=\"wppa-text-frame-1 wppa-text-frame wppa-cover-text-frame wppa-asym-text-frame-1\"><h2 style=\"clear:none\" class=\"wppa-title\"><a title=\"View the album Grill Ministrant\u00f3w\" style=\"cursor:pointer\" class=\"wppa-title\" onclick=\"wppaDoAjaxRender(event, 1, &#039;http:\/\/mariacka-lodz.com.pl\/index.php?rest_route=\/wp-photo-album-plus\/endPoint?action=wppa&wppa-action=render&wppa-size=640&occur=1&page_id=128&wppa-fromp=128&lang=pl&cache=1&album=164&cover=0&occur=1&data-alb=164&#039;, &#039;http:\/\/mariacka-lodz.com.pl\/?page_id=128&lang=pl&cache=1&album=a0960aa75b441d59&cover=0&occur=1&data-alb=164&#039; )\">Grill Ministrant\u00f3w<\/a><\/h2><div style=\"min-height:54px;\" class=\"wppa-box-text wppa-black wppa-box-text-desc\"><\/div><div class=\"wppa-box-text wppa-black wppa-info wppa-slideshow-browse-link wppa-album-cover-link\"><a title=\"Slideshow\" style=\"cursor:pointer\" class=\"wppa-album-cover-link\" onclick=\"wppaDoAjaxRender(event, 1, &#039;http:\/\/mariacka-lodz.com.pl\/index.php?rest_route=\/wp-photo-album-plus\/endPoint?action=wppa&wppa-action=render&wppa-size=640&occur=1&page_id=128&wppa-fromp=128&lang=pl&cache=1&slide=1&occur=1&album=164&#039;, &#039;http:\/\/mariacka-lodz.com.pl\/?page_id=128&lang=pl&cache=1&slide=1&occur=1&album=a0960aa75b441d59&#039; )\">Slideshow<\/a><\/div><div class=\"wppa-box-text wppa-black wppa-info wppa-viewlink wppa-album-cover-link\"><a title=\"View the album Grill Ministrant\u00f3w\" style=\"cursor:pointer;\" class=\"wppa-album-cover-link\" onclick=\"wppaDoAjaxRender(event, 1, &#039;http:\/\/mariacka-lodz.com.pl\/index.php?rest_route=\/wp-photo-album-plus\/endPoint?action=wppa&wppa-action=render&wppa-size=640&occur=1&page_id=128&wppa-fromp=128&lang=pl&cache=1&album=164&cover=0&occur=1&data-alb=164&#039;, &#039;http:\/\/mariacka-lodz.com.pl\/?page_id=128&lang=pl&cache=1&album=a0960aa75b441d59&cover=0&occur=1&data-alb=164&#039; )\">View&nbsp;25&nbsp;photos<\/a><\/div><\/div><div id=\"coverphoto_frame_164_1\" style=\"float:right; margin-left:5px;width:160px;\" class=\"coverphoto-frame\"><div title=\" \" style=\"display:inline-block;margin:0 4px;\" onclick=\"wppaStopProp(event)\"><a title=\"View the album Grill Ministrant\u00f3w\" style=\"border:0;color:transparent;cursor:pointer;\" target=\"_self\" onclick=\"wppaDoAjaxRender(event, 1, &#039;http:\/\/mariacka-lodz.com.pl\/index.php?rest_route=\/wp-photo-album-plus\/endPoint?action=wppa&wppa-action=render&wppa-size=640&occur=1&page_id=128&wppa-fromp=128&lang=pl&cache=1&album=164&cover=0&occur=1&data-alb=164&#039;, &#039;http:\/\/mariacka-lodz.com.pl\/?page_id=128&lang=pl&cache=1&album=a0960aa75b441d59&cover=0&occur=1&data-alb=164&#039; )\"><img decoding=\"async\" style=\"border-width:0px;width:150px;height:100px;opacity:0.85;display:inline;\" src=\"http:\/\/mariacka-lodz.com.pl\/wp-content\/uploads\/wppa\/thumbs\/6566.jpg?ver=9\" alt=\"DSC_0986.JPG\" class=\"image wppa-img\" onmouseover=\"jQuery(this).fadeTo(400, 1.0)\" onmouseout=\"jQuery(this).fadeTo(400,0.85)\"><\/a><\/div><\/div><div title=\" \" onclick=\"wppaStopProp(event);\"><\/div><div style=\"clear:both;\"><\/div><\/div><div id=\"album-163-1\" title=\"View the album Bo\u017ce Cia\u0142o 2016\" style=\"width:100%;float:right;cursor:pointer;\" class=\"wppa-album-cover-standard album wppa-box wppa-cover-box wppa-cover-box-1\" onclick=\"wppaDoAjaxRender(event, 1, &#039;http:\/\/mariacka-lodz.com.pl\/index.php?rest_route=\/wp-photo-album-plus\/endPoint?action=wppa&wppa-action=render&wppa-size=640&occur=1&page_id=128&wppa-fromp=128&lang=pl&cache=1&album=163&cover=0&occur=1&data-alb=163&#039;, &#039;http:\/\/mariacka-lodz.com.pl\/?page_id=128&lang=pl&cache=1&album=17be03cb8ae23685&cover=0&occur=1&data-alb=163&#039; )\"><div id=\"covertext_frame_163_1\" style=\"width:459px; float:left\" class=\"wppa-text-frame-1 wppa-text-frame wppa-cover-text-frame wppa-asym-text-frame-1\"><h2 style=\"clear:none\" class=\"wppa-title\"><a title=\"View the album Bo\u017ce Cia\u0142o 2016\" style=\"cursor:pointer\" class=\"wppa-title\" onclick=\"wppaDoAjaxRender(event, 1, &#039;http:\/\/mariacka-lodz.com.pl\/index.php?rest_route=\/wp-photo-album-plus\/endPoint?action=wppa&wppa-action=render&wppa-size=640&occur=1&page_id=128&wppa-fromp=128&lang=pl&cache=1&album=163&cover=0&occur=1&data-alb=163&#039;, &#039;http:\/\/mariacka-lodz.com.pl\/?page_id=128&lang=pl&cache=1&album=17be03cb8ae23685&cover=0&occur=1&data-alb=163&#039; )\">Bo\u017ce Cia\u0142o 2016<\/a><\/h2><div style=\"min-height:54px;\" class=\"wppa-box-text wppa-black wppa-box-text-desc\"><\/div><div class=\"wppa-box-text wppa-black wppa-info wppa-slideshow-browse-link wppa-album-cover-link\"><a title=\"Slideshow\" style=\"cursor:pointer\" class=\"wppa-album-cover-link\" onclick=\"wppaDoAjaxRender(event, 1, &#039;http:\/\/mariacka-lodz.com.pl\/index.php?rest_route=\/wp-photo-album-plus\/endPoint?action=wppa&wppa-action=render&wppa-size=640&occur=1&page_id=128&wppa-fromp=128&lang=pl&cache=1&slide=1&occur=1&album=163&#039;, &#039;http:\/\/mariacka-lodz.com.pl\/?page_id=128&lang=pl&cache=1&slide=1&occur=1&album=17be03cb8ae23685&#039; )\">Slideshow<\/a><\/div><div class=\"wppa-box-text wppa-black wppa-info wppa-viewlink wppa-album-cover-link\"><a title=\"View the album Bo\u017ce Cia\u0142o 2016\" style=\"cursor:pointer;\" class=\"wppa-album-cover-link\" onclick=\"wppaDoAjaxRender(event, 1, &#039;http:\/\/mariacka-lodz.com.pl\/index.php?rest_route=\/wp-photo-album-plus\/endPoint?action=wppa&wppa-action=render&wppa-size=640&occur=1&page_id=128&wppa-fromp=128&lang=pl&cache=1&album=163&cover=0&occur=1&data-alb=163&#039;, &#039;http:\/\/mariacka-lodz.com.pl\/?page_id=128&lang=pl&cache=1&album=17be03cb8ae23685&cover=0&occur=1&data-alb=163&#039; )\">View&nbsp;47&nbsp;photos<\/a><\/div><\/div><div id=\"coverphoto_frame_163_1\" style=\"float:right; margin-left:5px;width:160px;\" class=\"coverphoto-frame\"><div title=\" \" style=\"display:inline-block;margin:0 4px;\" onclick=\"wppaStopProp(event)\"><a title=\"View the album Bo\u017ce Cia\u0142o 2016\" style=\"border:0;color:transparent;cursor:pointer;\" target=\"_self\" onclick=\"wppaDoAjaxRender(event, 1, &#039;http:\/\/mariacka-lodz.com.pl\/index.php?rest_route=\/wp-photo-album-plus\/endPoint?action=wppa&wppa-action=render&wppa-size=640&occur=1&page_id=128&wppa-fromp=128&lang=pl&cache=1&album=163&cover=0&occur=1&data-alb=163&#039;, &#039;http:\/\/mariacka-lodz.com.pl\/?page_id=128&lang=pl&cache=1&album=17be03cb8ae23685&cover=0&occur=1&data-alb=163&#039; )\"><img decoding=\"async\" style=\"border-width:0px;width:150px;height:100px;opacity:0.85;display:inline;\" src=\"http:\/\/mariacka-lodz.com.pl\/wp-content\/uploads\/wppa\/thumbs\/6519.jpg?ver=9\" alt=\"DSC_0756.JPG\" class=\"image wppa-img\" onmouseover=\"jQuery(this).fadeTo(400, 1.0)\" onmouseout=\"jQuery(this).fadeTo(400,0.85)\"><\/a><\/div><\/div><div title=\" \" onclick=\"wppaStopProp(event);\"><\/div><div style=\"clear:both;\"><\/div><\/div><div id=\"album-162-1\" title=\"View the album I Komunia \u015awi\u0119ta\" style=\"width:100%;float:right;cursor:pointer;\" class=\"wppa-album-cover-standard album wppa-box wppa-cover-box wppa-cover-box-1\" onclick=\"wppaDoAjaxRender(event, 1, &#039;http:\/\/mariacka-lodz.com.pl\/index.php?rest_route=\/wp-photo-album-plus\/endPoint?action=wppa&wppa-action=render&wppa-size=640&occur=1&page_id=128&wppa-fromp=128&lang=pl&cache=1&album=162&cover=0&occur=1&data-alb=162&#039;, &#039;http:\/\/mariacka-lodz.com.pl\/?page_id=128&lang=pl&cache=1&album=1429fa4a0369f61c&cover=0&occur=1&data-alb=162&#039; )\"><div id=\"covertext_frame_162_1\" style=\"width:459px; float:left\" class=\"wppa-text-frame-1 wppa-text-frame wppa-cover-text-frame wppa-asym-text-frame-1\"><h2 style=\"clear:none\" class=\"wppa-title\"><a title=\"View the album I Komunia \u015awi\u0119ta\" style=\"cursor:pointer\" class=\"wppa-title\" onclick=\"wppaDoAjaxRender(event, 1, &#039;http:\/\/mariacka-lodz.com.pl\/index.php?rest_route=\/wp-photo-album-plus\/endPoint?action=wppa&wppa-action=render&wppa-size=640&occur=1&page_id=128&wppa-fromp=128&lang=pl&cache=1&album=162&cover=0&occur=1&data-alb=162&#039;, &#039;http:\/\/mariacka-lodz.com.pl\/?page_id=128&lang=pl&cache=1&album=1429fa4a0369f61c&cover=0&occur=1&data-alb=162&#039; )\">I Komunia \u015awi\u0119ta<\/a><\/h2><div style=\"min-height:54px;\" class=\"wppa-box-text wppa-black wppa-box-text-desc\"><\/div><div class=\"wppa-box-text wppa-black wppa-info wppa-slideshow-browse-link wppa-album-cover-link\"><a title=\"Slideshow\" style=\"cursor:pointer\" class=\"wppa-album-cover-link\" onclick=\"wppaDoAjaxRender(event, 1, &#039;http:\/\/mariacka-lodz.com.pl\/index.php?rest_route=\/wp-photo-album-plus\/endPoint?action=wppa&wppa-action=render&wppa-size=640&occur=1&page_id=128&wppa-fromp=128&lang=pl&cache=1&slide=1&occur=1&album=162&#039;, &#039;http:\/\/mariacka-lodz.com.pl\/?page_id=128&lang=pl&cache=1&slide=1&occur=1&album=1429fa4a0369f61c&#039; )\">Slideshow<\/a><\/div><div class=\"wppa-box-text wppa-black wppa-info wppa-viewlink wppa-album-cover-link\"><a title=\"View the album I Komunia \u015awi\u0119ta\" style=\"cursor:pointer;\" class=\"wppa-album-cover-link\" onclick=\"wppaDoAjaxRender(event, 1, &#039;http:\/\/mariacka-lodz.com.pl\/index.php?rest_route=\/wp-photo-album-plus\/endPoint?action=wppa&wppa-action=render&wppa-size=640&occur=1&page_id=128&wppa-fromp=128&lang=pl&cache=1&album=162&cover=0&occur=1&data-alb=162&#039;, &#039;http:\/\/mariacka-lodz.com.pl\/?page_id=128&lang=pl&cache=1&album=1429fa4a0369f61c&cover=0&occur=1&data-alb=162&#039; )\">View&nbsp;25&nbsp;photos<\/a><\/div><\/div><div id=\"coverphoto_frame_162_1\" style=\"float:right; margin-left:5px;width:160px;\" class=\"coverphoto-frame\"><div title=\" \" style=\"display:inline-block;margin:0 4px;\" onclick=\"wppaStopProp(event)\"><a title=\"View the album I Komunia \u015awi\u0119ta\" style=\"border:0;color:transparent;cursor:pointer;\" target=\"_self\" onclick=\"wppaDoAjaxRender(event, 1, &#039;http:\/\/mariacka-lodz.com.pl\/index.php?rest_route=\/wp-photo-album-plus\/endPoint?action=wppa&wppa-action=render&wppa-size=640&occur=1&page_id=128&wppa-fromp=128&lang=pl&cache=1&album=162&cover=0&occur=1&data-alb=162&#039;, &#039;http:\/\/mariacka-lodz.com.pl\/?page_id=128&lang=pl&cache=1&album=1429fa4a0369f61c&cover=0&occur=1&data-alb=162&#039; )\"><img decoding=\"async\" style=\"border-width:0px;width:150px;height:100px;opacity:0.85;display:inline;\" src=\"http:\/\/mariacka-lodz.com.pl\/wp-content\/uploads\/wppa\/thumbs\/6494.jpg?ver=9\" alt=\"DSC_0242.JPG\" class=\"image wppa-img\" onmouseover=\"jQuery(this).fadeTo(400, 1.0)\" onmouseout=\"jQuery(this).fadeTo(400,0.85)\"><\/a><\/div><\/div><div title=\" \" onclick=\"wppaStopProp(event);\"><\/div><div style=\"clear:both;\"><\/div><\/div><div id=\"album-161-1\" title=\"View the album Pielgrzymka do Cz\u0119stochowy\" style=\"width:100%;float:right;cursor:pointer;\" class=\"wppa-album-cover-standard album wppa-box wppa-cover-box wppa-cover-box-1\" onclick=\"wppaDoAjaxRender(event, 1, &#039;http:\/\/mariacka-lodz.com.pl\/index.php?rest_route=\/wp-photo-album-plus\/endPoint?action=wppa&wppa-action=render&wppa-size=640&occur=1&page_id=128&wppa-fromp=128&lang=pl&cache=1&album=161&cover=0&occur=1&data-alb=161&#039;, &#039;http:\/\/mariacka-lodz.com.pl\/?page_id=128&lang=pl&cache=1&album=868e4a378ce315f4&cover=0&occur=1&data-alb=161&#039; )\"><div id=\"covertext_frame_161_1\" style=\"width:459px; float:left\" class=\"wppa-text-frame-1 wppa-text-frame wppa-cover-text-frame wppa-asym-text-frame-1\"><h2 style=\"clear:none\" class=\"wppa-title\"><a title=\"View the album Pielgrzymka do Cz\u0119stochowy\" style=\"cursor:pointer\" class=\"wppa-title\" onclick=\"wppaDoAjaxRender(event, 1, &#039;http:\/\/mariacka-lodz.com.pl\/index.php?rest_route=\/wp-photo-album-plus\/endPoint?action=wppa&wppa-action=render&wppa-size=640&occur=1&page_id=128&wppa-fromp=128&lang=pl&cache=1&album=161&cover=0&occur=1&data-alb=161&#039;, &#039;http:\/\/mariacka-lodz.com.pl\/?page_id=128&lang=pl&cache=1&album=868e4a378ce315f4&cover=0&occur=1&data-alb=161&#039; )\">Pielgrzymka do Cz\u0119stochowy<\/a><\/h2><div style=\"min-height:54px;\" class=\"wppa-box-text wppa-black wppa-box-text-desc\"><\/div><div class=\"wppa-box-text wppa-black wppa-info wppa-slideshow-browse-link wppa-album-cover-link\"><a title=\"Slideshow\" style=\"cursor:pointer\" class=\"wppa-album-cover-link\" onclick=\"wppaDoAjaxRender(event, 1, &#039;http:\/\/mariacka-lodz.com.pl\/index.php?rest_route=\/wp-photo-album-plus\/endPoint?action=wppa&wppa-action=render&wppa-size=640&occur=1&page_id=128&wppa-fromp=128&lang=pl&cache=1&slide=1&occur=1&album=161&#039;, &#039;http:\/\/mariacka-lodz.com.pl\/?page_id=128&lang=pl&cache=1&slide=1&occur=1&album=868e4a378ce315f4&#039; )\">Slideshow<\/a><\/div><div class=\"wppa-box-text wppa-black wppa-info wppa-viewlink wppa-album-cover-link\"><a title=\"View the album Pielgrzymka do Cz\u0119stochowy\" style=\"cursor:pointer;\" class=\"wppa-album-cover-link\" onclick=\"wppaDoAjaxRender(event, 1, &#039;http:\/\/mariacka-lodz.com.pl\/index.php?rest_route=\/wp-photo-album-plus\/endPoint?action=wppa&wppa-action=render&wppa-size=640&occur=1&page_id=128&wppa-fromp=128&lang=pl&cache=1&album=161&cover=0&occur=1&data-alb=161&#039;, &#039;http:\/\/mariacka-lodz.com.pl\/?page_id=128&lang=pl&cache=1&album=868e4a378ce315f4&cover=0&occur=1&data-alb=161&#039; )\">View&nbsp;37&nbsp;photos<\/a><\/div><\/div><div id=\"coverphoto_frame_161_1\" style=\"float:right; margin-left:5px;width:160px;\" class=\"coverphoto-frame\"><div title=\" \" style=\"display:inline-block;margin:0 4px;\" onclick=\"wppaStopProp(event)\"><a title=\"View the album Pielgrzymka do Cz\u0119stochowy\" style=\"border:0;color:transparent;cursor:pointer;\" target=\"_self\" onclick=\"wppaDoAjaxRender(event, 1, &#039;http:\/\/mariacka-lodz.com.pl\/index.php?rest_route=\/wp-photo-album-plus\/endPoint?action=wppa&wppa-action=render&wppa-size=640&occur=1&page_id=128&wppa-fromp=128&lang=pl&cache=1&album=161&cover=0&occur=1&data-alb=161&#039;, &#039;http:\/\/mariacka-lodz.com.pl\/?page_id=128&lang=pl&cache=1&album=868e4a378ce315f4&cover=0&occur=1&data-alb=161&#039; )\"><img decoding=\"async\" style=\"border-width:0px;width:150px;height:100px;opacity:0.85;display:inline;\" src=\"http:\/\/mariacka-lodz.com.pl\/wp-content\/uploads\/wppa\/thumbs\/6457.jpg?ver=9\" alt=\"DSC_0427.JPG\" class=\"image wppa-img\" onmouseover=\"jQuery(this).fadeTo(400, 1.0)\" onmouseout=\"jQuery(this).fadeTo(400,0.85)\"><\/a><\/div><\/div><div title=\" \" onclick=\"wppaStopProp(event);\"><\/div><div style=\"clear:both;\"><\/div><\/div><div id=\"album-160-1\" title=\"View the album Ks. Bp Ireneusz P\u0119kalski - Wielkanoc 2016\" style=\"width:100%;float:right;cursor:pointer;\" class=\"wppa-album-cover-standard album wppa-box wppa-cover-box wppa-cover-box-1\" onclick=\"wppaDoAjaxRender(event, 1, &#039;http:\/\/mariacka-lodz.com.pl\/index.php?rest_route=\/wp-photo-album-plus\/endPoint?action=wppa&wppa-action=render&wppa-size=640&occur=1&page_id=128&wppa-fromp=128&lang=pl&cache=1&album=160&cover=0&occur=1&data-alb=160&#039;, &#039;http:\/\/mariacka-lodz.com.pl\/?page_id=128&lang=pl&cache=1&album=09bb5d0dda4407e6&cover=0&occur=1&data-alb=160&#039; )\"><div id=\"covertext_frame_160_1\" style=\"width:459px; float:left\" class=\"wppa-text-frame-1 wppa-text-frame wppa-cover-text-frame wppa-asym-text-frame-1\"><h2 style=\"clear:none\" class=\"wppa-title\"><a title=\"View the album Ks. Bp Ireneusz P\u0119kalski - Wielkanoc 2016\" style=\"cursor:pointer\" class=\"wppa-title\" onclick=\"wppaDoAjaxRender(event, 1, &#039;http:\/\/mariacka-lodz.com.pl\/index.php?rest_route=\/wp-photo-album-plus\/endPoint?action=wppa&wppa-action=render&wppa-size=640&occur=1&page_id=128&wppa-fromp=128&lang=pl&cache=1&album=160&cover=0&occur=1&data-alb=160&#039;, &#039;http:\/\/mariacka-lodz.com.pl\/?page_id=128&lang=pl&cache=1&album=09bb5d0dda4407e6&cover=0&occur=1&data-alb=160&#039; )\">Ks. Bp Ireneusz P\u0119kalski - Wielkanoc 2016<\/a><\/h2><div style=\"min-height:54px;\" class=\"wppa-box-text wppa-black wppa-box-text-desc\"><\/div><div class=\"wppa-box-text wppa-black wppa-info wppa-slideshow-browse-link wppa-album-cover-link\"><a title=\"Slideshow\" style=\"cursor:pointer\" class=\"wppa-album-cover-link\" onclick=\"wppaDoAjaxRender(event, 1, &#039;http:\/\/mariacka-lodz.com.pl\/index.php?rest_route=\/wp-photo-album-plus\/endPoint?action=wppa&wppa-action=render&wppa-size=640&occur=1&page_id=128&wppa-fromp=128&lang=pl&cache=1&slide=1&occur=1&album=160&#039;, &#039;http:\/\/mariacka-lodz.com.pl\/?page_id=128&lang=pl&cache=1&slide=1&occur=1&album=09bb5d0dda4407e6&#039; )\">Slideshow<\/a><\/div><div class=\"wppa-box-text wppa-black wppa-info wppa-viewlink wppa-album-cover-link\"><a title=\"View the album Ks. Bp Ireneusz P\u0119kalski - Wielkanoc 2016\" style=\"cursor:pointer;\" class=\"wppa-album-cover-link\" onclick=\"wppaDoAjaxRender(event, 1, &#039;http:\/\/mariacka-lodz.com.pl\/index.php?rest_route=\/wp-photo-album-plus\/endPoint?action=wppa&wppa-action=render&wppa-size=640&occur=1&page_id=128&wppa-fromp=128&lang=pl&cache=1&album=160&cover=0&occur=1&data-alb=160&#039;, &#039;http:\/\/mariacka-lodz.com.pl\/?page_id=128&lang=pl&cache=1&album=09bb5d0dda4407e6&cover=0&occur=1&data-alb=160&#039; )\">View&nbsp;13&nbsp;photos<\/a><\/div><\/div><div id=\"coverphoto_frame_160_1\" style=\"float:right; margin-left:5px;width:160px;\" class=\"coverphoto-frame\"><div title=\" \" style=\"display:inline-block;margin:0 4px;\" onclick=\"wppaStopProp(event)\"><a title=\"View the album Ks. Bp Ireneusz P\u0119kalski - Wielkanoc 2016\" style=\"border:0;color:transparent;cursor:pointer;\" target=\"_self\" onclick=\"wppaDoAjaxRender(event, 1, &#039;http:\/\/mariacka-lodz.com.pl\/index.php?rest_route=\/wp-photo-album-plus\/endPoint?action=wppa&wppa-action=render&wppa-size=640&occur=1&page_id=128&wppa-fromp=128&lang=pl&cache=1&album=160&cover=0&occur=1&data-alb=160&#039;, &#039;http:\/\/mariacka-lodz.com.pl\/?page_id=128&lang=pl&cache=1&album=09bb5d0dda4407e6&cover=0&occur=1&data-alb=160&#039; )\"><img decoding=\"async\" style=\"border-width:0px;width:150px;height:100px;opacity:0.85;display:inline;\" src=\"http:\/\/mariacka-lodz.com.pl\/wp-content\/uploads\/wppa\/thumbs\/6438.jpg?ver=9\" alt=\"13.JPG\" class=\"image wppa-img\" onmouseover=\"jQuery(this).fadeTo(400, 1.0)\" onmouseout=\"jQuery(this).fadeTo(400,0.85)\"><\/a><\/div><\/div><div title=\" \" onclick=\"wppaStopProp(event);\"><\/div><div style=\"clear:both;\"><\/div><\/div><div id=\"album-159-1\" title=\"View the album Rezurekcja 2016\" style=\"width:100%;float:right;cursor:pointer;\" class=\"wppa-album-cover-standard album wppa-box wppa-cover-box wppa-cover-box-1\" onclick=\"wppaDoAjaxRender(event, 1, &#039;http:\/\/mariacka-lodz.com.pl\/index.php?rest_route=\/wp-photo-album-plus\/endPoint?action=wppa&wppa-action=render&wppa-size=640&occur=1&page_id=128&wppa-fromp=128&lang=pl&cache=1&album=159&cover=0&occur=1&data-alb=159&#039;, &#039;http:\/\/mariacka-lodz.com.pl\/?page_id=128&lang=pl&cache=1&album=5afc894117c997ed&cover=0&occur=1&data-alb=159&#039; )\"><div id=\"covertext_frame_159_1\" style=\"width:459px; float:left\" class=\"wppa-text-frame-1 wppa-text-frame wppa-cover-text-frame wppa-asym-text-frame-1\"><h2 style=\"clear:none\" class=\"wppa-title\"><a title=\"View the album Rezurekcja 2016\" style=\"cursor:pointer\" class=\"wppa-title\" onclick=\"wppaDoAjaxRender(event, 1, &#039;http:\/\/mariacka-lodz.com.pl\/index.php?rest_route=\/wp-photo-album-plus\/endPoint?action=wppa&wppa-action=render&wppa-size=640&occur=1&page_id=128&wppa-fromp=128&lang=pl&cache=1&album=159&cover=0&occur=1&data-alb=159&#039;, &#039;http:\/\/mariacka-lodz.com.pl\/?page_id=128&lang=pl&cache=1&album=5afc894117c997ed&cover=0&occur=1&data-alb=159&#039; )\">Rezurekcja 2016<\/a><\/h2><div style=\"min-height:54px;\" class=\"wppa-box-text wppa-black wppa-box-text-desc\"><\/div><div class=\"wppa-box-text wppa-black wppa-info wppa-slideshow-browse-link wppa-album-cover-link\"><a title=\"Slideshow\" style=\"cursor:pointer\" class=\"wppa-album-cover-link\" onclick=\"wppaDoAjaxRender(event, 1, &#039;http:\/\/mariacka-lodz.com.pl\/index.php?rest_route=\/wp-photo-album-plus\/endPoint?action=wppa&wppa-action=render&wppa-size=640&occur=1&page_id=128&wppa-fromp=128&lang=pl&cache=1&slide=1&occur=1&album=159&#039;, &#039;http:\/\/mariacka-lodz.com.pl\/?page_id=128&lang=pl&cache=1&slide=1&occur=1&album=5afc894117c997ed&#039; )\">Slideshow<\/a><\/div><div class=\"wppa-box-text wppa-black wppa-info wppa-viewlink wppa-album-cover-link\"><a title=\"View the album Rezurekcja 2016\" style=\"cursor:pointer;\" class=\"wppa-album-cover-link\" onclick=\"wppaDoAjaxRender(event, 1, &#039;http:\/\/mariacka-lodz.com.pl\/index.php?rest_route=\/wp-photo-album-plus\/endPoint?action=wppa&wppa-action=render&wppa-size=640&occur=1&page_id=128&wppa-fromp=128&lang=pl&cache=1&album=159&cover=0&occur=1&data-alb=159&#039;, &#039;http:\/\/mariacka-lodz.com.pl\/?page_id=128&lang=pl&cache=1&album=5afc894117c997ed&cover=0&occur=1&data-alb=159&#039; )\">View&nbsp;34&nbsp;photos<\/a><\/div><\/div><div id=\"coverphoto_frame_159_1\" style=\"float:right; margin-left:5px;width:160px;\" class=\"coverphoto-frame\"><div title=\" \" style=\"display:inline-block;margin:0 4px;\" onclick=\"wppaStopProp(event)\"><a title=\"View the album Rezurekcja 2016\" style=\"border:0;color:transparent;cursor:pointer;\" target=\"_self\" onclick=\"wppaDoAjaxRender(event, 1, &#039;http:\/\/mariacka-lodz.com.pl\/index.php?rest_route=\/wp-photo-album-plus\/endPoint?action=wppa&wppa-action=render&wppa-size=640&occur=1&page_id=128&wppa-fromp=128&lang=pl&cache=1&album=159&cover=0&occur=1&data-alb=159&#039;, &#039;http:\/\/mariacka-lodz.com.pl\/?page_id=128&lang=pl&cache=1&album=5afc894117c997ed&cover=0&occur=1&data-alb=159&#039; )\"><img decoding=\"async\" style=\"border-width:0px;width:150px;height:100px;opacity:0.85;display:inline;\" src=\"http:\/\/mariacka-lodz.com.pl\/wp-content\/uploads\/wppa\/thumbs\/6410.jpg?ver=9\" alt=\"DSC_0876.JPG\" class=\"image wppa-img\" onmouseover=\"jQuery(this).fadeTo(400, 1.0)\" onmouseout=\"jQuery(this).fadeTo(400,0.85)\"><\/a><\/div><\/div><div title=\" \" onclick=\"wppaStopProp(event);\"><\/div><div style=\"clear:both;\"><\/div><\/div><div id=\"album-158-1\" title=\"View the album Wielka Sobota 2016\" style=\"width:100%;float:right;cursor:pointer;\" class=\"wppa-album-cover-standard album wppa-box wppa-cover-box wppa-cover-box-1\" onclick=\"wppaDoAjaxRender(event, 1, &#039;http:\/\/mariacka-lodz.com.pl\/index.php?rest_route=\/wp-photo-album-plus\/endPoint?action=wppa&wppa-action=render&wppa-size=640&occur=1&page_id=128&wppa-fromp=128&lang=pl&cache=1&album=158&cover=0&occur=1&data-alb=158&#039;, &#039;http:\/\/mariacka-lodz.com.pl\/?page_id=128&lang=pl&cache=1&album=f32dbe218fd6aeed&cover=0&occur=1&data-alb=158&#039; )\"><div id=\"covertext_frame_158_1\" style=\"width:459px; float:left\" class=\"wppa-text-frame-1 wppa-text-frame wppa-cover-text-frame wppa-asym-text-frame-1\"><h2 style=\"clear:none\" class=\"wppa-title\"><a title=\"View the album Wielka Sobota 2016\" style=\"cursor:pointer\" class=\"wppa-title\" onclick=\"wppaDoAjaxRender(event, 1, &#039;http:\/\/mariacka-lodz.com.pl\/index.php?rest_route=\/wp-photo-album-plus\/endPoint?action=wppa&wppa-action=render&wppa-size=640&occur=1&page_id=128&wppa-fromp=128&lang=pl&cache=1&album=158&cover=0&occur=1&data-alb=158&#039;, &#039;http:\/\/mariacka-lodz.com.pl\/?page_id=128&lang=pl&cache=1&album=f32dbe218fd6aeed&cover=0&occur=1&data-alb=158&#039; )\">Wielka Sobota 2016<\/a><\/h2><div style=\"min-height:54px;\" class=\"wppa-box-text wppa-black wppa-box-text-desc\"><\/div><div class=\"wppa-box-text wppa-black wppa-info wppa-slideshow-browse-link wppa-album-cover-link\"><a title=\"Slideshow\" style=\"cursor:pointer\" class=\"wppa-album-cover-link\" onclick=\"wppaDoAjaxRender(event, 1, &#039;http:\/\/mariacka-lodz.com.pl\/index.php?rest_route=\/wp-photo-album-plus\/endPoint?action=wppa&wppa-action=render&wppa-size=640&occur=1&page_id=128&wppa-fromp=128&lang=pl&cache=1&slide=1&occur=1&album=158&#039;, &#039;http:\/\/mariacka-lodz.com.pl\/?page_id=128&lang=pl&cache=1&slide=1&occur=1&album=f32dbe218fd6aeed&#039; )\">Slideshow<\/a><\/div><div class=\"wppa-box-text wppa-black wppa-info wppa-viewlink wppa-album-cover-link\"><a title=\"View the album Wielka Sobota 2016\" style=\"cursor:pointer;\" class=\"wppa-album-cover-link\" onclick=\"wppaDoAjaxRender(event, 1, &#039;http:\/\/mariacka-lodz.com.pl\/index.php?rest_route=\/wp-photo-album-plus\/endPoint?action=wppa&wppa-action=render&wppa-size=640&occur=1&page_id=128&wppa-fromp=128&lang=pl&cache=1&album=158&cover=0&occur=1&data-alb=158&#039;, &#039;http:\/\/mariacka-lodz.com.pl\/?page_id=128&lang=pl&cache=1&album=f32dbe218fd6aeed&cover=0&occur=1&data-alb=158&#039; )\">View&nbsp;40&nbsp;photos<\/a><\/div><\/div><div id=\"coverphoto_frame_158_1\" style=\"float:right; margin-left:5px;width:160px;\" class=\"coverphoto-frame\"><div title=\" \" style=\"display:inline-block;margin:0 4px;\" onclick=\"wppaStopProp(event)\"><a title=\"View the album Wielka Sobota 2016\" style=\"border:0;color:transparent;cursor:pointer;\" target=\"_self\" onclick=\"wppaDoAjaxRender(event, 1, &#039;http:\/\/mariacka-lodz.com.pl\/index.php?rest_route=\/wp-photo-album-plus\/endPoint?action=wppa&wppa-action=render&wppa-size=640&occur=1&page_id=128&wppa-fromp=128&lang=pl&cache=1&album=158&cover=0&occur=1&data-alb=158&#039;, &#039;http:\/\/mariacka-lodz.com.pl\/?page_id=128&lang=pl&cache=1&album=f32dbe218fd6aeed&cover=0&occur=1&data-alb=158&#039; )\"><img decoding=\"async\" style=\"border-width:0px;width:150px;height:100px;opacity:0.85;display:inline;\" src=\"http:\/\/mariacka-lodz.com.pl\/wp-content\/uploads\/wppa\/thumbs\/6370.jpg?ver=9\" alt=\"DSC_0607.JPG\" class=\"image wppa-img\" onmouseover=\"jQuery(this).fadeTo(400, 1.0)\" onmouseout=\"jQuery(this).fadeTo(400,0.85)\"><\/a><\/div><\/div><div title=\" \" onclick=\"wppaStopProp(event);\"><\/div><div style=\"clear:both;\"><\/div><\/div><div id=\"album-157-1\" title=\"View the album \u015awi\u0119cenie pokarm\u00f3w dla dzieci 2016\" style=\"width:100%;float:right;cursor:pointer;\" class=\"wppa-album-cover-standard album wppa-box wppa-cover-box wppa-cover-box-1\" onclick=\"wppaDoAjaxRender(event, 1, &#039;http:\/\/mariacka-lodz.com.pl\/index.php?rest_route=\/wp-photo-album-plus\/endPoint?action=wppa&wppa-action=render&wppa-size=640&occur=1&page_id=128&wppa-fromp=128&lang=pl&cache=1&album=157&cover=0&occur=1&data-alb=157&#039;, &#039;http:\/\/mariacka-lodz.com.pl\/?page_id=128&lang=pl&cache=1&album=0cccd4725687d43b&cover=0&occur=1&data-alb=157&#039; )\"><div id=\"covertext_frame_157_1\" style=\"width:459px; float:left\" class=\"wppa-text-frame-1 wppa-text-frame wppa-cover-text-frame wppa-asym-text-frame-1\"><h2 style=\"clear:none\" class=\"wppa-title\"><a title=\"View the album \u015awi\u0119cenie pokarm\u00f3w dla dzieci 2016\" style=\"cursor:pointer\" class=\"wppa-title\" onclick=\"wppaDoAjaxRender(event, 1, &#039;http:\/\/mariacka-lodz.com.pl\/index.php?rest_route=\/wp-photo-album-plus\/endPoint?action=wppa&wppa-action=render&wppa-size=640&occur=1&page_id=128&wppa-fromp=128&lang=pl&cache=1&album=157&cover=0&occur=1&data-alb=157&#039;, &#039;http:\/\/mariacka-lodz.com.pl\/?page_id=128&lang=pl&cache=1&album=0cccd4725687d43b&cover=0&occur=1&data-alb=157&#039; )\">\u015awi\u0119cenie pokarm\u00f3w dla dzieci 2016<\/a><\/h2><div style=\"min-height:54px;\" class=\"wppa-box-text wppa-black wppa-box-text-desc\"><\/div><div class=\"wppa-box-text wppa-black wppa-info wppa-slideshow-browse-link wppa-album-cover-link\"><a title=\"Slideshow\" style=\"cursor:pointer\" class=\"wppa-album-cover-link\" onclick=\"wppaDoAjaxRender(event, 1, &#039;http:\/\/mariacka-lodz.com.pl\/index.php?rest_route=\/wp-photo-album-plus\/endPoint?action=wppa&wppa-action=render&wppa-size=640&occur=1&page_id=128&wppa-fromp=128&lang=pl&cache=1&slide=1&occur=1&album=157&#039;, &#039;http:\/\/mariacka-lodz.com.pl\/?page_id=128&lang=pl&cache=1&slide=1&occur=1&album=0cccd4725687d43b&#039; )\">Slideshow<\/a><\/div><div class=\"wppa-box-text wppa-black wppa-info wppa-viewlink wppa-album-cover-link\"><a title=\"View the album \u015awi\u0119cenie pokarm\u00f3w dla dzieci 2016\" style=\"cursor:pointer;\" class=\"wppa-album-cover-link\" onclick=\"wppaDoAjaxRender(event, 1, &#039;http:\/\/mariacka-lodz.com.pl\/index.php?rest_route=\/wp-photo-album-plus\/endPoint?action=wppa&wppa-action=render&wppa-size=640&occur=1&page_id=128&wppa-fromp=128&lang=pl&cache=1&album=157&cover=0&occur=1&data-alb=157&#039;, &#039;http:\/\/mariacka-lodz.com.pl\/?page_id=128&lang=pl&cache=1&album=0cccd4725687d43b&cover=0&occur=1&data-alb=157&#039; )\">View&nbsp;24&nbsp;photos<\/a><\/div><\/div><div id=\"coverphoto_frame_157_1\" style=\"float:right; margin-left:5px;width:160px;\" class=\"coverphoto-frame\"><div title=\" \" style=\"display:inline-block;margin:0 4px;\" onclick=\"wppaStopProp(event)\"><a title=\"View the album \u015awi\u0119cenie pokarm\u00f3w dla dzieci 2016\" style=\"border:0;color:transparent;cursor:pointer;\" target=\"_self\" onclick=\"wppaDoAjaxRender(event, 1, &#039;http:\/\/mariacka-lodz.com.pl\/index.php?rest_route=\/wp-photo-album-plus\/endPoint?action=wppa&wppa-action=render&wppa-size=640&occur=1&page_id=128&wppa-fromp=128&lang=pl&cache=1&album=157&cover=0&occur=1&data-alb=157&#039;, &#039;http:\/\/mariacka-lodz.com.pl\/?page_id=128&lang=pl&cache=1&album=0cccd4725687d43b&cover=0&occur=1&data-alb=157&#039; )\"><img decoding=\"async\" style=\"border-width:0px;width:150px;height:100px;opacity:0.85;display:inline;\" src=\"http:\/\/mariacka-lodz.com.pl\/wp-content\/uploads\/wppa\/thumbs\/6346.jpg?ver=9\" alt=\"DSC_0517.JPG\" class=\"image wppa-img\" onmouseover=\"jQuery(this).fadeTo(400, 1.0)\" onmouseout=\"jQuery(this).fadeTo(400,0.85)\"><\/a><\/div><\/div><div title=\" \" onclick=\"wppaStopProp(event);\"><\/div><div style=\"clear:both;\"><\/div><\/div><div id=\"album-156-1\" title=\"View the album Wielki Pi\u0105tek 2016\" style=\"width:100%;float:right;cursor:pointer;\" class=\"wppa-album-cover-standard album wppa-box wppa-cover-box wppa-cover-box-1\" onclick=\"wppaDoAjaxRender(event, 1, &#039;http:\/\/mariacka-lodz.com.pl\/index.php?rest_route=\/wp-photo-album-plus\/endPoint?action=wppa&wppa-action=render&wppa-size=640&occur=1&page_id=128&wppa-fromp=128&lang=pl&cache=1&album=156&cover=0&occur=1&data-alb=156&#039;, &#039;http:\/\/mariacka-lodz.com.pl\/?page_id=128&lang=pl&cache=1&album=b2530905a42980cc&cover=0&occur=1&data-alb=156&#039; )\"><div id=\"covertext_frame_156_1\" style=\"width:459px; float:left\" class=\"wppa-text-frame-1 wppa-text-frame wppa-cover-text-frame wppa-asym-text-frame-1\"><h2 style=\"clear:none\" class=\"wppa-title\"><a title=\"View the album Wielki Pi\u0105tek 2016\" style=\"cursor:pointer\" class=\"wppa-title\" onclick=\"wppaDoAjaxRender(event, 1, &#039;http:\/\/mariacka-lodz.com.pl\/index.php?rest_route=\/wp-photo-album-plus\/endPoint?action=wppa&wppa-action=render&wppa-size=640&occur=1&page_id=128&wppa-fromp=128&lang=pl&cache=1&album=156&cover=0&occur=1&data-alb=156&#039;, &#039;http:\/\/mariacka-lodz.com.pl\/?page_id=128&lang=pl&cache=1&album=b2530905a42980cc&cover=0&occur=1&data-alb=156&#039; )\">Wielki Pi\u0105tek 2016<\/a><\/h2><div style=\"min-height:54px;\" class=\"wppa-box-text wppa-black wppa-box-text-desc\"><\/div><div class=\"wppa-box-text wppa-black wppa-info wppa-slideshow-browse-link wppa-album-cover-link\"><a title=\"Slideshow\" style=\"cursor:pointer\" class=\"wppa-album-cover-link\" onclick=\"wppaDoAjaxRender(event, 1, &#039;http:\/\/mariacka-lodz.com.pl\/index.php?rest_route=\/wp-photo-album-plus\/endPoint?action=wppa&wppa-action=render&wppa-size=640&occur=1&page_id=128&wppa-fromp=128&lang=pl&cache=1&slide=1&occur=1&album=156&#039;, &#039;http:\/\/mariacka-lodz.com.pl\/?page_id=128&lang=pl&cache=1&slide=1&occur=1&album=b2530905a42980cc&#039; )\">Slideshow<\/a><\/div><div class=\"wppa-box-text wppa-black wppa-info wppa-viewlink wppa-album-cover-link\"><a title=\"View the album Wielki Pi\u0105tek 2016\" style=\"cursor:pointer;\" class=\"wppa-album-cover-link\" onclick=\"wppaDoAjaxRender(event, 1, &#039;http:\/\/mariacka-lodz.com.pl\/index.php?rest_route=\/wp-photo-album-plus\/endPoint?action=wppa&wppa-action=render&wppa-size=640&occur=1&page_id=128&wppa-fromp=128&lang=pl&cache=1&album=156&cover=0&occur=1&data-alb=156&#039;, &#039;http:\/\/mariacka-lodz.com.pl\/?page_id=128&lang=pl&cache=1&album=b2530905a42980cc&cover=0&occur=1&data-alb=156&#039; )\">View&nbsp;50&nbsp;photos<\/a><\/div><\/div><div id=\"coverphoto_frame_156_1\" style=\"float:right; margin-left:5px;width:160px;\" class=\"coverphoto-frame\"><div title=\" \" style=\"display:inline-block;margin:0 4px;\" onclick=\"wppaStopProp(event)\"><a title=\"View the album Wielki Pi\u0105tek 2016\" style=\"border:0;color:transparent;cursor:pointer;\" target=\"_self\" onclick=\"wppaDoAjaxRender(event, 1, &#039;http:\/\/mariacka-lodz.com.pl\/index.php?rest_route=\/wp-photo-album-plus\/endPoint?action=wppa&wppa-action=render&wppa-size=640&occur=1&page_id=128&wppa-fromp=128&lang=pl&cache=1&album=156&cover=0&occur=1&data-alb=156&#039;, &#039;http:\/\/mariacka-lodz.com.pl\/?page_id=128&lang=pl&cache=1&album=b2530905a42980cc&cover=0&occur=1&data-alb=156&#039; )\"><img decoding=\"async\" style=\"border-width:0px;width:150px;height:100px;opacity:0.85;display:inline;\" src=\"http:\/\/mariacka-lodz.com.pl\/wp-content\/uploads\/wppa\/thumbs\/6295.jpg?ver=9\" alt=\"DSC_0244.JPG\" class=\"image wppa-img\" onmouseover=\"jQuery(this).fadeTo(400, 1.0)\" onmouseout=\"jQuery(this).fadeTo(400,0.85)\"><\/a><\/div><\/div><div title=\" \" onclick=\"wppaStopProp(event);\"><\/div><div style=\"clear:both;\"><\/div><\/div><div id=\"album-155-1\" title=\"View the album Wielki Czwartek 2016\" style=\"width:100%;float:right;cursor:pointer;\" class=\"wppa-album-cover-standard album wppa-box wppa-cover-box wppa-cover-box-1\" onclick=\"wppaDoAjaxRender(event, 1, &#039;http:\/\/mariacka-lodz.com.pl\/index.php?rest_route=\/wp-photo-album-plus\/endPoint?action=wppa&wppa-action=render&wppa-size=640&occur=1&page_id=128&wppa-fromp=128&lang=pl&cache=1&album=155&cover=0&occur=1&data-alb=155&#039;, &#039;http:\/\/mariacka-lodz.com.pl\/?page_id=128&lang=pl&cache=1&album=9778330c1a4b7a73&cover=0&occur=1&data-alb=155&#039; )\"><div id=\"covertext_frame_155_1\" style=\"width:459px; float:left\" class=\"wppa-text-frame-1 wppa-text-frame wppa-cover-text-frame wppa-asym-text-frame-1\"><h2 style=\"clear:none\" class=\"wppa-title\"><a title=\"View the album Wielki Czwartek 2016\" style=\"cursor:pointer\" class=\"wppa-title\" onclick=\"wppaDoAjaxRender(event, 1, &#039;http:\/\/mariacka-lodz.com.pl\/index.php?rest_route=\/wp-photo-album-plus\/endPoint?action=wppa&wppa-action=render&wppa-size=640&occur=1&page_id=128&wppa-fromp=128&lang=pl&cache=1&album=155&cover=0&occur=1&data-alb=155&#039;, &#039;http:\/\/mariacka-lodz.com.pl\/?page_id=128&lang=pl&cache=1&album=9778330c1a4b7a73&cover=0&occur=1&data-alb=155&#039; )\">Wielki Czwartek 2016<\/a><\/h2><div style=\"min-height:54px;\" class=\"wppa-box-text wppa-black wppa-box-text-desc\"><\/div><div class=\"wppa-box-text wppa-black wppa-info wppa-slideshow-browse-link wppa-album-cover-link\"><a title=\"Slideshow\" style=\"cursor:pointer\" class=\"wppa-album-cover-link\" onclick=\"wppaDoAjaxRender(event, 1, &#039;http:\/\/mariacka-lodz.com.pl\/index.php?rest_route=\/wp-photo-album-plus\/endPoint?action=wppa&wppa-action=render&wppa-size=640&occur=1&page_id=128&wppa-fromp=128&lang=pl&cache=1&slide=1&occur=1&album=155&#039;, &#039;http:\/\/mariacka-lodz.com.pl\/?page_id=128&lang=pl&cache=1&slide=1&occur=1&album=9778330c1a4b7a73&#039; )\">Slideshow<\/a><\/div><div class=\"wppa-box-text wppa-black wppa-info wppa-viewlink wppa-album-cover-link\"><a title=\"View the album Wielki Czwartek 2016\" style=\"cursor:pointer;\" class=\"wppa-album-cover-link\" onclick=\"wppaDoAjaxRender(event, 1, &#039;http:\/\/mariacka-lodz.com.pl\/index.php?rest_route=\/wp-photo-album-plus\/endPoint?action=wppa&wppa-action=render&wppa-size=640&occur=1&page_id=128&wppa-fromp=128&lang=pl&cache=1&album=155&cover=0&occur=1&data-alb=155&#039;, &#039;http:\/\/mariacka-lodz.com.pl\/?page_id=128&lang=pl&cache=1&album=9778330c1a4b7a73&cover=0&occur=1&data-alb=155&#039; )\">View&nbsp;40&nbsp;photos<\/a><\/div><\/div><div id=\"coverphoto_frame_155_1\" style=\"float:right; margin-left:5px;width:160px;\" class=\"coverphoto-frame\"><div title=\" \" style=\"display:inline-block;margin:0 4px;\" onclick=\"wppaStopProp(event)\"><a title=\"View the album Wielki Czwartek 2016\" style=\"border:0;color:transparent;cursor:pointer;\" target=\"_self\" onclick=\"wppaDoAjaxRender(event, 1, &#039;http:\/\/mariacka-lodz.com.pl\/index.php?rest_route=\/wp-photo-album-plus\/endPoint?action=wppa&wppa-action=render&wppa-size=640&occur=1&page_id=128&wppa-fromp=128&lang=pl&cache=1&album=155&cover=0&occur=1&data-alb=155&#039;, &#039;http:\/\/mariacka-lodz.com.pl\/?page_id=128&lang=pl&cache=1&album=9778330c1a4b7a73&cover=0&occur=1&data-alb=155&#039; )\"><img decoding=\"async\" style=\"border-width:0px;width:150px;height:100px;opacity:0.85;display:inline;\" src=\"http:\/\/mariacka-lodz.com.pl\/wp-content\/uploads\/wppa\/thumbs\/6255.jpg?ver=9\" alt=\"DSC_0065.JPG\" class=\"image wppa-img\" onmouseover=\"jQuery(this).fadeTo(400, 1.0)\" onmouseout=\"jQuery(this).fadeTo(400,0.85)\"><\/a><\/div><\/div><div title=\" \" onclick=\"wppaStopProp(event);\"><\/div><div style=\"clear:both;\"><\/div><\/div><div id=\"album-154-1\" title=\"View the album Niedziela Palmowa - Msza \u015bw. dla dzieci\" style=\"width:100%;float:right;cursor:pointer;\" class=\"wppa-album-cover-standard album wppa-box wppa-cover-box wppa-cover-box-1\" onclick=\"wppaDoAjaxRender(event, 1, &#039;http:\/\/mariacka-lodz.com.pl\/index.php?rest_route=\/wp-photo-album-plus\/endPoint?action=wppa&wppa-action=render&wppa-size=640&occur=1&page_id=128&wppa-fromp=128&lang=pl&cache=1&album=154&cover=0&occur=1&data-alb=154&#039;, &#039;http:\/\/mariacka-lodz.com.pl\/?page_id=128&lang=pl&cache=1&album=3f5bc7d6996808a7&cover=0&occur=1&data-alb=154&#039; )\"><div id=\"covertext_frame_154_1\" style=\"width:459px; float:left\" class=\"wppa-text-frame-1 wppa-text-frame wppa-cover-text-frame wppa-asym-text-frame-1\"><h2 style=\"clear:none\" class=\"wppa-title\"><a title=\"View the album Niedziela Palmowa - Msza \u015bw. dla dzieci\" style=\"cursor:pointer\" class=\"wppa-title\" onclick=\"wppaDoAjaxRender(event, 1, &#039;http:\/\/mariacka-lodz.com.pl\/index.php?rest_route=\/wp-photo-album-plus\/endPoint?action=wppa&wppa-action=render&wppa-size=640&occur=1&page_id=128&wppa-fromp=128&lang=pl&cache=1&album=154&cover=0&occur=1&data-alb=154&#039;, &#039;http:\/\/mariacka-lodz.com.pl\/?page_id=128&lang=pl&cache=1&album=3f5bc7d6996808a7&cover=0&occur=1&data-alb=154&#039; )\">Niedziela Palmowa - Msza \u015bw. dla dzieci<\/a><\/h2><div style=\"min-height:54px;\" class=\"wppa-box-text wppa-black wppa-box-text-desc\"><\/div><div class=\"wppa-box-text wppa-black wppa-info wppa-slideshow-browse-link wppa-album-cover-link\"><a title=\"Slideshow\" style=\"cursor:pointer\" class=\"wppa-album-cover-link\" onclick=\"wppaDoAjaxRender(event, 1, &#039;http:\/\/mariacka-lodz.com.pl\/index.php?rest_route=\/wp-photo-album-plus\/endPoint?action=wppa&wppa-action=render&wppa-size=640&occur=1&page_id=128&wppa-fromp=128&lang=pl&cache=1&slide=1&occur=1&album=154&#039;, &#039;http:\/\/mariacka-lodz.com.pl\/?page_id=128&lang=pl&cache=1&slide=1&occur=1&album=3f5bc7d6996808a7&#039; )\">Slideshow<\/a><\/div><div class=\"wppa-box-text wppa-black wppa-info wppa-viewlink wppa-album-cover-link\"><a title=\"View the album Niedziela Palmowa - Msza \u015bw. dla dzieci\" style=\"cursor:pointer;\" class=\"wppa-album-cover-link\" onclick=\"wppaDoAjaxRender(event, 1, &#039;http:\/\/mariacka-lodz.com.pl\/index.php?rest_route=\/wp-photo-album-plus\/endPoint?action=wppa&wppa-action=render&wppa-size=640&occur=1&page_id=128&wppa-fromp=128&lang=pl&cache=1&album=154&cover=0&occur=1&data-alb=154&#039;, &#039;http:\/\/mariacka-lodz.com.pl\/?page_id=128&lang=pl&cache=1&album=3f5bc7d6996808a7&cover=0&occur=1&data-alb=154&#039; )\">View&nbsp;26&nbsp;photos<\/a><\/div><\/div><div id=\"coverphoto_frame_154_1\" style=\"float:right; margin-left:5px;width:160px;\" class=\"coverphoto-frame\"><div title=\" \" style=\"display:inline-block;margin:0 4px;\" onclick=\"wppaStopProp(event)\"><a title=\"View the album Niedziela Palmowa - Msza \u015bw. dla dzieci\" style=\"border:0;color:transparent;cursor:pointer;\" target=\"_self\" onclick=\"wppaDoAjaxRender(event, 1, &#039;http:\/\/mariacka-lodz.com.pl\/index.php?rest_route=\/wp-photo-album-plus\/endPoint?action=wppa&wppa-action=render&wppa-size=640&occur=1&page_id=128&wppa-fromp=128&lang=pl&cache=1&album=154&cover=0&occur=1&data-alb=154&#039;, &#039;http:\/\/mariacka-lodz.com.pl\/?page_id=128&lang=pl&cache=1&album=3f5bc7d6996808a7&cover=0&occur=1&data-alb=154&#039; )\"><img decoding=\"async\" style=\"border-width:0px;width:150px;height:100px;opacity:0.85;display:inline;\" src=\"http:\/\/mariacka-lodz.com.pl\/wp-content\/uploads\/wppa\/thumbs\/6229.jpg?ver=9\" alt=\"DSC_0284.JPG\" class=\"image wppa-img\" onmouseover=\"jQuery(this).fadeTo(400, 1.0)\" onmouseout=\"jQuery(this).fadeTo(400,0.85)\"><\/a><\/div><\/div><div title=\" \" onclick=\"wppaStopProp(event);\"><\/div><div style=\"clear:both;\"><\/div><\/div><div id=\"album-153-1\" title=\"View the album Niedziela Palmowa - dekoracja \" style=\"width:100%;float:right;cursor:pointer;\" class=\"wppa-album-cover-standard album wppa-box wppa-cover-box wppa-cover-box-1\" onclick=\"wppaDoAjaxRender(event, 1, &#039;http:\/\/mariacka-lodz.com.pl\/index.php?rest_route=\/wp-photo-album-plus\/endPoint?action=wppa&wppa-action=render&wppa-size=640&occur=1&page_id=128&wppa-fromp=128&lang=pl&cache=1&album=153&cover=0&occur=1&data-alb=153&#039;, &#039;http:\/\/mariacka-lodz.com.pl\/?page_id=128&lang=pl&cache=1&album=ed66b541ad412ab1&cover=0&occur=1&data-alb=153&#039; )\"><div id=\"covertext_frame_153_1\" style=\"width:459px; float:left\" class=\"wppa-text-frame-1 wppa-text-frame wppa-cover-text-frame wppa-asym-text-frame-1\"><h2 style=\"clear:none\" class=\"wppa-title\"><a title=\"View the album Niedziela Palmowa - dekoracja \" style=\"cursor:pointer\" class=\"wppa-title\" onclick=\"wppaDoAjaxRender(event, 1, &#039;http:\/\/mariacka-lodz.com.pl\/index.php?rest_route=\/wp-photo-album-plus\/endPoint?action=wppa&wppa-action=render&wppa-size=640&occur=1&page_id=128&wppa-fromp=128&lang=pl&cache=1&album=153&cover=0&occur=1&data-alb=153&#039;, &#039;http:\/\/mariacka-lodz.com.pl\/?page_id=128&lang=pl&cache=1&album=ed66b541ad412ab1&cover=0&occur=1&data-alb=153&#039; )\">Niedziela Palmowa - dekoracja <\/a><\/h2><div style=\"min-height:54px;\" class=\"wppa-box-text wppa-black wppa-box-text-desc\"><\/div><div class=\"wppa-box-text wppa-black wppa-info wppa-slideshow-browse-link wppa-album-cover-link\"><a title=\"Slideshow\" style=\"cursor:pointer\" class=\"wppa-album-cover-link\" onclick=\"wppaDoAjaxRender(event, 1, &#039;http:\/\/mariacka-lodz.com.pl\/index.php?rest_route=\/wp-photo-album-plus\/endPoint?action=wppa&wppa-action=render&wppa-size=640&occur=1&page_id=128&wppa-fromp=128&lang=pl&cache=1&slide=1&occur=1&album=153&#039;, &#039;http:\/\/mariacka-lodz.com.pl\/?page_id=128&lang=pl&cache=1&slide=1&occur=1&album=ed66b541ad412ab1&#039; )\">Slideshow<\/a><\/div><div class=\"wppa-box-text wppa-black wppa-info wppa-viewlink wppa-album-cover-link\"><a title=\"View the album Niedziela Palmowa - dekoracja \" style=\"cursor:pointer;\" class=\"wppa-album-cover-link\" onclick=\"wppaDoAjaxRender(event, 1, &#039;http:\/\/mariacka-lodz.com.pl\/index.php?rest_route=\/wp-photo-album-plus\/endPoint?action=wppa&wppa-action=render&wppa-size=640&occur=1&page_id=128&wppa-fromp=128&lang=pl&cache=1&album=153&cover=0&occur=1&data-alb=153&#039;, &#039;http:\/\/mariacka-lodz.com.pl\/?page_id=128&lang=pl&cache=1&album=ed66b541ad412ab1&cover=0&occur=1&data-alb=153&#039; )\">View&nbsp;12&nbsp;photos<\/a><\/div><\/div><div id=\"coverphoto_frame_153_1\" style=\"float:right; margin-left:5px;width:160px;\" class=\"coverphoto-frame\"><div title=\" \" style=\"display:inline-block;margin:0 4px;\" onclick=\"wppaStopProp(event)\"><a title=\"View the album Niedziela Palmowa - dekoracja \" style=\"border:0;color:transparent;cursor:pointer;\" target=\"_self\" onclick=\"wppaDoAjaxRender(event, 1, &#039;http:\/\/mariacka-lodz.com.pl\/index.php?rest_route=\/wp-photo-album-plus\/endPoint?action=wppa&wppa-action=render&wppa-size=640&occur=1&page_id=128&wppa-fromp=128&lang=pl&cache=1&album=153&cover=0&occur=1&data-alb=153&#039;, &#039;http:\/\/mariacka-lodz.com.pl\/?page_id=128&lang=pl&cache=1&album=ed66b541ad412ab1&cover=0&occur=1&data-alb=153&#039; )\"><img decoding=\"async\" style=\"border-width:0px;width:150px;height:100px;opacity:0.85;display:inline;\" src=\"http:\/\/mariacka-lodz.com.pl\/wp-content\/uploads\/wppa\/thumbs\/6203.jpg?ver=9\" alt=\"DSC_0330.JPG\" class=\"image wppa-img\" onmouseover=\"jQuery(this).fadeTo(400, 1.0)\" onmouseout=\"jQuery(this).fadeTo(400,0.85)\"><\/a><\/div><\/div><div title=\" \" onclick=\"wppaStopProp(event);\"><\/div><div style=\"clear:both;\"><\/div><\/div><div id=\"album-152-1\" title=\"View the album Nowe Szaty Liturgiczne\" style=\"width:100%;float:right;cursor:pointer;\" class=\"wppa-album-cover-standard album wppa-box wppa-cover-box wppa-cover-box-1\" onclick=\"wppaDoAjaxRender(event, 1, &#039;http:\/\/mariacka-lodz.com.pl\/index.php?rest_route=\/wp-photo-album-plus\/endPoint?action=wppa&wppa-action=render&wppa-size=640&occur=1&page_id=128&wppa-fromp=128&lang=pl&cache=1&album=152&cover=0&occur=1&data-alb=152&#039;, &#039;http:\/\/mariacka-lodz.com.pl\/?page_id=128&lang=pl&cache=1&album=f6457e77ec5babc2&cover=0&occur=1&data-alb=152&#039; )\"><div id=\"covertext_frame_152_1\" style=\"width:459px; float:left\" class=\"wppa-text-frame-1 wppa-text-frame wppa-cover-text-frame wppa-asym-text-frame-1\"><h2 style=\"clear:none\" class=\"wppa-title\"><a title=\"View the album Nowe Szaty Liturgiczne\" style=\"cursor:pointer\" class=\"wppa-title\" onclick=\"wppaDoAjaxRender(event, 1, &#039;http:\/\/mariacka-lodz.com.pl\/index.php?rest_route=\/wp-photo-album-plus\/endPoint?action=wppa&wppa-action=render&wppa-size=640&occur=1&page_id=128&wppa-fromp=128&lang=pl&cache=1&album=152&cover=0&occur=1&data-alb=152&#039;, &#039;http:\/\/mariacka-lodz.com.pl\/?page_id=128&lang=pl&cache=1&album=f6457e77ec5babc2&cover=0&occur=1&data-alb=152&#039; )\">Nowe Szaty Liturgiczne<\/a><\/h2><div style=\"min-height:54px;\" class=\"wppa-box-text wppa-black wppa-box-text-desc\"><\/div><div class=\"wppa-box-text wppa-black wppa-info wppa-slideshow-browse-link wppa-album-cover-link\"><a title=\"Slideshow\" style=\"cursor:pointer\" class=\"wppa-album-cover-link\" onclick=\"wppaDoAjaxRender(event, 1, &#039;http:\/\/mariacka-lodz.com.pl\/index.php?rest_route=\/wp-photo-album-plus\/endPoint?action=wppa&wppa-action=render&wppa-size=640&occur=1&page_id=128&wppa-fromp=128&lang=pl&cache=1&slide=1&occur=1&album=152&#039;, &#039;http:\/\/mariacka-lodz.com.pl\/?page_id=128&lang=pl&cache=1&slide=1&occur=1&album=f6457e77ec5babc2&#039; )\">Slideshow<\/a><\/div><div class=\"wppa-box-text wppa-black wppa-info wppa-viewlink wppa-album-cover-link\"><a title=\"View the album Nowe Szaty Liturgiczne\" style=\"cursor:pointer;\" class=\"wppa-album-cover-link\" onclick=\"wppaDoAjaxRender(event, 1, &#039;http:\/\/mariacka-lodz.com.pl\/index.php?rest_route=\/wp-photo-album-plus\/endPoint?action=wppa&wppa-action=render&wppa-size=640&occur=1&page_id=128&wppa-fromp=128&lang=pl&cache=1&album=152&cover=0&occur=1&data-alb=152&#039;, &#039;http:\/\/mariacka-lodz.com.pl\/?page_id=128&lang=pl&cache=1&album=f6457e77ec5babc2&cover=0&occur=1&data-alb=152&#039; )\">View&nbsp;11&nbsp;photos<\/a><\/div><\/div><div id=\"coverphoto_frame_152_1\" style=\"float:right; margin-left:5px;width:160px;\" class=\"coverphoto-frame\"><div title=\" \" style=\"display:inline-block;margin:0 4px;\" onclick=\"wppaStopProp(event)\"><a title=\"View the album Nowe Szaty Liturgiczne\" style=\"border:0;color:transparent;cursor:pointer;\" target=\"_self\" onclick=\"wppaDoAjaxRender(event, 1, &#039;http:\/\/mariacka-lodz.com.pl\/index.php?rest_route=\/wp-photo-album-plus\/endPoint?action=wppa&wppa-action=render&wppa-size=640&occur=1&page_id=128&wppa-fromp=128&lang=pl&cache=1&album=152&cover=0&occur=1&data-alb=152&#039;, &#039;http:\/\/mariacka-lodz.com.pl\/?page_id=128&lang=pl&cache=1&album=f6457e77ec5babc2&cover=0&occur=1&data-alb=152&#039; )\"><img decoding=\"async\" style=\"border-width:0px;width:150px;height:100px;opacity:0.85;display:inline;\" src=\"http:\/\/mariacka-lodz.com.pl\/wp-content\/uploads\/wppa\/thumbs\/6192.jpg?ver=9\" alt=\"DSC_0341.JPG\" class=\"image wppa-img\" onmouseover=\"jQuery(this).fadeTo(400, 1.0)\" onmouseout=\"jQuery(this).fadeTo(400,0.85)\"><\/a><\/div><\/div><div title=\" \" onclick=\"wppaStopProp(event);\"><\/div><div style=\"clear:both;\"><\/div><\/div><div id=\"album-151-1\" title=\"View the album Ko\u015bci\u00f3\u0142 Stacyjny 2016\" style=\"width:100%;float:right;cursor:pointer;\" class=\"wppa-album-cover-standard album wppa-box wppa-cover-box wppa-cover-box-1\" onclick=\"wppaDoAjaxRender(event, 1, &#039;http:\/\/mariacka-lodz.com.pl\/index.php?rest_route=\/wp-photo-album-plus\/endPoint?action=wppa&wppa-action=render&wppa-size=640&occur=1&page_id=128&wppa-fromp=128&lang=pl&cache=1&album=151&cover=0&occur=1&data-alb=151&#039;, &#039;http:\/\/mariacka-lodz.com.pl\/?page_id=128&lang=pl&cache=1&album=b9aa54910d672c19&cover=0&occur=1&data-alb=151&#039; )\"><div id=\"covertext_frame_151_1\" style=\"width:459px; float:left\" class=\"wppa-text-frame-1 wppa-text-frame wppa-cover-text-frame wppa-asym-text-frame-1\"><h2 style=\"clear:none\" class=\"wppa-title\"><a title=\"View the album Ko\u015bci\u00f3\u0142 Stacyjny 2016\" style=\"cursor:pointer\" class=\"wppa-title\" onclick=\"wppaDoAjaxRender(event, 1, &#039;http:\/\/mariacka-lodz.com.pl\/index.php?rest_route=\/wp-photo-album-plus\/endPoint?action=wppa&wppa-action=render&wppa-size=640&occur=1&page_id=128&wppa-fromp=128&lang=pl&cache=1&album=151&cover=0&occur=1&data-alb=151&#039;, &#039;http:\/\/mariacka-lodz.com.pl\/?page_id=128&lang=pl&cache=1&album=b9aa54910d672c19&cover=0&occur=1&data-alb=151&#039; )\">Ko\u015bci\u00f3\u0142 Stacyjny 2016<\/a><\/h2><div style=\"min-height:54px;\" class=\"wppa-box-text wppa-black wppa-box-text-desc\"><\/div><div class=\"wppa-box-text wppa-black wppa-info wppa-slideshow-browse-link wppa-album-cover-link\"><a title=\"Slideshow\" style=\"cursor:pointer\" class=\"wppa-album-cover-link\" onclick=\"wppaDoAjaxRender(event, 1, &#039;http:\/\/mariacka-lodz.com.pl\/index.php?rest_route=\/wp-photo-album-plus\/endPoint?action=wppa&wppa-action=render&wppa-size=640&occur=1&page_id=128&wppa-fromp=128&lang=pl&cache=1&slide=1&occur=1&album=151&#039;, &#039;http:\/\/mariacka-lodz.com.pl\/?page_id=128&lang=pl&cache=1&slide=1&occur=1&album=b9aa54910d672c19&#039; )\">Slideshow<\/a><\/div><div class=\"wppa-box-text wppa-black wppa-info wppa-viewlink wppa-album-cover-link\"><a title=\"View the album Ko\u015bci\u00f3\u0142 Stacyjny 2016\" style=\"cursor:pointer;\" class=\"wppa-album-cover-link\" onclick=\"wppaDoAjaxRender(event, 1, &#039;http:\/\/mariacka-lodz.com.pl\/index.php?rest_route=\/wp-photo-album-plus\/endPoint?action=wppa&wppa-action=render&wppa-size=640&occur=1&page_id=128&wppa-fromp=128&lang=pl&cache=1&album=151&cover=0&occur=1&data-alb=151&#039;, &#039;http:\/\/mariacka-lodz.com.pl\/?page_id=128&lang=pl&cache=1&album=b9aa54910d672c19&cover=0&occur=1&data-alb=151&#039; )\">View&nbsp;33&nbsp;photos<\/a><\/div><\/div><div id=\"coverphoto_frame_151_1\" style=\"float:right; margin-left:5px;width:160px;\" class=\"coverphoto-frame\"><div title=\" \" style=\"display:inline-block;margin:0 4px;\" onclick=\"wppaStopProp(event)\"><a title=\"View the album Ko\u015bci\u00f3\u0142 Stacyjny 2016\" style=\"border:0;color:transparent;cursor:pointer;\" target=\"_self\" onclick=\"wppaDoAjaxRender(event, 1, &#039;http:\/\/mariacka-lodz.com.pl\/index.php?rest_route=\/wp-photo-album-plus\/endPoint?action=wppa&wppa-action=render&wppa-size=640&occur=1&page_id=128&wppa-fromp=128&lang=pl&cache=1&album=151&cover=0&occur=1&data-alb=151&#039;, &#039;http:\/\/mariacka-lodz.com.pl\/?page_id=128&lang=pl&cache=1&album=b9aa54910d672c19&cover=0&occur=1&data-alb=151&#039; )\"><img decoding=\"async\" style=\"border-width:0px;width:150px;height:100px;opacity:0.85;display:inline;\" src=\"http:\/\/mariacka-lodz.com.pl\/wp-content\/uploads\/wppa\/thumbs\/6173.jpg?ver=9\" alt=\"DSC_0066.JPG\" class=\"image wppa-img\" onmouseover=\"jQuery(this).fadeTo(400, 1.0)\" onmouseout=\"jQuery(this).fadeTo(400,0.85)\"><\/a><\/div><\/div><div title=\" \" onclick=\"wppaStopProp(event);\"><\/div><div style=\"clear:both;\"><\/div><\/div><div id=\"album-150-1\" title=\"View the album Prace wykonane przez dzieci na parafialnych zimowiskach\" style=\"width:100%;float:right;cursor:pointer;\" class=\"wppa-album-cover-standard album wppa-box wppa-cover-box wppa-cover-box-1\" onclick=\"wppaDoAjaxRender(event, 1, &#039;http:\/\/mariacka-lodz.com.pl\/index.php?rest_route=\/wp-photo-album-plus\/endPoint?action=wppa&wppa-action=render&wppa-size=640&occur=1&page_id=128&wppa-fromp=128&lang=pl&cache=1&album=150&cover=0&occur=1&data-alb=150&#039;, &#039;http:\/\/mariacka-lodz.com.pl\/?page_id=128&lang=pl&cache=1&album=0a49270c9ace3141&cover=0&occur=1&data-alb=150&#039; )\"><div id=\"covertext_frame_150_1\" style=\"width:459px; float:left\" class=\"wppa-text-frame-1 wppa-text-frame wppa-cover-text-frame wppa-asym-text-frame-1\"><h2 style=\"clear:none\" class=\"wppa-title\"><a title=\"View the album Prace wykonane przez dzieci na parafialnych zimowiskach\" style=\"cursor:pointer\" class=\"wppa-title\" onclick=\"wppaDoAjaxRender(event, 1, &#039;http:\/\/mariacka-lodz.com.pl\/index.php?rest_route=\/wp-photo-album-plus\/endPoint?action=wppa&wppa-action=render&wppa-size=640&occur=1&page_id=128&wppa-fromp=128&lang=pl&cache=1&album=150&cover=0&occur=1&data-alb=150&#039;, &#039;http:\/\/mariacka-lodz.com.pl\/?page_id=128&lang=pl&cache=1&album=0a49270c9ace3141&cover=0&occur=1&data-alb=150&#039; )\">Prace wykonane przez dzieci na parafialnych zimowiskach<\/a><\/h2><div style=\"min-height:54px;\" class=\"wppa-box-text wppa-black wppa-box-text-desc\"><\/div><div class=\"wppa-box-text wppa-black wppa-info wppa-slideshow-browse-link wppa-album-cover-link\"><a title=\"Slideshow\" style=\"cursor:pointer\" class=\"wppa-album-cover-link\" onclick=\"wppaDoAjaxRender(event, 1, &#039;http:\/\/mariacka-lodz.com.pl\/index.php?rest_route=\/wp-photo-album-plus\/endPoint?action=wppa&wppa-action=render&wppa-size=640&occur=1&page_id=128&wppa-fromp=128&lang=pl&cache=1&slide=1&occur=1&album=150&#039;, &#039;http:\/\/mariacka-lodz.com.pl\/?page_id=128&lang=pl&cache=1&slide=1&occur=1&album=0a49270c9ace3141&#039; )\">Slideshow<\/a><\/div><div class=\"wppa-box-text wppa-black wppa-info wppa-viewlink wppa-album-cover-link\"><a title=\"View the album Prace wykonane przez dzieci na parafialnych zimowiskach\" style=\"cursor:pointer;\" class=\"wppa-album-cover-link\" onclick=\"wppaDoAjaxRender(event, 1, &#039;http:\/\/mariacka-lodz.com.pl\/index.php?rest_route=\/wp-photo-album-plus\/endPoint?action=wppa&wppa-action=render&wppa-size=640&occur=1&page_id=128&wppa-fromp=128&lang=pl&cache=1&album=150&cover=0&occur=1&data-alb=150&#039;, &#039;http:\/\/mariacka-lodz.com.pl\/?page_id=128&lang=pl&cache=1&album=0a49270c9ace3141&cover=0&occur=1&data-alb=150&#039; )\">View&nbsp;16&nbsp;photos<\/a><\/div><\/div><div id=\"coverphoto_frame_150_1\" style=\"float:right; margin-left:5px;width:160px;\" class=\"coverphoto-frame\"><div title=\" \" style=\"display:inline-block;margin:0 4px;\" onclick=\"wppaStopProp(event)\"><a title=\"View the album Prace wykonane przez dzieci na parafialnych zimowiskach\" style=\"border:0;color:transparent;cursor:pointer;\" target=\"_self\" onclick=\"wppaDoAjaxRender(event, 1, &#039;http:\/\/mariacka-lodz.com.pl\/index.php?rest_route=\/wp-photo-album-plus\/endPoint?action=wppa&wppa-action=render&wppa-size=640&occur=1&page_id=128&wppa-fromp=128&lang=pl&cache=1&album=150&cover=0&occur=1&data-alb=150&#039;, &#039;http:\/\/mariacka-lodz.com.pl\/?page_id=128&lang=pl&cache=1&album=0a49270c9ace3141&cover=0&occur=1&data-alb=150&#039; )\"><img decoding=\"async\" style=\"border-width:0px;width:150px;height:100px;opacity:0.85;display:inline;\" src=\"http:\/\/mariacka-lodz.com.pl\/wp-content\/uploads\/wppa\/thumbs\/6152.jpg?ver=9\" alt=\"DSC_0481.JPG\" class=\"image wppa-img\" onmouseover=\"jQuery(this).fadeTo(400, 1.0)\" onmouseout=\"jQuery(this).fadeTo(400,0.85)\"><\/a><\/div><\/div><div title=\" \" onclick=\"wppaStopProp(event);\"><\/div><div style=\"clear:both;\"><\/div><\/div><div id=\"album-149-1\" title=\"View the album Nowi ceremoniarze Archidiecezji \u0141\u00f3dzkiej\" style=\"width:100%;float:right;cursor:pointer;\" class=\"wppa-album-cover-standard album wppa-box wppa-cover-box wppa-cover-box-1\" onclick=\"wppaDoAjaxRender(event, 1, &#039;http:\/\/mariacka-lodz.com.pl\/index.php?rest_route=\/wp-photo-album-plus\/endPoint?action=wppa&wppa-action=render&wppa-size=640&occur=1&page_id=128&wppa-fromp=128&lang=pl&cache=1&album=149&cover=0&occur=1&data-alb=149&#039;, &#039;http:\/\/mariacka-lodz.com.pl\/?page_id=128&lang=pl&cache=1&album=68a31c8307a1aa2b&cover=0&occur=1&data-alb=149&#039; )\"><div id=\"covertext_frame_149_1\" style=\"width:459px; float:left\" class=\"wppa-text-frame-1 wppa-text-frame wppa-cover-text-frame wppa-asym-text-frame-1\"><h2 style=\"clear:none\" class=\"wppa-title\"><a title=\"View the album Nowi ceremoniarze Archidiecezji \u0141\u00f3dzkiej\" style=\"cursor:pointer\" class=\"wppa-title\" onclick=\"wppaDoAjaxRender(event, 1, &#039;http:\/\/mariacka-lodz.com.pl\/index.php?rest_route=\/wp-photo-album-plus\/endPoint?action=wppa&wppa-action=render&wppa-size=640&occur=1&page_id=128&wppa-fromp=128&lang=pl&cache=1&album=149&cover=0&occur=1&data-alb=149&#039;, &#039;http:\/\/mariacka-lodz.com.pl\/?page_id=128&lang=pl&cache=1&album=68a31c8307a1aa2b&cover=0&occur=1&data-alb=149&#039; )\">Nowi ceremoniarze Archidiecezji \u0141\u00f3dzkiej<\/a><\/h2><div style=\"min-height:54px;\" class=\"wppa-box-text wppa-black wppa-box-text-desc\"><\/div><div class=\"wppa-box-text wppa-black wppa-info wppa-slideshow-browse-link wppa-album-cover-link\"><a title=\"Slideshow\" style=\"cursor:pointer\" class=\"wppa-album-cover-link\" onclick=\"wppaDoAjaxRender(event, 1, &#039;http:\/\/mariacka-lodz.com.pl\/index.php?rest_route=\/wp-photo-album-plus\/endPoint?action=wppa&wppa-action=render&wppa-size=640&occur=1&page_id=128&wppa-fromp=128&lang=pl&cache=1&slide=1&occur=1&album=149&#039;, &#039;http:\/\/mariacka-lodz.com.pl\/?page_id=128&lang=pl&cache=1&slide=1&occur=1&album=68a31c8307a1aa2b&#039; )\">Slideshow<\/a><\/div><div class=\"wppa-box-text wppa-black wppa-info wppa-viewlink wppa-album-cover-link\"><a title=\"View the album Nowi ceremoniarze Archidiecezji \u0141\u00f3dzkiej\" style=\"cursor:pointer;\" class=\"wppa-album-cover-link\" onclick=\"wppaDoAjaxRender(event, 1, &#039;http:\/\/mariacka-lodz.com.pl\/index.php?rest_route=\/wp-photo-album-plus\/endPoint?action=wppa&wppa-action=render&wppa-size=640&occur=1&page_id=128&wppa-fromp=128&lang=pl&cache=1&album=149&cover=0&occur=1&data-alb=149&#039;, &#039;http:\/\/mariacka-lodz.com.pl\/?page_id=128&lang=pl&cache=1&album=68a31c8307a1aa2b&cover=0&occur=1&data-alb=149&#039; )\">View&nbsp;16&nbsp;photos<\/a><\/div><\/div><div id=\"coverphoto_frame_149_1\" style=\"float:right; margin-left:5px;width:160px;\" class=\"coverphoto-frame\"><div title=\" \" style=\"display:inline-block;margin:0 4px;\" onclick=\"wppaStopProp(event)\"><a title=\"View the album Nowi ceremoniarze Archidiecezji \u0141\u00f3dzkiej\" style=\"border:0;color:transparent;cursor:pointer;\" target=\"_self\" onclick=\"wppaDoAjaxRender(event, 1, &#039;http:\/\/mariacka-lodz.com.pl\/index.php?rest_route=\/wp-photo-album-plus\/endPoint?action=wppa&wppa-action=render&wppa-size=640&occur=1&page_id=128&wppa-fromp=128&lang=pl&cache=1&album=149&cover=0&occur=1&data-alb=149&#039;, &#039;http:\/\/mariacka-lodz.com.pl\/?page_id=128&lang=pl&cache=1&album=68a31c8307a1aa2b&cover=0&occur=1&data-alb=149&#039; )\"><img decoding=\"async\" style=\"border-width:0px;width:150px;height:100px;opacity:0.85;display:inline;\" src=\"http:\/\/mariacka-lodz.com.pl\/wp-content\/uploads\/wppa\/thumbs\/6136.jpg?ver=9\" alt=\"DSC_0418.JPG\" class=\"image wppa-img\" onmouseover=\"jQuery(this).fadeTo(400, 1.0)\" onmouseout=\"jQuery(this).fadeTo(400,0.85)\"><\/a><\/div><\/div><div title=\" \" onclick=\"wppaStopProp(event);\"><\/div><div style=\"clear:both;\"><\/div><\/div><div id=\"album-148-1\" title=\"View the album Zimowiska Parafialne - Zawoja 2016\" style=\"width:100%;float:right;cursor:pointer;\" class=\"wppa-album-cover-standard album wppa-box wppa-cover-box wppa-cover-box-1\" onclick=\"wppaDoAjaxRender(event, 1, &#039;http:\/\/mariacka-lodz.com.pl\/index.php?rest_route=\/wp-photo-album-plus\/endPoint?action=wppa&wppa-action=render&wppa-size=640&occur=1&page_id=128&wppa-fromp=128&lang=pl&cache=1&album=148&cover=0&occur=1&data-alb=148&#039;, &#039;http:\/\/mariacka-lodz.com.pl\/?page_id=128&lang=pl&cache=1&album=e5f7fa8c22039835&cover=0&occur=1&data-alb=148&#039; )\"><div id=\"covertext_frame_148_1\" style=\"width:459px; float:left\" class=\"wppa-text-frame-1 wppa-text-frame wppa-cover-text-frame wppa-asym-text-frame-1\"><h2 style=\"clear:none\" class=\"wppa-title\"><a title=\"View the album Zimowiska Parafialne - Zawoja 2016\" style=\"cursor:pointer\" class=\"wppa-title\" onclick=\"wppaDoAjaxRender(event, 1, &#039;http:\/\/mariacka-lodz.com.pl\/index.php?rest_route=\/wp-photo-album-plus\/endPoint?action=wppa&wppa-action=render&wppa-size=640&occur=1&page_id=128&wppa-fromp=128&lang=pl&cache=1&album=148&cover=0&occur=1&data-alb=148&#039;, &#039;http:\/\/mariacka-lodz.com.pl\/?page_id=128&lang=pl&cache=1&album=e5f7fa8c22039835&cover=0&occur=1&data-alb=148&#039; )\">Zimowiska Parafialne - Zawoja 2016<\/a><\/h2><div style=\"min-height:54px;\" class=\"wppa-box-text wppa-black wppa-box-text-desc\"><\/div><div class=\"wppa-box-text wppa-black wppa-info wppa-slideshow-browse-link wppa-album-cover-link\"><a title=\"Slideshow\" style=\"cursor:pointer\" class=\"wppa-album-cover-link\" onclick=\"wppaDoAjaxRender(event, 1, &#039;http:\/\/mariacka-lodz.com.pl\/index.php?rest_route=\/wp-photo-album-plus\/endPoint?action=wppa&wppa-action=render&wppa-size=640&occur=1&page_id=128&wppa-fromp=128&lang=pl&cache=1&slide=1&occur=1&album=148&#039;, &#039;http:\/\/mariacka-lodz.com.pl\/?page_id=128&lang=pl&cache=1&slide=1&occur=1&album=e5f7fa8c22039835&#039; )\">Slideshow<\/a><\/div><div class=\"wppa-box-text wppa-black wppa-info wppa-viewlink wppa-album-cover-link\"><a title=\"View the album Zimowiska Parafialne - Zawoja 2016\" style=\"cursor:pointer;\" class=\"wppa-album-cover-link\" onclick=\"wppaDoAjaxRender(event, 1, &#039;http:\/\/mariacka-lodz.com.pl\/index.php?rest_route=\/wp-photo-album-plus\/endPoint?action=wppa&wppa-action=render&wppa-size=640&occur=1&page_id=128&wppa-fromp=128&lang=pl&cache=1&album=148&cover=0&occur=1&data-alb=148&#039;, &#039;http:\/\/mariacka-lodz.com.pl\/?page_id=128&lang=pl&cache=1&album=e5f7fa8c22039835&cover=0&occur=1&data-alb=148&#039; )\">View&nbsp;27&nbsp;photos<\/a><\/div><\/div><div id=\"coverphoto_frame_148_1\" style=\"float:right; margin-left:5px;width:123px;\" class=\"coverphoto-frame\"><div title=\" \" style=\"display:inline-block;margin:0 4px;\" onclick=\"wppaStopProp(event)\"><a title=\"View the album Zimowiska Parafialne - Zawoja 2016\" style=\"border:0;color:transparent;cursor:pointer;\" target=\"_self\" onclick=\"wppaDoAjaxRender(event, 1, &#039;http:\/\/mariacka-lodz.com.pl\/index.php?rest_route=\/wp-photo-album-plus\/endPoint?action=wppa&wppa-action=render&wppa-size=640&occur=1&page_id=128&wppa-fromp=128&lang=pl&cache=1&album=148&cover=0&occur=1&data-alb=148&#039;, &#039;http:\/\/mariacka-lodz.com.pl\/?page_id=128&lang=pl&cache=1&album=e5f7fa8c22039835&cover=0&occur=1&data-alb=148&#039; )\"><img decoding=\"async\" style=\"border-width:0px;width:113px;height:150px;opacity:0.85;display:inline;\" src=\"http:\/\/mariacka-lodz.com.pl\/wp-content\/uploads\/wppa\/thumbs\/6114.jpg?ver=9\" alt=\"SDC15054.JPG\" class=\"image wppa-img\" onmouseover=\"jQuery(this).fadeTo(400, 1.0)\" onmouseout=\"jQuery(this).fadeTo(400,0.85)\"><\/a><\/div><\/div><div title=\" \" onclick=\"wppaStopProp(event);\"><\/div><div style=\"clear:both;\"><\/div><\/div><div id=\"album-147-1\" title=\"View the album \u201eB\u00f3g, Honor, Ojczyzna, Wierni do ko\u0144ca\u201d - Msza \u015bw. w intencji \u017bo\u0142nierzy Wykl\u0119tych - Niez\u0142omnych. \" style=\"width:100%;float:right;cursor:pointer;\" class=\"wppa-album-cover-standard album wppa-box wppa-cover-box wppa-cover-box-1\" onclick=\"wppaDoAjaxRender(event, 1, &#039;http:\/\/mariacka-lodz.com.pl\/index.php?rest_route=\/wp-photo-album-plus\/endPoint?action=wppa&wppa-action=render&wppa-size=640&occur=1&page_id=128&wppa-fromp=128&lang=pl&cache=1&album=147&cover=0&occur=1&data-alb=147&#039;, &#039;http:\/\/mariacka-lodz.com.pl\/?page_id=128&lang=pl&cache=1&album=531b2f63d993ed39&cover=0&occur=1&data-alb=147&#039; )\"><div id=\"covertext_frame_147_1\" style=\"width:459px; float:left\" class=\"wppa-text-frame-1 wppa-text-frame wppa-cover-text-frame wppa-asym-text-frame-1\"><h2 style=\"clear:none\" class=\"wppa-title\"><a title=\"View the album \u201eB\u00f3g, Honor, Ojczyzna, Wierni do ko\u0144ca\u201d - Msza \u015bw. w intencji \u017bo\u0142nierzy Wykl\u0119tych - Niez\u0142omnych. \" style=\"cursor:pointer\" class=\"wppa-title\" onclick=\"wppaDoAjaxRender(event, 1, &#039;http:\/\/mariacka-lodz.com.pl\/index.php?rest_route=\/wp-photo-album-plus\/endPoint?action=wppa&wppa-action=render&wppa-size=640&occur=1&page_id=128&wppa-fromp=128&lang=pl&cache=1&album=147&cover=0&occur=1&data-alb=147&#039;, &#039;http:\/\/mariacka-lodz.com.pl\/?page_id=128&lang=pl&cache=1&album=531b2f63d993ed39&cover=0&occur=1&data-alb=147&#039; )\">\u201eB\u00f3g, Honor, Ojczyzna, Wierni do ko\u0144ca\u201d - Msza \u015bw. w intencji \u017bo\u0142nierzy Wykl\u0119tych - Niez\u0142omnych. <\/a><\/h2><div style=\"min-height:54px;\" class=\"wppa-box-text wppa-black wppa-box-text-desc\"><\/div><div class=\"wppa-box-text wppa-black wppa-info wppa-slideshow-browse-link wppa-album-cover-link\"><a title=\"Slideshow\" style=\"cursor:pointer\" class=\"wppa-album-cover-link\" onclick=\"wppaDoAjaxRender(event, 1, &#039;http:\/\/mariacka-lodz.com.pl\/index.php?rest_route=\/wp-photo-album-plus\/endPoint?action=wppa&wppa-action=render&wppa-size=640&occur=1&page_id=128&wppa-fromp=128&lang=pl&cache=1&slide=1&occur=1&album=147&#039;, &#039;http:\/\/mariacka-lodz.com.pl\/?page_id=128&lang=pl&cache=1&slide=1&occur=1&album=531b2f63d993ed39&#039; )\">Slideshow<\/a><\/div><div class=\"wppa-box-text wppa-black wppa-info wppa-viewlink wppa-album-cover-link\"><a title=\"View the album \u201eB\u00f3g, Honor, Ojczyzna, Wierni do ko\u0144ca\u201d - Msza \u015bw. w intencji \u017bo\u0142nierzy Wykl\u0119tych - Niez\u0142omnych. \" style=\"cursor:pointer;\" class=\"wppa-album-cover-link\" onclick=\"wppaDoAjaxRender(event, 1, &#039;http:\/\/mariacka-lodz.com.pl\/index.php?rest_route=\/wp-photo-album-plus\/endPoint?action=wppa&wppa-action=render&wppa-size=640&occur=1&page_id=128&wppa-fromp=128&lang=pl&cache=1&album=147&cover=0&occur=1&data-alb=147&#039;, &#039;http:\/\/mariacka-lodz.com.pl\/?page_id=128&lang=pl&cache=1&album=531b2f63d993ed39&cover=0&occur=1&data-alb=147&#039; )\">View&nbsp;55&nbsp;photos<\/a><\/div><\/div><div id=\"coverphoto_frame_147_1\" style=\"float:right; margin-left:5px;width:160px;\" class=\"coverphoto-frame\"><div title=\" \" style=\"display:inline-block;margin:0 4px;\" onclick=\"wppaStopProp(event)\"><a title=\"View the album \u201eB\u00f3g, Honor, Ojczyzna, Wierni do ko\u0144ca\u201d - Msza \u015bw. w intencji \u017bo\u0142nierzy Wykl\u0119tych - Niez\u0142omnych. \" style=\"border:0;color:transparent;cursor:pointer;\" target=\"_self\" onclick=\"wppaDoAjaxRender(event, 1, &#039;http:\/\/mariacka-lodz.com.pl\/index.php?rest_route=\/wp-photo-album-plus\/endPoint?action=wppa&wppa-action=render&wppa-size=640&occur=1&page_id=128&wppa-fromp=128&lang=pl&cache=1&album=147&cover=0&occur=1&data-alb=147&#039;, &#039;http:\/\/mariacka-lodz.com.pl\/?page_id=128&lang=pl&cache=1&album=531b2f63d993ed39&cover=0&occur=1&data-alb=147&#039; )\"><img decoding=\"async\" style=\"border-width:0px;width:150px;height:100px;opacity:0.85;display:inline;\" src=\"http:\/\/mariacka-lodz.com.pl\/wp-content\/uploads\/wppa\/thumbs\/6059.jpg?ver=9\" alt=\"DSC_0198.JPG\" class=\"image wppa-img\" onmouseover=\"jQuery(this).fadeTo(400, 1.0)\" onmouseout=\"jQuery(this).fadeTo(400,0.85)\"><\/a><\/div><\/div><div title=\" \" onclick=\"wppaStopProp(event);\"><\/div><div style=\"clear:both;\"><\/div><\/div><div id=\"album-146-1\" title=\"View the album \u015aroda Popielcowa 2016\" style=\"width:100%;float:right;cursor:pointer;\" class=\"wppa-album-cover-standard album wppa-box wppa-cover-box wppa-cover-box-1\" onclick=\"wppaDoAjaxRender(event, 1, &#039;http:\/\/mariacka-lodz.com.pl\/index.php?rest_route=\/wp-photo-album-plus\/endPoint?action=wppa&wppa-action=render&wppa-size=640&occur=1&page_id=128&wppa-fromp=128&lang=pl&cache=1&album=146&cover=0&occur=1&data-alb=146&#039;, &#039;http:\/\/mariacka-lodz.com.pl\/?page_id=128&lang=pl&cache=1&album=4e6fa57859d08c2d&cover=0&occur=1&data-alb=146&#039; )\"><div id=\"covertext_frame_146_1\" style=\"width:459px; float:left\" class=\"wppa-text-frame-1 wppa-text-frame wppa-cover-text-frame wppa-asym-text-frame-1\"><h2 style=\"clear:none\" class=\"wppa-title\"><a title=\"View the album \u015aroda Popielcowa 2016\" style=\"cursor:pointer\" class=\"wppa-title\" onclick=\"wppaDoAjaxRender(event, 1, &#039;http:\/\/mariacka-lodz.com.pl\/index.php?rest_route=\/wp-photo-album-plus\/endPoint?action=wppa&wppa-action=render&wppa-size=640&occur=1&page_id=128&wppa-fromp=128&lang=pl&cache=1&album=146&cover=0&occur=1&data-alb=146&#039;, &#039;http:\/\/mariacka-lodz.com.pl\/?page_id=128&lang=pl&cache=1&album=4e6fa57859d08c2d&cover=0&occur=1&data-alb=146&#039; )\">\u015aroda Popielcowa 2016<\/a><\/h2><div style=\"min-height:54px;\" class=\"wppa-box-text wppa-black wppa-box-text-desc\"><\/div><div class=\"wppa-box-text wppa-black wppa-info wppa-slideshow-browse-link wppa-album-cover-link\"><a title=\"Slideshow\" style=\"cursor:pointer\" class=\"wppa-album-cover-link\" onclick=\"wppaDoAjaxRender(event, 1, &#039;http:\/\/mariacka-lodz.com.pl\/index.php?rest_route=\/wp-photo-album-plus\/endPoint?action=wppa&wppa-action=render&wppa-size=640&occur=1&page_id=128&wppa-fromp=128&lang=pl&cache=1&slide=1&occur=1&album=146&#039;, &#039;http:\/\/mariacka-lodz.com.pl\/?page_id=128&lang=pl&cache=1&slide=1&occur=1&album=4e6fa57859d08c2d&#039; )\">Slideshow<\/a><\/div><div class=\"wppa-box-text wppa-black wppa-info wppa-viewlink wppa-album-cover-link\"><a title=\"View the album \u015aroda Popielcowa 2016\" style=\"cursor:pointer;\" class=\"wppa-album-cover-link\" onclick=\"wppaDoAjaxRender(event, 1, &#039;http:\/\/mariacka-lodz.com.pl\/index.php?rest_route=\/wp-photo-album-plus\/endPoint?action=wppa&wppa-action=render&wppa-size=640&occur=1&page_id=128&wppa-fromp=128&lang=pl&cache=1&album=146&cover=0&occur=1&data-alb=146&#039;, &#039;http:\/\/mariacka-lodz.com.pl\/?page_id=128&lang=pl&cache=1&album=4e6fa57859d08c2d&cover=0&occur=1&data-alb=146&#039; )\">View&nbsp;38&nbsp;photos<\/a><\/div><\/div><div id=\"coverphoto_frame_146_1\" style=\"float:right; margin-left:5px;width:160px;\" class=\"coverphoto-frame\"><div title=\" \" style=\"display:inline-block;margin:0 4px;\" onclick=\"wppaStopProp(event)\"><a title=\"View the album \u015aroda Popielcowa 2016\" style=\"border:0;color:transparent;cursor:pointer;\" target=\"_self\" onclick=\"wppaDoAjaxRender(event, 1, &#039;http:\/\/mariacka-lodz.com.pl\/index.php?rest_route=\/wp-photo-album-plus\/endPoint?action=wppa&wppa-action=render&wppa-size=640&occur=1&page_id=128&wppa-fromp=128&lang=pl&cache=1&album=146&cover=0&occur=1&data-alb=146&#039;, &#039;http:\/\/mariacka-lodz.com.pl\/?page_id=128&lang=pl&cache=1&album=4e6fa57859d08c2d&cover=0&occur=1&data-alb=146&#039; )\"><img decoding=\"async\" style=\"border-width:0px;width:150px;height:100px;opacity:0.85;display:inline;\" src=\"http:\/\/mariacka-lodz.com.pl\/wp-content\/uploads\/wppa\/thumbs\/6021.jpg?ver=9\" alt=\"DSC_0907.JPG\" class=\"image wppa-img\" onmouseover=\"jQuery(this).fadeTo(400, 1.0)\" onmouseout=\"jQuery(this).fadeTo(400,0.85)\"><\/a><\/div><\/div><div title=\" \" onclick=\"wppaStopProp(event);\"><\/div><div style=\"clear:both;\"><\/div><\/div><div id=\"album-144-1\" title=\"View the album Relikwie Jana Paw\u0142a II \" style=\"width:100%;float:right;cursor:pointer;\" class=\"wppa-album-cover-standard album wppa-box wppa-cover-box wppa-cover-box-1\" onclick=\"wppaDoAjaxRender(event, 1, &#039;http:\/\/mariacka-lodz.com.pl\/index.php?rest_route=\/wp-photo-album-plus\/endPoint?action=wppa&wppa-action=render&wppa-size=640&occur=1&page_id=128&wppa-fromp=128&lang=pl&cache=1&album=144&cover=0&occur=1&data-alb=144&#039;, &#039;http:\/\/mariacka-lodz.com.pl\/?page_id=128&lang=pl&cache=1&album=c264546cc55c3971&cover=0&occur=1&data-alb=144&#039; )\"><div id=\"covertext_frame_144_1\" style=\"width:459px; float:left\" class=\"wppa-text-frame-1 wppa-text-frame wppa-cover-text-frame wppa-asym-text-frame-1\"><h2 style=\"clear:none\" class=\"wppa-title\"><a title=\"View the album Relikwie Jana Paw\u0142a II \" style=\"cursor:pointer\" class=\"wppa-title\" onclick=\"wppaDoAjaxRender(event, 1, &#039;http:\/\/mariacka-lodz.com.pl\/index.php?rest_route=\/wp-photo-album-plus\/endPoint?action=wppa&wppa-action=render&wppa-size=640&occur=1&page_id=128&wppa-fromp=128&lang=pl&cache=1&album=144&cover=0&occur=1&data-alb=144&#039;, &#039;http:\/\/mariacka-lodz.com.pl\/?page_id=128&lang=pl&cache=1&album=c264546cc55c3971&cover=0&occur=1&data-alb=144&#039; )\">Relikwie Jana Paw\u0142a II <\/a><\/h2><div style=\"min-height:54px;\" class=\"wppa-box-text wppa-black wppa-box-text-desc\"><\/div><div class=\"wppa-box-text wppa-black wppa-info wppa-slideshow-browse-link wppa-album-cover-link\"><a title=\"Slideshow\" style=\"cursor:pointer\" class=\"wppa-album-cover-link\" onclick=\"wppaDoAjaxRender(event, 1, &#039;http:\/\/mariacka-lodz.com.pl\/index.php?rest_route=\/wp-photo-album-plus\/endPoint?action=wppa&wppa-action=render&wppa-size=640&occur=1&page_id=128&wppa-fromp=128&lang=pl&cache=1&slide=1&occur=1&album=144&#039;, &#039;http:\/\/mariacka-lodz.com.pl\/?page_id=128&lang=pl&cache=1&slide=1&occur=1&album=c264546cc55c3971&#039; )\">Slideshow<\/a><\/div><div class=\"wppa-box-text wppa-black wppa-info wppa-viewlink wppa-album-cover-link\"><a title=\"View the album Relikwie Jana Paw\u0142a II \" style=\"cursor:pointer;\" class=\"wppa-album-cover-link\" onclick=\"wppaDoAjaxRender(event, 1, &#039;http:\/\/mariacka-lodz.com.pl\/index.php?rest_route=\/wp-photo-album-plus\/endPoint?action=wppa&wppa-action=render&wppa-size=640&occur=1&page_id=128&wppa-fromp=128&lang=pl&cache=1&album=144&cover=0&occur=1&data-alb=144&#039;, &#039;http:\/\/mariacka-lodz.com.pl\/?page_id=128&lang=pl&cache=1&album=c264546cc55c3971&cover=0&occur=1&data-alb=144&#039; )\">View&nbsp;53&nbsp;photos<\/a><\/div><\/div><div id=\"coverphoto_frame_144_1\" style=\"float:right; margin-left:5px;width:160px;\" class=\"coverphoto-frame\"><div title=\" \" style=\"display:inline-block;margin:0 4px;\" onclick=\"wppaStopProp(event)\"><a title=\"View the album Relikwie Jana Paw\u0142a II \" style=\"border:0;color:transparent;cursor:pointer;\" target=\"_self\" onclick=\"wppaDoAjaxRender(event, 1, &#039;http:\/\/mariacka-lodz.com.pl\/index.php?rest_route=\/wp-photo-album-plus\/endPoint?action=wppa&wppa-action=render&wppa-size=640&occur=1&page_id=128&wppa-fromp=128&lang=pl&cache=1&album=144&cover=0&occur=1&data-alb=144&#039;, &#039;http:\/\/mariacka-lodz.com.pl\/?page_id=128&lang=pl&cache=1&album=c264546cc55c3971&cover=0&occur=1&data-alb=144&#039; )\"><img decoding=\"async\" style=\"border-width:0px;width:150px;height:100px;opacity:0.85;display:inline;\" src=\"http:\/\/mariacka-lodz.com.pl\/wp-content\/uploads\/wppa\/thumbs\/5954.jpg?ver=9\" alt=\"DSC_0659.JPG\" class=\"image wppa-img\" onmouseover=\"jQuery(this).fadeTo(400, 1.0)\" onmouseout=\"jQuery(this).fadeTo(400,0.85)\"><\/a><\/div><\/div><div title=\" \" onclick=\"wppaStopProp(event);\"><\/div><div style=\"clear:both;\"><\/div><\/div><div id=\"album-143-1\" title=\"View the album Koncert kol\u0119d 2016\" style=\"width:100%;float:right;cursor:pointer;\" class=\"wppa-album-cover-standard album wppa-box wppa-cover-box wppa-cover-box-1\" onclick=\"wppaDoAjaxRender(event, 1, &#039;http:\/\/mariacka-lodz.com.pl\/index.php?rest_route=\/wp-photo-album-plus\/endPoint?action=wppa&wppa-action=render&wppa-size=640&occur=1&page_id=128&wppa-fromp=128&lang=pl&cache=1&album=143&cover=0&occur=1&data-alb=143&#039;, &#039;http:\/\/mariacka-lodz.com.pl\/?page_id=128&lang=pl&cache=1&album=cc9940fdcb38e84b&cover=0&occur=1&data-alb=143&#039; )\"><div id=\"covertext_frame_143_1\" style=\"width:459px; float:left\" class=\"wppa-text-frame-1 wppa-text-frame wppa-cover-text-frame wppa-asym-text-frame-1\"><h2 style=\"clear:none\" class=\"wppa-title\"><a title=\"View the album Koncert kol\u0119d 2016\" style=\"cursor:pointer\" class=\"wppa-title\" onclick=\"wppaDoAjaxRender(event, 1, &#039;http:\/\/mariacka-lodz.com.pl\/index.php?rest_route=\/wp-photo-album-plus\/endPoint?action=wppa&wppa-action=render&wppa-size=640&occur=1&page_id=128&wppa-fromp=128&lang=pl&cache=1&album=143&cover=0&occur=1&data-alb=143&#039;, &#039;http:\/\/mariacka-lodz.com.pl\/?page_id=128&lang=pl&cache=1&album=cc9940fdcb38e84b&cover=0&occur=1&data-alb=143&#039; )\">Koncert kol\u0119d 2016<\/a><\/h2><div style=\"min-height:54px;\" class=\"wppa-box-text wppa-black wppa-box-text-desc\"><\/div><div class=\"wppa-box-text wppa-black wppa-info wppa-slideshow-browse-link wppa-album-cover-link\"><a title=\"Slideshow\" style=\"cursor:pointer\" class=\"wppa-album-cover-link\" onclick=\"wppaDoAjaxRender(event, 1, &#039;http:\/\/mariacka-lodz.com.pl\/index.php?rest_route=\/wp-photo-album-plus\/endPoint?action=wppa&wppa-action=render&wppa-size=640&occur=1&page_id=128&wppa-fromp=128&lang=pl&cache=1&slide=1&occur=1&album=143&#039;, &#039;http:\/\/mariacka-lodz.com.pl\/?page_id=128&lang=pl&cache=1&slide=1&occur=1&album=cc9940fdcb38e84b&#039; )\">Slideshow<\/a><\/div><div class=\"wppa-box-text wppa-black wppa-info wppa-viewlink wppa-album-cover-link\"><a title=\"View the album Koncert kol\u0119d 2016\" style=\"cursor:pointer;\" class=\"wppa-album-cover-link\" onclick=\"wppaDoAjaxRender(event, 1, &#039;http:\/\/mariacka-lodz.com.pl\/index.php?rest_route=\/wp-photo-album-plus\/endPoint?action=wppa&wppa-action=render&wppa-size=640&occur=1&page_id=128&wppa-fromp=128&lang=pl&cache=1&album=143&cover=0&occur=1&data-alb=143&#039;, &#039;http:\/\/mariacka-lodz.com.pl\/?page_id=128&lang=pl&cache=1&album=cc9940fdcb38e84b&cover=0&occur=1&data-alb=143&#039; )\">View&nbsp;28&nbsp;photos<\/a><\/div><\/div><div id=\"coverphoto_frame_143_1\" style=\"float:right; margin-left:5px;width:160px;\" class=\"coverphoto-frame\"><div title=\" \" style=\"display:inline-block;margin:0 4px;\" onclick=\"wppaStopProp(event)\"><a title=\"View the album Koncert kol\u0119d 2016\" style=\"border:0;color:transparent;cursor:pointer;\" target=\"_self\" onclick=\"wppaDoAjaxRender(event, 1, &#039;http:\/\/mariacka-lodz.com.pl\/index.php?rest_route=\/wp-photo-album-plus\/endPoint?action=wppa&wppa-action=render&wppa-size=640&occur=1&page_id=128&wppa-fromp=128&lang=pl&cache=1&album=143&cover=0&occur=1&data-alb=143&#039;, &#039;http:\/\/mariacka-lodz.com.pl\/?page_id=128&lang=pl&cache=1&album=cc9940fdcb38e84b&cover=0&occur=1&data-alb=143&#039; )\"><img decoding=\"async\" style=\"border-width:0px;width:150px;height:100px;opacity:0.85;display:inline;\" src=\"http:\/\/mariacka-lodz.com.pl\/wp-content\/uploads\/wppa\/thumbs\/5926.jpg?ver=9\" alt=\"DSC_0470.JPG\" class=\"image wppa-img\" onmouseover=\"jQuery(this).fadeTo(400, 1.0)\" onmouseout=\"jQuery(this).fadeTo(400,0.85)\"><\/a><\/div><\/div><div title=\" \" onclick=\"wppaStopProp(event);\"><\/div><div style=\"clear:both;\"><\/div><\/div><div id=\"album-142-1\" title=\"View the album Spotkanie op\u0142atkowe ministrant\u00f3w 2016\" style=\"width:100%;float:right;cursor:pointer;\" class=\"wppa-album-cover-standard album wppa-box wppa-cover-box wppa-cover-box-1\" onclick=\"wppaDoAjaxRender(event, 1, &#039;http:\/\/mariacka-lodz.com.pl\/index.php?rest_route=\/wp-photo-album-plus\/endPoint?action=wppa&wppa-action=render&wppa-size=640&occur=1&page_id=128&wppa-fromp=128&lang=pl&cache=1&album=142&cover=0&occur=1&data-alb=142&#039;, &#039;http:\/\/mariacka-lodz.com.pl\/?page_id=128&lang=pl&cache=1&album=997b0d53b0fbae47&cover=0&occur=1&data-alb=142&#039; )\"><div id=\"covertext_frame_142_1\" style=\"width:459px; float:left\" class=\"wppa-text-frame-1 wppa-text-frame wppa-cover-text-frame wppa-asym-text-frame-1\"><h2 style=\"clear:none\" class=\"wppa-title\"><a title=\"View the album Spotkanie op\u0142atkowe ministrant\u00f3w 2016\" style=\"cursor:pointer\" class=\"wppa-title\" onclick=\"wppaDoAjaxRender(event, 1, &#039;http:\/\/mariacka-lodz.com.pl\/index.php?rest_route=\/wp-photo-album-plus\/endPoint?action=wppa&wppa-action=render&wppa-size=640&occur=1&page_id=128&wppa-fromp=128&lang=pl&cache=1&album=142&cover=0&occur=1&data-alb=142&#039;, &#039;http:\/\/mariacka-lodz.com.pl\/?page_id=128&lang=pl&cache=1&album=997b0d53b0fbae47&cover=0&occur=1&data-alb=142&#039; )\">Spotkanie op\u0142atkowe ministrant\u00f3w 2016<\/a><\/h2><div style=\"min-height:54px;\" class=\"wppa-box-text wppa-black wppa-box-text-desc\"><\/div><div class=\"wppa-box-text wppa-black wppa-info wppa-slideshow-browse-link wppa-album-cover-link\"><a title=\"Slideshow\" style=\"cursor:pointer\" class=\"wppa-album-cover-link\" onclick=\"wppaDoAjaxRender(event, 1, &#039;http:\/\/mariacka-lodz.com.pl\/index.php?rest_route=\/wp-photo-album-plus\/endPoint?action=wppa&wppa-action=render&wppa-size=640&occur=1&page_id=128&wppa-fromp=128&lang=pl&cache=1&slide=1&occur=1&album=142&#039;, &#039;http:\/\/mariacka-lodz.com.pl\/?page_id=128&lang=pl&cache=1&slide=1&occur=1&album=997b0d53b0fbae47&#039; )\">Slideshow<\/a><\/div><div class=\"wppa-box-text wppa-black wppa-info wppa-viewlink wppa-album-cover-link\"><a title=\"View the album Spotkanie op\u0142atkowe ministrant\u00f3w 2016\" style=\"cursor:pointer;\" class=\"wppa-album-cover-link\" onclick=\"wppaDoAjaxRender(event, 1, &#039;http:\/\/mariacka-lodz.com.pl\/index.php?rest_route=\/wp-photo-album-plus\/endPoint?action=wppa&wppa-action=render&wppa-size=640&occur=1&page_id=128&wppa-fromp=128&lang=pl&cache=1&album=142&cover=0&occur=1&data-alb=142&#039;, &#039;http:\/\/mariacka-lodz.com.pl\/?page_id=128&lang=pl&cache=1&album=997b0d53b0fbae47&cover=0&occur=1&data-alb=142&#039; )\">View&nbsp;14&nbsp;photos<\/a><\/div><\/div><div id=\"coverphoto_frame_142_1\" style=\"float:right; margin-left:5px;width:160px;\" class=\"coverphoto-frame\"><div title=\" \" style=\"display:inline-block;margin:0 4px;\" onclick=\"wppaStopProp(event)\"><a title=\"View the album Spotkanie op\u0142atkowe ministrant\u00f3w 2016\" style=\"border:0;color:transparent;cursor:pointer;\" target=\"_self\" onclick=\"wppaDoAjaxRender(event, 1, &#039;http:\/\/mariacka-lodz.com.pl\/index.php?rest_route=\/wp-photo-album-plus\/endPoint?action=wppa&wppa-action=render&wppa-size=640&occur=1&page_id=128&wppa-fromp=128&lang=pl&cache=1&album=142&cover=0&occur=1&data-alb=142&#039;, &#039;http:\/\/mariacka-lodz.com.pl\/?page_id=128&lang=pl&cache=1&album=997b0d53b0fbae47&cover=0&occur=1&data-alb=142&#039; )\"><img decoding=\"async\" style=\"border-width:0px;width:150px;height:100px;opacity:0.85;display:inline;\" src=\"http:\/\/mariacka-lodz.com.pl\/wp-content\/uploads\/wppa\/thumbs\/5907.jpg?ver=9\" alt=\"DSC_0409.JPG\" class=\"image wppa-img\" onmouseover=\"jQuery(this).fadeTo(400, 1.0)\" onmouseout=\"jQuery(this).fadeTo(400,0.85)\"><\/a><\/div><\/div><div title=\" \" onclick=\"wppaStopProp(event);\"><\/div><div style=\"clear:both;\"><\/div><\/div><div id=\"album-141-1\" title=\"View the album Spotkanie Op\u0142atkowe Asysty, \u017bywej R\u00f3\u017cy, Rycerstwa Niepokalanej i Matek Chrze\u015bcija\u0144skich 2016\" style=\"width:100%;float:right;cursor:pointer;\" class=\"wppa-album-cover-standard album wppa-box wppa-cover-box wppa-cover-box-1\" onclick=\"wppaDoAjaxRender(event, 1, &#039;http:\/\/mariacka-lodz.com.pl\/index.php?rest_route=\/wp-photo-album-plus\/endPoint?action=wppa&wppa-action=render&wppa-size=640&occur=1&page_id=128&wppa-fromp=128&lang=pl&cache=1&album=141&cover=0&occur=1&data-alb=141&#039;, &#039;http:\/\/mariacka-lodz.com.pl\/?page_id=128&lang=pl&cache=1&album=bfec2f23adf995a8&cover=0&occur=1&data-alb=141&#039; )\"><div id=\"covertext_frame_141_1\" style=\"width:459px; float:left\" class=\"wppa-text-frame-1 wppa-text-frame wppa-cover-text-frame wppa-asym-text-frame-1\"><h2 style=\"clear:none\" class=\"wppa-title\"><a title=\"View the album Spotkanie Op\u0142atkowe Asysty, \u017bywej R\u00f3\u017cy, Rycerstwa Niepokalanej i Matek Chrze\u015bcija\u0144skich 2016\" style=\"cursor:pointer\" class=\"wppa-title\" onclick=\"wppaDoAjaxRender(event, 1, &#039;http:\/\/mariacka-lodz.com.pl\/index.php?rest_route=\/wp-photo-album-plus\/endPoint?action=wppa&wppa-action=render&wppa-size=640&occur=1&page_id=128&wppa-fromp=128&lang=pl&cache=1&album=141&cover=0&occur=1&data-alb=141&#039;, &#039;http:\/\/mariacka-lodz.com.pl\/?page_id=128&lang=pl&cache=1&album=bfec2f23adf995a8&cover=0&occur=1&data-alb=141&#039; )\">Spotkanie Op\u0142atkowe Asysty, \u017bywej R\u00f3\u017cy, Rycerstwa Niepokalanej i Matek Chrze\u015bcija\u0144skich 2016<\/a><\/h2><div style=\"min-height:54px;\" class=\"wppa-box-text wppa-black wppa-box-text-desc\"><\/div><div class=\"wppa-box-text wppa-black wppa-info wppa-slideshow-browse-link wppa-album-cover-link\"><a title=\"Slideshow\" style=\"cursor:pointer\" class=\"wppa-album-cover-link\" onclick=\"wppaDoAjaxRender(event, 1, &#039;http:\/\/mariacka-lodz.com.pl\/index.php?rest_route=\/wp-photo-album-plus\/endPoint?action=wppa&wppa-action=render&wppa-size=640&occur=1&page_id=128&wppa-fromp=128&lang=pl&cache=1&slide=1&occur=1&album=141&#039;, &#039;http:\/\/mariacka-lodz.com.pl\/?page_id=128&lang=pl&cache=1&slide=1&occur=1&album=bfec2f23adf995a8&#039; )\">Slideshow<\/a><\/div><div class=\"wppa-box-text wppa-black wppa-info wppa-viewlink wppa-album-cover-link\"><a title=\"View the album Spotkanie Op\u0142atkowe Asysty, \u017bywej R\u00f3\u017cy, Rycerstwa Niepokalanej i Matek Chrze\u015bcija\u0144skich 2016\" style=\"cursor:pointer;\" class=\"wppa-album-cover-link\" onclick=\"wppaDoAjaxRender(event, 1, &#039;http:\/\/mariacka-lodz.com.pl\/index.php?rest_route=\/wp-photo-album-plus\/endPoint?action=wppa&wppa-action=render&wppa-size=640&occur=1&page_id=128&wppa-fromp=128&lang=pl&cache=1&album=141&cover=0&occur=1&data-alb=141&#039;, &#039;http:\/\/mariacka-lodz.com.pl\/?page_id=128&lang=pl&cache=1&album=bfec2f23adf995a8&cover=0&occur=1&data-alb=141&#039; )\">View&nbsp;39&nbsp;photos<\/a><\/div><\/div><div id=\"coverphoto_frame_141_1\" style=\"float:right; margin-left:5px;width:160px;\" class=\"coverphoto-frame\"><div title=\" \" style=\"display:inline-block;margin:0 4px;\" onclick=\"wppaStopProp(event)\"><a title=\"View the album Spotkanie Op\u0142atkowe Asysty, \u017bywej R\u00f3\u017cy, Rycerstwa Niepokalanej i Matek Chrze\u015bcija\u0144skich 2016\" style=\"border:0;color:transparent;cursor:pointer;\" target=\"_self\" onclick=\"wppaDoAjaxRender(event, 1, &#039;http:\/\/mariacka-lodz.com.pl\/index.php?rest_route=\/wp-photo-album-plus\/endPoint?action=wppa&wppa-action=render&wppa-size=640&occur=1&page_id=128&wppa-fromp=128&lang=pl&cache=1&album=141&cover=0&occur=1&data-alb=141&#039;, &#039;http:\/\/mariacka-lodz.com.pl\/?page_id=128&lang=pl&cache=1&album=bfec2f23adf995a8&cover=0&occur=1&data-alb=141&#039; )\"><img decoding=\"async\" style=\"border-width:0px;width:150px;height:100px;opacity:0.85;display:inline;\" src=\"http:\/\/mariacka-lodz.com.pl\/wp-content\/uploads\/wppa\/thumbs\/5864.jpg?ver=9\" alt=\"DSC_0193.JPG\" class=\"image wppa-img\" onmouseover=\"jQuery(this).fadeTo(400, 1.0)\" onmouseout=\"jQuery(this).fadeTo(400,0.85)\"><\/a><\/div><\/div><div title=\" \" onclick=\"wppaStopProp(event);\"><\/div><div style=\"clear:both;\"><\/div><\/div><div id=\"album-140-1\" title=\"View the album Jase\u0142ka 2016\" style=\"width:100%;float:right;cursor:pointer;\" class=\"wppa-album-cover-standard album wppa-box wppa-cover-box wppa-cover-box-1\" onclick=\"wppaDoAjaxRender(event, 1, &#039;http:\/\/mariacka-lodz.com.pl\/index.php?rest_route=\/wp-photo-album-plus\/endPoint?action=wppa&wppa-action=render&wppa-size=640&occur=1&page_id=128&wppa-fromp=128&lang=pl&cache=1&album=140&cover=0&occur=1&data-alb=140&#039;, &#039;http:\/\/mariacka-lodz.com.pl\/?page_id=128&lang=pl&cache=1&album=0e7b32f3ef5ceb35&cover=0&occur=1&data-alb=140&#039; )\"><div id=\"covertext_frame_140_1\" style=\"width:459px; float:left\" class=\"wppa-text-frame-1 wppa-text-frame wppa-cover-text-frame wppa-asym-text-frame-1\"><h2 style=\"clear:none\" class=\"wppa-title\"><a title=\"View the album Jase\u0142ka 2016\" style=\"cursor:pointer\" class=\"wppa-title\" onclick=\"wppaDoAjaxRender(event, 1, &#039;http:\/\/mariacka-lodz.com.pl\/index.php?rest_route=\/wp-photo-album-plus\/endPoint?action=wppa&wppa-action=render&wppa-size=640&occur=1&page_id=128&wppa-fromp=128&lang=pl&cache=1&album=140&cover=0&occur=1&data-alb=140&#039;, &#039;http:\/\/mariacka-lodz.com.pl\/?page_id=128&lang=pl&cache=1&album=0e7b32f3ef5ceb35&cover=0&occur=1&data-alb=140&#039; )\">Jase\u0142ka 2016<\/a><\/h2><div style=\"min-height:54px;\" class=\"wppa-box-text wppa-black wppa-box-text-desc\"><\/div><div class=\"wppa-box-text wppa-black wppa-info wppa-slideshow-browse-link wppa-album-cover-link\"><a title=\"Slideshow\" style=\"cursor:pointer\" class=\"wppa-album-cover-link\" onclick=\"wppaDoAjaxRender(event, 1, &#039;http:\/\/mariacka-lodz.com.pl\/index.php?rest_route=\/wp-photo-album-plus\/endPoint?action=wppa&wppa-action=render&wppa-size=640&occur=1&page_id=128&wppa-fromp=128&lang=pl&cache=1&slide=1&occur=1&album=140&#039;, &#039;http:\/\/mariacka-lodz.com.pl\/?page_id=128&lang=pl&cache=1&slide=1&occur=1&album=0e7b32f3ef5ceb35&#039; )\">Slideshow<\/a><\/div><div class=\"wppa-box-text wppa-black wppa-info wppa-viewlink wppa-album-cover-link\"><a title=\"View the album Jase\u0142ka 2016\" style=\"cursor:pointer;\" class=\"wppa-album-cover-link\" onclick=\"wppaDoAjaxRender(event, 1, &#039;http:\/\/mariacka-lodz.com.pl\/index.php?rest_route=\/wp-photo-album-plus\/endPoint?action=wppa&wppa-action=render&wppa-size=640&occur=1&page_id=128&wppa-fromp=128&lang=pl&cache=1&album=140&cover=0&occur=1&data-alb=140&#039;, &#039;http:\/\/mariacka-lodz.com.pl\/?page_id=128&lang=pl&cache=1&album=0e7b32f3ef5ceb35&cover=0&occur=1&data-alb=140&#039; )\">View&nbsp;33&nbsp;photos<\/a><\/div><\/div><div id=\"coverphoto_frame_140_1\" style=\"float:right; margin-left:5px;width:160px;\" class=\"coverphoto-frame\"><div title=\" \" style=\"display:inline-block;margin:0 4px;\" onclick=\"wppaStopProp(event)\"><a title=\"View the album Jase\u0142ka 2016\" style=\"border:0;color:transparent;cursor:pointer;\" target=\"_self\" onclick=\"wppaDoAjaxRender(event, 1, &#039;http:\/\/mariacka-lodz.com.pl\/index.php?rest_route=\/wp-photo-album-plus\/endPoint?action=wppa&wppa-action=render&wppa-size=640&occur=1&page_id=128&wppa-fromp=128&lang=pl&cache=1&album=140&cover=0&occur=1&data-alb=140&#039;, &#039;http:\/\/mariacka-lodz.com.pl\/?page_id=128&lang=pl&cache=1&album=0e7b32f3ef5ceb35&cover=0&occur=1&data-alb=140&#039; )\"><img decoding=\"async\" style=\"border-width:0px;width:150px;height:100px;opacity:0.85;display:inline;\" src=\"http:\/\/mariacka-lodz.com.pl\/wp-content\/uploads\/wppa\/thumbs\/5831.jpg?ver=9\" alt=\"DSC_0043.JPG\" class=\"image wppa-img\" onmouseover=\"jQuery(this).fadeTo(400, 1.0)\" onmouseout=\"jQuery(this).fadeTo(400,0.85)\"><\/a><\/div><\/div><div title=\" \" onclick=\"wppaStopProp(event);\"><\/div><div style=\"clear:both;\"><\/div><\/div><div id=\"album-139-1\" title=\"View the album Bp Ireneusz - Nowy Rok 2016\" style=\"width:100%;float:right;cursor:pointer;\" class=\"wppa-album-cover-standard album wppa-box wppa-cover-box wppa-cover-box-1\" onclick=\"wppaDoAjaxRender(event, 1, &#039;http:\/\/mariacka-lodz.com.pl\/index.php?rest_route=\/wp-photo-album-plus\/endPoint?action=wppa&wppa-action=render&wppa-size=640&occur=1&page_id=128&wppa-fromp=128&lang=pl&cache=1&album=139&cover=0&occur=1&data-alb=139&#039;, &#039;http:\/\/mariacka-lodz.com.pl\/?page_id=128&lang=pl&cache=1&album=19ee592349a4c9bf&cover=0&occur=1&data-alb=139&#039; )\"><div id=\"covertext_frame_139_1\" style=\"width:459px; float:left\" class=\"wppa-text-frame-1 wppa-text-frame wppa-cover-text-frame wppa-asym-text-frame-1\"><h2 style=\"clear:none\" class=\"wppa-title\"><a title=\"View the album Bp Ireneusz - Nowy Rok 2016\" style=\"cursor:pointer\" class=\"wppa-title\" onclick=\"wppaDoAjaxRender(event, 1, &#039;http:\/\/mariacka-lodz.com.pl\/index.php?rest_route=\/wp-photo-album-plus\/endPoint?action=wppa&wppa-action=render&wppa-size=640&occur=1&page_id=128&wppa-fromp=128&lang=pl&cache=1&album=139&cover=0&occur=1&data-alb=139&#039;, &#039;http:\/\/mariacka-lodz.com.pl\/?page_id=128&lang=pl&cache=1&album=19ee592349a4c9bf&cover=0&occur=1&data-alb=139&#039; )\">Bp Ireneusz - Nowy Rok 2016<\/a><\/h2><div style=\"min-height:54px;\" class=\"wppa-box-text wppa-black wppa-box-text-desc\"><\/div><div class=\"wppa-box-text wppa-black wppa-info wppa-slideshow-browse-link wppa-album-cover-link\"><a title=\"Slideshow\" style=\"cursor:pointer\" class=\"wppa-album-cover-link\" onclick=\"wppaDoAjaxRender(event, 1, &#039;http:\/\/mariacka-lodz.com.pl\/index.php?rest_route=\/wp-photo-album-plus\/endPoint?action=wppa&wppa-action=render&wppa-size=640&occur=1&page_id=128&wppa-fromp=128&lang=pl&cache=1&slide=1&occur=1&album=139&#039;, &#039;http:\/\/mariacka-lodz.com.pl\/?page_id=128&lang=pl&cache=1&slide=1&occur=1&album=19ee592349a4c9bf&#039; )\">Slideshow<\/a><\/div><div class=\"wppa-box-text wppa-black wppa-info wppa-viewlink wppa-album-cover-link\"><a title=\"View the album Bp Ireneusz - Nowy Rok 2016\" style=\"cursor:pointer;\" class=\"wppa-album-cover-link\" onclick=\"wppaDoAjaxRender(event, 1, &#039;http:\/\/mariacka-lodz.com.pl\/index.php?rest_route=\/wp-photo-album-plus\/endPoint?action=wppa&wppa-action=render&wppa-size=640&occur=1&page_id=128&wppa-fromp=128&lang=pl&cache=1&album=139&cover=0&occur=1&data-alb=139&#039;, &#039;http:\/\/mariacka-lodz.com.pl\/?page_id=128&lang=pl&cache=1&album=19ee592349a4c9bf&cover=0&occur=1&data-alb=139&#039; )\">View&nbsp;32&nbsp;photos<\/a><\/div><\/div><div id=\"coverphoto_frame_139_1\" style=\"float:right; margin-left:5px;width:160px;\" class=\"coverphoto-frame\"><div title=\" \" style=\"display:inline-block;margin:0 4px;\" onclick=\"wppaStopProp(event)\"><a title=\"View the album Bp Ireneusz - Nowy Rok 2016\" style=\"border:0;color:transparent;cursor:pointer;\" target=\"_self\" onclick=\"wppaDoAjaxRender(event, 1, &#039;http:\/\/mariacka-lodz.com.pl\/index.php?rest_route=\/wp-photo-album-plus\/endPoint?action=wppa&wppa-action=render&wppa-size=640&occur=1&page_id=128&wppa-fromp=128&lang=pl&cache=1&album=139&cover=0&occur=1&data-alb=139&#039;, &#039;http:\/\/mariacka-lodz.com.pl\/?page_id=128&lang=pl&cache=1&album=19ee592349a4c9bf&cover=0&occur=1&data-alb=139&#039; )\"><img decoding=\"async\" style=\"border-width:0px;width:150px;height:100px;opacity:0.85;display:inline;\" src=\"http:\/\/mariacka-lodz.com.pl\/wp-content\/uploads\/wppa\/thumbs\/5799.jpg?ver=9\" alt=\"DSC_0868.JPG\" class=\"image wppa-img\" onmouseover=\"jQuery(this).fadeTo(400, 1.0)\" onmouseout=\"jQuery(this).fadeTo(400,0.85)\"><\/a><\/div><\/div><div title=\" \" onclick=\"wppaStopProp(event);\"><\/div><div style=\"clear:both;\"><\/div><\/div><div id=\"album-138-1\" title=\"View the album Szopka 2015\" style=\"width:100%;float:right;cursor:pointer;\" class=\"wppa-album-cover-standard album wppa-box wppa-cover-box wppa-cover-box-1\" onclick=\"wppaDoAjaxRender(event, 1, &#039;http:\/\/mariacka-lodz.com.pl\/index.php?rest_route=\/wp-photo-album-plus\/endPoint?action=wppa&wppa-action=render&wppa-size=640&occur=1&page_id=128&wppa-fromp=128&lang=pl&cache=1&album=138&cover=0&occur=1&data-alb=138&#039;, &#039;http:\/\/mariacka-lodz.com.pl\/?page_id=128&lang=pl&cache=1&album=5776dadf28fd6279&cover=0&occur=1&data-alb=138&#039; )\"><div id=\"covertext_frame_138_1\" style=\"width:459px; float:left\" class=\"wppa-text-frame-1 wppa-text-frame wppa-cover-text-frame wppa-asym-text-frame-1\"><h2 style=\"clear:none\" class=\"wppa-title\"><a title=\"View the album Szopka 2015\" style=\"cursor:pointer\" class=\"wppa-title\" onclick=\"wppaDoAjaxRender(event, 1, &#039;http:\/\/mariacka-lodz.com.pl\/index.php?rest_route=\/wp-photo-album-plus\/endPoint?action=wppa&wppa-action=render&wppa-size=640&occur=1&page_id=128&wppa-fromp=128&lang=pl&cache=1&album=138&cover=0&occur=1&data-alb=138&#039;, &#039;http:\/\/mariacka-lodz.com.pl\/?page_id=128&lang=pl&cache=1&album=5776dadf28fd6279&cover=0&occur=1&data-alb=138&#039; )\">Szopka 2015<\/a><\/h2><div style=\"min-height:54px;\" class=\"wppa-box-text wppa-black wppa-box-text-desc\"><\/div><div class=\"wppa-box-text wppa-black wppa-info wppa-slideshow-browse-link wppa-album-cover-link\"><a title=\"Slideshow\" style=\"cursor:pointer\" class=\"wppa-album-cover-link\" onclick=\"wppaDoAjaxRender(event, 1, &#039;http:\/\/mariacka-lodz.com.pl\/index.php?rest_route=\/wp-photo-album-plus\/endPoint?action=wppa&wppa-action=render&wppa-size=640&occur=1&page_id=128&wppa-fromp=128&lang=pl&cache=1&slide=1&occur=1&album=138&#039;, &#039;http:\/\/mariacka-lodz.com.pl\/?page_id=128&lang=pl&cache=1&slide=1&occur=1&album=5776dadf28fd6279&#039; )\">Slideshow<\/a><\/div><div class=\"wppa-box-text wppa-black wppa-info wppa-viewlink wppa-album-cover-link\"><a title=\"View the album Szopka 2015\" style=\"cursor:pointer;\" class=\"wppa-album-cover-link\" onclick=\"wppaDoAjaxRender(event, 1, &#039;http:\/\/mariacka-lodz.com.pl\/index.php?rest_route=\/wp-photo-album-plus\/endPoint?action=wppa&wppa-action=render&wppa-size=640&occur=1&page_id=128&wppa-fromp=128&lang=pl&cache=1&album=138&cover=0&occur=1&data-alb=138&#039;, &#039;http:\/\/mariacka-lodz.com.pl\/?page_id=128&lang=pl&cache=1&album=5776dadf28fd6279&cover=0&occur=1&data-alb=138&#039; )\">View&nbsp;28&nbsp;photos<\/a><\/div><\/div><div id=\"coverphoto_frame_138_1\" style=\"float:right; margin-left:5px;width:160px;\" class=\"coverphoto-frame\"><div title=\" \" style=\"display:inline-block;margin:0 4px;\" onclick=\"wppaStopProp(event)\"><a title=\"View the album Szopka 2015\" style=\"border:0;color:transparent;cursor:pointer;\" target=\"_self\" onclick=\"wppaDoAjaxRender(event, 1, &#039;http:\/\/mariacka-lodz.com.pl\/index.php?rest_route=\/wp-photo-album-plus\/endPoint?action=wppa&wppa-action=render&wppa-size=640&occur=1&page_id=128&wppa-fromp=128&lang=pl&cache=1&album=138&cover=0&occur=1&data-alb=138&#039;, &#039;http:\/\/mariacka-lodz.com.pl\/?page_id=128&lang=pl&cache=1&album=5776dadf28fd6279&cover=0&occur=1&data-alb=138&#039; )\"><img decoding=\"async\" style=\"border-width:0px;width:150px;height:100px;opacity:0.85;display:inline;\" src=\"http:\/\/mariacka-lodz.com.pl\/wp-content\/uploads\/wppa\/thumbs\/5771.jpg?ver=9\" alt=\"Zdj (6).JPG\" class=\"image wppa-img\" onmouseover=\"jQuery(this).fadeTo(400, 1.0)\" onmouseout=\"jQuery(this).fadeTo(400,0.85)\"><\/a><\/div><\/div><div title=\" \" onclick=\"wppaStopProp(event);\"><\/div><div style=\"clear:both;\"><\/div><\/div><div id=\"album-137-1\" title=\"View the album Pasterka 2015\" style=\"width:100%;float:right;cursor:pointer;\" class=\"wppa-album-cover-standard album wppa-box wppa-cover-box wppa-cover-box-1\" onclick=\"wppaDoAjaxRender(event, 1, &#039;http:\/\/mariacka-lodz.com.pl\/index.php?rest_route=\/wp-photo-album-plus\/endPoint?action=wppa&wppa-action=render&wppa-size=640&occur=1&page_id=128&wppa-fromp=128&lang=pl&cache=1&album=137&cover=0&occur=1&data-alb=137&#039;, &#039;http:\/\/mariacka-lodz.com.pl\/?page_id=128&lang=pl&cache=1&album=109922c8144f43d7&cover=0&occur=1&data-alb=137&#039; )\"><div id=\"covertext_frame_137_1\" style=\"width:459px; float:left\" class=\"wppa-text-frame-1 wppa-text-frame wppa-cover-text-frame wppa-asym-text-frame-1\"><h2 style=\"clear:none\" class=\"wppa-title\"><a title=\"View the album Pasterka 2015\" style=\"cursor:pointer\" class=\"wppa-title\" onclick=\"wppaDoAjaxRender(event, 1, &#039;http:\/\/mariacka-lodz.com.pl\/index.php?rest_route=\/wp-photo-album-plus\/endPoint?action=wppa&wppa-action=render&wppa-size=640&occur=1&page_id=128&wppa-fromp=128&lang=pl&cache=1&album=137&cover=0&occur=1&data-alb=137&#039;, &#039;http:\/\/mariacka-lodz.com.pl\/?page_id=128&lang=pl&cache=1&album=109922c8144f43d7&cover=0&occur=1&data-alb=137&#039; )\">Pasterka 2015<\/a><\/h2><div style=\"min-height:54px;\" class=\"wppa-box-text wppa-black wppa-box-text-desc\"><\/div><div class=\"wppa-box-text wppa-black wppa-info wppa-slideshow-browse-link wppa-album-cover-link\"><a title=\"Slideshow\" style=\"cursor:pointer\" class=\"wppa-album-cover-link\" onclick=\"wppaDoAjaxRender(event, 1, &#039;http:\/\/mariacka-lodz.com.pl\/index.php?rest_route=\/wp-photo-album-plus\/endPoint?action=wppa&wppa-action=render&wppa-size=640&occur=1&page_id=128&wppa-fromp=128&lang=pl&cache=1&slide=1&occur=1&album=137&#039;, &#039;http:\/\/mariacka-lodz.com.pl\/?page_id=128&lang=pl&cache=1&slide=1&occur=1&album=109922c8144f43d7&#039; )\">Slideshow<\/a><\/div><div class=\"wppa-box-text wppa-black wppa-info wppa-viewlink wppa-album-cover-link\"><a title=\"View the album Pasterka 2015\" style=\"cursor:pointer;\" class=\"wppa-album-cover-link\" onclick=\"wppaDoAjaxRender(event, 1, &#039;http:\/\/mariacka-lodz.com.pl\/index.php?rest_route=\/wp-photo-album-plus\/endPoint?action=wppa&wppa-action=render&wppa-size=640&occur=1&page_id=128&wppa-fromp=128&lang=pl&cache=1&album=137&cover=0&occur=1&data-alb=137&#039;, &#039;http:\/\/mariacka-lodz.com.pl\/?page_id=128&lang=pl&cache=1&album=109922c8144f43d7&cover=0&occur=1&data-alb=137&#039; )\">View&nbsp;48&nbsp;photos<\/a><\/div><\/div><div id=\"coverphoto_frame_137_1\" style=\"float:right; margin-left:5px;width:160px;\" class=\"coverphoto-frame\"><div title=\" \" style=\"display:inline-block;margin:0 4px;\" onclick=\"wppaStopProp(event)\"><a title=\"View the album Pasterka 2015\" style=\"border:0;color:transparent;cursor:pointer;\" target=\"_self\" onclick=\"wppaDoAjaxRender(event, 1, &#039;http:\/\/mariacka-lodz.com.pl\/index.php?rest_route=\/wp-photo-album-plus\/endPoint?action=wppa&wppa-action=render&wppa-size=640&occur=1&page_id=128&wppa-fromp=128&lang=pl&cache=1&album=137&cover=0&occur=1&data-alb=137&#039;, &#039;http:\/\/mariacka-lodz.com.pl\/?page_id=128&lang=pl&cache=1&album=109922c8144f43d7&cover=0&occur=1&data-alb=137&#039; )\"><img decoding=\"async\" style=\"border-width:0px;width:150px;height:100px;opacity:0.85;display:inline;\" src=\"http:\/\/mariacka-lodz.com.pl\/wp-content\/uploads\/wppa\/thumbs\/5723.jpg?ver=9\" alt=\"DSC_0662.JPG\" class=\"image wppa-img\" onmouseover=\"jQuery(this).fadeTo(400, 1.0)\" onmouseout=\"jQuery(this).fadeTo(400,0.85)\"><\/a><\/div><\/div><div title=\" \" onclick=\"wppaStopProp(event);\"><\/div><div style=\"clear:both;\"><\/div><\/div><div id=\"album-136-1\" title=\"View the album Spotkanie op\u0142atkowe dzieci ucz\u0119szczaj\u0105cych na parafialn\u0105 \u015bwietlic\u0119 i scholi dzieci\u0119cej\" style=\"width:100%;float:right;cursor:pointer;\" class=\"wppa-album-cover-standard album wppa-box wppa-cover-box wppa-cover-box-1\" onclick=\"wppaDoAjaxRender(event, 1, &#039;http:\/\/mariacka-lodz.com.pl\/index.php?rest_route=\/wp-photo-album-plus\/endPoint?action=wppa&wppa-action=render&wppa-size=640&occur=1&page_id=128&wppa-fromp=128&lang=pl&cache=1&album=136&cover=0&occur=1&data-alb=136&#039;, &#039;http:\/\/mariacka-lodz.com.pl\/?page_id=128&lang=pl&cache=1&album=5d8c98a12bf17f00&cover=0&occur=1&data-alb=136&#039; )\"><div id=\"covertext_frame_136_1\" style=\"width:459px; float:left\" class=\"wppa-text-frame-1 wppa-text-frame wppa-cover-text-frame wppa-asym-text-frame-1\"><h2 style=\"clear:none\" class=\"wppa-title\"><a title=\"View the album Spotkanie op\u0142atkowe dzieci ucz\u0119szczaj\u0105cych na parafialn\u0105 \u015bwietlic\u0119 i scholi dzieci\u0119cej\" style=\"cursor:pointer\" class=\"wppa-title\" onclick=\"wppaDoAjaxRender(event, 1, &#039;http:\/\/mariacka-lodz.com.pl\/index.php?rest_route=\/wp-photo-album-plus\/endPoint?action=wppa&wppa-action=render&wppa-size=640&occur=1&page_id=128&wppa-fromp=128&lang=pl&cache=1&album=136&cover=0&occur=1&data-alb=136&#039;, &#039;http:\/\/mariacka-lodz.com.pl\/?page_id=128&lang=pl&cache=1&album=5d8c98a12bf17f00&cover=0&occur=1&data-alb=136&#039; )\">Spotkanie op\u0142atkowe dzieci ucz\u0119szczaj\u0105cych na parafialn\u0105 \u015bwietlic\u0119 i scholi dzieci\u0119cej<\/a><\/h2><div style=\"min-height:54px;\" class=\"wppa-box-text wppa-black wppa-box-text-desc\"><\/div><div class=\"wppa-box-text wppa-black wppa-info wppa-slideshow-browse-link wppa-album-cover-link\"><a title=\"Slideshow\" style=\"cursor:pointer\" class=\"wppa-album-cover-link\" onclick=\"wppaDoAjaxRender(event, 1, &#039;http:\/\/mariacka-lodz.com.pl\/index.php?rest_route=\/wp-photo-album-plus\/endPoint?action=wppa&wppa-action=render&wppa-size=640&occur=1&page_id=128&wppa-fromp=128&lang=pl&cache=1&slide=1&occur=1&album=136&#039;, &#039;http:\/\/mariacka-lodz.com.pl\/?page_id=128&lang=pl&cache=1&slide=1&occur=1&album=5d8c98a12bf17f00&#039; )\">Slideshow<\/a><\/div><div class=\"wppa-box-text wppa-black wppa-info wppa-viewlink wppa-album-cover-link\"><a title=\"View the album Spotkanie op\u0142atkowe dzieci ucz\u0119szczaj\u0105cych na parafialn\u0105 \u015bwietlic\u0119 i scholi dzieci\u0119cej\" style=\"cursor:pointer;\" class=\"wppa-album-cover-link\" onclick=\"wppaDoAjaxRender(event, 1, &#039;http:\/\/mariacka-lodz.com.pl\/index.php?rest_route=\/wp-photo-album-plus\/endPoint?action=wppa&wppa-action=render&wppa-size=640&occur=1&page_id=128&wppa-fromp=128&lang=pl&cache=1&album=136&cover=0&occur=1&data-alb=136&#039;, &#039;http:\/\/mariacka-lodz.com.pl\/?page_id=128&lang=pl&cache=1&album=5d8c98a12bf17f00&cover=0&occur=1&data-alb=136&#039; )\">View&nbsp;36&nbsp;photos<\/a><\/div><\/div><div id=\"coverphoto_frame_136_1\" style=\"float:right; margin-left:5px;width:160px;\" class=\"coverphoto-frame\"><div title=\" \" style=\"display:inline-block;margin:0 4px;\" onclick=\"wppaStopProp(event)\"><a title=\"View the album Spotkanie op\u0142atkowe dzieci ucz\u0119szczaj\u0105cych na parafialn\u0105 \u015bwietlic\u0119 i scholi dzieci\u0119cej\" style=\"border:0;color:transparent;cursor:pointer;\" target=\"_self\" onclick=\"wppaDoAjaxRender(event, 1, &#039;http:\/\/mariacka-lodz.com.pl\/index.php?rest_route=\/wp-photo-album-plus\/endPoint?action=wppa&wppa-action=render&wppa-size=640&occur=1&page_id=128&wppa-fromp=128&lang=pl&cache=1&album=136&cover=0&occur=1&data-alb=136&#039;, &#039;http:\/\/mariacka-lodz.com.pl\/?page_id=128&lang=pl&cache=1&album=5d8c98a12bf17f00&cover=0&occur=1&data-alb=136&#039; )\"><img decoding=\"async\" style=\"border-width:0px;width:150px;height:100px;opacity:0.85;display:inline;\" src=\"http:\/\/mariacka-lodz.com.pl\/wp-content\/uploads\/wppa\/thumbs\/5686.jpg?ver=9\" alt=\"DSC_0523.JPG\" class=\"image wppa-img\" onmouseover=\"jQuery(this).fadeTo(400, 1.0)\" onmouseout=\"jQuery(this).fadeTo(400,0.85)\"><\/a><\/div><\/div><div title=\" \" onclick=\"wppaStopProp(event);\"><\/div><div style=\"clear:both;\"><\/div><\/div><div id=\"album-135-1\" title=\"View the album Otwarcie Bramy Mi\u0142osierdzia - 13.12.2015\" style=\"width:100%;float:right;cursor:pointer;\" class=\"wppa-album-cover-standard album wppa-box wppa-cover-box wppa-cover-box-1\" onclick=\"wppaDoAjaxRender(event, 1, &#039;http:\/\/mariacka-lodz.com.pl\/index.php?rest_route=\/wp-photo-album-plus\/endPoint?action=wppa&wppa-action=render&wppa-size=640&occur=1&page_id=128&wppa-fromp=128&lang=pl&cache=1&album=135&cover=0&occur=1&data-alb=135&#039;, &#039;http:\/\/mariacka-lodz.com.pl\/?page_id=128&lang=pl&cache=1&album=6ab637e139eac903&cover=0&occur=1&data-alb=135&#039; )\"><div id=\"covertext_frame_135_1\" style=\"width:459px; float:left\" class=\"wppa-text-frame-1 wppa-text-frame wppa-cover-text-frame wppa-asym-text-frame-1\"><h2 style=\"clear:none\" class=\"wppa-title\"><a title=\"View the album Otwarcie Bramy Mi\u0142osierdzia - 13.12.2015\" style=\"cursor:pointer\" class=\"wppa-title\" onclick=\"wppaDoAjaxRender(event, 1, &#039;http:\/\/mariacka-lodz.com.pl\/index.php?rest_route=\/wp-photo-album-plus\/endPoint?action=wppa&wppa-action=render&wppa-size=640&occur=1&page_id=128&wppa-fromp=128&lang=pl&cache=1&album=135&cover=0&occur=1&data-alb=135&#039;, &#039;http:\/\/mariacka-lodz.com.pl\/?page_id=128&lang=pl&cache=1&album=6ab637e139eac903&cover=0&occur=1&data-alb=135&#039; )\">Otwarcie Bramy Mi\u0142osierdzia - 13.12.2015<\/a><\/h2><div style=\"min-height:54px;\" class=\"wppa-box-text wppa-black wppa-box-text-desc\"><\/div><div class=\"wppa-box-text wppa-black wppa-info wppa-slideshow-browse-link wppa-album-cover-link\"><a title=\"Slideshow\" style=\"cursor:pointer\" class=\"wppa-album-cover-link\" onclick=\"wppaDoAjaxRender(event, 1, &#039;http:\/\/mariacka-lodz.com.pl\/index.php?rest_route=\/wp-photo-album-plus\/endPoint?action=wppa&wppa-action=render&wppa-size=640&occur=1&page_id=128&wppa-fromp=128&lang=pl&cache=1&slide=1&occur=1&album=135&#039;, &#039;http:\/\/mariacka-lodz.com.pl\/?page_id=128&lang=pl&cache=1&slide=1&occur=1&album=6ab637e139eac903&#039; )\">Slideshow<\/a><\/div><div class=\"wppa-box-text wppa-black wppa-info wppa-viewlink wppa-album-cover-link\"><a title=\"View the album Otwarcie Bramy Mi\u0142osierdzia - 13.12.2015\" style=\"cursor:pointer;\" class=\"wppa-album-cover-link\" onclick=\"wppaDoAjaxRender(event, 1, &#039;http:\/\/mariacka-lodz.com.pl\/index.php?rest_route=\/wp-photo-album-plus\/endPoint?action=wppa&wppa-action=render&wppa-size=640&occur=1&page_id=128&wppa-fromp=128&lang=pl&cache=1&album=135&cover=0&occur=1&data-alb=135&#039;, &#039;http:\/\/mariacka-lodz.com.pl\/?page_id=128&lang=pl&cache=1&album=6ab637e139eac903&cover=0&occur=1&data-alb=135&#039; )\">View&nbsp;33&nbsp;photos<\/a><\/div><\/div><div id=\"coverphoto_frame_135_1\" style=\"float:right; margin-left:5px;width:160px;\" class=\"coverphoto-frame\"><div title=\" \" style=\"display:inline-block;margin:0 4px;\" onclick=\"wppaStopProp(event)\"><a title=\"View the album Otwarcie Bramy Mi\u0142osierdzia - 13.12.2015\" style=\"border:0;color:transparent;cursor:pointer;\" target=\"_self\" onclick=\"wppaDoAjaxRender(event, 1, &#039;http:\/\/mariacka-lodz.com.pl\/index.php?rest_route=\/wp-photo-album-plus\/endPoint?action=wppa&wppa-action=render&wppa-size=640&occur=1&page_id=128&wppa-fromp=128&lang=pl&cache=1&album=135&cover=0&occur=1&data-alb=135&#039;, &#039;http:\/\/mariacka-lodz.com.pl\/?page_id=128&lang=pl&cache=1&album=6ab637e139eac903&cover=0&occur=1&data-alb=135&#039; )\"><img decoding=\"async\" style=\"border-width:0px;width:150px;height:100px;opacity:0.85;display:inline;\" src=\"http:\/\/mariacka-lodz.com.pl\/wp-content\/uploads\/wppa\/thumbs\/5641.jpg?ver=9\" alt=\"DSC_0353.JPG\" class=\"image wppa-img\" onmouseover=\"jQuery(this).fadeTo(400, 1.0)\" onmouseout=\"jQuery(this).fadeTo(400,0.85)\"><\/a><\/div><\/div><div title=\" \" onclick=\"wppaStopProp(event);\"><\/div><div style=\"clear:both;\"><\/div><\/div><div id=\"album-134-1\" title=\"View the album Miko\u0142ajki 2015\" style=\"width:100%;float:right;cursor:pointer;\" class=\"wppa-album-cover-standard album wppa-box wppa-cover-box wppa-cover-box-1\" onclick=\"wppaDoAjaxRender(event, 1, &#039;http:\/\/mariacka-lodz.com.pl\/index.php?rest_route=\/wp-photo-album-plus\/endPoint?action=wppa&wppa-action=render&wppa-size=640&occur=1&page_id=128&wppa-fromp=128&lang=pl&cache=1&album=134&cover=0&occur=1&data-alb=134&#039;, &#039;http:\/\/mariacka-lodz.com.pl\/?page_id=128&lang=pl&cache=1&album=da720791130ab6ac&cover=0&occur=1&data-alb=134&#039; )\"><div id=\"covertext_frame_134_1\" style=\"width:459px; float:left\" class=\"wppa-text-frame-1 wppa-text-frame wppa-cover-text-frame wppa-asym-text-frame-1\"><h2 style=\"clear:none\" class=\"wppa-title\"><a title=\"View the album Miko\u0142ajki 2015\" style=\"cursor:pointer\" class=\"wppa-title\" onclick=\"wppaDoAjaxRender(event, 1, &#039;http:\/\/mariacka-lodz.com.pl\/index.php?rest_route=\/wp-photo-album-plus\/endPoint?action=wppa&wppa-action=render&wppa-size=640&occur=1&page_id=128&wppa-fromp=128&lang=pl&cache=1&album=134&cover=0&occur=1&data-alb=134&#039;, &#039;http:\/\/mariacka-lodz.com.pl\/?page_id=128&lang=pl&cache=1&album=da720791130ab6ac&cover=0&occur=1&data-alb=134&#039; )\">Miko\u0142ajki 2015<\/a><\/h2><div style=\"min-height:54px;\" class=\"wppa-box-text wppa-black wppa-box-text-desc\"><\/div><div class=\"wppa-box-text wppa-black wppa-info wppa-slideshow-browse-link wppa-album-cover-link\"><a title=\"Slideshow\" style=\"cursor:pointer\" class=\"wppa-album-cover-link\" onclick=\"wppaDoAjaxRender(event, 1, &#039;http:\/\/mariacka-lodz.com.pl\/index.php?rest_route=\/wp-photo-album-plus\/endPoint?action=wppa&wppa-action=render&wppa-size=640&occur=1&page_id=128&wppa-fromp=128&lang=pl&cache=1&slide=1&occur=1&album=134&#039;, &#039;http:\/\/mariacka-lodz.com.pl\/?page_id=128&lang=pl&cache=1&slide=1&occur=1&album=da720791130ab6ac&#039; )\">Slideshow<\/a><\/div><div class=\"wppa-box-text wppa-black wppa-info wppa-viewlink wppa-album-cover-link\"><a title=\"View the album Miko\u0142ajki 2015\" style=\"cursor:pointer;\" class=\"wppa-album-cover-link\" onclick=\"wppaDoAjaxRender(event, 1, &#039;http:\/\/mariacka-lodz.com.pl\/index.php?rest_route=\/wp-photo-album-plus\/endPoint?action=wppa&wppa-action=render&wppa-size=640&occur=1&page_id=128&wppa-fromp=128&lang=pl&cache=1&album=134&cover=0&occur=1&data-alb=134&#039;, &#039;http:\/\/mariacka-lodz.com.pl\/?page_id=128&lang=pl&cache=1&album=da720791130ab6ac&cover=0&occur=1&data-alb=134&#039; )\">View&nbsp;62&nbsp;photos<\/a><\/div><\/div><div id=\"coverphoto_frame_134_1\" style=\"float:right; margin-left:5px;width:160px;\" class=\"coverphoto-frame\"><div title=\" \" style=\"display:inline-block;margin:0 4px;\" onclick=\"wppaStopProp(event)\"><a title=\"View the album Miko\u0142ajki 2015\" style=\"border:0;color:transparent;cursor:pointer;\" target=\"_self\" onclick=\"wppaDoAjaxRender(event, 1, &#039;http:\/\/mariacka-lodz.com.pl\/index.php?rest_route=\/wp-photo-album-plus\/endPoint?action=wppa&wppa-action=render&wppa-size=640&occur=1&page_id=128&wppa-fromp=128&lang=pl&cache=1&album=134&cover=0&occur=1&data-alb=134&#039;, &#039;http:\/\/mariacka-lodz.com.pl\/?page_id=128&lang=pl&cache=1&album=da720791130ab6ac&cover=0&occur=1&data-alb=134&#039; )\"><img decoding=\"async\" style=\"border-width:0px;width:150px;height:100px;opacity:0.85;display:inline;\" src=\"http:\/\/mariacka-lodz.com.pl\/wp-content\/uploads\/wppa\/thumbs\/5577.jpg?ver=9\" alt=\"DSC_0191.JPG\" class=\"image wppa-img\" onmouseover=\"jQuery(this).fadeTo(400, 1.0)\" onmouseout=\"jQuery(this).fadeTo(400,0.85)\"><\/a><\/div><\/div><div title=\" \" onclick=\"wppaStopProp(event);\"><\/div><div style=\"clear:both;\"><\/div><\/div><div id=\"album-133-1\" title=\"View the album Roraty dla dzieci 2015\" style=\"width:100%;float:right;cursor:pointer;\" class=\"wppa-album-cover-standard album wppa-box wppa-cover-box wppa-cover-box-1\" onclick=\"wppaDoAjaxRender(event, 1, &#039;http:\/\/mariacka-lodz.com.pl\/index.php?rest_route=\/wp-photo-album-plus\/endPoint?action=wppa&wppa-action=render&wppa-size=640&occur=1&page_id=128&wppa-fromp=128&lang=pl&cache=1&album=133&cover=0&occur=1&data-alb=133&#039;, &#039;http:\/\/mariacka-lodz.com.pl\/?page_id=128&lang=pl&cache=1&album=1b8ca9f9f90c981c&cover=0&occur=1&data-alb=133&#039; )\"><div id=\"covertext_frame_133_1\" style=\"width:459px; float:left\" class=\"wppa-text-frame-1 wppa-text-frame wppa-cover-text-frame wppa-asym-text-frame-1\"><h2 style=\"clear:none\" class=\"wppa-title\"><a title=\"View the album Roraty dla dzieci 2015\" style=\"cursor:pointer\" class=\"wppa-title\" onclick=\"wppaDoAjaxRender(event, 1, &#039;http:\/\/mariacka-lodz.com.pl\/index.php?rest_route=\/wp-photo-album-plus\/endPoint?action=wppa&wppa-action=render&wppa-size=640&occur=1&page_id=128&wppa-fromp=128&lang=pl&cache=1&album=133&cover=0&occur=1&data-alb=133&#039;, &#039;http:\/\/mariacka-lodz.com.pl\/?page_id=128&lang=pl&cache=1&album=1b8ca9f9f90c981c&cover=0&occur=1&data-alb=133&#039; )\">Roraty dla dzieci 2015<\/a><\/h2><div style=\"min-height:54px;\" class=\"wppa-box-text wppa-black wppa-box-text-desc\"><\/div><div class=\"wppa-box-text wppa-black wppa-info wppa-slideshow-browse-link wppa-album-cover-link\"><a title=\"Slideshow\" style=\"cursor:pointer\" class=\"wppa-album-cover-link\" onclick=\"wppaDoAjaxRender(event, 1, &#039;http:\/\/mariacka-lodz.com.pl\/index.php?rest_route=\/wp-photo-album-plus\/endPoint?action=wppa&wppa-action=render&wppa-size=640&occur=1&page_id=128&wppa-fromp=128&lang=pl&cache=1&slide=1&occur=1&album=133&#039;, &#039;http:\/\/mariacka-lodz.com.pl\/?page_id=128&lang=pl&cache=1&slide=1&occur=1&album=1b8ca9f9f90c981c&#039; )\">Slideshow<\/a><\/div><div class=\"wppa-box-text wppa-black wppa-info wppa-viewlink wppa-album-cover-link\"><a title=\"View the album Roraty dla dzieci 2015\" style=\"cursor:pointer;\" class=\"wppa-album-cover-link\" onclick=\"wppaDoAjaxRender(event, 1, &#039;http:\/\/mariacka-lodz.com.pl\/index.php?rest_route=\/wp-photo-album-plus\/endPoint?action=wppa&wppa-action=render&wppa-size=640&occur=1&page_id=128&wppa-fromp=128&lang=pl&cache=1&album=133&cover=0&occur=1&data-alb=133&#039;, &#039;http:\/\/mariacka-lodz.com.pl\/?page_id=128&lang=pl&cache=1&album=1b8ca9f9f90c981c&cover=0&occur=1&data-alb=133&#039; )\">View&nbsp;45&nbsp;photos<\/a><\/div><\/div><div id=\"coverphoto_frame_133_1\" style=\"float:right; margin-left:5px;width:160px;\" class=\"coverphoto-frame\"><div title=\" \" style=\"display:inline-block;margin:0 4px;\" onclick=\"wppaStopProp(event)\"><a title=\"View the album Roraty dla dzieci 2015\" style=\"border:0;color:transparent;cursor:pointer;\" target=\"_self\" onclick=\"wppaDoAjaxRender(event, 1, &#039;http:\/\/mariacka-lodz.com.pl\/index.php?rest_route=\/wp-photo-album-plus\/endPoint?action=wppa&wppa-action=render&wppa-size=640&occur=1&page_id=128&wppa-fromp=128&lang=pl&cache=1&album=133&cover=0&occur=1&data-alb=133&#039;, &#039;http:\/\/mariacka-lodz.com.pl\/?page_id=128&lang=pl&cache=1&album=1b8ca9f9f90c981c&cover=0&occur=1&data-alb=133&#039; )\"><img decoding=\"async\" style=\"border-width:0px;width:150px;height:100px;opacity:0.85;display:inline;\" src=\"http:\/\/mariacka-lodz.com.pl\/wp-content\/uploads\/wppa\/thumbs\/5544.jpg?ver=9\" alt=\"DSC_0048.JPG\" class=\"image wppa-img\" onmouseover=\"jQuery(this).fadeTo(400, 1.0)\" onmouseout=\"jQuery(this).fadeTo(400,0.85)\"><\/a><\/div><\/div><div title=\" \" onclick=\"wppaStopProp(event);\"><\/div><div style=\"clear:both;\"><\/div><\/div><div id=\"album-132-1\" title=\"View the album Rozdanie nagr\u00f3d dla dzieci za udzia\u0142 w nabo\u017ce\u0144stwach r\u00f3\u017ca\u0144cowych\" style=\"width:100%;float:right;cursor:pointer;\" class=\"wppa-album-cover-standard album wppa-box wppa-cover-box wppa-cover-box-1\" onclick=\"wppaDoAjaxRender(event, 1, &#039;http:\/\/mariacka-lodz.com.pl\/index.php?rest_route=\/wp-photo-album-plus\/endPoint?action=wppa&wppa-action=render&wppa-size=640&occur=1&page_id=128&wppa-fromp=128&lang=pl&cache=1&album=132&cover=0&occur=1&data-alb=132&#039;, &#039;http:\/\/mariacka-lodz.com.pl\/?page_id=128&lang=pl&cache=1&album=a083b028669e27e8&cover=0&occur=1&data-alb=132&#039; )\"><div id=\"covertext_frame_132_1\" style=\"width:459px; float:left\" class=\"wppa-text-frame-1 wppa-text-frame wppa-cover-text-frame wppa-asym-text-frame-1\"><h2 style=\"clear:none\" class=\"wppa-title\"><a title=\"View the album Rozdanie nagr\u00f3d dla dzieci za udzia\u0142 w nabo\u017ce\u0144stwach r\u00f3\u017ca\u0144cowych\" style=\"cursor:pointer\" class=\"wppa-title\" onclick=\"wppaDoAjaxRender(event, 1, &#039;http:\/\/mariacka-lodz.com.pl\/index.php?rest_route=\/wp-photo-album-plus\/endPoint?action=wppa&wppa-action=render&wppa-size=640&occur=1&page_id=128&wppa-fromp=128&lang=pl&cache=1&album=132&cover=0&occur=1&data-alb=132&#039;, &#039;http:\/\/mariacka-lodz.com.pl\/?page_id=128&lang=pl&cache=1&album=a083b028669e27e8&cover=0&occur=1&data-alb=132&#039; )\">Rozdanie nagr\u00f3d dla dzieci za udzia\u0142 w nabo\u017ce\u0144stwach r\u00f3\u017ca\u0144cowych<\/a><\/h2><div style=\"min-height:54px;\" class=\"wppa-box-text wppa-black wppa-box-text-desc\"><\/div><div class=\"wppa-box-text wppa-black wppa-info wppa-slideshow-browse-link wppa-album-cover-link\"><a title=\"Slideshow\" style=\"cursor:pointer\" class=\"wppa-album-cover-link\" onclick=\"wppaDoAjaxRender(event, 1, &#039;http:\/\/mariacka-lodz.com.pl\/index.php?rest_route=\/wp-photo-album-plus\/endPoint?action=wppa&wppa-action=render&wppa-size=640&occur=1&page_id=128&wppa-fromp=128&lang=pl&cache=1&slide=1&occur=1&album=132&#039;, &#039;http:\/\/mariacka-lodz.com.pl\/?page_id=128&lang=pl&cache=1&slide=1&occur=1&album=a083b028669e27e8&#039; )\">Slideshow<\/a><\/div><div class=\"wppa-box-text wppa-black wppa-info wppa-viewlink wppa-album-cover-link\"><a title=\"View the album Rozdanie nagr\u00f3d dla dzieci za udzia\u0142 w nabo\u017ce\u0144stwach r\u00f3\u017ca\u0144cowych\" style=\"cursor:pointer;\" class=\"wppa-album-cover-link\" onclick=\"wppaDoAjaxRender(event, 1, &#039;http:\/\/mariacka-lodz.com.pl\/index.php?rest_route=\/wp-photo-album-plus\/endPoint?action=wppa&wppa-action=render&wppa-size=640&occur=1&page_id=128&wppa-fromp=128&lang=pl&cache=1&album=132&cover=0&occur=1&data-alb=132&#039;, &#039;http:\/\/mariacka-lodz.com.pl\/?page_id=128&lang=pl&cache=1&album=a083b028669e27e8&cover=0&occur=1&data-alb=132&#039; )\">View&nbsp;56&nbsp;photos<\/a><\/div><\/div><div id=\"coverphoto_frame_132_1\" style=\"float:right; margin-left:5px;width:160px;\" class=\"coverphoto-frame\"><div title=\" \" style=\"display:inline-block;margin:0 4px;\" onclick=\"wppaStopProp(event)\"><a title=\"View the album Rozdanie nagr\u00f3d dla dzieci za udzia\u0142 w nabo\u017ce\u0144stwach r\u00f3\u017ca\u0144cowych\" style=\"border:0;color:transparent;cursor:pointer;\" target=\"_self\" onclick=\"wppaDoAjaxRender(event, 1, &#039;http:\/\/mariacka-lodz.com.pl\/index.php?rest_route=\/wp-photo-album-plus\/endPoint?action=wppa&wppa-action=render&wppa-size=640&occur=1&page_id=128&wppa-fromp=128&lang=pl&cache=1&album=132&cover=0&occur=1&data-alb=132&#039;, &#039;http:\/\/mariacka-lodz.com.pl\/?page_id=128&lang=pl&cache=1&album=a083b028669e27e8&cover=0&occur=1&data-alb=132&#039; )\"><img decoding=\"async\" style=\"border-width:0px;width:150px;height:113px;opacity:0.85;display:inline;\" src=\"http:\/\/mariacka-lodz.com.pl\/wp-content\/uploads\/wppa\/thumbs\/5488.jpg?ver=9\" alt=\"20151115_123055.jpg\" class=\"image wppa-img\" onmouseover=\"jQuery(this).fadeTo(400, 1.0)\" onmouseout=\"jQuery(this).fadeTo(400,0.85)\"><\/a><\/div><\/div><div title=\" \" onclick=\"wppaStopProp(event);\"><\/div><div style=\"clear:both;\"><\/div><\/div><div id=\"album-131-1\" title=\"View the album Odpust parafialny, 16.11.2015\" style=\"width:100%;float:right;cursor:pointer;\" class=\"wppa-album-cover-standard album wppa-box wppa-cover-box wppa-cover-box-1\" onclick=\"wppaDoAjaxRender(event, 1, &#039;http:\/\/mariacka-lodz.com.pl\/index.php?rest_route=\/wp-photo-album-plus\/endPoint?action=wppa&wppa-action=render&wppa-size=640&occur=1&page_id=128&wppa-fromp=128&lang=pl&cache=1&album=131&cover=0&occur=1&data-alb=131&#039;, &#039;http:\/\/mariacka-lodz.com.pl\/?page_id=128&lang=pl&cache=1&album=1b90546e85faa8dd&cover=0&occur=1&data-alb=131&#039; )\"><div id=\"covertext_frame_131_1\" style=\"width:459px; float:left\" class=\"wppa-text-frame-1 wppa-text-frame wppa-cover-text-frame wppa-asym-text-frame-1\"><h2 style=\"clear:none\" class=\"wppa-title\"><a title=\"View the album Odpust parafialny, 16.11.2015\" style=\"cursor:pointer\" class=\"wppa-title\" onclick=\"wppaDoAjaxRender(event, 1, &#039;http:\/\/mariacka-lodz.com.pl\/index.php?rest_route=\/wp-photo-album-plus\/endPoint?action=wppa&wppa-action=render&wppa-size=640&occur=1&page_id=128&wppa-fromp=128&lang=pl&cache=1&album=131&cover=0&occur=1&data-alb=131&#039;, &#039;http:\/\/mariacka-lodz.com.pl\/?page_id=128&lang=pl&cache=1&album=1b90546e85faa8dd&cover=0&occur=1&data-alb=131&#039; )\">Odpust parafialny, 16.11.2015<\/a><\/h2><div style=\"min-height:54px;\" class=\"wppa-box-text wppa-black wppa-box-text-desc\"><\/div><div class=\"wppa-box-text wppa-black wppa-info wppa-slideshow-browse-link wppa-album-cover-link\"><a title=\"Slideshow\" style=\"cursor:pointer\" class=\"wppa-album-cover-link\" onclick=\"wppaDoAjaxRender(event, 1, &#039;http:\/\/mariacka-lodz.com.pl\/index.php?rest_route=\/wp-photo-album-plus\/endPoint?action=wppa&wppa-action=render&wppa-size=640&occur=1&page_id=128&wppa-fromp=128&lang=pl&cache=1&slide=1&occur=1&album=131&#039;, &#039;http:\/\/mariacka-lodz.com.pl\/?page_id=128&lang=pl&cache=1&slide=1&occur=1&album=1b90546e85faa8dd&#039; )\">Slideshow<\/a><\/div><div class=\"wppa-box-text wppa-black wppa-info wppa-viewlink wppa-album-cover-link\"><a title=\"View the album Odpust parafialny, 16.11.2015\" style=\"cursor:pointer;\" class=\"wppa-album-cover-link\" onclick=\"wppaDoAjaxRender(event, 1, &#039;http:\/\/mariacka-lodz.com.pl\/index.php?rest_route=\/wp-photo-album-plus\/endPoint?action=wppa&wppa-action=render&wppa-size=640&occur=1&page_id=128&wppa-fromp=128&lang=pl&cache=1&album=131&cover=0&occur=1&data-alb=131&#039;, &#039;http:\/\/mariacka-lodz.com.pl\/?page_id=128&lang=pl&cache=1&album=1b90546e85faa8dd&cover=0&occur=1&data-alb=131&#039; )\">View&nbsp;27&nbsp;photos<\/a><\/div><\/div><div id=\"coverphoto_frame_131_1\" style=\"float:right; margin-left:5px;width:160px;\" class=\"coverphoto-frame\"><div title=\" \" style=\"display:inline-block;margin:0 4px;\" onclick=\"wppaStopProp(event)\"><a title=\"View the album Odpust parafialny, 16.11.2015\" style=\"border:0;color:transparent;cursor:pointer;\" target=\"_self\" onclick=\"wppaDoAjaxRender(event, 1, &#039;http:\/\/mariacka-lodz.com.pl\/index.php?rest_route=\/wp-photo-album-plus\/endPoint?action=wppa&wppa-action=render&wppa-size=640&occur=1&page_id=128&wppa-fromp=128&lang=pl&cache=1&album=131&cover=0&occur=1&data-alb=131&#039;, &#039;http:\/\/mariacka-lodz.com.pl\/?page_id=128&lang=pl&cache=1&album=1b90546e85faa8dd&cover=0&occur=1&data-alb=131&#039; )\"><img decoding=\"async\" style=\"border-width:0px;width:150px;height:113px;opacity:0.85;display:inline;\" src=\"http:\/\/mariacka-lodz.com.pl\/wp-content\/uploads\/wppa\/thumbs\/5461.jpg?ver=9\" alt=\"PB160077.JPG\" class=\"image wppa-img\" onmouseover=\"jQuery(this).fadeTo(400, 1.0)\" onmouseout=\"jQuery(this).fadeTo(400,0.85)\"><\/a><\/div><\/div><div title=\" \" onclick=\"wppaStopProp(event);\"><\/div><div style=\"clear:both;\"><\/div><\/div><div id=\"album-130-1\" title=\"View the album Msza \u015aw. w intencji dzieci pomordowanych w nazistowskim obozie przy ul. Przemys\u0142owej w \u0141odzi\" style=\"width:100%;float:right;cursor:pointer;\" class=\"wppa-album-cover-standard album wppa-box wppa-cover-box wppa-cover-box-1\" onclick=\"wppaDoAjaxRender(event, 1, &#039;http:\/\/mariacka-lodz.com.pl\/index.php?rest_route=\/wp-photo-album-plus\/endPoint?action=wppa&wppa-action=render&wppa-size=640&occur=1&page_id=128&wppa-fromp=128&lang=pl&cache=1&album=130&cover=0&occur=1&data-alb=130&#039;, &#039;http:\/\/mariacka-lodz.com.pl\/?page_id=128&lang=pl&cache=1&album=d8ff307fc5dba5a7&cover=0&occur=1&data-alb=130&#039; )\"><div id=\"covertext_frame_130_1\" style=\"width:459px; float:left\" class=\"wppa-text-frame-1 wppa-text-frame wppa-cover-text-frame wppa-asym-text-frame-1\"><h2 style=\"clear:none\" class=\"wppa-title\"><a title=\"View the album Msza \u015aw. w intencji dzieci pomordowanych w nazistowskim obozie przy ul. Przemys\u0142owej w \u0141odzi\" style=\"cursor:pointer\" class=\"wppa-title\" onclick=\"wppaDoAjaxRender(event, 1, &#039;http:\/\/mariacka-lodz.com.pl\/index.php?rest_route=\/wp-photo-album-plus\/endPoint?action=wppa&wppa-action=render&wppa-size=640&occur=1&page_id=128&wppa-fromp=128&lang=pl&cache=1&album=130&cover=0&occur=1&data-alb=130&#039;, &#039;http:\/\/mariacka-lodz.com.pl\/?page_id=128&lang=pl&cache=1&album=d8ff307fc5dba5a7&cover=0&occur=1&data-alb=130&#039; )\">Msza \u015aw. w intencji dzieci pomordowanych w nazistowskim obozie przy ul. Przemys\u0142owej w \u0141odzi<\/a><\/h2><div style=\"min-height:54px;\" class=\"wppa-box-text wppa-black wppa-box-text-desc\"><\/div><div class=\"wppa-box-text wppa-black wppa-info wppa-slideshow-browse-link wppa-album-cover-link\"><a title=\"Slideshow\" style=\"cursor:pointer\" class=\"wppa-album-cover-link\" onclick=\"wppaDoAjaxRender(event, 1, &#039;http:\/\/mariacka-lodz.com.pl\/index.php?rest_route=\/wp-photo-album-plus\/endPoint?action=wppa&wppa-action=render&wppa-size=640&occur=1&page_id=128&wppa-fromp=128&lang=pl&cache=1&slide=1&occur=1&album=130&#039;, &#039;http:\/\/mariacka-lodz.com.pl\/?page_id=128&lang=pl&cache=1&slide=1&occur=1&album=d8ff307fc5dba5a7&#039; )\">Slideshow<\/a><\/div><div class=\"wppa-box-text wppa-black wppa-info wppa-viewlink wppa-album-cover-link\"><a title=\"View the album Msza \u015aw. w intencji dzieci pomordowanych w nazistowskim obozie przy ul. Przemys\u0142owej w \u0141odzi\" style=\"cursor:pointer;\" class=\"wppa-album-cover-link\" onclick=\"wppaDoAjaxRender(event, 1, &#039;http:\/\/mariacka-lodz.com.pl\/index.php?rest_route=\/wp-photo-album-plus\/endPoint?action=wppa&wppa-action=render&wppa-size=640&occur=1&page_id=128&wppa-fromp=128&lang=pl&cache=1&album=130&cover=0&occur=1&data-alb=130&#039;, &#039;http:\/\/mariacka-lodz.com.pl\/?page_id=128&lang=pl&cache=1&album=d8ff307fc5dba5a7&cover=0&occur=1&data-alb=130&#039; )\">View&nbsp;56&nbsp;photos<\/a><\/div><\/div><div id=\"coverphoto_frame_130_1\" style=\"float:right; margin-left:5px;width:160px;\" class=\"coverphoto-frame\"><div title=\" \" style=\"display:inline-block;margin:0 4px;\" onclick=\"wppaStopProp(event)\"><a title=\"View the album Msza \u015aw. w intencji dzieci pomordowanych w nazistowskim obozie przy ul. Przemys\u0142owej w \u0141odzi\" style=\"border:0;color:transparent;cursor:pointer;\" target=\"_self\" onclick=\"wppaDoAjaxRender(event, 1, &#039;http:\/\/mariacka-lodz.com.pl\/index.php?rest_route=\/wp-photo-album-plus\/endPoint?action=wppa&wppa-action=render&wppa-size=640&occur=1&page_id=128&wppa-fromp=128&lang=pl&cache=1&album=130&cover=0&occur=1&data-alb=130&#039;, &#039;http:\/\/mariacka-lodz.com.pl\/?page_id=128&lang=pl&cache=1&album=d8ff307fc5dba5a7&cover=0&occur=1&data-alb=130&#039; )\"><img decoding=\"async\" style=\"border-width:0px;width:150px;height:113px;opacity:0.85;display:inline;\" src=\"http:\/\/mariacka-lodz.com.pl\/wp-content\/uploads\/wppa\/thumbs\/5405.jpg?ver=9\" alt=\"PB050091.JPG\" class=\"image wppa-img\" onmouseover=\"jQuery(this).fadeTo(400, 1.0)\" onmouseout=\"jQuery(this).fadeTo(400,0.85)\"><\/a><\/div><\/div><div title=\" \" onclick=\"wppaStopProp(event);\"><\/div><div style=\"clear:both;\"><\/div><\/div><div id=\"album-129-1\" title=\"View the album Msza \u015bw. z udzia\u0142em dzieci 4.10.2015\" style=\"width:100%;float:right;cursor:pointer;\" class=\"wppa-album-cover-standard album wppa-box wppa-cover-box wppa-cover-box-1\" onclick=\"wppaDoAjaxRender(event, 1, &#039;http:\/\/mariacka-lodz.com.pl\/index.php?rest_route=\/wp-photo-album-plus\/endPoint?action=wppa&wppa-action=render&wppa-size=640&occur=1&page_id=128&wppa-fromp=128&lang=pl&cache=1&album=129&cover=0&occur=1&data-alb=129&#039;, &#039;http:\/\/mariacka-lodz.com.pl\/?page_id=128&lang=pl&cache=1&album=75249166bc969a6f&cover=0&occur=1&data-alb=129&#039; )\"><div id=\"covertext_frame_129_1\" style=\"width:459px; float:left\" class=\"wppa-text-frame-1 wppa-text-frame wppa-cover-text-frame wppa-asym-text-frame-1\"><h2 style=\"clear:none\" class=\"wppa-title\"><a title=\"View the album Msza \u015bw. z udzia\u0142em dzieci 4.10.2015\" style=\"cursor:pointer\" class=\"wppa-title\" onclick=\"wppaDoAjaxRender(event, 1, &#039;http:\/\/mariacka-lodz.com.pl\/index.php?rest_route=\/wp-photo-album-plus\/endPoint?action=wppa&wppa-action=render&wppa-size=640&occur=1&page_id=128&wppa-fromp=128&lang=pl&cache=1&album=129&cover=0&occur=1&data-alb=129&#039;, &#039;http:\/\/mariacka-lodz.com.pl\/?page_id=128&lang=pl&cache=1&album=75249166bc969a6f&cover=0&occur=1&data-alb=129&#039; )\">Msza \u015bw. z udzia\u0142em dzieci 4.10.2015<\/a><\/h2><div style=\"min-height:54px;\" class=\"wppa-box-text wppa-black wppa-box-text-desc\"><\/div><div class=\"wppa-box-text wppa-black wppa-info wppa-slideshow-browse-link wppa-album-cover-link\"><a title=\"Slideshow\" style=\"cursor:pointer\" class=\"wppa-album-cover-link\" onclick=\"wppaDoAjaxRender(event, 1, &#039;http:\/\/mariacka-lodz.com.pl\/index.php?rest_route=\/wp-photo-album-plus\/endPoint?action=wppa&wppa-action=render&wppa-size=640&occur=1&page_id=128&wppa-fromp=128&lang=pl&cache=1&slide=1&occur=1&album=129&#039;, &#039;http:\/\/mariacka-lodz.com.pl\/?page_id=128&lang=pl&cache=1&slide=1&occur=1&album=75249166bc969a6f&#039; )\">Slideshow<\/a><\/div><div class=\"wppa-box-text wppa-black wppa-info wppa-viewlink wppa-album-cover-link\"><a title=\"View the album Msza \u015bw. z udzia\u0142em dzieci 4.10.2015\" style=\"cursor:pointer;\" class=\"wppa-album-cover-link\" onclick=\"wppaDoAjaxRender(event, 1, &#039;http:\/\/mariacka-lodz.com.pl\/index.php?rest_route=\/wp-photo-album-plus\/endPoint?action=wppa&wppa-action=render&wppa-size=640&occur=1&page_id=128&wppa-fromp=128&lang=pl&cache=1&album=129&cover=0&occur=1&data-alb=129&#039;, &#039;http:\/\/mariacka-lodz.com.pl\/?page_id=128&lang=pl&cache=1&album=75249166bc969a6f&cover=0&occur=1&data-alb=129&#039; )\">View&nbsp;22&nbsp;photos<\/a><\/div><\/div><div id=\"coverphoto_frame_129_1\" style=\"float:right; margin-left:5px;width:160px;\" class=\"coverphoto-frame\"><div title=\" \" style=\"display:inline-block;margin:0 4px;\" onclick=\"wppaStopProp(event)\"><a title=\"View the album Msza \u015bw. z udzia\u0142em dzieci 4.10.2015\" style=\"border:0;color:transparent;cursor:pointer;\" target=\"_self\" onclick=\"wppaDoAjaxRender(event, 1, &#039;http:\/\/mariacka-lodz.com.pl\/index.php?rest_route=\/wp-photo-album-plus\/endPoint?action=wppa&wppa-action=render&wppa-size=640&occur=1&page_id=128&wppa-fromp=128&lang=pl&cache=1&album=129&cover=0&occur=1&data-alb=129&#039;, &#039;http:\/\/mariacka-lodz.com.pl\/?page_id=128&lang=pl&cache=1&album=75249166bc969a6f&cover=0&occur=1&data-alb=129&#039; )\"><img decoding=\"async\" style=\"border-width:0px;width:150px;height:84px;opacity:0.85;display:inline;\" src=\"http:\/\/mariacka-lodz.com.pl\/wp-content\/uploads\/wppa\/thumbs\/5383.jpg?ver=9\" alt=\"20151004_115203.jpg\" class=\"image wppa-img\" onmouseover=\"jQuery(this).fadeTo(400, 1.0)\" onmouseout=\"jQuery(this).fadeTo(400,0.85)\"><\/a><\/div><\/div><div title=\" \" onclick=\"wppaStopProp(event);\"><\/div><div style=\"clear:both;\"><\/div><\/div><div id=\"album-128-1\" title=\"View the album Peregrynacja symboli \u015awiatowych Dni M\u0142odzie\u017cy\" style=\"width:100%;float:right;cursor:pointer;\" class=\"wppa-album-cover-standard album wppa-box wppa-cover-box wppa-cover-box-1\" onclick=\"wppaDoAjaxRender(event, 1, &#039;http:\/\/mariacka-lodz.com.pl\/index.php?rest_route=\/wp-photo-album-plus\/endPoint?action=wppa&wppa-action=render&wppa-size=640&occur=1&page_id=128&wppa-fromp=128&lang=pl&cache=1&album=128&cover=0&occur=1&data-alb=128&#039;, &#039;http:\/\/mariacka-lodz.com.pl\/?page_id=128&lang=pl&cache=1&album=bc6e230f47a6842e&cover=0&occur=1&data-alb=128&#039; )\"><div id=\"covertext_frame_128_1\" style=\"width:459px; float:left\" class=\"wppa-text-frame-1 wppa-text-frame wppa-cover-text-frame wppa-asym-text-frame-1\"><h2 style=\"clear:none\" class=\"wppa-title\"><a title=\"View the album Peregrynacja symboli \u015awiatowych Dni M\u0142odzie\u017cy\" style=\"cursor:pointer\" class=\"wppa-title\" onclick=\"wppaDoAjaxRender(event, 1, &#039;http:\/\/mariacka-lodz.com.pl\/index.php?rest_route=\/wp-photo-album-plus\/endPoint?action=wppa&wppa-action=render&wppa-size=640&occur=1&page_id=128&wppa-fromp=128&lang=pl&cache=1&album=128&cover=0&occur=1&data-alb=128&#039;, &#039;http:\/\/mariacka-lodz.com.pl\/?page_id=128&lang=pl&cache=1&album=bc6e230f47a6842e&cover=0&occur=1&data-alb=128&#039; )\">Peregrynacja symboli \u015awiatowych Dni M\u0142odzie\u017cy<\/a><\/h2><div style=\"min-height:54px;\" class=\"wppa-box-text wppa-black wppa-box-text-desc\">Autorem zdj\u0119\u0107 1-10 jest Kuba Nowacki(Oratorium \u015bw. Jana Bosko si\u00f3str Salezjanek w \u0141odzi)<\/div><div class=\"wppa-box-text wppa-black wppa-info wppa-slideshow-browse-link wppa-album-cover-link\"><a title=\"Slideshow\" style=\"cursor:pointer\" class=\"wppa-album-cover-link\" onclick=\"wppaDoAjaxRender(event, 1, &#039;http:\/\/mariacka-lodz.com.pl\/index.php?rest_route=\/wp-photo-album-plus\/endPoint?action=wppa&wppa-action=render&wppa-size=640&occur=1&page_id=128&wppa-fromp=128&lang=pl&cache=1&slide=1&occur=1&album=128&#039;, &#039;http:\/\/mariacka-lodz.com.pl\/?page_id=128&lang=pl&cache=1&slide=1&occur=1&album=bc6e230f47a6842e&#039; )\">Slideshow<\/a><\/div><div class=\"wppa-box-text wppa-black wppa-info wppa-viewlink wppa-album-cover-link\"><a title=\"View the album Peregrynacja symboli \u015awiatowych Dni M\u0142odzie\u017cy\" style=\"cursor:pointer;\" class=\"wppa-album-cover-link\" onclick=\"wppaDoAjaxRender(event, 1, &#039;http:\/\/mariacka-lodz.com.pl\/index.php?rest_route=\/wp-photo-album-plus\/endPoint?action=wppa&wppa-action=render&wppa-size=640&occur=1&page_id=128&wppa-fromp=128&lang=pl&cache=1&album=128&cover=0&occur=1&data-alb=128&#039;, &#039;http:\/\/mariacka-lodz.com.pl\/?page_id=128&lang=pl&cache=1&album=bc6e230f47a6842e&cover=0&occur=1&data-alb=128&#039; )\">View&nbsp;56&nbsp;photos<\/a><\/div><\/div><div id=\"coverphoto_frame_128_1\" style=\"float:right; margin-left:5px;width:160px;\" class=\"coverphoto-frame\"><div title=\" \" style=\"display:inline-block;margin:0 4px;\" onclick=\"wppaStopProp(event)\"><a title=\"View the album Peregrynacja symboli \u015awiatowych Dni M\u0142odzie\u017cy\" style=\"border:0;color:transparent;cursor:pointer;\" target=\"_self\" onclick=\"wppaDoAjaxRender(event, 1, &#039;http:\/\/mariacka-lodz.com.pl\/index.php?rest_route=\/wp-photo-album-plus\/endPoint?action=wppa&wppa-action=render&wppa-size=640&occur=1&page_id=128&wppa-fromp=128&lang=pl&cache=1&album=128&cover=0&occur=1&data-alb=128&#039;, &#039;http:\/\/mariacka-lodz.com.pl\/?page_id=128&lang=pl&cache=1&album=bc6e230f47a6842e&cover=0&occur=1&data-alb=128&#039; )\"><img decoding=\"async\" style=\"border-width:0px;width:150px;height:113px;opacity:0.85;display:inline;\" src=\"http:\/\/mariacka-lodz.com.pl\/wp-content\/uploads\/wppa\/thumbs\/5327.jpg?ver=9\" alt=\"Zdjecie (9).JPG\" class=\"image wppa-img\" onmouseover=\"jQuery(this).fadeTo(400, 1.0)\" onmouseout=\"jQuery(this).fadeTo(400,0.85)\"><\/a><\/div><\/div><div title=\" \" onclick=\"wppaStopProp(event);\"><\/div><div style=\"clear:both;\"><\/div><\/div><div id=\"album-127-1\" title=\"View the album Rozpocz\u0119cie III Edycji Kursu Alfa\" style=\"width:100%;float:right;cursor:pointer;\" class=\"wppa-album-cover-standard album wppa-box wppa-cover-box wppa-cover-box-1\" onclick=\"wppaDoAjaxRender(event, 1, &#039;http:\/\/mariacka-lodz.com.pl\/index.php?rest_route=\/wp-photo-album-plus\/endPoint?action=wppa&wppa-action=render&wppa-size=640&occur=1&page_id=128&wppa-fromp=128&lang=pl&cache=1&album=127&cover=0&occur=1&data-alb=127&#039;, &#039;http:\/\/mariacka-lodz.com.pl\/?page_id=128&lang=pl&cache=1&album=95428b7ed193ebc0&cover=0&occur=1&data-alb=127&#039; )\"><div id=\"covertext_frame_127_1\" style=\"width:459px; float:left\" class=\"wppa-text-frame-1 wppa-text-frame wppa-cover-text-frame wppa-asym-text-frame-1\"><h2 style=\"clear:none\" class=\"wppa-title\"><a title=\"View the album Rozpocz\u0119cie III Edycji Kursu Alfa\" style=\"cursor:pointer\" class=\"wppa-title\" onclick=\"wppaDoAjaxRender(event, 1, &#039;http:\/\/mariacka-lodz.com.pl\/index.php?rest_route=\/wp-photo-album-plus\/endPoint?action=wppa&wppa-action=render&wppa-size=640&occur=1&page_id=128&wppa-fromp=128&lang=pl&cache=1&album=127&cover=0&occur=1&data-alb=127&#039;, &#039;http:\/\/mariacka-lodz.com.pl\/?page_id=128&lang=pl&cache=1&album=95428b7ed193ebc0&cover=0&occur=1&data-alb=127&#039; )\">Rozpocz\u0119cie III Edycji Kursu Alfa<\/a><\/h2><div style=\"min-height:54px;\" class=\"wppa-box-text wppa-black wppa-box-text-desc\"><\/div><div class=\"wppa-box-text wppa-black wppa-info wppa-slideshow-browse-link wppa-album-cover-link\"><a title=\"Slideshow\" style=\"cursor:pointer\" class=\"wppa-album-cover-link\" onclick=\"wppaDoAjaxRender(event, 1, &#039;http:\/\/mariacka-lodz.com.pl\/index.php?rest_route=\/wp-photo-album-plus\/endPoint?action=wppa&wppa-action=render&wppa-size=640&occur=1&page_id=128&wppa-fromp=128&lang=pl&cache=1&slide=1&occur=1&album=127&#039;, &#039;http:\/\/mariacka-lodz.com.pl\/?page_id=128&lang=pl&cache=1&slide=1&occur=1&album=95428b7ed193ebc0&#039; )\">Slideshow<\/a><\/div><div class=\"wppa-box-text wppa-black wppa-info wppa-viewlink wppa-album-cover-link\"><a title=\"View the album Rozpocz\u0119cie III Edycji Kursu Alfa\" style=\"cursor:pointer;\" class=\"wppa-album-cover-link\" onclick=\"wppaDoAjaxRender(event, 1, &#039;http:\/\/mariacka-lodz.com.pl\/index.php?rest_route=\/wp-photo-album-plus\/endPoint?action=wppa&wppa-action=render&wppa-size=640&occur=1&page_id=128&wppa-fromp=128&lang=pl&cache=1&album=127&cover=0&occur=1&data-alb=127&#039;, &#039;http:\/\/mariacka-lodz.com.pl\/?page_id=128&lang=pl&cache=1&album=95428b7ed193ebc0&cover=0&occur=1&data-alb=127&#039; )\">View&nbsp;45&nbsp;photos<\/a><\/div><\/div><div id=\"coverphoto_frame_127_1\" style=\"float:right; margin-left:5px;width:160px;\" class=\"coverphoto-frame\"><div title=\" \" style=\"display:inline-block;margin:0 4px;\" onclick=\"wppaStopProp(event)\"><a title=\"View the album Rozpocz\u0119cie III Edycji Kursu Alfa\" style=\"border:0;color:transparent;cursor:pointer;\" target=\"_self\" onclick=\"wppaDoAjaxRender(event, 1, &#039;http:\/\/mariacka-lodz.com.pl\/index.php?rest_route=\/wp-photo-album-plus\/endPoint?action=wppa&wppa-action=render&wppa-size=640&occur=1&page_id=128&wppa-fromp=128&lang=pl&cache=1&album=127&cover=0&occur=1&data-alb=127&#039;, &#039;http:\/\/mariacka-lodz.com.pl\/?page_id=128&lang=pl&cache=1&album=95428b7ed193ebc0&cover=0&occur=1&data-alb=127&#039; )\"><img decoding=\"async\" style=\"border-width:0px;width:150px;height:84px;opacity:0.85;display:inline;\" src=\"http:\/\/mariacka-lodz.com.pl\/wp-content\/uploads\/wppa\/thumbs\/5281.jpg?ver=9\" alt=\"WP_20151004_037.jpg\" class=\"image wppa-img\" onmouseover=\"jQuery(this).fadeTo(400, 1.0)\" onmouseout=\"jQuery(this).fadeTo(400,0.85)\"><\/a><\/div><\/div><div title=\" \" onclick=\"wppaStopProp(event);\"><\/div><div style=\"clear:both;\"><\/div><\/div><div id=\"album-126-1\" title=\"View the album Msza \u015bw. z udzia\u0142em dzieci. Po\u015bwi\u0119cenie tornistr\u00f3w, 13.09.2015\" style=\"width:100%;float:right;cursor:pointer;\" class=\"wppa-album-cover-standard album wppa-box wppa-cover-box wppa-cover-box-1\" onclick=\"wppaDoAjaxRender(event, 1, &#039;http:\/\/mariacka-lodz.com.pl\/index.php?rest_route=\/wp-photo-album-plus\/endPoint?action=wppa&wppa-action=render&wppa-size=640&occur=1&page_id=128&wppa-fromp=128&lang=pl&cache=1&album=126&cover=0&occur=1&data-alb=126&#039;, &#039;http:\/\/mariacka-lodz.com.pl\/?page_id=128&lang=pl&cache=1&album=ae525b2ca76b05cd&cover=0&occur=1&data-alb=126&#039; )\"><div id=\"covertext_frame_126_1\" style=\"width:459px; float:left\" class=\"wppa-text-frame-1 wppa-text-frame wppa-cover-text-frame wppa-asym-text-frame-1\"><h2 style=\"clear:none\" class=\"wppa-title\"><a title=\"View the album Msza \u015bw. z udzia\u0142em dzieci. Po\u015bwi\u0119cenie tornistr\u00f3w, 13.09.2015\" style=\"cursor:pointer\" class=\"wppa-title\" onclick=\"wppaDoAjaxRender(event, 1, &#039;http:\/\/mariacka-lodz.com.pl\/index.php?rest_route=\/wp-photo-album-plus\/endPoint?action=wppa&wppa-action=render&wppa-size=640&occur=1&page_id=128&wppa-fromp=128&lang=pl&cache=1&album=126&cover=0&occur=1&data-alb=126&#039;, &#039;http:\/\/mariacka-lodz.com.pl\/?page_id=128&lang=pl&cache=1&album=ae525b2ca76b05cd&cover=0&occur=1&data-alb=126&#039; )\">Msza \u015bw. z udzia\u0142em dzieci. Po\u015bwi\u0119cenie tornistr\u00f3w, 13.09.2015<\/a><\/h2><div style=\"min-height:54px;\" class=\"wppa-box-text wppa-black wppa-box-text-desc\"><\/div><div class=\"wppa-box-text wppa-black wppa-info wppa-slideshow-browse-link wppa-album-cover-link\"><a title=\"Slideshow\" style=\"cursor:pointer\" class=\"wppa-album-cover-link\" onclick=\"wppaDoAjaxRender(event, 1, &#039;http:\/\/mariacka-lodz.com.pl\/index.php?rest_route=\/wp-photo-album-plus\/endPoint?action=wppa&wppa-action=render&wppa-size=640&occur=1&page_id=128&wppa-fromp=128&lang=pl&cache=1&slide=1&occur=1&album=126&#039;, &#039;http:\/\/mariacka-lodz.com.pl\/?page_id=128&lang=pl&cache=1&slide=1&occur=1&album=ae525b2ca76b05cd&#039; )\">Slideshow<\/a><\/div><div class=\"wppa-box-text wppa-black wppa-info wppa-viewlink wppa-album-cover-link\"><a title=\"View the album Msza \u015bw. z udzia\u0142em dzieci. Po\u015bwi\u0119cenie tornistr\u00f3w, 13.09.2015\" style=\"cursor:pointer;\" class=\"wppa-album-cover-link\" onclick=\"wppaDoAjaxRender(event, 1, &#039;http:\/\/mariacka-lodz.com.pl\/index.php?rest_route=\/wp-photo-album-plus\/endPoint?action=wppa&wppa-action=render&wppa-size=640&occur=1&page_id=128&wppa-fromp=128&lang=pl&cache=1&album=126&cover=0&occur=1&data-alb=126&#039;, &#039;http:\/\/mariacka-lodz.com.pl\/?page_id=128&lang=pl&cache=1&album=ae525b2ca76b05cd&cover=0&occur=1&data-alb=126&#039; )\">View&nbsp;66&nbsp;photos<\/a><\/div><\/div><div id=\"coverphoto_frame_126_1\" style=\"float:right; margin-left:5px;width:160px;\" class=\"coverphoto-frame\"><div title=\" \" style=\"display:inline-block;margin:0 4px;\" onclick=\"wppaStopProp(event)\"><a title=\"View the album Msza \u015bw. z udzia\u0142em dzieci. Po\u015bwi\u0119cenie tornistr\u00f3w, 13.09.2015\" style=\"border:0;color:transparent;cursor:pointer;\" target=\"_self\" onclick=\"wppaDoAjaxRender(event, 1, &#039;http:\/\/mariacka-lodz.com.pl\/index.php?rest_route=\/wp-photo-album-plus\/endPoint?action=wppa&wppa-action=render&wppa-size=640&occur=1&page_id=128&wppa-fromp=128&lang=pl&cache=1&album=126&cover=0&occur=1&data-alb=126&#039;, &#039;http:\/\/mariacka-lodz.com.pl\/?page_id=128&lang=pl&cache=1&album=ae525b2ca76b05cd&cover=0&occur=1&data-alb=126&#039; )\"><img decoding=\"async\" style=\"border-width:0px;width:150px;height:99px;opacity:0.85;display:inline;\" src=\"http:\/\/mariacka-lodz.com.pl\/wp-content\/uploads\/wppa\/thumbs\/5215.jpg?ver=9\" alt=\"cielor_20150913115403_CLK_8348.JPG\" class=\"image wppa-img\" onmouseover=\"jQuery(this).fadeTo(400, 1.0)\" onmouseout=\"jQuery(this).fadeTo(400,0.85)\"><\/a><\/div><\/div><div title=\" \" onclick=\"wppaStopProp(event);\"><\/div><div style=\"clear:both;\"><\/div><\/div><div id=\"album-125-1\" title=\"View the album Odpust ku czci Wniebowzi\u0119cia Naj\u015bwi\u0119tszej Maryi Panny 15.08.2015 \" style=\"width:100%;float:right;cursor:pointer;\" class=\"wppa-album-cover-standard album wppa-box wppa-cover-box wppa-cover-box-1\" onclick=\"wppaDoAjaxRender(event, 1, &#039;http:\/\/mariacka-lodz.com.pl\/index.php?rest_route=\/wp-photo-album-plus\/endPoint?action=wppa&wppa-action=render&wppa-size=640&occur=1&page_id=128&wppa-fromp=128&lang=pl&cache=1&album=125&cover=0&occur=1&data-alb=125&#039;, &#039;http:\/\/mariacka-lodz.com.pl\/?page_id=128&lang=pl&cache=1&album=df5ed27223f9cf2e&cover=0&occur=1&data-alb=125&#039; )\"><div id=\"covertext_frame_125_1\" style=\"width:459px; float:left\" class=\"wppa-text-frame-1 wppa-text-frame wppa-cover-text-frame wppa-asym-text-frame-1\"><h2 style=\"clear:none\" class=\"wppa-title\"><a title=\"View the album Odpust ku czci Wniebowzi\u0119cia Naj\u015bwi\u0119tszej Maryi Panny 15.08.2015 \" style=\"cursor:pointer\" class=\"wppa-title\" onclick=\"wppaDoAjaxRender(event, 1, &#039;http:\/\/mariacka-lodz.com.pl\/index.php?rest_route=\/wp-photo-album-plus\/endPoint?action=wppa&wppa-action=render&wppa-size=640&occur=1&page_id=128&wppa-fromp=128&lang=pl&cache=1&album=125&cover=0&occur=1&data-alb=125&#039;, &#039;http:\/\/mariacka-lodz.com.pl\/?page_id=128&lang=pl&cache=1&album=df5ed27223f9cf2e&cover=0&occur=1&data-alb=125&#039; )\">Odpust ku czci Wniebowzi\u0119cia Naj\u015bwi\u0119tszej Maryi Panny 15.08.2015 <\/a><\/h2><div style=\"min-height:54px;\" class=\"wppa-box-text wppa-black wppa-box-text-desc\"><\/div><div class=\"wppa-box-text wppa-black wppa-info wppa-slideshow-browse-link wppa-album-cover-link\"><a title=\"Slideshow\" style=\"cursor:pointer\" class=\"wppa-album-cover-link\" onclick=\"wppaDoAjaxRender(event, 1, &#039;http:\/\/mariacka-lodz.com.pl\/index.php?rest_route=\/wp-photo-album-plus\/endPoint?action=wppa&wppa-action=render&wppa-size=640&occur=1&page_id=128&wppa-fromp=128&lang=pl&cache=1&slide=1&occur=1&album=125&#039;, &#039;http:\/\/mariacka-lodz.com.pl\/?page_id=128&lang=pl&cache=1&slide=1&occur=1&album=df5ed27223f9cf2e&#039; )\">Slideshow<\/a><\/div><div class=\"wppa-box-text wppa-black wppa-info wppa-viewlink wppa-album-cover-link\"><a title=\"View the album Odpust ku czci Wniebowzi\u0119cia Naj\u015bwi\u0119tszej Maryi Panny 15.08.2015 \" style=\"cursor:pointer;\" class=\"wppa-album-cover-link\" onclick=\"wppaDoAjaxRender(event, 1, &#039;http:\/\/mariacka-lodz.com.pl\/index.php?rest_route=\/wp-photo-album-plus\/endPoint?action=wppa&wppa-action=render&wppa-size=640&occur=1&page_id=128&wppa-fromp=128&lang=pl&cache=1&album=125&cover=0&occur=1&data-alb=125&#039;, &#039;http:\/\/mariacka-lodz.com.pl\/?page_id=128&lang=pl&cache=1&album=df5ed27223f9cf2e&cover=0&occur=1&data-alb=125&#039; )\">View&nbsp;165&nbsp;photos<\/a><\/div><\/div><div id=\"coverphoto_frame_125_1\" style=\"float:right; margin-left:5px;width:160px;\" class=\"coverphoto-frame\"><div title=\" \" style=\"display:inline-block;margin:0 4px;\" onclick=\"wppaStopProp(event)\"><a title=\"View the album Odpust ku czci Wniebowzi\u0119cia Naj\u015bwi\u0119tszej Maryi Panny 15.08.2015 \" style=\"border:0;color:transparent;cursor:pointer;\" target=\"_self\" onclick=\"wppaDoAjaxRender(event, 1, &#039;http:\/\/mariacka-lodz.com.pl\/index.php?rest_route=\/wp-photo-album-plus\/endPoint?action=wppa&wppa-action=render&wppa-size=640&occur=1&page_id=128&wppa-fromp=128&lang=pl&cache=1&album=125&cover=0&occur=1&data-alb=125&#039;, &#039;http:\/\/mariacka-lodz.com.pl\/?page_id=128&lang=pl&cache=1&album=df5ed27223f9cf2e&cover=0&occur=1&data-alb=125&#039; )\"><img decoding=\"async\" style=\"border-width:0px;width:150px;height:99px;opacity:0.85;display:inline;\" src=\"http:\/\/mariacka-lodz.com.pl\/wp-content\/uploads\/wppa\/thumbs\/5050.jpg?ver=9\" alt=\"cielor_20150815113446_CLK_7199.JPG\" class=\"image wppa-img\" onmouseover=\"jQuery(this).fadeTo(400, 1.0)\" onmouseout=\"jQuery(this).fadeTo(400,0.85)\"><\/a><\/div><\/div><div title=\" \" onclick=\"wppaStopProp(event);\"><\/div><div style=\"clear:both;\"><\/div><\/div><div id=\"album-124-1\" title=\"View the album Ko\u015bci\u00f3\u0142 w obiektywie\" style=\"width:100%;float:right;cursor:pointer;\" class=\"wppa-album-cover-standard album wppa-box wppa-cover-box wppa-cover-box-1\" onclick=\"wppaDoAjaxRender(event, 1, &#039;http:\/\/mariacka-lodz.com.pl\/index.php?rest_route=\/wp-photo-album-plus\/endPoint?action=wppa&wppa-action=render&wppa-size=640&occur=1&page_id=128&wppa-fromp=128&lang=pl&cache=1&album=124&cover=0&occur=1&data-alb=124&#039;, &#039;http:\/\/mariacka-lodz.com.pl\/?page_id=128&lang=pl&cache=1&album=51521af68dc3dd8e&cover=0&occur=1&data-alb=124&#039; )\"><div id=\"covertext_frame_124_1\" style=\"width:459px; float:left\" class=\"wppa-text-frame-1 wppa-text-frame wppa-cover-text-frame wppa-asym-text-frame-1\"><h2 style=\"clear:none\" class=\"wppa-title\"><a title=\"View the album Ko\u015bci\u00f3\u0142 w obiektywie\" style=\"cursor:pointer\" class=\"wppa-title\" onclick=\"wppaDoAjaxRender(event, 1, &#039;http:\/\/mariacka-lodz.com.pl\/index.php?rest_route=\/wp-photo-album-plus\/endPoint?action=wppa&wppa-action=render&wppa-size=640&occur=1&page_id=128&wppa-fromp=128&lang=pl&cache=1&album=124&cover=0&occur=1&data-alb=124&#039;, &#039;http:\/\/mariacka-lodz.com.pl\/?page_id=128&lang=pl&cache=1&album=51521af68dc3dd8e&cover=0&occur=1&data-alb=124&#039; )\">Ko\u015bci\u00f3\u0142 w obiektywie<\/a><\/h2><div style=\"min-height:54px;\" class=\"wppa-box-text wppa-black wppa-box-text-desc\"><\/div><div class=\"wppa-box-text wppa-black wppa-info wppa-slideshow-browse-link wppa-album-cover-link\"><a title=\"Slideshow\" style=\"cursor:pointer\" class=\"wppa-album-cover-link\" onclick=\"wppaDoAjaxRender(event, 1, &#039;http:\/\/mariacka-lodz.com.pl\/index.php?rest_route=\/wp-photo-album-plus\/endPoint?action=wppa&wppa-action=render&wppa-size=640&occur=1&page_id=128&wppa-fromp=128&lang=pl&cache=1&slide=1&occur=1&album=124&#039;, &#039;http:\/\/mariacka-lodz.com.pl\/?page_id=128&lang=pl&cache=1&slide=1&occur=1&album=51521af68dc3dd8e&#039; )\">Slideshow<\/a><\/div><div class=\"wppa-box-text wppa-black wppa-info wppa-viewlink wppa-album-cover-link\"><a title=\"View the album Ko\u015bci\u00f3\u0142 w obiektywie\" style=\"cursor:pointer;\" class=\"wppa-album-cover-link\" onclick=\"wppaDoAjaxRender(event, 1, &#039;http:\/\/mariacka-lodz.com.pl\/index.php?rest_route=\/wp-photo-album-plus\/endPoint?action=wppa&wppa-action=render&wppa-size=640&occur=1&page_id=128&wppa-fromp=128&lang=pl&cache=1&album=124&cover=0&occur=1&data-alb=124&#039;, &#039;http:\/\/mariacka-lodz.com.pl\/?page_id=128&lang=pl&cache=1&album=51521af68dc3dd8e&cover=0&occur=1&data-alb=124&#039; )\">View&nbsp;27&nbsp;photos<\/a><\/div><\/div><div id=\"coverphoto_frame_124_1\" style=\"float:right; margin-left:5px;width:110px;\" class=\"coverphoto-frame\"><div title=\" \" style=\"display:inline-block;margin:0 4px;\" onclick=\"wppaStopProp(event)\"><a title=\"View the album Ko\u015bci\u00f3\u0142 w obiektywie\" style=\"border:0;color:transparent;cursor:pointer;\" target=\"_self\" onclick=\"wppaDoAjaxRender(event, 1, &#039;http:\/\/mariacka-lodz.com.pl\/index.php?rest_route=\/wp-photo-album-plus\/endPoint?action=wppa&wppa-action=render&wppa-size=640&occur=1&page_id=128&wppa-fromp=128&lang=pl&cache=1&album=124&cover=0&occur=1&data-alb=124&#039;, &#039;http:\/\/mariacka-lodz.com.pl\/?page_id=128&lang=pl&cache=1&album=51521af68dc3dd8e&cover=0&occur=1&data-alb=124&#039; )\"><img decoding=\"async\" style=\"border-width:0px;width:100px;height:150px;opacity:0.85;display:inline;\" src=\"http:\/\/mariacka-lodz.com.pl\/wp-content\/uploads\/wppa\/thumbs\/5023.jpg?ver=9\" alt=\"ko+\u0164ci+-+\u00e9 (12).jpg\" class=\"image wppa-img\" onmouseover=\"jQuery(this).fadeTo(400, 1.0)\" onmouseout=\"jQuery(this).fadeTo(400,0.85)\"><\/a><\/div><\/div><div title=\" \" onclick=\"wppaStopProp(event);\"><\/div><div style=\"clear:both;\"><\/div><\/div><div id=\"album-123-1\" title=\"View the album Kolonie parafialne w Ustroniu Morskim 2015\" style=\"width:100%;float:right;cursor:pointer;\" class=\"wppa-album-cover-standard album wppa-box wppa-cover-box wppa-cover-box-1\" onclick=\"wppaDoAjaxRender(event, 1, &#039;http:\/\/mariacka-lodz.com.pl\/index.php?rest_route=\/wp-photo-album-plus\/endPoint?action=wppa&wppa-action=render&wppa-size=640&occur=1&page_id=128&wppa-fromp=128&lang=pl&cache=1&album=123&cover=0&occur=1&data-alb=123&#039;, &#039;http:\/\/mariacka-lodz.com.pl\/?page_id=128&lang=pl&cache=1&album=8a37b2ff419ca433&cover=0&occur=1&data-alb=123&#039; )\"><div id=\"covertext_frame_123_1\" style=\"width:459px; float:left\" class=\"wppa-text-frame-1 wppa-text-frame wppa-cover-text-frame wppa-asym-text-frame-1\"><h2 style=\"clear:none\" class=\"wppa-title\"><a title=\"View the album Kolonie parafialne w Ustroniu Morskim 2015\" style=\"cursor:pointer\" class=\"wppa-title\" onclick=\"wppaDoAjaxRender(event, 1, &#039;http:\/\/mariacka-lodz.com.pl\/index.php?rest_route=\/wp-photo-album-plus\/endPoint?action=wppa&wppa-action=render&wppa-size=640&occur=1&page_id=128&wppa-fromp=128&lang=pl&cache=1&album=123&cover=0&occur=1&data-alb=123&#039;, &#039;http:\/\/mariacka-lodz.com.pl\/?page_id=128&lang=pl&cache=1&album=8a37b2ff419ca433&cover=0&occur=1&data-alb=123&#039; )\">Kolonie parafialne w Ustroniu Morskim 2015<\/a><\/h2><div style=\"min-height:54px;\" class=\"wppa-box-text wppa-black wppa-box-text-desc\"><\/div><div class=\"wppa-box-text wppa-black wppa-info wppa-slideshow-browse-link wppa-album-cover-link\"><a title=\"Slideshow\" style=\"cursor:pointer\" class=\"wppa-album-cover-link\" onclick=\"wppaDoAjaxRender(event, 1, &#039;http:\/\/mariacka-lodz.com.pl\/index.php?rest_route=\/wp-photo-album-plus\/endPoint?action=wppa&wppa-action=render&wppa-size=640&occur=1&page_id=128&wppa-fromp=128&lang=pl&cache=1&slide=1&occur=1&album=123&#039;, &#039;http:\/\/mariacka-lodz.com.pl\/?page_id=128&lang=pl&cache=1&slide=1&occur=1&album=8a37b2ff419ca433&#039; )\">Slideshow<\/a><\/div><div class=\"wppa-box-text wppa-black wppa-info wppa-viewlink wppa-album-cover-link\"><a title=\"View the album Kolonie parafialne w Ustroniu Morskim 2015\" style=\"cursor:pointer;\" class=\"wppa-album-cover-link\" onclick=\"wppaDoAjaxRender(event, 1, &#039;http:\/\/mariacka-lodz.com.pl\/index.php?rest_route=\/wp-photo-album-plus\/endPoint?action=wppa&wppa-action=render&wppa-size=640&occur=1&page_id=128&wppa-fromp=128&lang=pl&cache=1&album=123&cover=0&occur=1&data-alb=123&#039;, &#039;http:\/\/mariacka-lodz.com.pl\/?page_id=128&lang=pl&cache=1&album=8a37b2ff419ca433&cover=0&occur=1&data-alb=123&#039; )\">View&nbsp;163&nbsp;photos<\/a><\/div><\/div><div id=\"coverphoto_frame_123_1\" style=\"float:right; margin-left:5px;width:160px;\" class=\"coverphoto-frame\"><div title=\" \" style=\"display:inline-block;margin:0 4px;\" onclick=\"wppaStopProp(event)\"><a title=\"View the album Kolonie parafialne w Ustroniu Morskim 2015\" style=\"border:0;color:transparent;cursor:pointer;\" target=\"_self\" onclick=\"wppaDoAjaxRender(event, 1, &#039;http:\/\/mariacka-lodz.com.pl\/index.php?rest_route=\/wp-photo-album-plus\/endPoint?action=wppa&wppa-action=render&wppa-size=640&occur=1&page_id=128&wppa-fromp=128&lang=pl&cache=1&album=123&cover=0&occur=1&data-alb=123&#039;, &#039;http:\/\/mariacka-lodz.com.pl\/?page_id=128&lang=pl&cache=1&album=8a37b2ff419ca433&cover=0&occur=1&data-alb=123&#039; )\"><img decoding=\"async\" style=\"border-width:0px;width:150px;height:113px;opacity:0.85;display:inline;\" src=\"http:\/\/mariacka-lodz.com.pl\/wp-content\/uploads\/wppa\/thumbs\/4858.jpg?ver=9\" alt=\"DSCF6554.JPG\" class=\"image wppa-img\" onmouseover=\"jQuery(this).fadeTo(400, 1.0)\" onmouseout=\"jQuery(this).fadeTo(400,0.85)\"><\/a><\/div><\/div><div title=\" \" onclick=\"wppaStopProp(event);\"><\/div><div style=\"clear:both;\"><\/div><\/div><div id=\"album-122-1\" title=\"View the album Bo\u017ce Cia\u0142o 2015\" style=\"width:100%;float:right;cursor:pointer;\" class=\"wppa-album-cover-standard album wppa-box wppa-cover-box wppa-cover-box-1\" onclick=\"wppaDoAjaxRender(event, 1, &#039;http:\/\/mariacka-lodz.com.pl\/index.php?rest_route=\/wp-photo-album-plus\/endPoint?action=wppa&wppa-action=render&wppa-size=640&occur=1&page_id=128&wppa-fromp=128&lang=pl&cache=1&album=122&cover=0&occur=1&data-alb=122&#039;, &#039;http:\/\/mariacka-lodz.com.pl\/?page_id=128&lang=pl&cache=1&album=9cb6eae22c437528&cover=0&occur=1&data-alb=122&#039; )\"><div id=\"covertext_frame_122_1\" style=\"width:459px; float:left\" class=\"wppa-text-frame-1 wppa-text-frame wppa-cover-text-frame wppa-asym-text-frame-1\"><h2 style=\"clear:none\" class=\"wppa-title\"><a title=\"View the album Bo\u017ce Cia\u0142o 2015\" style=\"cursor:pointer\" class=\"wppa-title\" onclick=\"wppaDoAjaxRender(event, 1, &#039;http:\/\/mariacka-lodz.com.pl\/index.php?rest_route=\/wp-photo-album-plus\/endPoint?action=wppa&wppa-action=render&wppa-size=640&occur=1&page_id=128&wppa-fromp=128&lang=pl&cache=1&album=122&cover=0&occur=1&data-alb=122&#039;, &#039;http:\/\/mariacka-lodz.com.pl\/?page_id=128&lang=pl&cache=1&album=9cb6eae22c437528&cover=0&occur=1&data-alb=122&#039; )\">Bo\u017ce Cia\u0142o 2015<\/a><\/h2><div style=\"min-height:54px;\" class=\"wppa-box-text wppa-black wppa-box-text-desc\"><\/div><div class=\"wppa-box-text wppa-black wppa-info wppa-slideshow-browse-link wppa-album-cover-link\"><a title=\"Slideshow\" style=\"cursor:pointer\" class=\"wppa-album-cover-link\" onclick=\"wppaDoAjaxRender(event, 1, &#039;http:\/\/mariacka-lodz.com.pl\/index.php?rest_route=\/wp-photo-album-plus\/endPoint?action=wppa&wppa-action=render&wppa-size=640&occur=1&page_id=128&wppa-fromp=128&lang=pl&cache=1&slide=1&occur=1&album=122&#039;, &#039;http:\/\/mariacka-lodz.com.pl\/?page_id=128&lang=pl&cache=1&slide=1&occur=1&album=9cb6eae22c437528&#039; )\">Slideshow<\/a><\/div><div class=\"wppa-box-text wppa-black wppa-info wppa-viewlink wppa-album-cover-link\"><a title=\"View the album Bo\u017ce Cia\u0142o 2015\" style=\"cursor:pointer;\" class=\"wppa-album-cover-link\" onclick=\"wppaDoAjaxRender(event, 1, &#039;http:\/\/mariacka-lodz.com.pl\/index.php?rest_route=\/wp-photo-album-plus\/endPoint?action=wppa&wppa-action=render&wppa-size=640&occur=1&page_id=128&wppa-fromp=128&lang=pl&cache=1&album=122&cover=0&occur=1&data-alb=122&#039;, &#039;http:\/\/mariacka-lodz.com.pl\/?page_id=128&lang=pl&cache=1&album=9cb6eae22c437528&cover=0&occur=1&data-alb=122&#039; )\">View&nbsp;190&nbsp;photos<\/a><\/div><\/div><div id=\"coverphoto_frame_122_1\" style=\"float:right; margin-left:5px;width:160px;\" class=\"coverphoto-frame\"><div title=\" \" style=\"display:inline-block;margin:0 4px;\" onclick=\"wppaStopProp(event)\"><a title=\"View the album Bo\u017ce Cia\u0142o 2015\" style=\"border:0;color:transparent;cursor:pointer;\" target=\"_self\" onclick=\"wppaDoAjaxRender(event, 1, &#039;http:\/\/mariacka-lodz.com.pl\/index.php?rest_route=\/wp-photo-album-plus\/endPoint?action=wppa&wppa-action=render&wppa-size=640&occur=1&page_id=128&wppa-fromp=128&lang=pl&cache=1&album=122&cover=0&occur=1&data-alb=122&#039;, &#039;http:\/\/mariacka-lodz.com.pl\/?page_id=128&lang=pl&cache=1&album=9cb6eae22c437528&cover=0&occur=1&data-alb=122&#039; )\"><img decoding=\"async\" style=\"border-width:0px;width:150px;height:113px;opacity:0.85;display:inline;\" src=\"http:\/\/mariacka-lodz.com.pl\/wp-content\/uploads\/wppa\/thumbs\/4668.jpg?ver=9\" alt=\"DSCF5499.JPG\" class=\"image wppa-img\" onmouseover=\"jQuery(this).fadeTo(400, 1.0)\" onmouseout=\"jQuery(this).fadeTo(400,0.85)\"><\/a><\/div><\/div><div title=\" \" onclick=\"wppaStopProp(event);\"><\/div><div style=\"clear:both;\"><\/div><\/div><div id=\"album-121-1\" title=\"View the album Budowa O\u0142tarzy - Bo\u017ce Cia\u0142o 2015\" style=\"width:100%;float:right;cursor:pointer;\" class=\"wppa-album-cover-standard album wppa-box wppa-cover-box wppa-cover-box-1\" onclick=\"wppaDoAjaxRender(event, 1, &#039;http:\/\/mariacka-lodz.com.pl\/index.php?rest_route=\/wp-photo-album-plus\/endPoint?action=wppa&wppa-action=render&wppa-size=640&occur=1&page_id=128&wppa-fromp=128&lang=pl&cache=1&album=121&cover=0&occur=1&data-alb=121&#039;, &#039;http:\/\/mariacka-lodz.com.pl\/?page_id=128&lang=pl&cache=1&album=f3f260e795149d93&cover=0&occur=1&data-alb=121&#039; )\"><div id=\"covertext_frame_121_1\" style=\"width:459px; float:left\" class=\"wppa-text-frame-1 wppa-text-frame wppa-cover-text-frame wppa-asym-text-frame-1\"><h2 style=\"clear:none\" class=\"wppa-title\"><a title=\"View the album Budowa O\u0142tarzy - Bo\u017ce Cia\u0142o 2015\" style=\"cursor:pointer\" class=\"wppa-title\" onclick=\"wppaDoAjaxRender(event, 1, &#039;http:\/\/mariacka-lodz.com.pl\/index.php?rest_route=\/wp-photo-album-plus\/endPoint?action=wppa&wppa-action=render&wppa-size=640&occur=1&page_id=128&wppa-fromp=128&lang=pl&cache=1&album=121&cover=0&occur=1&data-alb=121&#039;, &#039;http:\/\/mariacka-lodz.com.pl\/?page_id=128&lang=pl&cache=1&album=f3f260e795149d93&cover=0&occur=1&data-alb=121&#039; )\">Budowa O\u0142tarzy - Bo\u017ce Cia\u0142o 2015<\/a><\/h2><div style=\"min-height:54px;\" class=\"wppa-box-text wppa-black wppa-box-text-desc\"><\/div><div class=\"wppa-box-text wppa-black wppa-info wppa-slideshow-browse-link wppa-album-cover-link\"><a title=\"Slideshow\" style=\"cursor:pointer\" class=\"wppa-album-cover-link\" onclick=\"wppaDoAjaxRender(event, 1, &#039;http:\/\/mariacka-lodz.com.pl\/index.php?rest_route=\/wp-photo-album-plus\/endPoint?action=wppa&wppa-action=render&wppa-size=640&occur=1&page_id=128&wppa-fromp=128&lang=pl&cache=1&slide=1&occur=1&album=121&#039;, &#039;http:\/\/mariacka-lodz.com.pl\/?page_id=128&lang=pl&cache=1&slide=1&occur=1&album=f3f260e795149d93&#039; )\">Slideshow<\/a><\/div><div class=\"wppa-box-text wppa-black wppa-info wppa-viewlink wppa-album-cover-link\"><a title=\"View the album Budowa O\u0142tarzy - Bo\u017ce Cia\u0142o 2015\" style=\"cursor:pointer;\" class=\"wppa-album-cover-link\" onclick=\"wppaDoAjaxRender(event, 1, &#039;http:\/\/mariacka-lodz.com.pl\/index.php?rest_route=\/wp-photo-album-plus\/endPoint?action=wppa&wppa-action=render&wppa-size=640&occur=1&page_id=128&wppa-fromp=128&lang=pl&cache=1&album=121&cover=0&occur=1&data-alb=121&#039;, &#039;http:\/\/mariacka-lodz.com.pl\/?page_id=128&lang=pl&cache=1&album=f3f260e795149d93&cover=0&occur=1&data-alb=121&#039; )\">View&nbsp;49&nbsp;photos<\/a><\/div><\/div><div id=\"coverphoto_frame_121_1\" style=\"float:right; margin-left:5px;width:160px;\" class=\"coverphoto-frame\"><div title=\" \" style=\"display:inline-block;margin:0 4px;\" onclick=\"wppaStopProp(event)\"><a title=\"View the album Budowa O\u0142tarzy - Bo\u017ce Cia\u0142o 2015\" style=\"border:0;color:transparent;cursor:pointer;\" target=\"_self\" onclick=\"wppaDoAjaxRender(event, 1, &#039;http:\/\/mariacka-lodz.com.pl\/index.php?rest_route=\/wp-photo-album-plus\/endPoint?action=wppa&wppa-action=render&wppa-size=640&occur=1&page_id=128&wppa-fromp=128&lang=pl&cache=1&album=121&cover=0&occur=1&data-alb=121&#039;, &#039;http:\/\/mariacka-lodz.com.pl\/?page_id=128&lang=pl&cache=1&album=f3f260e795149d93&cover=0&occur=1&data-alb=121&#039; )\"><img decoding=\"async\" style=\"border-width:0px;width:150px;height:113px;opacity:0.85;display:inline;\" src=\"http:\/\/mariacka-lodz.com.pl\/wp-content\/uploads\/wppa\/thumbs\/4619.jpg?ver=9\" alt=\"Zdjecie (17).JPG\" class=\"image wppa-img\" onmouseover=\"jQuery(this).fadeTo(400, 1.0)\" onmouseout=\"jQuery(this).fadeTo(400,0.85)\"><\/a><\/div><\/div><div title=\" \" onclick=\"wppaStopProp(event);\"><\/div><div style=\"clear:both;\"><\/div><\/div><div id=\"album-120-1\" title=\"View the album Rocznica Pierwszej Komunii \u015awi\u0119tej\" style=\"width:100%;float:right;cursor:pointer;\" class=\"wppa-album-cover-standard album wppa-box wppa-cover-box wppa-cover-box-1\" onclick=\"wppaDoAjaxRender(event, 1, &#039;http:\/\/mariacka-lodz.com.pl\/index.php?rest_route=\/wp-photo-album-plus\/endPoint?action=wppa&wppa-action=render&wppa-size=640&occur=1&page_id=128&wppa-fromp=128&lang=pl&cache=1&album=120&cover=0&occur=1&data-alb=120&#039;, &#039;http:\/\/mariacka-lodz.com.pl\/?page_id=128&lang=pl&cache=1&album=952dab50c5dec6cb&cover=0&occur=1&data-alb=120&#039; )\"><div id=\"covertext_frame_120_1\" style=\"width:459px; float:left\" class=\"wppa-text-frame-1 wppa-text-frame wppa-cover-text-frame wppa-asym-text-frame-1\"><h2 style=\"clear:none\" class=\"wppa-title\"><a title=\"View the album Rocznica Pierwszej Komunii \u015awi\u0119tej\" style=\"cursor:pointer\" class=\"wppa-title\" onclick=\"wppaDoAjaxRender(event, 1, &#039;http:\/\/mariacka-lodz.com.pl\/index.php?rest_route=\/wp-photo-album-plus\/endPoint?action=wppa&wppa-action=render&wppa-size=640&occur=1&page_id=128&wppa-fromp=128&lang=pl&cache=1&album=120&cover=0&occur=1&data-alb=120&#039;, &#039;http:\/\/mariacka-lodz.com.pl\/?page_id=128&lang=pl&cache=1&album=952dab50c5dec6cb&cover=0&occur=1&data-alb=120&#039; )\">Rocznica Pierwszej Komunii \u015awi\u0119tej<\/a><\/h2><div style=\"min-height:54px;\" class=\"wppa-box-text wppa-black wppa-box-text-desc\"><\/div><div class=\"wppa-box-text wppa-black wppa-info wppa-slideshow-browse-link wppa-album-cover-link\"><a title=\"Slideshow\" style=\"cursor:pointer\" class=\"wppa-album-cover-link\" onclick=\"wppaDoAjaxRender(event, 1, &#039;http:\/\/mariacka-lodz.com.pl\/index.php?rest_route=\/wp-photo-album-plus\/endPoint?action=wppa&wppa-action=render&wppa-size=640&occur=1&page_id=128&wppa-fromp=128&lang=pl&cache=1&slide=1&occur=1&album=120&#039;, &#039;http:\/\/mariacka-lodz.com.pl\/?page_id=128&lang=pl&cache=1&slide=1&occur=1&album=952dab50c5dec6cb&#039; )\">Slideshow<\/a><\/div><div class=\"wppa-box-text wppa-black wppa-info wppa-viewlink wppa-album-cover-link\"><a title=\"View the album Rocznica Pierwszej Komunii \u015awi\u0119tej\" style=\"cursor:pointer;\" class=\"wppa-album-cover-link\" onclick=\"wppaDoAjaxRender(event, 1, &#039;http:\/\/mariacka-lodz.com.pl\/index.php?rest_route=\/wp-photo-album-plus\/endPoint?action=wppa&wppa-action=render&wppa-size=640&occur=1&page_id=128&wppa-fromp=128&lang=pl&cache=1&album=120&cover=0&occur=1&data-alb=120&#039;, &#039;http:\/\/mariacka-lodz.com.pl\/?page_id=128&lang=pl&cache=1&album=952dab50c5dec6cb&cover=0&occur=1&data-alb=120&#039; )\">View&nbsp;42&nbsp;photos<\/a><\/div><\/div><div id=\"coverphoto_frame_120_1\" style=\"float:right; margin-left:5px;width:160px;\" class=\"coverphoto-frame\"><div title=\" \" style=\"display:inline-block;margin:0 4px;\" onclick=\"wppaStopProp(event)\"><a title=\"View the album Rocznica Pierwszej Komunii \u015awi\u0119tej\" style=\"border:0;color:transparent;cursor:pointer;\" target=\"_self\" onclick=\"wppaDoAjaxRender(event, 1, &#039;http:\/\/mariacka-lodz.com.pl\/index.php?rest_route=\/wp-photo-album-plus\/endPoint?action=wppa&wppa-action=render&wppa-size=640&occur=1&page_id=128&wppa-fromp=128&lang=pl&cache=1&album=120&cover=0&occur=1&data-alb=120&#039;, &#039;http:\/\/mariacka-lodz.com.pl\/?page_id=128&lang=pl&cache=1&album=952dab50c5dec6cb&cover=0&occur=1&data-alb=120&#039; )\"><img decoding=\"async\" style=\"border-width:0px;width:150px;height:113px;opacity:0.85;display:inline;\" src=\"http:\/\/mariacka-lodz.com.pl\/wp-content\/uploads\/wppa\/thumbs\/4577.jpg?ver=9\" alt=\"DSCF5334.JPG\" class=\"image wppa-img\" onmouseover=\"jQuery(this).fadeTo(400, 1.0)\" onmouseout=\"jQuery(this).fadeTo(400,0.85)\"><\/a><\/div><\/div><div title=\" \" onclick=\"wppaStopProp(event);\"><\/div><div style=\"clear:both;\"><\/div><\/div><div id=\"album-119-1\" title=\"View the album Czuwanie przed uroczysto\u015bci\u0105 Zes\u0142ania Ducha \u015awi\u0119tego\" style=\"width:100%;float:right;cursor:pointer;\" class=\"wppa-album-cover-standard album wppa-box wppa-cover-box wppa-cover-box-1\" onclick=\"wppaDoAjaxRender(event, 1, &#039;http:\/\/mariacka-lodz.com.pl\/index.php?rest_route=\/wp-photo-album-plus\/endPoint?action=wppa&wppa-action=render&wppa-size=640&occur=1&page_id=128&wppa-fromp=128&lang=pl&cache=1&album=119&cover=0&occur=1&data-alb=119&#039;, &#039;http:\/\/mariacka-lodz.com.pl\/?page_id=128&lang=pl&cache=1&album=d74bf5a2b9bd46de&cover=0&occur=1&data-alb=119&#039; )\"><div id=\"covertext_frame_119_1\" style=\"width:459px; float:left\" class=\"wppa-text-frame-1 wppa-text-frame wppa-cover-text-frame wppa-asym-text-frame-1\"><h2 style=\"clear:none\" class=\"wppa-title\"><a title=\"View the album Czuwanie przed uroczysto\u015bci\u0105 Zes\u0142ania Ducha \u015awi\u0119tego\" style=\"cursor:pointer\" class=\"wppa-title\" onclick=\"wppaDoAjaxRender(event, 1, &#039;http:\/\/mariacka-lodz.com.pl\/index.php?rest_route=\/wp-photo-album-plus\/endPoint?action=wppa&wppa-action=render&wppa-size=640&occur=1&page_id=128&wppa-fromp=128&lang=pl&cache=1&album=119&cover=0&occur=1&data-alb=119&#039;, &#039;http:\/\/mariacka-lodz.com.pl\/?page_id=128&lang=pl&cache=1&album=d74bf5a2b9bd46de&cover=0&occur=1&data-alb=119&#039; )\">Czuwanie przed uroczysto\u015bci\u0105 Zes\u0142ania Ducha \u015awi\u0119tego<\/a><\/h2><div style=\"min-height:54px;\" class=\"wppa-box-text wppa-black wppa-box-text-desc\"><\/div><div class=\"wppa-box-text wppa-black wppa-info wppa-slideshow-browse-link wppa-album-cover-link\"><a title=\"Slideshow\" style=\"cursor:pointer\" class=\"wppa-album-cover-link\" onclick=\"wppaDoAjaxRender(event, 1, &#039;http:\/\/mariacka-lodz.com.pl\/index.php?rest_route=\/wp-photo-album-plus\/endPoint?action=wppa&wppa-action=render&wppa-size=640&occur=1&page_id=128&wppa-fromp=128&lang=pl&cache=1&slide=1&occur=1&album=119&#039;, &#039;http:\/\/mariacka-lodz.com.pl\/?page_id=128&lang=pl&cache=1&slide=1&occur=1&album=d74bf5a2b9bd46de&#039; )\">Slideshow<\/a><\/div><div class=\"wppa-box-text wppa-black wppa-info wppa-viewlink wppa-album-cover-link\"><a title=\"View the album Czuwanie przed uroczysto\u015bci\u0105 Zes\u0142ania Ducha \u015awi\u0119tego\" style=\"cursor:pointer;\" class=\"wppa-album-cover-link\" onclick=\"wppaDoAjaxRender(event, 1, &#039;http:\/\/mariacka-lodz.com.pl\/index.php?rest_route=\/wp-photo-album-plus\/endPoint?action=wppa&wppa-action=render&wppa-size=640&occur=1&page_id=128&wppa-fromp=128&lang=pl&cache=1&album=119&cover=0&occur=1&data-alb=119&#039;, &#039;http:\/\/mariacka-lodz.com.pl\/?page_id=128&lang=pl&cache=1&album=d74bf5a2b9bd46de&cover=0&occur=1&data-alb=119&#039; )\">View&nbsp;12&nbsp;photos<\/a><\/div><\/div><div id=\"coverphoto_frame_119_1\" style=\"float:right; margin-left:5px;width:160px;\" class=\"coverphoto-frame\"><div title=\" \" style=\"display:inline-block;margin:0 4px;\" onclick=\"wppaStopProp(event)\"><a title=\"View the album Czuwanie przed uroczysto\u015bci\u0105 Zes\u0142ania Ducha \u015awi\u0119tego\" style=\"border:0;color:transparent;cursor:pointer;\" target=\"_self\" onclick=\"wppaDoAjaxRender(event, 1, &#039;http:\/\/mariacka-lodz.com.pl\/index.php?rest_route=\/wp-photo-album-plus\/endPoint?action=wppa&wppa-action=render&wppa-size=640&occur=1&page_id=128&wppa-fromp=128&lang=pl&cache=1&album=119&cover=0&occur=1&data-alb=119&#039;, &#039;http:\/\/mariacka-lodz.com.pl\/?page_id=128&lang=pl&cache=1&album=d74bf5a2b9bd46de&cover=0&occur=1&data-alb=119&#039; )\"><img decoding=\"async\" style=\"border-width:0px;width:150px;height:113px;opacity:0.85;display:inline;\" src=\"http:\/\/mariacka-lodz.com.pl\/wp-content\/uploads\/wppa\/thumbs\/4551.jpg?ver=9\" alt=\"DSCF5296.JPG\" class=\"image wppa-img\" onmouseover=\"jQuery(this).fadeTo(400, 1.0)\" onmouseout=\"jQuery(this).fadeTo(400,0.85)\"><\/a><\/div><\/div><div title=\" \" onclick=\"wppaStopProp(event);\"><\/div><div style=\"clear:both;\"><\/div><\/div><div id=\"album-118-1\" title=\"View the album &quot;Santo Subito&quot;\" style=\"width:100%;float:right;cursor:pointer;\" class=\"wppa-album-cover-standard album wppa-box wppa-cover-box wppa-cover-box-1\" onclick=\"wppaDoAjaxRender(event, 1, &#039;http:\/\/mariacka-lodz.com.pl\/index.php?rest_route=\/wp-photo-album-plus\/endPoint?action=wppa&wppa-action=render&wppa-size=640&occur=1&page_id=128&wppa-fromp=128&lang=pl&cache=1&album=118&cover=0&occur=1&data-alb=118&#039;, &#039;http:\/\/mariacka-lodz.com.pl\/?page_id=128&lang=pl&cache=1&album=13d7babb62fd1bc6&cover=0&occur=1&data-alb=118&#039; )\"><div id=\"covertext_frame_118_1\" style=\"width:459px; float:left\" class=\"wppa-text-frame-1 wppa-text-frame wppa-cover-text-frame wppa-asym-text-frame-1\"><h2 style=\"clear:none\" class=\"wppa-title\"><a title=\"View the album &quot;Santo Subito&quot;\" style=\"cursor:pointer\" class=\"wppa-title\" onclick=\"wppaDoAjaxRender(event, 1, &#039;http:\/\/mariacka-lodz.com.pl\/index.php?rest_route=\/wp-photo-album-plus\/endPoint?action=wppa&wppa-action=render&wppa-size=640&occur=1&page_id=128&wppa-fromp=128&lang=pl&cache=1&album=118&cover=0&occur=1&data-alb=118&#039;, &#039;http:\/\/mariacka-lodz.com.pl\/?page_id=128&lang=pl&cache=1&album=13d7babb62fd1bc6&cover=0&occur=1&data-alb=118&#039; )\">\"Santo Subito\"<\/a><\/h2><div style=\"min-height:54px;\" class=\"wppa-box-text wppa-black wppa-box-text-desc\"><\/div><div class=\"wppa-box-text wppa-black wppa-info wppa-slideshow-browse-link wppa-album-cover-link\"><a title=\"Slideshow\" style=\"cursor:pointer\" class=\"wppa-album-cover-link\" onclick=\"wppaDoAjaxRender(event, 1, &#039;http:\/\/mariacka-lodz.com.pl\/index.php?rest_route=\/wp-photo-album-plus\/endPoint?action=wppa&wppa-action=render&wppa-size=640&occur=1&page_id=128&wppa-fromp=128&lang=pl&cache=1&slide=1&occur=1&album=118&#039;, &#039;http:\/\/mariacka-lodz.com.pl\/?page_id=128&lang=pl&cache=1&slide=1&occur=1&album=13d7babb62fd1bc6&#039; )\">Slideshow<\/a><\/div><div class=\"wppa-box-text wppa-black wppa-info wppa-viewlink wppa-album-cover-link\"><a title=\"View the album \\&quot;Santo Subito\\&quot;\" style=\"cursor:pointer;\" class=\"wppa-album-cover-link\" onclick=\"wppaDoAjaxRender(event, 1, &#039;http:\/\/mariacka-lodz.com.pl\/index.php?rest_route=\/wp-photo-album-plus\/endPoint?action=wppa&wppa-action=render&wppa-size=640&occur=1&page_id=128&wppa-fromp=128&lang=pl&cache=1&album=118&cover=0&occur=1&data-alb=118&#039;, &#039;http:\/\/mariacka-lodz.com.pl\/?page_id=128&lang=pl&cache=1&album=13d7babb62fd1bc6&cover=0&occur=1&data-alb=118&#039; )\">View&nbsp;36&nbsp;photos<\/a><\/div><\/div><div id=\"coverphoto_frame_118_1\" style=\"float:right; margin-left:5px;width:160px;\" class=\"coverphoto-frame\"><div title=\" \" style=\"display:inline-block;margin:0 4px;\" onclick=\"wppaStopProp(event)\"><a title=\"View the album &quot;Santo Subito&quot;\" style=\"border:0;color:transparent;cursor:pointer;\" target=\"_self\" onclick=\"wppaDoAjaxRender(event, 1, &#039;http:\/\/mariacka-lodz.com.pl\/index.php?rest_route=\/wp-photo-album-plus\/endPoint?action=wppa&wppa-action=render&wppa-size=640&occur=1&page_id=128&wppa-fromp=128&lang=pl&cache=1&album=118&cover=0&occur=1&data-alb=118&#039;, &#039;http:\/\/mariacka-lodz.com.pl\/?page_id=128&lang=pl&cache=1&album=13d7babb62fd1bc6&cover=0&occur=1&data-alb=118&#039; )\"><img decoding=\"async\" style=\"border-width:0px;width:150px;height:113px;opacity:0.85;display:inline;\" src=\"http:\/\/mariacka-lodz.com.pl\/wp-content\/uploads\/wppa\/thumbs\/4529.jpg?ver=9\" alt=\"DSCF5246.JPG\" class=\"image wppa-img\" onmouseover=\"jQuery(this).fadeTo(400, 1.0)\" onmouseout=\"jQuery(this).fadeTo(400,0.85)\"><\/a><\/div><\/div><div title=\" \" onclick=\"wppaStopProp(event);\"><\/div><div style=\"clear:both;\"><\/div><\/div><div id=\"album-117-1\" title=\"View the album Obrz\u0119d przyj\u0119cia w poczet Liturgicznej S\u0142u\u017cby O\u0142tarza czterech nowych ministrant\u00f3w - 10.05.2015\" style=\"width:100%;float:right;cursor:pointer;\" class=\"wppa-album-cover-standard album wppa-box wppa-cover-box wppa-cover-box-1\" onclick=\"wppaDoAjaxRender(event, 1, &#039;http:\/\/mariacka-lodz.com.pl\/index.php?rest_route=\/wp-photo-album-plus\/endPoint?action=wppa&wppa-action=render&wppa-size=640&occur=1&page_id=128&wppa-fromp=128&lang=pl&cache=1&album=117&cover=0&occur=1&data-alb=117&#039;, &#039;http:\/\/mariacka-lodz.com.pl\/?page_id=128&lang=pl&cache=1&album=d4f4061610bdc9bd&cover=0&occur=1&data-alb=117&#039; )\"><div id=\"covertext_frame_117_1\" style=\"width:459px; float:left\" class=\"wppa-text-frame-1 wppa-text-frame wppa-cover-text-frame wppa-asym-text-frame-1\"><h2 style=\"clear:none\" class=\"wppa-title\"><a title=\"View the album Obrz\u0119d przyj\u0119cia w poczet Liturgicznej S\u0142u\u017cby O\u0142tarza czterech nowych ministrant\u00f3w - 10.05.2015\" style=\"cursor:pointer\" class=\"wppa-title\" onclick=\"wppaDoAjaxRender(event, 1, &#039;http:\/\/mariacka-lodz.com.pl\/index.php?rest_route=\/wp-photo-album-plus\/endPoint?action=wppa&wppa-action=render&wppa-size=640&occur=1&page_id=128&wppa-fromp=128&lang=pl&cache=1&album=117&cover=0&occur=1&data-alb=117&#039;, &#039;http:\/\/mariacka-lodz.com.pl\/?page_id=128&lang=pl&cache=1&album=d4f4061610bdc9bd&cover=0&occur=1&data-alb=117&#039; )\">Obrz\u0119d przyj\u0119cia w poczet Liturgicznej S\u0142u\u017cby O\u0142tarza czterech nowych ministrant\u00f3w - 10.05.2015<\/a><\/h2><div style=\"min-height:54px;\" class=\"wppa-box-text wppa-black wppa-box-text-desc\"><\/div><div class=\"wppa-box-text wppa-black wppa-info wppa-slideshow-browse-link wppa-album-cover-link\"><a title=\"Slideshow\" style=\"cursor:pointer\" class=\"wppa-album-cover-link\" onclick=\"wppaDoAjaxRender(event, 1, &#039;http:\/\/mariacka-lodz.com.pl\/index.php?rest_route=\/wp-photo-album-plus\/endPoint?action=wppa&wppa-action=render&wppa-size=640&occur=1&page_id=128&wppa-fromp=128&lang=pl&cache=1&slide=1&occur=1&album=117&#039;, &#039;http:\/\/mariacka-lodz.com.pl\/?page_id=128&lang=pl&cache=1&slide=1&occur=1&album=d4f4061610bdc9bd&#039; )\">Slideshow<\/a><\/div><div class=\"wppa-box-text wppa-black wppa-info wppa-viewlink wppa-album-cover-link\"><a title=\"View the album Obrz\u0119d przyj\u0119cia w poczet Liturgicznej S\u0142u\u017cby O\u0142tarza czterech nowych ministrant\u00f3w - 10.05.2015\" style=\"cursor:pointer;\" class=\"wppa-album-cover-link\" onclick=\"wppaDoAjaxRender(event, 1, &#039;http:\/\/mariacka-lodz.com.pl\/index.php?rest_route=\/wp-photo-album-plus\/endPoint?action=wppa&wppa-action=render&wppa-size=640&occur=1&page_id=128&wppa-fromp=128&lang=pl&cache=1&album=117&cover=0&occur=1&data-alb=117&#039;, &#039;http:\/\/mariacka-lodz.com.pl\/?page_id=128&lang=pl&cache=1&album=d4f4061610bdc9bd&cover=0&occur=1&data-alb=117&#039; )\">View&nbsp;18&nbsp;photos<\/a><\/div><\/div><div id=\"coverphoto_frame_117_1\" style=\"float:right; margin-left:5px;width:160px;\" class=\"coverphoto-frame\"><div title=\" \" style=\"display:inline-block;margin:0 4px;\" onclick=\"wppaStopProp(event)\"><a title=\"View the album Obrz\u0119d przyj\u0119cia w poczet Liturgicznej S\u0142u\u017cby O\u0142tarza czterech nowych ministrant\u00f3w - 10.05.2015\" style=\"border:0;color:transparent;cursor:pointer;\" target=\"_self\" onclick=\"wppaDoAjaxRender(event, 1, &#039;http:\/\/mariacka-lodz.com.pl\/index.php?rest_route=\/wp-photo-album-plus\/endPoint?action=wppa&wppa-action=render&wppa-size=640&occur=1&page_id=128&wppa-fromp=128&lang=pl&cache=1&album=117&cover=0&occur=1&data-alb=117&#039;, &#039;http:\/\/mariacka-lodz.com.pl\/?page_id=128&lang=pl&cache=1&album=d4f4061610bdc9bd&cover=0&occur=1&data-alb=117&#039; )\"><img decoding=\"async\" style=\"border-width:0px;width:150px;height:113px;opacity:0.85;display:inline;\" src=\"http:\/\/mariacka-lodz.com.pl\/wp-content\/uploads\/wppa\/thumbs\/4488.jpg?ver=9\" alt=\"DSCF5203.JPG\" class=\"image wppa-img\" onmouseover=\"jQuery(this).fadeTo(400, 1.0)\" onmouseout=\"jQuery(this).fadeTo(400,0.85)\"><\/a><\/div><\/div><div title=\" \" onclick=\"wppaStopProp(event);\"><\/div><div style=\"clear:both;\"><\/div><\/div><div id=\"album-116-1\" title=\"View the album Dekoracja majowa\" style=\"width:100%;float:right;cursor:pointer;\" class=\"wppa-album-cover-standard album wppa-box wppa-cover-box wppa-cover-box-1\" onclick=\"wppaDoAjaxRender(event, 1, &#039;http:\/\/mariacka-lodz.com.pl\/index.php?rest_route=\/wp-photo-album-plus\/endPoint?action=wppa&wppa-action=render&wppa-size=640&occur=1&page_id=128&wppa-fromp=128&lang=pl&cache=1&album=116&cover=0&occur=1&data-alb=116&#039;, &#039;http:\/\/mariacka-lodz.com.pl\/?page_id=128&lang=pl&cache=1&album=7710cbd5635afd61&cover=0&occur=1&data-alb=116&#039; )\"><div id=\"covertext_frame_116_1\" style=\"width:459px; float:left\" class=\"wppa-text-frame-1 wppa-text-frame wppa-cover-text-frame wppa-asym-text-frame-1\"><h2 style=\"clear:none\" class=\"wppa-title\"><a title=\"View the album Dekoracja majowa\" style=\"cursor:pointer\" class=\"wppa-title\" onclick=\"wppaDoAjaxRender(event, 1, &#039;http:\/\/mariacka-lodz.com.pl\/index.php?rest_route=\/wp-photo-album-plus\/endPoint?action=wppa&wppa-action=render&wppa-size=640&occur=1&page_id=128&wppa-fromp=128&lang=pl&cache=1&album=116&cover=0&occur=1&data-alb=116&#039;, &#039;http:\/\/mariacka-lodz.com.pl\/?page_id=128&lang=pl&cache=1&album=7710cbd5635afd61&cover=0&occur=1&data-alb=116&#039; )\">Dekoracja majowa<\/a><\/h2><div style=\"min-height:54px;\" class=\"wppa-box-text wppa-black wppa-box-text-desc\"><\/div><div class=\"wppa-box-text wppa-black wppa-info wppa-slideshow-browse-link wppa-album-cover-link\"><a title=\"Slideshow\" style=\"cursor:pointer\" class=\"wppa-album-cover-link\" onclick=\"wppaDoAjaxRender(event, 1, &#039;http:\/\/mariacka-lodz.com.pl\/index.php?rest_route=\/wp-photo-album-plus\/endPoint?action=wppa&wppa-action=render&wppa-size=640&occur=1&page_id=128&wppa-fromp=128&lang=pl&cache=1&slide=1&occur=1&album=116&#039;, &#039;http:\/\/mariacka-lodz.com.pl\/?page_id=128&lang=pl&cache=1&slide=1&occur=1&album=7710cbd5635afd61&#039; )\">Slideshow<\/a><\/div><div class=\"wppa-box-text wppa-black wppa-info wppa-viewlink wppa-album-cover-link\"><a title=\"View the album Dekoracja majowa\" style=\"cursor:pointer;\" class=\"wppa-album-cover-link\" onclick=\"wppaDoAjaxRender(event, 1, &#039;http:\/\/mariacka-lodz.com.pl\/index.php?rest_route=\/wp-photo-album-plus\/endPoint?action=wppa&wppa-action=render&wppa-size=640&occur=1&page_id=128&wppa-fromp=128&lang=pl&cache=1&album=116&cover=0&occur=1&data-alb=116&#039;, &#039;http:\/\/mariacka-lodz.com.pl\/?page_id=128&lang=pl&cache=1&album=7710cbd5635afd61&cover=0&occur=1&data-alb=116&#039; )\">View&nbsp;18&nbsp;photos<\/a><\/div><\/div><div id=\"coverphoto_frame_116_1\" style=\"float:right; margin-left:5px;width:160px;\" class=\"coverphoto-frame\"><div title=\" \" style=\"display:inline-block;margin:0 4px;\" onclick=\"wppaStopProp(event)\"><a title=\"View the album Dekoracja majowa\" style=\"border:0;color:transparent;cursor:pointer;\" target=\"_self\" onclick=\"wppaDoAjaxRender(event, 1, &#039;http:\/\/mariacka-lodz.com.pl\/index.php?rest_route=\/wp-photo-album-plus\/endPoint?action=wppa&wppa-action=render&wppa-size=640&occur=1&page_id=128&wppa-fromp=128&lang=pl&cache=1&album=116&cover=0&occur=1&data-alb=116&#039;, &#039;http:\/\/mariacka-lodz.com.pl\/?page_id=128&lang=pl&cache=1&album=7710cbd5635afd61&cover=0&occur=1&data-alb=116&#039; )\"><img decoding=\"async\" style=\"border-width:0px;width:150px;height:113px;opacity:0.85;display:inline;\" src=\"http:\/\/mariacka-lodz.com.pl\/wp-content\/uploads\/wppa\/thumbs\/4506.jpg?ver=9\" alt=\"DSCF5172.JPG\" class=\"image wppa-img\" onmouseover=\"jQuery(this).fadeTo(400, 1.0)\" onmouseout=\"jQuery(this).fadeTo(400,0.85)\"><\/a><\/div><\/div><div title=\" \" onclick=\"wppaStopProp(event);\"><\/div><div style=\"clear:both;\"><\/div><\/div><div id=\"album-115-1\" title=\"View the album Zaj\u0119cia sportowe ministrant\u00f3w\" style=\"width:100%;float:right;cursor:pointer;\" class=\"wppa-album-cover-standard album wppa-box wppa-cover-box wppa-cover-box-1\" onclick=\"wppaDoAjaxRender(event, 1, &#039;http:\/\/mariacka-lodz.com.pl\/index.php?rest_route=\/wp-photo-album-plus\/endPoint?action=wppa&wppa-action=render&wppa-size=640&occur=1&page_id=128&wppa-fromp=128&lang=pl&cache=1&album=115&cover=0&occur=1&data-alb=115&#039;, &#039;http:\/\/mariacka-lodz.com.pl\/?page_id=128&lang=pl&cache=1&album=58dc99569b4c3238&cover=0&occur=1&data-alb=115&#039; )\"><div id=\"covertext_frame_115_1\" style=\"width:459px; float:left\" class=\"wppa-text-frame-1 wppa-text-frame wppa-cover-text-frame wppa-asym-text-frame-1\"><h2 style=\"clear:none\" class=\"wppa-title\"><a title=\"View the album Zaj\u0119cia sportowe ministrant\u00f3w\" style=\"cursor:pointer\" class=\"wppa-title\" onclick=\"wppaDoAjaxRender(event, 1, &#039;http:\/\/mariacka-lodz.com.pl\/index.php?rest_route=\/wp-photo-album-plus\/endPoint?action=wppa&wppa-action=render&wppa-size=640&occur=1&page_id=128&wppa-fromp=128&lang=pl&cache=1&album=115&cover=0&occur=1&data-alb=115&#039;, &#039;http:\/\/mariacka-lodz.com.pl\/?page_id=128&lang=pl&cache=1&album=58dc99569b4c3238&cover=0&occur=1&data-alb=115&#039; )\">Zaj\u0119cia sportowe ministrant\u00f3w<\/a><\/h2><div style=\"min-height:54px;\" class=\"wppa-box-text wppa-black wppa-box-text-desc\"><\/div><div class=\"wppa-box-text wppa-black wppa-info wppa-slideshow-browse-link wppa-album-cover-link\"><a title=\"Slideshow\" style=\"cursor:pointer\" class=\"wppa-album-cover-link\" onclick=\"wppaDoAjaxRender(event, 1, &#039;http:\/\/mariacka-lodz.com.pl\/index.php?rest_route=\/wp-photo-album-plus\/endPoint?action=wppa&wppa-action=render&wppa-size=640&occur=1&page_id=128&wppa-fromp=128&lang=pl&cache=1&slide=1&occur=1&album=115&#039;, &#039;http:\/\/mariacka-lodz.com.pl\/?page_id=128&lang=pl&cache=1&slide=1&occur=1&album=58dc99569b4c3238&#039; )\">Slideshow<\/a><\/div><div class=\"wppa-box-text wppa-black wppa-info wppa-viewlink wppa-album-cover-link\"><a title=\"View the album Zaj\u0119cia sportowe ministrant\u00f3w\" style=\"cursor:pointer;\" class=\"wppa-album-cover-link\" onclick=\"wppaDoAjaxRender(event, 1, &#039;http:\/\/mariacka-lodz.com.pl\/index.php?rest_route=\/wp-photo-album-plus\/endPoint?action=wppa&wppa-action=render&wppa-size=640&occur=1&page_id=128&wppa-fromp=128&lang=pl&cache=1&album=115&cover=0&occur=1&data-alb=115&#039;, &#039;http:\/\/mariacka-lodz.com.pl\/?page_id=128&lang=pl&cache=1&album=58dc99569b4c3238&cover=0&occur=1&data-alb=115&#039; )\">View&nbsp;46&nbsp;photos<\/a><\/div><\/div><div id=\"coverphoto_frame_115_1\" style=\"float:right; margin-left:5px;width:160px;\" class=\"coverphoto-frame\"><div title=\" \" style=\"display:inline-block;margin:0 4px;\" onclick=\"wppaStopProp(event)\"><a title=\"View the album Zaj\u0119cia sportowe ministrant\u00f3w\" style=\"border:0;color:transparent;cursor:pointer;\" target=\"_self\" onclick=\"wppaDoAjaxRender(event, 1, &#039;http:\/\/mariacka-lodz.com.pl\/index.php?rest_route=\/wp-photo-album-plus\/endPoint?action=wppa&wppa-action=render&wppa-size=640&occur=1&page_id=128&wppa-fromp=128&lang=pl&cache=1&album=115&cover=0&occur=1&data-alb=115&#039;, &#039;http:\/\/mariacka-lodz.com.pl\/?page_id=128&lang=pl&cache=1&album=58dc99569b4c3238&cover=0&occur=1&data-alb=115&#039; )\"><img decoding=\"async\" style=\"border-width:0px;width:150px;height:113px;opacity:0.85;display:inline;\" src=\"http:\/\/mariacka-lodz.com.pl\/wp-content\/uploads\/wppa\/thumbs\/4447.jpg?ver=9\" alt=\"DSCF5026.JPG\" class=\"image wppa-img\" onmouseover=\"jQuery(this).fadeTo(400, 1.0)\" onmouseout=\"jQuery(this).fadeTo(400,0.85)\"><\/a><\/div><\/div><div title=\" \" onclick=\"wppaStopProp(event);\"><\/div><div style=\"clear:both;\"><\/div><\/div><div id=\"album-114-1\" title=\"View the album Dekoracja Wielkanocna\" style=\"width:100%;float:right;cursor:pointer;\" class=\"wppa-album-cover-standard album wppa-box wppa-cover-box wppa-cover-box-1\" onclick=\"wppaDoAjaxRender(event, 1, &#039;http:\/\/mariacka-lodz.com.pl\/index.php?rest_route=\/wp-photo-album-plus\/endPoint?action=wppa&wppa-action=render&wppa-size=640&occur=1&page_id=128&wppa-fromp=128&lang=pl&cache=1&album=114&cover=0&occur=1&data-alb=114&#039;, &#039;http:\/\/mariacka-lodz.com.pl\/?page_id=128&lang=pl&cache=1&album=12298fcf89d89c6a&cover=0&occur=1&data-alb=114&#039; )\"><div id=\"covertext_frame_114_1\" style=\"width:459px; float:left\" class=\"wppa-text-frame-1 wppa-text-frame wppa-cover-text-frame wppa-asym-text-frame-1\"><h2 style=\"clear:none\" class=\"wppa-title\"><a title=\"View the album Dekoracja Wielkanocna\" style=\"cursor:pointer\" class=\"wppa-title\" onclick=\"wppaDoAjaxRender(event, 1, &#039;http:\/\/mariacka-lodz.com.pl\/index.php?rest_route=\/wp-photo-album-plus\/endPoint?action=wppa&wppa-action=render&wppa-size=640&occur=1&page_id=128&wppa-fromp=128&lang=pl&cache=1&album=114&cover=0&occur=1&data-alb=114&#039;, &#039;http:\/\/mariacka-lodz.com.pl\/?page_id=128&lang=pl&cache=1&album=12298fcf89d89c6a&cover=0&occur=1&data-alb=114&#039; )\">Dekoracja Wielkanocna<\/a><\/h2><div style=\"min-height:54px;\" class=\"wppa-box-text wppa-black wppa-box-text-desc\"><\/div><div class=\"wppa-box-text wppa-black wppa-info wppa-slideshow-browse-link wppa-album-cover-link\"><a title=\"Slideshow\" style=\"cursor:pointer\" class=\"wppa-album-cover-link\" onclick=\"wppaDoAjaxRender(event, 1, &#039;http:\/\/mariacka-lodz.com.pl\/index.php?rest_route=\/wp-photo-album-plus\/endPoint?action=wppa&wppa-action=render&wppa-size=640&occur=1&page_id=128&wppa-fromp=128&lang=pl&cache=1&slide=1&occur=1&album=114&#039;, &#039;http:\/\/mariacka-lodz.com.pl\/?page_id=128&lang=pl&cache=1&slide=1&occur=1&album=12298fcf89d89c6a&#039; )\">Slideshow<\/a><\/div><div class=\"wppa-box-text wppa-black wppa-info wppa-viewlink wppa-album-cover-link\"><a title=\"View the album Dekoracja Wielkanocna\" style=\"cursor:pointer;\" class=\"wppa-album-cover-link\" onclick=\"wppaDoAjaxRender(event, 1, &#039;http:\/\/mariacka-lodz.com.pl\/index.php?rest_route=\/wp-photo-album-plus\/endPoint?action=wppa&wppa-action=render&wppa-size=640&occur=1&page_id=128&wppa-fromp=128&lang=pl&cache=1&album=114&cover=0&occur=1&data-alb=114&#039;, &#039;http:\/\/mariacka-lodz.com.pl\/?page_id=128&lang=pl&cache=1&album=12298fcf89d89c6a&cover=0&occur=1&data-alb=114&#039; )\">View&nbsp;31&nbsp;photos<\/a><\/div><\/div><div id=\"coverphoto_frame_114_1\" style=\"float:right; margin-left:5px;width:160px;\" class=\"coverphoto-frame\"><div title=\" \" style=\"display:inline-block;margin:0 4px;\" onclick=\"wppaStopProp(event)\"><a title=\"View the album Dekoracja Wielkanocna\" style=\"border:0;color:transparent;cursor:pointer;\" target=\"_self\" onclick=\"wppaDoAjaxRender(event, 1, &#039;http:\/\/mariacka-lodz.com.pl\/index.php?rest_route=\/wp-photo-album-plus\/endPoint?action=wppa&wppa-action=render&wppa-size=640&occur=1&page_id=128&wppa-fromp=128&lang=pl&cache=1&album=114&cover=0&occur=1&data-alb=114&#039;, &#039;http:\/\/mariacka-lodz.com.pl\/?page_id=128&lang=pl&cache=1&album=12298fcf89d89c6a&cover=0&occur=1&data-alb=114&#039; )\"><img decoding=\"async\" style=\"border-width:0px;width:150px;height:113px;opacity:0.85;display:inline;\" src=\"http:\/\/mariacka-lodz.com.pl\/wp-content\/uploads\/wppa\/thumbs\/4415.jpg?ver=9\" alt=\"DSCF4986.JPG\" class=\"image wppa-img\" onmouseover=\"jQuery(this).fadeTo(400, 1.0)\" onmouseout=\"jQuery(this).fadeTo(400,0.85)\"><\/a><\/div><\/div><div title=\" \" onclick=\"wppaStopProp(event);\"><\/div><div style=\"clear:both;\"><\/div><\/div><div id=\"album-113-1\" title=\"View the album Rezurekcja 2015\" style=\"width:100%;float:right;cursor:pointer;\" class=\"wppa-album-cover-standard album wppa-box wppa-cover-box wppa-cover-box-1\" onclick=\"wppaDoAjaxRender(event, 1, &#039;http:\/\/mariacka-lodz.com.pl\/index.php?rest_route=\/wp-photo-album-plus\/endPoint?action=wppa&wppa-action=render&wppa-size=640&occur=1&page_id=128&wppa-fromp=128&lang=pl&cache=1&album=113&cover=0&occur=1&data-alb=113&#039;, &#039;http:\/\/mariacka-lodz.com.pl\/?page_id=128&lang=pl&cache=1&album=9df6b958e3feb09a&cover=0&occur=1&data-alb=113&#039; )\"><div id=\"covertext_frame_113_1\" style=\"width:459px; float:left\" class=\"wppa-text-frame-1 wppa-text-frame wppa-cover-text-frame wppa-asym-text-frame-1\"><h2 style=\"clear:none\" class=\"wppa-title\"><a title=\"View the album Rezurekcja 2015\" style=\"cursor:pointer\" class=\"wppa-title\" onclick=\"wppaDoAjaxRender(event, 1, &#039;http:\/\/mariacka-lodz.com.pl\/index.php?rest_route=\/wp-photo-album-plus\/endPoint?action=wppa&wppa-action=render&wppa-size=640&occur=1&page_id=128&wppa-fromp=128&lang=pl&cache=1&album=113&cover=0&occur=1&data-alb=113&#039;, &#039;http:\/\/mariacka-lodz.com.pl\/?page_id=128&lang=pl&cache=1&album=9df6b958e3feb09a&cover=0&occur=1&data-alb=113&#039; )\">Rezurekcja 2015<\/a><\/h2><div style=\"min-height:54px;\" class=\"wppa-box-text wppa-black wppa-box-text-desc\"><\/div><div class=\"wppa-box-text wppa-black wppa-info wppa-slideshow-browse-link wppa-album-cover-link\"><a title=\"Slideshow\" style=\"cursor:pointer\" class=\"wppa-album-cover-link\" onclick=\"wppaDoAjaxRender(event, 1, &#039;http:\/\/mariacka-lodz.com.pl\/index.php?rest_route=\/wp-photo-album-plus\/endPoint?action=wppa&wppa-action=render&wppa-size=640&occur=1&page_id=128&wppa-fromp=128&lang=pl&cache=1&slide=1&occur=1&album=113&#039;, &#039;http:\/\/mariacka-lodz.com.pl\/?page_id=128&lang=pl&cache=1&slide=1&occur=1&album=9df6b958e3feb09a&#039; )\">Slideshow<\/a><\/div><div class=\"wppa-box-text wppa-black wppa-info wppa-viewlink wppa-album-cover-link\"><a title=\"View the album Rezurekcja 2015\" style=\"cursor:pointer;\" class=\"wppa-album-cover-link\" onclick=\"wppaDoAjaxRender(event, 1, &#039;http:\/\/mariacka-lodz.com.pl\/index.php?rest_route=\/wp-photo-album-plus\/endPoint?action=wppa&wppa-action=render&wppa-size=640&occur=1&page_id=128&wppa-fromp=128&lang=pl&cache=1&album=113&cover=0&occur=1&data-alb=113&#039;, &#039;http:\/\/mariacka-lodz.com.pl\/?page_id=128&lang=pl&cache=1&album=9df6b958e3feb09a&cover=0&occur=1&data-alb=113&#039; )\">View&nbsp;110&nbsp;photos<\/a><\/div><\/div><div id=\"coverphoto_frame_113_1\" style=\"float:right; margin-left:5px;width:160px;\" class=\"coverphoto-frame\"><div title=\" \" style=\"display:inline-block;margin:0 4px;\" onclick=\"wppaStopProp(event)\"><a title=\"View the album Rezurekcja 2015\" style=\"border:0;color:transparent;cursor:pointer;\" target=\"_self\" onclick=\"wppaDoAjaxRender(event, 1, &#039;http:\/\/mariacka-lodz.com.pl\/index.php?rest_route=\/wp-photo-album-plus\/endPoint?action=wppa&wppa-action=render&wppa-size=640&occur=1&page_id=128&wppa-fromp=128&lang=pl&cache=1&album=113&cover=0&occur=1&data-alb=113&#039;, &#039;http:\/\/mariacka-lodz.com.pl\/?page_id=128&lang=pl&cache=1&album=9df6b958e3feb09a&cover=0&occur=1&data-alb=113&#039; )\"><img decoding=\"async\" style=\"border-width:0px;width:150px;height:113px;opacity:0.85;display:inline;\" src=\"http:\/\/mariacka-lodz.com.pl\/wp-content\/uploads\/wppa\/thumbs\/4289.jpg?ver=9\" alt=\"DSCF4742.JPG\" class=\"image wppa-img\" onmouseover=\"jQuery(this).fadeTo(400, 1.0)\" onmouseout=\"jQuery(this).fadeTo(400,0.85)\"><\/a><\/div><\/div><div title=\" \" onclick=\"wppaStopProp(event);\"><\/div><div style=\"clear:both;\"><\/div><\/div><div id=\"album-112-1\" title=\"View the album Wielka Sobota 2015\" style=\"width:100%;float:right;cursor:pointer;\" class=\"wppa-album-cover-standard album wppa-box wppa-cover-box wppa-cover-box-1\" onclick=\"wppaDoAjaxRender(event, 1, &#039;http:\/\/mariacka-lodz.com.pl\/index.php?rest_route=\/wp-photo-album-plus\/endPoint?action=wppa&wppa-action=render&wppa-size=640&occur=1&page_id=128&wppa-fromp=128&lang=pl&cache=1&album=112&cover=0&occur=1&data-alb=112&#039;, &#039;http:\/\/mariacka-lodz.com.pl\/?page_id=128&lang=pl&cache=1&album=65fe320d96afd213&cover=0&occur=1&data-alb=112&#039; )\"><div id=\"covertext_frame_112_1\" style=\"width:459px; float:left\" class=\"wppa-text-frame-1 wppa-text-frame wppa-cover-text-frame wppa-asym-text-frame-1\"><h2 style=\"clear:none\" class=\"wppa-title\"><a title=\"View the album Wielka Sobota 2015\" style=\"cursor:pointer\" class=\"wppa-title\" onclick=\"wppaDoAjaxRender(event, 1, &#039;http:\/\/mariacka-lodz.com.pl\/index.php?rest_route=\/wp-photo-album-plus\/endPoint?action=wppa&wppa-action=render&wppa-size=640&occur=1&page_id=128&wppa-fromp=128&lang=pl&cache=1&album=112&cover=0&occur=1&data-alb=112&#039;, &#039;http:\/\/mariacka-lodz.com.pl\/?page_id=128&lang=pl&cache=1&album=65fe320d96afd213&cover=0&occur=1&data-alb=112&#039; )\">Wielka Sobota 2015<\/a><\/h2><div style=\"min-height:54px;\" class=\"wppa-box-text wppa-black wppa-box-text-desc\"><\/div><div class=\"wppa-box-text wppa-black wppa-info wppa-slideshow-browse-link wppa-album-cover-link\"><a title=\"Slideshow\" style=\"cursor:pointer\" class=\"wppa-album-cover-link\" onclick=\"wppaDoAjaxRender(event, 1, &#039;http:\/\/mariacka-lodz.com.pl\/index.php?rest_route=\/wp-photo-album-plus\/endPoint?action=wppa&wppa-action=render&wppa-size=640&occur=1&page_id=128&wppa-fromp=128&lang=pl&cache=1&slide=1&occur=1&album=112&#039;, &#039;http:\/\/mariacka-lodz.com.pl\/?page_id=128&lang=pl&cache=1&slide=1&occur=1&album=65fe320d96afd213&#039; )\">Slideshow<\/a><\/div><div class=\"wppa-box-text wppa-black wppa-info wppa-viewlink wppa-album-cover-link\"><a title=\"View the album Wielka Sobota 2015\" style=\"cursor:pointer;\" class=\"wppa-album-cover-link\" onclick=\"wppaDoAjaxRender(event, 1, &#039;http:\/\/mariacka-lodz.com.pl\/index.php?rest_route=\/wp-photo-album-plus\/endPoint?action=wppa&wppa-action=render&wppa-size=640&occur=1&page_id=128&wppa-fromp=128&lang=pl&cache=1&album=112&cover=0&occur=1&data-alb=112&#039;, &#039;http:\/\/mariacka-lodz.com.pl\/?page_id=128&lang=pl&cache=1&album=65fe320d96afd213&cover=0&occur=1&data-alb=112&#039; )\">View&nbsp;133&nbsp;photos<\/a><\/div><\/div><div id=\"coverphoto_frame_112_1\" style=\"float:right; margin-left:5px;width:160px;\" class=\"coverphoto-frame\"><div title=\" \" style=\"display:inline-block;margin:0 4px;\" onclick=\"wppaStopProp(event)\"><a title=\"View the album Wielka Sobota 2015\" style=\"border:0;color:transparent;cursor:pointer;\" target=\"_self\" onclick=\"wppaDoAjaxRender(event, 1, &#039;http:\/\/mariacka-lodz.com.pl\/index.php?rest_route=\/wp-photo-album-plus\/endPoint?action=wppa&wppa-action=render&wppa-size=640&occur=1&page_id=128&wppa-fromp=128&lang=pl&cache=1&album=112&cover=0&occur=1&data-alb=112&#039;, &#039;http:\/\/mariacka-lodz.com.pl\/?page_id=128&lang=pl&cache=1&album=65fe320d96afd213&cover=0&occur=1&data-alb=112&#039; )\"><img decoding=\"async\" style=\"border-width:0px;width:150px;height:113px;opacity:0.85;display:inline;\" src=\"http:\/\/mariacka-lodz.com.pl\/wp-content\/uploads\/wppa\/thumbs\/4146.jpg?ver=9\" alt=\"DSCF4476.JPG\" class=\"image wppa-img\" onmouseover=\"jQuery(this).fadeTo(400, 1.0)\" onmouseout=\"jQuery(this).fadeTo(400,0.85)\"><\/a><\/div><\/div><div title=\" \" onclick=\"wppaStopProp(event);\"><\/div><div style=\"clear:both;\"><\/div><\/div><div id=\"album-111-1\" title=\"View the album \u015awi\u0119cenie pokarm\u00f3w dla dzieci 2015\" style=\"width:100%;float:right;cursor:pointer;\" class=\"wppa-album-cover-standard album wppa-box wppa-cover-box wppa-cover-box-1\" onclick=\"wppaDoAjaxRender(event, 1, &#039;http:\/\/mariacka-lodz.com.pl\/index.php?rest_route=\/wp-photo-album-plus\/endPoint?action=wppa&wppa-action=render&wppa-size=640&occur=1&page_id=128&wppa-fromp=128&lang=pl&cache=1&album=111&cover=0&occur=1&data-alb=111&#039;, &#039;http:\/\/mariacka-lodz.com.pl\/?page_id=128&lang=pl&cache=1&album=5560ef10c2a1cb2b&cover=0&occur=1&data-alb=111&#039; )\"><div id=\"covertext_frame_111_1\" style=\"width:459px; float:left\" class=\"wppa-text-frame-1 wppa-text-frame wppa-cover-text-frame wppa-asym-text-frame-1\"><h2 style=\"clear:none\" class=\"wppa-title\"><a title=\"View the album \u015awi\u0119cenie pokarm\u00f3w dla dzieci 2015\" style=\"cursor:pointer\" class=\"wppa-title\" onclick=\"wppaDoAjaxRender(event, 1, &#039;http:\/\/mariacka-lodz.com.pl\/index.php?rest_route=\/wp-photo-album-plus\/endPoint?action=wppa&wppa-action=render&wppa-size=640&occur=1&page_id=128&wppa-fromp=128&lang=pl&cache=1&album=111&cover=0&occur=1&data-alb=111&#039;, &#039;http:\/\/mariacka-lodz.com.pl\/?page_id=128&lang=pl&cache=1&album=5560ef10c2a1cb2b&cover=0&occur=1&data-alb=111&#039; )\">\u015awi\u0119cenie pokarm\u00f3w dla dzieci 2015<\/a><\/h2><div style=\"min-height:54px;\" class=\"wppa-box-text wppa-black wppa-box-text-desc\"><\/div><div class=\"wppa-box-text wppa-black wppa-info wppa-slideshow-browse-link wppa-album-cover-link\"><a title=\"Slideshow\" style=\"cursor:pointer\" class=\"wppa-album-cover-link\" onclick=\"wppaDoAjaxRender(event, 1, &#039;http:\/\/mariacka-lodz.com.pl\/index.php?rest_route=\/wp-photo-album-plus\/endPoint?action=wppa&wppa-action=render&wppa-size=640&occur=1&page_id=128&wppa-fromp=128&lang=pl&cache=1&slide=1&occur=1&album=111&#039;, &#039;http:\/\/mariacka-lodz.com.pl\/?page_id=128&lang=pl&cache=1&slide=1&occur=1&album=5560ef10c2a1cb2b&#039; )\">Slideshow<\/a><\/div><div class=\"wppa-box-text wppa-black wppa-info wppa-viewlink wppa-album-cover-link\"><a title=\"View the album \u015awi\u0119cenie pokarm\u00f3w dla dzieci 2015\" style=\"cursor:pointer;\" class=\"wppa-album-cover-link\" onclick=\"wppaDoAjaxRender(event, 1, &#039;http:\/\/mariacka-lodz.com.pl\/index.php?rest_route=\/wp-photo-album-plus\/endPoint?action=wppa&wppa-action=render&wppa-size=640&occur=1&page_id=128&wppa-fromp=128&lang=pl&cache=1&album=111&cover=0&occur=1&data-alb=111&#039;, &#039;http:\/\/mariacka-lodz.com.pl\/?page_id=128&lang=pl&cache=1&album=5560ef10c2a1cb2b&cover=0&occur=1&data-alb=111&#039; )\">View&nbsp;83&nbsp;photos<\/a><\/div><\/div><div id=\"coverphoto_frame_111_1\" style=\"float:right; margin-left:5px;width:160px;\" class=\"coverphoto-frame\"><div title=\" \" style=\"display:inline-block;margin:0 4px;\" onclick=\"wppaStopProp(event)\"><a title=\"View the album \u015awi\u0119cenie pokarm\u00f3w dla dzieci 2015\" style=\"border:0;color:transparent;cursor:pointer;\" target=\"_self\" onclick=\"wppaDoAjaxRender(event, 1, &#039;http:\/\/mariacka-lodz.com.pl\/index.php?rest_route=\/wp-photo-album-plus\/endPoint?action=wppa&wppa-action=render&wppa-size=640&occur=1&page_id=128&wppa-fromp=128&lang=pl&cache=1&album=111&cover=0&occur=1&data-alb=111&#039;, &#039;http:\/\/mariacka-lodz.com.pl\/?page_id=128&lang=pl&cache=1&album=5560ef10c2a1cb2b&cover=0&occur=1&data-alb=111&#039; )\"><img decoding=\"async\" style=\"border-width:0px;width:150px;height:90px;opacity:0.85;display:inline;\" src=\"http:\/\/mariacka-lodz.com.pl\/wp-content\/uploads\/wppa\/thumbs\/4062.jpg?ver=9\" alt=\"20150404_122004.jpg\" class=\"image wppa-img\" onmouseover=\"jQuery(this).fadeTo(400, 1.0)\" onmouseout=\"jQuery(this).fadeTo(400,0.85)\"><\/a><\/div><\/div><div title=\" \" onclick=\"wppaStopProp(event);\"><\/div><div style=\"clear:both;\"><\/div><\/div><div id=\"album-110-1\" title=\"View the album Gr\u00f3b Pa\u0144ski 2015\" style=\"width:100%;float:right;cursor:pointer;\" class=\"wppa-album-cover-standard album wppa-box wppa-cover-box wppa-cover-box-1\" onclick=\"wppaDoAjaxRender(event, 1, &#039;http:\/\/mariacka-lodz.com.pl\/index.php?rest_route=\/wp-photo-album-plus\/endPoint?action=wppa&wppa-action=render&wppa-size=640&occur=1&page_id=128&wppa-fromp=128&lang=pl&cache=1&album=110&cover=0&occur=1&data-alb=110&#039;, &#039;http:\/\/mariacka-lodz.com.pl\/?page_id=128&lang=pl&cache=1&album=6ccd832311f293d5&cover=0&occur=1&data-alb=110&#039; )\"><div id=\"covertext_frame_110_1\" style=\"width:459px; float:left\" class=\"wppa-text-frame-1 wppa-text-frame wppa-cover-text-frame wppa-asym-text-frame-1\"><h2 style=\"clear:none\" class=\"wppa-title\"><a title=\"View the album Gr\u00f3b Pa\u0144ski 2015\" style=\"cursor:pointer\" class=\"wppa-title\" onclick=\"wppaDoAjaxRender(event, 1, &#039;http:\/\/mariacka-lodz.com.pl\/index.php?rest_route=\/wp-photo-album-plus\/endPoint?action=wppa&wppa-action=render&wppa-size=640&occur=1&page_id=128&wppa-fromp=128&lang=pl&cache=1&album=110&cover=0&occur=1&data-alb=110&#039;, &#039;http:\/\/mariacka-lodz.com.pl\/?page_id=128&lang=pl&cache=1&album=6ccd832311f293d5&cover=0&occur=1&data-alb=110&#039; )\">Gr\u00f3b Pa\u0144ski 2015<\/a><\/h2><div style=\"min-height:54px;\" class=\"wppa-box-text wppa-black wppa-box-text-desc\"><\/div><div class=\"wppa-box-text wppa-black wppa-info wppa-slideshow-browse-link wppa-album-cover-link\"><a title=\"Slideshow\" style=\"cursor:pointer\" class=\"wppa-album-cover-link\" onclick=\"wppaDoAjaxRender(event, 1, &#039;http:\/\/mariacka-lodz.com.pl\/index.php?rest_route=\/wp-photo-album-plus\/endPoint?action=wppa&wppa-action=render&wppa-size=640&occur=1&page_id=128&wppa-fromp=128&lang=pl&cache=1&slide=1&occur=1&album=110&#039;, &#039;http:\/\/mariacka-lodz.com.pl\/?page_id=128&lang=pl&cache=1&slide=1&occur=1&album=6ccd832311f293d5&#039; )\">Slideshow<\/a><\/div><div class=\"wppa-box-text wppa-black wppa-info wppa-viewlink wppa-album-cover-link\"><a title=\"View the album Gr\u00f3b Pa\u0144ski 2015\" style=\"cursor:pointer;\" class=\"wppa-album-cover-link\" onclick=\"wppaDoAjaxRender(event, 1, &#039;http:\/\/mariacka-lodz.com.pl\/index.php?rest_route=\/wp-photo-album-plus\/endPoint?action=wppa&wppa-action=render&wppa-size=640&occur=1&page_id=128&wppa-fromp=128&lang=pl&cache=1&album=110&cover=0&occur=1&data-alb=110&#039;, &#039;http:\/\/mariacka-lodz.com.pl\/?page_id=128&lang=pl&cache=1&album=6ccd832311f293d5&cover=0&occur=1&data-alb=110&#039; )\">View&nbsp;70&nbsp;photos<\/a><\/div><\/div><div id=\"coverphoto_frame_110_1\" style=\"float:right; margin-left:5px;width:160px;\" class=\"coverphoto-frame\"><div title=\" \" style=\"display:inline-block;margin:0 4px;\" onclick=\"wppaStopProp(event)\"><a title=\"View the album Gr\u00f3b Pa\u0144ski 2015\" style=\"border:0;color:transparent;cursor:pointer;\" target=\"_self\" onclick=\"wppaDoAjaxRender(event, 1, &#039;http:\/\/mariacka-lodz.com.pl\/index.php?rest_route=\/wp-photo-album-plus\/endPoint?action=wppa&wppa-action=render&wppa-size=640&occur=1&page_id=128&wppa-fromp=128&lang=pl&cache=1&album=110&cover=0&occur=1&data-alb=110&#039;, &#039;http:\/\/mariacka-lodz.com.pl\/?page_id=128&lang=pl&cache=1&album=6ccd832311f293d5&cover=0&occur=1&data-alb=110&#039; )\"><img decoding=\"async\" style=\"border-width:0px;width:150px;height:113px;opacity:0.85;display:inline;\" src=\"http:\/\/mariacka-lodz.com.pl\/wp-content\/uploads\/wppa\/thumbs\/3996.jpg?ver=9\" alt=\"DSCF4055.JPG\" class=\"image wppa-img\" onmouseover=\"jQuery(this).fadeTo(400, 1.0)\" onmouseout=\"jQuery(this).fadeTo(400,0.85)\"><\/a><\/div><\/div><div title=\" \" onclick=\"wppaStopProp(event);\"><\/div><div style=\"clear:both;\"><\/div><\/div><div id=\"album-109-1\" title=\"View the album Wielki Pi\u0105tek 2015\" style=\"width:100%;float:right;cursor:pointer;\" class=\"wppa-album-cover-standard album wppa-box wppa-cover-box wppa-cover-box-1\" onclick=\"wppaDoAjaxRender(event, 1, &#039;http:\/\/mariacka-lodz.com.pl\/index.php?rest_route=\/wp-photo-album-plus\/endPoint?action=wppa&wppa-action=render&wppa-size=640&occur=1&page_id=128&wppa-fromp=128&lang=pl&cache=1&album=109&cover=0&occur=1&data-alb=109&#039;, &#039;http:\/\/mariacka-lodz.com.pl\/?page_id=128&lang=pl&cache=1&album=5158df1ec6ae6c92&cover=0&occur=1&data-alb=109&#039; )\"><div id=\"covertext_frame_109_1\" style=\"width:459px; float:left\" class=\"wppa-text-frame-1 wppa-text-frame wppa-cover-text-frame wppa-asym-text-frame-1\"><h2 style=\"clear:none\" class=\"wppa-title\"><a title=\"View the album Wielki Pi\u0105tek 2015\" style=\"cursor:pointer\" class=\"wppa-title\" onclick=\"wppaDoAjaxRender(event, 1, &#039;http:\/\/mariacka-lodz.com.pl\/index.php?rest_route=\/wp-photo-album-plus\/endPoint?action=wppa&wppa-action=render&wppa-size=640&occur=1&page_id=128&wppa-fromp=128&lang=pl&cache=1&album=109&cover=0&occur=1&data-alb=109&#039;, &#039;http:\/\/mariacka-lodz.com.pl\/?page_id=128&lang=pl&cache=1&album=5158df1ec6ae6c92&cover=0&occur=1&data-alb=109&#039; )\">Wielki Pi\u0105tek 2015<\/a><\/h2><div style=\"min-height:54px;\" class=\"wppa-box-text wppa-black wppa-box-text-desc\"><\/div><div class=\"wppa-box-text wppa-black wppa-info wppa-slideshow-browse-link wppa-album-cover-link\"><a title=\"Slideshow\" style=\"cursor:pointer\" class=\"wppa-album-cover-link\" onclick=\"wppaDoAjaxRender(event, 1, &#039;http:\/\/mariacka-lodz.com.pl\/index.php?rest_route=\/wp-photo-album-plus\/endPoint?action=wppa&wppa-action=render&wppa-size=640&occur=1&page_id=128&wppa-fromp=128&lang=pl&cache=1&slide=1&occur=1&album=109&#039;, &#039;http:\/\/mariacka-lodz.com.pl\/?page_id=128&lang=pl&cache=1&slide=1&occur=1&album=5158df1ec6ae6c92&#039; )\">Slideshow<\/a><\/div><div class=\"wppa-box-text wppa-black wppa-info wppa-viewlink wppa-album-cover-link\"><a title=\"View the album Wielki Pi\u0105tek 2015\" style=\"cursor:pointer;\" class=\"wppa-album-cover-link\" onclick=\"wppaDoAjaxRender(event, 1, &#039;http:\/\/mariacka-lodz.com.pl\/index.php?rest_route=\/wp-photo-album-plus\/endPoint?action=wppa&wppa-action=render&wppa-size=640&occur=1&page_id=128&wppa-fromp=128&lang=pl&cache=1&album=109&cover=0&occur=1&data-alb=109&#039;, &#039;http:\/\/mariacka-lodz.com.pl\/?page_id=128&lang=pl&cache=1&album=5158df1ec6ae6c92&cover=0&occur=1&data-alb=109&#039; )\">View&nbsp;234&nbsp;photos<\/a><\/div><\/div><div id=\"coverphoto_frame_109_1\" style=\"float:right; margin-left:5px;width:160px;\" class=\"coverphoto-frame\"><div title=\" \" style=\"display:inline-block;margin:0 4px;\" onclick=\"wppaStopProp(event)\"><a title=\"View the album Wielki Pi\u0105tek 2015\" style=\"border:0;color:transparent;cursor:pointer;\" target=\"_self\" onclick=\"wppaDoAjaxRender(event, 1, &#039;http:\/\/mariacka-lodz.com.pl\/index.php?rest_route=\/wp-photo-album-plus\/endPoint?action=wppa&wppa-action=render&wppa-size=640&occur=1&page_id=128&wppa-fromp=128&lang=pl&cache=1&album=109&cover=0&occur=1&data-alb=109&#039;, &#039;http:\/\/mariacka-lodz.com.pl\/?page_id=128&lang=pl&cache=1&album=5158df1ec6ae6c92&cover=0&occur=1&data-alb=109&#039; )\"><img decoding=\"async\" style=\"border-width:0px;width:150px;height:113px;opacity:0.85;display:inline;\" src=\"http:\/\/mariacka-lodz.com.pl\/wp-content\/uploads\/wppa\/thumbs\/3973.jpg?ver=9\" alt=\"DSCF4266.JPG\" class=\"image wppa-img\" onmouseover=\"jQuery(this).fadeTo(400, 1.0)\" onmouseout=\"jQuery(this).fadeTo(400,0.85)\"><\/a><\/div><\/div><div title=\" \" onclick=\"wppaStopProp(event);\"><\/div><div style=\"clear:both;\"><\/div><\/div><div id=\"album-108-1\" title=\"View the album Ciemnica 2015\" style=\"width:100%;float:right;cursor:pointer;\" class=\"wppa-album-cover-standard album wppa-box wppa-cover-box wppa-cover-box-1\" onclick=\"wppaDoAjaxRender(event, 1, &#039;http:\/\/mariacka-lodz.com.pl\/index.php?rest_route=\/wp-photo-album-plus\/endPoint?action=wppa&wppa-action=render&wppa-size=640&occur=1&page_id=128&wppa-fromp=128&lang=pl&cache=1&album=108&cover=0&occur=1&data-alb=108&#039;, &#039;http:\/\/mariacka-lodz.com.pl\/?page_id=128&lang=pl&cache=1&album=81a4795465f273ae&cover=0&occur=1&data-alb=108&#039; )\"><div id=\"covertext_frame_108_1\" style=\"width:459px; float:left\" class=\"wppa-text-frame-1 wppa-text-frame wppa-cover-text-frame wppa-asym-text-frame-1\"><h2 style=\"clear:none\" class=\"wppa-title\"><a title=\"View the album Ciemnica 2015\" style=\"cursor:pointer\" class=\"wppa-title\" onclick=\"wppaDoAjaxRender(event, 1, &#039;http:\/\/mariacka-lodz.com.pl\/index.php?rest_route=\/wp-photo-album-plus\/endPoint?action=wppa&wppa-action=render&wppa-size=640&occur=1&page_id=128&wppa-fromp=128&lang=pl&cache=1&album=108&cover=0&occur=1&data-alb=108&#039;, &#039;http:\/\/mariacka-lodz.com.pl\/?page_id=128&lang=pl&cache=1&album=81a4795465f273ae&cover=0&occur=1&data-alb=108&#039; )\">Ciemnica 2015<\/a><\/h2><div style=\"min-height:54px;\" class=\"wppa-box-text wppa-black wppa-box-text-desc\"><\/div><div class=\"wppa-box-text wppa-black wppa-info wppa-slideshow-browse-link wppa-album-cover-link\"><a title=\"Slideshow\" style=\"cursor:pointer\" class=\"wppa-album-cover-link\" onclick=\"wppaDoAjaxRender(event, 1, &#039;http:\/\/mariacka-lodz.com.pl\/index.php?rest_route=\/wp-photo-album-plus\/endPoint?action=wppa&wppa-action=render&wppa-size=640&occur=1&page_id=128&wppa-fromp=128&lang=pl&cache=1&slide=1&occur=1&album=108&#039;, &#039;http:\/\/mariacka-lodz.com.pl\/?page_id=128&lang=pl&cache=1&slide=1&occur=1&album=81a4795465f273ae&#039; )\">Slideshow<\/a><\/div><div class=\"wppa-box-text wppa-black wppa-info wppa-viewlink wppa-album-cover-link\"><a title=\"View the album Ciemnica 2015\" style=\"cursor:pointer;\" class=\"wppa-album-cover-link\" onclick=\"wppaDoAjaxRender(event, 1, &#039;http:\/\/mariacka-lodz.com.pl\/index.php?rest_route=\/wp-photo-album-plus\/endPoint?action=wppa&wppa-action=render&wppa-size=640&occur=1&page_id=128&wppa-fromp=128&lang=pl&cache=1&album=108&cover=0&occur=1&data-alb=108&#039;, &#039;http:\/\/mariacka-lodz.com.pl\/?page_id=128&lang=pl&cache=1&album=81a4795465f273ae&cover=0&occur=1&data-alb=108&#039; )\">View&nbsp;42&nbsp;photos<\/a><\/div><\/div><div id=\"coverphoto_frame_108_1\" style=\"float:right; margin-left:5px;width:160px;\" class=\"coverphoto-frame\"><div title=\" \" style=\"display:inline-block;margin:0 4px;\" onclick=\"wppaStopProp(event)\"><a title=\"View the album Ciemnica 2015\" style=\"border:0;color:transparent;cursor:pointer;\" target=\"_self\" onclick=\"wppaDoAjaxRender(event, 1, &#039;http:\/\/mariacka-lodz.com.pl\/index.php?rest_route=\/wp-photo-album-plus\/endPoint?action=wppa&wppa-action=render&wppa-size=640&occur=1&page_id=128&wppa-fromp=128&lang=pl&cache=1&album=108&cover=0&occur=1&data-alb=108&#039;, &#039;http:\/\/mariacka-lodz.com.pl\/?page_id=128&lang=pl&cache=1&album=81a4795465f273ae&cover=0&occur=1&data-alb=108&#039; )\"><img decoding=\"async\" style=\"border-width:0px;width:150px;height:113px;opacity:0.85;display:inline;\" src=\"http:\/\/mariacka-lodz.com.pl\/wp-content\/uploads\/wppa\/thumbs\/3720.jpg?ver=9\" alt=\"DSCF4107.JPG\" class=\"image wppa-img\" onmouseover=\"jQuery(this).fadeTo(400, 1.0)\" onmouseout=\"jQuery(this).fadeTo(400,0.85)\"><\/a><\/div><\/div><div title=\" \" onclick=\"wppaStopProp(event);\"><\/div><div style=\"clear:both;\"><\/div><\/div><div id=\"album-107-1\" title=\"View the album Wielki Czwartek 2015\" style=\"width:100%;float:right;cursor:pointer;\" class=\"wppa-album-cover-standard album wppa-box wppa-cover-box wppa-cover-box-1\" onclick=\"wppaDoAjaxRender(event, 1, &#039;http:\/\/mariacka-lodz.com.pl\/index.php?rest_route=\/wp-photo-album-plus\/endPoint?action=wppa&wppa-action=render&wppa-size=640&occur=1&page_id=128&wppa-fromp=128&lang=pl&cache=1&album=107&cover=0&occur=1&data-alb=107&#039;, &#039;http:\/\/mariacka-lodz.com.pl\/?page_id=128&lang=pl&cache=1&album=3ab091077ad13268&cover=0&occur=1&data-alb=107&#039; )\"><div id=\"covertext_frame_107_1\" style=\"width:459px; float:left\" class=\"wppa-text-frame-1 wppa-text-frame wppa-cover-text-frame wppa-asym-text-frame-1\"><h2 style=\"clear:none\" class=\"wppa-title\"><a title=\"View the album Wielki Czwartek 2015\" style=\"cursor:pointer\" class=\"wppa-title\" onclick=\"wppaDoAjaxRender(event, 1, &#039;http:\/\/mariacka-lodz.com.pl\/index.php?rest_route=\/wp-photo-album-plus\/endPoint?action=wppa&wppa-action=render&wppa-size=640&occur=1&page_id=128&wppa-fromp=128&lang=pl&cache=1&album=107&cover=0&occur=1&data-alb=107&#039;, &#039;http:\/\/mariacka-lodz.com.pl\/?page_id=128&lang=pl&cache=1&album=3ab091077ad13268&cover=0&occur=1&data-alb=107&#039; )\">Wielki Czwartek 2015<\/a><\/h2><div style=\"min-height:54px;\" class=\"wppa-box-text wppa-black wppa-box-text-desc\"><\/div><div class=\"wppa-box-text wppa-black wppa-info wppa-slideshow-browse-link wppa-album-cover-link\"><a title=\"Slideshow\" style=\"cursor:pointer\" class=\"wppa-album-cover-link\" onclick=\"wppaDoAjaxRender(event, 1, &#039;http:\/\/mariacka-lodz.com.pl\/index.php?rest_route=\/wp-photo-album-plus\/endPoint?action=wppa&wppa-action=render&wppa-size=640&occur=1&page_id=128&wppa-fromp=128&lang=pl&cache=1&slide=1&occur=1&album=107&#039;, &#039;http:\/\/mariacka-lodz.com.pl\/?page_id=128&lang=pl&cache=1&slide=1&occur=1&album=3ab091077ad13268&#039; )\">Slideshow<\/a><\/div><div class=\"wppa-box-text wppa-black wppa-info wppa-viewlink wppa-album-cover-link\"><a title=\"View the album Wielki Czwartek 2015\" style=\"cursor:pointer;\" class=\"wppa-album-cover-link\" onclick=\"wppaDoAjaxRender(event, 1, &#039;http:\/\/mariacka-lodz.com.pl\/index.php?rest_route=\/wp-photo-album-plus\/endPoint?action=wppa&wppa-action=render&wppa-size=640&occur=1&page_id=128&wppa-fromp=128&lang=pl&cache=1&album=107&cover=0&occur=1&data-alb=107&#039;, &#039;http:\/\/mariacka-lodz.com.pl\/?page_id=128&lang=pl&cache=1&album=3ab091077ad13268&cover=0&occur=1&data-alb=107&#039; )\">View&nbsp;123&nbsp;photos<\/a><\/div><\/div><div id=\"coverphoto_frame_107_1\" style=\"float:right; margin-left:5px;width:160px;\" class=\"coverphoto-frame\"><div title=\" \" style=\"display:inline-block;margin:0 4px;\" onclick=\"wppaStopProp(event)\"><a title=\"View the album Wielki Czwartek 2015\" style=\"border:0;color:transparent;cursor:pointer;\" target=\"_self\" onclick=\"wppaDoAjaxRender(event, 1, &#039;http:\/\/mariacka-lodz.com.pl\/index.php?rest_route=\/wp-photo-album-plus\/endPoint?action=wppa&wppa-action=render&wppa-size=640&occur=1&page_id=128&wppa-fromp=128&lang=pl&cache=1&album=107&cover=0&occur=1&data-alb=107&#039;, &#039;http:\/\/mariacka-lodz.com.pl\/?page_id=128&lang=pl&cache=1&album=3ab091077ad13268&cover=0&occur=1&data-alb=107&#039; )\"><img decoding=\"async\" style=\"border-width:0px;width:150px;height:113px;opacity:0.85;display:inline;\" src=\"http:\/\/mariacka-lodz.com.pl\/wp-content\/uploads\/wppa\/thumbs\/3577.jpg?ver=9\" alt=\"DSCF3874.JPG\" class=\"image wppa-img\" onmouseover=\"jQuery(this).fadeTo(400, 1.0)\" onmouseout=\"jQuery(this).fadeTo(400,0.85)\"><\/a><\/div><\/div><div title=\" \" onclick=\"wppaStopProp(event);\"><\/div><div style=\"clear:both;\"><\/div><\/div><div id=\"album-106-1\" title=\"View the album Niedziela Palmowa 2015\" style=\"width:100%;float:right;cursor:pointer;\" class=\"wppa-album-cover-standard album wppa-box wppa-cover-box wppa-cover-box-1\" onclick=\"wppaDoAjaxRender(event, 1, &#039;http:\/\/mariacka-lodz.com.pl\/index.php?rest_route=\/wp-photo-album-plus\/endPoint?action=wppa&wppa-action=render&wppa-size=640&occur=1&page_id=128&wppa-fromp=128&lang=pl&cache=1&album=106&cover=0&occur=1&data-alb=106&#039;, &#039;http:\/\/mariacka-lodz.com.pl\/?page_id=128&lang=pl&cache=1&album=e1f7c1d8c87648f4&cover=0&occur=1&data-alb=106&#039; )\"><div id=\"covertext_frame_106_1\" style=\"width:459px; float:left\" class=\"wppa-text-frame-1 wppa-text-frame wppa-cover-text-frame wppa-asym-text-frame-1\"><h2 style=\"clear:none\" class=\"wppa-title\"><a title=\"View the album Niedziela Palmowa 2015\" style=\"cursor:pointer\" class=\"wppa-title\" onclick=\"wppaDoAjaxRender(event, 1, &#039;http:\/\/mariacka-lodz.com.pl\/index.php?rest_route=\/wp-photo-album-plus\/endPoint?action=wppa&wppa-action=render&wppa-size=640&occur=1&page_id=128&wppa-fromp=128&lang=pl&cache=1&album=106&cover=0&occur=1&data-alb=106&#039;, &#039;http:\/\/mariacka-lodz.com.pl\/?page_id=128&lang=pl&cache=1&album=e1f7c1d8c87648f4&cover=0&occur=1&data-alb=106&#039; )\">Niedziela Palmowa 2015<\/a><\/h2><div style=\"min-height:54px;\" class=\"wppa-box-text wppa-black wppa-box-text-desc\"><\/div><div class=\"wppa-box-text wppa-black wppa-info wppa-slideshow-browse-link wppa-album-cover-link\"><a title=\"Slideshow\" style=\"cursor:pointer\" class=\"wppa-album-cover-link\" onclick=\"wppaDoAjaxRender(event, 1, &#039;http:\/\/mariacka-lodz.com.pl\/index.php?rest_route=\/wp-photo-album-plus\/endPoint?action=wppa&wppa-action=render&wppa-size=640&occur=1&page_id=128&wppa-fromp=128&lang=pl&cache=1&slide=1&occur=1&album=106&#039;, &#039;http:\/\/mariacka-lodz.com.pl\/?page_id=128&lang=pl&cache=1&slide=1&occur=1&album=e1f7c1d8c87648f4&#039; )\">Slideshow<\/a><\/div><div class=\"wppa-box-text wppa-black wppa-info wppa-viewlink wppa-album-cover-link\"><a title=\"View the album Niedziela Palmowa 2015\" style=\"cursor:pointer;\" class=\"wppa-album-cover-link\" onclick=\"wppaDoAjaxRender(event, 1, &#039;http:\/\/mariacka-lodz.com.pl\/index.php?rest_route=\/wp-photo-album-plus\/endPoint?action=wppa&wppa-action=render&wppa-size=640&occur=1&page_id=128&wppa-fromp=128&lang=pl&cache=1&album=106&cover=0&occur=1&data-alb=106&#039;, &#039;http:\/\/mariacka-lodz.com.pl\/?page_id=128&lang=pl&cache=1&album=e1f7c1d8c87648f4&cover=0&occur=1&data-alb=106&#039; )\">View&nbsp;44&nbsp;photos<\/a><\/div><\/div><div id=\"coverphoto_frame_106_1\" style=\"float:right; margin-left:5px;width:160px;\" class=\"coverphoto-frame\"><div title=\" \" style=\"display:inline-block;margin:0 4px;\" onclick=\"wppaStopProp(event)\"><a title=\"View the album Niedziela Palmowa 2015\" style=\"border:0;color:transparent;cursor:pointer;\" target=\"_self\" onclick=\"wppaDoAjaxRender(event, 1, &#039;http:\/\/mariacka-lodz.com.pl\/index.php?rest_route=\/wp-photo-album-plus\/endPoint?action=wppa&wppa-action=render&wppa-size=640&occur=1&page_id=128&wppa-fromp=128&lang=pl&cache=1&album=106&cover=0&occur=1&data-alb=106&#039;, &#039;http:\/\/mariacka-lodz.com.pl\/?page_id=128&lang=pl&cache=1&album=e1f7c1d8c87648f4&cover=0&occur=1&data-alb=106&#039; )\"><img decoding=\"async\" style=\"border-width:0px;width:150px;height:113px;opacity:0.85;display:inline;\" src=\"http:\/\/mariacka-lodz.com.pl\/wp-content\/uploads\/wppa\/thumbs\/3533.jpg?ver=9\" alt=\"DSCF3794.JPG\" class=\"image wppa-img\" onmouseover=\"jQuery(this).fadeTo(400, 1.0)\" onmouseout=\"jQuery(this).fadeTo(400,0.85)\"><\/a><\/div><\/div><div title=\" \" onclick=\"wppaStopProp(event);\"><\/div><div style=\"clear:both;\"><\/div><\/div><div id=\"album-105-1\" title=\"View the album Msza \u015bw. pod przewodnictwem ks. bp. Ireneusza P\u0119kalskiego - Ko\u015bci\u00f3\u0142 Stacyjny 23.03.2015\" style=\"width:100%;float:right;cursor:pointer;\" class=\"wppa-album-cover-standard album wppa-box wppa-cover-box wppa-cover-box-1\" onclick=\"wppaDoAjaxRender(event, 1, &#039;http:\/\/mariacka-lodz.com.pl\/index.php?rest_route=\/wp-photo-album-plus\/endPoint?action=wppa&wppa-action=render&wppa-size=640&occur=1&page_id=128&wppa-fromp=128&lang=pl&cache=1&album=105&cover=0&occur=1&data-alb=105&#039;, &#039;http:\/\/mariacka-lodz.com.pl\/?page_id=128&lang=pl&cache=1&album=2c053288ce35866d&cover=0&occur=1&data-alb=105&#039; )\"><div id=\"covertext_frame_105_1\" style=\"width:459px; float:left\" class=\"wppa-text-frame-1 wppa-text-frame wppa-cover-text-frame wppa-asym-text-frame-1\"><h2 style=\"clear:none\" class=\"wppa-title\"><a title=\"View the album Msza \u015bw. pod przewodnictwem ks. bp. Ireneusza P\u0119kalskiego - Ko\u015bci\u00f3\u0142 Stacyjny 23.03.2015\" style=\"cursor:pointer\" class=\"wppa-title\" onclick=\"wppaDoAjaxRender(event, 1, &#039;http:\/\/mariacka-lodz.com.pl\/index.php?rest_route=\/wp-photo-album-plus\/endPoint?action=wppa&wppa-action=render&wppa-size=640&occur=1&page_id=128&wppa-fromp=128&lang=pl&cache=1&album=105&cover=0&occur=1&data-alb=105&#039;, &#039;http:\/\/mariacka-lodz.com.pl\/?page_id=128&lang=pl&cache=1&album=2c053288ce35866d&cover=0&occur=1&data-alb=105&#039; )\">Msza \u015bw. pod przewodnictwem ks. bp. Ireneusza P\u0119kalskiego - Ko\u015bci\u00f3\u0142 Stacyjny 23.03.2015<\/a><\/h2><div style=\"min-height:54px;\" class=\"wppa-box-text wppa-black wppa-box-text-desc\"><\/div><div class=\"wppa-box-text wppa-black wppa-info wppa-slideshow-browse-link wppa-album-cover-link\"><a title=\"Slideshow\" style=\"cursor:pointer\" class=\"wppa-album-cover-link\" onclick=\"wppaDoAjaxRender(event, 1, &#039;http:\/\/mariacka-lodz.com.pl\/index.php?rest_route=\/wp-photo-album-plus\/endPoint?action=wppa&wppa-action=render&wppa-size=640&occur=1&page_id=128&wppa-fromp=128&lang=pl&cache=1&slide=1&occur=1&album=105&#039;, &#039;http:\/\/mariacka-lodz.com.pl\/?page_id=128&lang=pl&cache=1&slide=1&occur=1&album=2c053288ce35866d&#039; )\">Slideshow<\/a><\/div><div class=\"wppa-box-text wppa-black wppa-info wppa-viewlink wppa-album-cover-link\"><a title=\"View the album Msza \u015bw. pod przewodnictwem ks. bp. Ireneusza P\u0119kalskiego - Ko\u015bci\u00f3\u0142 Stacyjny 23.03.2015\" style=\"cursor:pointer;\" class=\"wppa-album-cover-link\" onclick=\"wppaDoAjaxRender(event, 1, &#039;http:\/\/mariacka-lodz.com.pl\/index.php?rest_route=\/wp-photo-album-plus\/endPoint?action=wppa&wppa-action=render&wppa-size=640&occur=1&page_id=128&wppa-fromp=128&lang=pl&cache=1&album=105&cover=0&occur=1&data-alb=105&#039;, &#039;http:\/\/mariacka-lodz.com.pl\/?page_id=128&lang=pl&cache=1&album=2c053288ce35866d&cover=0&occur=1&data-alb=105&#039; )\">View&nbsp;31&nbsp;photos<\/a><\/div><\/div><div id=\"coverphoto_frame_105_1\" style=\"float:right; margin-left:5px;width:160px;\" class=\"coverphoto-frame\"><div title=\" \" style=\"display:inline-block;margin:0 4px;\" onclick=\"wppaStopProp(event)\"><a title=\"View the album Msza \u015bw. pod przewodnictwem ks. bp. Ireneusza P\u0119kalskiego - Ko\u015bci\u00f3\u0142 Stacyjny 23.03.2015\" style=\"border:0;color:transparent;cursor:pointer;\" target=\"_self\" onclick=\"wppaDoAjaxRender(event, 1, &#039;http:\/\/mariacka-lodz.com.pl\/index.php?rest_route=\/wp-photo-album-plus\/endPoint?action=wppa&wppa-action=render&wppa-size=640&occur=1&page_id=128&wppa-fromp=128&lang=pl&cache=1&album=105&cover=0&occur=1&data-alb=105&#039;, &#039;http:\/\/mariacka-lodz.com.pl\/?page_id=128&lang=pl&cache=1&album=2c053288ce35866d&cover=0&occur=1&data-alb=105&#039; )\"><img decoding=\"async\" style=\"border-width:0px;width:150px;height:113px;opacity:0.85;display:inline;\" src=\"http:\/\/mariacka-lodz.com.pl\/wp-content\/uploads\/wppa\/thumbs\/3502.jpg?ver=9\" alt=\"DSCF3759.JPG\" class=\"image wppa-img\" onmouseover=\"jQuery(this).fadeTo(400, 1.0)\" onmouseout=\"jQuery(this).fadeTo(400,0.85)\"><\/a><\/div><\/div><div title=\" \" onclick=\"wppaStopProp(event);\"><\/div><div style=\"clear:both;\"><\/div><\/div><div id=\"album-104-1\" title=\"View the album Zako\u0144czenie rekolekcji wielkopostnych g\u0142oszonych przez ks. kan. Andrzeja Chmielewskiego - proboszcza parafii \u015bw. Katarzyny w Zgierzu\" style=\"width:100%;float:right;cursor:pointer;\" class=\"wppa-album-cover-standard album wppa-box wppa-cover-box wppa-cover-box-1\" onclick=\"wppaDoAjaxRender(event, 1, &#039;http:\/\/mariacka-lodz.com.pl\/index.php?rest_route=\/wp-photo-album-plus\/endPoint?action=wppa&wppa-action=render&wppa-size=640&occur=1&page_id=128&wppa-fromp=128&lang=pl&cache=1&album=104&cover=0&occur=1&data-alb=104&#039;, &#039;http:\/\/mariacka-lodz.com.pl\/?page_id=128&lang=pl&cache=1&album=5e640f15b8cfb780&cover=0&occur=1&data-alb=104&#039; )\"><div id=\"covertext_frame_104_1\" style=\"width:459px; float:left\" class=\"wppa-text-frame-1 wppa-text-frame wppa-cover-text-frame wppa-asym-text-frame-1\"><h2 style=\"clear:none\" class=\"wppa-title\"><a title=\"View the album Zako\u0144czenie rekolekcji wielkopostnych g\u0142oszonych przez ks. kan. Andrzeja Chmielewskiego - proboszcza parafii \u015bw. Katarzyny w Zgierzu\" style=\"cursor:pointer\" class=\"wppa-title\" onclick=\"wppaDoAjaxRender(event, 1, &#039;http:\/\/mariacka-lodz.com.pl\/index.php?rest_route=\/wp-photo-album-plus\/endPoint?action=wppa&wppa-action=render&wppa-size=640&occur=1&page_id=128&wppa-fromp=128&lang=pl&cache=1&album=104&cover=0&occur=1&data-alb=104&#039;, &#039;http:\/\/mariacka-lodz.com.pl\/?page_id=128&lang=pl&cache=1&album=5e640f15b8cfb780&cover=0&occur=1&data-alb=104&#039; )\">Zako\u0144czenie rekolekcji wielkopostnych g\u0142oszonych przez ks. kan. Andrzeja Chmielewskiego - proboszcza parafii \u015bw. Katarzyny w Zgierzu<\/a><\/h2><div style=\"min-height:54px;\" class=\"wppa-box-text wppa-black wppa-box-text-desc\"><\/div><div class=\"wppa-box-text wppa-black wppa-info wppa-slideshow-browse-link wppa-album-cover-link\"><a title=\"Slideshow\" style=\"cursor:pointer\" class=\"wppa-album-cover-link\" onclick=\"wppaDoAjaxRender(event, 1, &#039;http:\/\/mariacka-lodz.com.pl\/index.php?rest_route=\/wp-photo-album-plus\/endPoint?action=wppa&wppa-action=render&wppa-size=640&occur=1&page_id=128&wppa-fromp=128&lang=pl&cache=1&slide=1&occur=1&album=104&#039;, &#039;http:\/\/mariacka-lodz.com.pl\/?page_id=128&lang=pl&cache=1&slide=1&occur=1&album=5e640f15b8cfb780&#039; )\">Slideshow<\/a><\/div><div class=\"wppa-box-text wppa-black wppa-info wppa-viewlink wppa-album-cover-link\"><a title=\"View the album Zako\u0144czenie rekolekcji wielkopostnych g\u0142oszonych przez ks. kan. Andrzeja Chmielewskiego - proboszcza parafii \u015bw. Katarzyny w Zgierzu\" style=\"cursor:pointer;\" class=\"wppa-album-cover-link\" onclick=\"wppaDoAjaxRender(event, 1, &#039;http:\/\/mariacka-lodz.com.pl\/index.php?rest_route=\/wp-photo-album-plus\/endPoint?action=wppa&wppa-action=render&wppa-size=640&occur=1&page_id=128&wppa-fromp=128&lang=pl&cache=1&album=104&cover=0&occur=1&data-alb=104&#039;, &#039;http:\/\/mariacka-lodz.com.pl\/?page_id=128&lang=pl&cache=1&album=5e640f15b8cfb780&cover=0&occur=1&data-alb=104&#039; )\">View&nbsp;73&nbsp;photos<\/a><\/div><\/div><div id=\"coverphoto_frame_104_1\" style=\"float:right; margin-left:5px;width:160px;\" class=\"coverphoto-frame\"><div title=\" \" style=\"display:inline-block;margin:0 4px;\" onclick=\"wppaStopProp(event)\"><a title=\"View the album Zako\u0144czenie rekolekcji wielkopostnych g\u0142oszonych przez ks. kan. Andrzeja Chmielewskiego - proboszcza parafii \u015bw. Katarzyny w Zgierzu\" style=\"border:0;color:transparent;cursor:pointer;\" target=\"_self\" onclick=\"wppaDoAjaxRender(event, 1, &#039;http:\/\/mariacka-lodz.com.pl\/index.php?rest_route=\/wp-photo-album-plus\/endPoint?action=wppa&wppa-action=render&wppa-size=640&occur=1&page_id=128&wppa-fromp=128&lang=pl&cache=1&album=104&cover=0&occur=1&data-alb=104&#039;, &#039;http:\/\/mariacka-lodz.com.pl\/?page_id=128&lang=pl&cache=1&album=5e640f15b8cfb780&cover=0&occur=1&data-alb=104&#039; )\"><img decoding=\"async\" style=\"border-width:0px;width:150px;height:113px;opacity:0.85;display:inline;\" src=\"http:\/\/mariacka-lodz.com.pl\/wp-content\/uploads\/wppa\/thumbs\/3429.jpg?ver=9\" alt=\"DSCF3653.JPG\" class=\"image wppa-img\" onmouseover=\"jQuery(this).fadeTo(400, 1.0)\" onmouseout=\"jQuery(this).fadeTo(400,0.85)\"><\/a><\/div><\/div><div title=\" \" onclick=\"wppaStopProp(event);\"><\/div><div style=\"clear:both;\"><\/div><\/div><div id=\"album-103-1\" title=\"View the album Rekolekcje wielkopostne dla m\u0142odzie\u017cy 2015\" style=\"width:100%;float:right;cursor:pointer;\" class=\"wppa-album-cover-standard album wppa-box wppa-cover-box wppa-cover-box-1\" onclick=\"wppaDoAjaxRender(event, 1, &#039;http:\/\/mariacka-lodz.com.pl\/index.php?rest_route=\/wp-photo-album-plus\/endPoint?action=wppa&wppa-action=render&wppa-size=640&occur=1&page_id=128&wppa-fromp=128&lang=pl&cache=1&album=103&cover=0&occur=1&data-alb=103&#039;, &#039;http:\/\/mariacka-lodz.com.pl\/?page_id=128&lang=pl&cache=1&album=f9c81971dc282575&cover=0&occur=1&data-alb=103&#039; )\"><div id=\"covertext_frame_103_1\" style=\"width:459px; float:left\" class=\"wppa-text-frame-1 wppa-text-frame wppa-cover-text-frame wppa-asym-text-frame-1\"><h2 style=\"clear:none\" class=\"wppa-title\"><a title=\"View the album Rekolekcje wielkopostne dla m\u0142odzie\u017cy 2015\" style=\"cursor:pointer\" class=\"wppa-title\" onclick=\"wppaDoAjaxRender(event, 1, &#039;http:\/\/mariacka-lodz.com.pl\/index.php?rest_route=\/wp-photo-album-plus\/endPoint?action=wppa&wppa-action=render&wppa-size=640&occur=1&page_id=128&wppa-fromp=128&lang=pl&cache=1&album=103&cover=0&occur=1&data-alb=103&#039;, &#039;http:\/\/mariacka-lodz.com.pl\/?page_id=128&lang=pl&cache=1&album=f9c81971dc282575&cover=0&occur=1&data-alb=103&#039; )\">Rekolekcje wielkopostne dla m\u0142odzie\u017cy 2015<\/a><\/h2><div style=\"min-height:54px;\" class=\"wppa-box-text wppa-black wppa-box-text-desc\"><\/div><div class=\"wppa-box-text wppa-black wppa-info wppa-slideshow-browse-link wppa-album-cover-link\"><a title=\"Slideshow\" style=\"cursor:pointer\" class=\"wppa-album-cover-link\" onclick=\"wppaDoAjaxRender(event, 1, &#039;http:\/\/mariacka-lodz.com.pl\/index.php?rest_route=\/wp-photo-album-plus\/endPoint?action=wppa&wppa-action=render&wppa-size=640&occur=1&page_id=128&wppa-fromp=128&lang=pl&cache=1&slide=1&occur=1&album=103&#039;, &#039;http:\/\/mariacka-lodz.com.pl\/?page_id=128&lang=pl&cache=1&slide=1&occur=1&album=f9c81971dc282575&#039; )\">Slideshow<\/a><\/div><div class=\"wppa-box-text wppa-black wppa-info wppa-viewlink wppa-album-cover-link\"><a title=\"View the album Rekolekcje wielkopostne dla m\u0142odzie\u017cy 2015\" style=\"cursor:pointer;\" class=\"wppa-album-cover-link\" onclick=\"wppaDoAjaxRender(event, 1, &#039;http:\/\/mariacka-lodz.com.pl\/index.php?rest_route=\/wp-photo-album-plus\/endPoint?action=wppa&wppa-action=render&wppa-size=640&occur=1&page_id=128&wppa-fromp=128&lang=pl&cache=1&album=103&cover=0&occur=1&data-alb=103&#039;, &#039;http:\/\/mariacka-lodz.com.pl\/?page_id=128&lang=pl&cache=1&album=f9c81971dc282575&cover=0&occur=1&data-alb=103&#039; )\">View&nbsp;15&nbsp;photos<\/a><\/div><\/div><div id=\"coverphoto_frame_103_1\" style=\"float:right; margin-left:5px;width:160px;\" class=\"coverphoto-frame\"><div title=\" \" style=\"display:inline-block;margin:0 4px;\" onclick=\"wppaStopProp(event)\"><a title=\"View the album Rekolekcje wielkopostne dla m\u0142odzie\u017cy 2015\" style=\"border:0;color:transparent;cursor:pointer;\" target=\"_self\" onclick=\"wppaDoAjaxRender(event, 1, &#039;http:\/\/mariacka-lodz.com.pl\/index.php?rest_route=\/wp-photo-album-plus\/endPoint?action=wppa&wppa-action=render&wppa-size=640&occur=1&page_id=128&wppa-fromp=128&lang=pl&cache=1&album=103&cover=0&occur=1&data-alb=103&#039;, &#039;http:\/\/mariacka-lodz.com.pl\/?page_id=128&lang=pl&cache=1&album=f9c81971dc282575&cover=0&occur=1&data-alb=103&#039; )\"><img decoding=\"async\" style=\"border-width:0px;width:150px;height:113px;opacity:0.85;display:inline;\" src=\"http:\/\/mariacka-lodz.com.pl\/wp-content\/uploads\/wppa\/thumbs\/3348.jpg?ver=9\" alt=\"DSCF3604.JPG\" class=\"image wppa-img\" onmouseover=\"jQuery(this).fadeTo(400, 1.0)\" onmouseout=\"jQuery(this).fadeTo(400,0.85)\"><\/a><\/div><\/div><div title=\" \" onclick=\"wppaStopProp(event);\"><\/div><div style=\"clear:both;\"><\/div><\/div><div id=\"album-102-1\" title=\"View the album Rekolekcje wielkopostne dla dzieci - wtorek, 17.03.2015\" style=\"width:100%;float:right;cursor:pointer;\" class=\"wppa-album-cover-standard album wppa-box wppa-cover-box wppa-cover-box-1\" onclick=\"wppaDoAjaxRender(event, 1, &#039;http:\/\/mariacka-lodz.com.pl\/index.php?rest_route=\/wp-photo-album-plus\/endPoint?action=wppa&wppa-action=render&wppa-size=640&occur=1&page_id=128&wppa-fromp=128&lang=pl&cache=1&album=102&cover=0&occur=1&data-alb=102&#039;, &#039;http:\/\/mariacka-lodz.com.pl\/?page_id=128&lang=pl&cache=1&album=14075f9951736821&cover=0&occur=1&data-alb=102&#039; )\"><div id=\"covertext_frame_102_1\" style=\"width:459px; float:left\" class=\"wppa-text-frame-1 wppa-text-frame wppa-cover-text-frame wppa-asym-text-frame-1\"><h2 style=\"clear:none\" class=\"wppa-title\"><a title=\"View the album Rekolekcje wielkopostne dla dzieci - wtorek, 17.03.2015\" style=\"cursor:pointer\" class=\"wppa-title\" onclick=\"wppaDoAjaxRender(event, 1, &#039;http:\/\/mariacka-lodz.com.pl\/index.php?rest_route=\/wp-photo-album-plus\/endPoint?action=wppa&wppa-action=render&wppa-size=640&occur=1&page_id=128&wppa-fromp=128&lang=pl&cache=1&album=102&cover=0&occur=1&data-alb=102&#039;, &#039;http:\/\/mariacka-lodz.com.pl\/?page_id=128&lang=pl&cache=1&album=14075f9951736821&cover=0&occur=1&data-alb=102&#039; )\">Rekolekcje wielkopostne dla dzieci - wtorek, 17.03.2015<\/a><\/h2><div style=\"min-height:54px;\" class=\"wppa-box-text wppa-black wppa-box-text-desc\"><\/div><div class=\"wppa-box-text wppa-black wppa-info wppa-slideshow-browse-link wppa-album-cover-link\"><a title=\"Slideshow\" style=\"cursor:pointer\" class=\"wppa-album-cover-link\" onclick=\"wppaDoAjaxRender(event, 1, &#039;http:\/\/mariacka-lodz.com.pl\/index.php?rest_route=\/wp-photo-album-plus\/endPoint?action=wppa&wppa-action=render&wppa-size=640&occur=1&page_id=128&wppa-fromp=128&lang=pl&cache=1&slide=1&occur=1&album=102&#039;, &#039;http:\/\/mariacka-lodz.com.pl\/?page_id=128&lang=pl&cache=1&slide=1&occur=1&album=14075f9951736821&#039; )\">Slideshow<\/a><\/div><div class=\"wppa-box-text wppa-black wppa-info wppa-viewlink wppa-album-cover-link\"><a title=\"View the album Rekolekcje wielkopostne dla dzieci - wtorek, 17.03.2015\" style=\"cursor:pointer;\" class=\"wppa-album-cover-link\" onclick=\"wppaDoAjaxRender(event, 1, &#039;http:\/\/mariacka-lodz.com.pl\/index.php?rest_route=\/wp-photo-album-plus\/endPoint?action=wppa&wppa-action=render&wppa-size=640&occur=1&page_id=128&wppa-fromp=128&lang=pl&cache=1&album=102&cover=0&occur=1&data-alb=102&#039;, &#039;http:\/\/mariacka-lodz.com.pl\/?page_id=128&lang=pl&cache=1&album=14075f9951736821&cover=0&occur=1&data-alb=102&#039; )\">View&nbsp;61&nbsp;photos<\/a><\/div><\/div><div id=\"coverphoto_frame_102_1\" style=\"float:right; margin-left:5px;width:160px;\" class=\"coverphoto-frame\"><div title=\" \" style=\"display:inline-block;margin:0 4px;\" onclick=\"wppaStopProp(event)\"><a title=\"View the album Rekolekcje wielkopostne dla dzieci - wtorek, 17.03.2015\" style=\"border:0;color:transparent;cursor:pointer;\" target=\"_self\" onclick=\"wppaDoAjaxRender(event, 1, &#039;http:\/\/mariacka-lodz.com.pl\/index.php?rest_route=\/wp-photo-album-plus\/endPoint?action=wppa&wppa-action=render&wppa-size=640&occur=1&page_id=128&wppa-fromp=128&lang=pl&cache=1&album=102&cover=0&occur=1&data-alb=102&#039;, &#039;http:\/\/mariacka-lodz.com.pl\/?page_id=128&lang=pl&cache=1&album=14075f9951736821&cover=0&occur=1&data-alb=102&#039; )\"><img decoding=\"async\" style=\"border-width:0px;width:150px;height:113px;opacity:0.85;display:inline;\" src=\"http:\/\/mariacka-lodz.com.pl\/wp-content\/uploads\/wppa\/thumbs\/3368.jpg?ver=9\" alt=\"DSCF3520.JPG\" class=\"image wppa-img\" onmouseover=\"jQuery(this).fadeTo(400, 1.0)\" onmouseout=\"jQuery(this).fadeTo(400,0.85)\"><\/a><\/div><\/div><div title=\" \" onclick=\"wppaStopProp(event);\"><\/div><div style=\"clear:both;\"><\/div><\/div><div id=\"album-101-1\" title=\"View the album Wielki Post - dekoracja\" style=\"width:100%;float:right;cursor:pointer;\" class=\"wppa-album-cover-standard album wppa-box wppa-cover-box wppa-cover-box-1\" onclick=\"wppaDoAjaxRender(event, 1, &#039;http:\/\/mariacka-lodz.com.pl\/index.php?rest_route=\/wp-photo-album-plus\/endPoint?action=wppa&wppa-action=render&wppa-size=640&occur=1&page_id=128&wppa-fromp=128&lang=pl&cache=1&album=101&cover=0&occur=1&data-alb=101&#039;, &#039;http:\/\/mariacka-lodz.com.pl\/?page_id=128&lang=pl&cache=1&album=3ca0f5ecf38ea132&cover=0&occur=1&data-alb=101&#039; )\"><div id=\"covertext_frame_101_1\" style=\"width:459px; float:left\" class=\"wppa-text-frame-1 wppa-text-frame wppa-cover-text-frame wppa-asym-text-frame-1\"><h2 style=\"clear:none\" class=\"wppa-title\"><a title=\"View the album Wielki Post - dekoracja\" style=\"cursor:pointer\" class=\"wppa-title\" onclick=\"wppaDoAjaxRender(event, 1, &#039;http:\/\/mariacka-lodz.com.pl\/index.php?rest_route=\/wp-photo-album-plus\/endPoint?action=wppa&wppa-action=render&wppa-size=640&occur=1&page_id=128&wppa-fromp=128&lang=pl&cache=1&album=101&cover=0&occur=1&data-alb=101&#039;, &#039;http:\/\/mariacka-lodz.com.pl\/?page_id=128&lang=pl&cache=1&album=3ca0f5ecf38ea132&cover=0&occur=1&data-alb=101&#039; )\">Wielki Post - dekoracja<\/a><\/h2><div style=\"min-height:54px;\" class=\"wppa-box-text wppa-black wppa-box-text-desc\"><\/div><div class=\"wppa-box-text wppa-black wppa-info wppa-slideshow-browse-link wppa-album-cover-link\"><a title=\"Slideshow\" style=\"cursor:pointer\" class=\"wppa-album-cover-link\" onclick=\"wppaDoAjaxRender(event, 1, &#039;http:\/\/mariacka-lodz.com.pl\/index.php?rest_route=\/wp-photo-album-plus\/endPoint?action=wppa&wppa-action=render&wppa-size=640&occur=1&page_id=128&wppa-fromp=128&lang=pl&cache=1&slide=1&occur=1&album=101&#039;, &#039;http:\/\/mariacka-lodz.com.pl\/?page_id=128&lang=pl&cache=1&slide=1&occur=1&album=3ca0f5ecf38ea132&#039; )\">Slideshow<\/a><\/div><div class=\"wppa-box-text wppa-black wppa-info wppa-viewlink wppa-album-cover-link\"><a title=\"View the album Wielki Post - dekoracja\" style=\"cursor:pointer;\" class=\"wppa-album-cover-link\" onclick=\"wppaDoAjaxRender(event, 1, &#039;http:\/\/mariacka-lodz.com.pl\/index.php?rest_route=\/wp-photo-album-plus\/endPoint?action=wppa&wppa-action=render&wppa-size=640&occur=1&page_id=128&wppa-fromp=128&lang=pl&cache=1&album=101&cover=0&occur=1&data-alb=101&#039;, &#039;http:\/\/mariacka-lodz.com.pl\/?page_id=128&lang=pl&cache=1&album=3ca0f5ecf38ea132&cover=0&occur=1&data-alb=101&#039; )\">View&nbsp;15&nbsp;photos<\/a><\/div><\/div><div id=\"coverphoto_frame_101_1\" style=\"float:right; margin-left:5px;width:160px;\" class=\"coverphoto-frame\"><div title=\" \" style=\"display:inline-block;margin:0 4px;\" onclick=\"wppaStopProp(event)\"><a title=\"View the album Wielki Post - dekoracja\" style=\"border:0;color:transparent;cursor:pointer;\" target=\"_self\" onclick=\"wppaDoAjaxRender(event, 1, &#039;http:\/\/mariacka-lodz.com.pl\/index.php?rest_route=\/wp-photo-album-plus\/endPoint?action=wppa&wppa-action=render&wppa-size=640&occur=1&page_id=128&wppa-fromp=128&lang=pl&cache=1&album=101&cover=0&occur=1&data-alb=101&#039;, &#039;http:\/\/mariacka-lodz.com.pl\/?page_id=128&lang=pl&cache=1&album=3ca0f5ecf38ea132&cover=0&occur=1&data-alb=101&#039; )\"><img decoding=\"async\" style=\"border-width:0px;width:150px;height:113px;opacity:0.85;display:inline;\" src=\"http:\/\/mariacka-lodz.com.pl\/wp-content\/uploads\/wppa\/thumbs\/3333.jpg?ver=9\" alt=\"DSCF3375.JPG\" class=\"image wppa-img\" onmouseover=\"jQuery(this).fadeTo(400, 1.0)\" onmouseout=\"jQuery(this).fadeTo(400,0.85)\"><\/a><\/div><\/div><div title=\" \" onclick=\"wppaStopProp(event);\"><\/div><div style=\"clear:both;\"><\/div><\/div><div id=\"album-100-1\" title=\"View the album Rekolekcje wielkopostne dla dzieci - poniedzia\u0142ek 16.03.2015\" style=\"width:100%;float:right;cursor:pointer;\" class=\"wppa-album-cover-standard album wppa-box wppa-cover-box wppa-cover-box-1\" onclick=\"wppaDoAjaxRender(event, 1, &#039;http:\/\/mariacka-lodz.com.pl\/index.php?rest_route=\/wp-photo-album-plus\/endPoint?action=wppa&wppa-action=render&wppa-size=640&occur=1&page_id=128&wppa-fromp=128&lang=pl&cache=1&album=100&cover=0&occur=1&data-alb=100&#039;, &#039;http:\/\/mariacka-lodz.com.pl\/?page_id=128&lang=pl&cache=1&album=826fee7cb68cfa31&cover=0&occur=1&data-alb=100&#039; )\"><div id=\"covertext_frame_100_1\" style=\"width:459px; float:left\" class=\"wppa-text-frame-1 wppa-text-frame wppa-cover-text-frame wppa-asym-text-frame-1\"><h2 style=\"clear:none\" class=\"wppa-title\"><a title=\"View the album Rekolekcje wielkopostne dla dzieci - poniedzia\u0142ek 16.03.2015\" style=\"cursor:pointer\" class=\"wppa-title\" onclick=\"wppaDoAjaxRender(event, 1, &#039;http:\/\/mariacka-lodz.com.pl\/index.php?rest_route=\/wp-photo-album-plus\/endPoint?action=wppa&wppa-action=render&wppa-size=640&occur=1&page_id=128&wppa-fromp=128&lang=pl&cache=1&album=100&cover=0&occur=1&data-alb=100&#039;, &#039;http:\/\/mariacka-lodz.com.pl\/?page_id=128&lang=pl&cache=1&album=826fee7cb68cfa31&cover=0&occur=1&data-alb=100&#039; )\">Rekolekcje wielkopostne dla dzieci - poniedzia\u0142ek 16.03.2015<\/a><\/h2><div style=\"min-height:54px;\" class=\"wppa-box-text wppa-black wppa-box-text-desc\"><\/div><div class=\"wppa-box-text wppa-black wppa-info wppa-slideshow-browse-link wppa-album-cover-link\"><a title=\"Slideshow\" style=\"cursor:pointer\" class=\"wppa-album-cover-link\" onclick=\"wppaDoAjaxRender(event, 1, &#039;http:\/\/mariacka-lodz.com.pl\/index.php?rest_route=\/wp-photo-album-plus\/endPoint?action=wppa&wppa-action=render&wppa-size=640&occur=1&page_id=128&wppa-fromp=128&lang=pl&cache=1&slide=1&occur=1&album=100&#039;, &#039;http:\/\/mariacka-lodz.com.pl\/?page_id=128&lang=pl&cache=1&slide=1&occur=1&album=826fee7cb68cfa31&#039; )\">Slideshow<\/a><\/div><div class=\"wppa-box-text wppa-black wppa-info wppa-viewlink wppa-album-cover-link\"><a title=\"View the album Rekolekcje wielkopostne dla dzieci - poniedzia\u0142ek 16.03.2015\" style=\"cursor:pointer;\" class=\"wppa-album-cover-link\" onclick=\"wppaDoAjaxRender(event, 1, &#039;http:\/\/mariacka-lodz.com.pl\/index.php?rest_route=\/wp-photo-album-plus\/endPoint?action=wppa&wppa-action=render&wppa-size=640&occur=1&page_id=128&wppa-fromp=128&lang=pl&cache=1&album=100&cover=0&occur=1&data-alb=100&#039;, &#039;http:\/\/mariacka-lodz.com.pl\/?page_id=128&lang=pl&cache=1&album=826fee7cb68cfa31&cover=0&occur=1&data-alb=100&#039; )\">View&nbsp;23&nbsp;photos<\/a><\/div><\/div><div id=\"coverphoto_frame_100_1\" style=\"float:right; margin-left:5px;width:160px;\" class=\"coverphoto-frame\"><div title=\" \" style=\"display:inline-block;margin:0 4px;\" onclick=\"wppaStopProp(event)\"><a title=\"View the album Rekolekcje wielkopostne dla dzieci - poniedzia\u0142ek 16.03.2015\" style=\"border:0;color:transparent;cursor:pointer;\" target=\"_self\" onclick=\"wppaDoAjaxRender(event, 1, &#039;http:\/\/mariacka-lodz.com.pl\/index.php?rest_route=\/wp-photo-album-plus\/endPoint?action=wppa&wppa-action=render&wppa-size=640&occur=1&page_id=128&wppa-fromp=128&lang=pl&cache=1&album=100&cover=0&occur=1&data-alb=100&#039;, &#039;http:\/\/mariacka-lodz.com.pl\/?page_id=128&lang=pl&cache=1&album=826fee7cb68cfa31&cover=0&occur=1&data-alb=100&#039; )\"><img decoding=\"async\" style=\"border-width:0px;width:150px;height:113px;opacity:0.85;display:inline;\" src=\"http:\/\/mariacka-lodz.com.pl\/wp-content\/uploads\/wppa\/thumbs\/3314.jpg?ver=9\" alt=\"DSCF3484.JPG\" class=\"image wppa-img\" onmouseover=\"jQuery(this).fadeTo(400, 1.0)\" onmouseout=\"jQuery(this).fadeTo(400,0.85)\"><\/a><\/div><\/div><div title=\" \" onclick=\"wppaStopProp(event);\"><\/div><div style=\"clear:both;\"><\/div><\/div><div id=\"album-99-1\" title=\"View the album Rekolekcje wielkopostne, Msza \u015bw. z udzia\u0142em dzieci - niedziela 15.03.2015\" style=\"width:100%;float:right;cursor:pointer;\" class=\"wppa-album-cover-standard album wppa-box wppa-cover-box wppa-cover-box-1\" onclick=\"wppaDoAjaxRender(event, 1, &#039;http:\/\/mariacka-lodz.com.pl\/index.php?rest_route=\/wp-photo-album-plus\/endPoint?action=wppa&wppa-action=render&wppa-size=640&occur=1&page_id=128&wppa-fromp=128&lang=pl&cache=1&album=99&cover=0&occur=1&data-alb=99&#039;, &#039;http:\/\/mariacka-lodz.com.pl\/?page_id=128&lang=pl&cache=1&album=298a853fb57a6e61&cover=0&occur=1&data-alb=99&#039; )\"><div id=\"covertext_frame_99_1\" style=\"width:459px; float:left\" class=\"wppa-text-frame-1 wppa-text-frame wppa-cover-text-frame wppa-asym-text-frame-1\"><h2 style=\"clear:none\" class=\"wppa-title\"><a title=\"View the album Rekolekcje wielkopostne, Msza \u015bw. z udzia\u0142em dzieci - niedziela 15.03.2015\" style=\"cursor:pointer\" class=\"wppa-title\" onclick=\"wppaDoAjaxRender(event, 1, &#039;http:\/\/mariacka-lodz.com.pl\/index.php?rest_route=\/wp-photo-album-plus\/endPoint?action=wppa&wppa-action=render&wppa-size=640&occur=1&page_id=128&wppa-fromp=128&lang=pl&cache=1&album=99&cover=0&occur=1&data-alb=99&#039;, &#039;http:\/\/mariacka-lodz.com.pl\/?page_id=128&lang=pl&cache=1&album=298a853fb57a6e61&cover=0&occur=1&data-alb=99&#039; )\">Rekolekcje wielkopostne, Msza \u015bw. z udzia\u0142em dzieci - niedziela 15.03.2015<\/a><\/h2><div style=\"min-height:54px;\" class=\"wppa-box-text wppa-black wppa-box-text-desc\"><\/div><div class=\"wppa-box-text wppa-black wppa-info wppa-slideshow-browse-link wppa-album-cover-link\"><a title=\"Slideshow\" style=\"cursor:pointer\" class=\"wppa-album-cover-link\" onclick=\"wppaDoAjaxRender(event, 1, &#039;http:\/\/mariacka-lodz.com.pl\/index.php?rest_route=\/wp-photo-album-plus\/endPoint?action=wppa&wppa-action=render&wppa-size=640&occur=1&page_id=128&wppa-fromp=128&lang=pl&cache=1&slide=1&occur=1&album=99&#039;, &#039;http:\/\/mariacka-lodz.com.pl\/?page_id=128&lang=pl&cache=1&slide=1&occur=1&album=298a853fb57a6e61&#039; )\">Slideshow<\/a><\/div><div class=\"wppa-box-text wppa-black wppa-info wppa-viewlink wppa-album-cover-link\"><a title=\"View the album Rekolekcje wielkopostne, Msza \u015bw. z udzia\u0142em dzieci - niedziela 15.03.2015\" style=\"cursor:pointer;\" class=\"wppa-album-cover-link\" onclick=\"wppaDoAjaxRender(event, 1, &#039;http:\/\/mariacka-lodz.com.pl\/index.php?rest_route=\/wp-photo-album-plus\/endPoint?action=wppa&wppa-action=render&wppa-size=640&occur=1&page_id=128&wppa-fromp=128&lang=pl&cache=1&album=99&cover=0&occur=1&data-alb=99&#039;, &#039;http:\/\/mariacka-lodz.com.pl\/?page_id=128&lang=pl&cache=1&album=298a853fb57a6e61&cover=0&occur=1&data-alb=99&#039; )\">View&nbsp;20&nbsp;photos<\/a><\/div><\/div><div id=\"coverphoto_frame_99_1\" style=\"float:right; margin-left:5px;width:160px;\" class=\"coverphoto-frame\"><div title=\" \" style=\"display:inline-block;margin:0 4px;\" onclick=\"wppaStopProp(event)\"><a title=\"View the album Rekolekcje wielkopostne, Msza \u015bw. z udzia\u0142em dzieci - niedziela 15.03.2015\" style=\"border:0;color:transparent;cursor:pointer;\" target=\"_self\" onclick=\"wppaDoAjaxRender(event, 1, &#039;http:\/\/mariacka-lodz.com.pl\/index.php?rest_route=\/wp-photo-album-plus\/endPoint?action=wppa&wppa-action=render&wppa-size=640&occur=1&page_id=128&wppa-fromp=128&lang=pl&cache=1&album=99&cover=0&occur=1&data-alb=99&#039;, &#039;http:\/\/mariacka-lodz.com.pl\/?page_id=128&lang=pl&cache=1&album=298a853fb57a6e61&cover=0&occur=1&data-alb=99&#039; )\"><img decoding=\"async\" style=\"border-width:0px;width:150px;height:113px;opacity:0.85;display:inline;\" src=\"http:\/\/mariacka-lodz.com.pl\/wp-content\/uploads\/wppa\/thumbs\/3294.jpg?ver=9\" alt=\"DSCF3455.JPG\" class=\"image wppa-img\" onmouseover=\"jQuery(this).fadeTo(400, 1.0)\" onmouseout=\"jQuery(this).fadeTo(400,0.85)\"><\/a><\/div><\/div><div title=\" \" onclick=\"wppaStopProp(event);\"><\/div><div style=\"clear:both;\"><\/div><\/div><div id=\"album-98-1\" title=\"View the album Dekoracja - III Niedziela Wielkiego Postu\" style=\"width:100%;float:right;cursor:pointer;\" class=\"wppa-album-cover-standard album wppa-box wppa-cover-box wppa-cover-box-1\" onclick=\"wppaDoAjaxRender(event, 1, &#039;http:\/\/mariacka-lodz.com.pl\/index.php?rest_route=\/wp-photo-album-plus\/endPoint?action=wppa&wppa-action=render&wppa-size=640&occur=1&page_id=128&wppa-fromp=128&lang=pl&cache=1&album=98&cover=0&occur=1&data-alb=98&#039;, &#039;http:\/\/mariacka-lodz.com.pl\/?page_id=128&lang=pl&cache=1&album=7d28242870935757&cover=0&occur=1&data-alb=98&#039; )\"><div id=\"covertext_frame_98_1\" style=\"width:459px; float:left\" class=\"wppa-text-frame-1 wppa-text-frame wppa-cover-text-frame wppa-asym-text-frame-1\"><h2 style=\"clear:none\" class=\"wppa-title\"><a title=\"View the album Dekoracja - III Niedziela Wielkiego Postu\" style=\"cursor:pointer\" class=\"wppa-title\" onclick=\"wppaDoAjaxRender(event, 1, &#039;http:\/\/mariacka-lodz.com.pl\/index.php?rest_route=\/wp-photo-album-plus\/endPoint?action=wppa&wppa-action=render&wppa-size=640&occur=1&page_id=128&wppa-fromp=128&lang=pl&cache=1&album=98&cover=0&occur=1&data-alb=98&#039;, &#039;http:\/\/mariacka-lodz.com.pl\/?page_id=128&lang=pl&cache=1&album=7d28242870935757&cover=0&occur=1&data-alb=98&#039; )\">Dekoracja - III Niedziela Wielkiego Postu<\/a><\/h2><div style=\"min-height:54px;\" class=\"wppa-box-text wppa-black wppa-box-text-desc\"><\/div><div class=\"wppa-box-text wppa-black wppa-info wppa-slideshow-browse-link wppa-album-cover-link\"><a title=\"Slideshow\" style=\"cursor:pointer\" class=\"wppa-album-cover-link\" onclick=\"wppaDoAjaxRender(event, 1, &#039;http:\/\/mariacka-lodz.com.pl\/index.php?rest_route=\/wp-photo-album-plus\/endPoint?action=wppa&wppa-action=render&wppa-size=640&occur=1&page_id=128&wppa-fromp=128&lang=pl&cache=1&slide=1&occur=1&album=98&#039;, &#039;http:\/\/mariacka-lodz.com.pl\/?page_id=128&lang=pl&cache=1&slide=1&occur=1&album=7d28242870935757&#039; )\">Slideshow<\/a><\/div><div class=\"wppa-box-text wppa-black wppa-info wppa-viewlink wppa-album-cover-link\"><a title=\"View the album Dekoracja - III Niedziela Wielkiego Postu\" style=\"cursor:pointer;\" class=\"wppa-album-cover-link\" onclick=\"wppaDoAjaxRender(event, 1, &#039;http:\/\/mariacka-lodz.com.pl\/index.php?rest_route=\/wp-photo-album-plus\/endPoint?action=wppa&wppa-action=render&wppa-size=640&occur=1&page_id=128&wppa-fromp=128&lang=pl&cache=1&album=98&cover=0&occur=1&data-alb=98&#039;, &#039;http:\/\/mariacka-lodz.com.pl\/?page_id=128&lang=pl&cache=1&album=7d28242870935757&cover=0&occur=1&data-alb=98&#039; )\">View&nbsp;24&nbsp;photos<\/a><\/div><\/div><div id=\"coverphoto_frame_98_1\" style=\"float:right; margin-left:5px;width:160px;\" class=\"coverphoto-frame\"><div title=\" \" style=\"display:inline-block;margin:0 4px;\" onclick=\"wppaStopProp(event)\"><a title=\"View the album Dekoracja - III Niedziela Wielkiego Postu\" style=\"border:0;color:transparent;cursor:pointer;\" target=\"_self\" onclick=\"wppaDoAjaxRender(event, 1, &#039;http:\/\/mariacka-lodz.com.pl\/index.php?rest_route=\/wp-photo-album-plus\/endPoint?action=wppa&wppa-action=render&wppa-size=640&occur=1&page_id=128&wppa-fromp=128&lang=pl&cache=1&album=98&cover=0&occur=1&data-alb=98&#039;, &#039;http:\/\/mariacka-lodz.com.pl\/?page_id=128&lang=pl&cache=1&album=7d28242870935757&cover=0&occur=1&data-alb=98&#039; )\"><img decoding=\"async\" style=\"border-width:0px;width:150px;height:113px;opacity:0.85;display:inline;\" src=\"http:\/\/mariacka-lodz.com.pl\/wp-content\/uploads\/wppa\/thumbs\/3270.jpg?ver=9\" alt=\"DSCF3398.JPG\" class=\"image wppa-img\" onmouseover=\"jQuery(this).fadeTo(400, 1.0)\" onmouseout=\"jQuery(this).fadeTo(400,0.85)\"><\/a><\/div><\/div><div title=\" \" onclick=\"wppaStopProp(event);\"><\/div><div style=\"clear:both;\"><\/div><\/div><div id=\"album-97-1\" title=\"View the album Rozpocz\u0119cie Kursu Alfa II\" style=\"width:100%;float:right;cursor:pointer;\" class=\"wppa-album-cover-standard album wppa-box wppa-cover-box wppa-cover-box-1\" onclick=\"wppaDoAjaxRender(event, 1, &#039;http:\/\/mariacka-lodz.com.pl\/index.php?rest_route=\/wp-photo-album-plus\/endPoint?action=wppa&wppa-action=render&wppa-size=640&occur=1&page_id=128&wppa-fromp=128&lang=pl&cache=1&album=97&cover=0&occur=1&data-alb=97&#039;, &#039;http:\/\/mariacka-lodz.com.pl\/?page_id=128&lang=pl&cache=1&album=aaabc6a80fd703c9&cover=0&occur=1&data-alb=97&#039; )\"><div id=\"covertext_frame_97_1\" style=\"width:459px; float:left\" class=\"wppa-text-frame-1 wppa-text-frame wppa-cover-text-frame wppa-asym-text-frame-1\"><h2 style=\"clear:none\" class=\"wppa-title\"><a title=\"View the album Rozpocz\u0119cie Kursu Alfa II\" style=\"cursor:pointer\" class=\"wppa-title\" onclick=\"wppaDoAjaxRender(event, 1, &#039;http:\/\/mariacka-lodz.com.pl\/index.php?rest_route=\/wp-photo-album-plus\/endPoint?action=wppa&wppa-action=render&wppa-size=640&occur=1&page_id=128&wppa-fromp=128&lang=pl&cache=1&album=97&cover=0&occur=1&data-alb=97&#039;, &#039;http:\/\/mariacka-lodz.com.pl\/?page_id=128&lang=pl&cache=1&album=aaabc6a80fd703c9&cover=0&occur=1&data-alb=97&#039; )\">Rozpocz\u0119cie Kursu Alfa II<\/a><\/h2><div style=\"min-height:54px;\" class=\"wppa-box-text wppa-black wppa-box-text-desc\"><\/div><div class=\"wppa-box-text wppa-black wppa-info wppa-slideshow-browse-link wppa-album-cover-link\"><a title=\"Slideshow\" style=\"cursor:pointer\" class=\"wppa-album-cover-link\" onclick=\"wppaDoAjaxRender(event, 1, &#039;http:\/\/mariacka-lodz.com.pl\/index.php?rest_route=\/wp-photo-album-plus\/endPoint?action=wppa&wppa-action=render&wppa-size=640&occur=1&page_id=128&wppa-fromp=128&lang=pl&cache=1&slide=1&occur=1&album=97&#039;, &#039;http:\/\/mariacka-lodz.com.pl\/?page_id=128&lang=pl&cache=1&slide=1&occur=1&album=aaabc6a80fd703c9&#039; )\">Slideshow<\/a><\/div><div class=\"wppa-box-text wppa-black wppa-info wppa-viewlink wppa-album-cover-link\"><a title=\"View the album Rozpocz\u0119cie Kursu Alfa II\" style=\"cursor:pointer;\" class=\"wppa-album-cover-link\" onclick=\"wppaDoAjaxRender(event, 1, &#039;http:\/\/mariacka-lodz.com.pl\/index.php?rest_route=\/wp-photo-album-plus\/endPoint?action=wppa&wppa-action=render&wppa-size=640&occur=1&page_id=128&wppa-fromp=128&lang=pl&cache=1&album=97&cover=0&occur=1&data-alb=97&#039;, &#039;http:\/\/mariacka-lodz.com.pl\/?page_id=128&lang=pl&cache=1&album=aaabc6a80fd703c9&cover=0&occur=1&data-alb=97&#039; )\">View&nbsp;12&nbsp;photos<\/a><\/div><\/div><div id=\"coverphoto_frame_97_1\" style=\"float:right; margin-left:5px;width:160px;\" class=\"coverphoto-frame\"><div title=\" \" style=\"display:inline-block;margin:0 4px;\" onclick=\"wppaStopProp(event)\"><a title=\"View the album Rozpocz\u0119cie Kursu Alfa II\" style=\"border:0;color:transparent;cursor:pointer;\" target=\"_self\" onclick=\"wppaDoAjaxRender(event, 1, &#039;http:\/\/mariacka-lodz.com.pl\/index.php?rest_route=\/wp-photo-album-plus\/endPoint?action=wppa&wppa-action=render&wppa-size=640&occur=1&page_id=128&wppa-fromp=128&lang=pl&cache=1&album=97&cover=0&occur=1&data-alb=97&#039;, &#039;http:\/\/mariacka-lodz.com.pl\/?page_id=128&lang=pl&cache=1&album=aaabc6a80fd703c9&cover=0&occur=1&data-alb=97&#039; )\"><img decoding=\"async\" style=\"border-width:0px;width:150px;height:84px;opacity:0.85;display:inline;\" src=\"http:\/\/mariacka-lodz.com.pl\/wp-content\/uploads\/wppa\/thumbs\/3244.jpg?ver=9\" alt=\"WP_20150308_005.jpg\" class=\"image wppa-img\" onmouseover=\"jQuery(this).fadeTo(400, 1.0)\" onmouseout=\"jQuery(this).fadeTo(400,0.85)\"><\/a><\/div><\/div><div title=\" \" onclick=\"wppaStopProp(event);\"><\/div><div style=\"clear:both;\"><\/div><\/div><div id=\"album-96-1\" title=\"View the album Ks. Proboszcz z ministrantami na \u0142y\u017cwach\" style=\"width:100%;float:right;cursor:pointer;\" class=\"wppa-album-cover-standard album wppa-box wppa-cover-box wppa-cover-box-1\" onclick=\"wppaDoAjaxRender(event, 1, &#039;http:\/\/mariacka-lodz.com.pl\/index.php?rest_route=\/wp-photo-album-plus\/endPoint?action=wppa&wppa-action=render&wppa-size=640&occur=1&page_id=128&wppa-fromp=128&lang=pl&cache=1&album=96&cover=0&occur=1&data-alb=96&#039;, &#039;http:\/\/mariacka-lodz.com.pl\/?page_id=128&lang=pl&cache=1&album=f281a6d47bf23f85&cover=0&occur=1&data-alb=96&#039; )\"><div id=\"covertext_frame_96_1\" style=\"width:459px; float:left\" class=\"wppa-text-frame-1 wppa-text-frame wppa-cover-text-frame wppa-asym-text-frame-1\"><h2 style=\"clear:none\" class=\"wppa-title\"><a title=\"View the album Ks. Proboszcz z ministrantami na \u0142y\u017cwach\" style=\"cursor:pointer\" class=\"wppa-title\" onclick=\"wppaDoAjaxRender(event, 1, &#039;http:\/\/mariacka-lodz.com.pl\/index.php?rest_route=\/wp-photo-album-plus\/endPoint?action=wppa&wppa-action=render&wppa-size=640&occur=1&page_id=128&wppa-fromp=128&lang=pl&cache=1&album=96&cover=0&occur=1&data-alb=96&#039;, &#039;http:\/\/mariacka-lodz.com.pl\/?page_id=128&lang=pl&cache=1&album=f281a6d47bf23f85&cover=0&occur=1&data-alb=96&#039; )\">Ks. Proboszcz z ministrantami na \u0142y\u017cwach<\/a><\/h2><div style=\"min-height:54px;\" class=\"wppa-box-text wppa-black wppa-box-text-desc\"><\/div><div class=\"wppa-box-text wppa-black wppa-info wppa-slideshow-browse-link wppa-album-cover-link\"><a title=\"Slideshow\" style=\"cursor:pointer\" class=\"wppa-album-cover-link\" onclick=\"wppaDoAjaxRender(event, 1, &#039;http:\/\/mariacka-lodz.com.pl\/index.php?rest_route=\/wp-photo-album-plus\/endPoint?action=wppa&wppa-action=render&wppa-size=640&occur=1&page_id=128&wppa-fromp=128&lang=pl&cache=1&slide=1&occur=1&album=96&#039;, &#039;http:\/\/mariacka-lodz.com.pl\/?page_id=128&lang=pl&cache=1&slide=1&occur=1&album=f281a6d47bf23f85&#039; )\">Slideshow<\/a><\/div><div class=\"wppa-box-text wppa-black wppa-info wppa-viewlink wppa-album-cover-link\"><a title=\"View the album Ks. Proboszcz z ministrantami na \u0142y\u017cwach\" style=\"cursor:pointer;\" class=\"wppa-album-cover-link\" onclick=\"wppaDoAjaxRender(event, 1, &#039;http:\/\/mariacka-lodz.com.pl\/index.php?rest_route=\/wp-photo-album-plus\/endPoint?action=wppa&wppa-action=render&wppa-size=640&occur=1&page_id=128&wppa-fromp=128&lang=pl&cache=1&album=96&cover=0&occur=1&data-alb=96&#039;, &#039;http:\/\/mariacka-lodz.com.pl\/?page_id=128&lang=pl&cache=1&album=f281a6d47bf23f85&cover=0&occur=1&data-alb=96&#039; )\">View&nbsp;82&nbsp;photos<\/a><\/div><\/div><div id=\"coverphoto_frame_96_1\" style=\"float:right; margin-left:5px;width:160px;\" class=\"coverphoto-frame\"><div title=\" \" style=\"display:inline-block;margin:0 4px;\" onclick=\"wppaStopProp(event)\"><a title=\"View the album Ks. Proboszcz z ministrantami na \u0142y\u017cwach\" style=\"border:0;color:transparent;cursor:pointer;\" target=\"_self\" onclick=\"wppaDoAjaxRender(event, 1, &#039;http:\/\/mariacka-lodz.com.pl\/index.php?rest_route=\/wp-photo-album-plus\/endPoint?action=wppa&wppa-action=render&wppa-size=640&occur=1&page_id=128&wppa-fromp=128&lang=pl&cache=1&album=96&cover=0&occur=1&data-alb=96&#039;, &#039;http:\/\/mariacka-lodz.com.pl\/?page_id=128&lang=pl&cache=1&album=f281a6d47bf23f85&cover=0&occur=1&data-alb=96&#039; )\"><img decoding=\"async\" style=\"border-width:0px;width:150px;height:113px;opacity:0.85;display:inline;\" src=\"http:\/\/mariacka-lodz.com.pl\/wp-content\/uploads\/wppa\/thumbs\/3160.jpg?ver=9\" alt=\"Zdjecie 031.jpg\" class=\"image wppa-img\" onmouseover=\"jQuery(this).fadeTo(400, 1.0)\" onmouseout=\"jQuery(this).fadeTo(400,0.85)\"><\/a><\/div><\/div><div title=\" \" onclick=\"wppaStopProp(event);\"><\/div><div style=\"clear:both;\"><\/div><\/div><div id=\"album-95-1\" title=\"View the album Jase\u0142ka 2015\" style=\"width:100%;float:right;cursor:pointer;\" class=\"wppa-album-cover-standard album wppa-box wppa-cover-box wppa-cover-box-1\" onclick=\"wppaDoAjaxRender(event, 1, &#039;http:\/\/mariacka-lodz.com.pl\/index.php?rest_route=\/wp-photo-album-plus\/endPoint?action=wppa&wppa-action=render&wppa-size=640&occur=1&page_id=128&wppa-fromp=128&lang=pl&cache=1&album=95&cover=0&occur=1&data-alb=95&#039;, &#039;http:\/\/mariacka-lodz.com.pl\/?page_id=128&lang=pl&cache=1&album=80f8ab422d8e884f&cover=0&occur=1&data-alb=95&#039; )\"><div id=\"covertext_frame_95_1\" style=\"width:459px; float:left\" class=\"wppa-text-frame-1 wppa-text-frame wppa-cover-text-frame wppa-asym-text-frame-1\"><h2 style=\"clear:none\" class=\"wppa-title\"><a title=\"View the album Jase\u0142ka 2015\" style=\"cursor:pointer\" class=\"wppa-title\" onclick=\"wppaDoAjaxRender(event, 1, &#039;http:\/\/mariacka-lodz.com.pl\/index.php?rest_route=\/wp-photo-album-plus\/endPoint?action=wppa&wppa-action=render&wppa-size=640&occur=1&page_id=128&wppa-fromp=128&lang=pl&cache=1&album=95&cover=0&occur=1&data-alb=95&#039;, &#039;http:\/\/mariacka-lodz.com.pl\/?page_id=128&lang=pl&cache=1&album=80f8ab422d8e884f&cover=0&occur=1&data-alb=95&#039; )\">Jase\u0142ka 2015<\/a><\/h2><div style=\"min-height:54px;\" class=\"wppa-box-text wppa-black wppa-box-text-desc\"><\/div><div class=\"wppa-box-text wppa-black wppa-info wppa-slideshow-browse-link wppa-album-cover-link\"><a title=\"Slideshow\" style=\"cursor:pointer\" class=\"wppa-album-cover-link\" onclick=\"wppaDoAjaxRender(event, 1, &#039;http:\/\/mariacka-lodz.com.pl\/index.php?rest_route=\/wp-photo-album-plus\/endPoint?action=wppa&wppa-action=render&wppa-size=640&occur=1&page_id=128&wppa-fromp=128&lang=pl&cache=1&slide=1&occur=1&album=95&#039;, &#039;http:\/\/mariacka-lodz.com.pl\/?page_id=128&lang=pl&cache=1&slide=1&occur=1&album=80f8ab422d8e884f&#039; )\">Slideshow<\/a><\/div><div class=\"wppa-box-text wppa-black wppa-info wppa-viewlink wppa-album-cover-link\"><a title=\"View the album Jase\u0142ka 2015\" style=\"cursor:pointer;\" class=\"wppa-album-cover-link\" onclick=\"wppaDoAjaxRender(event, 1, &#039;http:\/\/mariacka-lodz.com.pl\/index.php?rest_route=\/wp-photo-album-plus\/endPoint?action=wppa&wppa-action=render&wppa-size=640&occur=1&page_id=128&wppa-fromp=128&lang=pl&cache=1&album=95&cover=0&occur=1&data-alb=95&#039;, &#039;http:\/\/mariacka-lodz.com.pl\/?page_id=128&lang=pl&cache=1&album=80f8ab422d8e884f&cover=0&occur=1&data-alb=95&#039; )\">View&nbsp;74&nbsp;photos<\/a><\/div><\/div><div id=\"coverphoto_frame_95_1\" style=\"float:right; margin-left:5px;width:160px;\" class=\"coverphoto-frame\"><div title=\" \" style=\"display:inline-block;margin:0 4px;\" onclick=\"wppaStopProp(event)\"><a title=\"View the album Jase\u0142ka 2015\" style=\"border:0;color:transparent;cursor:pointer;\" target=\"_self\" onclick=\"wppaDoAjaxRender(event, 1, &#039;http:\/\/mariacka-lodz.com.pl\/index.php?rest_route=\/wp-photo-album-plus\/endPoint?action=wppa&wppa-action=render&wppa-size=640&occur=1&page_id=128&wppa-fromp=128&lang=pl&cache=1&album=95&cover=0&occur=1&data-alb=95&#039;, &#039;http:\/\/mariacka-lodz.com.pl\/?page_id=128&lang=pl&cache=1&album=80f8ab422d8e884f&cover=0&occur=1&data-alb=95&#039; )\"><img decoding=\"async\" style=\"border-width:0px;width:150px;height:101px;opacity:0.85;display:inline;\" src=\"http:\/\/mariacka-lodz.com.pl\/wp-content\/uploads\/wppa\/thumbs\/3081.jpg?ver=9\" alt=\"ZdjecieB (1).jpg\" class=\"image wppa-img\" onmouseover=\"jQuery(this).fadeTo(400, 1.0)\" onmouseout=\"jQuery(this).fadeTo(400,0.85)\"><\/a><\/div><\/div><div title=\" \" onclick=\"wppaStopProp(event);\"><\/div><div style=\"clear:both;\"><\/div><\/div><div id=\"album-94-1\" title=\"View the album Spotkanie op\u0142atkowe 2015\" style=\"width:100%;float:right;cursor:pointer;\" class=\"wppa-album-cover-standard album wppa-box wppa-cover-box wppa-cover-box-1\" onclick=\"wppaDoAjaxRender(event, 1, &#039;http:\/\/mariacka-lodz.com.pl\/index.php?rest_route=\/wp-photo-album-plus\/endPoint?action=wppa&wppa-action=render&wppa-size=640&occur=1&page_id=128&wppa-fromp=128&lang=pl&cache=1&album=94&cover=0&occur=1&data-alb=94&#039;, &#039;http:\/\/mariacka-lodz.com.pl\/?page_id=128&lang=pl&cache=1&album=df65042e358f533f&cover=0&occur=1&data-alb=94&#039; )\"><div id=\"covertext_frame_94_1\" style=\"width:459px; float:left\" class=\"wppa-text-frame-1 wppa-text-frame wppa-cover-text-frame wppa-asym-text-frame-1\"><h2 style=\"clear:none\" class=\"wppa-title\"><a title=\"View the album Spotkanie op\u0142atkowe 2015\" style=\"cursor:pointer\" class=\"wppa-title\" onclick=\"wppaDoAjaxRender(event, 1, &#039;http:\/\/mariacka-lodz.com.pl\/index.php?rest_route=\/wp-photo-album-plus\/endPoint?action=wppa&wppa-action=render&wppa-size=640&occur=1&page_id=128&wppa-fromp=128&lang=pl&cache=1&album=94&cover=0&occur=1&data-alb=94&#039;, &#039;http:\/\/mariacka-lodz.com.pl\/?page_id=128&lang=pl&cache=1&album=df65042e358f533f&cover=0&occur=1&data-alb=94&#039; )\">Spotkanie op\u0142atkowe 2015<\/a><\/h2><div style=\"min-height:54px;\" class=\"wppa-box-text wppa-black wppa-box-text-desc\"><\/div><div class=\"wppa-box-text wppa-black wppa-info wppa-slideshow-browse-link wppa-album-cover-link\"><a title=\"Slideshow\" style=\"cursor:pointer\" class=\"wppa-album-cover-link\" onclick=\"wppaDoAjaxRender(event, 1, &#039;http:\/\/mariacka-lodz.com.pl\/index.php?rest_route=\/wp-photo-album-plus\/endPoint?action=wppa&wppa-action=render&wppa-size=640&occur=1&page_id=128&wppa-fromp=128&lang=pl&cache=1&slide=1&occur=1&album=94&#039;, &#039;http:\/\/mariacka-lodz.com.pl\/?page_id=128&lang=pl&cache=1&slide=1&occur=1&album=df65042e358f533f&#039; )\">Slideshow<\/a><\/div><div class=\"wppa-box-text wppa-black wppa-info wppa-viewlink wppa-album-cover-link\"><a title=\"View the album Spotkanie op\u0142atkowe 2015\" style=\"cursor:pointer;\" class=\"wppa-album-cover-link\" onclick=\"wppaDoAjaxRender(event, 1, &#039;http:\/\/mariacka-lodz.com.pl\/index.php?rest_route=\/wp-photo-album-plus\/endPoint?action=wppa&wppa-action=render&wppa-size=640&occur=1&page_id=128&wppa-fromp=128&lang=pl&cache=1&album=94&cover=0&occur=1&data-alb=94&#039;, &#039;http:\/\/mariacka-lodz.com.pl\/?page_id=128&lang=pl&cache=1&album=df65042e358f533f&cover=0&occur=1&data-alb=94&#039; )\">View&nbsp;64&nbsp;photos<\/a><\/div><\/div><div id=\"coverphoto_frame_94_1\" style=\"float:right; margin-left:5px;width:160px;\" class=\"coverphoto-frame\"><div title=\" \" style=\"display:inline-block;margin:0 4px;\" onclick=\"wppaStopProp(event)\"><a title=\"View the album Spotkanie op\u0142atkowe 2015\" style=\"border:0;color:transparent;cursor:pointer;\" target=\"_self\" onclick=\"wppaDoAjaxRender(event, 1, &#039;http:\/\/mariacka-lodz.com.pl\/index.php?rest_route=\/wp-photo-album-plus\/endPoint?action=wppa&wppa-action=render&wppa-size=640&occur=1&page_id=128&wppa-fromp=128&lang=pl&cache=1&album=94&cover=0&occur=1&data-alb=94&#039;, &#039;http:\/\/mariacka-lodz.com.pl\/?page_id=128&lang=pl&cache=1&album=df65042e358f533f&cover=0&occur=1&data-alb=94&#039; )\"><img decoding=\"async\" style=\"border-width:0px;width:150px;height:113px;opacity:0.85;display:inline;\" src=\"http:\/\/mariacka-lodz.com.pl\/wp-content\/uploads\/wppa\/thumbs\/3017.jpg?ver=9\" alt=\"DSCF3048.JPG\" class=\"image wppa-img\" onmouseover=\"jQuery(this).fadeTo(400, 1.0)\" onmouseout=\"jQuery(this).fadeTo(400,0.85)\"><\/a><\/div><\/div><div title=\" \" onclick=\"wppaStopProp(event);\"><\/div><div style=\"clear:both;\"><\/div><\/div><div id=\"album-93-1\" title=\"View the album Bp Ireneusz P\u0119kalski - Uroczysto\u015b\u0107 Objawienia Pa\u0144skiego 2015\" style=\"width:100%;float:right;cursor:pointer;\" class=\"wppa-album-cover-standard album wppa-box wppa-cover-box wppa-cover-box-1\" onclick=\"wppaDoAjaxRender(event, 1, &#039;http:\/\/mariacka-lodz.com.pl\/index.php?rest_route=\/wp-photo-album-plus\/endPoint?action=wppa&wppa-action=render&wppa-size=640&occur=1&page_id=128&wppa-fromp=128&lang=pl&cache=1&album=93&cover=0&occur=1&data-alb=93&#039;, &#039;http:\/\/mariacka-lodz.com.pl\/?page_id=128&lang=pl&cache=1&album=8e57d0e715288458&cover=0&occur=1&data-alb=93&#039; )\"><div id=\"covertext_frame_93_1\" style=\"width:459px; float:left\" class=\"wppa-text-frame-1 wppa-text-frame wppa-cover-text-frame wppa-asym-text-frame-1\"><h2 style=\"clear:none\" class=\"wppa-title\"><a title=\"View the album Bp Ireneusz P\u0119kalski - Uroczysto\u015b\u0107 Objawienia Pa\u0144skiego 2015\" style=\"cursor:pointer\" class=\"wppa-title\" onclick=\"wppaDoAjaxRender(event, 1, &#039;http:\/\/mariacka-lodz.com.pl\/index.php?rest_route=\/wp-photo-album-plus\/endPoint?action=wppa&wppa-action=render&wppa-size=640&occur=1&page_id=128&wppa-fromp=128&lang=pl&cache=1&album=93&cover=0&occur=1&data-alb=93&#039;, &#039;http:\/\/mariacka-lodz.com.pl\/?page_id=128&lang=pl&cache=1&album=8e57d0e715288458&cover=0&occur=1&data-alb=93&#039; )\">Bp Ireneusz P\u0119kalski - Uroczysto\u015b\u0107 Objawienia Pa\u0144skiego 2015<\/a><\/h2><div style=\"min-height:54px;\" class=\"wppa-box-text wppa-black wppa-box-text-desc\"><\/div><div class=\"wppa-box-text wppa-black wppa-info wppa-slideshow-browse-link wppa-album-cover-link\"><a title=\"Slideshow\" style=\"cursor:pointer\" class=\"wppa-album-cover-link\" onclick=\"wppaDoAjaxRender(event, 1, &#039;http:\/\/mariacka-lodz.com.pl\/index.php?rest_route=\/wp-photo-album-plus\/endPoint?action=wppa&wppa-action=render&wppa-size=640&occur=1&page_id=128&wppa-fromp=128&lang=pl&cache=1&slide=1&occur=1&album=93&#039;, &#039;http:\/\/mariacka-lodz.com.pl\/?page_id=128&lang=pl&cache=1&slide=1&occur=1&album=8e57d0e715288458&#039; )\">Slideshow<\/a><\/div><div class=\"wppa-box-text wppa-black wppa-info wppa-viewlink wppa-album-cover-link\"><a title=\"View the album Bp Ireneusz P\u0119kalski - Uroczysto\u015b\u0107 Objawienia Pa\u0144skiego 2015\" style=\"cursor:pointer;\" class=\"wppa-album-cover-link\" onclick=\"wppaDoAjaxRender(event, 1, &#039;http:\/\/mariacka-lodz.com.pl\/index.php?rest_route=\/wp-photo-album-plus\/endPoint?action=wppa&wppa-action=render&wppa-size=640&occur=1&page_id=128&wppa-fromp=128&lang=pl&cache=1&album=93&cover=0&occur=1&data-alb=93&#039;, &#039;http:\/\/mariacka-lodz.com.pl\/?page_id=128&lang=pl&cache=1&album=8e57d0e715288458&cover=0&occur=1&data-alb=93&#039; )\">View&nbsp;46&nbsp;photos<\/a><\/div><\/div><div id=\"coverphoto_frame_93_1\" style=\"float:right; margin-left:5px;width:160px;\" class=\"coverphoto-frame\"><div title=\" \" style=\"display:inline-block;margin:0 4px;\" onclick=\"wppaStopProp(event)\"><a title=\"View the album Bp Ireneusz P\u0119kalski - Uroczysto\u015b\u0107 Objawienia Pa\u0144skiego 2015\" style=\"border:0;color:transparent;cursor:pointer;\" target=\"_self\" onclick=\"wppaDoAjaxRender(event, 1, &#039;http:\/\/mariacka-lodz.com.pl\/index.php?rest_route=\/wp-photo-album-plus\/endPoint?action=wppa&wppa-action=render&wppa-size=640&occur=1&page_id=128&wppa-fromp=128&lang=pl&cache=1&album=93&cover=0&occur=1&data-alb=93&#039;, &#039;http:\/\/mariacka-lodz.com.pl\/?page_id=128&lang=pl&cache=1&album=8e57d0e715288458&cover=0&occur=1&data-alb=93&#039; )\"><img decoding=\"async\" style=\"border-width:0px;width:150px;height:113px;opacity:0.85;display:inline;\" src=\"http:\/\/mariacka-lodz.com.pl\/wp-content\/uploads\/wppa\/thumbs\/2971.jpg?ver=9\" alt=\"DSCF2951.JPG\" class=\"image wppa-img\" onmouseover=\"jQuery(this).fadeTo(400, 1.0)\" onmouseout=\"jQuery(this).fadeTo(400,0.85)\"><\/a><\/div><\/div><div title=\" \" onclick=\"wppaStopProp(event);\"><\/div><div style=\"clear:both;\"><\/div><\/div><div id=\"album-92-1\" title=\"View the album Msza \u015bw. z udzia\u0142em dzieci, 06.01.2015\" style=\"width:100%;float:right;cursor:pointer;\" class=\"wppa-album-cover-standard album wppa-box wppa-cover-box wppa-cover-box-1\" onclick=\"wppaDoAjaxRender(event, 1, &#039;http:\/\/mariacka-lodz.com.pl\/index.php?rest_route=\/wp-photo-album-plus\/endPoint?action=wppa&wppa-action=render&wppa-size=640&occur=1&page_id=128&wppa-fromp=128&lang=pl&cache=1&album=92&cover=0&occur=1&data-alb=92&#039;, &#039;http:\/\/mariacka-lodz.com.pl\/?page_id=128&lang=pl&cache=1&album=4909f9499112be27&cover=0&occur=1&data-alb=92&#039; )\"><div id=\"covertext_frame_92_1\" style=\"width:459px; float:left\" class=\"wppa-text-frame-1 wppa-text-frame wppa-cover-text-frame wppa-asym-text-frame-1\"><h2 style=\"clear:none\" class=\"wppa-title\"><a title=\"View the album Msza \u015bw. z udzia\u0142em dzieci, 06.01.2015\" style=\"cursor:pointer\" class=\"wppa-title\" onclick=\"wppaDoAjaxRender(event, 1, &#039;http:\/\/mariacka-lodz.com.pl\/index.php?rest_route=\/wp-photo-album-plus\/endPoint?action=wppa&wppa-action=render&wppa-size=640&occur=1&page_id=128&wppa-fromp=128&lang=pl&cache=1&album=92&cover=0&occur=1&data-alb=92&#039;, &#039;http:\/\/mariacka-lodz.com.pl\/?page_id=128&lang=pl&cache=1&album=4909f9499112be27&cover=0&occur=1&data-alb=92&#039; )\">Msza \u015bw. z udzia\u0142em dzieci, 06.01.2015<\/a><\/h2><div style=\"min-height:54px;\" class=\"wppa-box-text wppa-black wppa-box-text-desc\"><\/div><div class=\"wppa-box-text wppa-black wppa-info wppa-slideshow-browse-link wppa-album-cover-link\"><a title=\"Slideshow\" style=\"cursor:pointer\" class=\"wppa-album-cover-link\" onclick=\"wppaDoAjaxRender(event, 1, &#039;http:\/\/mariacka-lodz.com.pl\/index.php?rest_route=\/wp-photo-album-plus\/endPoint?action=wppa&wppa-action=render&wppa-size=640&occur=1&page_id=128&wppa-fromp=128&lang=pl&cache=1&slide=1&occur=1&album=92&#039;, &#039;http:\/\/mariacka-lodz.com.pl\/?page_id=128&lang=pl&cache=1&slide=1&occur=1&album=4909f9499112be27&#039; )\">Slideshow<\/a><\/div><div class=\"wppa-box-text wppa-black wppa-info wppa-viewlink wppa-album-cover-link\"><a title=\"View the album Msza \u015bw. z udzia\u0142em dzieci, 06.01.2015\" style=\"cursor:pointer;\" class=\"wppa-album-cover-link\" onclick=\"wppaDoAjaxRender(event, 1, &#039;http:\/\/mariacka-lodz.com.pl\/index.php?rest_route=\/wp-photo-album-plus\/endPoint?action=wppa&wppa-action=render&wppa-size=640&occur=1&page_id=128&wppa-fromp=128&lang=pl&cache=1&album=92&cover=0&occur=1&data-alb=92&#039;, &#039;http:\/\/mariacka-lodz.com.pl\/?page_id=128&lang=pl&cache=1&album=4909f9499112be27&cover=0&occur=1&data-alb=92&#039; )\">View&nbsp;46&nbsp;photos<\/a><\/div><\/div><div id=\"coverphoto_frame_92_1\" style=\"float:right; margin-left:5px;width:160px;\" class=\"coverphoto-frame\"><div title=\" \" style=\"display:inline-block;margin:0 4px;\" onclick=\"wppaStopProp(event)\"><a title=\"View the album Msza \u015bw. z udzia\u0142em dzieci, 06.01.2015\" style=\"border:0;color:transparent;cursor:pointer;\" target=\"_self\" onclick=\"wppaDoAjaxRender(event, 1, &#039;http:\/\/mariacka-lodz.com.pl\/index.php?rest_route=\/wp-photo-album-plus\/endPoint?action=wppa&wppa-action=render&wppa-size=640&occur=1&page_id=128&wppa-fromp=128&lang=pl&cache=1&album=92&cover=0&occur=1&data-alb=92&#039;, &#039;http:\/\/mariacka-lodz.com.pl\/?page_id=128&lang=pl&cache=1&album=4909f9499112be27&cover=0&occur=1&data-alb=92&#039; )\"><img decoding=\"async\" style=\"border-width:0px;width:150px;height:113px;opacity:0.85;display:inline;\" src=\"http:\/\/mariacka-lodz.com.pl\/wp-content\/uploads\/wppa\/thumbs\/2925.jpg?ver=9\" alt=\"DSCF2869.JPG\" class=\"image wppa-img\" onmouseover=\"jQuery(this).fadeTo(400, 1.0)\" onmouseout=\"jQuery(this).fadeTo(400,0.85)\"><\/a><\/div><\/div><div title=\" \" onclick=\"wppaStopProp(event);\"><\/div><div style=\"clear:both;\"><\/div><\/div><div id=\"album-91-1\" title=\"View the album Uroczysto\u015b\u0107 Objawienia Pa\u0144skiego 2015\" style=\"width:100%;float:right;cursor:pointer;\" class=\"wppa-album-cover-standard album wppa-box wppa-cover-box wppa-cover-box-1\" onclick=\"wppaDoAjaxRender(event, 1, &#039;http:\/\/mariacka-lodz.com.pl\/index.php?rest_route=\/wp-photo-album-plus\/endPoint?action=wppa&wppa-action=render&wppa-size=640&occur=1&page_id=128&wppa-fromp=128&lang=pl&cache=1&album=91&cover=0&occur=1&data-alb=91&#039;, &#039;http:\/\/mariacka-lodz.com.pl\/?page_id=128&lang=pl&cache=1&album=262981e298e8c52a&cover=0&occur=1&data-alb=91&#039; )\"><div id=\"covertext_frame_91_1\" style=\"width:459px; float:left\" class=\"wppa-text-frame-1 wppa-text-frame wppa-cover-text-frame wppa-asym-text-frame-1\"><h2 style=\"clear:none\" class=\"wppa-title\"><a title=\"View the album Uroczysto\u015b\u0107 Objawienia Pa\u0144skiego 2015\" style=\"cursor:pointer\" class=\"wppa-title\" onclick=\"wppaDoAjaxRender(event, 1, &#039;http:\/\/mariacka-lodz.com.pl\/index.php?rest_route=\/wp-photo-album-plus\/endPoint?action=wppa&wppa-action=render&wppa-size=640&occur=1&page_id=128&wppa-fromp=128&lang=pl&cache=1&album=91&cover=0&occur=1&data-alb=91&#039;, &#039;http:\/\/mariacka-lodz.com.pl\/?page_id=128&lang=pl&cache=1&album=262981e298e8c52a&cover=0&occur=1&data-alb=91&#039; )\">Uroczysto\u015b\u0107 Objawienia Pa\u0144skiego 2015<\/a><\/h2><div style=\"min-height:54px;\" class=\"wppa-box-text wppa-black wppa-box-text-desc\"><\/div><div class=\"wppa-box-text wppa-black wppa-info wppa-slideshow-browse-link wppa-album-cover-link\"><a title=\"Slideshow\" style=\"cursor:pointer\" class=\"wppa-album-cover-link\" onclick=\"wppaDoAjaxRender(event, 1, &#039;http:\/\/mariacka-lodz.com.pl\/index.php?rest_route=\/wp-photo-album-plus\/endPoint?action=wppa&wppa-action=render&wppa-size=640&occur=1&page_id=128&wppa-fromp=128&lang=pl&cache=1&slide=1&occur=1&album=91&#039;, &#039;http:\/\/mariacka-lodz.com.pl\/?page_id=128&lang=pl&cache=1&slide=1&occur=1&album=262981e298e8c52a&#039; )\">Slideshow<\/a><\/div><div class=\"wppa-box-text wppa-black wppa-info wppa-viewlink wppa-album-cover-link\"><a title=\"View the album Uroczysto\u015b\u0107 Objawienia Pa\u0144skiego 2015\" style=\"cursor:pointer;\" class=\"wppa-album-cover-link\" onclick=\"wppaDoAjaxRender(event, 1, &#039;http:\/\/mariacka-lodz.com.pl\/index.php?rest_route=\/wp-photo-album-plus\/endPoint?action=wppa&wppa-action=render&wppa-size=640&occur=1&page_id=128&wppa-fromp=128&lang=pl&cache=1&album=91&cover=0&occur=1&data-alb=91&#039;, &#039;http:\/\/mariacka-lodz.com.pl\/?page_id=128&lang=pl&cache=1&album=262981e298e8c52a&cover=0&occur=1&data-alb=91&#039; )\">View&nbsp;17&nbsp;photos<\/a><\/div><\/div><div id=\"coverphoto_frame_91_1\" style=\"float:right; margin-left:5px;width:160px;\" class=\"coverphoto-frame\"><div title=\" \" style=\"display:inline-block;margin:0 4px;\" onclick=\"wppaStopProp(event)\"><a title=\"View the album Uroczysto\u015b\u0107 Objawienia Pa\u0144skiego 2015\" style=\"border:0;color:transparent;cursor:pointer;\" target=\"_self\" onclick=\"wppaDoAjaxRender(event, 1, &#039;http:\/\/mariacka-lodz.com.pl\/index.php?rest_route=\/wp-photo-album-plus\/endPoint?action=wppa&wppa-action=render&wppa-size=640&occur=1&page_id=128&wppa-fromp=128&lang=pl&cache=1&album=91&cover=0&occur=1&data-alb=91&#039;, &#039;http:\/\/mariacka-lodz.com.pl\/?page_id=128&lang=pl&cache=1&album=262981e298e8c52a&cover=0&occur=1&data-alb=91&#039; )\"><img decoding=\"async\" style=\"border-width:0px;width:150px;height:113px;opacity:0.85;display:inline;\" src=\"http:\/\/mariacka-lodz.com.pl\/wp-content\/uploads\/wppa\/thumbs\/2903.jpg?ver=9\" alt=\"DSCF2838.JPG\" class=\"image wppa-img\" onmouseover=\"jQuery(this).fadeTo(400, 1.0)\" onmouseout=\"jQuery(this).fadeTo(400,0.85)\"><\/a><\/div><\/div><div title=\" \" onclick=\"wppaStopProp(event);\"><\/div><div style=\"clear:both;\"><\/div><\/div><div id=\"album-90-1\" title=\"View the album Msza \u015bw. na zako\u0144czenie roku\" style=\"width:100%;float:right;cursor:pointer;\" class=\"wppa-album-cover-standard album wppa-box wppa-cover-box wppa-cover-box-1\" onclick=\"wppaDoAjaxRender(event, 1, &#039;http:\/\/mariacka-lodz.com.pl\/index.php?rest_route=\/wp-photo-album-plus\/endPoint?action=wppa&wppa-action=render&wppa-size=640&occur=1&page_id=128&wppa-fromp=128&lang=pl&cache=1&album=90&cover=0&occur=1&data-alb=90&#039;, &#039;http:\/\/mariacka-lodz.com.pl\/?page_id=128&lang=pl&cache=1&album=f655c1b362e20c1a&cover=0&occur=1&data-alb=90&#039; )\"><div id=\"covertext_frame_90_1\" style=\"width:459px; float:left\" class=\"wppa-text-frame-1 wppa-text-frame wppa-cover-text-frame wppa-asym-text-frame-1\"><h2 style=\"clear:none\" class=\"wppa-title\"><a title=\"View the album Msza \u015bw. na zako\u0144czenie roku\" style=\"cursor:pointer\" class=\"wppa-title\" onclick=\"wppaDoAjaxRender(event, 1, &#039;http:\/\/mariacka-lodz.com.pl\/index.php?rest_route=\/wp-photo-album-plus\/endPoint?action=wppa&wppa-action=render&wppa-size=640&occur=1&page_id=128&wppa-fromp=128&lang=pl&cache=1&album=90&cover=0&occur=1&data-alb=90&#039;, &#039;http:\/\/mariacka-lodz.com.pl\/?page_id=128&lang=pl&cache=1&album=f655c1b362e20c1a&cover=0&occur=1&data-alb=90&#039; )\">Msza \u015bw. na zako\u0144czenie roku<\/a><\/h2><div style=\"min-height:54px;\" class=\"wppa-box-text wppa-black wppa-box-text-desc\"><\/div><div class=\"wppa-box-text wppa-black wppa-info wppa-slideshow-browse-link wppa-album-cover-link\"><a title=\"Slideshow\" style=\"cursor:pointer\" class=\"wppa-album-cover-link\" onclick=\"wppaDoAjaxRender(event, 1, &#039;http:\/\/mariacka-lodz.com.pl\/index.php?rest_route=\/wp-photo-album-plus\/endPoint?action=wppa&wppa-action=render&wppa-size=640&occur=1&page_id=128&wppa-fromp=128&lang=pl&cache=1&slide=1&occur=1&album=90&#039;, &#039;http:\/\/mariacka-lodz.com.pl\/?page_id=128&lang=pl&cache=1&slide=1&occur=1&album=f655c1b362e20c1a&#039; )\">Slideshow<\/a><\/div><div class=\"wppa-box-text wppa-black wppa-info wppa-viewlink wppa-album-cover-link\"><a title=\"View the album Msza \u015bw. na zako\u0144czenie roku\" style=\"cursor:pointer;\" class=\"wppa-album-cover-link\" onclick=\"wppaDoAjaxRender(event, 1, &#039;http:\/\/mariacka-lodz.com.pl\/index.php?rest_route=\/wp-photo-album-plus\/endPoint?action=wppa&wppa-action=render&wppa-size=640&occur=1&page_id=128&wppa-fromp=128&lang=pl&cache=1&album=90&cover=0&occur=1&data-alb=90&#039;, &#039;http:\/\/mariacka-lodz.com.pl\/?page_id=128&lang=pl&cache=1&album=f655c1b362e20c1a&cover=0&occur=1&data-alb=90&#039; )\">View&nbsp;30&nbsp;photos<\/a><\/div><\/div><div id=\"coverphoto_frame_90_1\" style=\"float:right; margin-left:5px;width:160px;\" class=\"coverphoto-frame\"><div title=\" \" style=\"display:inline-block;margin:0 4px;\" onclick=\"wppaStopProp(event)\"><a title=\"View the album Msza \u015bw. na zako\u0144czenie roku\" style=\"border:0;color:transparent;cursor:pointer;\" target=\"_self\" onclick=\"wppaDoAjaxRender(event, 1, &#039;http:\/\/mariacka-lodz.com.pl\/index.php?rest_route=\/wp-photo-album-plus\/endPoint?action=wppa&wppa-action=render&wppa-size=640&occur=1&page_id=128&wppa-fromp=128&lang=pl&cache=1&album=90&cover=0&occur=1&data-alb=90&#039;, &#039;http:\/\/mariacka-lodz.com.pl\/?page_id=128&lang=pl&cache=1&album=f655c1b362e20c1a&cover=0&occur=1&data-alb=90&#039; )\"><img decoding=\"async\" style=\"border-width:0px;width:150px;height:113px;opacity:0.85;display:inline;\" src=\"http:\/\/mariacka-lodz.com.pl\/wp-content\/uploads\/wppa\/thumbs\/2878.jpg?ver=9\" alt=\"DSCF2765.JPG\" class=\"image wppa-img\" onmouseover=\"jQuery(this).fadeTo(400, 1.0)\" onmouseout=\"jQuery(this).fadeTo(400,0.85)\"><\/a><\/div><\/div><div title=\" \" onclick=\"wppaStopProp(event);\"><\/div><div style=\"clear:both;\"><\/div><\/div><div id=\"album-89-1\" title=\"View the album Msza \u015bw. z udzia\u0142em dzieci 28.12.2014\" style=\"width:100%;float:right;cursor:pointer;\" class=\"wppa-album-cover-standard album wppa-box wppa-cover-box wppa-cover-box-1\" onclick=\"wppaDoAjaxRender(event, 1, &#039;http:\/\/mariacka-lodz.com.pl\/index.php?rest_route=\/wp-photo-album-plus\/endPoint?action=wppa&wppa-action=render&wppa-size=640&occur=1&page_id=128&wppa-fromp=128&lang=pl&cache=1&album=89&cover=0&occur=1&data-alb=89&#039;, &#039;http:\/\/mariacka-lodz.com.pl\/?page_id=128&lang=pl&cache=1&album=9005cbd98a38a196&cover=0&occur=1&data-alb=89&#039; )\"><div id=\"covertext_frame_89_1\" style=\"width:459px; float:left\" class=\"wppa-text-frame-1 wppa-text-frame wppa-cover-text-frame wppa-asym-text-frame-1\"><h2 style=\"clear:none\" class=\"wppa-title\"><a title=\"View the album Msza \u015bw. z udzia\u0142em dzieci 28.12.2014\" style=\"cursor:pointer\" class=\"wppa-title\" onclick=\"wppaDoAjaxRender(event, 1, &#039;http:\/\/mariacka-lodz.com.pl\/index.php?rest_route=\/wp-photo-album-plus\/endPoint?action=wppa&wppa-action=render&wppa-size=640&occur=1&page_id=128&wppa-fromp=128&lang=pl&cache=1&album=89&cover=0&occur=1&data-alb=89&#039;, &#039;http:\/\/mariacka-lodz.com.pl\/?page_id=128&lang=pl&cache=1&album=9005cbd98a38a196&cover=0&occur=1&data-alb=89&#039; )\">Msza \u015bw. z udzia\u0142em dzieci 28.12.2014<\/a><\/h2><div style=\"min-height:54px;\" class=\"wppa-box-text wppa-black wppa-box-text-desc\"><\/div><div class=\"wppa-box-text wppa-black wppa-info wppa-slideshow-browse-link wppa-album-cover-link\"><a title=\"Slideshow\" style=\"cursor:pointer\" class=\"wppa-album-cover-link\" onclick=\"wppaDoAjaxRender(event, 1, &#039;http:\/\/mariacka-lodz.com.pl\/index.php?rest_route=\/wp-photo-album-plus\/endPoint?action=wppa&wppa-action=render&wppa-size=640&occur=1&page_id=128&wppa-fromp=128&lang=pl&cache=1&slide=1&occur=1&album=89&#039;, &#039;http:\/\/mariacka-lodz.com.pl\/?page_id=128&lang=pl&cache=1&slide=1&occur=1&album=9005cbd98a38a196&#039; )\">Slideshow<\/a><\/div><div class=\"wppa-box-text wppa-black wppa-info wppa-viewlink wppa-album-cover-link\"><a title=\"View the album Msza \u015bw. z udzia\u0142em dzieci 28.12.2014\" style=\"cursor:pointer;\" class=\"wppa-album-cover-link\" onclick=\"wppaDoAjaxRender(event, 1, &#039;http:\/\/mariacka-lodz.com.pl\/index.php?rest_route=\/wp-photo-album-plus\/endPoint?action=wppa&wppa-action=render&wppa-size=640&occur=1&page_id=128&wppa-fromp=128&lang=pl&cache=1&album=89&cover=0&occur=1&data-alb=89&#039;, &#039;http:\/\/mariacka-lodz.com.pl\/?page_id=128&lang=pl&cache=1&album=9005cbd98a38a196&cover=0&occur=1&data-alb=89&#039; )\">View&nbsp;28&nbsp;photos<\/a><\/div><\/div><div id=\"coverphoto_frame_89_1\" style=\"float:right; margin-left:5px;width:160px;\" class=\"coverphoto-frame\"><div title=\" \" style=\"display:inline-block;margin:0 4px;\" onclick=\"wppaStopProp(event)\"><a title=\"View the album Msza \u015bw. z udzia\u0142em dzieci 28.12.2014\" style=\"border:0;color:transparent;cursor:pointer;\" target=\"_self\" onclick=\"wppaDoAjaxRender(event, 1, &#039;http:\/\/mariacka-lodz.com.pl\/index.php?rest_route=\/wp-photo-album-plus\/endPoint?action=wppa&wppa-action=render&wppa-size=640&occur=1&page_id=128&wppa-fromp=128&lang=pl&cache=1&album=89&cover=0&occur=1&data-alb=89&#039;, &#039;http:\/\/mariacka-lodz.com.pl\/?page_id=128&lang=pl&cache=1&album=9005cbd98a38a196&cover=0&occur=1&data-alb=89&#039; )\"><img decoding=\"async\" style=\"border-width:0px;width:150px;height:113px;opacity:0.85;display:inline;\" src=\"http:\/\/mariacka-lodz.com.pl\/wp-content\/uploads\/wppa\/thumbs\/2850.jpg?ver=9\" alt=\"DSCF2657.JPG\" class=\"image wppa-img\" onmouseover=\"jQuery(this).fadeTo(400, 1.0)\" onmouseout=\"jQuery(this).fadeTo(400,0.85)\"><\/a><\/div><\/div><div title=\" \" onclick=\"wppaStopProp(event);\"><\/div><div style=\"clear:both;\"><\/div><\/div><div id=\"album-88-1\" title=\"View the album Obrz\u0119d po\u015bwi\u0119cenia wina\" style=\"width:100%;float:right;cursor:pointer;\" class=\"wppa-album-cover-standard album wppa-box wppa-cover-box wppa-cover-box-1\" onclick=\"wppaDoAjaxRender(event, 1, &#039;http:\/\/mariacka-lodz.com.pl\/index.php?rest_route=\/wp-photo-album-plus\/endPoint?action=wppa&wppa-action=render&wppa-size=640&occur=1&page_id=128&wppa-fromp=128&lang=pl&cache=1&album=88&cover=0&occur=1&data-alb=88&#039;, &#039;http:\/\/mariacka-lodz.com.pl\/?page_id=128&lang=pl&cache=1&album=dadfc3329f81fdf6&cover=0&occur=1&data-alb=88&#039; )\"><div id=\"covertext_frame_88_1\" style=\"width:459px; float:left\" class=\"wppa-text-frame-1 wppa-text-frame wppa-cover-text-frame wppa-asym-text-frame-1\"><h2 style=\"clear:none\" class=\"wppa-title\"><a title=\"View the album Obrz\u0119d po\u015bwi\u0119cenia wina\" style=\"cursor:pointer\" class=\"wppa-title\" onclick=\"wppaDoAjaxRender(event, 1, &#039;http:\/\/mariacka-lodz.com.pl\/index.php?rest_route=\/wp-photo-album-plus\/endPoint?action=wppa&wppa-action=render&wppa-size=640&occur=1&page_id=128&wppa-fromp=128&lang=pl&cache=1&album=88&cover=0&occur=1&data-alb=88&#039;, &#039;http:\/\/mariacka-lodz.com.pl\/?page_id=128&lang=pl&cache=1&album=dadfc3329f81fdf6&cover=0&occur=1&data-alb=88&#039; )\">Obrz\u0119d po\u015bwi\u0119cenia wina<\/a><\/h2><div style=\"min-height:54px;\" class=\"wppa-box-text wppa-black wppa-box-text-desc\">W dniu 27.12 na Mszy \u015bw. o godz. 17.30 i 18.00 odby\u0142 si\u0119 obrz\u0119d po\u015bwi\u0119cenia wina.<\/div><div class=\"wppa-box-text wppa-black wppa-info wppa-slideshow-browse-link wppa-album-cover-link\"><a title=\"Slideshow\" style=\"cursor:pointer\" class=\"wppa-album-cover-link\" onclick=\"wppaDoAjaxRender(event, 1, &#039;http:\/\/mariacka-lodz.com.pl\/index.php?rest_route=\/wp-photo-album-plus\/endPoint?action=wppa&wppa-action=render&wppa-size=640&occur=1&page_id=128&wppa-fromp=128&lang=pl&cache=1&slide=1&occur=1&album=88&#039;, &#039;http:\/\/mariacka-lodz.com.pl\/?page_id=128&lang=pl&cache=1&slide=1&occur=1&album=dadfc3329f81fdf6&#039; )\">Slideshow<\/a><\/div><div class=\"wppa-box-text wppa-black wppa-info wppa-viewlink wppa-album-cover-link\"><a title=\"View the album Obrz\u0119d po\u015bwi\u0119cenia wina\" style=\"cursor:pointer;\" class=\"wppa-album-cover-link\" onclick=\"wppaDoAjaxRender(event, 1, &#039;http:\/\/mariacka-lodz.com.pl\/index.php?rest_route=\/wp-photo-album-plus\/endPoint?action=wppa&wppa-action=render&wppa-size=640&occur=1&page_id=128&wppa-fromp=128&lang=pl&cache=1&album=88&cover=0&occur=1&data-alb=88&#039;, &#039;http:\/\/mariacka-lodz.com.pl\/?page_id=128&lang=pl&cache=1&album=dadfc3329f81fdf6&cover=0&occur=1&data-alb=88&#039; )\">View&nbsp;31&nbsp;photos<\/a><\/div><\/div><div id=\"coverphoto_frame_88_1\" style=\"float:right; margin-left:5px;width:160px;\" class=\"coverphoto-frame\"><div title=\" \" style=\"display:inline-block;margin:0 4px;\" onclick=\"wppaStopProp(event)\"><a title=\"View the album Obrz\u0119d po\u015bwi\u0119cenia wina\" style=\"border:0;color:transparent;cursor:pointer;\" target=\"_self\" onclick=\"wppaDoAjaxRender(event, 1, &#039;http:\/\/mariacka-lodz.com.pl\/index.php?rest_route=\/wp-photo-album-plus\/endPoint?action=wppa&wppa-action=render&wppa-size=640&occur=1&page_id=128&wppa-fromp=128&lang=pl&cache=1&album=88&cover=0&occur=1&data-alb=88&#039;, &#039;http:\/\/mariacka-lodz.com.pl\/?page_id=128&lang=pl&cache=1&album=dadfc3329f81fdf6&cover=0&occur=1&data-alb=88&#039; )\"><img decoding=\"async\" style=\"border-width:0px;width:150px;height:113px;opacity:0.85;display:inline;\" src=\"http:\/\/mariacka-lodz.com.pl\/wp-content\/uploads\/wppa\/thumbs\/2819.jpg?ver=9\" alt=\"DSCF2600.JPG\" class=\"image wppa-img\" onmouseover=\"jQuery(this).fadeTo(400, 1.0)\" onmouseout=\"jQuery(this).fadeTo(400,0.85)\"><\/a><\/div><\/div><div title=\" \" onclick=\"wppaStopProp(event);\"><\/div><div style=\"clear:both;\"><\/div><\/div><div id=\"album-87-1\" title=\"View the album Szopka 2014\" style=\"width:100%;float:right;cursor:pointer;\" class=\"wppa-album-cover-standard album wppa-box wppa-cover-box wppa-cover-box-1\" onclick=\"wppaDoAjaxRender(event, 1, &#039;http:\/\/mariacka-lodz.com.pl\/index.php?rest_route=\/wp-photo-album-plus\/endPoint?action=wppa&wppa-action=render&wppa-size=640&occur=1&page_id=128&wppa-fromp=128&lang=pl&cache=1&album=87&cover=0&occur=1&data-alb=87&#039;, &#039;http:\/\/mariacka-lodz.com.pl\/?page_id=128&lang=pl&cache=1&album=cef4b83ad1a1ecf1&cover=0&occur=1&data-alb=87&#039; )\"><div id=\"covertext_frame_87_1\" style=\"width:459px; float:left\" class=\"wppa-text-frame-1 wppa-text-frame wppa-cover-text-frame wppa-asym-text-frame-1\"><h2 style=\"clear:none\" class=\"wppa-title\"><a title=\"View the album Szopka 2014\" style=\"cursor:pointer\" class=\"wppa-title\" onclick=\"wppaDoAjaxRender(event, 1, &#039;http:\/\/mariacka-lodz.com.pl\/index.php?rest_route=\/wp-photo-album-plus\/endPoint?action=wppa&wppa-action=render&wppa-size=640&occur=1&page_id=128&wppa-fromp=128&lang=pl&cache=1&album=87&cover=0&occur=1&data-alb=87&#039;, &#039;http:\/\/mariacka-lodz.com.pl\/?page_id=128&lang=pl&cache=1&album=cef4b83ad1a1ecf1&cover=0&occur=1&data-alb=87&#039; )\">Szopka 2014<\/a><\/h2><div style=\"min-height:54px;\" class=\"wppa-box-text wppa-black wppa-box-text-desc\"><\/div><div class=\"wppa-box-text wppa-black wppa-info wppa-slideshow-browse-link wppa-album-cover-link\"><a title=\"Slideshow\" style=\"cursor:pointer\" class=\"wppa-album-cover-link\" onclick=\"wppaDoAjaxRender(event, 1, &#039;http:\/\/mariacka-lodz.com.pl\/index.php?rest_route=\/wp-photo-album-plus\/endPoint?action=wppa&wppa-action=render&wppa-size=640&occur=1&page_id=128&wppa-fromp=128&lang=pl&cache=1&slide=1&occur=1&album=87&#039;, &#039;http:\/\/mariacka-lodz.com.pl\/?page_id=128&lang=pl&cache=1&slide=1&occur=1&album=cef4b83ad1a1ecf1&#039; )\">Slideshow<\/a><\/div><div class=\"wppa-box-text wppa-black wppa-info wppa-viewlink wppa-album-cover-link\"><a title=\"View the album Szopka 2014\" style=\"cursor:pointer;\" class=\"wppa-album-cover-link\" onclick=\"wppaDoAjaxRender(event, 1, &#039;http:\/\/mariacka-lodz.com.pl\/index.php?rest_route=\/wp-photo-album-plus\/endPoint?action=wppa&wppa-action=render&wppa-size=640&occur=1&page_id=128&wppa-fromp=128&lang=pl&cache=1&album=87&cover=0&occur=1&data-alb=87&#039;, &#039;http:\/\/mariacka-lodz.com.pl\/?page_id=128&lang=pl&cache=1&album=cef4b83ad1a1ecf1&cover=0&occur=1&data-alb=87&#039; )\">View&nbsp;88&nbsp;photos<\/a><\/div><\/div><div id=\"coverphoto_frame_87_1\" style=\"float:right; margin-left:5px;width:160px;\" class=\"coverphoto-frame\"><div title=\" \" style=\"display:inline-block;margin:0 4px;\" onclick=\"wppaStopProp(event)\"><a title=\"View the album Szopka 2014\" style=\"border:0;color:transparent;cursor:pointer;\" target=\"_self\" onclick=\"wppaDoAjaxRender(event, 1, &#039;http:\/\/mariacka-lodz.com.pl\/index.php?rest_route=\/wp-photo-album-plus\/endPoint?action=wppa&wppa-action=render&wppa-size=640&occur=1&page_id=128&wppa-fromp=128&lang=pl&cache=1&album=87&cover=0&occur=1&data-alb=87&#039;, &#039;http:\/\/mariacka-lodz.com.pl\/?page_id=128&lang=pl&cache=1&album=cef4b83ad1a1ecf1&cover=0&occur=1&data-alb=87&#039; )\"><img decoding=\"async\" style=\"border-width:0px;width:150px;height:113px;opacity:0.85;display:inline;\" src=\"http:\/\/mariacka-lodz.com.pl\/wp-content\/uploads\/wppa\/thumbs\/2731.jpg?ver=9\" alt=\"DSCF2390.JPG\" class=\"image wppa-img\" onmouseover=\"jQuery(this).fadeTo(400, 1.0)\" onmouseout=\"jQuery(this).fadeTo(400,0.85)\"><\/a><\/div><\/div><div title=\" \" onclick=\"wppaStopProp(event);\"><\/div><div style=\"clear:both;\"><\/div><\/div><div id=\"album-86-1\" title=\"View the album Pasterka 2014\" style=\"width:100%;float:right;cursor:pointer;\" class=\"wppa-album-cover-standard album wppa-box wppa-cover-box wppa-cover-box-1\" onclick=\"wppaDoAjaxRender(event, 1, &#039;http:\/\/mariacka-lodz.com.pl\/index.php?rest_route=\/wp-photo-album-plus\/endPoint?action=wppa&wppa-action=render&wppa-size=640&occur=1&page_id=128&wppa-fromp=128&lang=pl&cache=1&album=86&cover=0&occur=1&data-alb=86&#039;, &#039;http:\/\/mariacka-lodz.com.pl\/?page_id=128&lang=pl&cache=1&album=853f464fbe409cdd&cover=0&occur=1&data-alb=86&#039; )\"><div id=\"covertext_frame_86_1\" style=\"width:459px; float:left\" class=\"wppa-text-frame-1 wppa-text-frame wppa-cover-text-frame wppa-asym-text-frame-1\"><h2 style=\"clear:none\" class=\"wppa-title\"><a title=\"View the album Pasterka 2014\" style=\"cursor:pointer\" class=\"wppa-title\" onclick=\"wppaDoAjaxRender(event, 1, &#039;http:\/\/mariacka-lodz.com.pl\/index.php?rest_route=\/wp-photo-album-plus\/endPoint?action=wppa&wppa-action=render&wppa-size=640&occur=1&page_id=128&wppa-fromp=128&lang=pl&cache=1&album=86&cover=0&occur=1&data-alb=86&#039;, &#039;http:\/\/mariacka-lodz.com.pl\/?page_id=128&lang=pl&cache=1&album=853f464fbe409cdd&cover=0&occur=1&data-alb=86&#039; )\">Pasterka 2014<\/a><\/h2><div style=\"min-height:54px;\" class=\"wppa-box-text wppa-black wppa-box-text-desc\"><\/div><div class=\"wppa-box-text wppa-black wppa-info wppa-slideshow-browse-link wppa-album-cover-link\"><a title=\"Slideshow\" style=\"cursor:pointer\" class=\"wppa-album-cover-link\" onclick=\"wppaDoAjaxRender(event, 1, &#039;http:\/\/mariacka-lodz.com.pl\/index.php?rest_route=\/wp-photo-album-plus\/endPoint?action=wppa&wppa-action=render&wppa-size=640&occur=1&page_id=128&wppa-fromp=128&lang=pl&cache=1&slide=1&occur=1&album=86&#039;, &#039;http:\/\/mariacka-lodz.com.pl\/?page_id=128&lang=pl&cache=1&slide=1&occur=1&album=853f464fbe409cdd&#039; )\">Slideshow<\/a><\/div><div class=\"wppa-box-text wppa-black wppa-info wppa-viewlink wppa-album-cover-link\"><a title=\"View the album Pasterka 2014\" style=\"cursor:pointer;\" class=\"wppa-album-cover-link\" onclick=\"wppaDoAjaxRender(event, 1, &#039;http:\/\/mariacka-lodz.com.pl\/index.php?rest_route=\/wp-photo-album-plus\/endPoint?action=wppa&wppa-action=render&wppa-size=640&occur=1&page_id=128&wppa-fromp=128&lang=pl&cache=1&album=86&cover=0&occur=1&data-alb=86&#039;, &#039;http:\/\/mariacka-lodz.com.pl\/?page_id=128&lang=pl&cache=1&album=853f464fbe409cdd&cover=0&occur=1&data-alb=86&#039; )\">View&nbsp;68&nbsp;photos<\/a><\/div><\/div><div id=\"coverphoto_frame_86_1\" style=\"float:right; margin-left:5px;width:160px;\" class=\"coverphoto-frame\"><div title=\" \" style=\"display:inline-block;margin:0 4px;\" onclick=\"wppaStopProp(event)\"><a title=\"View the album Pasterka 2014\" style=\"border:0;color:transparent;cursor:pointer;\" target=\"_self\" onclick=\"wppaDoAjaxRender(event, 1, &#039;http:\/\/mariacka-lodz.com.pl\/index.php?rest_route=\/wp-photo-album-plus\/endPoint?action=wppa&wppa-action=render&wppa-size=640&occur=1&page_id=128&wppa-fromp=128&lang=pl&cache=1&album=86&cover=0&occur=1&data-alb=86&#039;, &#039;http:\/\/mariacka-lodz.com.pl\/?page_id=128&lang=pl&cache=1&album=853f464fbe409cdd&cover=0&occur=1&data-alb=86&#039; )\"><img decoding=\"async\" style=\"border-width:0px;width:150px;height:113px;opacity:0.85;display:inline;\" src=\"http:\/\/mariacka-lodz.com.pl\/wp-content\/uploads\/wppa\/thumbs\/2663.jpg?ver=9\" alt=\"DSCF2420a (5).jpg\" class=\"image wppa-img\" onmouseover=\"jQuery(this).fadeTo(400, 1.0)\" onmouseout=\"jQuery(this).fadeTo(400,0.85)\"><\/a><\/div><\/div><div title=\" \" onclick=\"wppaStopProp(event);\"><\/div><div style=\"clear:both;\"><\/div><\/div><div id=\"album-85-1\" title=\"View the album Choinka dzieci\" style=\"width:100%;float:right;cursor:pointer;\" class=\"wppa-album-cover-standard album wppa-box wppa-cover-box wppa-cover-box-1\" onclick=\"wppaDoAjaxRender(event, 1, &#039;http:\/\/mariacka-lodz.com.pl\/index.php?rest_route=\/wp-photo-album-plus\/endPoint?action=wppa&wppa-action=render&wppa-size=640&occur=1&page_id=128&wppa-fromp=128&lang=pl&cache=1&album=85&cover=0&occur=1&data-alb=85&#039;, &#039;http:\/\/mariacka-lodz.com.pl\/?page_id=128&lang=pl&cache=1&album=b3dac3c0702cff11&cover=0&occur=1&data-alb=85&#039; )\"><div id=\"covertext_frame_85_1\" style=\"width:459px; float:left\" class=\"wppa-text-frame-1 wppa-text-frame wppa-cover-text-frame wppa-asym-text-frame-1\"><h2 style=\"clear:none\" class=\"wppa-title\"><a title=\"View the album Choinka dzieci\" style=\"cursor:pointer\" class=\"wppa-title\" onclick=\"wppaDoAjaxRender(event, 1, &#039;http:\/\/mariacka-lodz.com.pl\/index.php?rest_route=\/wp-photo-album-plus\/endPoint?action=wppa&wppa-action=render&wppa-size=640&occur=1&page_id=128&wppa-fromp=128&lang=pl&cache=1&album=85&cover=0&occur=1&data-alb=85&#039;, &#039;http:\/\/mariacka-lodz.com.pl\/?page_id=128&lang=pl&cache=1&album=b3dac3c0702cff11&cover=0&occur=1&data-alb=85&#039; )\">Choinka dzieci<\/a><\/h2><div style=\"min-height:54px;\" class=\"wppa-box-text wppa-black wppa-box-text-desc\"><\/div><div class=\"wppa-box-text wppa-black wppa-info wppa-slideshow-browse-link wppa-album-cover-link\"><a title=\"Slideshow\" style=\"cursor:pointer\" class=\"wppa-album-cover-link\" onclick=\"wppaDoAjaxRender(event, 1, &#039;http:\/\/mariacka-lodz.com.pl\/index.php?rest_route=\/wp-photo-album-plus\/endPoint?action=wppa&wppa-action=render&wppa-size=640&occur=1&page_id=128&wppa-fromp=128&lang=pl&cache=1&slide=1&occur=1&album=85&#039;, &#039;http:\/\/mariacka-lodz.com.pl\/?page_id=128&lang=pl&cache=1&slide=1&occur=1&album=b3dac3c0702cff11&#039; )\">Slideshow<\/a><\/div><div class=\"wppa-box-text wppa-black wppa-info wppa-viewlink wppa-album-cover-link\"><a title=\"View the album Choinka dzieci\" style=\"cursor:pointer;\" class=\"wppa-album-cover-link\" onclick=\"wppaDoAjaxRender(event, 1, &#039;http:\/\/mariacka-lodz.com.pl\/index.php?rest_route=\/wp-photo-album-plus\/endPoint?action=wppa&wppa-action=render&wppa-size=640&occur=1&page_id=128&wppa-fromp=128&lang=pl&cache=1&album=85&cover=0&occur=1&data-alb=85&#039;, &#039;http:\/\/mariacka-lodz.com.pl\/?page_id=128&lang=pl&cache=1&album=b3dac3c0702cff11&cover=0&occur=1&data-alb=85&#039; )\">View&nbsp;25&nbsp;photos<\/a><\/div><\/div><div id=\"coverphoto_frame_85_1\" style=\"float:right; margin-left:5px;width:160px;\" class=\"coverphoto-frame\"><div title=\" \" style=\"display:inline-block;margin:0 4px;\" onclick=\"wppaStopProp(event)\"><a title=\"View the album Choinka dzieci\" style=\"border:0;color:transparent;cursor:pointer;\" target=\"_self\" onclick=\"wppaDoAjaxRender(event, 1, &#039;http:\/\/mariacka-lodz.com.pl\/index.php?rest_route=\/wp-photo-album-plus\/endPoint?action=wppa&wppa-action=render&wppa-size=640&occur=1&page_id=128&wppa-fromp=128&lang=pl&cache=1&album=85&cover=0&occur=1&data-alb=85&#039;, &#039;http:\/\/mariacka-lodz.com.pl\/?page_id=128&lang=pl&cache=1&album=b3dac3c0702cff11&cover=0&occur=1&data-alb=85&#039; )\"><img decoding=\"async\" style=\"border-width:0px;width:150px;height:113px;opacity:0.85;display:inline;\" src=\"http:\/\/mariacka-lodz.com.pl\/wp-content\/uploads\/wppa\/thumbs\/2638.jpg?ver=9\" alt=\"DSCF2367.JPG\" class=\"image wppa-img\" onmouseover=\"jQuery(this).fadeTo(400, 1.0)\" onmouseout=\"jQuery(this).fadeTo(400,0.85)\"><\/a><\/div><\/div><div title=\" \" onclick=\"wppaStopProp(event);\"><\/div><div style=\"clear:both;\"><\/div><\/div><div id=\"album-84-1\" title=\"View the album Spotkanie op\u0142atkowe uczestnik\u00f3w Kursu Alfa\" style=\"width:100%;float:right;cursor:pointer;\" class=\"wppa-album-cover-standard album wppa-box wppa-cover-box wppa-cover-box-1\" onclick=\"wppaDoAjaxRender(event, 1, &#039;http:\/\/mariacka-lodz.com.pl\/index.php?rest_route=\/wp-photo-album-plus\/endPoint?action=wppa&wppa-action=render&wppa-size=640&occur=1&page_id=128&wppa-fromp=128&lang=pl&cache=1&album=84&cover=0&occur=1&data-alb=84&#039;, &#039;http:\/\/mariacka-lodz.com.pl\/?page_id=128&lang=pl&cache=1&album=45953ffc1fb807f2&cover=0&occur=1&data-alb=84&#039; )\"><div id=\"covertext_frame_84_1\" style=\"width:459px; float:left\" class=\"wppa-text-frame-1 wppa-text-frame wppa-cover-text-frame wppa-asym-text-frame-1\"><h2 style=\"clear:none\" class=\"wppa-title\"><a title=\"View the album Spotkanie op\u0142atkowe uczestnik\u00f3w Kursu Alfa\" style=\"cursor:pointer\" class=\"wppa-title\" onclick=\"wppaDoAjaxRender(event, 1, &#039;http:\/\/mariacka-lodz.com.pl\/index.php?rest_route=\/wp-photo-album-plus\/endPoint?action=wppa&wppa-action=render&wppa-size=640&occur=1&page_id=128&wppa-fromp=128&lang=pl&cache=1&album=84&cover=0&occur=1&data-alb=84&#039;, &#039;http:\/\/mariacka-lodz.com.pl\/?page_id=128&lang=pl&cache=1&album=45953ffc1fb807f2&cover=0&occur=1&data-alb=84&#039; )\">Spotkanie op\u0142atkowe uczestnik\u00f3w Kursu Alfa<\/a><\/h2><div style=\"min-height:54px;\" class=\"wppa-box-text wppa-black wppa-box-text-desc\"><\/div><div class=\"wppa-box-text wppa-black wppa-info wppa-slideshow-browse-link wppa-album-cover-link\"><a title=\"Slideshow\" style=\"cursor:pointer\" class=\"wppa-album-cover-link\" onclick=\"wppaDoAjaxRender(event, 1, &#039;http:\/\/mariacka-lodz.com.pl\/index.php?rest_route=\/wp-photo-album-plus\/endPoint?action=wppa&wppa-action=render&wppa-size=640&occur=1&page_id=128&wppa-fromp=128&lang=pl&cache=1&slide=1&occur=1&album=84&#039;, &#039;http:\/\/mariacka-lodz.com.pl\/?page_id=128&lang=pl&cache=1&slide=1&occur=1&album=45953ffc1fb807f2&#039; )\">Slideshow<\/a><\/div><div class=\"wppa-box-text wppa-black wppa-info wppa-viewlink wppa-album-cover-link\"><a title=\"View the album Spotkanie op\u0142atkowe uczestnik\u00f3w Kursu Alfa\" style=\"cursor:pointer;\" class=\"wppa-album-cover-link\" onclick=\"wppaDoAjaxRender(event, 1, &#039;http:\/\/mariacka-lodz.com.pl\/index.php?rest_route=\/wp-photo-album-plus\/endPoint?action=wppa&wppa-action=render&wppa-size=640&occur=1&page_id=128&wppa-fromp=128&lang=pl&cache=1&album=84&cover=0&occur=1&data-alb=84&#039;, &#039;http:\/\/mariacka-lodz.com.pl\/?page_id=128&lang=pl&cache=1&album=45953ffc1fb807f2&cover=0&occur=1&data-alb=84&#039; )\">View&nbsp;18&nbsp;photos<\/a><\/div><\/div><div id=\"coverphoto_frame_84_1\" style=\"float:right; margin-left:5px;width:160px;\" class=\"coverphoto-frame\"><div title=\" \" style=\"display:inline-block;margin:0 4px;\" onclick=\"wppaStopProp(event)\"><a title=\"View the album Spotkanie op\u0142atkowe uczestnik\u00f3w Kursu Alfa\" style=\"border:0;color:transparent;cursor:pointer;\" target=\"_self\" onclick=\"wppaDoAjaxRender(event, 1, &#039;http:\/\/mariacka-lodz.com.pl\/index.php?rest_route=\/wp-photo-album-plus\/endPoint?action=wppa&wppa-action=render&wppa-size=640&occur=1&page_id=128&wppa-fromp=128&lang=pl&cache=1&album=84&cover=0&occur=1&data-alb=84&#039;, &#039;http:\/\/mariacka-lodz.com.pl\/?page_id=128&lang=pl&cache=1&album=45953ffc1fb807f2&cover=0&occur=1&data-alb=84&#039; )\"><img decoding=\"async\" style=\"border-width:0px;width:150px;height:113px;opacity:0.85;display:inline;\" src=\"http:\/\/mariacka-lodz.com.pl\/wp-content\/uploads\/wppa\/thumbs\/2615.jpg?ver=9\" alt=\"IMG_6081.JPG\" class=\"image wppa-img\" onmouseover=\"jQuery(this).fadeTo(400, 1.0)\" onmouseout=\"jQuery(this).fadeTo(400,0.85)\"><\/a><\/div><\/div><div title=\" \" onclick=\"wppaStopProp(event);\"><\/div><div style=\"clear:both;\"><\/div><\/div><div id=\"album-83-1\" title=\"View the album Dekanalny dzie\u0144 skupienia m\u0142odzie\u017cy - \u0141\u00f3d\u017a Ba\u0142uty\" style=\"width:100%;float:right;cursor:pointer;\" class=\"wppa-album-cover-standard album wppa-box wppa-cover-box wppa-cover-box-1\" onclick=\"wppaDoAjaxRender(event, 1, &#039;http:\/\/mariacka-lodz.com.pl\/index.php?rest_route=\/wp-photo-album-plus\/endPoint?action=wppa&wppa-action=render&wppa-size=640&occur=1&page_id=128&wppa-fromp=128&lang=pl&cache=1&album=83&cover=0&occur=1&data-alb=83&#039;, &#039;http:\/\/mariacka-lodz.com.pl\/?page_id=128&lang=pl&cache=1&album=673c51a7f6d8df75&cover=0&occur=1&data-alb=83&#039; )\"><div id=\"covertext_frame_83_1\" style=\"width:459px; float:left\" class=\"wppa-text-frame-1 wppa-text-frame wppa-cover-text-frame wppa-asym-text-frame-1\"><h2 style=\"clear:none\" class=\"wppa-title\"><a title=\"View the album Dekanalny dzie\u0144 skupienia m\u0142odzie\u017cy - \u0141\u00f3d\u017a Ba\u0142uty\" style=\"cursor:pointer\" class=\"wppa-title\" onclick=\"wppaDoAjaxRender(event, 1, &#039;http:\/\/mariacka-lodz.com.pl\/index.php?rest_route=\/wp-photo-album-plus\/endPoint?action=wppa&wppa-action=render&wppa-size=640&occur=1&page_id=128&wppa-fromp=128&lang=pl&cache=1&album=83&cover=0&occur=1&data-alb=83&#039;, &#039;http:\/\/mariacka-lodz.com.pl\/?page_id=128&lang=pl&cache=1&album=673c51a7f6d8df75&cover=0&occur=1&data-alb=83&#039; )\">Dekanalny dzie\u0144 skupienia m\u0142odzie\u017cy - \u0141\u00f3d\u017a Ba\u0142uty<\/a><\/h2><div style=\"min-height:54px;\" class=\"wppa-box-text wppa-black wppa-box-text-desc\"><\/div><div class=\"wppa-box-text wppa-black wppa-info wppa-slideshow-browse-link wppa-album-cover-link\"><a title=\"Slideshow\" style=\"cursor:pointer\" class=\"wppa-album-cover-link\" onclick=\"wppaDoAjaxRender(event, 1, &#039;http:\/\/mariacka-lodz.com.pl\/index.php?rest_route=\/wp-photo-album-plus\/endPoint?action=wppa&wppa-action=render&wppa-size=640&occur=1&page_id=128&wppa-fromp=128&lang=pl&cache=1&slide=1&occur=1&album=83&#039;, &#039;http:\/\/mariacka-lodz.com.pl\/?page_id=128&lang=pl&cache=1&slide=1&occur=1&album=673c51a7f6d8df75&#039; )\">Slideshow<\/a><\/div><div class=\"wppa-box-text wppa-black wppa-info wppa-viewlink wppa-album-cover-link\"><a title=\"View the album Dekanalny dzie\u0144 skupienia m\u0142odzie\u017cy - \u0141\u00f3d\u017a Ba\u0142uty\" style=\"cursor:pointer;\" class=\"wppa-album-cover-link\" onclick=\"wppaDoAjaxRender(event, 1, &#039;http:\/\/mariacka-lodz.com.pl\/index.php?rest_route=\/wp-photo-album-plus\/endPoint?action=wppa&wppa-action=render&wppa-size=640&occur=1&page_id=128&wppa-fromp=128&lang=pl&cache=1&album=83&cover=0&occur=1&data-alb=83&#039;, &#039;http:\/\/mariacka-lodz.com.pl\/?page_id=128&lang=pl&cache=1&album=673c51a7f6d8df75&cover=0&occur=1&data-alb=83&#039; )\">View&nbsp;35&nbsp;photos<\/a><\/div><\/div><div id=\"coverphoto_frame_83_1\" style=\"float:right; margin-left:5px;width:160px;\" class=\"coverphoto-frame\"><div title=\" \" style=\"display:inline-block;margin:0 4px;\" onclick=\"wppaStopProp(event)\"><a title=\"View the album Dekanalny dzie\u0144 skupienia m\u0142odzie\u017cy - \u0141\u00f3d\u017a Ba\u0142uty\" style=\"border:0;color:transparent;cursor:pointer;\" target=\"_self\" onclick=\"wppaDoAjaxRender(event, 1, &#039;http:\/\/mariacka-lodz.com.pl\/index.php?rest_route=\/wp-photo-album-plus\/endPoint?action=wppa&wppa-action=render&wppa-size=640&occur=1&page_id=128&wppa-fromp=128&lang=pl&cache=1&album=83&cover=0&occur=1&data-alb=83&#039;, &#039;http:\/\/mariacka-lodz.com.pl\/?page_id=128&lang=pl&cache=1&album=673c51a7f6d8df75&cover=0&occur=1&data-alb=83&#039; )\"><img decoding=\"async\" style=\"border-width:0px;width:150px;height:113px;opacity:0.85;display:inline;\" src=\"http:\/\/mariacka-lodz.com.pl\/wp-content\/uploads\/wppa\/thumbs\/2535.jpg?ver=9\" alt=\"IMG_6017.JPG\" class=\"image wppa-img\" onmouseover=\"jQuery(this).fadeTo(400, 1.0)\" onmouseout=\"jQuery(this).fadeTo(400,0.85)\"><\/a><\/div><\/div><div title=\" \" onclick=\"wppaStopProp(event);\"><\/div><div style=\"clear:both;\"><\/div><\/div><div id=\"album-82-1\" title=\"View the album Budowa szopki 2014\" style=\"width:100%;float:right;cursor:pointer;\" class=\"wppa-album-cover-standard album wppa-box wppa-cover-box wppa-cover-box-1\" onclick=\"wppaDoAjaxRender(event, 1, &#039;http:\/\/mariacka-lodz.com.pl\/index.php?rest_route=\/wp-photo-album-plus\/endPoint?action=wppa&wppa-action=render&wppa-size=640&occur=1&page_id=128&wppa-fromp=128&lang=pl&cache=1&album=82&cover=0&occur=1&data-alb=82&#039;, &#039;http:\/\/mariacka-lodz.com.pl\/?page_id=128&lang=pl&cache=1&album=a37abb488ef63ec5&cover=0&occur=1&data-alb=82&#039; )\"><div id=\"covertext_frame_82_1\" style=\"width:459px; float:left\" class=\"wppa-text-frame-1 wppa-text-frame wppa-cover-text-frame wppa-asym-text-frame-1\"><h2 style=\"clear:none\" class=\"wppa-title\"><a title=\"View the album Budowa szopki 2014\" style=\"cursor:pointer\" class=\"wppa-title\" onclick=\"wppaDoAjaxRender(event, 1, &#039;http:\/\/mariacka-lodz.com.pl\/index.php?rest_route=\/wp-photo-album-plus\/endPoint?action=wppa&wppa-action=render&wppa-size=640&occur=1&page_id=128&wppa-fromp=128&lang=pl&cache=1&album=82&cover=0&occur=1&data-alb=82&#039;, &#039;http:\/\/mariacka-lodz.com.pl\/?page_id=128&lang=pl&cache=1&album=a37abb488ef63ec5&cover=0&occur=1&data-alb=82&#039; )\">Budowa szopki 2014<\/a><\/h2><div style=\"min-height:54px;\" class=\"wppa-box-text wppa-black wppa-box-text-desc\"><\/div><div class=\"wppa-box-text wppa-black wppa-info wppa-slideshow-browse-link wppa-album-cover-link\"><a title=\"Slideshow\" style=\"cursor:pointer\" class=\"wppa-album-cover-link\" onclick=\"wppaDoAjaxRender(event, 1, &#039;http:\/\/mariacka-lodz.com.pl\/index.php?rest_route=\/wp-photo-album-plus\/endPoint?action=wppa&wppa-action=render&wppa-size=640&occur=1&page_id=128&wppa-fromp=128&lang=pl&cache=1&slide=1&occur=1&album=82&#039;, &#039;http:\/\/mariacka-lodz.com.pl\/?page_id=128&lang=pl&cache=1&slide=1&occur=1&album=a37abb488ef63ec5&#039; )\">Slideshow<\/a><\/div><div class=\"wppa-box-text wppa-black wppa-info wppa-viewlink wppa-album-cover-link\"><a title=\"View the album Budowa szopki 2014\" style=\"cursor:pointer;\" class=\"wppa-album-cover-link\" onclick=\"wppaDoAjaxRender(event, 1, &#039;http:\/\/mariacka-lodz.com.pl\/index.php?rest_route=\/wp-photo-album-plus\/endPoint?action=wppa&wppa-action=render&wppa-size=640&occur=1&page_id=128&wppa-fromp=128&lang=pl&cache=1&album=82&cover=0&occur=1&data-alb=82&#039;, &#039;http:\/\/mariacka-lodz.com.pl\/?page_id=128&lang=pl&cache=1&album=a37abb488ef63ec5&cover=0&occur=1&data-alb=82&#039; )\">View&nbsp;40&nbsp;photos<\/a><\/div><\/div><div id=\"coverphoto_frame_82_1\" style=\"float:right; margin-left:5px;width:160px;\" class=\"coverphoto-frame\"><div title=\" \" style=\"display:inline-block;margin:0 4px;\" onclick=\"wppaStopProp(event)\"><a title=\"View the album Budowa szopki 2014\" style=\"border:0;color:transparent;cursor:pointer;\" target=\"_self\" onclick=\"wppaDoAjaxRender(event, 1, &#039;http:\/\/mariacka-lodz.com.pl\/index.php?rest_route=\/wp-photo-album-plus\/endPoint?action=wppa&wppa-action=render&wppa-size=640&occur=1&page_id=128&wppa-fromp=128&lang=pl&cache=1&album=82&cover=0&occur=1&data-alb=82&#039;, &#039;http:\/\/mariacka-lodz.com.pl\/?page_id=128&lang=pl&cache=1&album=a37abb488ef63ec5&cover=0&occur=1&data-alb=82&#039; )\"><img decoding=\"async\" style=\"border-width:0px;width:150px;height:113px;opacity:0.85;display:inline;\" src=\"http:\/\/mariacka-lodz.com.pl\/wp-content\/uploads\/wppa\/thumbs\/2580.jpg?ver=9\" alt=\"DSCF2296.JPG\" class=\"image wppa-img\" onmouseover=\"jQuery(this).fadeTo(400, 1.0)\" onmouseout=\"jQuery(this).fadeTo(400,0.85)\"><\/a><\/div><\/div><div title=\" \" onclick=\"wppaStopProp(event);\"><\/div><div style=\"clear:both;\"><\/div><\/div><div id=\"album-81-1\" title=\"View the album Msza \u015bw. rekolekcyjna z udzia\u0142em dzieci 14.12.2014r.\" style=\"width:100%;float:right;cursor:pointer;\" class=\"wppa-album-cover-standard album wppa-box wppa-cover-box wppa-cover-box-1\" onclick=\"wppaDoAjaxRender(event, 1, &#039;http:\/\/mariacka-lodz.com.pl\/index.php?rest_route=\/wp-photo-album-plus\/endPoint?action=wppa&wppa-action=render&wppa-size=640&occur=1&page_id=128&wppa-fromp=128&lang=pl&cache=1&album=81&cover=0&occur=1&data-alb=81&#039;, &#039;http:\/\/mariacka-lodz.com.pl\/?page_id=128&lang=pl&cache=1&album=80980fcf138a326d&cover=0&occur=1&data-alb=81&#039; )\"><div id=\"covertext_frame_81_1\" style=\"width:459px; float:left\" class=\"wppa-text-frame-1 wppa-text-frame wppa-cover-text-frame wppa-asym-text-frame-1\"><h2 style=\"clear:none\" class=\"wppa-title\"><a title=\"View the album Msza \u015bw. rekolekcyjna z udzia\u0142em dzieci 14.12.2014r.\" style=\"cursor:pointer\" class=\"wppa-title\" onclick=\"wppaDoAjaxRender(event, 1, &#039;http:\/\/mariacka-lodz.com.pl\/index.php?rest_route=\/wp-photo-album-plus\/endPoint?action=wppa&wppa-action=render&wppa-size=640&occur=1&page_id=128&wppa-fromp=128&lang=pl&cache=1&album=81&cover=0&occur=1&data-alb=81&#039;, &#039;http:\/\/mariacka-lodz.com.pl\/?page_id=128&lang=pl&cache=1&album=80980fcf138a326d&cover=0&occur=1&data-alb=81&#039; )\">Msza \u015bw. rekolekcyjna z udzia\u0142em dzieci 14.12.2014r.<\/a><\/h2><div style=\"min-height:54px;\" class=\"wppa-box-text wppa-black wppa-box-text-desc\"><\/div><div class=\"wppa-box-text wppa-black wppa-info wppa-slideshow-browse-link wppa-album-cover-link\"><a title=\"Slideshow\" style=\"cursor:pointer\" class=\"wppa-album-cover-link\" onclick=\"wppaDoAjaxRender(event, 1, &#039;http:\/\/mariacka-lodz.com.pl\/index.php?rest_route=\/wp-photo-album-plus\/endPoint?action=wppa&wppa-action=render&wppa-size=640&occur=1&page_id=128&wppa-fromp=128&lang=pl&cache=1&slide=1&occur=1&album=81&#039;, &#039;http:\/\/mariacka-lodz.com.pl\/?page_id=128&lang=pl&cache=1&slide=1&occur=1&album=80980fcf138a326d&#039; )\">Slideshow<\/a><\/div><div class=\"wppa-box-text wppa-black wppa-info wppa-viewlink wppa-album-cover-link\"><a title=\"View the album Msza \u015bw. rekolekcyjna z udzia\u0142em dzieci 14.12.2014r.\" style=\"cursor:pointer;\" class=\"wppa-album-cover-link\" onclick=\"wppaDoAjaxRender(event, 1, &#039;http:\/\/mariacka-lodz.com.pl\/index.php?rest_route=\/wp-photo-album-plus\/endPoint?action=wppa&wppa-action=render&wppa-size=640&occur=1&page_id=128&wppa-fromp=128&lang=pl&cache=1&album=81&cover=0&occur=1&data-alb=81&#039;, &#039;http:\/\/mariacka-lodz.com.pl\/?page_id=128&lang=pl&cache=1&album=80980fcf138a326d&cover=0&occur=1&data-alb=81&#039; )\">View&nbsp;10&nbsp;photos<\/a><\/div><\/div><div id=\"coverphoto_frame_81_1\" style=\"float:right; margin-left:5px;width:123px;\" class=\"coverphoto-frame\"><div title=\" \" style=\"display:inline-block;margin:0 4px;\" onclick=\"wppaStopProp(event)\"><a title=\"View the album Msza \u015bw. rekolekcyjna z udzia\u0142em dzieci 14.12.2014r.\" style=\"border:0;color:transparent;cursor:pointer;\" target=\"_self\" onclick=\"wppaDoAjaxRender(event, 1, &#039;http:\/\/mariacka-lodz.com.pl\/index.php?rest_route=\/wp-photo-album-plus\/endPoint?action=wppa&wppa-action=render&wppa-size=640&occur=1&page_id=128&wppa-fromp=128&lang=pl&cache=1&album=81&cover=0&occur=1&data-alb=81&#039;, &#039;http:\/\/mariacka-lodz.com.pl\/?page_id=128&lang=pl&cache=1&album=80980fcf138a326d&cover=0&occur=1&data-alb=81&#039; )\"><img decoding=\"async\" style=\"border-width:0px;width:113px;height:150px;opacity:0.85;display:inline;\" src=\"http:\/\/mariacka-lodz.com.pl\/wp-content\/uploads\/wppa\/thumbs\/2556.jpg?ver=9\" alt=\"DSCF2268.JPG\" class=\"image wppa-img\" onmouseover=\"jQuery(this).fadeTo(400, 1.0)\" onmouseout=\"jQuery(this).fadeTo(400,0.85)\"><\/a><\/div><\/div><div title=\" \" onclick=\"wppaStopProp(event);\"><\/div><div style=\"clear:both;\"><\/div><\/div><div id=\"album-80-1\" title=\"View the album Kurs Alfa\" style=\"width:100%;float:right;cursor:pointer;\" class=\"wppa-album-cover-standard album wppa-box wppa-cover-box wppa-cover-box-1\" onclick=\"wppaDoAjaxRender(event, 1, &#039;http:\/\/mariacka-lodz.com.pl\/index.php?rest_route=\/wp-photo-album-plus\/endPoint?action=wppa&wppa-action=render&wppa-size=640&occur=1&page_id=128&wppa-fromp=128&lang=pl&cache=1&album=80&cover=0&occur=1&data-alb=80&#039;, &#039;http:\/\/mariacka-lodz.com.pl\/?page_id=128&lang=pl&cache=1&album=164c335cfbe407db&cover=0&occur=1&data-alb=80&#039; )\"><div id=\"covertext_frame_80_1\" style=\"width:459px; float:left\" class=\"wppa-text-frame-1 wppa-text-frame wppa-cover-text-frame wppa-asym-text-frame-1\"><h2 style=\"clear:none\" class=\"wppa-title\"><a title=\"View the album Kurs Alfa\" style=\"cursor:pointer\" class=\"wppa-title\" onclick=\"wppaDoAjaxRender(event, 1, &#039;http:\/\/mariacka-lodz.com.pl\/index.php?rest_route=\/wp-photo-album-plus\/endPoint?action=wppa&wppa-action=render&wppa-size=640&occur=1&page_id=128&wppa-fromp=128&lang=pl&cache=1&album=80&cover=0&occur=1&data-alb=80&#039;, &#039;http:\/\/mariacka-lodz.com.pl\/?page_id=128&lang=pl&cache=1&album=164c335cfbe407db&cover=0&occur=1&data-alb=80&#039; )\">Kurs Alfa<\/a><\/h2><div style=\"min-height:54px;\" class=\"wppa-box-text wppa-black wppa-box-text-desc\"><\/div><div class=\"wppa-box-text wppa-black wppa-info wppa-slideshow-browse-link wppa-album-cover-link\"><a title=\"Slideshow\" style=\"cursor:pointer\" class=\"wppa-album-cover-link\" onclick=\"wppaDoAjaxRender(event, 1, &#039;http:\/\/mariacka-lodz.com.pl\/index.php?rest_route=\/wp-photo-album-plus\/endPoint?action=wppa&wppa-action=render&wppa-size=640&occur=1&page_id=128&wppa-fromp=128&lang=pl&cache=1&slide=1&occur=1&album=80&#039;, &#039;http:\/\/mariacka-lodz.com.pl\/?page_id=128&lang=pl&cache=1&slide=1&occur=1&album=164c335cfbe407db&#039; )\">Slideshow<\/a><\/div><div class=\"wppa-box-text wppa-black wppa-info wppa-viewlink wppa-album-cover-link\"><a title=\"View the album Kurs Alfa\" style=\"cursor:pointer;\" class=\"wppa-album-cover-link\" onclick=\"wppaDoAjaxRender(event, 1, &#039;http:\/\/mariacka-lodz.com.pl\/index.php?rest_route=\/wp-photo-album-plus\/endPoint?action=wppa&wppa-action=render&wppa-size=640&occur=1&page_id=128&wppa-fromp=128&lang=pl&cache=1&album=80&cover=0&occur=1&data-alb=80&#039;, &#039;http:\/\/mariacka-lodz.com.pl\/?page_id=128&lang=pl&cache=1&album=164c335cfbe407db&cover=0&occur=1&data-alb=80&#039; )\">View&nbsp;37&nbsp;photos<\/a><\/div><\/div><div id=\"coverphoto_frame_80_1\" style=\"float:right; margin-left:5px;width:160px;\" class=\"coverphoto-frame\"><div title=\" \" style=\"display:inline-block;margin:0 4px;\" onclick=\"wppaStopProp(event)\"><a title=\"View the album Kurs Alfa\" style=\"border:0;color:transparent;cursor:pointer;\" target=\"_self\" onclick=\"wppaDoAjaxRender(event, 1, &#039;http:\/\/mariacka-lodz.com.pl\/index.php?rest_route=\/wp-photo-album-plus\/endPoint?action=wppa&wppa-action=render&wppa-size=640&occur=1&page_id=128&wppa-fromp=128&lang=pl&cache=1&album=80&cover=0&occur=1&data-alb=80&#039;, &#039;http:\/\/mariacka-lodz.com.pl\/?page_id=128&lang=pl&cache=1&album=164c335cfbe407db&cover=0&occur=1&data-alb=80&#039; )\"><img decoding=\"async\" style=\"border-width:0px;width:150px;height:150px;opacity:0.85;display:inline;\" src=\"http:\/\/mariacka-lodz.com.pl\/wp-content\/uploads\/wppa\/thumbs\/2498.jpg?ver=9\" alt=\"CV8B0346.CR (12 z 25).JPG\" class=\"image wppa-img\" onmouseover=\"jQuery(this).fadeTo(400, 1.0)\" onmouseout=\"jQuery(this).fadeTo(400,0.85)\"><\/a><\/div><\/div><div title=\" \" onclick=\"wppaStopProp(event);\"><\/div><div style=\"clear:both;\"><\/div><\/div><div id=\"album-79-1\" title=\"View the album Koncert charytatywny \u0141\u00f3dzkiej Grupy Gospel wraz z parafialnym ch\u00f3rem dzieci\u0119cym. \" style=\"width:100%;float:right;cursor:pointer;\" class=\"wppa-album-cover-standard album wppa-box wppa-cover-box wppa-cover-box-1\" onclick=\"wppaDoAjaxRender(event, 1, &#039;http:\/\/mariacka-lodz.com.pl\/index.php?rest_route=\/wp-photo-album-plus\/endPoint?action=wppa&wppa-action=render&wppa-size=640&occur=1&page_id=128&wppa-fromp=128&lang=pl&cache=1&album=79&cover=0&occur=1&data-alb=79&#039;, &#039;http:\/\/mariacka-lodz.com.pl\/?page_id=128&lang=pl&cache=1&album=55a8592d4c46b0a9&cover=0&occur=1&data-alb=79&#039; )\"><div id=\"covertext_frame_79_1\" style=\"width:459px; float:left\" class=\"wppa-text-frame-1 wppa-text-frame wppa-cover-text-frame wppa-asym-text-frame-1\"><h2 style=\"clear:none\" class=\"wppa-title\"><a title=\"View the album Koncert charytatywny \u0141\u00f3dzkiej Grupy Gospel wraz z parafialnym ch\u00f3rem dzieci\u0119cym. \" style=\"cursor:pointer\" class=\"wppa-title\" onclick=\"wppaDoAjaxRender(event, 1, &#039;http:\/\/mariacka-lodz.com.pl\/index.php?rest_route=\/wp-photo-album-plus\/endPoint?action=wppa&wppa-action=render&wppa-size=640&occur=1&page_id=128&wppa-fromp=128&lang=pl&cache=1&album=79&cover=0&occur=1&data-alb=79&#039;, &#039;http:\/\/mariacka-lodz.com.pl\/?page_id=128&lang=pl&cache=1&album=55a8592d4c46b0a9&cover=0&occur=1&data-alb=79&#039; )\">Koncert charytatywny \u0141\u00f3dzkiej Grupy Gospel wraz z parafialnym ch\u00f3rem dzieci\u0119cym. <\/a><\/h2><div style=\"min-height:54px;\" class=\"wppa-box-text wppa-black wppa-box-text-desc\"><\/div><div class=\"wppa-box-text wppa-black wppa-info wppa-slideshow-browse-link wppa-album-cover-link\"><a title=\"Slideshow\" style=\"cursor:pointer\" class=\"wppa-album-cover-link\" onclick=\"wppaDoAjaxRender(event, 1, &#039;http:\/\/mariacka-lodz.com.pl\/index.php?rest_route=\/wp-photo-album-plus\/endPoint?action=wppa&wppa-action=render&wppa-size=640&occur=1&page_id=128&wppa-fromp=128&lang=pl&cache=1&slide=1&occur=1&album=79&#039;, &#039;http:\/\/mariacka-lodz.com.pl\/?page_id=128&lang=pl&cache=1&slide=1&occur=1&album=55a8592d4c46b0a9&#039; )\">Slideshow<\/a><\/div><div class=\"wppa-box-text wppa-black wppa-info wppa-viewlink wppa-album-cover-link\"><a title=\"View the album Koncert charytatywny \u0141\u00f3dzkiej Grupy Gospel wraz z parafialnym ch\u00f3rem dzieci\u0119cym. \" style=\"cursor:pointer;\" class=\"wppa-album-cover-link\" onclick=\"wppaDoAjaxRender(event, 1, &#039;http:\/\/mariacka-lodz.com.pl\/index.php?rest_route=\/wp-photo-album-plus\/endPoint?action=wppa&wppa-action=render&wppa-size=640&occur=1&page_id=128&wppa-fromp=128&lang=pl&cache=1&album=79&cover=0&occur=1&data-alb=79&#039;, &#039;http:\/\/mariacka-lodz.com.pl\/?page_id=128&lang=pl&cache=1&album=55a8592d4c46b0a9&cover=0&occur=1&data-alb=79&#039; )\">View&nbsp;52&nbsp;photos<\/a><\/div><\/div><div id=\"coverphoto_frame_79_1\" style=\"float:right; margin-left:5px;width:160px;\" class=\"coverphoto-frame\"><div title=\" \" style=\"display:inline-block;margin:0 4px;\" onclick=\"wppaStopProp(event)\"><a title=\"View the album Koncert charytatywny \u0141\u00f3dzkiej Grupy Gospel wraz z parafialnym ch\u00f3rem dzieci\u0119cym. \" style=\"border:0;color:transparent;cursor:pointer;\" target=\"_self\" onclick=\"wppaDoAjaxRender(event, 1, &#039;http:\/\/mariacka-lodz.com.pl\/index.php?rest_route=\/wp-photo-album-plus\/endPoint?action=wppa&wppa-action=render&wppa-size=640&occur=1&page_id=128&wppa-fromp=128&lang=pl&cache=1&album=79&cover=0&occur=1&data-alb=79&#039;, &#039;http:\/\/mariacka-lodz.com.pl\/?page_id=128&lang=pl&cache=1&album=55a8592d4c46b0a9&cover=0&occur=1&data-alb=79&#039; )\"><img decoding=\"async\" style=\"border-width:0px;width:150px;height:113px;opacity:0.85;display:inline;\" src=\"http:\/\/mariacka-lodz.com.pl\/wp-content\/uploads\/wppa\/thumbs\/2336.jpg?ver=9\" alt=\"DSC_0178.JPG\" class=\"image wppa-img\" onmouseover=\"jQuery(this).fadeTo(400, 1.0)\" onmouseout=\"jQuery(this).fadeTo(400,0.85)\"><\/a><\/div><\/div><div title=\" \" onclick=\"wppaStopProp(event);\"><\/div><div style=\"clear:both;\"><\/div><\/div><div id=\"album-78-1\" title=\"View the album Msza \u015bwi\u0119ta z udzia\u0142em dzieci 07.12.2014r.\" style=\"width:100%;float:right;cursor:pointer;\" class=\"wppa-album-cover-standard album wppa-box wppa-cover-box wppa-cover-box-1\" onclick=\"wppaDoAjaxRender(event, 1, &#039;http:\/\/mariacka-lodz.com.pl\/index.php?rest_route=\/wp-photo-album-plus\/endPoint?action=wppa&wppa-action=render&wppa-size=640&occur=1&page_id=128&wppa-fromp=128&lang=pl&cache=1&album=78&cover=0&occur=1&data-alb=78&#039;, &#039;http:\/\/mariacka-lodz.com.pl\/?page_id=128&lang=pl&cache=1&album=db8d81cbda0ecc55&cover=0&occur=1&data-alb=78&#039; )\"><div id=\"covertext_frame_78_1\" style=\"width:459px; float:left\" class=\"wppa-text-frame-1 wppa-text-frame wppa-cover-text-frame wppa-asym-text-frame-1\"><h2 style=\"clear:none\" class=\"wppa-title\"><a title=\"View the album Msza \u015bwi\u0119ta z udzia\u0142em dzieci 07.12.2014r.\" style=\"cursor:pointer\" class=\"wppa-title\" onclick=\"wppaDoAjaxRender(event, 1, &#039;http:\/\/mariacka-lodz.com.pl\/index.php?rest_route=\/wp-photo-album-plus\/endPoint?action=wppa&wppa-action=render&wppa-size=640&occur=1&page_id=128&wppa-fromp=128&lang=pl&cache=1&album=78&cover=0&occur=1&data-alb=78&#039;, &#039;http:\/\/mariacka-lodz.com.pl\/?page_id=128&lang=pl&cache=1&album=db8d81cbda0ecc55&cover=0&occur=1&data-alb=78&#039; )\">Msza \u015bwi\u0119ta z udzia\u0142em dzieci 07.12.2014r.<\/a><\/h2><div style=\"min-height:54px;\" class=\"wppa-box-text wppa-black wppa-box-text-desc\"><\/div><div class=\"wppa-box-text wppa-black wppa-info wppa-slideshow-browse-link wppa-album-cover-link\"><a title=\"Slideshow\" style=\"cursor:pointer\" class=\"wppa-album-cover-link\" onclick=\"wppaDoAjaxRender(event, 1, &#039;http:\/\/mariacka-lodz.com.pl\/index.php?rest_route=\/wp-photo-album-plus\/endPoint?action=wppa&wppa-action=render&wppa-size=640&occur=1&page_id=128&wppa-fromp=128&lang=pl&cache=1&slide=1&occur=1&album=78&#039;, &#039;http:\/\/mariacka-lodz.com.pl\/?page_id=128&lang=pl&cache=1&slide=1&occur=1&album=db8d81cbda0ecc55&#039; )\">Slideshow<\/a><\/div><div class=\"wppa-box-text wppa-black wppa-info wppa-viewlink wppa-album-cover-link\"><a title=\"View the album Msza \u015bwi\u0119ta z udzia\u0142em dzieci 07.12.2014r.\" style=\"cursor:pointer;\" class=\"wppa-album-cover-link\" onclick=\"wppaDoAjaxRender(event, 1, &#039;http:\/\/mariacka-lodz.com.pl\/index.php?rest_route=\/wp-photo-album-plus\/endPoint?action=wppa&wppa-action=render&wppa-size=640&occur=1&page_id=128&wppa-fromp=128&lang=pl&cache=1&album=78&cover=0&occur=1&data-alb=78&#039;, &#039;http:\/\/mariacka-lodz.com.pl\/?page_id=128&lang=pl&cache=1&album=db8d81cbda0ecc55&cover=0&occur=1&data-alb=78&#039; )\">View&nbsp;16&nbsp;photos<\/a><\/div><\/div><div id=\"coverphoto_frame_78_1\" style=\"float:right; margin-left:5px;width:160px;\" class=\"coverphoto-frame\"><div title=\" \" style=\"display:inline-block;margin:0 4px;\" onclick=\"wppaStopProp(event)\"><a title=\"View the album Msza \u015bwi\u0119ta z udzia\u0142em dzieci 07.12.2014r.\" style=\"border:0;color:transparent;cursor:pointer;\" target=\"_self\" onclick=\"wppaDoAjaxRender(event, 1, &#039;http:\/\/mariacka-lodz.com.pl\/index.php?rest_route=\/wp-photo-album-plus\/endPoint?action=wppa&wppa-action=render&wppa-size=640&occur=1&page_id=128&wppa-fromp=128&lang=pl&cache=1&album=78&cover=0&occur=1&data-alb=78&#039;, &#039;http:\/\/mariacka-lodz.com.pl\/?page_id=128&lang=pl&cache=1&album=db8d81cbda0ecc55&cover=0&occur=1&data-alb=78&#039; )\"><img decoding=\"async\" style=\"border-width:0px;width:150px;height:113px;opacity:0.85;display:inline;\" src=\"http:\/\/mariacka-lodz.com.pl\/wp-content\/uploads\/wppa\/thumbs\/2477.jpg?ver=9\" alt=\"DSCF2023.JPG\" class=\"image wppa-img\" onmouseover=\"jQuery(this).fadeTo(400, 1.0)\" onmouseout=\"jQuery(this).fadeTo(400,0.85)\"><\/a><\/div><\/div><div title=\" \" onclick=\"wppaStopProp(event);\"><\/div><div style=\"clear:both;\"><\/div><\/div><div id=\"album-77-1\" title=\"View the album Miko\u0142ajki 2014\" style=\"width:100%;float:right;cursor:pointer;\" class=\"wppa-album-cover-standard album wppa-box wppa-cover-box wppa-cover-box-1\" onclick=\"wppaDoAjaxRender(event, 1, &#039;http:\/\/mariacka-lodz.com.pl\/index.php?rest_route=\/wp-photo-album-plus\/endPoint?action=wppa&wppa-action=render&wppa-size=640&occur=1&page_id=128&wppa-fromp=128&lang=pl&cache=1&album=77&cover=0&occur=1&data-alb=77&#039;, &#039;http:\/\/mariacka-lodz.com.pl\/?page_id=128&lang=pl&cache=1&album=47abcda9e0470de8&cover=0&occur=1&data-alb=77&#039; )\"><div id=\"covertext_frame_77_1\" style=\"width:459px; float:left\" class=\"wppa-text-frame-1 wppa-text-frame wppa-cover-text-frame wppa-asym-text-frame-1\"><h2 style=\"clear:none\" class=\"wppa-title\"><a title=\"View the album Miko\u0142ajki 2014\" style=\"cursor:pointer\" class=\"wppa-title\" onclick=\"wppaDoAjaxRender(event, 1, &#039;http:\/\/mariacka-lodz.com.pl\/index.php?rest_route=\/wp-photo-album-plus\/endPoint?action=wppa&wppa-action=render&wppa-size=640&occur=1&page_id=128&wppa-fromp=128&lang=pl&cache=1&album=77&cover=0&occur=1&data-alb=77&#039;, &#039;http:\/\/mariacka-lodz.com.pl\/?page_id=128&lang=pl&cache=1&album=47abcda9e0470de8&cover=0&occur=1&data-alb=77&#039; )\">Miko\u0142ajki 2014<\/a><\/h2><div style=\"min-height:54px;\" class=\"wppa-box-text wppa-black wppa-box-text-desc\"><\/div><div class=\"wppa-box-text wppa-black wppa-info wppa-slideshow-browse-link wppa-album-cover-link\"><a title=\"Slideshow\" style=\"cursor:pointer\" class=\"wppa-album-cover-link\" onclick=\"wppaDoAjaxRender(event, 1, &#039;http:\/\/mariacka-lodz.com.pl\/index.php?rest_route=\/wp-photo-album-plus\/endPoint?action=wppa&wppa-action=render&wppa-size=640&occur=1&page_id=128&wppa-fromp=128&lang=pl&cache=1&slide=1&occur=1&album=77&#039;, &#039;http:\/\/mariacka-lodz.com.pl\/?page_id=128&lang=pl&cache=1&slide=1&occur=1&album=47abcda9e0470de8&#039; )\">Slideshow<\/a><\/div><div class=\"wppa-box-text wppa-black wppa-info wppa-viewlink wppa-album-cover-link\"><a title=\"View the album Miko\u0142ajki 2014\" style=\"cursor:pointer;\" class=\"wppa-album-cover-link\" onclick=\"wppaDoAjaxRender(event, 1, &#039;http:\/\/mariacka-lodz.com.pl\/index.php?rest_route=\/wp-photo-album-plus\/endPoint?action=wppa&wppa-action=render&wppa-size=640&occur=1&page_id=128&wppa-fromp=128&lang=pl&cache=1&album=77&cover=0&occur=1&data-alb=77&#039;, &#039;http:\/\/mariacka-lodz.com.pl\/?page_id=128&lang=pl&cache=1&album=47abcda9e0470de8&cover=0&occur=1&data-alb=77&#039; )\">View&nbsp;78&nbsp;photos<\/a><\/div><\/div><div id=\"coverphoto_frame_77_1\" style=\"float:right; margin-left:5px;width:160px;\" class=\"coverphoto-frame\"><div title=\" \" style=\"display:inline-block;margin:0 4px;\" onclick=\"wppaStopProp(event)\"><a title=\"View the album Miko\u0142ajki 2014\" style=\"border:0;color:transparent;cursor:pointer;\" target=\"_self\" onclick=\"wppaDoAjaxRender(event, 1, &#039;http:\/\/mariacka-lodz.com.pl\/index.php?rest_route=\/wp-photo-album-plus\/endPoint?action=wppa&wppa-action=render&wppa-size=640&occur=1&page_id=128&wppa-fromp=128&lang=pl&cache=1&album=77&cover=0&occur=1&data-alb=77&#039;, &#039;http:\/\/mariacka-lodz.com.pl\/?page_id=128&lang=pl&cache=1&album=47abcda9e0470de8&cover=0&occur=1&data-alb=77&#039; )\"><img decoding=\"async\" style=\"border-width:0px;width:150px;height:113px;opacity:0.85;display:inline;\" src=\"http:\/\/mariacka-lodz.com.pl\/wp-content\/uploads\/wppa\/thumbs\/2404.jpg?ver=9\" alt=\"DSC_0143.JPG\" class=\"image wppa-img\" onmouseover=\"jQuery(this).fadeTo(400, 1.0)\" onmouseout=\"jQuery(this).fadeTo(400,0.85)\"><\/a><\/div><\/div><div title=\" \" onclick=\"wppaStopProp(event);\"><\/div><div style=\"clear:both;\"><\/div><\/div><div id=\"album-76-1\" title=\"View the album Prace dzieci - Sukienka Matki Bo\u017cej Ba\u0142uckiej\" style=\"width:100%;float:right;cursor:pointer;\" class=\"wppa-album-cover-standard album wppa-box wppa-cover-box wppa-cover-box-1\" onclick=\"wppaDoAjaxRender(event, 1, &#039;http:\/\/mariacka-lodz.com.pl\/index.php?rest_route=\/wp-photo-album-plus\/endPoint?action=wppa&wppa-action=render&wppa-size=640&occur=1&page_id=128&wppa-fromp=128&lang=pl&cache=1&album=76&cover=0&occur=1&data-alb=76&#039;, &#039;http:\/\/mariacka-lodz.com.pl\/?page_id=128&lang=pl&cache=1&album=937ba2a23a157d2a&cover=0&occur=1&data-alb=76&#039; )\"><div id=\"covertext_frame_76_1\" style=\"width:459px; float:left\" class=\"wppa-text-frame-1 wppa-text-frame wppa-cover-text-frame wppa-asym-text-frame-1\"><h2 style=\"clear:none\" class=\"wppa-title\"><a title=\"View the album Prace dzieci - Sukienka Matki Bo\u017cej Ba\u0142uckiej\" style=\"cursor:pointer\" class=\"wppa-title\" onclick=\"wppaDoAjaxRender(event, 1, &#039;http:\/\/mariacka-lodz.com.pl\/index.php?rest_route=\/wp-photo-album-plus\/endPoint?action=wppa&wppa-action=render&wppa-size=640&occur=1&page_id=128&wppa-fromp=128&lang=pl&cache=1&album=76&cover=0&occur=1&data-alb=76&#039;, &#039;http:\/\/mariacka-lodz.com.pl\/?page_id=128&lang=pl&cache=1&album=937ba2a23a157d2a&cover=0&occur=1&data-alb=76&#039; )\">Prace dzieci - Sukienka Matki Bo\u017cej Ba\u0142uckiej<\/a><\/h2><div style=\"min-height:54px;\" class=\"wppa-box-text wppa-black wppa-box-text-desc\"><\/div><div class=\"wppa-box-text wppa-black wppa-info wppa-slideshow-browse-link wppa-album-cover-link\"><a title=\"Slideshow\" style=\"cursor:pointer\" class=\"wppa-album-cover-link\" onclick=\"wppaDoAjaxRender(event, 1, &#039;http:\/\/mariacka-lodz.com.pl\/index.php?rest_route=\/wp-photo-album-plus\/endPoint?action=wppa&wppa-action=render&wppa-size=640&occur=1&page_id=128&wppa-fromp=128&lang=pl&cache=1&slide=1&occur=1&album=76&#039;, &#039;http:\/\/mariacka-lodz.com.pl\/?page_id=128&lang=pl&cache=1&slide=1&occur=1&album=937ba2a23a157d2a&#039; )\">Slideshow<\/a><\/div><div class=\"wppa-box-text wppa-black wppa-info wppa-viewlink wppa-album-cover-link\"><a title=\"View the album Prace dzieci - Sukienka Matki Bo\u017cej Ba\u0142uckiej\" style=\"cursor:pointer;\" class=\"wppa-album-cover-link\" onclick=\"wppaDoAjaxRender(event, 1, &#039;http:\/\/mariacka-lodz.com.pl\/index.php?rest_route=\/wp-photo-album-plus\/endPoint?action=wppa&wppa-action=render&wppa-size=640&occur=1&page_id=128&wppa-fromp=128&lang=pl&cache=1&album=76&cover=0&occur=1&data-alb=76&#039;, &#039;http:\/\/mariacka-lodz.com.pl\/?page_id=128&lang=pl&cache=1&album=937ba2a23a157d2a&cover=0&occur=1&data-alb=76&#039; )\">View&nbsp;22&nbsp;photos<\/a><\/div><\/div><div id=\"coverphoto_frame_76_1\" style=\"float:right; margin-left:5px;width:123px;\" class=\"coverphoto-frame\"><div title=\" \" style=\"display:inline-block;margin:0 4px;\" onclick=\"wppaStopProp(event)\"><a title=\"View the album Prace dzieci - Sukienka Matki Bo\u017cej Ba\u0142uckiej\" style=\"border:0;color:transparent;cursor:pointer;\" target=\"_self\" onclick=\"wppaDoAjaxRender(event, 1, &#039;http:\/\/mariacka-lodz.com.pl\/index.php?rest_route=\/wp-photo-album-plus\/endPoint?action=wppa&wppa-action=render&wppa-size=640&occur=1&page_id=128&wppa-fromp=128&lang=pl&cache=1&album=76&cover=0&occur=1&data-alb=76&#039;, &#039;http:\/\/mariacka-lodz.com.pl\/?page_id=128&lang=pl&cache=1&album=937ba2a23a157d2a&cover=0&occur=1&data-alb=76&#039; )\"><img decoding=\"async\" style=\"border-width:0px;width:113px;height:150px;opacity:0.85;display:inline;\" src=\"http:\/\/mariacka-lodz.com.pl\/wp-content\/uploads\/wppa\/thumbs\/2235.jpg?ver=9\" alt=\"DSCF1984.JPG\" class=\"image wppa-img\" onmouseover=\"jQuery(this).fadeTo(400, 1.0)\" onmouseout=\"jQuery(this).fadeTo(400,0.85)\"><\/a><\/div><\/div><div title=\" \" onclick=\"wppaStopProp(event);\"><\/div><div style=\"clear:both;\"><\/div><\/div><div id=\"album-75-1\" title=\"View the album Dekoracja adwentowa 2014\" style=\"width:100%;float:right;cursor:pointer;\" class=\"wppa-album-cover-standard album wppa-box wppa-cover-box wppa-cover-box-1\" onclick=\"wppaDoAjaxRender(event, 1, &#039;http:\/\/mariacka-lodz.com.pl\/index.php?rest_route=\/wp-photo-album-plus\/endPoint?action=wppa&wppa-action=render&wppa-size=640&occur=1&page_id=128&wppa-fromp=128&lang=pl&cache=1&album=75&cover=0&occur=1&data-alb=75&#039;, &#039;http:\/\/mariacka-lodz.com.pl\/?page_id=128&lang=pl&cache=1&album=fd852b930d4a2e56&cover=0&occur=1&data-alb=75&#039; )\"><div id=\"covertext_frame_75_1\" style=\"width:459px; float:left\" class=\"wppa-text-frame-1 wppa-text-frame wppa-cover-text-frame wppa-asym-text-frame-1\"><h2 style=\"clear:none\" class=\"wppa-title\"><a title=\"View the album Dekoracja adwentowa 2014\" style=\"cursor:pointer\" class=\"wppa-title\" onclick=\"wppaDoAjaxRender(event, 1, &#039;http:\/\/mariacka-lodz.com.pl\/index.php?rest_route=\/wp-photo-album-plus\/endPoint?action=wppa&wppa-action=render&wppa-size=640&occur=1&page_id=128&wppa-fromp=128&lang=pl&cache=1&album=75&cover=0&occur=1&data-alb=75&#039;, &#039;http:\/\/mariacka-lodz.com.pl\/?page_id=128&lang=pl&cache=1&album=fd852b930d4a2e56&cover=0&occur=1&data-alb=75&#039; )\">Dekoracja adwentowa 2014<\/a><\/h2><div style=\"min-height:54px;\" class=\"wppa-box-text wppa-black wppa-box-text-desc\"><\/div><div class=\"wppa-box-text wppa-black wppa-info wppa-slideshow-browse-link wppa-album-cover-link\"><a title=\"Slideshow\" style=\"cursor:pointer\" class=\"wppa-album-cover-link\" onclick=\"wppaDoAjaxRender(event, 1, &#039;http:\/\/mariacka-lodz.com.pl\/index.php?rest_route=\/wp-photo-album-plus\/endPoint?action=wppa&wppa-action=render&wppa-size=640&occur=1&page_id=128&wppa-fromp=128&lang=pl&cache=1&slide=1&occur=1&album=75&#039;, &#039;http:\/\/mariacka-lodz.com.pl\/?page_id=128&lang=pl&cache=1&slide=1&occur=1&album=fd852b930d4a2e56&#039; )\">Slideshow<\/a><\/div><div class=\"wppa-box-text wppa-black wppa-info wppa-viewlink wppa-album-cover-link\"><a title=\"View the album Dekoracja adwentowa 2014\" style=\"cursor:pointer;\" class=\"wppa-album-cover-link\" onclick=\"wppaDoAjaxRender(event, 1, &#039;http:\/\/mariacka-lodz.com.pl\/index.php?rest_route=\/wp-photo-album-plus\/endPoint?action=wppa&wppa-action=render&wppa-size=640&occur=1&page_id=128&wppa-fromp=128&lang=pl&cache=1&album=75&cover=0&occur=1&data-alb=75&#039;, &#039;http:\/\/mariacka-lodz.com.pl\/?page_id=128&lang=pl&cache=1&album=fd852b930d4a2e56&cover=0&occur=1&data-alb=75&#039; )\">View&nbsp;40&nbsp;photos<\/a><\/div><\/div><div id=\"coverphoto_frame_75_1\" style=\"float:right; margin-left:5px;width:160px;\" class=\"coverphoto-frame\"><div title=\" \" style=\"display:inline-block;margin:0 4px;\" onclick=\"wppaStopProp(event)\"><a title=\"View the album Dekoracja adwentowa 2014\" style=\"border:0;color:transparent;cursor:pointer;\" target=\"_self\" onclick=\"wppaDoAjaxRender(event, 1, &#039;http:\/\/mariacka-lodz.com.pl\/index.php?rest_route=\/wp-photo-album-plus\/endPoint?action=wppa&wppa-action=render&wppa-size=640&occur=1&page_id=128&wppa-fromp=128&lang=pl&cache=1&album=75&cover=0&occur=1&data-alb=75&#039;, &#039;http:\/\/mariacka-lodz.com.pl\/?page_id=128&lang=pl&cache=1&album=fd852b930d4a2e56&cover=0&occur=1&data-alb=75&#039; )\"><img decoding=\"async\" style=\"border-width:0px;width:150px;height:113px;opacity:0.85;display:inline;\" src=\"http:\/\/mariacka-lodz.com.pl\/wp-content\/uploads\/wppa\/thumbs\/2296.jpg?ver=9\" alt=\"DSCF1940.JPG\" class=\"image wppa-img\" onmouseover=\"jQuery(this).fadeTo(400, 1.0)\" onmouseout=\"jQuery(this).fadeTo(400,0.85)\"><\/a><\/div><\/div><div title=\" \" onclick=\"wppaStopProp(event);\"><\/div><div style=\"clear:both;\"><\/div><\/div><div id=\"album-74-1\" title=\"View the album Andrzejkowe spotkanie ministrant\u00f3w\" style=\"width:100%;float:right;cursor:pointer;\" class=\"wppa-album-cover-standard album wppa-box wppa-cover-box wppa-cover-box-1\" onclick=\"wppaDoAjaxRender(event, 1, &#039;http:\/\/mariacka-lodz.com.pl\/index.php?rest_route=\/wp-photo-album-plus\/endPoint?action=wppa&wppa-action=render&wppa-size=640&occur=1&page_id=128&wppa-fromp=128&lang=pl&cache=1&album=74&cover=0&occur=1&data-alb=74&#039;, &#039;http:\/\/mariacka-lodz.com.pl\/?page_id=128&lang=pl&cache=1&album=db7b4a273905385e&cover=0&occur=1&data-alb=74&#039; )\"><div id=\"covertext_frame_74_1\" style=\"width:459px; float:left\" class=\"wppa-text-frame-1 wppa-text-frame wppa-cover-text-frame wppa-asym-text-frame-1\"><h2 style=\"clear:none\" class=\"wppa-title\"><a title=\"View the album Andrzejkowe spotkanie ministrant\u00f3w\" style=\"cursor:pointer\" class=\"wppa-title\" onclick=\"wppaDoAjaxRender(event, 1, &#039;http:\/\/mariacka-lodz.com.pl\/index.php?rest_route=\/wp-photo-album-plus\/endPoint?action=wppa&wppa-action=render&wppa-size=640&occur=1&page_id=128&wppa-fromp=128&lang=pl&cache=1&album=74&cover=0&occur=1&data-alb=74&#039;, &#039;http:\/\/mariacka-lodz.com.pl\/?page_id=128&lang=pl&cache=1&album=db7b4a273905385e&cover=0&occur=1&data-alb=74&#039; )\">Andrzejkowe spotkanie ministrant\u00f3w<\/a><\/h2><div style=\"min-height:54px;\" class=\"wppa-box-text wppa-black wppa-box-text-desc\"><\/div><div class=\"wppa-box-text wppa-black wppa-info wppa-slideshow-browse-link wppa-album-cover-link\"><a title=\"Slideshow\" style=\"cursor:pointer\" class=\"wppa-album-cover-link\" onclick=\"wppaDoAjaxRender(event, 1, &#039;http:\/\/mariacka-lodz.com.pl\/index.php?rest_route=\/wp-photo-album-plus\/endPoint?action=wppa&wppa-action=render&wppa-size=640&occur=1&page_id=128&wppa-fromp=128&lang=pl&cache=1&slide=1&occur=1&album=74&#039;, &#039;http:\/\/mariacka-lodz.com.pl\/?page_id=128&lang=pl&cache=1&slide=1&occur=1&album=db7b4a273905385e&#039; )\">Slideshow<\/a><\/div><div class=\"wppa-box-text wppa-black wppa-info wppa-viewlink wppa-album-cover-link\"><a title=\"View the album Andrzejkowe spotkanie ministrant\u00f3w\" style=\"cursor:pointer;\" class=\"wppa-album-cover-link\" onclick=\"wppaDoAjaxRender(event, 1, &#039;http:\/\/mariacka-lodz.com.pl\/index.php?rest_route=\/wp-photo-album-plus\/endPoint?action=wppa&wppa-action=render&wppa-size=640&occur=1&page_id=128&wppa-fromp=128&lang=pl&cache=1&album=74&cover=0&occur=1&data-alb=74&#039;, &#039;http:\/\/mariacka-lodz.com.pl\/?page_id=128&lang=pl&cache=1&album=db7b4a273905385e&cover=0&occur=1&data-alb=74&#039; )\">View&nbsp;39&nbsp;photos<\/a><\/div><\/div><div id=\"coverphoto_frame_74_1\" style=\"float:right; margin-left:5px;width:160px;\" class=\"coverphoto-frame\"><div title=\" \" style=\"display:inline-block;margin:0 4px;\" onclick=\"wppaStopProp(event)\"><a title=\"View the album Andrzejkowe spotkanie ministrant\u00f3w\" style=\"border:0;color:transparent;cursor:pointer;\" target=\"_self\" onclick=\"wppaDoAjaxRender(event, 1, &#039;http:\/\/mariacka-lodz.com.pl\/index.php?rest_route=\/wp-photo-album-plus\/endPoint?action=wppa&wppa-action=render&wppa-size=640&occur=1&page_id=128&wppa-fromp=128&lang=pl&cache=1&album=74&cover=0&occur=1&data-alb=74&#039;, &#039;http:\/\/mariacka-lodz.com.pl\/?page_id=128&lang=pl&cache=1&album=db7b4a273905385e&cover=0&occur=1&data-alb=74&#039; )\"><img decoding=\"async\" style=\"border-width:0px;width:150px;height:113px;opacity:0.85;display:inline;\" src=\"http:\/\/mariacka-lodz.com.pl\/wp-content\/uploads\/wppa\/thumbs\/2257.jpg?ver=9\" alt=\"DSCF1879.JPG\" class=\"image wppa-img\" onmouseover=\"jQuery(this).fadeTo(400, 1.0)\" onmouseout=\"jQuery(this).fadeTo(400,0.85)\"><\/a><\/div><\/div><div title=\" \" onclick=\"wppaStopProp(event);\"><\/div><div style=\"clear:both;\"><\/div><\/div><div id=\"album-73-1\" title=\"View the album Odpust parafialny 16.11.2014r.\" style=\"width:100%;float:right;cursor:pointer;\" class=\"wppa-album-cover-standard album wppa-box wppa-cover-box wppa-cover-box-1\" onclick=\"wppaDoAjaxRender(event, 1, &#039;http:\/\/mariacka-lodz.com.pl\/index.php?rest_route=\/wp-photo-album-plus\/endPoint?action=wppa&wppa-action=render&wppa-size=640&occur=1&page_id=128&wppa-fromp=128&lang=pl&cache=1&album=73&cover=0&occur=1&data-alb=73&#039;, &#039;http:\/\/mariacka-lodz.com.pl\/?page_id=128&lang=pl&cache=1&album=4090fb239a176284&cover=0&occur=1&data-alb=73&#039; )\"><div id=\"covertext_frame_73_1\" style=\"width:459px; float:left\" class=\"wppa-text-frame-1 wppa-text-frame wppa-cover-text-frame wppa-asym-text-frame-1\"><h2 style=\"clear:none\" class=\"wppa-title\"><a title=\"View the album Odpust parafialny 16.11.2014r.\" style=\"cursor:pointer\" class=\"wppa-title\" onclick=\"wppaDoAjaxRender(event, 1, &#039;http:\/\/mariacka-lodz.com.pl\/index.php?rest_route=\/wp-photo-album-plus\/endPoint?action=wppa&wppa-action=render&wppa-size=640&occur=1&page_id=128&wppa-fromp=128&lang=pl&cache=1&album=73&cover=0&occur=1&data-alb=73&#039;, &#039;http:\/\/mariacka-lodz.com.pl\/?page_id=128&lang=pl&cache=1&album=4090fb239a176284&cover=0&occur=1&data-alb=73&#039; )\">Odpust parafialny 16.11.2014r.<\/a><\/h2><div style=\"min-height:54px;\" class=\"wppa-box-text wppa-black wppa-box-text-desc\"><\/div><div class=\"wppa-box-text wppa-black wppa-info wppa-slideshow-browse-link wppa-album-cover-link\"><a title=\"Slideshow\" style=\"cursor:pointer\" class=\"wppa-album-cover-link\" onclick=\"wppaDoAjaxRender(event, 1, &#039;http:\/\/mariacka-lodz.com.pl\/index.php?rest_route=\/wp-photo-album-plus\/endPoint?action=wppa&wppa-action=render&wppa-size=640&occur=1&page_id=128&wppa-fromp=128&lang=pl&cache=1&slide=1&occur=1&album=73&#039;, &#039;http:\/\/mariacka-lodz.com.pl\/?page_id=128&lang=pl&cache=1&slide=1&occur=1&album=4090fb239a176284&#039; )\">Slideshow<\/a><\/div><div class=\"wppa-box-text wppa-black wppa-info wppa-viewlink wppa-album-cover-link\"><a title=\"View the album Odpust parafialny 16.11.2014r.\" style=\"cursor:pointer;\" class=\"wppa-album-cover-link\" onclick=\"wppaDoAjaxRender(event, 1, &#039;http:\/\/mariacka-lodz.com.pl\/index.php?rest_route=\/wp-photo-album-plus\/endPoint?action=wppa&wppa-action=render&wppa-size=640&occur=1&page_id=128&wppa-fromp=128&lang=pl&cache=1&album=73&cover=0&occur=1&data-alb=73&#039;, &#039;http:\/\/mariacka-lodz.com.pl\/?page_id=128&lang=pl&cache=1&album=4090fb239a176284&cover=0&occur=1&data-alb=73&#039; )\">View&nbsp;75&nbsp;photos<\/a><\/div><\/div><div id=\"coverphoto_frame_73_1\" style=\"float:right; margin-left:5px;width:160px;\" class=\"coverphoto-frame\"><div title=\" \" style=\"display:inline-block;margin:0 4px;\" onclick=\"wppaStopProp(event)\"><a title=\"View the album Odpust parafialny 16.11.2014r.\" style=\"border:0;color:transparent;cursor:pointer;\" target=\"_self\" onclick=\"wppaDoAjaxRender(event, 1, &#039;http:\/\/mariacka-lodz.com.pl\/index.php?rest_route=\/wp-photo-album-plus\/endPoint?action=wppa&wppa-action=render&wppa-size=640&occur=1&page_id=128&wppa-fromp=128&lang=pl&cache=1&album=73&cover=0&occur=1&data-alb=73&#039;, &#039;http:\/\/mariacka-lodz.com.pl\/?page_id=128&lang=pl&cache=1&album=4090fb239a176284&cover=0&occur=1&data-alb=73&#039; )\"><img decoding=\"async\" style=\"border-width:0px;width:150px;height:113px;opacity:0.85;display:inline;\" src=\"http:\/\/mariacka-lodz.com.pl\/wp-content\/uploads\/wppa\/thumbs\/2160.jpg?ver=9\" alt=\"DSCF1744.JPG\" class=\"image wppa-img\" onmouseover=\"jQuery(this).fadeTo(400, 1.0)\" onmouseout=\"jQuery(this).fadeTo(400,0.85)\"><\/a><\/div><\/div><div title=\" \" onclick=\"wppaStopProp(event);\"><\/div><div style=\"clear:both;\"><\/div><\/div><div id=\"album-72-1\" title=\"View the album Dekoracja 11 listopada 2014r.\" style=\"width:100%;float:right;cursor:pointer;\" class=\"wppa-album-cover-standard album wppa-box wppa-cover-box wppa-cover-box-1\" onclick=\"wppaDoAjaxRender(event, 1, &#039;http:\/\/mariacka-lodz.com.pl\/index.php?rest_route=\/wp-photo-album-plus\/endPoint?action=wppa&wppa-action=render&wppa-size=640&occur=1&page_id=128&wppa-fromp=128&lang=pl&cache=1&album=72&cover=0&occur=1&data-alb=72&#039;, &#039;http:\/\/mariacka-lodz.com.pl\/?page_id=128&lang=pl&cache=1&album=e31cd7c078fb1e33&cover=0&occur=1&data-alb=72&#039; )\"><div id=\"covertext_frame_72_1\" style=\"width:459px; float:left\" class=\"wppa-text-frame-1 wppa-text-frame wppa-cover-text-frame wppa-asym-text-frame-1\"><h2 style=\"clear:none\" class=\"wppa-title\"><a title=\"View the album Dekoracja 11 listopada 2014r.\" style=\"cursor:pointer\" class=\"wppa-title\" onclick=\"wppaDoAjaxRender(event, 1, &#039;http:\/\/mariacka-lodz.com.pl\/index.php?rest_route=\/wp-photo-album-plus\/endPoint?action=wppa&wppa-action=render&wppa-size=640&occur=1&page_id=128&wppa-fromp=128&lang=pl&cache=1&album=72&cover=0&occur=1&data-alb=72&#039;, &#039;http:\/\/mariacka-lodz.com.pl\/?page_id=128&lang=pl&cache=1&album=e31cd7c078fb1e33&cover=0&occur=1&data-alb=72&#039; )\">Dekoracja 11 listopada 2014r.<\/a><\/h2><div style=\"min-height:54px;\" class=\"wppa-box-text wppa-black wppa-box-text-desc\"><\/div><div class=\"wppa-box-text wppa-black wppa-info wppa-slideshow-browse-link wppa-album-cover-link\"><a title=\"Slideshow\" style=\"cursor:pointer\" class=\"wppa-album-cover-link\" onclick=\"wppaDoAjaxRender(event, 1, &#039;http:\/\/mariacka-lodz.com.pl\/index.php?rest_route=\/wp-photo-album-plus\/endPoint?action=wppa&wppa-action=render&wppa-size=640&occur=1&page_id=128&wppa-fromp=128&lang=pl&cache=1&slide=1&occur=1&album=72&#039;, &#039;http:\/\/mariacka-lodz.com.pl\/?page_id=128&lang=pl&cache=1&slide=1&occur=1&album=e31cd7c078fb1e33&#039; )\">Slideshow<\/a><\/div><div class=\"wppa-box-text wppa-black wppa-info wppa-viewlink wppa-album-cover-link\"><a title=\"View the album Dekoracja 11 listopada 2014r.\" style=\"cursor:pointer;\" class=\"wppa-album-cover-link\" onclick=\"wppaDoAjaxRender(event, 1, &#039;http:\/\/mariacka-lodz.com.pl\/index.php?rest_route=\/wp-photo-album-plus\/endPoint?action=wppa&wppa-action=render&wppa-size=640&occur=1&page_id=128&wppa-fromp=128&lang=pl&cache=1&album=72&cover=0&occur=1&data-alb=72&#039;, &#039;http:\/\/mariacka-lodz.com.pl\/?page_id=128&lang=pl&cache=1&album=e31cd7c078fb1e33&cover=0&occur=1&data-alb=72&#039; )\">View&nbsp;27&nbsp;photos<\/a><\/div><\/div><div id=\"coverphoto_frame_72_1\" style=\"float:right; margin-left:5px;width:160px;\" class=\"coverphoto-frame\"><div title=\" \" style=\"display:inline-block;margin:0 4px;\" onclick=\"wppaStopProp(event)\"><a title=\"View the album Dekoracja 11 listopada 2014r.\" style=\"border:0;color:transparent;cursor:pointer;\" target=\"_self\" onclick=\"wppaDoAjaxRender(event, 1, &#039;http:\/\/mariacka-lodz.com.pl\/index.php?rest_route=\/wp-photo-album-plus\/endPoint?action=wppa&wppa-action=render&wppa-size=640&occur=1&page_id=128&wppa-fromp=128&lang=pl&cache=1&album=72&cover=0&occur=1&data-alb=72&#039;, &#039;http:\/\/mariacka-lodz.com.pl\/?page_id=128&lang=pl&cache=1&album=e31cd7c078fb1e33&cover=0&occur=1&data-alb=72&#039; )\"><img decoding=\"async\" style=\"border-width:0px;width:150px;height:113px;opacity:0.85;display:inline;\" src=\"http:\/\/mariacka-lodz.com.pl\/wp-content\/uploads\/wppa\/thumbs\/2133.jpg?ver=9\" alt=\"DSCF1693.JPG\" class=\"image wppa-img\" onmouseover=\"jQuery(this).fadeTo(400, 1.0)\" onmouseout=\"jQuery(this).fadeTo(400,0.85)\"><\/a><\/div><\/div><div title=\" \" onclick=\"wppaStopProp(event);\"><\/div><div style=\"clear:both;\"><\/div><\/div><div id=\"album-71-1\" title=\"View the album Procesja z odczytaniem wypomink\u00f3w za zmar\u0142ych\" style=\"width:100%;float:right;cursor:pointer;\" class=\"wppa-album-cover-standard album wppa-box wppa-cover-box wppa-cover-box-1\" onclick=\"wppaDoAjaxRender(event, 1, &#039;http:\/\/mariacka-lodz.com.pl\/index.php?rest_route=\/wp-photo-album-plus\/endPoint?action=wppa&wppa-action=render&wppa-size=640&occur=1&page_id=128&wppa-fromp=128&lang=pl&cache=1&album=71&cover=0&occur=1&data-alb=71&#039;, &#039;http:\/\/mariacka-lodz.com.pl\/?page_id=128&lang=pl&cache=1&album=e900e2c1da70f27b&cover=0&occur=1&data-alb=71&#039; )\"><div id=\"covertext_frame_71_1\" style=\"width:459px; float:left\" class=\"wppa-text-frame-1 wppa-text-frame wppa-cover-text-frame wppa-asym-text-frame-1\"><h2 style=\"clear:none\" class=\"wppa-title\"><a title=\"View the album Procesja z odczytaniem wypomink\u00f3w za zmar\u0142ych\" style=\"cursor:pointer\" class=\"wppa-title\" onclick=\"wppaDoAjaxRender(event, 1, &#039;http:\/\/mariacka-lodz.com.pl\/index.php?rest_route=\/wp-photo-album-plus\/endPoint?action=wppa&wppa-action=render&wppa-size=640&occur=1&page_id=128&wppa-fromp=128&lang=pl&cache=1&album=71&cover=0&occur=1&data-alb=71&#039;, &#039;http:\/\/mariacka-lodz.com.pl\/?page_id=128&lang=pl&cache=1&album=e900e2c1da70f27b&cover=0&occur=1&data-alb=71&#039; )\">Procesja z odczytaniem wypomink\u00f3w za zmar\u0142ych<\/a><\/h2><div style=\"min-height:54px;\" class=\"wppa-box-text wppa-black wppa-box-text-desc\"><\/div><div class=\"wppa-box-text wppa-black wppa-info wppa-slideshow-browse-link wppa-album-cover-link\"><a title=\"Slideshow\" style=\"cursor:pointer\" class=\"wppa-album-cover-link\" onclick=\"wppaDoAjaxRender(event, 1, &#039;http:\/\/mariacka-lodz.com.pl\/index.php?rest_route=\/wp-photo-album-plus\/endPoint?action=wppa&wppa-action=render&wppa-size=640&occur=1&page_id=128&wppa-fromp=128&lang=pl&cache=1&slide=1&occur=1&album=71&#039;, &#039;http:\/\/mariacka-lodz.com.pl\/?page_id=128&lang=pl&cache=1&slide=1&occur=1&album=e900e2c1da70f27b&#039; )\">Slideshow<\/a><\/div><div class=\"wppa-box-text wppa-black wppa-info wppa-viewlink wppa-album-cover-link\"><a title=\"View the album Procesja z odczytaniem wypomink\u00f3w za zmar\u0142ych\" style=\"cursor:pointer;\" class=\"wppa-album-cover-link\" onclick=\"wppaDoAjaxRender(event, 1, &#039;http:\/\/mariacka-lodz.com.pl\/index.php?rest_route=\/wp-photo-album-plus\/endPoint?action=wppa&wppa-action=render&wppa-size=640&occur=1&page_id=128&wppa-fromp=128&lang=pl&cache=1&album=71&cover=0&occur=1&data-alb=71&#039;, &#039;http:\/\/mariacka-lodz.com.pl\/?page_id=128&lang=pl&cache=1&album=e900e2c1da70f27b&cover=0&occur=1&data-alb=71&#039; )\">View&nbsp;37&nbsp;photos<\/a><\/div><\/div><div id=\"coverphoto_frame_71_1\" style=\"float:right; margin-left:5px;width:160px;\" class=\"coverphoto-frame\"><div title=\" \" style=\"display:inline-block;margin:0 4px;\" onclick=\"wppaStopProp(event)\"><a title=\"View the album Procesja z odczytaniem wypomink\u00f3w za zmar\u0142ych\" style=\"border:0;color:transparent;cursor:pointer;\" target=\"_self\" onclick=\"wppaDoAjaxRender(event, 1, &#039;http:\/\/mariacka-lodz.com.pl\/index.php?rest_route=\/wp-photo-album-plus\/endPoint?action=wppa&wppa-action=render&wppa-size=640&occur=1&page_id=128&wppa-fromp=128&lang=pl&cache=1&album=71&cover=0&occur=1&data-alb=71&#039;, &#039;http:\/\/mariacka-lodz.com.pl\/?page_id=128&lang=pl&cache=1&album=e900e2c1da70f27b&cover=0&occur=1&data-alb=71&#039; )\"><img decoding=\"async\" style=\"border-width:0px;width:150px;height:113px;opacity:0.85;display:inline;\" src=\"http:\/\/mariacka-lodz.com.pl\/wp-content\/uploads\/wppa\/thumbs\/2096.jpg?ver=9\" alt=\"DSCF1609.JPG\" class=\"image wppa-img\" onmouseover=\"jQuery(this).fadeTo(400, 1.0)\" onmouseout=\"jQuery(this).fadeTo(400,0.85)\"><\/a><\/div><\/div><div title=\" \" onclick=\"wppaStopProp(event);\"><\/div><div style=\"clear:both;\"><\/div><\/div><div id=\"album-70-1\" title=\"View the album Dekoracja na Uroczysto\u015b\u0107 Wszystkich \u015awi\u0119tych i Dzie\u0144 Zaduszny 2014r.\" style=\"width:100%;float:right;cursor:pointer;\" class=\"wppa-album-cover-standard album wppa-box wppa-cover-box wppa-cover-box-1\" onclick=\"wppaDoAjaxRender(event, 1, &#039;http:\/\/mariacka-lodz.com.pl\/index.php?rest_route=\/wp-photo-album-plus\/endPoint?action=wppa&wppa-action=render&wppa-size=640&occur=1&page_id=128&wppa-fromp=128&lang=pl&cache=1&album=70&cover=0&occur=1&data-alb=70&#039;, &#039;http:\/\/mariacka-lodz.com.pl\/?page_id=128&lang=pl&cache=1&album=c814468aac305d68&cover=0&occur=1&data-alb=70&#039; )\"><div id=\"covertext_frame_70_1\" style=\"width:459px; float:left\" class=\"wppa-text-frame-1 wppa-text-frame wppa-cover-text-frame wppa-asym-text-frame-1\"><h2 style=\"clear:none\" class=\"wppa-title\"><a title=\"View the album Dekoracja na Uroczysto\u015b\u0107 Wszystkich \u015awi\u0119tych i Dzie\u0144 Zaduszny 2014r.\" style=\"cursor:pointer\" class=\"wppa-title\" onclick=\"wppaDoAjaxRender(event, 1, &#039;http:\/\/mariacka-lodz.com.pl\/index.php?rest_route=\/wp-photo-album-plus\/endPoint?action=wppa&wppa-action=render&wppa-size=640&occur=1&page_id=128&wppa-fromp=128&lang=pl&cache=1&album=70&cover=0&occur=1&data-alb=70&#039;, &#039;http:\/\/mariacka-lodz.com.pl\/?page_id=128&lang=pl&cache=1&album=c814468aac305d68&cover=0&occur=1&data-alb=70&#039; )\">Dekoracja na Uroczysto\u015b\u0107 Wszystkich \u015awi\u0119tych i Dzie\u0144 Zaduszny 2014r.<\/a><\/h2><div style=\"min-height:54px;\" class=\"wppa-box-text wppa-black wppa-box-text-desc\"><\/div><div class=\"wppa-box-text wppa-black wppa-info wppa-slideshow-browse-link wppa-album-cover-link\"><a title=\"Slideshow\" style=\"cursor:pointer\" class=\"wppa-album-cover-link\" onclick=\"wppaDoAjaxRender(event, 1, &#039;http:\/\/mariacka-lodz.com.pl\/index.php?rest_route=\/wp-photo-album-plus\/endPoint?action=wppa&wppa-action=render&wppa-size=640&occur=1&page_id=128&wppa-fromp=128&lang=pl&cache=1&slide=1&occur=1&album=70&#039;, &#039;http:\/\/mariacka-lodz.com.pl\/?page_id=128&lang=pl&cache=1&slide=1&occur=1&album=c814468aac305d68&#039; )\">Slideshow<\/a><\/div><div class=\"wppa-box-text wppa-black wppa-info wppa-viewlink wppa-album-cover-link\"><a title=\"View the album Dekoracja na Uroczysto\u015b\u0107 Wszystkich \u015awi\u0119tych i Dzie\u0144 Zaduszny 2014r.\" style=\"cursor:pointer;\" class=\"wppa-album-cover-link\" onclick=\"wppaDoAjaxRender(event, 1, &#039;http:\/\/mariacka-lodz.com.pl\/index.php?rest_route=\/wp-photo-album-plus\/endPoint?action=wppa&wppa-action=render&wppa-size=640&occur=1&page_id=128&wppa-fromp=128&lang=pl&cache=1&album=70&cover=0&occur=1&data-alb=70&#039;, &#039;http:\/\/mariacka-lodz.com.pl\/?page_id=128&lang=pl&cache=1&album=c814468aac305d68&cover=0&occur=1&data-alb=70&#039; )\">View&nbsp;25&nbsp;photos<\/a><\/div><\/div><div id=\"coverphoto_frame_70_1\" style=\"float:right; margin-left:5px;width:160px;\" class=\"coverphoto-frame\"><div title=\" \" style=\"display:inline-block;margin:0 4px;\" onclick=\"wppaStopProp(event)\"><a title=\"View the album Dekoracja na Uroczysto\u015b\u0107 Wszystkich \u015awi\u0119tych i Dzie\u0144 Zaduszny 2014r.\" style=\"border:0;color:transparent;cursor:pointer;\" target=\"_self\" onclick=\"wppaDoAjaxRender(event, 1, &#039;http:\/\/mariacka-lodz.com.pl\/index.php?rest_route=\/wp-photo-album-plus\/endPoint?action=wppa&wppa-action=render&wppa-size=640&occur=1&page_id=128&wppa-fromp=128&lang=pl&cache=1&album=70&cover=0&occur=1&data-alb=70&#039;, &#039;http:\/\/mariacka-lodz.com.pl\/?page_id=128&lang=pl&cache=1&album=c814468aac305d68&cover=0&occur=1&data-alb=70&#039; )\"><img decoding=\"async\" style=\"border-width:0px;width:150px;height:113px;opacity:0.85;display:inline;\" src=\"http:\/\/mariacka-lodz.com.pl\/wp-content\/uploads\/wppa\/thumbs\/2071.jpg?ver=9\" alt=\"DSCF1567.JPG\" class=\"image wppa-img\" onmouseover=\"jQuery(this).fadeTo(400, 1.0)\" onmouseout=\"jQuery(this).fadeTo(400,0.85)\"><\/a><\/div><\/div><div title=\" \" onclick=\"wppaStopProp(event);\"><\/div><div style=\"clear:both;\"><\/div><\/div><div id=\"album-69-1\" title=\"View the album Dekoracja pa\u017adziernikowa 2014r.\" style=\"width:100%;float:right;cursor:pointer;\" class=\"wppa-album-cover-standard album wppa-box wppa-cover-box wppa-cover-box-1\" onclick=\"wppaDoAjaxRender(event, 1, &#039;http:\/\/mariacka-lodz.com.pl\/index.php?rest_route=\/wp-photo-album-plus\/endPoint?action=wppa&wppa-action=render&wppa-size=640&occur=1&page_id=128&wppa-fromp=128&lang=pl&cache=1&album=69&cover=0&occur=1&data-alb=69&#039;, &#039;http:\/\/mariacka-lodz.com.pl\/?page_id=128&lang=pl&cache=1&album=c551c2ca0cfb9fbd&cover=0&occur=1&data-alb=69&#039; )\"><div id=\"covertext_frame_69_1\" style=\"width:459px; float:left\" class=\"wppa-text-frame-1 wppa-text-frame wppa-cover-text-frame wppa-asym-text-frame-1\"><h2 style=\"clear:none\" class=\"wppa-title\"><a title=\"View the album Dekoracja pa\u017adziernikowa 2014r.\" style=\"cursor:pointer\" class=\"wppa-title\" onclick=\"wppaDoAjaxRender(event, 1, &#039;http:\/\/mariacka-lodz.com.pl\/index.php?rest_route=\/wp-photo-album-plus\/endPoint?action=wppa&wppa-action=render&wppa-size=640&occur=1&page_id=128&wppa-fromp=128&lang=pl&cache=1&album=69&cover=0&occur=1&data-alb=69&#039;, &#039;http:\/\/mariacka-lodz.com.pl\/?page_id=128&lang=pl&cache=1&album=c551c2ca0cfb9fbd&cover=0&occur=1&data-alb=69&#039; )\">Dekoracja pa\u017adziernikowa 2014r.<\/a><\/h2><div style=\"min-height:54px;\" class=\"wppa-box-text wppa-black wppa-box-text-desc\"><\/div><div class=\"wppa-box-text wppa-black wppa-info wppa-slideshow-browse-link wppa-album-cover-link\"><a title=\"Slideshow\" style=\"cursor:pointer\" class=\"wppa-album-cover-link\" onclick=\"wppaDoAjaxRender(event, 1, &#039;http:\/\/mariacka-lodz.com.pl\/index.php?rest_route=\/wp-photo-album-plus\/endPoint?action=wppa&wppa-action=render&wppa-size=640&occur=1&page_id=128&wppa-fromp=128&lang=pl&cache=1&slide=1&occur=1&album=69&#039;, &#039;http:\/\/mariacka-lodz.com.pl\/?page_id=128&lang=pl&cache=1&slide=1&occur=1&album=c551c2ca0cfb9fbd&#039; )\">Slideshow<\/a><\/div><div class=\"wppa-box-text wppa-black wppa-info wppa-viewlink wppa-album-cover-link\"><a title=\"View the album Dekoracja pa\u017adziernikowa 2014r.\" style=\"cursor:pointer;\" class=\"wppa-album-cover-link\" onclick=\"wppaDoAjaxRender(event, 1, &#039;http:\/\/mariacka-lodz.com.pl\/index.php?rest_route=\/wp-photo-album-plus\/endPoint?action=wppa&wppa-action=render&wppa-size=640&occur=1&page_id=128&wppa-fromp=128&lang=pl&cache=1&album=69&cover=0&occur=1&data-alb=69&#039;, &#039;http:\/\/mariacka-lodz.com.pl\/?page_id=128&lang=pl&cache=1&album=c551c2ca0cfb9fbd&cover=0&occur=1&data-alb=69&#039; )\">View&nbsp;19&nbsp;photos<\/a><\/div><\/div><div id=\"coverphoto_frame_69_1\" style=\"float:right; margin-left:5px;width:160px;\" class=\"coverphoto-frame\"><div title=\" \" style=\"display:inline-block;margin:0 4px;\" onclick=\"wppaStopProp(event)\"><a title=\"View the album Dekoracja pa\u017adziernikowa 2014r.\" style=\"border:0;color:transparent;cursor:pointer;\" target=\"_self\" onclick=\"wppaDoAjaxRender(event, 1, &#039;http:\/\/mariacka-lodz.com.pl\/index.php?rest_route=\/wp-photo-album-plus\/endPoint?action=wppa&wppa-action=render&wppa-size=640&occur=1&page_id=128&wppa-fromp=128&lang=pl&cache=1&album=69&cover=0&occur=1&data-alb=69&#039;, &#039;http:\/\/mariacka-lodz.com.pl\/?page_id=128&lang=pl&cache=1&album=c551c2ca0cfb9fbd&cover=0&occur=1&data-alb=69&#039; )\"><img decoding=\"async\" style=\"border-width:0px;width:150px;height:113px;opacity:0.85;display:inline;\" src=\"http:\/\/mariacka-lodz.com.pl\/wp-content\/uploads\/wppa\/thumbs\/2052.jpg?ver=9\" alt=\"DSCF1545.JPG\" class=\"image wppa-img\" onmouseover=\"jQuery(this).fadeTo(400, 1.0)\" onmouseout=\"jQuery(this).fadeTo(400,0.85)\"><\/a><\/div><\/div><div title=\" \" onclick=\"wppaStopProp(event);\"><\/div><div style=\"clear:both;\"><\/div><\/div><div id=\"album-68-1\" title=\"View the album Nabo\u017ce\u0144stwo R\u00f3\u017ca\u0144cowe z udzia\u0142em dzieci\" style=\"width:100%;float:right;cursor:pointer;\" class=\"wppa-album-cover-standard album wppa-box wppa-cover-box wppa-cover-box-1\" onclick=\"wppaDoAjaxRender(event, 1, &#039;http:\/\/mariacka-lodz.com.pl\/index.php?rest_route=\/wp-photo-album-plus\/endPoint?action=wppa&wppa-action=render&wppa-size=640&occur=1&page_id=128&wppa-fromp=128&lang=pl&cache=1&album=68&cover=0&occur=1&data-alb=68&#039;, &#039;http:\/\/mariacka-lodz.com.pl\/?page_id=128&lang=pl&cache=1&album=a2cb6e484ad0583c&cover=0&occur=1&data-alb=68&#039; )\"><div id=\"covertext_frame_68_1\" style=\"width:459px; float:left\" class=\"wppa-text-frame-1 wppa-text-frame wppa-cover-text-frame wppa-asym-text-frame-1\"><h2 style=\"clear:none\" class=\"wppa-title\"><a title=\"View the album Nabo\u017ce\u0144stwo R\u00f3\u017ca\u0144cowe z udzia\u0142em dzieci\" style=\"cursor:pointer\" class=\"wppa-title\" onclick=\"wppaDoAjaxRender(event, 1, &#039;http:\/\/mariacka-lodz.com.pl\/index.php?rest_route=\/wp-photo-album-plus\/endPoint?action=wppa&wppa-action=render&wppa-size=640&occur=1&page_id=128&wppa-fromp=128&lang=pl&cache=1&album=68&cover=0&occur=1&data-alb=68&#039;, &#039;http:\/\/mariacka-lodz.com.pl\/?page_id=128&lang=pl&cache=1&album=a2cb6e484ad0583c&cover=0&occur=1&data-alb=68&#039; )\">Nabo\u017ce\u0144stwo R\u00f3\u017ca\u0144cowe z udzia\u0142em dzieci<\/a><\/h2><div style=\"min-height:54px;\" class=\"wppa-box-text wppa-black wppa-box-text-desc\"><\/div><div class=\"wppa-box-text wppa-black wppa-info wppa-slideshow-browse-link wppa-album-cover-link\"><a title=\"Slideshow\" style=\"cursor:pointer\" class=\"wppa-album-cover-link\" onclick=\"wppaDoAjaxRender(event, 1, &#039;http:\/\/mariacka-lodz.com.pl\/index.php?rest_route=\/wp-photo-album-plus\/endPoint?action=wppa&wppa-action=render&wppa-size=640&occur=1&page_id=128&wppa-fromp=128&lang=pl&cache=1&slide=1&occur=1&album=68&#039;, &#039;http:\/\/mariacka-lodz.com.pl\/?page_id=128&lang=pl&cache=1&slide=1&occur=1&album=a2cb6e484ad0583c&#039; )\">Slideshow<\/a><\/div><div class=\"wppa-box-text wppa-black wppa-info wppa-viewlink wppa-album-cover-link\"><a title=\"View the album Nabo\u017ce\u0144stwo R\u00f3\u017ca\u0144cowe z udzia\u0142em dzieci\" style=\"cursor:pointer;\" class=\"wppa-album-cover-link\" onclick=\"wppaDoAjaxRender(event, 1, &#039;http:\/\/mariacka-lodz.com.pl\/index.php?rest_route=\/wp-photo-album-plus\/endPoint?action=wppa&wppa-action=render&wppa-size=640&occur=1&page_id=128&wppa-fromp=128&lang=pl&cache=1&album=68&cover=0&occur=1&data-alb=68&#039;, &#039;http:\/\/mariacka-lodz.com.pl\/?page_id=128&lang=pl&cache=1&album=a2cb6e484ad0583c&cover=0&occur=1&data-alb=68&#039; )\">View&nbsp;20&nbsp;photos<\/a><\/div><\/div><div id=\"coverphoto_frame_68_1\" style=\"float:right; margin-left:5px;width:160px;\" class=\"coverphoto-frame\"><div title=\" \" style=\"display:inline-block;margin:0 4px;\" onclick=\"wppaStopProp(event)\"><a title=\"View the album Nabo\u017ce\u0144stwo R\u00f3\u017ca\u0144cowe z udzia\u0142em dzieci\" style=\"border:0;color:transparent;cursor:pointer;\" target=\"_self\" onclick=\"wppaDoAjaxRender(event, 1, &#039;http:\/\/mariacka-lodz.com.pl\/index.php?rest_route=\/wp-photo-album-plus\/endPoint?action=wppa&wppa-action=render&wppa-size=640&occur=1&page_id=128&wppa-fromp=128&lang=pl&cache=1&album=68&cover=0&occur=1&data-alb=68&#039;, &#039;http:\/\/mariacka-lodz.com.pl\/?page_id=128&lang=pl&cache=1&album=a2cb6e484ad0583c&cover=0&occur=1&data-alb=68&#039; )\"><img decoding=\"async\" style=\"border-width:0px;width:150px;height:113px;opacity:0.85;display:inline;\" src=\"http:\/\/mariacka-lodz.com.pl\/wp-content\/uploads\/wppa\/thumbs\/2032.jpg?ver=9\" alt=\"DSCF1515.JPG\" class=\"image wppa-img\" onmouseover=\"jQuery(this).fadeTo(400, 1.0)\" onmouseout=\"jQuery(this).fadeTo(400,0.85)\"><\/a><\/div><\/div><div title=\" \" onclick=\"wppaStopProp(event);\"><\/div><div style=\"clear:both;\"><\/div><\/div><div id=\"album-67-1\" title=\"View the album Nowe szaty liturgiczne\" style=\"width:100%;float:right;cursor:pointer;\" class=\"wppa-album-cover-standard album wppa-box wppa-cover-box wppa-cover-box-1\" onclick=\"wppaDoAjaxRender(event, 1, &#039;http:\/\/mariacka-lodz.com.pl\/index.php?rest_route=\/wp-photo-album-plus\/endPoint?action=wppa&wppa-action=render&wppa-size=640&occur=1&page_id=128&wppa-fromp=128&lang=pl&cache=1&album=67&cover=0&occur=1&data-alb=67&#039;, &#039;http:\/\/mariacka-lodz.com.pl\/?page_id=128&lang=pl&cache=1&album=d0b8a2adf1b669b2&cover=0&occur=1&data-alb=67&#039; )\"><div id=\"covertext_frame_67_1\" style=\"width:459px; float:left\" class=\"wppa-text-frame-1 wppa-text-frame wppa-cover-text-frame wppa-asym-text-frame-1\"><h2 style=\"clear:none\" class=\"wppa-title\"><a title=\"View the album Nowe szaty liturgiczne\" style=\"cursor:pointer\" class=\"wppa-title\" onclick=\"wppaDoAjaxRender(event, 1, &#039;http:\/\/mariacka-lodz.com.pl\/index.php?rest_route=\/wp-photo-album-plus\/endPoint?action=wppa&wppa-action=render&wppa-size=640&occur=1&page_id=128&wppa-fromp=128&lang=pl&cache=1&album=67&cover=0&occur=1&data-alb=67&#039;, &#039;http:\/\/mariacka-lodz.com.pl\/?page_id=128&lang=pl&cache=1&album=d0b8a2adf1b669b2&cover=0&occur=1&data-alb=67&#039; )\">Nowe szaty liturgiczne<\/a><\/h2><div style=\"min-height:54px;\" class=\"wppa-box-text wppa-black wppa-box-text-desc\">Zosta\u0142y zakupione i po\u015bwi\u0119cone nowe szaty liturgiczne.<\/div><div class=\"wppa-box-text wppa-black wppa-info wppa-slideshow-browse-link wppa-album-cover-link\"><a title=\"Slideshow\" style=\"cursor:pointer\" class=\"wppa-album-cover-link\" onclick=\"wppaDoAjaxRender(event, 1, &#039;http:\/\/mariacka-lodz.com.pl\/index.php?rest_route=\/wp-photo-album-plus\/endPoint?action=wppa&wppa-action=render&wppa-size=640&occur=1&page_id=128&wppa-fromp=128&lang=pl&cache=1&slide=1&occur=1&album=67&#039;, &#039;http:\/\/mariacka-lodz.com.pl\/?page_id=128&lang=pl&cache=1&slide=1&occur=1&album=d0b8a2adf1b669b2&#039; )\">Slideshow<\/a><\/div><div class=\"wppa-box-text wppa-black wppa-info wppa-viewlink wppa-album-cover-link\"><a title=\"View the album Nowe szaty liturgiczne\" style=\"cursor:pointer;\" class=\"wppa-album-cover-link\" onclick=\"wppaDoAjaxRender(event, 1, &#039;http:\/\/mariacka-lodz.com.pl\/index.php?rest_route=\/wp-photo-album-plus\/endPoint?action=wppa&wppa-action=render&wppa-size=640&occur=1&page_id=128&wppa-fromp=128&lang=pl&cache=1&album=67&cover=0&occur=1&data-alb=67&#039;, &#039;http:\/\/mariacka-lodz.com.pl\/?page_id=128&lang=pl&cache=1&album=d0b8a2adf1b669b2&cover=0&occur=1&data-alb=67&#039; )\">View&nbsp;23&nbsp;photos<\/a><\/div><\/div><div id=\"coverphoto_frame_67_1\" style=\"float:right; margin-left:5px;width:160px;\" class=\"coverphoto-frame\"><div title=\" \" style=\"display:inline-block;margin:0 4px;\" onclick=\"wppaStopProp(event)\"><a title=\"View the album Nowe szaty liturgiczne\" style=\"border:0;color:transparent;cursor:pointer;\" target=\"_self\" onclick=\"wppaDoAjaxRender(event, 1, &#039;http:\/\/mariacka-lodz.com.pl\/index.php?rest_route=\/wp-photo-album-plus\/endPoint?action=wppa&wppa-action=render&wppa-size=640&occur=1&page_id=128&wppa-fromp=128&lang=pl&cache=1&album=67&cover=0&occur=1&data-alb=67&#039;, &#039;http:\/\/mariacka-lodz.com.pl\/?page_id=128&lang=pl&cache=1&album=d0b8a2adf1b669b2&cover=0&occur=1&data-alb=67&#039; )\"><img decoding=\"async\" style=\"border-width:0px;width:150px;height:113px;opacity:0.85;display:inline;\" src=\"http:\/\/mariacka-lodz.com.pl\/wp-content\/uploads\/wppa\/thumbs\/2009.jpg?ver=9\" alt=\"DSC_0053.JPG\" class=\"image wppa-img\" onmouseover=\"jQuery(this).fadeTo(400, 1.0)\" onmouseout=\"jQuery(this).fadeTo(400,0.85)\"><\/a><\/div><\/div><div title=\" \" onclick=\"wppaStopProp(event);\"><\/div><div style=\"clear:both;\"><\/div><\/div><div id=\"album-66-1\" title=\"View the album Obrz\u0119d przyj\u0119cia w poczet Liturgicznej S\u0142u\u017cby O\u0142tarza dw\u00f3ch nowych ministrant\u00f3w - 14.09,2014 r.\" style=\"width:100%;float:right;cursor:pointer;\" class=\"wppa-album-cover-standard album wppa-box wppa-cover-box wppa-cover-box-1\" onclick=\"wppaDoAjaxRender(event, 1, &#039;http:\/\/mariacka-lodz.com.pl\/index.php?rest_route=\/wp-photo-album-plus\/endPoint?action=wppa&wppa-action=render&wppa-size=640&occur=1&page_id=128&wppa-fromp=128&lang=pl&cache=1&album=66&cover=0&occur=1&data-alb=66&#039;, &#039;http:\/\/mariacka-lodz.com.pl\/?page_id=128&lang=pl&cache=1&album=bca9694838a0607f&cover=0&occur=1&data-alb=66&#039; )\"><div id=\"covertext_frame_66_1\" style=\"width:459px; float:left\" class=\"wppa-text-frame-1 wppa-text-frame wppa-cover-text-frame wppa-asym-text-frame-1\"><h2 style=\"clear:none\" class=\"wppa-title\"><a title=\"View the album Obrz\u0119d przyj\u0119cia w poczet Liturgicznej S\u0142u\u017cby O\u0142tarza dw\u00f3ch nowych ministrant\u00f3w - 14.09,2014 r.\" style=\"cursor:pointer\" class=\"wppa-title\" onclick=\"wppaDoAjaxRender(event, 1, &#039;http:\/\/mariacka-lodz.com.pl\/index.php?rest_route=\/wp-photo-album-plus\/endPoint?action=wppa&wppa-action=render&wppa-size=640&occur=1&page_id=128&wppa-fromp=128&lang=pl&cache=1&album=66&cover=0&occur=1&data-alb=66&#039;, &#039;http:\/\/mariacka-lodz.com.pl\/?page_id=128&lang=pl&cache=1&album=bca9694838a0607f&cover=0&occur=1&data-alb=66&#039; )\">Obrz\u0119d przyj\u0119cia w poczet Liturgicznej S\u0142u\u017cby O\u0142tarza dw\u00f3ch nowych ministrant\u00f3w - 14.09,2014 r.<\/a><\/h2><div style=\"min-height:54px;\" class=\"wppa-box-text wppa-black wppa-box-text-desc\"><\/div><div class=\"wppa-box-text wppa-black wppa-info wppa-slideshow-browse-link wppa-album-cover-link\"><a title=\"Slideshow\" style=\"cursor:pointer\" class=\"wppa-album-cover-link\" onclick=\"wppaDoAjaxRender(event, 1, &#039;http:\/\/mariacka-lodz.com.pl\/index.php?rest_route=\/wp-photo-album-plus\/endPoint?action=wppa&wppa-action=render&wppa-size=640&occur=1&page_id=128&wppa-fromp=128&lang=pl&cache=1&slide=1&occur=1&album=66&#039;, &#039;http:\/\/mariacka-lodz.com.pl\/?page_id=128&lang=pl&cache=1&slide=1&occur=1&album=bca9694838a0607f&#039; )\">Slideshow<\/a><\/div><div class=\"wppa-box-text wppa-black wppa-info wppa-viewlink wppa-album-cover-link\"><a title=\"View the album Obrz\u0119d przyj\u0119cia w poczet Liturgicznej S\u0142u\u017cby O\u0142tarza dw\u00f3ch nowych ministrant\u00f3w - 14.09,2014 r.\" style=\"cursor:pointer;\" class=\"wppa-album-cover-link\" onclick=\"wppaDoAjaxRender(event, 1, &#039;http:\/\/mariacka-lodz.com.pl\/index.php?rest_route=\/wp-photo-album-plus\/endPoint?action=wppa&wppa-action=render&wppa-size=640&occur=1&page_id=128&wppa-fromp=128&lang=pl&cache=1&album=66&cover=0&occur=1&data-alb=66&#039;, &#039;http:\/\/mariacka-lodz.com.pl\/?page_id=128&lang=pl&cache=1&album=bca9694838a0607f&cover=0&occur=1&data-alb=66&#039; )\">View&nbsp;13&nbsp;photos<\/a><\/div><\/div><div id=\"coverphoto_frame_66_1\" style=\"float:right; margin-left:5px;width:160px;\" class=\"coverphoto-frame\"><div title=\" \" style=\"display:inline-block;margin:0 4px;\" onclick=\"wppaStopProp(event)\"><a title=\"View the album Obrz\u0119d przyj\u0119cia w poczet Liturgicznej S\u0142u\u017cby O\u0142tarza dw\u00f3ch nowych ministrant\u00f3w - 14.09,2014 r.\" style=\"border:0;color:transparent;cursor:pointer;\" target=\"_self\" onclick=\"wppaDoAjaxRender(event, 1, &#039;http:\/\/mariacka-lodz.com.pl\/index.php?rest_route=\/wp-photo-album-plus\/endPoint?action=wppa&wppa-action=render&wppa-size=640&occur=1&page_id=128&wppa-fromp=128&lang=pl&cache=1&album=66&cover=0&occur=1&data-alb=66&#039;, &#039;http:\/\/mariacka-lodz.com.pl\/?page_id=128&lang=pl&cache=1&album=bca9694838a0607f&cover=0&occur=1&data-alb=66&#039; )\"><img decoding=\"async\" style=\"border-width:0px;width:150px;height:113px;opacity:0.85;display:inline;\" src=\"http:\/\/mariacka-lodz.com.pl\/wp-content\/uploads\/wppa\/thumbs\/1990.jpg?ver=9\" alt=\"DSCF1418.JPG\" class=\"image wppa-img\" onmouseover=\"jQuery(this).fadeTo(400, 1.0)\" onmouseout=\"jQuery(this).fadeTo(400,0.85)\"><\/a><\/div><\/div><div title=\" \" onclick=\"wppaStopProp(event);\"><\/div><div style=\"clear:both;\"><\/div><\/div><div id=\"album-65-1\" title=\"View the album Dzi\u0119kczynienie za plony - 14.09.2014 r.\" style=\"width:100%;float:right;cursor:pointer;\" class=\"wppa-album-cover-standard album wppa-box wppa-cover-box wppa-cover-box-1\" onclick=\"wppaDoAjaxRender(event, 1, &#039;http:\/\/mariacka-lodz.com.pl\/index.php?rest_route=\/wp-photo-album-plus\/endPoint?action=wppa&wppa-action=render&wppa-size=640&occur=1&page_id=128&wppa-fromp=128&lang=pl&cache=1&album=65&cover=0&occur=1&data-alb=65&#039;, &#039;http:\/\/mariacka-lodz.com.pl\/?page_id=128&lang=pl&cache=1&album=c3aa70bc35332a59&cover=0&occur=1&data-alb=65&#039; )\"><div id=\"covertext_frame_65_1\" style=\"width:459px; float:left\" class=\"wppa-text-frame-1 wppa-text-frame wppa-cover-text-frame wppa-asym-text-frame-1\"><h2 style=\"clear:none\" class=\"wppa-title\"><a title=\"View the album Dzi\u0119kczynienie za plony - 14.09.2014 r.\" style=\"cursor:pointer\" class=\"wppa-title\" onclick=\"wppaDoAjaxRender(event, 1, &#039;http:\/\/mariacka-lodz.com.pl\/index.php?rest_route=\/wp-photo-album-plus\/endPoint?action=wppa&wppa-action=render&wppa-size=640&occur=1&page_id=128&wppa-fromp=128&lang=pl&cache=1&album=65&cover=0&occur=1&data-alb=65&#039;, &#039;http:\/\/mariacka-lodz.com.pl\/?page_id=128&lang=pl&cache=1&album=c3aa70bc35332a59&cover=0&occur=1&data-alb=65&#039; )\">Dzi\u0119kczynienie za plony - 14.09.2014 r.<\/a><\/h2><div style=\"min-height:54px;\" class=\"wppa-box-text wppa-black wppa-box-text-desc\"><\/div><div class=\"wppa-box-text wppa-black wppa-info wppa-slideshow-browse-link wppa-album-cover-link\"><a title=\"Slideshow\" style=\"cursor:pointer\" class=\"wppa-album-cover-link\" onclick=\"wppaDoAjaxRender(event, 1, &#039;http:\/\/mariacka-lodz.com.pl\/index.php?rest_route=\/wp-photo-album-plus\/endPoint?action=wppa&wppa-action=render&wppa-size=640&occur=1&page_id=128&wppa-fromp=128&lang=pl&cache=1&slide=1&occur=1&album=65&#039;, &#039;http:\/\/mariacka-lodz.com.pl\/?page_id=128&lang=pl&cache=1&slide=1&occur=1&album=c3aa70bc35332a59&#039; )\">Slideshow<\/a><\/div><div class=\"wppa-box-text wppa-black wppa-info wppa-viewlink wppa-album-cover-link\"><a title=\"View the album Dzi\u0119kczynienie za plony - 14.09.2014 r.\" style=\"cursor:pointer;\" class=\"wppa-album-cover-link\" onclick=\"wppaDoAjaxRender(event, 1, &#039;http:\/\/mariacka-lodz.com.pl\/index.php?rest_route=\/wp-photo-album-plus\/endPoint?action=wppa&wppa-action=render&wppa-size=640&occur=1&page_id=128&wppa-fromp=128&lang=pl&cache=1&album=65&cover=0&occur=1&data-alb=65&#039;, &#039;http:\/\/mariacka-lodz.com.pl\/?page_id=128&lang=pl&cache=1&album=c3aa70bc35332a59&cover=0&occur=1&data-alb=65&#039; )\">View&nbsp;27&nbsp;photos<\/a><\/div><\/div><div id=\"coverphoto_frame_65_1\" style=\"float:right; margin-left:5px;width:160px;\" class=\"coverphoto-frame\"><div title=\" \" style=\"display:inline-block;margin:0 4px;\" onclick=\"wppaStopProp(event)\"><a title=\"View the album Dzi\u0119kczynienie za plony - 14.09.2014 r.\" style=\"border:0;color:transparent;cursor:pointer;\" target=\"_self\" onclick=\"wppaDoAjaxRender(event, 1, &#039;http:\/\/mariacka-lodz.com.pl\/index.php?rest_route=\/wp-photo-album-plus\/endPoint?action=wppa&wppa-action=render&wppa-size=640&occur=1&page_id=128&wppa-fromp=128&lang=pl&cache=1&album=65&cover=0&occur=1&data-alb=65&#039;, &#039;http:\/\/mariacka-lodz.com.pl\/?page_id=128&lang=pl&cache=1&album=c3aa70bc35332a59&cover=0&occur=1&data-alb=65&#039; )\"><img decoding=\"async\" style=\"border-width:0px;width:150px;height:113px;opacity:0.85;display:inline;\" src=\"http:\/\/mariacka-lodz.com.pl\/wp-content\/uploads\/wppa\/thumbs\/1969.jpg?ver=9\" alt=\"DSCF1367.JPG\" class=\"image wppa-img\" onmouseover=\"jQuery(this).fadeTo(400, 1.0)\" onmouseout=\"jQuery(this).fadeTo(400,0.85)\"><\/a><\/div><\/div><div title=\" \" onclick=\"wppaStopProp(event);\"><\/div><div style=\"clear:both;\"><\/div><\/div><div id=\"album-64-1\" title=\"View the album Pielgrzymka na Jasn\u0105 G\u00f3r\u0119 - 13.09.2014 r.\" style=\"width:100%;float:right;cursor:pointer;\" class=\"wppa-album-cover-standard album wppa-box wppa-cover-box wppa-cover-box-1\" onclick=\"wppaDoAjaxRender(event, 1, &#039;http:\/\/mariacka-lodz.com.pl\/index.php?rest_route=\/wp-photo-album-plus\/endPoint?action=wppa&wppa-action=render&wppa-size=640&occur=1&page_id=128&wppa-fromp=128&lang=pl&cache=1&album=64&cover=0&occur=1&data-alb=64&#039;, &#039;http:\/\/mariacka-lodz.com.pl\/?page_id=128&lang=pl&cache=1&album=0a9e50b64960f888&cover=0&occur=1&data-alb=64&#039; )\"><div id=\"covertext_frame_64_1\" style=\"width:459px; float:left\" class=\"wppa-text-frame-1 wppa-text-frame wppa-cover-text-frame wppa-asym-text-frame-1\"><h2 style=\"clear:none\" class=\"wppa-title\"><a title=\"View the album Pielgrzymka na Jasn\u0105 G\u00f3r\u0119 - 13.09.2014 r.\" style=\"cursor:pointer\" class=\"wppa-title\" onclick=\"wppaDoAjaxRender(event, 1, &#039;http:\/\/mariacka-lodz.com.pl\/index.php?rest_route=\/wp-photo-album-plus\/endPoint?action=wppa&wppa-action=render&wppa-size=640&occur=1&page_id=128&wppa-fromp=128&lang=pl&cache=1&album=64&cover=0&occur=1&data-alb=64&#039;, &#039;http:\/\/mariacka-lodz.com.pl\/?page_id=128&lang=pl&cache=1&album=0a9e50b64960f888&cover=0&occur=1&data-alb=64&#039; )\">Pielgrzymka na Jasn\u0105 G\u00f3r\u0119 - 13.09.2014 r.<\/a><\/h2><div style=\"min-height:54px;\" class=\"wppa-box-text wppa-black wppa-box-text-desc\"><\/div><div class=\"wppa-box-text wppa-black wppa-info wppa-slideshow-browse-link wppa-album-cover-link\"><a title=\"Slideshow\" style=\"cursor:pointer\" class=\"wppa-album-cover-link\" onclick=\"wppaDoAjaxRender(event, 1, &#039;http:\/\/mariacka-lodz.com.pl\/index.php?rest_route=\/wp-photo-album-plus\/endPoint?action=wppa&wppa-action=render&wppa-size=640&occur=1&page_id=128&wppa-fromp=128&lang=pl&cache=1&slide=1&occur=1&album=64&#039;, &#039;http:\/\/mariacka-lodz.com.pl\/?page_id=128&lang=pl&cache=1&slide=1&occur=1&album=0a9e50b64960f888&#039; )\">Slideshow<\/a><\/div><div class=\"wppa-box-text wppa-black wppa-info wppa-viewlink wppa-album-cover-link\"><a title=\"View the album Pielgrzymka na Jasn\u0105 G\u00f3r\u0119 - 13.09.2014 r.\" style=\"cursor:pointer;\" class=\"wppa-album-cover-link\" onclick=\"wppaDoAjaxRender(event, 1, &#039;http:\/\/mariacka-lodz.com.pl\/index.php?rest_route=\/wp-photo-album-plus\/endPoint?action=wppa&wppa-action=render&wppa-size=640&occur=1&page_id=128&wppa-fromp=128&lang=pl&cache=1&album=64&cover=0&occur=1&data-alb=64&#039;, &#039;http:\/\/mariacka-lodz.com.pl\/?page_id=128&lang=pl&cache=1&album=0a9e50b64960f888&cover=0&occur=1&data-alb=64&#039; )\">View&nbsp;18&nbsp;photos<\/a><\/div><\/div><div id=\"coverphoto_frame_64_1\" style=\"float:right; margin-left:5px;width:160px;\" class=\"coverphoto-frame\"><div title=\" \" style=\"display:inline-block;margin:0 4px;\" onclick=\"wppaStopProp(event)\"><a title=\"View the album Pielgrzymka na Jasn\u0105 G\u00f3r\u0119 - 13.09.2014 r.\" style=\"border:0;color:transparent;cursor:pointer;\" target=\"_self\" onclick=\"wppaDoAjaxRender(event, 1, &#039;http:\/\/mariacka-lodz.com.pl\/index.php?rest_route=\/wp-photo-album-plus\/endPoint?action=wppa&wppa-action=render&wppa-size=640&occur=1&page_id=128&wppa-fromp=128&lang=pl&cache=1&album=64&cover=0&occur=1&data-alb=64&#039;, &#039;http:\/\/mariacka-lodz.com.pl\/?page_id=128&lang=pl&cache=1&album=0a9e50b64960f888&cover=0&occur=1&data-alb=64&#039; )\"><img decoding=\"async\" style=\"border-width:0px;width:150px;height:113px;opacity:0.85;display:inline;\" src=\"http:\/\/mariacka-lodz.com.pl\/wp-content\/uploads\/wppa\/thumbs\/1946.jpg?ver=9\" alt=\"DSCF1330.JPG\" class=\"image wppa-img\" onmouseover=\"jQuery(this).fadeTo(400, 1.0)\" onmouseout=\"jQuery(this).fadeTo(400,0.85)\"><\/a><\/div><\/div><div title=\" \" onclick=\"wppaStopProp(event);\"><\/div><div style=\"clear:both;\"><\/div><\/div><div id=\"album-63-1\" title=\"View the album 70 rocznica likwidacji Litchtman Getta w \u0141odzi\" style=\"width:100%;float:right;cursor:pointer;\" class=\"wppa-album-cover-standard album wppa-box wppa-cover-box wppa-cover-box-1\" onclick=\"wppaDoAjaxRender(event, 1, &#039;http:\/\/mariacka-lodz.com.pl\/index.php?rest_route=\/wp-photo-album-plus\/endPoint?action=wppa&wppa-action=render&wppa-size=640&occur=1&page_id=128&wppa-fromp=128&lang=pl&cache=1&album=63&cover=0&occur=1&data-alb=63&#039;, &#039;http:\/\/mariacka-lodz.com.pl\/?page_id=128&lang=pl&cache=1&album=2e6be92ec5030636&cover=0&occur=1&data-alb=63&#039; )\"><div id=\"covertext_frame_63_1\" style=\"width:459px; float:left\" class=\"wppa-text-frame-1 wppa-text-frame wppa-cover-text-frame wppa-asym-text-frame-1\"><h2 style=\"clear:none\" class=\"wppa-title\"><a title=\"View the album 70 rocznica likwidacji Litchtman Getta w \u0141odzi\" style=\"cursor:pointer\" class=\"wppa-title\" onclick=\"wppaDoAjaxRender(event, 1, &#039;http:\/\/mariacka-lodz.com.pl\/index.php?rest_route=\/wp-photo-album-plus\/endPoint?action=wppa&wppa-action=render&wppa-size=640&occur=1&page_id=128&wppa-fromp=128&lang=pl&cache=1&album=63&cover=0&occur=1&data-alb=63&#039;, &#039;http:\/\/mariacka-lodz.com.pl\/?page_id=128&lang=pl&cache=1&album=2e6be92ec5030636&cover=0&occur=1&data-alb=63&#039; )\">70 rocznica likwidacji Litchtman Getta w \u0141odzi<\/a><\/h2><div style=\"min-height:54px;\" class=\"wppa-box-text wppa-black wppa-box-text-desc\"><\/div><div class=\"wppa-box-text wppa-black wppa-info wppa-slideshow-browse-link wppa-album-cover-link\"><a title=\"Slideshow\" style=\"cursor:pointer\" class=\"wppa-album-cover-link\" onclick=\"wppaDoAjaxRender(event, 1, &#039;http:\/\/mariacka-lodz.com.pl\/index.php?rest_route=\/wp-photo-album-plus\/endPoint?action=wppa&wppa-action=render&wppa-size=640&occur=1&page_id=128&wppa-fromp=128&lang=pl&cache=1&slide=1&occur=1&album=63&#039;, &#039;http:\/\/mariacka-lodz.com.pl\/?page_id=128&lang=pl&cache=1&slide=1&occur=1&album=2e6be92ec5030636&#039; )\">Slideshow<\/a><\/div><div class=\"wppa-box-text wppa-black wppa-info wppa-viewlink wppa-album-cover-link\"><a title=\"View the album 70 rocznica likwidacji Litchtman Getta w \u0141odzi\" style=\"cursor:pointer;\" class=\"wppa-album-cover-link\" onclick=\"wppaDoAjaxRender(event, 1, &#039;http:\/\/mariacka-lodz.com.pl\/index.php?rest_route=\/wp-photo-album-plus\/endPoint?action=wppa&wppa-action=render&wppa-size=640&occur=1&page_id=128&wppa-fromp=128&lang=pl&cache=1&album=63&cover=0&occur=1&data-alb=63&#039;, &#039;http:\/\/mariacka-lodz.com.pl\/?page_id=128&lang=pl&cache=1&album=2e6be92ec5030636&cover=0&occur=1&data-alb=63&#039; )\">View&nbsp;22&nbsp;photos<\/a><\/div><\/div><div id=\"coverphoto_frame_63_1\" style=\"float:right; margin-left:5px;width:160px;\" class=\"coverphoto-frame\"><div title=\" \" style=\"display:inline-block;margin:0 4px;\" onclick=\"wppaStopProp(event)\"><a title=\"View the album 70 rocznica likwidacji Litchtman Getta w \u0141odzi\" style=\"border:0;color:transparent;cursor:pointer;\" target=\"_self\" onclick=\"wppaDoAjaxRender(event, 1, &#039;http:\/\/mariacka-lodz.com.pl\/index.php?rest_route=\/wp-photo-album-plus\/endPoint?action=wppa&wppa-action=render&wppa-size=640&occur=1&page_id=128&wppa-fromp=128&lang=pl&cache=1&album=63&cover=0&occur=1&data-alb=63&#039;, &#039;http:\/\/mariacka-lodz.com.pl\/?page_id=128&lang=pl&cache=1&album=2e6be92ec5030636&cover=0&occur=1&data-alb=63&#039; )\"><img decoding=\"async\" style=\"border-width:0px;width:150px;height:113px;opacity:0.85;display:inline;\" src=\"http:\/\/mariacka-lodz.com.pl\/wp-content\/uploads\/wppa\/thumbs\/1929.jpg?ver=9\" alt=\"DSCF1244.JPG\" class=\"image wppa-img\" onmouseover=\"jQuery(this).fadeTo(400, 1.0)\" onmouseout=\"jQuery(this).fadeTo(400,0.85)\"><\/a><\/div><\/div><div title=\" \" onclick=\"wppaStopProp(event);\"><\/div><div style=\"clear:both;\"><\/div><\/div><div id=\"album-62-1\" title=\"View the album Odpust Parafialny \" style=\"width:100%;float:right;cursor:pointer;\" class=\"wppa-album-cover-standard album wppa-box wppa-cover-box wppa-cover-box-1\" onclick=\"wppaDoAjaxRender(event, 1, &#039;http:\/\/mariacka-lodz.com.pl\/index.php?rest_route=\/wp-photo-album-plus\/endPoint?action=wppa&wppa-action=render&wppa-size=640&occur=1&page_id=128&wppa-fromp=128&lang=pl&cache=1&album=62&cover=0&occur=1&data-alb=62&#039;, &#039;http:\/\/mariacka-lodz.com.pl\/?page_id=128&lang=pl&cache=1&album=0837938c525e7009&cover=0&occur=1&data-alb=62&#039; )\"><div id=\"covertext_frame_62_1\" style=\"width:459px; float:left\" class=\"wppa-text-frame-1 wppa-text-frame wppa-cover-text-frame wppa-asym-text-frame-1\"><h2 style=\"clear:none\" class=\"wppa-title\"><a title=\"View the album Odpust Parafialny \" style=\"cursor:pointer\" class=\"wppa-title\" onclick=\"wppaDoAjaxRender(event, 1, &#039;http:\/\/mariacka-lodz.com.pl\/index.php?rest_route=\/wp-photo-album-plus\/endPoint?action=wppa&wppa-action=render&wppa-size=640&occur=1&page_id=128&wppa-fromp=128&lang=pl&cache=1&album=62&cover=0&occur=1&data-alb=62&#039;, &#039;http:\/\/mariacka-lodz.com.pl\/?page_id=128&lang=pl&cache=1&album=0837938c525e7009&cover=0&occur=1&data-alb=62&#039; )\">Odpust Parafialny <\/a><\/h2><div style=\"min-height:54px;\" class=\"wppa-box-text wppa-black wppa-box-text-desc\"><\/div><div class=\"wppa-box-text wppa-black wppa-info wppa-slideshow-browse-link wppa-album-cover-link\"><a title=\"Slideshow\" style=\"cursor:pointer\" class=\"wppa-album-cover-link\" onclick=\"wppaDoAjaxRender(event, 1, &#039;http:\/\/mariacka-lodz.com.pl\/index.php?rest_route=\/wp-photo-album-plus\/endPoint?action=wppa&wppa-action=render&wppa-size=640&occur=1&page_id=128&wppa-fromp=128&lang=pl&cache=1&slide=1&occur=1&album=62&#039;, &#039;http:\/\/mariacka-lodz.com.pl\/?page_id=128&lang=pl&cache=1&slide=1&occur=1&album=0837938c525e7009&#039; )\">Slideshow<\/a><\/div><div class=\"wppa-box-text wppa-black wppa-info wppa-viewlink wppa-album-cover-link\"><a title=\"View the album Odpust Parafialny \" style=\"cursor:pointer;\" class=\"wppa-album-cover-link\" onclick=\"wppaDoAjaxRender(event, 1, &#039;http:\/\/mariacka-lodz.com.pl\/index.php?rest_route=\/wp-photo-album-plus\/endPoint?action=wppa&wppa-action=render&wppa-size=640&occur=1&page_id=128&wppa-fromp=128&lang=pl&cache=1&album=62&cover=0&occur=1&data-alb=62&#039;, &#039;http:\/\/mariacka-lodz.com.pl\/?page_id=128&lang=pl&cache=1&album=0837938c525e7009&cover=0&occur=1&data-alb=62&#039; )\">View&nbsp;91&nbsp;photos<\/a><\/div><\/div><div id=\"coverphoto_frame_62_1\" style=\"float:right; margin-left:5px;width:160px;\" class=\"coverphoto-frame\"><div title=\" \" style=\"display:inline-block;margin:0 4px;\" onclick=\"wppaStopProp(event)\"><a title=\"View the album Odpust Parafialny \" style=\"border:0;color:transparent;cursor:pointer;\" target=\"_self\" onclick=\"wppaDoAjaxRender(event, 1, &#039;http:\/\/mariacka-lodz.com.pl\/index.php?rest_route=\/wp-photo-album-plus\/endPoint?action=wppa&wppa-action=render&wppa-size=640&occur=1&page_id=128&wppa-fromp=128&lang=pl&cache=1&album=62&cover=0&occur=1&data-alb=62&#039;, &#039;http:\/\/mariacka-lodz.com.pl\/?page_id=128&lang=pl&cache=1&album=0837938c525e7009&cover=0&occur=1&data-alb=62&#039; )\"><img decoding=\"async\" style=\"border-width:0px;width:150px;height:113px;opacity:0.85;display:inline;\" src=\"http:\/\/mariacka-lodz.com.pl\/wp-content\/uploads\/wppa\/thumbs\/1838.jpg?ver=9\" alt=\"DSCF1022.JPG\" class=\"image wppa-img\" onmouseover=\"jQuery(this).fadeTo(400, 1.0)\" onmouseout=\"jQuery(this).fadeTo(400,0.85)\"><\/a><\/div><\/div><div title=\" \" onclick=\"wppaStopProp(event);\"><\/div><div style=\"clear:both;\"><\/div><\/div><div id=\"album-61-1\" title=\"View the album Kolonie Parafialne w Ustroniu Morskim 2014 \" style=\"width:100%;float:right;cursor:pointer;\" class=\"wppa-album-cover-standard album wppa-box wppa-cover-box wppa-cover-box-1\" onclick=\"wppaDoAjaxRender(event, 1, &#039;http:\/\/mariacka-lodz.com.pl\/index.php?rest_route=\/wp-photo-album-plus\/endPoint?action=wppa&wppa-action=render&wppa-size=640&occur=1&page_id=128&wppa-fromp=128&lang=pl&cache=1&album=61&cover=0&occur=1&data-alb=61&#039;, &#039;http:\/\/mariacka-lodz.com.pl\/?page_id=128&lang=pl&cache=1&album=71bee79e3a6896cc&cover=0&occur=1&data-alb=61&#039; )\"><div id=\"covertext_frame_61_1\" style=\"width:459px; float:left\" class=\"wppa-text-frame-1 wppa-text-frame wppa-cover-text-frame wppa-asym-text-frame-1\"><h2 style=\"clear:none\" class=\"wppa-title\"><a title=\"View the album Kolonie Parafialne w Ustroniu Morskim 2014 \" style=\"cursor:pointer\" class=\"wppa-title\" onclick=\"wppaDoAjaxRender(event, 1, &#039;http:\/\/mariacka-lodz.com.pl\/index.php?rest_route=\/wp-photo-album-plus\/endPoint?action=wppa&wppa-action=render&wppa-size=640&occur=1&page_id=128&wppa-fromp=128&lang=pl&cache=1&album=61&cover=0&occur=1&data-alb=61&#039;, &#039;http:\/\/mariacka-lodz.com.pl\/?page_id=128&lang=pl&cache=1&album=71bee79e3a6896cc&cover=0&occur=1&data-alb=61&#039; )\">Kolonie Parafialne w Ustroniu Morskim 2014 <\/a><\/h2><div style=\"min-height:54px;\" class=\"wppa-box-text wppa-black wppa-box-text-desc\"><\/div><div class=\"wppa-box-text wppa-black wppa-info wppa-slideshow-browse-link wppa-album-cover-link\"><a title=\"Slideshow\" style=\"cursor:pointer\" class=\"wppa-album-cover-link\" onclick=\"wppaDoAjaxRender(event, 1, &#039;http:\/\/mariacka-lodz.com.pl\/index.php?rest_route=\/wp-photo-album-plus\/endPoint?action=wppa&wppa-action=render&wppa-size=640&occur=1&page_id=128&wppa-fromp=128&lang=pl&cache=1&slide=1&occur=1&album=61&#039;, &#039;http:\/\/mariacka-lodz.com.pl\/?page_id=128&lang=pl&cache=1&slide=1&occur=1&album=71bee79e3a6896cc&#039; )\">Slideshow<\/a><\/div><div class=\"wppa-box-text wppa-black wppa-info wppa-viewlink wppa-album-cover-link\"><a title=\"View the album Kolonie Parafialne w Ustroniu Morskim 2014 \" style=\"cursor:pointer;\" class=\"wppa-album-cover-link\" onclick=\"wppaDoAjaxRender(event, 1, &#039;http:\/\/mariacka-lodz.com.pl\/index.php?rest_route=\/wp-photo-album-plus\/endPoint?action=wppa&wppa-action=render&wppa-size=640&occur=1&page_id=128&wppa-fromp=128&lang=pl&cache=1&album=61&cover=0&occur=1&data-alb=61&#039;, &#039;http:\/\/mariacka-lodz.com.pl\/?page_id=128&lang=pl&cache=1&album=71bee79e3a6896cc&cover=0&occur=1&data-alb=61&#039; )\">View&nbsp;146&nbsp;photos<\/a><\/div><\/div><div id=\"coverphoto_frame_61_1\" style=\"float:right; margin-left:5px;width:160px;\" class=\"coverphoto-frame\"><div title=\" \" style=\"display:inline-block;margin:0 4px;\" onclick=\"wppaStopProp(event)\"><a title=\"View the album Kolonie Parafialne w Ustroniu Morskim 2014 \" style=\"border:0;color:transparent;cursor:pointer;\" target=\"_self\" onclick=\"wppaDoAjaxRender(event, 1, &#039;http:\/\/mariacka-lodz.com.pl\/index.php?rest_route=\/wp-photo-album-plus\/endPoint?action=wppa&wppa-action=render&wppa-size=640&occur=1&page_id=128&wppa-fromp=128&lang=pl&cache=1&album=61&cover=0&occur=1&data-alb=61&#039;, &#039;http:\/\/mariacka-lodz.com.pl\/?page_id=128&lang=pl&cache=1&album=71bee79e3a6896cc&cover=0&occur=1&data-alb=61&#039; )\"><img decoding=\"async\" style=\"border-width:0px;width:150px;height:113px;opacity:0.85;display:inline;\" src=\"http:\/\/mariacka-lodz.com.pl\/wp-content\/uploads\/wppa\/thumbs\/1659.jpg?ver=9\" alt=\"DSCF9846.JPG\" class=\"image wppa-img\" onmouseover=\"jQuery(this).fadeTo(400, 1.0)\" onmouseout=\"jQuery(this).fadeTo(400,0.85)\"><\/a><\/div><\/div><div title=\" \" onclick=\"wppaStopProp(event);\"><\/div><div style=\"clear:both;\"><\/div><\/div><div id=\"album-60-1\" title=\"Link to Galeria zdj\u0119\u0107\" style=\"width:100%;float:right;cursor:pointer;\" class=\"wppa-album-cover-standard album wppa-box wppa-cover-box wppa-cover-box-1\"><div id=\"covertext_frame_60_1\" style=\"width:459px; float:left\" class=\"wppa-text-frame-1 wppa-text-frame wppa-cover-text-frame wppa-asym-text-frame-1\"><h2 style=\"clear:none\" class=\"wppa-title\"><a title=\"Link to Galeria zdj\u0119\u0107\" href=\"http:\/\/mariacka-lodz.com.pl\/?page_id=128&#038;lang=pl&#038;cache=1&#038;slide=1&#038;occur=1&#038;album=b4a58d480ff9d65d\" target=\"_self\" class=\"wppa-title\">Grill ministrant\u00f3w 2014<\/a><\/h2><div style=\"min-height:54px;\" class=\"wppa-box-text wppa-black wppa-box-text-desc\"><\/div><div class=\"wppa-box-text wppa-black wppa-info wppa-slideshow-browse-link wppa-album-cover-link\">a<\/div><div class=\"wppa-box-text wppa-black wppa-info wppa-viewlink wppa-album-cover-link\"><a title=\"View the album Grill ministrant\u00f3w 2014\" style=\"cursor:pointer;\" href=\"http:\/\/mariacka-lodz.com.pl\/?page_id=128&#038;lang=pl&#038;cache=1&#038;album=b4a58d480ff9d65d&#038;cover=0&#038;occur=1&#038;data-alb=60\" target=\"_self\" class=\"wppa-album-cover-link\">View&nbsp;47&nbsp;photos<\/a><\/div><\/div><div id=\"coverphoto_frame_60_1\" style=\"float:right; margin-left:5px;width:123px;\" class=\"coverphoto-frame\"><div title=\" \" style=\"display:inline-block;margin:0 4px;\" onclick=\"wppaStopProp(event)\"><a title=\"Link to Galeria zdj\u0119\u0107\" style=\"border:0;color:transparent;cursor:pointer;\" href=\"http:\/\/mariacka-lodz.com.pl\/?page_id=128&#038;lang=pl&#038;cache=1&#038;slide=1&#038;occur=1&#038;album=b4a58d480ff9d65d\" target=\"_self\"><img decoding=\"async\" style=\"border-width:0px;width:113px;height:150px;opacity:0.85;display:inline;\" src=\"http:\/\/mariacka-lodz.com.pl\/wp-content\/uploads\/wppa\/thumbs\/1605.jpg?ver=9\" alt=\"Zdjecie 030.jpg\" class=\"image wppa-img\" onmouseover=\"jQuery(this).fadeTo(400, 1.0)\" onmouseout=\"jQuery(this).fadeTo(400,0.85)\"><\/a><\/div><\/div><div title=\" \" onclick=\"wppaStopProp(event);\"><\/div><div style=\"clear:both;\"><\/div><\/div><div id=\"album-59-1\" title=\"Link to Galeria zdj\u0119\u0107\" style=\"width:100%;float:right;cursor:pointer;\" class=\"wppa-album-cover-standard album wppa-box wppa-cover-box wppa-cover-box-1\"><div id=\"covertext_frame_59_1\" style=\"width:459px; float:left\" class=\"wppa-text-frame-1 wppa-text-frame wppa-cover-text-frame wppa-asym-text-frame-1\"><h2 style=\"clear:none\" class=\"wppa-title\"><a title=\"Link to Galeria zdj\u0119\u0107\" href=\"http:\/\/mariacka-lodz.com.pl\/?page_id=128&#038;lang=pl&#038;cache=1&#038;slide=1&#038;occur=1&#038;album=8e59a17ebd093b68\" target=\"_self\" class=\"wppa-title\">Konkurs o \u017cyciu \u015bw. JP II<\/a><\/h2><div style=\"min-height:54px;\" class=\"wppa-box-text wppa-black wppa-box-text-desc\"><\/div><div class=\"wppa-box-text wppa-black wppa-info wppa-slideshow-browse-link wppa-album-cover-link\">a<\/div><div class=\"wppa-box-text wppa-black wppa-info wppa-viewlink wppa-album-cover-link\"><a title=\"View the album Konkurs o \u017cyciu \u015bw. JP II\" style=\"cursor:pointer;\" href=\"http:\/\/mariacka-lodz.com.pl\/?page_id=128&#038;lang=pl&#038;cache=1&#038;album=8e59a17ebd093b68&#038;cover=0&#038;occur=1&#038;data-alb=59\" target=\"_self\" class=\"wppa-album-cover-link\">View&nbsp;36&nbsp;photos<\/a><\/div><\/div><div id=\"coverphoto_frame_59_1\" style=\"float:right; margin-left:5px;width:160px;\" class=\"coverphoto-frame\"><div title=\" \" style=\"display:inline-block;margin:0 4px;\" onclick=\"wppaStopProp(event)\"><a title=\"Link to Galeria zdj\u0119\u0107\" style=\"border:0;color:transparent;cursor:pointer;\" href=\"http:\/\/mariacka-lodz.com.pl\/?page_id=128&#038;lang=pl&#038;cache=1&#038;slide=1&#038;occur=1&#038;album=8e59a17ebd093b68\" target=\"_self\"><img decoding=\"async\" style=\"border-width:0px;width:150px;height:113px;opacity:0.85;display:inline;\" src=\"http:\/\/mariacka-lodz.com.pl\/wp-content\/uploads\/wppa\/thumbs\/1569.jpg?ver=9\" alt=\"Zdjecie 115.jpg\" class=\"image wppa-img\" onmouseover=\"jQuery(this).fadeTo(400, 1.0)\" onmouseout=\"jQuery(this).fadeTo(400,0.85)\"><\/a><\/div><\/div><div title=\" \" onclick=\"wppaStopProp(event);\"><\/div><div style=\"clear:both;\"><\/div><\/div><div id=\"album-58-1\" title=\"Link to Galeria zdj\u0119\u0107\" style=\"width:100%;float:right;cursor:pointer;\" class=\"wppa-album-cover-standard album wppa-box wppa-cover-box wppa-cover-box-1\"><div id=\"covertext_frame_58_1\" style=\"width:459px; float:left\" class=\"wppa-text-frame-1 wppa-text-frame wppa-cover-text-frame wppa-asym-text-frame-1\"><h2 style=\"clear:none\" class=\"wppa-title\"><a title=\"Link to Galeria zdj\u0119\u0107\" href=\"http:\/\/mariacka-lodz.com.pl\/?page_id=128&#038;lang=pl&#038;cache=1&#038;slide=1&#038;occur=1&#038;album=07c55cdae2bd0733\" target=\"_self\" class=\"wppa-title\">O\u0142tarze Bo\u017ce Cia\u0142o<\/a><\/h2><div style=\"min-height:54px;\" class=\"wppa-box-text wppa-black wppa-box-text-desc\"><\/div><div class=\"wppa-box-text wppa-black wppa-info wppa-slideshow-browse-link wppa-album-cover-link\">a<\/div><div class=\"wppa-box-text wppa-black wppa-info wppa-viewlink wppa-album-cover-link\"><a title=\"View the album O\u0142tarze Bo\u017ce Cia\u0142o\" style=\"cursor:pointer;\" href=\"http:\/\/mariacka-lodz.com.pl\/?page_id=128&#038;lang=pl&#038;cache=1&#038;album=07c55cdae2bd0733&#038;cover=0&#038;occur=1&#038;data-alb=58\" target=\"_self\" class=\"wppa-album-cover-link\">View&nbsp;27&nbsp;photos<\/a><\/div><\/div><div id=\"coverphoto_frame_58_1\" style=\"float:right; margin-left:5px;width:160px;\" class=\"coverphoto-frame\"><div title=\" \" style=\"display:inline-block;margin:0 4px;\" onclick=\"wppaStopProp(event)\"><a title=\"Link to Galeria zdj\u0119\u0107\" style=\"border:0;color:transparent;cursor:pointer;\" href=\"http:\/\/mariacka-lodz.com.pl\/?page_id=128&#038;lang=pl&#038;cache=1&#038;slide=1&#038;occur=1&#038;album=07c55cdae2bd0733\" target=\"_self\"><img decoding=\"async\" style=\"border-width:0px;width:150px;height:113px;opacity:0.85;display:inline;\" src=\"http:\/\/mariacka-lodz.com.pl\/wp-content\/uploads\/wppa\/thumbs\/1542.jpg?ver=9\" alt=\"Zdjecie 181.jpg\" class=\"image wppa-img\" onmouseover=\"jQuery(this).fadeTo(400, 1.0)\" onmouseout=\"jQuery(this).fadeTo(400,0.85)\"><\/a><\/div><\/div><div title=\" \" onclick=\"wppaStopProp(event);\"><\/div><div style=\"clear:both;\"><\/div><\/div><div id=\"album-57-1\" title=\"Link to Galeria zdj\u0119\u0107\" style=\"width:100%;float:right;cursor:pointer;\" class=\"wppa-album-cover-standard album wppa-box wppa-cover-box wppa-cover-box-1\"><div id=\"covertext_frame_57_1\" style=\"width:459px; float:left\" class=\"wppa-text-frame-1 wppa-text-frame wppa-cover-text-frame wppa-asym-text-frame-1\"><h2 style=\"clear:none\" class=\"wppa-title\"><a title=\"Link to Galeria zdj\u0119\u0107\" href=\"http:\/\/mariacka-lodz.com.pl\/?page_id=128&#038;lang=pl&#038;cache=1&#038;slide=1&#038;occur=1&#038;album=7341546354c6e696\" target=\"_self\" class=\"wppa-title\">Bo\u017ce Cia\u0142o 2014<\/a><\/h2><div style=\"min-height:54px;\" class=\"wppa-box-text wppa-black wppa-box-text-desc\"><\/div><div class=\"wppa-box-text wppa-black wppa-info wppa-slideshow-browse-link wppa-album-cover-link\">a<\/div><div class=\"wppa-box-text wppa-black wppa-info wppa-viewlink wppa-album-cover-link\"><a title=\"View the album Bo\u017ce Cia\u0142o 2014\" style=\"cursor:pointer;\" href=\"http:\/\/mariacka-lodz.com.pl\/?page_id=128&#038;lang=pl&#038;cache=1&#038;album=7341546354c6e696&#038;cover=0&#038;occur=1&#038;data-alb=57\" target=\"_self\" class=\"wppa-album-cover-link\">View&nbsp;93&nbsp;photos<\/a><\/div><\/div><div id=\"coverphoto_frame_57_1\" style=\"float:right; margin-left:5px;width:123px;\" class=\"coverphoto-frame\"><div title=\" \" style=\"display:inline-block;margin:0 4px;\" onclick=\"wppaStopProp(event)\"><a title=\"Link to Galeria zdj\u0119\u0107\" style=\"border:0;color:transparent;cursor:pointer;\" href=\"http:\/\/mariacka-lodz.com.pl\/?page_id=128&#038;lang=pl&#038;cache=1&#038;slide=1&#038;occur=1&#038;album=7341546354c6e696\" target=\"_self\"><img decoding=\"async\" style=\"border-width:0px;width:113px;height:150px;opacity:0.85;display:inline;\" src=\"http:\/\/mariacka-lodz.com.pl\/wp-content\/uploads\/wppa\/thumbs\/1449.jpg?ver=9\" alt=\"Zdjecie 221.jpg\" class=\"image wppa-img\" onmouseover=\"jQuery(this).fadeTo(400, 1.0)\" onmouseout=\"jQuery(this).fadeTo(400,0.85)\"><\/a><\/div><\/div><div title=\" \" onclick=\"wppaStopProp(event);\"><\/div><div style=\"clear:both;\"><\/div><\/div><div id=\"album-56-1\" title=\"Link to Galeria zdj\u0119\u0107\" style=\"width:100%;float:right;cursor:pointer;\" class=\"wppa-album-cover-standard album wppa-box wppa-cover-box wppa-cover-box-1\"><div id=\"covertext_frame_56_1\" style=\"width:459px; float:left\" class=\"wppa-text-frame-1 wppa-text-frame wppa-cover-text-frame wppa-asym-text-frame-1\"><h2 style=\"clear:none\" class=\"wppa-title\"><a title=\"Link to Galeria zdj\u0119\u0107\" href=\"http:\/\/mariacka-lodz.com.pl\/?page_id=128&#038;lang=pl&#038;cache=1&#038;slide=1&#038;occur=1&#038;album=e2e3200adbd3f1c7\" target=\"_self\" class=\"wppa-title\">Rozdanie pami\u0105tek I Komunii \u015awi\u0119tej<\/a><\/h2><div style=\"min-height:54px;\" class=\"wppa-box-text wppa-black wppa-box-text-desc\"><\/div><div class=\"wppa-box-text wppa-black wppa-info wppa-slideshow-browse-link wppa-album-cover-link\">a<\/div><div class=\"wppa-box-text wppa-black wppa-info wppa-viewlink wppa-album-cover-link\"><a title=\"View the album Rozdanie pami\u0105tek I Komunii \u015awi\u0119tej\" style=\"cursor:pointer;\" href=\"http:\/\/mariacka-lodz.com.pl\/?page_id=128&#038;lang=pl&#038;cache=1&#038;album=e2e3200adbd3f1c7&#038;cover=0&#038;occur=1&#038;data-alb=56\" target=\"_self\" class=\"wppa-album-cover-link\">View&nbsp;18&nbsp;photos<\/a><\/div><\/div><div id=\"coverphoto_frame_56_1\" style=\"float:right; margin-left:5px;width:123px;\" class=\"coverphoto-frame\"><div title=\" \" style=\"display:inline-block;margin:0 4px;\" onclick=\"wppaStopProp(event)\"><a title=\"Link to Galeria zdj\u0119\u0107\" style=\"border:0;color:transparent;cursor:pointer;\" href=\"http:\/\/mariacka-lodz.com.pl\/?page_id=128&#038;lang=pl&#038;cache=1&#038;slide=1&#038;occur=1&#038;album=e2e3200adbd3f1c7\" target=\"_self\"><img decoding=\"async\" style=\"border-width:0px;width:113px;height:150px;opacity:0.85;display:inline;\" src=\"http:\/\/mariacka-lodz.com.pl\/wp-content\/uploads\/wppa\/thumbs\/1426.jpg?ver=9\" alt=\"Zdjecie 026.jpg\" class=\"image wppa-img\" onmouseover=\"jQuery(this).fadeTo(400, 1.0)\" onmouseout=\"jQuery(this).fadeTo(400,0.85)\"><\/a><\/div><\/div><div title=\" \" onclick=\"wppaStopProp(event);\"><\/div><div style=\"clear:both;\"><\/div><\/div><div id=\"album-55-1\" title=\"Link to Galeria zdj\u0119\u0107\" style=\"width:100%;float:right;cursor:pointer;\" class=\"wppa-album-cover-standard album wppa-box wppa-cover-box wppa-cover-box-1\"><div id=\"covertext_frame_55_1\" style=\"width:459px; float:left\" class=\"wppa-text-frame-1 wppa-text-frame wppa-cover-text-frame wppa-asym-text-frame-1\"><h2 style=\"clear:none\" class=\"wppa-title\"><a title=\"Link to Galeria zdj\u0119\u0107\" href=\"http:\/\/mariacka-lodz.com.pl\/?page_id=128&#038;lang=pl&#038;cache=1&#038;slide=1&#038;occur=1&#038;album=dd2696e97e3c723f\" target=\"_self\" class=\"wppa-title\">Rocznica I Komunii \u015awi\u0119tej 2014<\/a><\/h2><div style=\"min-height:54px;\" class=\"wppa-box-text wppa-black wppa-box-text-desc\"><\/div><div class=\"wppa-box-text wppa-black wppa-info wppa-slideshow-browse-link wppa-album-cover-link\">a<\/div><div class=\"wppa-box-text wppa-black wppa-info wppa-viewlink wppa-album-cover-link\"><a title=\"View the album Rocznica I Komunii \u015awi\u0119tej 2014\" style=\"cursor:pointer;\" href=\"http:\/\/mariacka-lodz.com.pl\/?page_id=128&#038;lang=pl&#038;cache=1&#038;album=dd2696e97e3c723f&#038;cover=0&#038;occur=1&#038;data-alb=55\" target=\"_self\" class=\"wppa-album-cover-link\">View&nbsp;39&nbsp;photos<\/a><\/div><\/div><div id=\"coverphoto_frame_55_1\" style=\"float:right; margin-left:5px;width:160px;\" class=\"coverphoto-frame\"><div title=\" \" style=\"display:inline-block;margin:0 4px;\" onclick=\"wppaStopProp(event)\"><a title=\"Link to Galeria zdj\u0119\u0107\" style=\"border:0;color:transparent;cursor:pointer;\" href=\"http:\/\/mariacka-lodz.com.pl\/?page_id=128&#038;lang=pl&#038;cache=1&#038;slide=1&#038;occur=1&#038;album=dd2696e97e3c723f\" target=\"_self\"><img decoding=\"async\" style=\"border-width:0px;width:150px;height:113px;opacity:0.85;display:inline;\" src=\"http:\/\/mariacka-lodz.com.pl\/wp-content\/uploads\/wppa\/thumbs\/1392.jpg?ver=9\" alt=\"Zdjecie 028.jpg\" class=\"image wppa-img\" onmouseover=\"jQuery(this).fadeTo(400, 1.0)\" onmouseout=\"jQuery(this).fadeTo(400,0.85)\"><\/a><\/div><\/div><div title=\" \" onclick=\"wppaStopProp(event);\"><\/div><div style=\"clear:both;\"><\/div><\/div><div id=\"album-54-1\" title=\"Link to Galeria zdj\u0119\u0107\" style=\"width:100%;float:right;cursor:pointer;\" class=\"wppa-album-cover-standard album wppa-box wppa-cover-box wppa-cover-box-1\"><div id=\"covertext_frame_54_1\" style=\"width:459px; float:left\" class=\"wppa-text-frame-1 wppa-text-frame wppa-cover-text-frame wppa-asym-text-frame-1\"><h2 style=\"clear:none\" class=\"wppa-title\"><a title=\"Link to Galeria zdj\u0119\u0107\" href=\"http:\/\/mariacka-lodz.com.pl\/?page_id=128&#038;lang=pl&#038;cache=1&#038;slide=1&#038;occur=1&#038;album=c293d51aa287c44e\" target=\"_self\" class=\"wppa-title\">Dekoracja komunijna 2014<\/a><\/h2><div style=\"min-height:54px;\" class=\"wppa-box-text wppa-black wppa-box-text-desc\"><\/div><div class=\"wppa-box-text wppa-black wppa-info wppa-slideshow-browse-link wppa-album-cover-link\">a<\/div><div class=\"wppa-box-text wppa-black wppa-info wppa-viewlink wppa-album-cover-link\"><a title=\"View the album Dekoracja komunijna 2014\" style=\"cursor:pointer;\" href=\"http:\/\/mariacka-lodz.com.pl\/?page_id=128&#038;lang=pl&#038;cache=1&#038;album=c293d51aa287c44e&#038;cover=0&#038;occur=1&#038;data-alb=54\" target=\"_self\" class=\"wppa-album-cover-link\">View&nbsp;52&nbsp;photos<\/a><\/div><\/div><div id=\"coverphoto_frame_54_1\" style=\"float:right; margin-left:5px;width:160px;\" class=\"coverphoto-frame\"><div title=\" \" style=\"display:inline-block;margin:0 4px;\" onclick=\"wppaStopProp(event)\"><a title=\"Link to Galeria zdj\u0119\u0107\" style=\"border:0;color:transparent;cursor:pointer;\" href=\"http:\/\/mariacka-lodz.com.pl\/?page_id=128&#038;lang=pl&#038;cache=1&#038;slide=1&#038;occur=1&#038;album=c293d51aa287c44e\" target=\"_self\"><img decoding=\"async\" style=\"border-width:0px;width:150px;height:113px;opacity:0.85;display:inline;\" src=\"http:\/\/mariacka-lodz.com.pl\/wp-content\/uploads\/wppa\/thumbs\/1340.jpg?ver=9\" alt=\"Zdjecie 021.jpg\" class=\"image wppa-img\" onmouseover=\"jQuery(this).fadeTo(400, 1.0)\" onmouseout=\"jQuery(this).fadeTo(400,0.85)\"><\/a><\/div><\/div><div title=\" \" onclick=\"wppaStopProp(event);\"><\/div><div style=\"clear:both;\"><\/div><\/div><div id=\"album-53-1\" title=\"Link to Galeria zdj\u0119\u0107\" style=\"width:100%;float:right;cursor:pointer;\" class=\"wppa-album-cover-standard album wppa-box wppa-cover-box wppa-cover-box-1\"><div id=\"covertext_frame_53_1\" style=\"width:459px; float:left\" class=\"wppa-text-frame-1 wppa-text-frame wppa-cover-text-frame wppa-asym-text-frame-1\"><h2 style=\"clear:none\" class=\"wppa-title\"><a title=\"Link to Galeria zdj\u0119\u0107\" href=\"http:\/\/mariacka-lodz.com.pl\/?page_id=128&#038;lang=pl&#038;cache=1&#038;slide=1&#038;occur=1&#038;album=411b319e95f06543\" target=\"_self\" class=\"wppa-title\">Bierzmowanie 2014<\/a><\/h2><div style=\"min-height:54px;\" class=\"wppa-box-text wppa-black wppa-box-text-desc\"><\/div><div class=\"wppa-box-text wppa-black wppa-info wppa-slideshow-browse-link wppa-album-cover-link\">a<\/div><div class=\"wppa-box-text wppa-black wppa-info wppa-viewlink wppa-album-cover-link\"><a title=\"View the album Bierzmowanie 2014\" style=\"cursor:pointer;\" href=\"http:\/\/mariacka-lodz.com.pl\/?page_id=128&#038;lang=pl&#038;cache=1&#038;album=411b319e95f06543&#038;cover=0&#038;occur=1&#038;data-alb=53\" target=\"_self\" class=\"wppa-album-cover-link\">View&nbsp;73&nbsp;photos<\/a><\/div><\/div><div id=\"coverphoto_frame_53_1\" style=\"float:right; margin-left:5px;width:160px;\" class=\"coverphoto-frame\"><div title=\" \" style=\"display:inline-block;margin:0 4px;\" onclick=\"wppaStopProp(event)\"><a title=\"Link to Galeria zdj\u0119\u0107\" style=\"border:0;color:transparent;cursor:pointer;\" href=\"http:\/\/mariacka-lodz.com.pl\/?page_id=128&#038;lang=pl&#038;cache=1&#038;slide=1&#038;occur=1&#038;album=411b319e95f06543\" target=\"_self\"><img decoding=\"async\" style=\"border-width:0px;width:150px;height:113px;opacity:0.85;display:inline;\" src=\"http:\/\/mariacka-lodz.com.pl\/wp-content\/uploads\/wppa\/thumbs\/1267.jpg?ver=9\" alt=\"Zdjecie 054.jpg\" class=\"image wppa-img\" onmouseover=\"jQuery(this).fadeTo(400, 1.0)\" onmouseout=\"jQuery(this).fadeTo(400,0.85)\"><\/a><\/div><\/div><div title=\" \" onclick=\"wppaStopProp(event);\"><\/div><div style=\"clear:both;\"><\/div><\/div><div id=\"album-51-1\" title=\"Link to Galeria zdj\u0119\u0107\" style=\"width:100%;float:right;cursor:pointer;\" class=\"wppa-album-cover-standard album wppa-box wppa-cover-box wppa-cover-box-1\"><div id=\"covertext_frame_51_1\" style=\"width:459px; float:left\" class=\"wppa-text-frame-1 wppa-text-frame wppa-cover-text-frame wppa-asym-text-frame-1\"><h2 style=\"clear:none\" class=\"wppa-title\"><a title=\"Link to Galeria zdj\u0119\u0107\" href=\"http:\/\/mariacka-lodz.com.pl\/?page_id=128&#038;lang=pl&#038;cache=1&#038;slide=1&#038;occur=1&#038;album=ef91ab77ab13685a\" target=\"_self\" class=\"wppa-title\">Rezurekcja 2014<\/a><\/h2><div style=\"min-height:54px;\" class=\"wppa-box-text wppa-black wppa-box-text-desc\"><\/div><div class=\"wppa-box-text wppa-black wppa-info wppa-slideshow-browse-link wppa-album-cover-link\">a<\/div><div class=\"wppa-box-text wppa-black wppa-info wppa-viewlink wppa-album-cover-link\"><a title=\"View the album Rezurekcja 2014\" style=\"cursor:pointer;\" href=\"http:\/\/mariacka-lodz.com.pl\/?page_id=128&#038;lang=pl&#038;cache=1&#038;album=ef91ab77ab13685a&#038;cover=0&#038;occur=1&#038;data-alb=51\" target=\"_self\" class=\"wppa-album-cover-link\">View&nbsp;35&nbsp;photos<\/a><\/div><\/div><div id=\"coverphoto_frame_51_1\" style=\"float:right; margin-left:5px;width:160px;\" class=\"coverphoto-frame\"><div title=\" \" style=\"display:inline-block;margin:0 4px;\" onclick=\"wppaStopProp(event)\"><a title=\"Link to Galeria zdj\u0119\u0107\" style=\"border:0;color:transparent;cursor:pointer;\" href=\"http:\/\/mariacka-lodz.com.pl\/?page_id=128&#038;lang=pl&#038;cache=1&#038;slide=1&#038;occur=1&#038;album=ef91ab77ab13685a\" target=\"_self\"><img decoding=\"async\" style=\"border-width:0px;width:150px;height:113px;opacity:0.85;display:inline;\" src=\"http:\/\/mariacka-lodz.com.pl\/wp-content\/uploads\/wppa\/thumbs\/1171.jpg?ver=9\" alt=\"Zdjecie 029.jpg\" class=\"image wppa-img\" onmouseover=\"jQuery(this).fadeTo(400, 1.0)\" onmouseout=\"jQuery(this).fadeTo(400,0.85)\"><\/a><\/div><\/div><div title=\" \" onclick=\"wppaStopProp(event);\"><\/div><div style=\"clear:both;\"><\/div><\/div><div id=\"album-50-1\" title=\"Link to Galeria zdj\u0119\u0107\" style=\"width:100%;float:right;cursor:pointer;\" class=\"wppa-album-cover-standard album wppa-box wppa-cover-box wppa-cover-box-1\"><div id=\"covertext_frame_50_1\" style=\"width:459px; float:left\" class=\"wppa-text-frame-1 wppa-text-frame wppa-cover-text-frame wppa-asym-text-frame-1\"><h2 style=\"clear:none\" class=\"wppa-title\"><a title=\"Link to Galeria zdj\u0119\u0107\" href=\"http:\/\/mariacka-lodz.com.pl\/?page_id=128&#038;lang=pl&#038;cache=1&#038;slide=1&#038;occur=1&#038;album=ee9280afac9aef81\" target=\"_self\" class=\"wppa-title\">Ks.bp. Ireneusz P\u0119kalski Wielkanoc 2014<\/a><\/h2><div style=\"min-height:54px;\" class=\"wppa-box-text wppa-black wppa-box-text-desc\"><\/div><div class=\"wppa-box-text wppa-black wppa-info wppa-slideshow-browse-link wppa-album-cover-link\">a<\/div><div class=\"wppa-box-text wppa-black wppa-info wppa-viewlink wppa-album-cover-link\"><a title=\"View the album Ks.bp. Ireneusz P\u0119kalski Wielkanoc 2014\" style=\"cursor:pointer;\" href=\"http:\/\/mariacka-lodz.com.pl\/?page_id=128&#038;lang=pl&#038;cache=1&#038;album=ee9280afac9aef81&#038;cover=0&#038;occur=1&#038;data-alb=50\" target=\"_self\" class=\"wppa-album-cover-link\">View&nbsp;44&nbsp;photos<\/a><\/div><\/div><div id=\"coverphoto_frame_50_1\" style=\"float:right; margin-left:5px;width:123px;\" class=\"coverphoto-frame\"><div title=\" \" style=\"display:inline-block;margin:0 4px;\" onclick=\"wppaStopProp(event)\"><a title=\"Link to Galeria zdj\u0119\u0107\" style=\"border:0;color:transparent;cursor:pointer;\" href=\"http:\/\/mariacka-lodz.com.pl\/?page_id=128&#038;lang=pl&#038;cache=1&#038;slide=1&#038;occur=1&#038;album=ee9280afac9aef81\" target=\"_self\"><img decoding=\"async\" style=\"border-width:0px;width:113px;height:150px;opacity:0.85;display:inline;\" src=\"http:\/\/mariacka-lodz.com.pl\/wp-content\/uploads\/wppa\/thumbs\/1127.jpg?ver=9\" alt=\"Zdjecie 049.jpg\" class=\"image wppa-img\" onmouseover=\"jQuery(this).fadeTo(400, 1.0)\" onmouseout=\"jQuery(this).fadeTo(400,0.85)\"><\/a><\/div><\/div><div title=\" \" onclick=\"wppaStopProp(event);\"><\/div><div style=\"clear:both;\"><\/div><\/div><div id=\"album-49-1\" title=\"View the album Wielka Sobota 2014\" style=\"width:100%;float:right;cursor:pointer;\" class=\"wppa-album-cover-standard album wppa-box wppa-cover-box wppa-cover-box-1\" onclick=\"wppaDoAjaxRender(event, 1, &#039;http:\/\/mariacka-lodz.com.pl\/index.php?rest_route=\/wp-photo-album-plus\/endPoint?action=wppa&wppa-action=render&wppa-size=640&occur=1&page_id=128&wppa-fromp=128&lang=pl&cache=1&slide=1&occur=1&album=49&#039;, &#039;http:\/\/mariacka-lodz.com.pl\/?page_id=128&lang=pl&cache=1&slide=1&occur=1&album=56cbee0e7c304c6c&#039; )\"><div id=\"covertext_frame_49_1\" style=\"width:459px; float:left\" class=\"wppa-text-frame-1 wppa-text-frame wppa-cover-text-frame wppa-asym-text-frame-1\"><h2 style=\"clear:none\" class=\"wppa-title\"><a title=\"View the album Wielka Sobota 2014\" style=\"cursor:pointer\" class=\"wppa-title\" onclick=\"wppaDoAjaxRender(event, 1, &#039;http:\/\/mariacka-lodz.com.pl\/index.php?rest_route=\/wp-photo-album-plus\/endPoint?action=wppa&wppa-action=render&wppa-size=640&occur=1&page_id=128&wppa-fromp=128&lang=pl&cache=1&slide=1&occur=1&album=49&#039;, &#039;http:\/\/mariacka-lodz.com.pl\/?page_id=128&lang=pl&cache=1&slide=1&occur=1&album=56cbee0e7c304c6c&#039; )\">Wielka Sobota 2014<\/a><\/h2><div style=\"min-height:54px;\" class=\"wppa-box-text wppa-black wppa-box-text-desc\"><\/div><div class=\"wppa-box-text wppa-black wppa-info wppa-slideshow-browse-link wppa-album-cover-link\"><a title=\"Slideshow\" style=\"cursor:pointer\" class=\"wppa-album-cover-link\" onclick=\"wppaDoAjaxRender(event, 1, &#039;http:\/\/mariacka-lodz.com.pl\/index.php?rest_route=\/wp-photo-album-plus\/endPoint?action=wppa&wppa-action=render&wppa-size=640&occur=1&page_id=128&wppa-fromp=128&lang=pl&cache=1&slide=1&occur=1&album=49&#039;, &#039;http:\/\/mariacka-lodz.com.pl\/?page_id=128&lang=pl&cache=1&slide=1&occur=1&album=56cbee0e7c304c6c&#039; )\">Slideshow<\/a><\/div><div class=\"wppa-box-text wppa-black wppa-info wppa-viewlink wppa-album-cover-link\"><a title=\"View the album Wielka Sobota 2014\" style=\"cursor:pointer;\" class=\"wppa-album-cover-link\" onclick=\"wppaDoAjaxRender(event, 1, &#039;http:\/\/mariacka-lodz.com.pl\/index.php?rest_route=\/wp-photo-album-plus\/endPoint?action=wppa&wppa-action=render&wppa-size=640&occur=1&page_id=128&wppa-fromp=128&lang=pl&cache=1&album=49&cover=0&occur=1&data-alb=49&#039;, &#039;http:\/\/mariacka-lodz.com.pl\/?page_id=128&lang=pl&cache=1&album=56cbee0e7c304c6c&cover=0&occur=1&data-alb=49&#039; )\">View&nbsp;72&nbsp;photos<\/a><\/div><\/div><div id=\"coverphoto_frame_49_1\" style=\"float:right; margin-left:5px;width:123px;\" class=\"coverphoto-frame\"><div title=\" \" style=\"display:inline-block;margin:0 4px;\" onclick=\"wppaStopProp(event)\"><a title=\"View the album Wielka Sobota 2014\" style=\"border:0;color:transparent;cursor:pointer;\" target=\"_self\" onclick=\"wppaDoAjaxRender(event, 1, &#039;http:\/\/mariacka-lodz.com.pl\/index.php?rest_route=\/wp-photo-album-plus\/endPoint?action=wppa&wppa-action=render&wppa-size=640&occur=1&page_id=128&wppa-fromp=128&lang=pl&cache=1&slide=1&occur=1&album=49&#039;, &#039;http:\/\/mariacka-lodz.com.pl\/?page_id=128&lang=pl&cache=1&slide=1&occur=1&album=56cbee0e7c304c6c&#039; )\"><img decoding=\"async\" style=\"border-width:0px;width:113px;height:150px;opacity:0.85;display:inline;\" src=\"http:\/\/mariacka-lodz.com.pl\/wp-content\/uploads\/wppa\/thumbs\/1055.jpg?ver=9\" alt=\"Zdjecie 027.jpg\" class=\"image wppa-img\" onmouseover=\"jQuery(this).fadeTo(400, 1.0)\" onmouseout=\"jQuery(this).fadeTo(400,0.85)\"><\/a><\/div><\/div><div title=\" \" onclick=\"wppaStopProp(event);\"><\/div><div style=\"clear:both;\"><\/div><\/div><div id=\"album-48-1\" title=\"Link to Galeria zdj\u0119\u0107\" style=\"width:100%;float:right;cursor:pointer;\" class=\"wppa-album-cover-standard album wppa-box wppa-cover-box wppa-cover-box-1\"><div id=\"covertext_frame_48_1\" style=\"width:459px; float:left\" class=\"wppa-text-frame-1 wppa-text-frame wppa-cover-text-frame wppa-asym-text-frame-1\"><h2 style=\"clear:none\" class=\"wppa-title\"><a title=\"Link to Galeria zdj\u0119\u0107\" href=\"http:\/\/mariacka-lodz.com.pl\/?page_id=128&#038;lang=pl&#038;cache=1&#038;slide=1&#038;occur=1&#038;album=804b9e38ccba6db3\" target=\"_self\" class=\"wppa-title\">\u015awiecenie pokarm\u00f3w dla dzieci<\/a><\/h2><div style=\"min-height:54px;\" class=\"wppa-box-text wppa-black wppa-box-text-desc\"><\/div><div class=\"wppa-box-text wppa-black wppa-info wppa-slideshow-browse-link wppa-album-cover-link\">a<\/div><div class=\"wppa-box-text wppa-black wppa-info wppa-viewlink wppa-album-cover-link\"><a title=\"View the album \u015awiecenie pokarm\u00f3w dla dzieci\" style=\"cursor:pointer;\" href=\"http:\/\/mariacka-lodz.com.pl\/?page_id=128&#038;lang=pl&#038;cache=1&#038;album=804b9e38ccba6db3&#038;cover=0&#038;occur=1&#038;data-alb=48\" target=\"_self\" class=\"wppa-album-cover-link\">View&nbsp;36&nbsp;photos<\/a><\/div><\/div><div id=\"coverphoto_frame_48_1\" style=\"float:right; margin-left:5px;width:160px;\" class=\"coverphoto-frame\"><div title=\" \" style=\"display:inline-block;margin:0 4px;\" onclick=\"wppaStopProp(event)\"><a title=\"Link to Galeria zdj\u0119\u0107\" style=\"border:0;color:transparent;cursor:pointer;\" href=\"http:\/\/mariacka-lodz.com.pl\/?page_id=128&#038;lang=pl&#038;cache=1&#038;slide=1&#038;occur=1&#038;album=804b9e38ccba6db3\" target=\"_self\"><img decoding=\"async\" style=\"border-width:0px;width:150px;height:113px;opacity:0.85;display:inline;\" src=\"http:\/\/mariacka-lodz.com.pl\/wp-content\/uploads\/wppa\/thumbs\/1019.jpg?ver=9\" alt=\"Zdjecie 027.jpg\" class=\"image wppa-img\" onmouseover=\"jQuery(this).fadeTo(400, 1.0)\" onmouseout=\"jQuery(this).fadeTo(400,0.85)\"><\/a><\/div><\/div><div title=\" \" onclick=\"wppaStopProp(event);\"><\/div><div style=\"clear:both;\"><\/div><\/div><div id=\"album-47-1\" title=\"Link to Galeria zdj\u0119\u0107\" style=\"width:100%;float:right;cursor:pointer;\" class=\"wppa-album-cover-standard album wppa-box wppa-cover-box wppa-cover-box-1\"><div id=\"covertext_frame_47_1\" style=\"width:459px; float:left\" class=\"wppa-text-frame-1 wppa-text-frame wppa-cover-text-frame wppa-asym-text-frame-1\"><h2 style=\"clear:none\" class=\"wppa-title\"><a title=\"Link to Galeria zdj\u0119\u0107\" href=\"http:\/\/mariacka-lodz.com.pl\/?page_id=128&#038;lang=pl&#038;cache=1&#038;slide=1&#038;occur=1&#038;album=4adc3404a693d026\" target=\"_self\" class=\"wppa-title\">Wielki Piatek 2014<\/a><\/h2><div style=\"min-height:54px;\" class=\"wppa-box-text wppa-black wppa-box-text-desc\"><\/div><div class=\"wppa-box-text wppa-black wppa-info wppa-slideshow-browse-link wppa-album-cover-link\">a<\/div><div class=\"wppa-box-text wppa-black wppa-info wppa-viewlink wppa-album-cover-link\"><a title=\"View the album Wielki Piatek 2014\" style=\"cursor:pointer;\" href=\"http:\/\/mariacka-lodz.com.pl\/?page_id=128&#038;lang=pl&#038;cache=1&#038;album=4adc3404a693d026&#038;cover=0&#038;occur=1&#038;data-alb=47\" target=\"_self\" class=\"wppa-album-cover-link\">View&nbsp;41&nbsp;photos<\/a><\/div><\/div><div id=\"coverphoto_frame_47_1\" style=\"float:right; margin-left:5px;width:123px;\" class=\"coverphoto-frame\"><div title=\" \" style=\"display:inline-block;margin:0 4px;\" onclick=\"wppaStopProp(event)\"><a title=\"Link to Galeria zdj\u0119\u0107\" style=\"border:0;color:transparent;cursor:pointer;\" href=\"http:\/\/mariacka-lodz.com.pl\/?page_id=128&#038;lang=pl&#038;cache=1&#038;slide=1&#038;occur=1&#038;album=4adc3404a693d026\" target=\"_self\"><img decoding=\"async\" style=\"border-width:0px;width:113px;height:150px;opacity:0.85;display:inline;\" src=\"http:\/\/mariacka-lodz.com.pl\/wp-content\/uploads\/wppa\/thumbs\/978.jpg?ver=9\" alt=\"Zdj\u0119cie 045.jpg\" class=\"image wppa-img\" onmouseover=\"jQuery(this).fadeTo(400, 1.0)\" onmouseout=\"jQuery(this).fadeTo(400,0.85)\"><\/a><\/div><\/div><div title=\" \" onclick=\"wppaStopProp(event);\"><\/div><div style=\"clear:both;\"><\/div><\/div><div id=\"album-46-1\" title=\"Link to Galeria zdj\u0119\u0107\" style=\"width:100%;float:right;cursor:pointer;\" class=\"wppa-album-cover-standard album wppa-box wppa-cover-box wppa-cover-box-1\"><div id=\"covertext_frame_46_1\" style=\"width:459px; float:left\" class=\"wppa-text-frame-1 wppa-text-frame wppa-cover-text-frame wppa-asym-text-frame-1\"><h2 style=\"clear:none\" class=\"wppa-title\"><a title=\"Link to Galeria zdj\u0119\u0107\" href=\"http:\/\/mariacka-lodz.com.pl\/?page_id=128&#038;lang=pl&#038;cache=1&#038;slide=1&#038;occur=1&#038;album=15966fe13d035440\" target=\"_self\" class=\"wppa-title\">Gr\u00f3b Pa\u0144ski 2014<\/a><\/h2><div style=\"min-height:54px;\" class=\"wppa-box-text wppa-black wppa-box-text-desc\"><\/div><div class=\"wppa-box-text wppa-black wppa-info wppa-slideshow-browse-link wppa-album-cover-link\">a<\/div><div class=\"wppa-box-text wppa-black wppa-info wppa-viewlink wppa-album-cover-link\"><a title=\"View the album Gr\u00f3b Pa\u0144ski 2014\" style=\"cursor:pointer;\" href=\"http:\/\/mariacka-lodz.com.pl\/?page_id=128&#038;lang=pl&#038;cache=1&#038;album=15966fe13d035440&#038;cover=0&#038;occur=1&#038;data-alb=46\" target=\"_self\" class=\"wppa-album-cover-link\">View&nbsp;85&nbsp;photos<\/a><\/div><\/div><div id=\"coverphoto_frame_46_1\" style=\"float:right; margin-left:5px;width:160px;\" class=\"coverphoto-frame\"><div title=\" \" style=\"display:inline-block;margin:0 4px;\" onclick=\"wppaStopProp(event)\"><a title=\"Link to Galeria zdj\u0119\u0107\" style=\"border:0;color:transparent;cursor:pointer;\" href=\"http:\/\/mariacka-lodz.com.pl\/?page_id=128&#038;lang=pl&#038;cache=1&#038;slide=1&#038;occur=1&#038;album=15966fe13d035440\" target=\"_self\"><img decoding=\"async\" style=\"border-width:0px;width:150px;height:113px;opacity:0.85;display:inline;\" src=\"http:\/\/mariacka-lodz.com.pl\/wp-content\/uploads\/wppa\/thumbs\/883.jpg?ver=9\" alt=\"Zdjecie 029.jpg\" class=\"image wppa-img\" onmouseover=\"jQuery(this).fadeTo(400, 1.0)\" onmouseout=\"jQuery(this).fadeTo(400,0.85)\"><\/a><\/div><\/div><div title=\" \" onclick=\"wppaStopProp(event);\"><\/div><div style=\"clear:both;\"><\/div><\/div><div id=\"album-45-1\" title=\"Link to Galeria zdj\u0119\u0107\" style=\"width:100%;float:right;cursor:pointer;\" class=\"wppa-album-cover-standard album wppa-box wppa-cover-box wppa-cover-box-1\"><div id=\"covertext_frame_45_1\" style=\"width:459px; float:left\" class=\"wppa-text-frame-1 wppa-text-frame wppa-cover-text-frame wppa-asym-text-frame-1\"><h2 style=\"clear:none\" class=\"wppa-title\"><a title=\"Link to Galeria zdj\u0119\u0107\" href=\"http:\/\/mariacka-lodz.com.pl\/?page_id=128&#038;lang=pl&#038;cache=1&#038;slide=1&#038;occur=1&#038;album=038951d6d019f4a6\" target=\"_self\" class=\"wppa-title\">Ciemnica 2014<\/a><\/h2><div style=\"min-height:54px;\" class=\"wppa-box-text wppa-black wppa-box-text-desc\"><\/div><div class=\"wppa-box-text wppa-black wppa-info wppa-slideshow-browse-link wppa-album-cover-link\">a<\/div><div class=\"wppa-box-text wppa-black wppa-info wppa-viewlink wppa-album-cover-link\"><a title=\"View the album Ciemnica 2014\" style=\"cursor:pointer;\" href=\"http:\/\/mariacka-lodz.com.pl\/?page_id=128&#038;lang=pl&#038;cache=1&#038;album=038951d6d019f4a6&#038;cover=0&#038;occur=1&#038;data-alb=45\" target=\"_self\" class=\"wppa-album-cover-link\">View&nbsp;48&nbsp;photos<\/a><\/div><\/div><div id=\"coverphoto_frame_45_1\" style=\"float:right; margin-left:5px;width:160px;\" class=\"coverphoto-frame\"><div title=\" \" style=\"display:inline-block;margin:0 4px;\" onclick=\"wppaStopProp(event)\"><a title=\"Link to Galeria zdj\u0119\u0107\" style=\"border:0;color:transparent;cursor:pointer;\" href=\"http:\/\/mariacka-lodz.com.pl\/?page_id=128&#038;lang=pl&#038;cache=1&#038;slide=1&#038;occur=1&#038;album=038951d6d019f4a6\" target=\"_self\"><img decoding=\"async\" style=\"border-width:0px;width:150px;height:113px;opacity:0.85;display:inline;\" src=\"http:\/\/mariacka-lodz.com.pl\/wp-content\/uploads\/wppa\/thumbs\/826.jpg?ver=9\" alt=\"Zdj\u0119cie 091.jpg\" class=\"image wppa-img\" onmouseover=\"jQuery(this).fadeTo(400, 1.0)\" onmouseout=\"jQuery(this).fadeTo(400,0.85)\"><\/a><\/div><\/div><div title=\" \" onclick=\"wppaStopProp(event);\"><\/div><div style=\"clear:both;\"><\/div><\/div><div id=\"album-44-1\" title=\"View the album Wielki Czwartek 2014\" style=\"width:100%;float:right;cursor:pointer;\" class=\"wppa-album-cover-standard album wppa-box wppa-cover-box wppa-cover-box-1\" onclick=\"wppaDoAjaxRender(event, 1, &#039;http:\/\/mariacka-lodz.com.pl\/index.php?rest_route=\/wp-photo-album-plus\/endPoint?action=wppa&wppa-action=render&wppa-size=640&occur=1&page_id=128&wppa-fromp=128&lang=pl&cache=1&slide=1&occur=1&album=44&#039;, &#039;http:\/\/mariacka-lodz.com.pl\/?page_id=128&lang=pl&cache=1&slide=1&occur=1&album=53cb14407389b6b0&#039; )\"><div id=\"covertext_frame_44_1\" style=\"width:459px; float:left\" class=\"wppa-text-frame-1 wppa-text-frame wppa-cover-text-frame wppa-asym-text-frame-1\"><h2 style=\"clear:none\" class=\"wppa-title\"><a title=\"View the album Wielki Czwartek 2014\" style=\"cursor:pointer\" class=\"wppa-title\" onclick=\"wppaDoAjaxRender(event, 1, &#039;http:\/\/mariacka-lodz.com.pl\/index.php?rest_route=\/wp-photo-album-plus\/endPoint?action=wppa&wppa-action=render&wppa-size=640&occur=1&page_id=128&wppa-fromp=128&lang=pl&cache=1&slide=1&occur=1&album=44&#039;, &#039;http:\/\/mariacka-lodz.com.pl\/?page_id=128&lang=pl&cache=1&slide=1&occur=1&album=53cb14407389b6b0&#039; )\">Wielki Czwartek 2014<\/a><\/h2><div style=\"min-height:54px;\" class=\"wppa-box-text wppa-black wppa-box-text-desc\"><\/div><div class=\"wppa-box-text wppa-black wppa-info wppa-slideshow-browse-link wppa-album-cover-link\"><a title=\"Slideshow\" style=\"cursor:pointer\" class=\"wppa-album-cover-link\" onclick=\"wppaDoAjaxRender(event, 1, &#039;http:\/\/mariacka-lodz.com.pl\/index.php?rest_route=\/wp-photo-album-plus\/endPoint?action=wppa&wppa-action=render&wppa-size=640&occur=1&page_id=128&wppa-fromp=128&lang=pl&cache=1&slide=1&occur=1&album=44&#039;, &#039;http:\/\/mariacka-lodz.com.pl\/?page_id=128&lang=pl&cache=1&slide=1&occur=1&album=53cb14407389b6b0&#039; )\">Slideshow<\/a><\/div><div class=\"wppa-box-text wppa-black wppa-info wppa-viewlink wppa-album-cover-link\"><a title=\"View the album Wielki Czwartek 2014\" style=\"cursor:pointer;\" class=\"wppa-album-cover-link\" onclick=\"wppaDoAjaxRender(event, 1, &#039;http:\/\/mariacka-lodz.com.pl\/index.php?rest_route=\/wp-photo-album-plus\/endPoint?action=wppa&wppa-action=render&wppa-size=640&occur=1&page_id=128&wppa-fromp=128&lang=pl&cache=1&album=44&cover=0&occur=1&data-alb=44&#039;, &#039;http:\/\/mariacka-lodz.com.pl\/?page_id=128&lang=pl&cache=1&album=53cb14407389b6b0&cover=0&occur=1&data-alb=44&#039; )\">View&nbsp;17&nbsp;photos<\/a><\/div><\/div><div id=\"coverphoto_frame_44_1\" style=\"float:right; margin-left:5px;width:160px;\" class=\"coverphoto-frame\"><div title=\" \" style=\"display:inline-block;margin:0 4px;\" onclick=\"wppaStopProp(event)\"><a title=\"View the album Wielki Czwartek 2014\" style=\"border:0;color:transparent;cursor:pointer;\" target=\"_self\" onclick=\"wppaDoAjaxRender(event, 1, &#039;http:\/\/mariacka-lodz.com.pl\/index.php?rest_route=\/wp-photo-album-plus\/endPoint?action=wppa&wppa-action=render&wppa-size=640&occur=1&page_id=128&wppa-fromp=128&lang=pl&cache=1&slide=1&occur=1&album=44&#039;, &#039;http:\/\/mariacka-lodz.com.pl\/?page_id=128&lang=pl&cache=1&slide=1&occur=1&album=53cb14407389b6b0&#039; )\"><img decoding=\"async\" style=\"border-width:0px;width:150px;height:113px;opacity:0.85;display:inline;\" src=\"http:\/\/mariacka-lodz.com.pl\/wp-content\/uploads\/wppa\/thumbs\/804.jpg?ver=9\" alt=\"Zdj\u0119cie 070.jpg\" class=\"image wppa-img\" onmouseover=\"jQuery(this).fadeTo(400, 1.0)\" onmouseout=\"jQuery(this).fadeTo(400,0.85)\"><\/a><\/div><\/div><div title=\" \" onclick=\"wppaStopProp(event);\"><\/div><div style=\"clear:both;\"><\/div><\/div><div id=\"album-43-1\" title=\"View the album Msza \u015bwi\u0119ta dla dzieci 26 I 2014\" style=\"width:100%;float:right;cursor:pointer;\" class=\"wppa-album-cover-standard album wppa-box wppa-cover-box wppa-cover-box-1\" onclick=\"wppaDoAjaxRender(event, 1, &#039;http:\/\/mariacka-lodz.com.pl\/index.php?rest_route=\/wp-photo-album-plus\/endPoint?action=wppa&wppa-action=render&wppa-size=640&occur=1&page_id=128&wppa-fromp=128&lang=pl&cache=1&slide=1&occur=1&album=43&#039;, &#039;http:\/\/mariacka-lodz.com.pl\/?page_id=128&lang=pl&cache=1&slide=1&occur=1&album=13456470b902e959&#039; )\"><div id=\"covertext_frame_43_1\" style=\"width:459px; float:left\" class=\"wppa-text-frame-1 wppa-text-frame wppa-cover-text-frame wppa-asym-text-frame-1\"><h2 style=\"clear:none\" class=\"wppa-title\"><a title=\"View the album Msza \u015bwi\u0119ta dla dzieci 26 I 2014\" style=\"cursor:pointer\" class=\"wppa-title\" onclick=\"wppaDoAjaxRender(event, 1, &#039;http:\/\/mariacka-lodz.com.pl\/index.php?rest_route=\/wp-photo-album-plus\/endPoint?action=wppa&wppa-action=render&wppa-size=640&occur=1&page_id=128&wppa-fromp=128&lang=pl&cache=1&slide=1&occur=1&album=43&#039;, &#039;http:\/\/mariacka-lodz.com.pl\/?page_id=128&lang=pl&cache=1&slide=1&occur=1&album=13456470b902e959&#039; )\">Msza \u015bwi\u0119ta dla dzieci 26 I 2014<\/a><\/h2><div style=\"min-height:54px;\" class=\"wppa-box-text wppa-black wppa-box-text-desc\"><\/div><div class=\"wppa-box-text wppa-black wppa-info wppa-slideshow-browse-link wppa-album-cover-link\"><a title=\"Slideshow\" style=\"cursor:pointer\" class=\"wppa-album-cover-link\" onclick=\"wppaDoAjaxRender(event, 1, &#039;http:\/\/mariacka-lodz.com.pl\/index.php?rest_route=\/wp-photo-album-plus\/endPoint?action=wppa&wppa-action=render&wppa-size=640&occur=1&page_id=128&wppa-fromp=128&lang=pl&cache=1&slide=1&occur=1&album=43&#039;, &#039;http:\/\/mariacka-lodz.com.pl\/?page_id=128&lang=pl&cache=1&slide=1&occur=1&album=13456470b902e959&#039; )\">Slideshow<\/a><\/div><div class=\"wppa-box-text wppa-black wppa-info wppa-viewlink wppa-album-cover-link\"><a title=\"View the album Msza \u015bwi\u0119ta dla dzieci 26 I 2014\" style=\"cursor:pointer;\" class=\"wppa-album-cover-link\" onclick=\"wppaDoAjaxRender(event, 1, &#039;http:\/\/mariacka-lodz.com.pl\/index.php?rest_route=\/wp-photo-album-plus\/endPoint?action=wppa&wppa-action=render&wppa-size=640&occur=1&page_id=128&wppa-fromp=128&lang=pl&cache=1&album=43&cover=0&occur=1&data-alb=43&#039;, &#039;http:\/\/mariacka-lodz.com.pl\/?page_id=128&lang=pl&cache=1&album=13456470b902e959&cover=0&occur=1&data-alb=43&#039; )\">View&nbsp;11&nbsp;photos<\/a><\/div><\/div><div id=\"coverphoto_frame_43_1\" style=\"float:right; margin-left:5px;width:160px;\" class=\"coverphoto-frame\"><div title=\" \" style=\"display:inline-block;margin:0 4px;\" onclick=\"wppaStopProp(event)\"><a title=\"View the album Msza \u015bwi\u0119ta dla dzieci 26 I 2014\" style=\"border:0;color:transparent;cursor:pointer;\" target=\"_self\" onclick=\"wppaDoAjaxRender(event, 1, &#039;http:\/\/mariacka-lodz.com.pl\/index.php?rest_route=\/wp-photo-album-plus\/endPoint?action=wppa&wppa-action=render&wppa-size=640&occur=1&page_id=128&wppa-fromp=128&lang=pl&cache=1&slide=1&occur=1&album=43&#039;, &#039;http:\/\/mariacka-lodz.com.pl\/?page_id=128&lang=pl&cache=1&slide=1&occur=1&album=13456470b902e959&#039; )\"><img decoding=\"async\" style=\"border-width:0px;width:150px;height:113px;opacity:0.85;display:inline;\" src=\"http:\/\/mariacka-lodz.com.pl\/wp-content\/uploads\/wppa\/thumbs\/772.jpg?ver=9\" alt=\"Zdj\u0119cie 012.jpg\" class=\"image wppa-img\" onmouseover=\"jQuery(this).fadeTo(400, 1.0)\" onmouseout=\"jQuery(this).fadeTo(400,0.85)\"><\/a><\/div><\/div><div title=\" \" onclick=\"wppaStopProp(event);\"><\/div><div style=\"clear:both;\"><\/div><\/div><div id=\"album-42-1\" title=\"Link to Galeria zdj\u0119\u0107\" style=\"width:100%;float:right;cursor:pointer;\" class=\"wppa-album-cover-standard album wppa-box wppa-cover-box wppa-cover-box-1\"><div id=\"covertext_frame_42_1\" style=\"width:459px; float:left\" class=\"wppa-text-frame-1 wppa-text-frame wppa-cover-text-frame wppa-asym-text-frame-1\"><h2 style=\"clear:none\" class=\"wppa-title\"><a title=\"Link to Galeria zdj\u0119\u0107\" href=\"http:\/\/mariacka-lodz.com.pl\/?page_id=128&#038;lang=pl&#038;cache=1&#038;slide=1&#038;occur=1&#038;album=0a4392b251033c84\" target=\"_self\" class=\"wppa-title\">Msza \u015bwi\u0119ta dla dzieci 6 IV 2014<\/a><\/h2><div style=\"min-height:54px;\" class=\"wppa-box-text wppa-black wppa-box-text-desc\"><\/div><div class=\"wppa-box-text wppa-black wppa-info wppa-slideshow-browse-link wppa-album-cover-link\">a<\/div><div class=\"wppa-box-text wppa-black wppa-info wppa-viewlink wppa-album-cover-link\"><a title=\"View the album Msza \u015bwi\u0119ta dla dzieci 6 IV 2014\" style=\"cursor:pointer;\" href=\"http:\/\/mariacka-lodz.com.pl\/?page_id=128&#038;lang=pl&#038;cache=1&#038;album=0a4392b251033c84&#038;cover=0&#038;occur=1&#038;data-alb=42\" target=\"_self\" class=\"wppa-album-cover-link\">View&nbsp;12&nbsp;photos<\/a><\/div><\/div><div id=\"coverphoto_frame_42_1\" style=\"float:right; margin-left:5px;width:160px;\" class=\"coverphoto-frame\"><div title=\" \" style=\"display:inline-block;margin:0 4px;\" onclick=\"wppaStopProp(event)\"><a title=\"Link to Galeria zdj\u0119\u0107\" style=\"border:0;color:transparent;cursor:pointer;\" href=\"http:\/\/mariacka-lodz.com.pl\/?page_id=128&#038;lang=pl&#038;cache=1&#038;slide=1&#038;occur=1&#038;album=0a4392b251033c84\" target=\"_self\"><img decoding=\"async\" style=\"border-width:0px;width:150px;height:113px;opacity:0.85;display:inline;\" src=\"http:\/\/mariacka-lodz.com.pl\/wp-content\/uploads\/wppa\/thumbs\/760.jpg?ver=9\" alt=\"Zdj\u0119cie 156.jpg\" class=\"image wppa-img\" onmouseover=\"jQuery(this).fadeTo(400, 1.0)\" onmouseout=\"jQuery(this).fadeTo(400,0.85)\"><\/a><\/div><\/div><div title=\" \" onclick=\"wppaStopProp(event);\"><\/div><div style=\"clear:both;\"><\/div><\/div><div id=\"album-41-1\" title=\"View the album Rozdanie \u015bwiec dzieciom pierwszo komunijnym 2 II 2014\" style=\"width:100%;float:right;cursor:pointer;\" class=\"wppa-album-cover-standard album wppa-box wppa-cover-box wppa-cover-box-1\" onclick=\"wppaDoAjaxRender(event, 1, &#039;http:\/\/mariacka-lodz.com.pl\/index.php?rest_route=\/wp-photo-album-plus\/endPoint?action=wppa&wppa-action=render&wppa-size=640&occur=1&page_id=128&wppa-fromp=128&lang=pl&cache=1&slide=1&occur=1&album=41&#039;, &#039;http:\/\/mariacka-lodz.com.pl\/?page_id=128&lang=pl&cache=1&slide=1&occur=1&album=c839b74303699492&#039; )\"><div id=\"covertext_frame_41_1\" style=\"width:459px; float:left\" class=\"wppa-text-frame-1 wppa-text-frame wppa-cover-text-frame wppa-asym-text-frame-1\"><h2 style=\"clear:none\" class=\"wppa-title\"><a title=\"View the album Rozdanie \u015bwiec dzieciom pierwszo komunijnym 2 II 2014\" style=\"cursor:pointer\" class=\"wppa-title\" onclick=\"wppaDoAjaxRender(event, 1, &#039;http:\/\/mariacka-lodz.com.pl\/index.php?rest_route=\/wp-photo-album-plus\/endPoint?action=wppa&wppa-action=render&wppa-size=640&occur=1&page_id=128&wppa-fromp=128&lang=pl&cache=1&slide=1&occur=1&album=41&#039;, &#039;http:\/\/mariacka-lodz.com.pl\/?page_id=128&lang=pl&cache=1&slide=1&occur=1&album=c839b74303699492&#039; )\">Rozdanie \u015bwiec dzieciom pierwszo komunijnym 2 II 2014<\/a><\/h2><div style=\"min-height:54px;\" class=\"wppa-box-text wppa-black wppa-box-text-desc\"><\/div><div class=\"wppa-box-text wppa-black wppa-info wppa-slideshow-browse-link wppa-album-cover-link\"><a title=\"Slideshow\" style=\"cursor:pointer\" class=\"wppa-album-cover-link\" onclick=\"wppaDoAjaxRender(event, 1, &#039;http:\/\/mariacka-lodz.com.pl\/index.php?rest_route=\/wp-photo-album-plus\/endPoint?action=wppa&wppa-action=render&wppa-size=640&occur=1&page_id=128&wppa-fromp=128&lang=pl&cache=1&slide=1&occur=1&album=41&#039;, &#039;http:\/\/mariacka-lodz.com.pl\/?page_id=128&lang=pl&cache=1&slide=1&occur=1&album=c839b74303699492&#039; )\">Slideshow<\/a><\/div><div class=\"wppa-box-text wppa-black wppa-info wppa-viewlink wppa-album-cover-link\"><a title=\"View the album Rozdanie \u015bwiec dzieciom pierwszo komunijnym 2 II 2014\" style=\"cursor:pointer;\" class=\"wppa-album-cover-link\" onclick=\"wppaDoAjaxRender(event, 1, &#039;http:\/\/mariacka-lodz.com.pl\/index.php?rest_route=\/wp-photo-album-plus\/endPoint?action=wppa&wppa-action=render&wppa-size=640&occur=1&page_id=128&wppa-fromp=128&lang=pl&cache=1&album=41&cover=0&occur=1&data-alb=41&#039;, &#039;http:\/\/mariacka-lodz.com.pl\/?page_id=128&lang=pl&cache=1&album=c839b74303699492&cover=0&occur=1&data-alb=41&#039; )\">View&nbsp;15&nbsp;photos<\/a><\/div><\/div><div id=\"coverphoto_frame_41_1\" style=\"float:right; margin-left:5px;width:160px;\" class=\"coverphoto-frame\"><div title=\" \" style=\"display:inline-block;margin:0 4px;\" onclick=\"wppaStopProp(event)\"><a title=\"View the album Rozdanie \u015bwiec dzieciom pierwszo komunijnym 2 II 2014\" style=\"border:0;color:transparent;cursor:pointer;\" target=\"_self\" onclick=\"wppaDoAjaxRender(event, 1, &#039;http:\/\/mariacka-lodz.com.pl\/index.php?rest_route=\/wp-photo-album-plus\/endPoint?action=wppa&wppa-action=render&wppa-size=640&occur=1&page_id=128&wppa-fromp=128&lang=pl&cache=1&slide=1&occur=1&album=41&#039;, &#039;http:\/\/mariacka-lodz.com.pl\/?page_id=128&lang=pl&cache=1&slide=1&occur=1&album=c839b74303699492&#039; )\"><img decoding=\"async\" style=\"border-width:0px;width:150px;height:113px;opacity:0.85;display:inline;\" src=\"http:\/\/mariacka-lodz.com.pl\/wp-content\/uploads\/wppa\/thumbs\/754.jpg?ver=9\" alt=\"Zdj\u0119cie 073.jpg\" class=\"image wppa-img\" onmouseover=\"jQuery(this).fadeTo(400, 1.0)\" onmouseout=\"jQuery(this).fadeTo(400,0.85)\"><\/a><\/div><\/div><div title=\" \" onclick=\"wppaStopProp(event);\"><\/div><div style=\"clear:both;\"><\/div><\/div><div id=\"album-40-1\" title=\"View the album Dekoracja wielkopostna\" style=\"width:100%;float:right;cursor:pointer;\" class=\"wppa-album-cover-standard album wppa-box wppa-cover-box wppa-cover-box-1\" onclick=\"wppaDoAjaxRender(event, 1, &#039;http:\/\/mariacka-lodz.com.pl\/index.php?rest_route=\/wp-photo-album-plus\/endPoint?action=wppa&wppa-action=render&wppa-size=640&occur=1&page_id=128&wppa-fromp=128&lang=pl&cache=1&slide=1&occur=1&album=40&#039;, &#039;http:\/\/mariacka-lodz.com.pl\/?page_id=128&lang=pl&cache=1&slide=1&occur=1&album=e76dc3a2c00bc2c1&#039; )\"><div id=\"covertext_frame_40_1\" style=\"width:459px; float:left\" class=\"wppa-text-frame-1 wppa-text-frame wppa-cover-text-frame wppa-asym-text-frame-1\"><h2 style=\"clear:none\" class=\"wppa-title\"><a title=\"View the album Dekoracja wielkopostna\" style=\"cursor:pointer\" class=\"wppa-title\" onclick=\"wppaDoAjaxRender(event, 1, &#039;http:\/\/mariacka-lodz.com.pl\/index.php?rest_route=\/wp-photo-album-plus\/endPoint?action=wppa&wppa-action=render&wppa-size=640&occur=1&page_id=128&wppa-fromp=128&lang=pl&cache=1&slide=1&occur=1&album=40&#039;, &#039;http:\/\/mariacka-lodz.com.pl\/?page_id=128&lang=pl&cache=1&slide=1&occur=1&album=e76dc3a2c00bc2c1&#039; )\">Dekoracja wielkopostna<\/a><\/h2><div style=\"min-height:54px;\" class=\"wppa-box-text wppa-black wppa-box-text-desc\"><\/div><div class=\"wppa-box-text wppa-black wppa-info wppa-slideshow-browse-link wppa-album-cover-link\"><a title=\"Slideshow\" style=\"cursor:pointer\" class=\"wppa-album-cover-link\" onclick=\"wppaDoAjaxRender(event, 1, &#039;http:\/\/mariacka-lodz.com.pl\/index.php?rest_route=\/wp-photo-album-plus\/endPoint?action=wppa&wppa-action=render&wppa-size=640&occur=1&page_id=128&wppa-fromp=128&lang=pl&cache=1&slide=1&occur=1&album=40&#039;, &#039;http:\/\/mariacka-lodz.com.pl\/?page_id=128&lang=pl&cache=1&slide=1&occur=1&album=e76dc3a2c00bc2c1&#039; )\">Slideshow<\/a><\/div><div class=\"wppa-box-text wppa-black wppa-info wppa-viewlink wppa-album-cover-link\"><a title=\"View the album Dekoracja wielkopostna\" style=\"cursor:pointer;\" class=\"wppa-album-cover-link\" onclick=\"wppaDoAjaxRender(event, 1, &#039;http:\/\/mariacka-lodz.com.pl\/index.php?rest_route=\/wp-photo-album-plus\/endPoint?action=wppa&wppa-action=render&wppa-size=640&occur=1&page_id=128&wppa-fromp=128&lang=pl&cache=1&album=40&cover=0&occur=1&data-alb=40&#039;, &#039;http:\/\/mariacka-lodz.com.pl\/?page_id=128&lang=pl&cache=1&album=e76dc3a2c00bc2c1&cover=0&occur=1&data-alb=40&#039; )\">View&nbsp;19&nbsp;photos<\/a><\/div><\/div><div id=\"coverphoto_frame_40_1\" style=\"float:right; margin-left:5px;width:160px;\" class=\"coverphoto-frame\"><div title=\" \" style=\"display:inline-block;margin:0 4px;\" onclick=\"wppaStopProp(event)\"><a title=\"View the album Dekoracja wielkopostna\" style=\"border:0;color:transparent;cursor:pointer;\" target=\"_self\" onclick=\"wppaDoAjaxRender(event, 1, &#039;http:\/\/mariacka-lodz.com.pl\/index.php?rest_route=\/wp-photo-album-plus\/endPoint?action=wppa&wppa-action=render&wppa-size=640&occur=1&page_id=128&wppa-fromp=128&lang=pl&cache=1&slide=1&occur=1&album=40&#039;, &#039;http:\/\/mariacka-lodz.com.pl\/?page_id=128&lang=pl&cache=1&slide=1&occur=1&album=e76dc3a2c00bc2c1&#039; )\"><img decoding=\"async\" style=\"border-width:0px;width:150px;height:113px;opacity:0.85;display:inline;\" src=\"http:\/\/mariacka-lodz.com.pl\/wp-content\/uploads\/wppa\/thumbs\/790.jpg?ver=9\" alt=\"Zdj\u0119cie 150.jpg\" class=\"image wppa-img\" onmouseover=\"jQuery(this).fadeTo(400, 1.0)\" onmouseout=\"jQuery(this).fadeTo(400,0.85)\"><\/a><\/div><\/div><div title=\" \" onclick=\"wppaStopProp(event);\"><\/div><div style=\"clear:both;\"><\/div><\/div><div id=\"album-39-1\" title=\"View the album Spotkanie op\u0142atkowe 2014\" style=\"width:100%;float:right;cursor:pointer;\" class=\"wppa-album-cover-standard album wppa-box wppa-cover-box wppa-cover-box-1\" onclick=\"wppaDoAjaxRender(event, 1, &#039;http:\/\/mariacka-lodz.com.pl\/index.php?rest_route=\/wp-photo-album-plus\/endPoint?action=wppa&wppa-action=render&wppa-size=640&occur=1&page_id=128&wppa-fromp=128&lang=pl&cache=1&slide=1&occur=1&album=39&#039;, &#039;http:\/\/mariacka-lodz.com.pl\/?page_id=128&lang=pl&cache=1&slide=1&occur=1&album=e14f9a6e624624c3&#039; )\"><div id=\"covertext_frame_39_1\" style=\"width:459px; float:left\" class=\"wppa-text-frame-1 wppa-text-frame wppa-cover-text-frame wppa-asym-text-frame-1\"><h2 style=\"clear:none\" class=\"wppa-title\"><a title=\"View the album Spotkanie op\u0142atkowe 2014\" style=\"cursor:pointer\" class=\"wppa-title\" onclick=\"wppaDoAjaxRender(event, 1, &#039;http:\/\/mariacka-lodz.com.pl\/index.php?rest_route=\/wp-photo-album-plus\/endPoint?action=wppa&wppa-action=render&wppa-size=640&occur=1&page_id=128&wppa-fromp=128&lang=pl&cache=1&slide=1&occur=1&album=39&#039;, &#039;http:\/\/mariacka-lodz.com.pl\/?page_id=128&lang=pl&cache=1&slide=1&occur=1&album=e14f9a6e624624c3&#039; )\">Spotkanie op\u0142atkowe 2014<\/a><\/h2><div style=\"min-height:54px;\" class=\"wppa-box-text wppa-black wppa-box-text-desc\"><\/div><div class=\"wppa-box-text wppa-black wppa-info wppa-slideshow-browse-link wppa-album-cover-link\"><a title=\"Slideshow\" style=\"cursor:pointer\" class=\"wppa-album-cover-link\" onclick=\"wppaDoAjaxRender(event, 1, &#039;http:\/\/mariacka-lodz.com.pl\/index.php?rest_route=\/wp-photo-album-plus\/endPoint?action=wppa&wppa-action=render&wppa-size=640&occur=1&page_id=128&wppa-fromp=128&lang=pl&cache=1&slide=1&occur=1&album=39&#039;, &#039;http:\/\/mariacka-lodz.com.pl\/?page_id=128&lang=pl&cache=1&slide=1&occur=1&album=e14f9a6e624624c3&#039; )\">Slideshow<\/a><\/div><div class=\"wppa-box-text wppa-black wppa-info wppa-viewlink wppa-album-cover-link\"><a title=\"View the album Spotkanie op\u0142atkowe 2014\" style=\"cursor:pointer;\" class=\"wppa-album-cover-link\" onclick=\"wppaDoAjaxRender(event, 1, &#039;http:\/\/mariacka-lodz.com.pl\/index.php?rest_route=\/wp-photo-album-plus\/endPoint?action=wppa&wppa-action=render&wppa-size=640&occur=1&page_id=128&wppa-fromp=128&lang=pl&cache=1&album=39&cover=0&occur=1&data-alb=39&#039;, &#039;http:\/\/mariacka-lodz.com.pl\/?page_id=128&lang=pl&cache=1&album=e14f9a6e624624c3&cover=0&occur=1&data-alb=39&#039; )\">View&nbsp;32&nbsp;photos<\/a><\/div><\/div><div id=\"coverphoto_frame_39_1\" style=\"float:right; margin-left:5px;width:160px;\" class=\"coverphoto-frame\"><div title=\" \" style=\"display:inline-block;margin:0 4px;\" onclick=\"wppaStopProp(event)\"><a title=\"View the album Spotkanie op\u0142atkowe 2014\" style=\"border:0;color:transparent;cursor:pointer;\" target=\"_self\" onclick=\"wppaDoAjaxRender(event, 1, &#039;http:\/\/mariacka-lodz.com.pl\/index.php?rest_route=\/wp-photo-album-plus\/endPoint?action=wppa&wppa-action=render&wppa-size=640&occur=1&page_id=128&wppa-fromp=128&lang=pl&cache=1&slide=1&occur=1&album=39&#039;, &#039;http:\/\/mariacka-lodz.com.pl\/?page_id=128&lang=pl&cache=1&slide=1&occur=1&album=e14f9a6e624624c3&#039; )\"><img decoding=\"async\" style=\"border-width:0px;width:150px;height:85px;opacity:0.85;display:inline;\" src=\"http:\/\/mariacka-lodz.com.pl\/wp-content\/uploads\/wppa\/thumbs\/719.jpg?ver=9\" alt=\"025 - Spotkanie op\u0142atkowe -12-01-2014r - [Max Szeroko\u015b\u0107 640 Max Wysoko\u015b\u0107 480].jpg\" class=\"image wppa-img\" onmouseover=\"jQuery(this).fadeTo(400, 1.0)\" onmouseout=\"jQuery(this).fadeTo(400,0.85)\"><\/a><\/div><\/div><div title=\" \" onclick=\"wppaStopProp(event);\"><\/div><div style=\"clear:both;\"><\/div><\/div><div id=\"album-38-1\" title=\"View the album Trzech Kr\u00f3li 2014\" style=\"width:100%;float:right;cursor:pointer;\" class=\"wppa-album-cover-standard album wppa-box wppa-cover-box wppa-cover-box-1\" onclick=\"wppaDoAjaxRender(event, 1, &#039;http:\/\/mariacka-lodz.com.pl\/index.php?rest_route=\/wp-photo-album-plus\/endPoint?action=wppa&wppa-action=render&wppa-size=640&occur=1&page_id=128&wppa-fromp=128&lang=pl&cache=1&slide=1&occur=1&album=38&#039;, &#039;http:\/\/mariacka-lodz.com.pl\/?page_id=128&lang=pl&cache=1&slide=1&occur=1&album=4fed402d19ef2227&#039; )\"><div id=\"covertext_frame_38_1\" style=\"width:459px; float:left\" class=\"wppa-text-frame-1 wppa-text-frame wppa-cover-text-frame wppa-asym-text-frame-1\"><h2 style=\"clear:none\" class=\"wppa-title\"><a title=\"View the album Trzech Kr\u00f3li 2014\" style=\"cursor:pointer\" class=\"wppa-title\" onclick=\"wppaDoAjaxRender(event, 1, &#039;http:\/\/mariacka-lodz.com.pl\/index.php?rest_route=\/wp-photo-album-plus\/endPoint?action=wppa&wppa-action=render&wppa-size=640&occur=1&page_id=128&wppa-fromp=128&lang=pl&cache=1&slide=1&occur=1&album=38&#039;, &#039;http:\/\/mariacka-lodz.com.pl\/?page_id=128&lang=pl&cache=1&slide=1&occur=1&album=4fed402d19ef2227&#039; )\">Trzech Kr\u00f3li 2014<\/a><\/h2><div style=\"min-height:54px;\" class=\"wppa-box-text wppa-black wppa-box-text-desc\"><\/div><div class=\"wppa-box-text wppa-black wppa-info wppa-slideshow-browse-link wppa-album-cover-link\"><a title=\"Slideshow\" style=\"cursor:pointer\" class=\"wppa-album-cover-link\" onclick=\"wppaDoAjaxRender(event, 1, &#039;http:\/\/mariacka-lodz.com.pl\/index.php?rest_route=\/wp-photo-album-plus\/endPoint?action=wppa&wppa-action=render&wppa-size=640&occur=1&page_id=128&wppa-fromp=128&lang=pl&cache=1&slide=1&occur=1&album=38&#039;, &#039;http:\/\/mariacka-lodz.com.pl\/?page_id=128&lang=pl&cache=1&slide=1&occur=1&album=4fed402d19ef2227&#039; )\">Slideshow<\/a><\/div><div class=\"wppa-box-text wppa-black wppa-info wppa-viewlink wppa-album-cover-link\"><a title=\"View the album Trzech Kr\u00f3li 2014\" style=\"cursor:pointer;\" class=\"wppa-album-cover-link\" onclick=\"wppaDoAjaxRender(event, 1, &#039;http:\/\/mariacka-lodz.com.pl\/index.php?rest_route=\/wp-photo-album-plus\/endPoint?action=wppa&wppa-action=render&wppa-size=640&occur=1&page_id=128&wppa-fromp=128&lang=pl&cache=1&album=38&cover=0&occur=1&data-alb=38&#039;, &#039;http:\/\/mariacka-lodz.com.pl\/?page_id=128&lang=pl&cache=1&album=4fed402d19ef2227&cover=0&occur=1&data-alb=38&#039; )\">View&nbsp;5&nbsp;photos<\/a><\/div><\/div><div id=\"coverphoto_frame_38_1\" style=\"float:right; margin-left:5px;width:160px;\" class=\"coverphoto-frame\"><div title=\" \" style=\"display:inline-block;margin:0 4px;\" onclick=\"wppaStopProp(event)\"><a title=\"View the album Trzech Kr\u00f3li 2014\" style=\"border:0;color:transparent;cursor:pointer;\" target=\"_self\" onclick=\"wppaDoAjaxRender(event, 1, &#039;http:\/\/mariacka-lodz.com.pl\/index.php?rest_route=\/wp-photo-album-plus\/endPoint?action=wppa&wppa-action=render&wppa-size=640&occur=1&page_id=128&wppa-fromp=128&lang=pl&cache=1&slide=1&occur=1&album=38&#039;, &#039;http:\/\/mariacka-lodz.com.pl\/?page_id=128&lang=pl&cache=1&slide=1&occur=1&album=4fed402d19ef2227&#039; )\"><img decoding=\"async\" style=\"border-width:0px;width:150px;height:113px;opacity:0.85;display:inline;\" src=\"http:\/\/mariacka-lodz.com.pl\/wp-content\/uploads\/wppa\/thumbs\/700.jpg?ver=9\" alt=\"Zdj\u0119cie 097.jpg\" class=\"image wppa-img\" onmouseover=\"jQuery(this).fadeTo(400, 1.0)\" onmouseout=\"jQuery(this).fadeTo(400,0.85)\"><\/a><\/div><\/div><div title=\" \" onclick=\"wppaStopProp(event);\"><\/div><div style=\"clear:both;\"><\/div><\/div><div id=\"album-37-1\" title=\"View the album Po\u015bwi\u0119cenie i rozdanie ksi\u0105\u017ceczek dla dzieci I komunijnych 5.01.2014\" style=\"width:100%;float:right;cursor:pointer;\" class=\"wppa-album-cover-standard album wppa-box wppa-cover-box wppa-cover-box-1\" onclick=\"wppaDoAjaxRender(event, 1, &#039;http:\/\/mariacka-lodz.com.pl\/index.php?rest_route=\/wp-photo-album-plus\/endPoint?action=wppa&wppa-action=render&wppa-size=640&occur=1&page_id=128&wppa-fromp=128&lang=pl&cache=1&slide=1&occur=1&album=37&#039;, &#039;http:\/\/mariacka-lodz.com.pl\/?page_id=128&lang=pl&cache=1&slide=1&occur=1&album=a3918492a6f517b4&#039; )\"><div id=\"covertext_frame_37_1\" style=\"width:459px; float:left\" class=\"wppa-text-frame-1 wppa-text-frame wppa-cover-text-frame wppa-asym-text-frame-1\"><h2 style=\"clear:none\" class=\"wppa-title\"><a title=\"View the album Po\u015bwi\u0119cenie i rozdanie ksi\u0105\u017ceczek dla dzieci I komunijnych 5.01.2014\" style=\"cursor:pointer\" class=\"wppa-title\" onclick=\"wppaDoAjaxRender(event, 1, &#039;http:\/\/mariacka-lodz.com.pl\/index.php?rest_route=\/wp-photo-album-plus\/endPoint?action=wppa&wppa-action=render&wppa-size=640&occur=1&page_id=128&wppa-fromp=128&lang=pl&cache=1&slide=1&occur=1&album=37&#039;, &#039;http:\/\/mariacka-lodz.com.pl\/?page_id=128&lang=pl&cache=1&slide=1&occur=1&album=a3918492a6f517b4&#039; )\">Po\u015bwi\u0119cenie i rozdanie ksi\u0105\u017ceczek dla dzieci I komunijnych 5.01.2014<\/a><\/h2><div style=\"min-height:54px;\" class=\"wppa-box-text wppa-black wppa-box-text-desc\"><\/div><div class=\"wppa-box-text wppa-black wppa-info wppa-slideshow-browse-link wppa-album-cover-link\"><a title=\"Slideshow\" style=\"cursor:pointer\" class=\"wppa-album-cover-link\" onclick=\"wppaDoAjaxRender(event, 1, &#039;http:\/\/mariacka-lodz.com.pl\/index.php?rest_route=\/wp-photo-album-plus\/endPoint?action=wppa&wppa-action=render&wppa-size=640&occur=1&page_id=128&wppa-fromp=128&lang=pl&cache=1&slide=1&occur=1&album=37&#039;, &#039;http:\/\/mariacka-lodz.com.pl\/?page_id=128&lang=pl&cache=1&slide=1&occur=1&album=a3918492a6f517b4&#039; )\">Slideshow<\/a><\/div><div class=\"wppa-box-text wppa-black wppa-info wppa-viewlink wppa-album-cover-link\"><a title=\"View the album Po\u015bwi\u0119cenie i rozdanie ksi\u0105\u017ceczek dla dzieci I komunijnych 5.01.2014\" style=\"cursor:pointer;\" class=\"wppa-album-cover-link\" onclick=\"wppaDoAjaxRender(event, 1, &#039;http:\/\/mariacka-lodz.com.pl\/index.php?rest_route=\/wp-photo-album-plus\/endPoint?action=wppa&wppa-action=render&wppa-size=640&occur=1&page_id=128&wppa-fromp=128&lang=pl&cache=1&album=37&cover=0&occur=1&data-alb=37&#039;, &#039;http:\/\/mariacka-lodz.com.pl\/?page_id=128&lang=pl&cache=1&album=a3918492a6f517b4&cover=0&occur=1&data-alb=37&#039; )\">View&nbsp;10&nbsp;photos<\/a><\/div><\/div><div id=\"coverphoto_frame_37_1\" style=\"float:right; margin-left:5px;width:160px;\" class=\"coverphoto-frame\"><div title=\" \" style=\"display:inline-block;margin:0 4px;\" onclick=\"wppaStopProp(event)\"><a title=\"View the album Po\u015bwi\u0119cenie i rozdanie ksi\u0105\u017ceczek dla dzieci I komunijnych 5.01.2014\" style=\"border:0;color:transparent;cursor:pointer;\" target=\"_self\" onclick=\"wppaDoAjaxRender(event, 1, &#039;http:\/\/mariacka-lodz.com.pl\/index.php?rest_route=\/wp-photo-album-plus\/endPoint?action=wppa&wppa-action=render&wppa-size=640&occur=1&page_id=128&wppa-fromp=128&lang=pl&cache=1&slide=1&occur=1&album=37&#039;, &#039;http:\/\/mariacka-lodz.com.pl\/?page_id=128&lang=pl&cache=1&slide=1&occur=1&album=a3918492a6f517b4&#039; )\"><img decoding=\"async\" style=\"border-width:0px;width:150px;height:113px;opacity:0.85;display:inline;\" src=\"http:\/\/mariacka-lodz.com.pl\/wp-content\/uploads\/wppa\/thumbs\/690.jpg?ver=9\" alt=\"Zdj\u0119cie 047.jpg\" class=\"image wppa-img\" onmouseover=\"jQuery(this).fadeTo(400, 1.0)\" onmouseout=\"jQuery(this).fadeTo(400,0.85)\"><\/a><\/div><\/div><div title=\" \" onclick=\"wppaStopProp(event);\"><\/div><div style=\"clear:both;\"><\/div><\/div><div id=\"album-36-1\" title=\"View the album Rozdanie prezent\u00f3w 6.01.2014\" style=\"width:100%;float:right;cursor:pointer;\" class=\"wppa-album-cover-standard album wppa-box wppa-cover-box wppa-cover-box-1\" onclick=\"wppaDoAjaxRender(event, 1, &#039;http:\/\/mariacka-lodz.com.pl\/index.php?rest_route=\/wp-photo-album-plus\/endPoint?action=wppa&wppa-action=render&wppa-size=640&occur=1&page_id=128&wppa-fromp=128&lang=pl&cache=1&slide=1&occur=1&album=36&#039;, &#039;http:\/\/mariacka-lodz.com.pl\/?page_id=128&lang=pl&cache=1&slide=1&occur=1&album=19b3600a919db2a2&#039; )\"><div id=\"covertext_frame_36_1\" style=\"width:459px; float:left\" class=\"wppa-text-frame-1 wppa-text-frame wppa-cover-text-frame wppa-asym-text-frame-1\"><h2 style=\"clear:none\" class=\"wppa-title\"><a title=\"View the album Rozdanie prezent\u00f3w 6.01.2014\" style=\"cursor:pointer\" class=\"wppa-title\" onclick=\"wppaDoAjaxRender(event, 1, &#039;http:\/\/mariacka-lodz.com.pl\/index.php?rest_route=\/wp-photo-album-plus\/endPoint?action=wppa&wppa-action=render&wppa-size=640&occur=1&page_id=128&wppa-fromp=128&lang=pl&cache=1&slide=1&occur=1&album=36&#039;, &#039;http:\/\/mariacka-lodz.com.pl\/?page_id=128&lang=pl&cache=1&slide=1&occur=1&album=19b3600a919db2a2&#039; )\">Rozdanie prezent\u00f3w 6.01.2014<\/a><\/h2><div style=\"min-height:54px;\" class=\"wppa-box-text wppa-black wppa-box-text-desc\"><\/div><div class=\"wppa-box-text wppa-black wppa-info wppa-slideshow-browse-link wppa-album-cover-link\"><a title=\"Slideshow\" style=\"cursor:pointer\" class=\"wppa-album-cover-link\" onclick=\"wppaDoAjaxRender(event, 1, &#039;http:\/\/mariacka-lodz.com.pl\/index.php?rest_route=\/wp-photo-album-plus\/endPoint?action=wppa&wppa-action=render&wppa-size=640&occur=1&page_id=128&wppa-fromp=128&lang=pl&cache=1&slide=1&occur=1&album=36&#039;, &#039;http:\/\/mariacka-lodz.com.pl\/?page_id=128&lang=pl&cache=1&slide=1&occur=1&album=19b3600a919db2a2&#039; )\">Slideshow<\/a><\/div><div class=\"wppa-box-text wppa-black wppa-info wppa-viewlink wppa-album-cover-link\"><a title=\"View the album Rozdanie prezent\u00f3w 6.01.2014\" style=\"cursor:pointer;\" class=\"wppa-album-cover-link\" onclick=\"wppaDoAjaxRender(event, 1, &#039;http:\/\/mariacka-lodz.com.pl\/index.php?rest_route=\/wp-photo-album-plus\/endPoint?action=wppa&wppa-action=render&wppa-size=640&occur=1&page_id=128&wppa-fromp=128&lang=pl&cache=1&album=36&cover=0&occur=1&data-alb=36&#039;, &#039;http:\/\/mariacka-lodz.com.pl\/?page_id=128&lang=pl&cache=1&album=19b3600a919db2a2&cover=0&occur=1&data-alb=36&#039; )\">View&nbsp;9&nbsp;photos<\/a><\/div><\/div><div id=\"coverphoto_frame_36_1\" style=\"float:right; margin-left:5px;width:160px;\" class=\"coverphoto-frame\"><div title=\" \" style=\"display:inline-block;margin:0 4px;\" onclick=\"wppaStopProp(event)\"><a title=\"View the album Rozdanie prezent\u00f3w 6.01.2014\" style=\"border:0;color:transparent;cursor:pointer;\" target=\"_self\" onclick=\"wppaDoAjaxRender(event, 1, &#039;http:\/\/mariacka-lodz.com.pl\/index.php?rest_route=\/wp-photo-album-plus\/endPoint?action=wppa&wppa-action=render&wppa-size=640&occur=1&page_id=128&wppa-fromp=128&lang=pl&cache=1&slide=1&occur=1&album=36&#039;, &#039;http:\/\/mariacka-lodz.com.pl\/?page_id=128&lang=pl&cache=1&slide=1&occur=1&album=19b3600a919db2a2&#039; )\"><img decoding=\"async\" style=\"border-width:0px;width:150px;height:113px;opacity:0.85;display:inline;\" src=\"http:\/\/mariacka-lodz.com.pl\/wp-content\/uploads\/wppa\/thumbs\/681.jpg?ver=9\" alt=\"Zdj\u0119cie 074.jpg\" class=\"image wppa-img\" onmouseover=\"jQuery(this).fadeTo(400, 1.0)\" onmouseout=\"jQuery(this).fadeTo(400,0.85)\"><\/a><\/div><\/div><div title=\" \" onclick=\"wppaStopProp(event);\"><\/div><div style=\"clear:both;\"><\/div><\/div><div id=\"album-35-1\" title=\"View the album Msza \u015bw. dla dzieci 5.01.2014\" style=\"width:100%;float:right;cursor:pointer;\" class=\"wppa-album-cover-standard album wppa-box wppa-cover-box wppa-cover-box-1\" onclick=\"wppaDoAjaxRender(event, 1, &#039;http:\/\/mariacka-lodz.com.pl\/index.php?rest_route=\/wp-photo-album-plus\/endPoint?action=wppa&wppa-action=render&wppa-size=640&occur=1&page_id=128&wppa-fromp=128&lang=pl&cache=1&slide=1&occur=1&album=35&#039;, &#039;http:\/\/mariacka-lodz.com.pl\/?page_id=128&lang=pl&cache=1&slide=1&occur=1&album=b88bd7783939f110&#039; )\"><div id=\"covertext_frame_35_1\" style=\"width:459px; float:left\" class=\"wppa-text-frame-1 wppa-text-frame wppa-cover-text-frame wppa-asym-text-frame-1\"><h2 style=\"clear:none\" class=\"wppa-title\"><a title=\"View the album Msza \u015bw. dla dzieci 5.01.2014\" style=\"cursor:pointer\" class=\"wppa-title\" onclick=\"wppaDoAjaxRender(event, 1, &#039;http:\/\/mariacka-lodz.com.pl\/index.php?rest_route=\/wp-photo-album-plus\/endPoint?action=wppa&wppa-action=render&wppa-size=640&occur=1&page_id=128&wppa-fromp=128&lang=pl&cache=1&slide=1&occur=1&album=35&#039;, &#039;http:\/\/mariacka-lodz.com.pl\/?page_id=128&lang=pl&cache=1&slide=1&occur=1&album=b88bd7783939f110&#039; )\">Msza \u015bw. dla dzieci 5.01.2014<\/a><\/h2><div style=\"min-height:54px;\" class=\"wppa-box-text wppa-black wppa-box-text-desc\"><\/div><div class=\"wppa-box-text wppa-black wppa-info wppa-slideshow-browse-link wppa-album-cover-link\"><a title=\"Slideshow\" style=\"cursor:pointer\" class=\"wppa-album-cover-link\" onclick=\"wppaDoAjaxRender(event, 1, &#039;http:\/\/mariacka-lodz.com.pl\/index.php?rest_route=\/wp-photo-album-plus\/endPoint?action=wppa&wppa-action=render&wppa-size=640&occur=1&page_id=128&wppa-fromp=128&lang=pl&cache=1&slide=1&occur=1&album=35&#039;, &#039;http:\/\/mariacka-lodz.com.pl\/?page_id=128&lang=pl&cache=1&slide=1&occur=1&album=b88bd7783939f110&#039; )\">Slideshow<\/a><\/div><div class=\"wppa-box-text wppa-black wppa-info wppa-viewlink wppa-album-cover-link\"><a title=\"View the album Msza \u015bw. dla dzieci 5.01.2014\" style=\"cursor:pointer;\" class=\"wppa-album-cover-link\" onclick=\"wppaDoAjaxRender(event, 1, &#039;http:\/\/mariacka-lodz.com.pl\/index.php?rest_route=\/wp-photo-album-plus\/endPoint?action=wppa&wppa-action=render&wppa-size=640&occur=1&page_id=128&wppa-fromp=128&lang=pl&cache=1&album=35&cover=0&occur=1&data-alb=35&#039;, &#039;http:\/\/mariacka-lodz.com.pl\/?page_id=128&lang=pl&cache=1&album=b88bd7783939f110&cover=0&occur=1&data-alb=35&#039; )\">View&nbsp;11&nbsp;photos<\/a><\/div><\/div><div id=\"coverphoto_frame_35_1\" style=\"float:right; margin-left:5px;width:160px;\" class=\"coverphoto-frame\"><div title=\" \" style=\"display:inline-block;margin:0 4px;\" onclick=\"wppaStopProp(event)\"><a title=\"View the album Msza \u015bw. dla dzieci 5.01.2014\" style=\"border:0;color:transparent;cursor:pointer;\" target=\"_self\" onclick=\"wppaDoAjaxRender(event, 1, &#039;http:\/\/mariacka-lodz.com.pl\/index.php?rest_route=\/wp-photo-album-plus\/endPoint?action=wppa&wppa-action=render&wppa-size=640&occur=1&page_id=128&wppa-fromp=128&lang=pl&cache=1&slide=1&occur=1&album=35&#039;, &#039;http:\/\/mariacka-lodz.com.pl\/?page_id=128&lang=pl&cache=1&slide=1&occur=1&album=b88bd7783939f110&#039; )\"><img decoding=\"async\" style=\"border-width:0px;width:150px;height:113px;opacity:0.85;display:inline;\" src=\"http:\/\/mariacka-lodz.com.pl\/wp-content\/uploads\/wppa\/thumbs\/670.jpg?ver=9\" alt=\"Zdj\u0119cie 011.jpg\" class=\"image wppa-img\" onmouseover=\"jQuery(this).fadeTo(400, 1.0)\" onmouseout=\"jQuery(this).fadeTo(400,0.85)\"><\/a><\/div><\/div><div title=\" \" onclick=\"wppaStopProp(event);\"><\/div><div style=\"clear:both;\"><\/div><\/div><div id=\"album-34-1\" title=\"View the album Uroczysto\u015b\u0107 Objawienia Pa\u0144skiego 2014 \u2013 Trzech Kr\u00f3li koncert\" style=\"width:100%;float:right;cursor:pointer;\" class=\"wppa-album-cover-standard album wppa-box wppa-cover-box wppa-cover-box-1\" onclick=\"wppaDoAjaxRender(event, 1, &#039;http:\/\/mariacka-lodz.com.pl\/index.php?rest_route=\/wp-photo-album-plus\/endPoint?action=wppa&wppa-action=render&wppa-size=640&occur=1&page_id=128&wppa-fromp=128&lang=pl&cache=1&slide=1&occur=1&album=34&#039;, &#039;http:\/\/mariacka-lodz.com.pl\/?page_id=128&lang=pl&cache=1&slide=1&occur=1&album=0d03259ca889233e&#039; )\"><div id=\"covertext_frame_34_1\" style=\"width:459px; float:left\" class=\"wppa-text-frame-1 wppa-text-frame wppa-cover-text-frame wppa-asym-text-frame-1\"><h2 style=\"clear:none\" class=\"wppa-title\"><a title=\"View the album Uroczysto\u015b\u0107 Objawienia Pa\u0144skiego 2014 \u2013 Trzech Kr\u00f3li koncert\" style=\"cursor:pointer\" class=\"wppa-title\" onclick=\"wppaDoAjaxRender(event, 1, &#039;http:\/\/mariacka-lodz.com.pl\/index.php?rest_route=\/wp-photo-album-plus\/endPoint?action=wppa&wppa-action=render&wppa-size=640&occur=1&page_id=128&wppa-fromp=128&lang=pl&cache=1&slide=1&occur=1&album=34&#039;, &#039;http:\/\/mariacka-lodz.com.pl\/?page_id=128&lang=pl&cache=1&slide=1&occur=1&album=0d03259ca889233e&#039; )\">Uroczysto\u015b\u0107 Objawienia Pa\u0144skiego 2014 \u2013 Trzech Kr\u00f3li koncert<\/a><\/h2><div style=\"min-height:54px;\" class=\"wppa-box-text wppa-black wppa-box-text-desc\">Orkiestra d\u0119ta ze Spicimierza i ch\u00f3r \u015bpiewaczy \u201eKwiaty Polne\u201d z Miko\u0142ajewic i Kwiatkowic pod dyrekcj\u0105 Pana mgr. W\u0142odzimierza Smolarka<\/div><div class=\"wppa-box-text wppa-black wppa-info wppa-slideshow-browse-link wppa-album-cover-link\"><a title=\"Slideshow\" style=\"cursor:pointer\" class=\"wppa-album-cover-link\" onclick=\"wppaDoAjaxRender(event, 1, &#039;http:\/\/mariacka-lodz.com.pl\/index.php?rest_route=\/wp-photo-album-plus\/endPoint?action=wppa&wppa-action=render&wppa-size=640&occur=1&page_id=128&wppa-fromp=128&lang=pl&cache=1&slide=1&occur=1&album=34&#039;, &#039;http:\/\/mariacka-lodz.com.pl\/?page_id=128&lang=pl&cache=1&slide=1&occur=1&album=0d03259ca889233e&#039; )\">Slideshow<\/a><\/div><div class=\"wppa-box-text wppa-black wppa-info wppa-viewlink wppa-album-cover-link\"><a title=\"View the album Uroczysto\u015b\u0107 Objawienia Pa\u0144skiego 2014 \u2013 Trzech Kr\u00f3li koncert\" style=\"cursor:pointer;\" class=\"wppa-album-cover-link\" onclick=\"wppaDoAjaxRender(event, 1, &#039;http:\/\/mariacka-lodz.com.pl\/index.php?rest_route=\/wp-photo-album-plus\/endPoint?action=wppa&wppa-action=render&wppa-size=640&occur=1&page_id=128&wppa-fromp=128&lang=pl&cache=1&album=34&cover=0&occur=1&data-alb=34&#039;, &#039;http:\/\/mariacka-lodz.com.pl\/?page_id=128&lang=pl&cache=1&album=0d03259ca889233e&cover=0&occur=1&data-alb=34&#039; )\">View&nbsp;11&nbsp;photos<\/a><\/div><\/div><div id=\"coverphoto_frame_34_1\" style=\"float:right; margin-left:5px;width:160px;\" class=\"coverphoto-frame\"><div title=\" \" style=\"display:inline-block;margin:0 4px;\" onclick=\"wppaStopProp(event)\"><a title=\"View the album Uroczysto\u015b\u0107 Objawienia Pa\u0144skiego 2014 \u2013 Trzech Kr\u00f3li koncert\" style=\"border:0;color:transparent;cursor:pointer;\" target=\"_self\" onclick=\"wppaDoAjaxRender(event, 1, &#039;http:\/\/mariacka-lodz.com.pl\/index.php?rest_route=\/wp-photo-album-plus\/endPoint?action=wppa&wppa-action=render&wppa-size=640&occur=1&page_id=128&wppa-fromp=128&lang=pl&cache=1&slide=1&occur=1&album=34&#039;, &#039;http:\/\/mariacka-lodz.com.pl\/?page_id=128&lang=pl&cache=1&slide=1&occur=1&album=0d03259ca889233e&#039; )\"><img decoding=\"async\" style=\"border-width:0px;width:150px;height:113px;opacity:0.85;display:inline;\" src=\"http:\/\/mariacka-lodz.com.pl\/wp-content\/uploads\/wppa\/thumbs\/659.jpg?ver=9\" alt=\"Zdj\u0119cie 106.jpg\" class=\"image wppa-img\" onmouseover=\"jQuery(this).fadeTo(400, 1.0)\" onmouseout=\"jQuery(this).fadeTo(400,0.85)\"><\/a><\/div><\/div><div title=\" \" onclick=\"wppaStopProp(event);\"><\/div><div style=\"clear:both;\"><\/div><\/div><div id=\"album-33-1\" title=\"View the album Bp. Ireneusz - Nowy Rok 2014\" style=\"width:100%;float:right;cursor:pointer;\" class=\"wppa-album-cover-standard album wppa-box wppa-cover-box wppa-cover-box-1\" onclick=\"wppaDoAjaxRender(event, 1, &#039;http:\/\/mariacka-lodz.com.pl\/index.php?rest_route=\/wp-photo-album-plus\/endPoint?action=wppa&wppa-action=render&wppa-size=640&occur=1&page_id=128&wppa-fromp=128&lang=pl&cache=1&slide=1&occur=1&album=33&#039;, &#039;http:\/\/mariacka-lodz.com.pl\/?page_id=128&lang=pl&cache=1&slide=1&occur=1&album=66dfc8ad32202441&#039; )\"><div id=\"covertext_frame_33_1\" style=\"width:459px; float:left\" class=\"wppa-text-frame-1 wppa-text-frame wppa-cover-text-frame wppa-asym-text-frame-1\"><h2 style=\"clear:none\" class=\"wppa-title\"><a title=\"View the album Bp. Ireneusz - Nowy Rok 2014\" style=\"cursor:pointer\" class=\"wppa-title\" onclick=\"wppaDoAjaxRender(event, 1, &#039;http:\/\/mariacka-lodz.com.pl\/index.php?rest_route=\/wp-photo-album-plus\/endPoint?action=wppa&wppa-action=render&wppa-size=640&occur=1&page_id=128&wppa-fromp=128&lang=pl&cache=1&slide=1&occur=1&album=33&#039;, &#039;http:\/\/mariacka-lodz.com.pl\/?page_id=128&lang=pl&cache=1&slide=1&occur=1&album=66dfc8ad32202441&#039; )\">Bp. Ireneusz - Nowy Rok 2014<\/a><\/h2><div style=\"min-height:54px;\" class=\"wppa-box-text wppa-black wppa-box-text-desc\"><\/div><div class=\"wppa-box-text wppa-black wppa-info wppa-slideshow-browse-link wppa-album-cover-link\"><a title=\"Slideshow\" style=\"cursor:pointer\" class=\"wppa-album-cover-link\" onclick=\"wppaDoAjaxRender(event, 1, &#039;http:\/\/mariacka-lodz.com.pl\/index.php?rest_route=\/wp-photo-album-plus\/endPoint?action=wppa&wppa-action=render&wppa-size=640&occur=1&page_id=128&wppa-fromp=128&lang=pl&cache=1&slide=1&occur=1&album=33&#039;, &#039;http:\/\/mariacka-lodz.com.pl\/?page_id=128&lang=pl&cache=1&slide=1&occur=1&album=66dfc8ad32202441&#039; )\">Slideshow<\/a><\/div><div class=\"wppa-box-text wppa-black wppa-info wppa-viewlink wppa-album-cover-link\"><a title=\"View the album Bp. Ireneusz - Nowy Rok 2014\" style=\"cursor:pointer;\" class=\"wppa-album-cover-link\" onclick=\"wppaDoAjaxRender(event, 1, &#039;http:\/\/mariacka-lodz.com.pl\/index.php?rest_route=\/wp-photo-album-plus\/endPoint?action=wppa&wppa-action=render&wppa-size=640&occur=1&page_id=128&wppa-fromp=128&lang=pl&cache=1&album=33&cover=0&occur=1&data-alb=33&#039;, &#039;http:\/\/mariacka-lodz.com.pl\/?page_id=128&lang=pl&cache=1&album=66dfc8ad32202441&cover=0&occur=1&data-alb=33&#039; )\">View&nbsp;9&nbsp;photos<\/a><\/div><\/div><div id=\"coverphoto_frame_33_1\" style=\"float:right; margin-left:5px;width:123px;\" class=\"coverphoto-frame\"><div title=\" \" style=\"display:inline-block;margin:0 4px;\" onclick=\"wppaStopProp(event)\"><a title=\"View the album Bp. Ireneusz - Nowy Rok 2014\" style=\"border:0;color:transparent;cursor:pointer;\" target=\"_self\" onclick=\"wppaDoAjaxRender(event, 1, &#039;http:\/\/mariacka-lodz.com.pl\/index.php?rest_route=\/wp-photo-album-plus\/endPoint?action=wppa&wppa-action=render&wppa-size=640&occur=1&page_id=128&wppa-fromp=128&lang=pl&cache=1&slide=1&occur=1&album=33&#039;, &#039;http:\/\/mariacka-lodz.com.pl\/?page_id=128&lang=pl&cache=1&slide=1&occur=1&album=66dfc8ad32202441&#039; )\"><img decoding=\"async\" style=\"border-width:0px;width:113px;height:150px;opacity:0.85;display:inline;\" src=\"http:\/\/mariacka-lodz.com.pl\/wp-content\/uploads\/wppa\/thumbs\/650.jpg?ver=9\" alt=\"Zdj\u0119cie 117.jpg\" class=\"image wppa-img\" onmouseover=\"jQuery(this).fadeTo(400, 1.0)\" onmouseout=\"jQuery(this).fadeTo(400,0.85)\"><\/a><\/div><\/div><div title=\" \" onclick=\"wppaStopProp(event);\"><\/div><div style=\"clear:both;\"><\/div><\/div><div id=\"album-32-1\" title=\"Link to Galeria zdj\u0119\u0107\" style=\"width:100%;float:right;cursor:pointer;\" class=\"wppa-album-cover-standard album wppa-box wppa-cover-box wppa-cover-box-1\"><div id=\"covertext_frame_32_1\" style=\"width:459px; float:left\" class=\"wppa-text-frame-1 wppa-text-frame wppa-cover-text-frame wppa-asym-text-frame-1\"><h2 style=\"clear:none\" class=\"wppa-title\"><a title=\"Link to Galeria zdj\u0119\u0107\" href=\"http:\/\/mariacka-lodz.com.pl\/?page_id=128&#038;lang=pl&#038;cache=1&#038;slide=1&#038;occur=1&#038;album=1d9b5b360d002ee2\" target=\"_self\" class=\"wppa-title\">Szopka 2013<\/a><\/h2><div style=\"min-height:54px;\" class=\"wppa-box-text wppa-black wppa-box-text-desc\"><\/div><div class=\"wppa-box-text wppa-black wppa-info wppa-slideshow-browse-link wppa-album-cover-link\">a<\/div><div class=\"wppa-box-text wppa-black wppa-info wppa-viewlink wppa-album-cover-link\"><a title=\"View the album Szopka 2013\" style=\"cursor:pointer;\" href=\"http:\/\/mariacka-lodz.com.pl\/?page_id=128&#038;lang=pl&#038;cache=1&#038;album=1d9b5b360d002ee2&#038;cover=0&#038;occur=1&#038;data-alb=32\" target=\"_self\" class=\"wppa-album-cover-link\">View&nbsp;38&nbsp;photos<\/a><\/div><\/div><div id=\"coverphoto_frame_32_1\" style=\"float:right; margin-left:5px;width:160px;\" class=\"coverphoto-frame\"><div title=\" \" style=\"display:inline-block;margin:0 4px;\" onclick=\"wppaStopProp(event)\"><a title=\"Link to Galeria zdj\u0119\u0107\" style=\"border:0;color:transparent;cursor:pointer;\" href=\"http:\/\/mariacka-lodz.com.pl\/?page_id=128&#038;lang=pl&#038;cache=1&#038;slide=1&#038;occur=1&#038;album=1d9b5b360d002ee2\" target=\"_self\"><img decoding=\"async\" style=\"border-width:0px;width:150px;height:113px;opacity:0.85;display:inline;\" src=\"http:\/\/mariacka-lodz.com.pl\/wp-content\/uploads\/wppa\/thumbs\/626.jpg?ver=9\" alt=\"Zdj\u0119cie 080.jpg\" class=\"image wppa-img\" onmouseover=\"jQuery(this).fadeTo(400, 1.0)\" onmouseout=\"jQuery(this).fadeTo(400,0.85)\"><\/a><\/div><\/div><div title=\" \" onclick=\"wppaStopProp(event);\"><\/div><div style=\"clear:both;\"><\/div><\/div><div id=\"album-28-1\" title=\"View the album Miko\u0142ajki 2013\" style=\"width:100%;float:right;cursor:pointer;\" class=\"wppa-album-cover-standard album wppa-box wppa-cover-box wppa-cover-box-1\" onclick=\"wppaDoAjaxRender(event, 1, &#039;http:\/\/mariacka-lodz.com.pl\/index.php?rest_route=\/wp-photo-album-plus\/endPoint?action=wppa&wppa-action=render&wppa-size=640&occur=1&page_id=128&wppa-fromp=128&lang=pl&cache=1&album=28&cover=0&occur=1&data-alb=28&#039;, &#039;http:\/\/mariacka-lodz.com.pl\/?page_id=128&lang=pl&cache=1&album=3439e254e3191266&cover=0&occur=1&data-alb=28&#039; )\"><div id=\"covertext_frame_28_1\" style=\"width:459px; float:left\" class=\"wppa-text-frame-1 wppa-text-frame wppa-cover-text-frame wppa-asym-text-frame-1\"><h2 style=\"clear:none\" class=\"wppa-title\"><a title=\"View the album Miko\u0142ajki 2013\" style=\"cursor:pointer\" class=\"wppa-title\" onclick=\"wppaDoAjaxRender(event, 1, &#039;http:\/\/mariacka-lodz.com.pl\/index.php?rest_route=\/wp-photo-album-plus\/endPoint?action=wppa&wppa-action=render&wppa-size=640&occur=1&page_id=128&wppa-fromp=128&lang=pl&cache=1&album=28&cover=0&occur=1&data-alb=28&#039;, &#039;http:\/\/mariacka-lodz.com.pl\/?page_id=128&lang=pl&cache=1&album=3439e254e3191266&cover=0&occur=1&data-alb=28&#039; )\">Miko\u0142ajki 2013<\/a><\/h2><div style=\"min-height:54px;\" class=\"wppa-box-text wppa-black wppa-box-text-desc\"><\/div><div class=\"wppa-box-text wppa-black wppa-info wppa-slideshow-browse-link wppa-album-cover-link\"><a title=\"Slideshow\" style=\"cursor:pointer\" class=\"wppa-album-cover-link\" onclick=\"wppaDoAjaxRender(event, 1, &#039;http:\/\/mariacka-lodz.com.pl\/index.php?rest_route=\/wp-photo-album-plus\/endPoint?action=wppa&wppa-action=render&wppa-size=640&occur=1&page_id=128&wppa-fromp=128&lang=pl&cache=1&slide=1&occur=1&album=28&#039;, &#039;http:\/\/mariacka-lodz.com.pl\/?page_id=128&lang=pl&cache=1&slide=1&occur=1&album=3439e254e3191266&#039; )\">Slideshow<\/a><\/div><div class=\"wppa-box-text wppa-black wppa-info wppa-viewlink wppa-album-cover-link\"><a title=\"View the album Miko\u0142ajki 2013\" style=\"cursor:pointer;\" class=\"wppa-album-cover-link\" onclick=\"wppaDoAjaxRender(event, 1, &#039;http:\/\/mariacka-lodz.com.pl\/index.php?rest_route=\/wp-photo-album-plus\/endPoint?action=wppa&wppa-action=render&wppa-size=640&occur=1&page_id=128&wppa-fromp=128&lang=pl&cache=1&album=28&cover=0&occur=1&data-alb=28&#039;, &#039;http:\/\/mariacka-lodz.com.pl\/?page_id=128&lang=pl&cache=1&album=3439e254e3191266&cover=0&occur=1&data-alb=28&#039; )\">View&nbsp;17&nbsp;photos<\/a><\/div><\/div><div id=\"coverphoto_frame_28_1\" style=\"float:right; margin-left:5px;width:160px;\" class=\"coverphoto-frame\"><div title=\" \" style=\"display:inline-block;margin:0 4px;\" onclick=\"wppaStopProp(event)\"><a title=\"View the album Miko\u0142ajki 2013\" style=\"border:0;color:transparent;cursor:pointer;\" target=\"_self\" onclick=\"wppaDoAjaxRender(event, 1, &#039;http:\/\/mariacka-lodz.com.pl\/index.php?rest_route=\/wp-photo-album-plus\/endPoint?action=wppa&wppa-action=render&wppa-size=640&occur=1&page_id=128&wppa-fromp=128&lang=pl&cache=1&album=28&cover=0&occur=1&data-alb=28&#039;, &#039;http:\/\/mariacka-lodz.com.pl\/?page_id=128&lang=pl&cache=1&album=3439e254e3191266&cover=0&occur=1&data-alb=28&#039; )\"><img decoding=\"async\" style=\"border-width:0px;width:150px;height:113px;opacity:0.85;display:inline;\" src=\"http:\/\/mariacka-lodz.com.pl\/wp-content\/uploads\/wppa\/thumbs\/591.jpg?ver=9\" alt=\"Miko\u0142ajki (33).jpg\" class=\"image wppa-img\" onmouseover=\"jQuery(this).fadeTo(400, 1.0)\" onmouseout=\"jQuery(this).fadeTo(400,0.85)\"><\/a><\/div><\/div><div title=\" \" onclick=\"wppaStopProp(event);\"><\/div><div style=\"clear:both;\"><\/div><\/div><div id=\"album-26-1\" title=\"View the album Dekoracja adwentowa 2013\" style=\"width:100%;float:right;cursor:pointer;\" class=\"wppa-album-cover-standard album wppa-box wppa-cover-box wppa-cover-box-1\" onclick=\"wppaDoAjaxRender(event, 1, &#039;http:\/\/mariacka-lodz.com.pl\/index.php?rest_route=\/wp-photo-album-plus\/endPoint?action=wppa&wppa-action=render&wppa-size=640&occur=1&page_id=128&wppa-fromp=128&lang=pl&cache=1&slide=1&occur=1&album=26&#039;, &#039;http:\/\/mariacka-lodz.com.pl\/?page_id=128&lang=pl&cache=1&slide=1&occur=1&album=e991772276b6112d&#039; )\"><div id=\"covertext_frame_26_1\" style=\"width:459px; float:left\" class=\"wppa-text-frame-1 wppa-text-frame wppa-cover-text-frame wppa-asym-text-frame-1\"><h2 style=\"clear:none\" class=\"wppa-title\"><a title=\"View the album Dekoracja adwentowa 2013\" style=\"cursor:pointer\" class=\"wppa-title\" onclick=\"wppaDoAjaxRender(event, 1, &#039;http:\/\/mariacka-lodz.com.pl\/index.php?rest_route=\/wp-photo-album-plus\/endPoint?action=wppa&wppa-action=render&wppa-size=640&occur=1&page_id=128&wppa-fromp=128&lang=pl&cache=1&slide=1&occur=1&album=26&#039;, &#039;http:\/\/mariacka-lodz.com.pl\/?page_id=128&lang=pl&cache=1&slide=1&occur=1&album=e991772276b6112d&#039; )\">Dekoracja adwentowa 2013<\/a><\/h2><div style=\"min-height:54px;\" class=\"wppa-box-text wppa-black wppa-box-text-desc\"><\/div><div class=\"wppa-box-text wppa-black wppa-info wppa-slideshow-browse-link wppa-album-cover-link\"><a title=\"Slideshow\" style=\"cursor:pointer\" class=\"wppa-album-cover-link\" onclick=\"wppaDoAjaxRender(event, 1, &#039;http:\/\/mariacka-lodz.com.pl\/index.php?rest_route=\/wp-photo-album-plus\/endPoint?action=wppa&wppa-action=render&wppa-size=640&occur=1&page_id=128&wppa-fromp=128&lang=pl&cache=1&slide=1&occur=1&album=26&#039;, &#039;http:\/\/mariacka-lodz.com.pl\/?page_id=128&lang=pl&cache=1&slide=1&occur=1&album=e991772276b6112d&#039; )\">Slideshow<\/a><\/div><div class=\"wppa-box-text wppa-black wppa-info wppa-viewlink wppa-album-cover-link\"><a title=\"View the album Dekoracja adwentowa 2013\" style=\"cursor:pointer;\" class=\"wppa-album-cover-link\" onclick=\"wppaDoAjaxRender(event, 1, &#039;http:\/\/mariacka-lodz.com.pl\/index.php?rest_route=\/wp-photo-album-plus\/endPoint?action=wppa&wppa-action=render&wppa-size=640&occur=1&page_id=128&wppa-fromp=128&lang=pl&cache=1&album=26&cover=0&occur=1&data-alb=26&#039;, &#039;http:\/\/mariacka-lodz.com.pl\/?page_id=128&lang=pl&cache=1&album=e991772276b6112d&cover=0&occur=1&data-alb=26&#039; )\">View&nbsp;10&nbsp;photos<\/a><\/div><\/div><div id=\"coverphoto_frame_26_1\" style=\"float:right; margin-left:5px;width:160px;\" class=\"coverphoto-frame\"><div title=\" \" style=\"display:inline-block;margin:0 4px;\" onclick=\"wppaStopProp(event)\"><a title=\"View the album Dekoracja adwentowa 2013\" style=\"border:0;color:transparent;cursor:pointer;\" target=\"_self\" onclick=\"wppaDoAjaxRender(event, 1, &#039;http:\/\/mariacka-lodz.com.pl\/index.php?rest_route=\/wp-photo-album-plus\/endPoint?action=wppa&wppa-action=render&wppa-size=640&occur=1&page_id=128&wppa-fromp=128&lang=pl&cache=1&slide=1&occur=1&album=26&#039;, &#039;http:\/\/mariacka-lodz.com.pl\/?page_id=128&lang=pl&cache=1&slide=1&occur=1&album=e991772276b6112d&#039; )\"><img decoding=\"async\" style=\"border-width:0px;width:150px;height:113px;opacity:0.85;display:inline;\" src=\"http:\/\/mariacka-lodz.com.pl\/wp-content\/uploads\/wppa\/thumbs\/572.jpg?ver=9\" alt=\"Adwent (7).jpg\" class=\"image wppa-img\" onmouseover=\"jQuery(this).fadeTo(400, 1.0)\" onmouseout=\"jQuery(this).fadeTo(400,0.85)\"><\/a><\/div><\/div><div title=\" \" onclick=\"wppaStopProp(event);\"><\/div><div style=\"clear:both;\"><\/div><\/div><div id=\"album-24-1\" title=\"View the album Budowa szopki 2013\" style=\"width:100%;float:right;cursor:pointer;\" class=\"wppa-album-cover-standard album wppa-box wppa-cover-box wppa-cover-box-1\" onclick=\"wppaDoAjaxRender(event, 1, &#039;http:\/\/mariacka-lodz.com.pl\/index.php?rest_route=\/wp-photo-album-plus\/endPoint?action=wppa&wppa-action=render&wppa-size=640&occur=1&page_id=128&wppa-fromp=128&lang=pl&cache=1&slide=1&occur=1&album=24&#039;, &#039;http:\/\/mariacka-lodz.com.pl\/?page_id=128&lang=pl&cache=1&slide=1&occur=1&album=8dd1467d3c4861e3&#039; )\"><div id=\"covertext_frame_24_1\" style=\"width:459px; float:left\" class=\"wppa-text-frame-1 wppa-text-frame wppa-cover-text-frame wppa-asym-text-frame-1\"><h2 style=\"clear:none\" class=\"wppa-title\"><a title=\"View the album Budowa szopki 2013\" style=\"cursor:pointer\" class=\"wppa-title\" onclick=\"wppaDoAjaxRender(event, 1, &#039;http:\/\/mariacka-lodz.com.pl\/index.php?rest_route=\/wp-photo-album-plus\/endPoint?action=wppa&wppa-action=render&wppa-size=640&occur=1&page_id=128&wppa-fromp=128&lang=pl&cache=1&slide=1&occur=1&album=24&#039;, &#039;http:\/\/mariacka-lodz.com.pl\/?page_id=128&lang=pl&cache=1&slide=1&occur=1&album=8dd1467d3c4861e3&#039; )\">Budowa szopki 2013<\/a><\/h2><div style=\"min-height:54px;\" class=\"wppa-box-text wppa-black wppa-box-text-desc\"><\/div><div class=\"wppa-box-text wppa-black wppa-info wppa-slideshow-browse-link wppa-album-cover-link\"><a title=\"Slideshow\" style=\"cursor:pointer\" class=\"wppa-album-cover-link\" onclick=\"wppaDoAjaxRender(event, 1, &#039;http:\/\/mariacka-lodz.com.pl\/index.php?rest_route=\/wp-photo-album-plus\/endPoint?action=wppa&wppa-action=render&wppa-size=640&occur=1&page_id=128&wppa-fromp=128&lang=pl&cache=1&slide=1&occur=1&album=24&#039;, &#039;http:\/\/mariacka-lodz.com.pl\/?page_id=128&lang=pl&cache=1&slide=1&occur=1&album=8dd1467d3c4861e3&#039; )\">Slideshow<\/a><\/div><div class=\"wppa-box-text wppa-black wppa-info wppa-viewlink wppa-album-cover-link\"><a title=\"View the album Budowa szopki 2013\" style=\"cursor:pointer;\" class=\"wppa-album-cover-link\" onclick=\"wppaDoAjaxRender(event, 1, &#039;http:\/\/mariacka-lodz.com.pl\/index.php?rest_route=\/wp-photo-album-plus\/endPoint?action=wppa&wppa-action=render&wppa-size=640&occur=1&page_id=128&wppa-fromp=128&lang=pl&cache=1&album=24&cover=0&occur=1&data-alb=24&#039;, &#039;http:\/\/mariacka-lodz.com.pl\/?page_id=128&lang=pl&cache=1&album=8dd1467d3c4861e3&cover=0&occur=1&data-alb=24&#039; )\">View&nbsp;17&nbsp;photos<\/a><\/div><\/div><div id=\"coverphoto_frame_24_1\" style=\"float:right; margin-left:5px;width:160px;\" class=\"coverphoto-frame\"><div title=\" \" style=\"display:inline-block;margin:0 4px;\" onclick=\"wppaStopProp(event)\"><a title=\"View the album Budowa szopki 2013\" style=\"border:0;color:transparent;cursor:pointer;\" target=\"_self\" onclick=\"wppaDoAjaxRender(event, 1, &#039;http:\/\/mariacka-lodz.com.pl\/index.php?rest_route=\/wp-photo-album-plus\/endPoint?action=wppa&wppa-action=render&wppa-size=640&occur=1&page_id=128&wppa-fromp=128&lang=pl&cache=1&slide=1&occur=1&album=24&#039;, &#039;http:\/\/mariacka-lodz.com.pl\/?page_id=128&lang=pl&cache=1&slide=1&occur=1&album=8dd1467d3c4861e3&#039; )\"><img decoding=\"async\" style=\"border-width:0px;width:150px;height:113px;opacity:0.85;display:inline;\" src=\"http:\/\/mariacka-lodz.com.pl\/wp-content\/uploads\/wppa\/thumbs\/564.jpg?ver=9\" alt=\"Budowa Sz (34).jpg\" class=\"image wppa-img\" onmouseover=\"jQuery(this).fadeTo(400, 1.0)\" onmouseout=\"jQuery(this).fadeTo(400,0.85)\"><\/a><\/div><\/div><div title=\" \" onclick=\"wppaStopProp(event);\"><\/div><div style=\"clear:both;\"><\/div><\/div><div id=\"album-23-1\" title=\"Link to Galeria zdj\u0119\u0107\" style=\"width:100%;float:right;cursor:pointer;\" class=\"wppa-album-cover-standard album wppa-box wppa-cover-box wppa-cover-box-1\"><div id=\"covertext_frame_23_1\" style=\"width:459px; float:left\" class=\"wppa-text-frame-1 wppa-text-frame wppa-cover-text-frame wppa-asym-text-frame-1\"><h2 style=\"clear:none\" class=\"wppa-title\"><a title=\"Link to Galeria zdj\u0119\u0107\" href=\"http:\/\/mariacka-lodz.com.pl\/?page_id=128&#038;lang=pl&#038;cache=1&#038;slide=1&#038;occur=1&#038;album=3a60a1e6717eab8a\" target=\"_self\" class=\"wppa-title\">Niedziela Chrystusa Kr\u00f3la - Msza \u015bw. dla dzieci 24.11.2013.<\/a><\/h2><div style=\"min-height:54px;\" class=\"wppa-box-text wppa-black wppa-box-text-desc\"><\/div><div class=\"wppa-box-text wppa-black wppa-info wppa-slideshow-browse-link wppa-album-cover-link\">a<\/div><div class=\"wppa-box-text wppa-black wppa-info wppa-viewlink wppa-album-cover-link\"><a title=\"View the album Niedziela Chrystusa Kr\u00f3la - Msza \u015bw. dla dzieci 24.11.2013.\" style=\"cursor:pointer;\" href=\"http:\/\/mariacka-lodz.com.pl\/?page_id=128&#038;lang=pl&#038;cache=1&#038;album=3a60a1e6717eab8a&#038;cover=0&#038;occur=1&#038;data-alb=23\" target=\"_self\" class=\"wppa-album-cover-link\">View&nbsp;10&nbsp;photos<\/a><\/div><\/div><div id=\"coverphoto_frame_23_1\" style=\"float:right; margin-left:5px;width:160px;\" class=\"coverphoto-frame\"><div title=\" \" style=\"display:inline-block;margin:0 4px;\" onclick=\"wppaStopProp(event)\"><a title=\"Link to Galeria zdj\u0119\u0107\" style=\"border:0;color:transparent;cursor:pointer;\" href=\"http:\/\/mariacka-lodz.com.pl\/?page_id=128&#038;lang=pl&#038;cache=1&#038;slide=1&#038;occur=1&#038;album=3a60a1e6717eab8a\" target=\"_self\"><img decoding=\"async\" style=\"border-width:0px;width:150px;height:85px;opacity:0.85;display:inline;\" src=\"http:\/\/mariacka-lodz.com.pl\/wp-content\/uploads\/wppa\/thumbs\/544.jpg?ver=9\" alt=\"DSCF7208 [Max Szeroko\u015b\u0107 640 Max Wysoko\u015b\u0107 480].jpg\" class=\"image wppa-img\" onmouseover=\"jQuery(this).fadeTo(400, 1.0)\" onmouseout=\"jQuery(this).fadeTo(400,0.85)\"><\/a><\/div><\/div><div title=\" \" onclick=\"wppaStopProp(event);\"><\/div><div style=\"clear:both;\"><\/div><\/div><div id=\"album-22-1\" title=\"View the album Odpust parafialny 16.11.2013 r.\" style=\"width:100%;float:right;cursor:pointer;\" class=\"wppa-album-cover-standard album wppa-box wppa-cover-box wppa-cover-box-1\" onclick=\"wppaDoAjaxRender(event, 1, &#039;http:\/\/mariacka-lodz.com.pl\/index.php?rest_route=\/wp-photo-album-plus\/endPoint?action=wppa&wppa-action=render&wppa-size=640&occur=1&page_id=128&wppa-fromp=128&lang=pl&cache=1&album=22&cover=0&occur=1&data-alb=22&#039;, &#039;http:\/\/mariacka-lodz.com.pl\/?page_id=128&lang=pl&cache=1&album=a97a27a0426d9441&cover=0&occur=1&data-alb=22&#039; )\"><div id=\"covertext_frame_22_1\" style=\"width:459px; float:left\" class=\"wppa-text-frame-1 wppa-text-frame wppa-cover-text-frame wppa-asym-text-frame-1\"><h2 style=\"clear:none\" class=\"wppa-title\"><a title=\"View the album Odpust parafialny 16.11.2013 r.\" style=\"cursor:pointer\" class=\"wppa-title\" onclick=\"wppaDoAjaxRender(event, 1, &#039;http:\/\/mariacka-lodz.com.pl\/index.php?rest_route=\/wp-photo-album-plus\/endPoint?action=wppa&wppa-action=render&wppa-size=640&occur=1&page_id=128&wppa-fromp=128&lang=pl&cache=1&album=22&cover=0&occur=1&data-alb=22&#039;, &#039;http:\/\/mariacka-lodz.com.pl\/?page_id=128&lang=pl&cache=1&album=a97a27a0426d9441&cover=0&occur=1&data-alb=22&#039; )\">Odpust parafialny 16.11.2013 r.<\/a><\/h2><div style=\"min-height:54px;\" class=\"wppa-box-text wppa-black wppa-box-text-desc\"><\/div><div class=\"wppa-box-text wppa-black wppa-info wppa-slideshow-browse-link wppa-album-cover-link\"><a title=\"Slideshow\" style=\"cursor:pointer\" class=\"wppa-album-cover-link\" onclick=\"wppaDoAjaxRender(event, 1, &#039;http:\/\/mariacka-lodz.com.pl\/index.php?rest_route=\/wp-photo-album-plus\/endPoint?action=wppa&wppa-action=render&wppa-size=640&occur=1&page_id=128&wppa-fromp=128&lang=pl&cache=1&slide=1&occur=1&album=22&#039;, &#039;http:\/\/mariacka-lodz.com.pl\/?page_id=128&lang=pl&cache=1&slide=1&occur=1&album=a97a27a0426d9441&#039; )\">Slideshow<\/a><\/div><div class=\"wppa-box-text wppa-black wppa-info wppa-viewlink wppa-album-cover-link\"><a title=\"View the album Odpust parafialny 16.11.2013 r.\" style=\"cursor:pointer;\" class=\"wppa-album-cover-link\" onclick=\"wppaDoAjaxRender(event, 1, &#039;http:\/\/mariacka-lodz.com.pl\/index.php?rest_route=\/wp-photo-album-plus\/endPoint?action=wppa&wppa-action=render&wppa-size=640&occur=1&page_id=128&wppa-fromp=128&lang=pl&cache=1&album=22&cover=0&occur=1&data-alb=22&#039;, &#039;http:\/\/mariacka-lodz.com.pl\/?page_id=128&lang=pl&cache=1&album=a97a27a0426d9441&cover=0&occur=1&data-alb=22&#039; )\">View&nbsp;19&nbsp;photos<\/a><\/div><\/div><div id=\"coverphoto_frame_22_1\" style=\"float:right; margin-left:5px;width:160px;\" class=\"coverphoto-frame\"><div title=\" \" style=\"display:inline-block;margin:0 4px;\" onclick=\"wppaStopProp(event)\"><a title=\"View the album Odpust parafialny 16.11.2013 r.\" style=\"border:0;color:transparent;cursor:pointer;\" target=\"_self\" onclick=\"wppaDoAjaxRender(event, 1, &#039;http:\/\/mariacka-lodz.com.pl\/index.php?rest_route=\/wp-photo-album-plus\/endPoint?action=wppa&wppa-action=render&wppa-size=640&occur=1&page_id=128&wppa-fromp=128&lang=pl&cache=1&album=22&cover=0&occur=1&data-alb=22&#039;, &#039;http:\/\/mariacka-lodz.com.pl\/?page_id=128&lang=pl&cache=1&album=a97a27a0426d9441&cover=0&occur=1&data-alb=22&#039; )\"><img decoding=\"async\" style=\"border-width:0px;width:150px;height:101px;opacity:0.85;display:inline;\" src=\"http:\/\/mariacka-lodz.com.pl\/wp-content\/uploads\/wppa\/thumbs\/539.jpg?ver=9\" alt=\"DSC_0052.JPG\" class=\"image wppa-img\" onmouseover=\"jQuery(this).fadeTo(400, 1.0)\" onmouseout=\"jQuery(this).fadeTo(400,0.85)\"><\/a><\/div><\/div><div title=\" \" onclick=\"wppaStopProp(event);\"><\/div><div style=\"clear:both;\"><\/div><\/div><div id=\"album-21-1\" title=\"View the album Dzie\u0144 Niepodleg\u0142o\u015bci 11 listopada 2013\" style=\"width:100%;float:right;cursor:pointer;\" class=\"wppa-album-cover-standard album wppa-box wppa-cover-box wppa-cover-box-1\" onclick=\"wppaDoAjaxRender(event, 1, &#039;http:\/\/mariacka-lodz.com.pl\/index.php?rest_route=\/wp-photo-album-plus\/endPoint?action=wppa&wppa-action=render&wppa-size=640&occur=1&page_id=128&wppa-fromp=128&lang=pl&cache=1&slide=1&occur=1&album=21&#039;, &#039;http:\/\/mariacka-lodz.com.pl\/?page_id=128&lang=pl&cache=1&slide=1&occur=1&album=0e67a7262110d393&#039; )\"><div id=\"covertext_frame_21_1\" style=\"width:459px; float:left\" class=\"wppa-text-frame-1 wppa-text-frame wppa-cover-text-frame wppa-asym-text-frame-1\"><h2 style=\"clear:none\" class=\"wppa-title\"><a title=\"View the album Dzie\u0144 Niepodleg\u0142o\u015bci 11 listopada 2013\" style=\"cursor:pointer\" class=\"wppa-title\" onclick=\"wppaDoAjaxRender(event, 1, &#039;http:\/\/mariacka-lodz.com.pl\/index.php?rest_route=\/wp-photo-album-plus\/endPoint?action=wppa&wppa-action=render&wppa-size=640&occur=1&page_id=128&wppa-fromp=128&lang=pl&cache=1&slide=1&occur=1&album=21&#039;, &#039;http:\/\/mariacka-lodz.com.pl\/?page_id=128&lang=pl&cache=1&slide=1&occur=1&album=0e67a7262110d393&#039; )\">Dzie\u0144 Niepodleg\u0142o\u015bci 11 listopada 2013<\/a><\/h2><div style=\"min-height:54px;\" class=\"wppa-box-text wppa-black wppa-box-text-desc\">Dekoracja tematyczna z okazji Dnia Niepodleg\u0142o\u015bci oraz wyst\u0119p teatru Zwierciad\u0142o ze sztuk\u0105 pt. :\u201dJaszcze Polska nie zgin\u0119\u0142a dop\u00f3ki kochamy\u201d. <\/div><div class=\"wppa-box-text wppa-black wppa-info wppa-slideshow-browse-link wppa-album-cover-link\"><a title=\"Slideshow\" style=\"cursor:pointer\" class=\"wppa-album-cover-link\" onclick=\"wppaDoAjaxRender(event, 1, &#039;http:\/\/mariacka-lodz.com.pl\/index.php?rest_route=\/wp-photo-album-plus\/endPoint?action=wppa&wppa-action=render&wppa-size=640&occur=1&page_id=128&wppa-fromp=128&lang=pl&cache=1&slide=1&occur=1&album=21&#039;, &#039;http:\/\/mariacka-lodz.com.pl\/?page_id=128&lang=pl&cache=1&slide=1&occur=1&album=0e67a7262110d393&#039; )\">Slideshow<\/a><\/div><div class=\"wppa-box-text wppa-black wppa-info wppa-viewlink wppa-album-cover-link\"><a title=\"View the album Dzie\u0144 Niepodleg\u0142o\u015bci 11 listopada 2013\" style=\"cursor:pointer;\" class=\"wppa-album-cover-link\" onclick=\"wppaDoAjaxRender(event, 1, &#039;http:\/\/mariacka-lodz.com.pl\/index.php?rest_route=\/wp-photo-album-plus\/endPoint?action=wppa&wppa-action=render&wppa-size=640&occur=1&page_id=128&wppa-fromp=128&lang=pl&cache=1&album=21&cover=0&occur=1&data-alb=21&#039;, &#039;http:\/\/mariacka-lodz.com.pl\/?page_id=128&lang=pl&cache=1&album=0e67a7262110d393&cover=0&occur=1&data-alb=21&#039; )\">View&nbsp;30&nbsp;photos<\/a><\/div><\/div><div id=\"coverphoto_frame_21_1\" style=\"float:right; margin-left:5px;width:160px;\" class=\"coverphoto-frame\"><div title=\" \" style=\"display:inline-block;margin:0 4px;\" onclick=\"wppaStopProp(event)\"><a title=\"View the album Dzie\u0144 Niepodleg\u0142o\u015bci 11 listopada 2013\" style=\"border:0;color:transparent;cursor:pointer;\" target=\"_self\" onclick=\"wppaDoAjaxRender(event, 1, &#039;http:\/\/mariacka-lodz.com.pl\/index.php?rest_route=\/wp-photo-album-plus\/endPoint?action=wppa&wppa-action=render&wppa-size=640&occur=1&page_id=128&wppa-fromp=128&lang=pl&cache=1&slide=1&occur=1&album=21&#039;, &#039;http:\/\/mariacka-lodz.com.pl\/?page_id=128&lang=pl&cache=1&slide=1&occur=1&album=0e67a7262110d393&#039; )\"><img decoding=\"async\" style=\"border-width:0px;width:150px;height:85px;opacity:0.85;display:inline;\" src=\"http:\/\/mariacka-lodz.com.pl\/wp-content\/uploads\/wppa\/thumbs\/509.jpg?ver=9\" alt=\"DSCF7060.JPG\" class=\"image wppa-img\" onmouseover=\"jQuery(this).fadeTo(400, 1.0)\" onmouseout=\"jQuery(this).fadeTo(400,0.85)\"><\/a><\/div><\/div><div title=\" \" onclick=\"wppaStopProp(event);\"><\/div><div style=\"clear:both;\"><\/div><\/div><div id=\"album-20-1\" title=\"Link to Galeria zdj\u0119\u0107\" style=\"width:100%;float:right;cursor:pointer;\" class=\"wppa-album-cover-standard album wppa-box wppa-cover-box wppa-cover-box-1\"><div id=\"covertext_frame_20_1\" style=\"width:459px; float:left\" class=\"wppa-text-frame-1 wppa-text-frame wppa-cover-text-frame wppa-asym-text-frame-1\"><h2 style=\"clear:none\" class=\"wppa-title\"><a title=\"Link to Galeria zdj\u0119\u0107\" href=\"http:\/\/mariacka-lodz.com.pl\/?page_id=128&#038;lang=pl&#038;cache=1&#038;slide=1&#038;occur=1&#038;album=6a084a03ea8a35cf\" target=\"_self\" class=\"wppa-title\">Dekoracja na Uroczysto\u015b\u0107 Wszystkich \u015awi\u0119tych i Dzie\u0144 Zaduszny<\/a><\/h2><div style=\"min-height:54px;\" class=\"wppa-box-text wppa-black wppa-box-text-desc\"><\/div><div class=\"wppa-box-text wppa-black wppa-info wppa-slideshow-browse-link wppa-album-cover-link\">a<\/div><div class=\"wppa-box-text wppa-black wppa-info wppa-viewlink wppa-album-cover-link\"><a title=\"View the album Dekoracja na Uroczysto\u015b\u0107 Wszystkich \u015awi\u0119tych i Dzie\u0144 Zaduszny\" style=\"cursor:pointer;\" href=\"http:\/\/mariacka-lodz.com.pl\/?page_id=128&#038;lang=pl&#038;cache=1&#038;album=6a084a03ea8a35cf&#038;cover=0&#038;occur=1&#038;data-alb=20\" target=\"_self\" class=\"wppa-album-cover-link\">View&nbsp;30&nbsp;photos<\/a><\/div><\/div><div id=\"coverphoto_frame_20_1\" style=\"float:right; margin-left:5px;width:160px;\" class=\"coverphoto-frame\"><div title=\" \" style=\"display:inline-block;margin:0 4px;\" onclick=\"wppaStopProp(event)\"><a title=\"Link to Galeria zdj\u0119\u0107\" style=\"border:0;color:transparent;cursor:pointer;\" href=\"http:\/\/mariacka-lodz.com.pl\/?page_id=128&#038;lang=pl&#038;cache=1&#038;slide=1&#038;occur=1&#038;album=6a084a03ea8a35cf\" target=\"_self\"><img decoding=\"async\" style=\"border-width:0px;width:150px;height:113px;opacity:0.85;display:inline;\" src=\"http:\/\/mariacka-lodz.com.pl\/wp-content\/uploads\/wppa\/thumbs\/479.jpg?ver=9\" alt=\"P1010012.JPG\" class=\"image wppa-img\" onmouseover=\"jQuery(this).fadeTo(400, 1.0)\" onmouseout=\"jQuery(this).fadeTo(400,0.85)\"><\/a><\/div><\/div><div title=\" \" onclick=\"wppaStopProp(event);\"><\/div><div style=\"clear:both;\"><\/div><\/div><div id=\"album-17-1\" title=\"View the album Msza \u015bwi\u0119ta z udzia\u0142em dzieci 06.10.2013 r.\" style=\"width:100%;float:right;cursor:pointer;\" class=\"wppa-album-cover-standard album wppa-box wppa-cover-box wppa-cover-box-1\" onclick=\"wppaDoAjaxRender(event, 1, &#039;http:\/\/mariacka-lodz.com.pl\/index.php?rest_route=\/wp-photo-album-plus\/endPoint?action=wppa&wppa-action=render&wppa-size=640&occur=1&page_id=128&wppa-fromp=128&lang=pl&cache=1&album=17&cover=0&occur=1&data-alb=17&#039;, &#039;http:\/\/mariacka-lodz.com.pl\/?page_id=128&lang=pl&cache=1&album=121241de91f3cfed&cover=0&occur=1&data-alb=17&#039; )\"><div id=\"covertext_frame_17_1\" style=\"width:459px; float:left\" class=\"wppa-text-frame-1 wppa-text-frame wppa-cover-text-frame wppa-asym-text-frame-1\"><h2 style=\"clear:none\" class=\"wppa-title\"><a title=\"View the album Msza \u015bwi\u0119ta z udzia\u0142em dzieci 06.10.2013 r.\" style=\"cursor:pointer\" class=\"wppa-title\" onclick=\"wppaDoAjaxRender(event, 1, &#039;http:\/\/mariacka-lodz.com.pl\/index.php?rest_route=\/wp-photo-album-plus\/endPoint?action=wppa&wppa-action=render&wppa-size=640&occur=1&page_id=128&wppa-fromp=128&lang=pl&cache=1&album=17&cover=0&occur=1&data-alb=17&#039;, &#039;http:\/\/mariacka-lodz.com.pl\/?page_id=128&lang=pl&cache=1&album=121241de91f3cfed&cover=0&occur=1&data-alb=17&#039; )\">Msza \u015bwi\u0119ta z udzia\u0142em dzieci 06.10.2013 r.<\/a><\/h2><div style=\"min-height:54px;\" class=\"wppa-box-text wppa-black wppa-box-text-desc\"><\/div><div class=\"wppa-box-text wppa-black wppa-info wppa-slideshow-browse-link wppa-album-cover-link\"><a title=\"Slideshow\" style=\"cursor:pointer\" class=\"wppa-album-cover-link\" onclick=\"wppaDoAjaxRender(event, 1, &#039;http:\/\/mariacka-lodz.com.pl\/index.php?rest_route=\/wp-photo-album-plus\/endPoint?action=wppa&wppa-action=render&wppa-size=640&occur=1&page_id=128&wppa-fromp=128&lang=pl&cache=1&slide=1&occur=1&album=17&#039;, &#039;http:\/\/mariacka-lodz.com.pl\/?page_id=128&lang=pl&cache=1&slide=1&occur=1&album=121241de91f3cfed&#039; )\">Slideshow<\/a><\/div><div class=\"wppa-box-text wppa-black wppa-info wppa-viewlink wppa-album-cover-link\"><a title=\"View the album Msza \u015bwi\u0119ta z udzia\u0142em dzieci 06.10.2013 r.\" style=\"cursor:pointer;\" class=\"wppa-album-cover-link\" onclick=\"wppaDoAjaxRender(event, 1, &#039;http:\/\/mariacka-lodz.com.pl\/index.php?rest_route=\/wp-photo-album-plus\/endPoint?action=wppa&wppa-action=render&wppa-size=640&occur=1&page_id=128&wppa-fromp=128&lang=pl&cache=1&album=17&cover=0&occur=1&data-alb=17&#039;, &#039;http:\/\/mariacka-lodz.com.pl\/?page_id=128&lang=pl&cache=1&album=121241de91f3cfed&cover=0&occur=1&data-alb=17&#039; )\">View&nbsp;13&nbsp;photos<\/a><\/div><\/div><div id=\"coverphoto_frame_17_1\" style=\"float:right; margin-left:5px;width:160px;\" class=\"coverphoto-frame\"><div title=\" \" style=\"display:inline-block;margin:0 4px;\" onclick=\"wppaStopProp(event)\"><a title=\"View the album Msza \u015bwi\u0119ta z udzia\u0142em dzieci 06.10.2013 r.\" style=\"border:0;color:transparent;cursor:pointer;\" target=\"_self\" onclick=\"wppaDoAjaxRender(event, 1, &#039;http:\/\/mariacka-lodz.com.pl\/index.php?rest_route=\/wp-photo-album-plus\/endPoint?action=wppa&wppa-action=render&wppa-size=640&occur=1&page_id=128&wppa-fromp=128&lang=pl&cache=1&album=17&cover=0&occur=1&data-alb=17&#039;, &#039;http:\/\/mariacka-lodz.com.pl\/?page_id=128&lang=pl&cache=1&album=121241de91f3cfed&cover=0&occur=1&data-alb=17&#039; )\"><img decoding=\"async\" style=\"border-width:0px;width:150px;height:85px;opacity:0.85;display:inline;\" src=\"http:\/\/mariacka-lodz.com.pl\/wp-content\/uploads\/wppa\/thumbs\/343.jpg?ver=9\" alt=\"DSCF3512.JPG\" class=\"image wppa-img\" onmouseover=\"jQuery(this).fadeTo(400, 1.0)\" onmouseout=\"jQuery(this).fadeTo(400,0.85)\"><\/a><\/div><\/div><div title=\" \" onclick=\"wppaStopProp(event);\"><\/div><div style=\"clear:both;\"><\/div><\/div><div id=\"album-13-1\" title=\"View the album Msza \u015bwi\u0119ta z udzia\u0142em dzieci 22.09.2013 r.\" style=\"width:100%;float:right;cursor:pointer;\" class=\"wppa-album-cover-standard album wppa-box wppa-cover-box wppa-cover-box-1\" onclick=\"wppaDoAjaxRender(event, 1, &#039;http:\/\/mariacka-lodz.com.pl\/index.php?rest_route=\/wp-photo-album-plus\/endPoint?action=wppa&wppa-action=render&wppa-size=640&occur=1&page_id=128&wppa-fromp=128&lang=pl&cache=1&album=13&cover=0&occur=1&data-alb=13&#039;, &#039;http:\/\/mariacka-lodz.com.pl\/?page_id=128&lang=pl&cache=1&album=931d8e229a391928&cover=0&occur=1&data-alb=13&#039; )\"><div id=\"covertext_frame_13_1\" style=\"width:459px; float:left\" class=\"wppa-text-frame-1 wppa-text-frame wppa-cover-text-frame wppa-asym-text-frame-1\"><h2 style=\"clear:none\" class=\"wppa-title\"><a title=\"View the album Msza \u015bwi\u0119ta z udzia\u0142em dzieci 22.09.2013 r.\" style=\"cursor:pointer\" class=\"wppa-title\" onclick=\"wppaDoAjaxRender(event, 1, &#039;http:\/\/mariacka-lodz.com.pl\/index.php?rest_route=\/wp-photo-album-plus\/endPoint?action=wppa&wppa-action=render&wppa-size=640&occur=1&page_id=128&wppa-fromp=128&lang=pl&cache=1&album=13&cover=0&occur=1&data-alb=13&#039;, &#039;http:\/\/mariacka-lodz.com.pl\/?page_id=128&lang=pl&cache=1&album=931d8e229a391928&cover=0&occur=1&data-alb=13&#039; )\">Msza \u015bwi\u0119ta z udzia\u0142em dzieci 22.09.2013 r.<\/a><\/h2><div style=\"min-height:54px;\" class=\"wppa-box-text wppa-black wppa-box-text-desc\"><\/div><div class=\"wppa-box-text wppa-black wppa-info wppa-slideshow-browse-link wppa-album-cover-link\"><a title=\"Slideshow\" style=\"cursor:pointer\" class=\"wppa-album-cover-link\" onclick=\"wppaDoAjaxRender(event, 1, &#039;http:\/\/mariacka-lodz.com.pl\/index.php?rest_route=\/wp-photo-album-plus\/endPoint?action=wppa&wppa-action=render&wppa-size=640&occur=1&page_id=128&wppa-fromp=128&lang=pl&cache=1&slide=1&occur=1&album=13&#039;, &#039;http:\/\/mariacka-lodz.com.pl\/?page_id=128&lang=pl&cache=1&slide=1&occur=1&album=931d8e229a391928&#039; )\">Slideshow<\/a><\/div><div class=\"wppa-box-text wppa-black wppa-info wppa-viewlink wppa-album-cover-link\"><a title=\"View the album Msza \u015bwi\u0119ta z udzia\u0142em dzieci 22.09.2013 r.\" style=\"cursor:pointer;\" class=\"wppa-album-cover-link\" onclick=\"wppaDoAjaxRender(event, 1, &#039;http:\/\/mariacka-lodz.com.pl\/index.php?rest_route=\/wp-photo-album-plus\/endPoint?action=wppa&wppa-action=render&wppa-size=640&occur=1&page_id=128&wppa-fromp=128&lang=pl&cache=1&album=13&cover=0&occur=1&data-alb=13&#039;, &#039;http:\/\/mariacka-lodz.com.pl\/?page_id=128&lang=pl&cache=1&album=931d8e229a391928&cover=0&occur=1&data-alb=13&#039; )\">View&nbsp;14&nbsp;photos<\/a><\/div><\/div><div id=\"coverphoto_frame_13_1\" style=\"float:right; margin-left:5px;width:160px;\" class=\"coverphoto-frame\"><div title=\" \" style=\"display:inline-block;margin:0 4px;\" onclick=\"wppaStopProp(event)\"><a title=\"View the album Msza \u015bwi\u0119ta z udzia\u0142em dzieci 22.09.2013 r.\" style=\"border:0;color:transparent;cursor:pointer;\" target=\"_self\" onclick=\"wppaDoAjaxRender(event, 1, &#039;http:\/\/mariacka-lodz.com.pl\/index.php?rest_route=\/wp-photo-album-plus\/endPoint?action=wppa&wppa-action=render&wppa-size=640&occur=1&page_id=128&wppa-fromp=128&lang=pl&cache=1&album=13&cover=0&occur=1&data-alb=13&#039;, &#039;http:\/\/mariacka-lodz.com.pl\/?page_id=128&lang=pl&cache=1&album=931d8e229a391928&cover=0&occur=1&data-alb=13&#039; )\"><img decoding=\"async\" style=\"border-width:0px;width:150px;height:85px;opacity:0.85;display:inline;\" src=\"http:\/\/mariacka-lodz.com.pl\/wp-content\/uploads\/wppa\/thumbs\/294.jpg?ver=9\" alt=\"DSCF3346.JPG\" class=\"image wppa-img\" onmouseover=\"jQuery(this).fadeTo(400, 1.0)\" onmouseout=\"jQuery(this).fadeTo(400,0.85)\"><\/a><\/div><\/div><div title=\" \" onclick=\"wppaStopProp(event);\"><\/div><div style=\"clear:both;\"><\/div><\/div><div id=\"album-5-1\" title=\"View the album Zdj\u0119cia ko\u015bcio\u0142a\" style=\"width:100%;float:right;cursor:pointer;\" class=\"wppa-album-cover-standard album wppa-box wppa-cover-box wppa-cover-box-1\" onclick=\"wppaDoAjaxRender(event, 1, &#039;http:\/\/mariacka-lodz.com.pl\/index.php?rest_route=\/wp-photo-album-plus\/endPoint?action=wppa&wppa-action=render&wppa-size=640&occur=1&page_id=128&wppa-fromp=128&lang=pl&cache=1&album=5&cover=0&occur=1&data-alb=5&#039;, &#039;http:\/\/mariacka-lodz.com.pl\/?page_id=128&lang=pl&cache=1&album=a60e9fbf163a6920&cover=0&occur=1&data-alb=5&#039; )\"><div id=\"covertext_frame_5_1\" style=\"width:459px; float:left\" class=\"wppa-text-frame-1 wppa-text-frame wppa-cover-text-frame wppa-asym-text-frame-1\"><h2 style=\"clear:none\" class=\"wppa-title\"><a title=\"View the album Zdj\u0119cia ko\u015bcio\u0142a\" style=\"cursor:pointer\" class=\"wppa-title\" onclick=\"wppaDoAjaxRender(event, 1, &#039;http:\/\/mariacka-lodz.com.pl\/index.php?rest_route=\/wp-photo-album-plus\/endPoint?action=wppa&wppa-action=render&wppa-size=640&occur=1&page_id=128&wppa-fromp=128&lang=pl&cache=1&album=5&cover=0&occur=1&data-alb=5&#039;, &#039;http:\/\/mariacka-lodz.com.pl\/?page_id=128&lang=pl&cache=1&album=a60e9fbf163a6920&cover=0&occur=1&data-alb=5&#039; )\">Zdj\u0119cia ko\u015bcio\u0142a<\/a><\/h2><div style=\"min-height:54px;\" class=\"wppa-box-text wppa-black wppa-box-text-desc\"><\/div><div class=\"wppa-box-text wppa-black wppa-info wppa-slideshow-browse-link wppa-album-cover-link\"><a title=\"Slideshow\" style=\"cursor:pointer\" class=\"wppa-album-cover-link\" onclick=\"wppaDoAjaxRender(event, 1, &#039;http:\/\/mariacka-lodz.com.pl\/index.php?rest_route=\/wp-photo-album-plus\/endPoint?action=wppa&wppa-action=render&wppa-size=640&occur=1&page_id=128&wppa-fromp=128&lang=pl&cache=1&slide=1&occur=1&album=5&#039;, &#039;http:\/\/mariacka-lodz.com.pl\/?page_id=128&lang=pl&cache=1&slide=1&occur=1&album=a60e9fbf163a6920&#039; )\">Slideshow<\/a><\/div><div class=\"wppa-box-text wppa-black wppa-info wppa-viewlink wppa-album-cover-link\"><a title=\"View the album Zdj\u0119cia ko\u015bcio\u0142a\" style=\"cursor:pointer;\" class=\"wppa-album-cover-link\" onclick=\"wppaDoAjaxRender(event, 1, &#039;http:\/\/mariacka-lodz.com.pl\/index.php?rest_route=\/wp-photo-album-plus\/endPoint?action=wppa&wppa-action=render&wppa-size=640&occur=1&page_id=128&wppa-fromp=128&lang=pl&cache=1&album=5&cover=0&occur=1&data-alb=5&#039;, &#039;http:\/\/mariacka-lodz.com.pl\/?page_id=128&lang=pl&cache=1&album=a60e9fbf163a6920&cover=0&occur=1&data-alb=5&#039; )\">View&nbsp;74&nbsp;photos<\/a><\/div><\/div><div id=\"coverphoto_frame_5_1\" style=\"float:right; margin-left:5px;width:160px;\" class=\"coverphoto-frame\"><div title=\" \" style=\"display:inline-block;margin:0 4px;\" onclick=\"wppaStopProp(event)\"><a title=\"View the album Zdj\u0119cia ko\u015bcio\u0142a\" style=\"border:0;color:transparent;cursor:pointer;\" target=\"_self\" onclick=\"wppaDoAjaxRender(event, 1, &#039;http:\/\/mariacka-lodz.com.pl\/index.php?rest_route=\/wp-photo-album-plus\/endPoint?action=wppa&wppa-action=render&wppa-size=640&occur=1&page_id=128&wppa-fromp=128&lang=pl&cache=1&album=5&cover=0&occur=1&data-alb=5&#039;, &#039;http:\/\/mariacka-lodz.com.pl\/?page_id=128&lang=pl&cache=1&album=a60e9fbf163a6920&cover=0&occur=1&data-alb=5&#039; )\"><img decoding=\"async\" style=\"border-width:0px;width:150px;height:113px;opacity:0.85;display:inline;\" src=\"http:\/\/mariacka-lodz.com.pl\/wp-content\/uploads\/wppa\/thumbs\/122.jpg?ver=9\" alt=\"100_1574 [Max Szeroko\u015b\u0107 640 Max Wysoko\u015b\u0107 480].jpg\" class=\"image wppa-img\" onmouseover=\"jQuery(this).fadeTo(400, 1.0)\" onmouseout=\"jQuery(this).fadeTo(400,0.85)\"><\/a><\/div><\/div><div title=\" \" onclick=\"wppaStopProp(event);\"><\/div><div style=\"clear:both;\"><\/div><\/div><\/div><div style=\"clear:both;\"><\/div><div id=\"wppa-container-1-end\"><\/div><\/div><\/div><script>jQuery(document).ready(function(){jQuery(window).trigger(\"resize\");})<\/script>\n<!-- End [wppa] \/index.php?rest_route=%2Fwp%2Fv2%2Fpages%2F128 oc 1 0 queries in 0.2 ms. at 2:57 am. Max mem: 62.50 Mb. (cached) -->\n","protected":false},"excerpt":{"rendered":"","protected":false},"author":2,"featured_media":0,"parent":0,"menu_order":0,"comment_status":"closed","ping_status":"closed","template":"","meta":{"footnotes":""},"class_list":["post-128","page","type-page","status-publish","hentry"],"_links":{"self":[{"href":"http:\/\/mariacka-lodz.com.pl\/index.php?rest_route=\/wp\/v2\/pages\/128","targetHints":{"allow":["GET"]}}],"collection":[{"href":"http:\/\/mariacka-lodz.com.pl\/index.php?rest_route=\/wp\/v2\/pages"}],"about":[{"href":"http:\/\/mariacka-lodz.com.pl\/index.php?rest_route=\/wp\/v2\/types\/page"}],"author":[{"embeddable":true,"href":"http:\/\/mariacka-lodz.com.pl\/index.php?rest_route=\/wp\/v2\/users\/2"}],"replies":[{"embeddable":true,"href":"http:\/\/mariacka-lodz.com.pl\/index.php?rest_route=%2Fwp%2Fv2%2Fcomments&post=128"}],"version-history":[{"count":15,"href":"http:\/\/mariacka-lodz.com.pl\/index.php?rest_route=\/wp\/v2\/pages\/128\/revisions"}],"predecessor-version":[{"id":337,"href":"http:\/\/mariacka-lodz.com.pl\/index.php?rest_route=\/wp\/v2\/pages\/128\/revisions\/337"}],"wp:attachment":[{"href":"http:\/\/mariacka-lodz.com.pl\/index.php?rest_route=%2Fwp%2Fv2%2Fmedia&parent=128"}],"curies":[{"name":"wp","href":"https:\/\/api.w.org\/{rel}","templated":true}]}}